{"id":1011,"date":"2021-07-29T23:30:23","date_gmt":"2021-07-29T21:30:23","guid":{"rendered":"https:\/\/salve-corda.org\/?page_id=1011"},"modified":"2024-03-05T12:49:30","modified_gmt":"2024-03-05T11:49:30","slug":"demandes-qui-nous-sont-faites","status":"publish","type":"page","link":"https:\/\/salve-corda.org\/de\/demandes-qui-nous-sont-faites\/","title":{"rendered":"Die anderen Bitten der Herzen von Jesus und Maria"},"content":{"rendered":"<div data-elementor-type=\"wp-page\" data-elementor-id=\"1011\" class=\"elementor elementor-1011\">\n\t\t\t\t\t\t<section class=\"elementor-section elementor-top-section elementor-element elementor-element-09fc9a0 elementor-section-boxed elementor-section-height-default elementor-section-height-default\" data-id=\"09fc9a0\" data-element_type=\"section\" data-e-type=\"section\">\n\t\t\t\t\t\t<div class=\"elementor-container elementor-column-gap-default\">\n\t\t\t\t\t<div class=\"elementor-column elementor-col-100 elementor-top-column elementor-element elementor-element-3fc7c32\" data-id=\"3fc7c32\" data-element_type=\"column\" data-e-type=\"column\">\n\t\t\t<div class=\"elementor-widget-wrap elementor-element-populated\">\n\t\t\t\t\t\t<div class=\"elementor-element elementor-element-a233452 elementor-widget elementor-widget-spacer\" data-id=\"a233452\" data-element_type=\"widget\" data-e-type=\"widget\" data-widget_type=\"spacer.default\">\n\t\t\t\t<div class=\"elementor-widget-container\">\n\t\t\t\t\t\t\t<div class=\"elementor-spacer\">\n\t\t\t<div class=\"elementor-spacer-inner\"><\/div>\n\t\t<\/div>\n\t\t\t\t\t\t<\/div>\n\t\t\t\t<\/div>\n\t\t\t\t\t<\/div>\n\t\t<\/div>\n\t\t\t\t\t<\/div>\n\t\t<\/section>\n\t\t\t\t<section class=\"elementor-section elementor-top-section elementor-element elementor-element-8dc07c8 elementor-section-boxed elementor-section-height-default elementor-section-height-default\" data-id=\"8dc07c8\" data-element_type=\"section\" data-e-type=\"section\">\n\t\t\t\t\t\t<div class=\"elementor-container elementor-column-gap-default\">\n\t\t\t\t\t<div class=\"elementor-column elementor-col-100 elementor-top-column elementor-element elementor-element-f29f950\" data-id=\"f29f950\" data-element_type=\"column\" data-e-type=\"column\">\n\t\t\t<div class=\"elementor-widget-wrap elementor-element-populated\">\n\t\t\t\t\t\t<div class=\"elementor-element elementor-element-b5d6786 elementor-widget elementor-widget-heading\" data-id=\"b5d6786\" data-element_type=\"widget\" data-e-type=\"widget\" data-widget_type=\"heading.default\">\n\t\t\t\t<div class=\"elementor-widget-container\">\n\t\t\t\t\t<h2 class=\"elementor-heading-title elementor-size-default\">DIE ANDEREN ANFORDERUNGEN VON JESUS UND MARIAS KERN <\/h2>\t\t\t\t<\/div>\n\t\t\t\t<\/div>\n\t\t\t\t<div class=\"elementor-element elementor-element-21e3644 elementor-widget elementor-widget-text-editor\" data-id=\"21e3644\" data-element_type=\"widget\" data-e-type=\"widget\" data-widget_type=\"text-editor.default\">\n\t\t\t\t<div class=\"elementor-widget-container\">\n\t\t\t\t\t\t\t\t\t<p>Si les premier samedi du mois sont une priorit\u00e9, et les r\u00e9aliser est d\u00e9j\u00e0 tr\u00e8s bien, certains membres de l\u2019Alliance s\u2019engagent aussi \u00e0 mettre en pratique personnellement l&#8217;ensemble des demandes des\u00a0<b>Herzen von Jesus und Maria<\/b><\/p><p>\u00a0<\/p>\t\t\t\t\t\t\t\t<\/div>\n\t\t\t\t<\/div>\n\t\t\t\t<div class=\"elementor-element elementor-element-f61ec95 elementor-widget elementor-widget-heading\" data-id=\"f61ec95\" data-element_type=\"widget\" data-e-type=\"widget\" data-widget_type=\"heading.default\">\n\t\t\t\t<div class=\"elementor-widget-container\">\n\t\t\t\t\t<h2 class=\"elementor-heading-title elementor-size-default\">1- DIE sieben Bitten Von Fatima (1917-1929)<\/h2>\t\t\t\t<\/div>\n\t\t\t\t<\/div>\n\t\t\t\t\t<\/div>\n\t\t<\/div>\n\t\t\t\t\t<\/div>\n\t\t<\/section>\n\t\t\t\t<section class=\"elementor-section elementor-top-section elementor-element elementor-element-1f6f28f elementor-section-boxed elementor-section-height-default elementor-section-height-default\" data-id=\"1f6f28f\" data-element_type=\"section\" data-e-type=\"section\">\n\t\t\t\t\t\t<div class=\"elementor-container elementor-column-gap-default\">\n\t\t\t\t\t<div class=\"elementor-column elementor-col-50 elementor-top-column elementor-element elementor-element-ef8c924\" data-id=\"ef8c924\" data-element_type=\"column\" data-e-type=\"column\" data-settings=\"{&quot;background_background&quot;:&quot;classic&quot;}\">\n\t\t\t<div class=\"elementor-widget-wrap elementor-element-populated\">\n\t\t\t\t\t\t<div class=\"elementor-element elementor-element-cd2e673 elementor-widget elementor-widget-text-editor\" data-id=\"cd2e673\" data-element_type=\"widget\" data-e-type=\"widget\" data-widget_type=\"text-editor.default\">\n\t\t\t\t<div class=\"elementor-widget-container\">\n\t\t\t\t\t\t\t\t\t<p><span style=\"text-decoration: underline;\">Bitten an die Gl\u00e4ubigen<\/span><\/p>\t\t\t\t\t\t\t\t<\/div>\n\t\t\t\t<\/div>\n\t\t\t\t\t<\/div>\n\t\t<\/div>\n\t\t\t\t<div class=\"elementor-column elementor-col-50 elementor-top-column elementor-element elementor-element-e54b7a2\" data-id=\"e54b7a2\" data-element_type=\"column\" data-e-type=\"column\" data-settings=\"{&quot;background_background&quot;:&quot;classic&quot;}\">\n\t\t\t<div class=\"elementor-widget-wrap elementor-element-populated\">\n\t\t\t\t\t\t<div class=\"elementor-element elementor-element-b0dc617 elementor-widget elementor-widget-text-editor\" data-id=\"b0dc617\" data-element_type=\"widget\" data-e-type=\"widget\" data-widget_type=\"text-editor.default\">\n\t\t\t\t<div class=\"elementor-widget-container\">\n\t\t\t\t\t\t\t\t\t<p><span style=\"text-decoration: underline;\">Bitten an den Papst<\/span><\/p>\t\t\t\t\t\t\t\t<\/div>\n\t\t\t\t<\/div>\n\t\t\t\t\t<\/div>\n\t\t<\/div>\n\t\t\t\t\t<\/div>\n\t\t<\/section>\n\t\t\t\t<section class=\"elementor-section elementor-top-section elementor-element elementor-element-5ae4006 elementor-section-boxed elementor-section-height-default elementor-section-height-default\" data-id=\"5ae4006\" data-element_type=\"section\" data-e-type=\"section\">\n\t\t\t\t\t\t<div class=\"elementor-container elementor-column-gap-default\">\n\t\t\t\t\t<div class=\"elementor-column elementor-col-50 elementor-top-column elementor-element elementor-element-78a199c\" data-id=\"78a199c\" data-element_type=\"column\" data-e-type=\"column\" data-settings=\"{&quot;background_background&quot;:&quot;classic&quot;}\">\n\t\t\t<div class=\"elementor-widget-wrap elementor-element-populated\">\n\t\t\t\t\t\t<div class=\"elementor-element elementor-element-f4e5f1f elementor-widget elementor-widget-text-editor\" data-id=\"f4e5f1f\" data-element_type=\"widget\" data-e-type=\"widget\" data-widget_type=\"text-editor.default\">\n\t\t\t\t<div class=\"elementor-widget-container\">\n\t\t\t\t\t\t\t\t\t<p><span style=\"color: #1046a3;\">1- Andacht an den 1. Samstagen des Monats<\/span><\/p><p><span style=\"color: #1046a3;\">2- Weihe<\/span><span style=\"background-color: var( --e-global-color-f890547 ); color: #1046a3;\">\u00a0unter\u00a0<\/span><span style=\"background-color: var( --e-global-color-f890547 ); color: #1046a3;\">Unbeflecktes Herz Mariens<\/span><\/p><p><span style=\"color: #1046a3;\">3- T\u00e4glicher Rosenkranz<\/span><\/p><p><span style=\"color: #1046a3;\">4- Tragen des Schulterblattes<\/span><br \/><span style=\"color: #1046a3;\">5- Offrande des difficult\u00e9s de son devoir d&#8217;Etat<\/span><\/p>\t\t\t\t\t\t\t\t<\/div>\n\t\t\t\t<\/div>\n\t\t\t\t\t<\/div>\n\t\t<\/div>\n\t\t\t\t<div class=\"elementor-column elementor-col-50 elementor-top-column elementor-element elementor-element-7dbc098\" data-id=\"7dbc098\" data-element_type=\"column\" data-e-type=\"column\" data-settings=\"{&quot;background_background&quot;:&quot;classic&quot;}\">\n\t\t\t<div class=\"elementor-widget-wrap elementor-element-populated\">\n\t\t\t\t\t\t<div class=\"elementor-element elementor-element-a893017 elementor-widget elementor-widget-text-editor\" data-id=\"a893017\" data-element_type=\"widget\" data-e-type=\"widget\" data-widget_type=\"text-editor.default\">\n\t\t\t\t<div class=\"elementor-widget-container\">\n\t\t\t\t\t\t\t\t\t<p>1- Weihe Russlands an den\u00a0<span style=\"background-color: var( --e-global-color-f890547 ); color: #1046a3;\">Herz<\/span><span style=\"color: var( --e-global-color-primary ); background-color: var( --e-global-color-f890547 );\">\u00a0Unbefleckte Jungfrau Maria<\/span><\/p><p><span style=\"color: var( --e-global-color-primary ); background-color: var( --e-global-color-f890547 );\">\u00a0 \u00a0 in Einheit mit allen Bisch\u00f6fen der Welt<\/span><\/p><p>2- Officialisation dans l&#8217;Eglise les 1ers samedis du mois<\/p>\t\t\t\t\t\t\t\t<\/div>\n\t\t\t\t<\/div>\n\t\t\t\t\t<\/div>\n\t\t<\/div>\n\t\t\t\t\t<\/div>\n\t\t<\/section>\n\t\t\t\t<section class=\"elementor-section elementor-top-section elementor-element elementor-element-32843b8 elementor-section-boxed elementor-section-height-default elementor-section-height-default\" data-id=\"32843b8\" data-element_type=\"section\" data-e-type=\"section\">\n\t\t\t\t\t\t<div class=\"elementor-container elementor-column-gap-default\">\n\t\t\t\t\t<div class=\"elementor-column elementor-col-100 elementor-top-column elementor-element elementor-element-b5fbf35\" data-id=\"b5fbf35\" data-element_type=\"column\" data-e-type=\"column\">\n\t\t\t<div class=\"elementor-widget-wrap elementor-element-populated\">\n\t\t\t\t\t\t<div class=\"elementor-element elementor-element-2c89495 elementor-widget elementor-widget-text-editor\" data-id=\"2c89495\" data-element_type=\"widget\" data-e-type=\"widget\" data-widget_type=\"text-editor.default\">\n\t\t\t\t<div class=\"elementor-widget-container\">\n\t\t\t\t\t\t\t\t\t<p>Einzelheiten zu diesen Forderungen an die Gl\u00e4ubigen<\/p>\t\t\t\t\t\t\t\t<\/div>\n\t\t\t\t<\/div>\n\t\t\t\t\t<\/div>\n\t\t<\/div>\n\t\t\t\t\t<\/div>\n\t\t<\/section>\n\t\t\t\t<section class=\"elementor-section elementor-top-section elementor-element elementor-element-a092214 elementor-section-boxed elementor-section-height-default elementor-section-height-default\" data-id=\"a092214\" data-element_type=\"section\" data-e-type=\"section\" data-settings=\"{&quot;background_background&quot;:&quot;classic&quot;}\">\n\t\t\t\t\t\t<div class=\"elementor-container elementor-column-gap-default\">\n\t\t\t\t\t<div class=\"elementor-column elementor-col-50 elementor-top-column elementor-element elementor-element-695e9e2\" data-id=\"695e9e2\" data-element_type=\"column\" data-e-type=\"column\">\n\t\t\t<div class=\"elementor-widget-wrap elementor-element-populated\">\n\t\t\t\t\t\t<div class=\"elementor-element elementor-element-cf3c299 elementor-widget elementor-widget-text-editor\" data-id=\"cf3c299\" data-element_type=\"widget\" data-e-type=\"widget\" data-widget_type=\"text-editor.default\">\n\t\t\t\t<div class=\"elementor-widget-container\">\n\t\t\t\t\t\t\t\t\t<p>\u00a0<\/p><p><b>1- An den ersten Samstagen des Monats<\/b><\/p><p>Die Heilige Jungfrau hat darum gebeten, dass die ihr zugef\u00fcgten Beleidigungen von uns an jedem ersten Samstag im Monat auf folgende Weise wiedergutgemacht werden:\u00a0\u00a0<\/p><p>\u00a0<\/p><p>1\/ Kommunion als Wiedergutmachung f\u00fcr die der Heiligen Jungfrau zugef\u00fcgten Beleidigungen<\/p><p>2\/ Einen Rosenkranz beten<\/p><p>3\/ 15 Minuten \u00fcber eines der Geheimnisse des Rosenkranzes meditieren<\/p><p>4\/ Innerhalb von acht Tagen davor oder danach in derselben Absicht beichten.<\/p><p>\u00a0<\/p><p>Sie forderte au\u00dferdem, dass diese Praxis mindestens <b>f\u00fcnf 1. Samstagen in Folge<\/b><\/p><p>\u00a0<\/p><p><span style=\"font-weight: bolder;\">2- Die Weihe an das Unbefleckte Herz Mariens<\/span><\/p><p>Die Weihe ist ein Akt, durch den man seine Person der Heiligen Jungfrau Maria \u00fcbergibt. Um sie zu vollziehen, muss man nur ein Weihegebet w\u00e4hlen und eine aufrichtige innere Bereitschaft haben. Sie muss einmal im Leben vollzogen werden.<\/p>\t\t\t\t\t\t\t\t<\/div>\n\t\t\t\t<\/div>\n\t\t\t\t\t<\/div>\n\t\t<\/div>\n\t\t\t\t<div class=\"elementor-column elementor-col-50 elementor-top-column elementor-element elementor-element-000ffb9\" data-id=\"000ffb9\" data-element_type=\"column\" data-e-type=\"column\">\n\t\t\t<div class=\"elementor-widget-wrap elementor-element-populated\">\n\t\t\t\t\t\t<div class=\"elementor-element elementor-element-ab90851 elementor-widget elementor-widget-image\" data-id=\"ab90851\" data-element_type=\"widget\" data-e-type=\"widget\" data-widget_type=\"image.default\">\n\t\t\t\t<div class=\"elementor-widget-container\">\n\t\t\t\t\t\t\t\t\t\t\t\t\t\t\t<img decoding=\"async\" src=\"https:\/\/salve-corda.org\/wp-content\/uploads\/2022\/03\/external-content.duckduckgo-1.jpg\" title=\"external-content.duckduckgo-1\" alt=\"external-content.duckduckgo-1\" loading=\"lazy\" \/>\t\t\t\t\t\t\t\t\t\t\t\t\t\t\t<\/div>\n\t\t\t\t<\/div>\n\t\t\t\t\t<\/div>\n\t\t<\/div>\n\t\t\t\t\t<\/div>\n\t\t<\/section>\n\t\t\t\t<section class=\"elementor-section elementor-top-section elementor-element elementor-element-bcae921 elementor-section-boxed elementor-section-height-default elementor-section-height-default\" data-id=\"bcae921\" data-element_type=\"section\" data-e-type=\"section\" data-settings=\"{&quot;background_background&quot;:&quot;classic&quot;}\">\n\t\t\t\t\t\t<div class=\"elementor-container elementor-column-gap-default\">\n\t\t\t\t\t<div class=\"elementor-column elementor-col-100 elementor-top-column elementor-element elementor-element-3481ca7\" data-id=\"3481ca7\" data-element_type=\"column\" data-e-type=\"column\">\n\t\t\t<div class=\"elementor-widget-wrap elementor-element-populated\">\n\t\t\t\t\t\t<div class=\"elementor-element elementor-element-7ecf2fe elementor-widget elementor-widget-text-editor\" data-id=\"7ecf2fe\" data-element_type=\"widget\" data-e-type=\"widget\" data-widget_type=\"text-editor.default\">\n\t\t\t\t<div class=\"elementor-widget-container\">\n\t\t\t\t\t\t\t\t\t<p><strong>3- Der Rosenkranz<br \/><\/strong>Die Heilige Jungfrau hat immer um den Rosenkranz gebeten und das beweist, wie wichtig dieses Gebet ist. Man muss es jeden Tag beten, aber je nach den Zw\u00e4ngen des Einzelnen ist das nicht immer leicht. Man kann jedoch immer seine besten Anstrengungen unternehmen. Der Rosenkranz hat seine unglaubliche Wirksamkeit bei zeitlichen Problemen bewiesen, insbesondere w\u00e4hrend der Schlacht von Lepanto.<\/p>\t\t\t\t\t\t\t\t<\/div>\n\t\t\t\t<\/div>\n\t\t\t\t\t<\/div>\n\t\t<\/div>\n\t\t\t\t\t<\/div>\n\t\t<\/section>\n\t\t\t\t<section class=\"elementor-section elementor-top-section elementor-element elementor-element-e7db8a4 elementor-section-boxed elementor-section-height-default elementor-section-height-default\" data-id=\"e7db8a4\" data-element_type=\"section\" data-e-type=\"section\" data-settings=\"{&quot;background_background&quot;:&quot;classic&quot;}\">\n\t\t\t\t\t\t<div class=\"elementor-container elementor-column-gap-default\">\n\t\t\t\t\t<div class=\"elementor-column elementor-col-100 elementor-top-column elementor-element elementor-element-f08f53c\" data-id=\"f08f53c\" data-element_type=\"column\" data-e-type=\"column\">\n\t\t\t<div class=\"elementor-widget-wrap elementor-element-populated\">\n\t\t\t\t\t\t<section class=\"elementor-section elementor-inner-section elementor-element elementor-element-a03a4d6 elementor-section-boxed elementor-section-height-default elementor-section-height-default\" data-id=\"a03a4d6\" data-element_type=\"section\" data-e-type=\"section\" data-settings=\"{&quot;background_background&quot;:&quot;classic&quot;}\">\n\t\t\t\t\t\t<div class=\"elementor-container elementor-column-gap-default\">\n\t\t\t\t\t<div class=\"elementor-column elementor-col-50 elementor-inner-column elementor-element elementor-element-5b9da7e\" data-id=\"5b9da7e\" data-element_type=\"column\" data-e-type=\"column\">\n\t\t\t<div class=\"elementor-widget-wrap elementor-element-populated\">\n\t\t\t\t\t\t<div class=\"elementor-element elementor-element-c01ae20 elementor-widget elementor-widget-image\" data-id=\"c01ae20\" data-element_type=\"widget\" data-e-type=\"widget\" data-widget_type=\"image.default\">\n\t\t\t\t<div class=\"elementor-widget-container\">\n\t\t\t\t\t\t\t\t\t\t\t\t\t\t\t<img fetchpriority=\"high\" decoding=\"async\" width=\"382\" height=\"345\" src=\"https:\/\/salve-corda.org\/wp-content\/uploads\/2022\/03\/scapulaire.png\" class=\"attachment-large size-large wp-image-4910\" alt=\"\" srcset=\"https:\/\/salve-corda.org\/wp-content\/uploads\/2022\/03\/scapulaire.png 382w, https:\/\/salve-corda.org\/wp-content\/uploads\/2022\/03\/scapulaire-300x271.png 300w\" sizes=\"(max-width: 382px) 100vw, 382px\" \/>\t\t\t\t\t\t\t\t\t\t\t\t\t\t\t<\/div>\n\t\t\t\t<\/div>\n\t\t\t\t\t<\/div>\n\t\t<\/div>\n\t\t\t\t<div class=\"elementor-column elementor-col-50 elementor-inner-column elementor-element elementor-element-3fd9816\" data-id=\"3fd9816\" data-element_type=\"column\" data-e-type=\"column\">\n\t\t\t<div class=\"elementor-widget-wrap elementor-element-populated\">\n\t\t\t\t\t\t<div class=\"elementor-element elementor-element-faa1193 elementor-widget elementor-widget-text-editor\" data-id=\"faa1193\" data-element_type=\"widget\" data-e-type=\"widget\" data-widget_type=\"text-editor.default\">\n\t\t\t\t<div class=\"elementor-widget-container\">\n\t\t\t\t\t\t\t\t\t<p><strong>4- Das Tragen des Skapuliers vom Berg Karmel<br><\/strong><span style=\"color: var( --e-global-color-text ); font-family: var( --e-global-typography-text-font-family ), Sans-serif; font-size: var( --e-global-typography-text-font-size ); font-weight: var( --e-global-typography-text-font-weight );\">Das Skapulier vom Berg Karmel ist ein kleines St\u00fcck braunen Stoffs, das wie eine Medaille mit dem Herz-Jesu-Bild auf der einen und Unserer Lieben Frau vom Berg Karmel auf der anderen Seite getragen wird.  Es wurde dem Heiligen Simon Stock im 13. Jahrhundert von der Heiligen Jungfrau selbst geschenkt. Dieses Tuch ist die Verkleinerung des Karmelitergewandes und zeigt unsere Zugeh\u00f6rigkeit zur Heiligen Jungfrau.<\/span><\/p>\n<p>Er muss von einem Priester mit einem besonderen Segen \u00fcberreicht werden.<\/p>\n<p><br><\/p>\n<p>ACHTUNG: Die Muttergottes sprach vom <b>Skapulier vom Berg Karmel<\/b>. Erfinden und Tragen <b>ein anderes Skapulier<\/b> n&#8217;a aucune validit\u00e9 quant aux promesses de Fatima lesquelles sont attach\u00e9es uniquement au scapulaire du Mont Carmel.<\/p>\t\t\t\t\t\t\t\t<\/div>\n\t\t\t\t<\/div>\n\t\t\t\t\t<\/div>\n\t\t<\/div>\n\t\t\t\t\t<\/div>\n\t\t<\/section>\n\t\t\t\t\t<\/div>\n\t\t<\/div>\n\t\t\t\t\t<\/div>\n\t\t<\/section>\n\t\t\t\t<section class=\"elementor-section elementor-top-section elementor-element elementor-element-82867dc elementor-section-boxed elementor-section-height-default elementor-section-height-default\" data-id=\"82867dc\" data-element_type=\"section\" data-e-type=\"section\" data-settings=\"{&quot;background_background&quot;:&quot;classic&quot;}\">\n\t\t\t\t\t\t<div class=\"elementor-container elementor-column-gap-default\">\n\t\t\t\t\t<div class=\"elementor-column elementor-col-100 elementor-top-column elementor-element elementor-element-331548f\" data-id=\"331548f\" data-element_type=\"column\" data-e-type=\"column\">\n\t\t\t<div class=\"elementor-widget-wrap elementor-element-populated\">\n\t\t\t\t\t\t<div class=\"elementor-element elementor-element-f456608 elementor-widget elementor-widget-text-editor\" data-id=\"f456608\" data-element_type=\"widget\" data-e-type=\"widget\" data-widget_type=\"text-editor.default\">\n\t\t\t\t<div class=\"elementor-widget-container\">\n\t\t\t\t\t\t\t\t\t<p><b style=\"color: var( --e-global-color-text ); font-family: var( --e-global-typography-text-font-family ), Sans-serif; font-size: var( --e-global-typography-text-font-size ); background-color: rgba(246, 244, 245, 0);\">5- L&#8217;offrande de son devoir d&#8217;\u00e9tat pour la conversion des p\u00e9cheurs<\/b><\/p><p><span style=\"color: var( --e-global-color-text ); font-family: var( --e-global-typography-text-font-family ), Sans-serif; font-size: var( --e-global-typography-text-font-size ); font-weight: var( --e-global-typography-text-font-weight );\">In diesen schwierigen Zeiten ist die Heilige Jungfrau in ihrer m\u00fctterlichen Liebe nicht gekommen, um uns besondere Bu\u00df\u00fcbungen aufzuerlegen. Sie hat uns nur gebeten, dass wir<\/span><span style=\"color: var( --e-global-color-text ); font-family: var( --e-global-typography-text-font-family ), Sans-serif; font-size: var( --e-global-typography-text-font-size );\">'<\/span><span style=\"color: var( --e-global-color-text ); font-family: var( --e-global-typography-text-font-family ), Sans-serif; font-size: var( --e-global-typography-text-font-size );\">regelm\u00e4\u00dfig die Schwierigkeiten unserer staatlichen Pflicht anbieten <\/span><span style=\"color: var( --e-global-color-text ); font-family: var( --e-global-typography-text-font-family ), Sans-serif; font-size: var( --e-global-typography-text-font-size );\">pou<\/span><span style=\"color: var( --e-global-color-text ); font-family: var( --e-global-typography-text-font-family ), Sans-serif; font-size: var( --e-global-typography-text-font-size ); font-weight: var( --e-global-typography-text-font-weight );\">r die Bekehrung der S\u00fcnder. Durch diesen Schritt, der mehrmals am Tag wiederholt wird,<\/span> <span style=\"color: var( --e-global-color-text ); font-family: var( --e-global-typography-text-font-family ), Sans-serif; font-size: var( --e-global-typography-text-font-size );\">die Heilige Jungfrau greift ein, um Seelen davor zu bewahren, in die H\u00f6lle zu kommen<\/span><span style=\"color: var( --e-global-color-text ); font-family: var( --e-global-typography-text-font-family ), Sans-serif; font-size: var( --e-global-typography-text-font-size );\">.\u00a0<\/span><strong><br \/><\/strong><\/p><p><span style=\"color: var( --e-global-color-text ); font-family: var( --e-global-typography-text-font-family ), Sans-serif; font-size: var( --e-global-typography-text-font-size );\">\u00a0<\/span><\/p>\t\t\t\t\t\t\t\t<\/div>\n\t\t\t\t<\/div>\n\t\t\t\t\t<\/div>\n\t\t<\/div>\n\t\t\t\t\t<\/div>\n\t\t<\/section>\n\t\t\t\t<section class=\"elementor-section elementor-top-section elementor-element elementor-element-15a0b5a elementor-section-boxed elementor-section-height-default elementor-section-height-default\" data-id=\"15a0b5a\" data-element_type=\"section\" data-e-type=\"section\">\n\t\t\t\t\t\t<div class=\"elementor-container elementor-column-gap-default\">\n\t\t\t\t\t<div class=\"elementor-column elementor-col-100 elementor-top-column elementor-element elementor-element-b3954cd\" data-id=\"b3954cd\" data-element_type=\"column\" data-e-type=\"column\">\n\t\t\t<div class=\"elementor-widget-wrap elementor-element-populated\">\n\t\t\t\t\t\t<div class=\"elementor-element elementor-element-e4f5735 elementor-widget elementor-widget-heading\" data-id=\"e4f5735\" data-element_type=\"widget\" data-e-type=\"widget\" data-widget_type=\"heading.default\">\n\t\t\t\t<div class=\"elementor-widget-container\">\n\t\t\t\t\t<h2 class=\"elementor-heading-title elementor-size-default\">2- DIE sieben Bitten DES HEILIGEN HERZENS in Paray-le-Monial (1673-1689)<\/h2>\t\t\t\t<\/div>\n\t\t\t\t<\/div>\n\t\t\t\t\t<\/div>\n\t\t<\/div>\n\t\t\t\t\t<\/div>\n\t\t<\/section>\n\t\t\t\t<section class=\"elementor-section elementor-top-section elementor-element elementor-element-6985e34 elementor-section-boxed elementor-section-height-default elementor-section-height-default\" data-id=\"6985e34\" data-element_type=\"section\" data-e-type=\"section\" data-settings=\"{&quot;background_background&quot;:&quot;classic&quot;}\">\n\t\t\t\t\t\t<div class=\"elementor-container elementor-column-gap-default\">\n\t\t\t\t\t<div class=\"elementor-column elementor-col-50 elementor-top-column elementor-element elementor-element-b454d14\" data-id=\"b454d14\" data-element_type=\"column\" data-e-type=\"column\" data-settings=\"{&quot;background_background&quot;:&quot;classic&quot;}\">\n\t\t\t<div class=\"elementor-widget-wrap elementor-element-populated\">\n\t\t\t\t\t\t<div class=\"elementor-element elementor-element-b840408 elementor-widget elementor-widget-text-editor\" data-id=\"b840408\" data-element_type=\"widget\" data-e-type=\"widget\" data-widget_type=\"text-editor.default\">\n\t\t\t\t<div class=\"elementor-widget-container\">\n\t\t\t\t\t\t\t\t\t<p><span style=\"text-decoration: underline;\">Bitten an die Gl\u00e4ubigen<\/span><\/p>\t\t\t\t\t\t\t\t<\/div>\n\t\t\t\t<\/div>\n\t\t\t\t\t<\/div>\n\t\t<\/div>\n\t\t\t\t<div class=\"elementor-column elementor-col-50 elementor-top-column elementor-element elementor-element-4fa5b72\" data-id=\"4fa5b72\" data-element_type=\"column\" data-e-type=\"column\" data-settings=\"{&quot;background_background&quot;:&quot;classic&quot;}\">\n\t\t\t<div class=\"elementor-widget-wrap elementor-element-populated\">\n\t\t\t\t\t\t<div class=\"elementor-element elementor-element-5a876b5 elementor-widget elementor-widget-text-editor\" data-id=\"5a876b5\" data-element_type=\"widget\" data-e-type=\"widget\" data-widget_type=\"text-editor.default\">\n\t\t\t\t<div class=\"elementor-widget-container\">\n\t\t\t\t\t\t\t\t\t<p><span style=\"text-decoration: underline;\">Demandes au Roi (chef d&#8217;Etat)<\/span><\/p>\t\t\t\t\t\t\t\t<\/div>\n\t\t\t\t<\/div>\n\t\t\t\t\t<\/div>\n\t\t<\/div>\n\t\t\t\t\t<\/div>\n\t\t<\/section>\n\t\t\t\t<section class=\"elementor-section elementor-top-section elementor-element elementor-element-ba0afdd elementor-section-boxed elementor-section-height-default elementor-section-height-default\" data-id=\"ba0afdd\" data-element_type=\"section\" data-e-type=\"section\">\n\t\t\t\t\t\t<div class=\"elementor-container elementor-column-gap-default\">\n\t\t\t\t\t<div class=\"elementor-column elementor-col-50 elementor-top-column elementor-element elementor-element-b95d12d\" data-id=\"b95d12d\" data-element_type=\"column\" data-e-type=\"column\" data-settings=\"{&quot;background_background&quot;:&quot;classic&quot;}\">\n\t\t\t<div class=\"elementor-widget-wrap elementor-element-populated\">\n\t\t\t\t\t\t<div class=\"elementor-element elementor-element-bc3954d elementor-widget elementor-widget-text-editor\" data-id=\"bc3954d\" data-element_type=\"widget\" data-e-type=\"widget\" data-widget_type=\"text-editor.default\">\n\t\t\t\t<div class=\"elementor-widget-container\">\n\t\t\t\t\t\t\t\t\t<p>1- Sich dem Heiligen widmen<span style=\"color: #ad1a1a;\">&#8211;<span style=\"background-color: var( --e-global-color-f890547 );\">Herz<\/span><\/span><\/p><p>2- Kommunion an jedem 1. Freitag des Monats<\/p><p><span style=\"font-family: var( --e-global-typography-18e5089-font-family ), Sans-serif; font-size: var( --e-global-typography-18e5089-font-size ); font-weight: var( --e-global-typography-18e5089-font-weight ); letter-spacing: var( --e-global-typography-18e5089-letter-spacing ); background-color: var( --e-global-color-f890547 );\">3- Heilige Stunde am Donnerstagabend<\/span><\/p><p>4- Honorer l&#8217;image du Sacr\u00e9<span style=\"color: #ad1a1a;\">&#8211;<span style=\"background-color: var( --e-global-color-f890547 );\">Herz<\/span><\/span><\/p><p>5- Ob\u00e9issance \u00e0 son devoir d&#8217;\u00e9tat<\/p>\t\t\t\t\t\t\t\t<\/div>\n\t\t\t\t<\/div>\n\t\t\t\t\t<\/div>\n\t\t<\/div>\n\t\t\t\t<div class=\"elementor-column elementor-col-50 elementor-top-column elementor-element elementor-element-1110922\" data-id=\"1110922\" data-element_type=\"column\" data-e-type=\"column\" data-settings=\"{&quot;background_background&quot;:&quot;classic&quot;}\">\n\t\t\t<div class=\"elementor-widget-wrap elementor-element-populated\">\n\t\t\t\t\t\t<div class=\"elementor-element elementor-element-9d90f46 elementor-widget elementor-widget-text-editor\" data-id=\"9d90f46\" data-element_type=\"widget\" data-e-type=\"widget\" data-widget_type=\"text-editor.default\">\n\t\t\t\t<div class=\"elementor-widget-container\">\n\t\t\t\t\t\t\t\t\t<p><span style=\"color: #ad1a1a;\">1- Der K\u00f6nig muss sich dem Heiligen widmen-.<span style=\"background-color: var( --e-global-color-f890547 );\">C\u0153ur et L&#8217;honorer dans son palais<\/span><\/span><\/p><p><span style=\"color: #ad1a1a;\">2- Das Heilige setzen-<span style=\"background-color: var( --e-global-color-f890547 );\">Herz<\/span> \u00fcber die Flagge und das Wappen Frankreichs<\/span><\/p>\t\t\t\t\t\t\t\t<\/div>\n\t\t\t\t<\/div>\n\t\t\t\t\t<\/div>\n\t\t<\/div>\n\t\t\t\t\t<\/div>\n\t\t<\/section>\n\t\t\t\t<section class=\"elementor-section elementor-top-section elementor-element elementor-element-130277f elementor-section-boxed elementor-section-height-default elementor-section-height-default\" data-id=\"130277f\" data-element_type=\"section\" data-e-type=\"section\" data-settings=\"{&quot;background_background&quot;:&quot;classic&quot;}\">\n\t\t\t\t\t\t<div class=\"elementor-container elementor-column-gap-default\">\n\t\t\t\t\t<div class=\"elementor-column elementor-col-100 elementor-top-column elementor-element elementor-element-889a664\" data-id=\"889a664\" data-element_type=\"column\" data-e-type=\"column\">\n\t\t\t<div class=\"elementor-widget-wrap elementor-element-populated\">\n\t\t\t\t\t\t<div class=\"elementor-element elementor-element-af8e1a6 elementor-widget elementor-widget-text-editor\" data-id=\"af8e1a6\" data-element_type=\"widget\" data-e-type=\"widget\" data-widget_type=\"text-editor.default\">\n\t\t\t\t<div class=\"elementor-widget-container\">\n\t\t\t\t\t\t\t\t\t<p>\u00a0 Einzelheiten zu diesen Forderungen an die Gl\u00e4ubigen<\/p>\t\t\t\t\t\t\t\t<\/div>\n\t\t\t\t<\/div>\n\t\t\t\t\t<\/div>\n\t\t<\/div>\n\t\t\t\t\t<\/div>\n\t\t<\/section>\n\t\t\t\t<section class=\"elementor-section elementor-top-section elementor-element elementor-element-f3f640c elementor-section-boxed elementor-section-height-default elementor-section-height-default\" data-id=\"f3f640c\" data-element_type=\"section\" data-e-type=\"section\">\n\t\t\t\t\t\t<div class=\"elementor-container elementor-column-gap-default\">\n\t\t\t\t\t<div class=\"elementor-column elementor-col-100 elementor-top-column elementor-element elementor-element-ce4cbd7\" data-id=\"ce4cbd7\" data-element_type=\"column\" data-e-type=\"column\">\n\t\t\t<div class=\"elementor-widget-wrap elementor-element-populated\">\n\t\t\t\t\t\t<div class=\"elementor-element elementor-element-f304579 elementor-widget elementor-widget-text-editor\" data-id=\"f304579\" data-element_type=\"widget\" data-e-type=\"widget\" data-widget_type=\"text-editor.default\">\n\t\t\t\t<div class=\"elementor-widget-container\">\n\t\t\t\t\t\t\t\t\t<p><strong>1- Die Weihe an das Heiligste Herz<br \/><\/strong><span style=\"color: var( --e-global-color-text ); font-family: var( --e-global-typography-text-font-family ), Sans-serif; font-size: var( --e-global-typography-text-font-size ); font-weight: var( --e-global-typography-text-font-weight );\">Die Weihe ist ein Akt, durch den man <\/span><b style=\"color: var( --e-global-color-text ); font-family: var( --e-global-typography-text-font-family ), Sans-serif; font-size: var( --e-global-typography-text-font-size );\">gibt seine Person dem Heiligen-<\/b><b style=\"color: var( --e-global-color-text ); font-family: var( --e-global-typography-text-font-family ), Sans-serif; font-size: var( --e-global-typography-text-font-size );\">Herz<\/b><span style=\"color: var( --e-global-color-text ); font-family: var( --e-global-typography-text-font-family ), Sans-serif; font-size: var( --e-global-typography-text-font-size ); font-weight: var( --e-global-typography-text-font-weight );\">. Diese Weihe kann nat\u00fcrlich in einer gemeinsamen Weihe an die Herzen Jesu und Marias erfolgen.<\/span><strong><br \/><\/strong><\/p>\t\t\t\t\t\t\t\t<\/div>\n\t\t\t\t<\/div>\n\t\t\t\t\t<\/div>\n\t\t<\/div>\n\t\t\t\t\t<\/div>\n\t\t<\/section>\n\t\t\t\t<section class=\"elementor-section elementor-top-section elementor-element elementor-element-48221c4 elementor-section-boxed elementor-section-height-default elementor-section-height-default\" data-id=\"48221c4\" data-element_type=\"section\" data-e-type=\"section\">\n\t\t\t\t\t\t<div class=\"elementor-container elementor-column-gap-default\">\n\t\t\t\t\t<div class=\"elementor-column elementor-col-50 elementor-top-column elementor-element elementor-element-1f9ef75\" data-id=\"1f9ef75\" data-element_type=\"column\" data-e-type=\"column\">\n\t\t\t<div class=\"elementor-widget-wrap elementor-element-populated\">\n\t\t\t\t\t\t<div class=\"elementor-element elementor-element-104f3b6 elementor-widget elementor-widget-text-editor\" data-id=\"104f3b6\" data-element_type=\"widget\" data-e-type=\"widget\" data-widget_type=\"text-editor.default\">\n\t\t\t\t<div class=\"elementor-widget-container\">\n\t\t\t\t\t\t\t\t\t<p><strong style=\"color: var( --e-global-color-text ); font-family: var( --e-global-typography-text-font-family ), Sans-serif; font-size: var( --e-global-typography-text-font-size );\">2- Am ersten Freitag des Monats<\/strong><\/p><p>Die \"Kommunion am 1. Freitag im Monat\" wurde von Christus erbeten, um die Undankbarkeit der Menschen ihm gegen\u00fcber wiedergutzumachen und als Beweis unserer Liebe zu ihm.<\/p><p>Er forderte, dass diese Praxis\u00a0<b>neun 1. Freitage in Folge\u00a0<br \/><\/b><\/p><p><b>\u00a0<\/b><\/p><p><strong style=\"color: var( --e-global-color-text ); font-family: var( --e-global-typography-text-font-family ), Sans-serif; font-size: var( --e-global-typography-text-font-size );\">3- Die heilige Stunde am Donnerstagabend<\/strong><\/p><p>Christus bat darum, dass am Donnerstagabend eine Stunde lang im Gedenken an seinen Todeskampf gebetet wird. Die heilige Margareta Maria schrieb auf, was genau Christus von ihr verlangte:<\/p><p>\u00a0<\/p><p><span style=\"color: #062b99;\"><i>\"Ihn in Seinem Gebet zum Vater begleiten, jeden Donnerstag von 23 Uhr bis Mitternacht, in Erinnerung an Seine t\u00f6dliche Traurigkeit im \u00d6lgarten. Wir sollen uns dann mit dem Kummer vereinen, den Er empfand, als seine Apostel Ihn verlie\u00dfen, und auch wir sollen die Barmherzigkeit des Vaters f\u00fcr die S\u00fcnder erflehen.\"<\/i><\/span><\/p><p><span style=\"color: var( --e-global-color-text ); font-family: var( --e-global-typography-text-font-family ), Sans-serif; font-size: var( --e-global-typography-text-font-size );\">\u00a0<\/span><\/p><p><span style=\"color: var( --e-global-color-text ); font-family: var( --e-global-typography-text-font-family ), Sans-serif; font-size: var( --e-global-typography-text-font-size );\"><b>4- Das Bild des Heiligen Herzens ehren<\/b><\/span><\/p><p>Christus erkl\u00e4rte, dass er unter der Gleichg\u00fcltigkeit und Undankbarkeit der Menschen litt. Er bat daher darum, sich durch das Bild Seines fleischlichen Herzens, das Ausdruck Seiner unermesslichen Liebe zu den Menschen ist, lieben zu lassen. Aus diesem Grund sollte eine Darstellung des Heiligsten Herzens (Bild, Statue, Gem\u00e4lde) in unseren H\u00e4usern vorhanden sein.<\/p>\t\t\t\t\t\t\t\t<\/div>\n\t\t\t\t<\/div>\n\t\t\t\t\t<\/div>\n\t\t<\/div>\n\t\t\t\t<div class=\"elementor-column elementor-col-50 elementor-top-column elementor-element elementor-element-5dcd121\" data-id=\"5dcd121\" data-element_type=\"column\" data-e-type=\"column\">\n\t\t\t<div class=\"elementor-widget-wrap elementor-element-populated\">\n\t\t\t\t\t\t<div class=\"elementor-element elementor-element-836f3e5 elementor-widget elementor-widget-image\" data-id=\"836f3e5\" data-element_type=\"widget\" data-e-type=\"widget\" data-widget_type=\"image.default\">\n\t\t\t\t<div class=\"elementor-widget-container\">\n\t\t\t\t\t\t\t\t\t\t\t\t\t\t\t<img decoding=\"async\" width=\"466\" height=\"600\" src=\"https:\/\/salve-corda.org\/wp-content\/uploads\/2021\/09\/agonie-de-jesus.jpg\" class=\"attachment-large size-large wp-image-2223\" alt=\"\" srcset=\"https:\/\/salve-corda.org\/wp-content\/uploads\/2021\/09\/agonie-de-jesus.jpg 466w, https:\/\/salve-corda.org\/wp-content\/uploads\/2021\/09\/agonie-de-jesus-233x300.jpg 233w\" sizes=\"(max-width: 466px) 100vw, 466px\" \/>\t\t\t\t\t\t\t\t\t\t\t\t\t\t\t<\/div>\n\t\t\t\t<\/div>\n\t\t\t\t\t<\/div>\n\t\t<\/div>\n\t\t\t\t\t<\/div>\n\t\t<\/section>\n\t\t\t\t<section class=\"elementor-section elementor-top-section elementor-element elementor-element-42881ca elementor-section-boxed elementor-section-height-default elementor-section-height-default\" data-id=\"42881ca\" data-element_type=\"section\" data-e-type=\"section\">\n\t\t\t\t\t\t<div class=\"elementor-container elementor-column-gap-default\">\n\t\t\t\t\t<div class=\"elementor-column elementor-col-100 elementor-top-column elementor-element elementor-element-10538d0\" data-id=\"10538d0\" data-element_type=\"column\" data-e-type=\"column\">\n\t\t\t<div class=\"elementor-widget-wrap elementor-element-populated\">\n\t\t\t\t\t\t<div class=\"elementor-element elementor-element-bac497d elementor-widget elementor-widget-text-editor\" data-id=\"bac497d\" data-element_type=\"widget\" data-e-type=\"widget\" data-widget_type=\"text-editor.default\">\n\t\t\t\t<div class=\"elementor-widget-container\">\n\t\t\t\t\t\t\t\t\t<p><strong>5- L\u2019ob\u00e9issance \u00e0 son devoir d&#8217;\u00e9tat<br \/><\/strong>Le Christ nous demande d&#8217;ob\u00e9ir comme Lui \u00e0 la volont\u00e9 de Dieu le P\u00e8re, c\u2019est-\u00e0-dire accepter ce que Dieu nous envoie.\u00a0<span style=\"color: var( --e-global-color-text ); font-family: var( --e-global-typography-text-font-family ), Sans-serif; font-size: var( --e-global-typography-text-font-size ); font-weight: var( --e-global-typography-text-font-weight );\">Diese Bitte schlie\u00dft sich der von der Heiligen Jungfrau geforderten Aufopferung der Staatspflicht an.<\/span><span style=\"color: var( --e-global-color-text ); font-family: var( --e-global-typography-text-font-family ), Sans-serif; font-size: var( --e-global-typography-text-font-size ); font-weight: var( --e-global-typography-text-font-weight );\">\u00a0<br \/><\/span><\/p>\t\t\t\t\t\t\t\t<\/div>\n\t\t\t\t<\/div>\n\t\t\t\t\t<\/div>\n\t\t<\/div>\n\t\t\t\t\t<\/div>\n\t\t<\/section>\n\t\t\t\t<section class=\"elementor-section elementor-top-section elementor-element elementor-element-7e6621e elementor-section-boxed elementor-section-height-default elementor-section-height-default\" data-id=\"7e6621e\" data-element_type=\"section\" data-e-type=\"section\">\n\t\t\t\t\t\t<div class=\"elementor-container elementor-column-gap-default\">\n\t\t\t\t\t<div class=\"elementor-column elementor-col-100 elementor-top-column elementor-element elementor-element-2c97262\" data-id=\"2c97262\" data-element_type=\"column\" data-e-type=\"column\">\n\t\t\t<div class=\"elementor-widget-wrap elementor-element-populated\">\n\t\t\t\t\t\t<section class=\"elementor-section elementor-inner-section elementor-element elementor-element-ae27e1f elementor-section-boxed elementor-section-height-default elementor-section-height-default\" data-id=\"ae27e1f\" data-element_type=\"section\" data-e-type=\"section\">\n\t\t\t\t\t\t<div class=\"elementor-container elementor-column-gap-default\">\n\t\t\t\t\t<div class=\"elementor-column elementor-col-50 elementor-inner-column elementor-element elementor-element-64f867c\" data-id=\"64f867c\" data-element_type=\"column\" data-e-type=\"column\">\n\t\t\t<div class=\"elementor-widget-wrap elementor-element-populated\">\n\t\t\t\t\t\t<div class=\"elementor-element elementor-element-916c96e elementor-widget elementor-widget-image\" data-id=\"916c96e\" data-element_type=\"widget\" data-e-type=\"widget\" data-widget_type=\"image.default\">\n\t\t\t\t<div class=\"elementor-widget-container\">\n\t\t\t\t\t\t\t\t\t\t\t\t\t\t\t<img decoding=\"async\" width=\"640\" height=\"493\" src=\"https:\/\/salve-corda.org\/wp-content\/uploads\/2021\/09\/Jesus-on-the-cross-9.jpg\" class=\"attachment-large size-large wp-image-2228\" alt=\"\" srcset=\"https:\/\/salve-corda.org\/wp-content\/uploads\/2021\/09\/Jesus-on-the-cross-9.jpg 773w, https:\/\/salve-corda.org\/wp-content\/uploads\/2021\/09\/Jesus-on-the-cross-9-300x231.jpg 300w, https:\/\/salve-corda.org\/wp-content\/uploads\/2021\/09\/Jesus-on-the-cross-9-768x591.jpg 768w\" sizes=\"(max-width: 640px) 100vw, 640px\" \/>\t\t\t\t\t\t\t\t\t\t\t\t\t\t\t<\/div>\n\t\t\t\t<\/div>\n\t\t\t\t\t<\/div>\n\t\t<\/div>\n\t\t\t\t<div class=\"elementor-column elementor-col-50 elementor-inner-column elementor-element elementor-element-7a9e916\" data-id=\"7a9e916\" data-element_type=\"column\" data-e-type=\"column\">\n\t\t\t<div class=\"elementor-widget-wrap elementor-element-populated\">\n\t\t\t\t\t\t<div class=\"elementor-element elementor-element-b28b5e0 elementor-widget elementor-widget-text-editor\" data-id=\"b28b5e0\" data-element_type=\"widget\" data-e-type=\"widget\" data-widget_type=\"text-editor.default\">\n\t\t\t\t<div class=\"elementor-widget-container\">\n\t\t\t\t\t\t\t\t\t<p><i>Anmerkung : <br>Es f\u00e4llt auf, dass der Himmel uns offenbar auffordert, ein <b>T<\/b><\/i><b><i>riduum Pascal <\/i><\/b><i>jeden Monatsanfang ( Heilige Stunde Donnerstag, 1<\/i><i>er<\/i><i> Freitag und 1<\/i><i>er<\/i><i> Samstag) zu Ehren der Herzen Jesu und Marias. Dies ist eine Neuheit, die sich folgenderma\u00dfen erkl\u00e4ren l\u00e4sst:  Gott hat uns jeden Sonntag zum Dank daf\u00fcr, dass er uns <\/i><b><i>erstellt<\/i><\/b><i>.  Er bittet nun um den 1. Donnerstag\/Freitag\/Samstag eines jeden Monats, um den Herzen Jesu und Marias zu danken, dass sie uns <\/i><b><i>aufgekauft<\/i><\/b><i>. Unser Zugang zum Himmel ist in der Tat nur durch diese beiden Geschenke m\u00f6glich: unsere Sch\u00f6pfung und unsere Erl\u00f6sung. Dies muss den Rhythmus unseres christlichen Lebens bestimmen.<\/i><\/p>\t\t\t\t\t\t\t\t<\/div>\n\t\t\t\t<\/div>\n\t\t\t\t\t<\/div>\n\t\t<\/div>\n\t\t\t\t\t<\/div>\n\t\t<\/section>\n\t\t\t\t\t<\/div>\n\t\t<\/div>\n\t\t\t\t\t<\/div>\n\t\t<\/section>\n\t\t\t\t<\/div>","protected":false},"excerpt":{"rendered":"<p>DIE ANDEREN ANFORDERUNGEN VON JESUS UND MARIA Wenn der erste Samstag im Monat eine Priorit\u00e4t ist, und sie zu verwirklichen ist schon sehr gut, verpflichten sich einige Mitglieder der Allianz auch dazu, [...].<\/p>","protected":false},"author":1,"featured_media":0,"parent":0,"menu_order":0,"comment_status":"closed","ping_status":"closed","template":"elementor_header_footer","meta":{"footnotes":""},"class_list":["post-1011","page","type-page","status-publish","hentry"],"_links":{"self":[{"href":"https:\/\/salve-corda.org\/de\/wp-json\/wp\/v2\/pages\/1011","targetHints":{"allow":["GET"]}}],"collection":[{"href":"https:\/\/salve-corda.org\/de\/wp-json\/wp\/v2\/pages"}],"about":[{"href":"https:\/\/salve-corda.org\/de\/wp-json\/wp\/v2\/types\/page"}],"author":[{"embeddable":true,"href":"https:\/\/salve-corda.org\/de\/wp-json\/wp\/v2\/users\/1"}],"replies":[{"embeddable":true,"href":"https:\/\/salve-corda.org\/de\/wp-json\/wp\/v2\/comments?post=1011"}],"version-history":[{"count":492,"href":"https:\/\/salve-corda.org\/de\/wp-json\/wp\/v2\/pages\/1011\/revisions"}],"predecessor-version":[{"id":6613,"href":"https:\/\/salve-corda.org\/de\/wp-json\/wp\/v2\/pages\/1011\/revisions\/6613"}],"wp:attachment":[{"href":"https:\/\/salve-corda.org\/de\/wp-json\/wp\/v2\/media?parent=1011"}],"curies":[{"name":"wp","href":"https:\/\/api.w.org\/{rel}","templated":true}]}}