{"id":3120,"date":"2021-09-29T19:12:21","date_gmt":"2021-09-29T17:12:21","guid":{"rendered":"https:\/\/salve-corda.org\/?page_id=3120"},"modified":"2026-07-18T10:47:01","modified_gmt":"2026-07-18T08:47:01","slug":"ce-qui-nous-est-demande","status":"publish","type":"page","link":"https:\/\/salve-corda.org\/de\/ce-qui-nous-est-demande\/","title":{"rendered":"Was uns an den 1. Samstagen gefragt wird"},"content":{"rendered":"<div data-elementor-type=\"wp-page\" data-elementor-id=\"3120\" class=\"elementor elementor-3120\">\n\t\t\t\t\t\t<section class=\"elementor-section elementor-top-section elementor-element elementor-element-44a3ee9 elementor-section-boxed elementor-section-height-default elementor-section-height-default\" data-id=\"44a3ee9\" data-element_type=\"section\" data-e-type=\"section\">\n\t\t\t\t\t\t<div class=\"elementor-container elementor-column-gap-default\">\n\t\t\t\t\t<div class=\"elementor-column elementor-col-100 elementor-top-column elementor-element elementor-element-fdbd764\" data-id=\"fdbd764\" data-element_type=\"column\" data-e-type=\"column\">\n\t\t\t<div class=\"elementor-widget-wrap elementor-element-populated\">\n\t\t\t\t\t\t<div class=\"elementor-element elementor-element-746e0f2 elementor-widget elementor-widget-spacer\" data-id=\"746e0f2\" data-element_type=\"widget\" data-e-type=\"widget\" data-widget_type=\"spacer.default\">\n\t\t\t\t<div class=\"elementor-widget-container\">\n\t\t\t\t\t\t\t<div class=\"elementor-spacer\">\n\t\t\t<div class=\"elementor-spacer-inner\"><\/div>\n\t\t<\/div>\n\t\t\t\t\t\t<\/div>\n\t\t\t\t<\/div>\n\t\t\t\t<div class=\"elementor-element elementor-element-ce04b36 elementor-widget elementor-widget-heading\" data-id=\"ce04b36\" data-element_type=\"widget\" data-e-type=\"widget\" data-widget_type=\"heading.default\">\n\t\t\t\t<div class=\"elementor-widget-container\">\n\t\t\t\t\t<h2 class=\"elementor-heading-title elementor-size-default\">die \"ersten Samstage des Monats\"<\/h2>\t\t\t\t<\/div>\n\t\t\t\t<\/div>\n\t\t\t\t\t<\/div>\n\t\t<\/div>\n\t\t\t\t\t<\/div>\n\t\t<\/section>\n\t\t\t\t<section class=\"elementor-section elementor-top-section elementor-element elementor-element-c2d8803 elementor-section-boxed elementor-section-height-default elementor-section-height-default\" data-id=\"c2d8803\" data-element_type=\"section\" data-e-type=\"section\" data-settings=\"{&quot;background_background&quot;:&quot;classic&quot;}\">\n\t\t\t\t\t\t<div class=\"elementor-container elementor-column-gap-default\">\n\t\t\t\t\t<div class=\"elementor-column elementor-col-100 elementor-top-column elementor-element elementor-element-a0f1e26\" data-id=\"a0f1e26\" data-element_type=\"column\" data-e-type=\"column\">\n\t\t\t<div class=\"elementor-widget-wrap elementor-element-populated\">\n\t\t\t\t\t\t<div class=\"elementor-element elementor-element-733fd40 elementor-widget elementor-widget-text-editor\" data-id=\"733fd40\" data-element_type=\"widget\" data-e-type=\"widget\" data-widget_type=\"text-editor.default\">\n\t\t\t\t<div class=\"elementor-widget-container\">\n\t\t\t\t\t\t\t\t\t<p style=\"text-align: left;\"><span style=\"color: #6288c6;\"><i>\"Von der Praxis dieser Andacht, verbunden mit der Weihe an das Unbefleckte Herz Mariens, h\u00e4ngen f\u00fcr die Welt ab <strong>frieden oder krieg<\/strong>. (...) Das hei\u00dft, Gott will diese Hingabe <strong>und nicht eine andere.<\/strong><\/i><i> \"\u00a0 \u00a0 \u00a0 \u00a0 \u00a0 \u00a0 \u00a0 \u00a0 \u00a0 \u00a0 \u00a0 \u00a0 \u00a0 \u00a0 \u00a0 \u00a0 \u00a0 \u00a0 \u00a0 \u00a0 \u00a0 \u00a0 \u00a0 \u00a0 \u00a0 \u00a0 \u00a0 \u00a0 \u00a0 \u00a0 \u00a0 \u00a0 \u00a0 \u00a0 \u00a0 \u00a0 \u00a0 \u00a0 \u00a0 \u00a0 \u00a0 \u00a0 \u00a0 \u00a0 \u00a0 \u00a0 \u00a0 \u00a0 \u00a0 \u00a0 \u00a0 \u00a0 \u00a0 \u00a0 \u00a0 \u00a0 \u00a0 \u00a0 \u00a0 \u00a0 \u00a0 \u00a0 \u00a0 \u00a0 <span style=\"color: #333333;\">Schwester Lucia, M\u00e4rz 1939<\/span><\/i><\/span><i style=\"color: #6288c6; font-family: var( --e-global-typography-18e5089-font-family ), Sans-serif; font-size: var( --e-global-typography-18e5089-font-size ); letter-spacing: var( --e-global-typography-18e5089-letter-spacing ); word-spacing: var( --e-global-typography-18e5089-word-spacing );\"><span style=\"color: #333333;\">\u00a0<\/span><\/i><\/p>\t\t\t\t\t\t\t\t<\/div>\n\t\t\t\t<\/div>\n\t\t\t\t\t<\/div>\n\t\t<\/div>\n\t\t\t\t\t<\/div>\n\t\t<\/section>\n\t\t\t\t<section class=\"elementor-section elementor-top-section elementor-element elementor-element-eac7595 elementor-section-boxed elementor-section-height-default elementor-section-height-default\" data-id=\"eac7595\" data-element_type=\"section\" data-e-type=\"section\" data-settings=\"{&quot;background_background&quot;:&quot;classic&quot;}\">\n\t\t\t\t\t\t<div class=\"elementor-container elementor-column-gap-default\">\n\t\t\t\t\t<div class=\"elementor-column elementor-col-66 elementor-top-column elementor-element elementor-element-ea07fde\" data-id=\"ea07fde\" data-element_type=\"column\" data-e-type=\"column\">\n\t\t\t<div class=\"elementor-widget-wrap elementor-element-populated\">\n\t\t\t\t\t\t<div class=\"elementor-element elementor-element-4e85bcd elementor-widget elementor-widget-heading\" data-id=\"4e85bcd\" data-element_type=\"widget\" data-e-type=\"widget\" data-widget_type=\"heading.default\">\n\t\t\t\t<div class=\"elementor-widget-container\">\n\t\t\t\t\t<h3 class=\"elementor-heading-title elementor-size-default\">WAS GENAU VON UNS VERLANGT WIRD<\/h3>\t\t\t\t<\/div>\n\t\t\t\t<\/div>\n\t\t\t\t<div class=\"elementor-element elementor-element-5dd353e elementor-widget elementor-widget-text-editor\" data-id=\"5dd353e\" data-element_type=\"widget\" data-e-type=\"widget\" data-widget_type=\"text-editor.default\">\n\t\t\t\t<div class=\"elementor-widget-container\">\n\t\t\t\t\t\t\t\t\t<p><span style=\"font-family: var( --e-global-typography-18e5089-font-family ), Sans-serif;\"><span style=\"color: var( --e-global-color-text ); letter-spacing: var( --e-global-typography-18e5089-letter-spacing ); word-spacing: var( --e-global-typography-18e5089-word-spacing );\">Die&nbsp;<\/span><\/span>Heilige<span style=\"font-family: var( --e-global-typography-18e5089-font-family ), Sans-serif;\"><span style=\"color: var( --e-global-color-text ); letter-spacing: var( --e-global-typography-18e5089-letter-spacing ); word-spacing: var( --e-global-typography-18e5089-word-spacing );\">&nbsp;Jungfrau will, dass wir an diesem Tag erkennen <b>vier Akte<\/b><\/span><\/span><span style=\"font-family: var( --e-global-typography-18e5089-font-family ), Sans-serif;\"><span style=\"color: var( --e-global-color-text ); letter-spacing: var( --e-global-typography-18e5089-letter-spacing ); word-spacing: var( --e-global-typography-18e5089-word-spacing );\">&nbsp; :<\/span><\/span><\/p>\n<p><span style=\"color: var( --e-global-color-text ); font-family: var( --e-global-typography-18e5089-font-family ), Sans-serif; font-size: var( --e-global-typography-18e5089-font-size ); font-weight: var( --e-global-typography-18e5089-font-weight ); letter-spacing: var( --e-global-typography-18e5089-letter-spacing ); word-spacing: var( --e-global-typography-18e5089-word-spacing );\">&nbsp;<\/span><\/p>\n<p>&nbsp; &nbsp; &nbsp; &nbsp;1 - Kommunion&nbsp;<\/p>\n<p><\/p>\n<p>&nbsp; &nbsp; &nbsp; &nbsp;2 - Ihm 15 Minuten Gesellschaft leisten, indem man \u00fcber eines der Geheimnisse des Rosenkranzes meditiert<\/p>\n<p><\/p>\n<p>&nbsp; &nbsp; &nbsp; &nbsp;3 - Einen Rosenkranz beten<\/p>\n<p><\/p>\n<p>&nbsp; &nbsp; &nbsp; &nbsp;4- Se confesser ( le jour m\u00eame o\u00f9 dans le mois qui pr\u00e9c\u00e8de, sous reserve d&#8217;e^tre en \u00e9tat de gr\u00e2ce pour la communion)<\/p>\n<p><\/p>\t\t\t\t\t\t\t\t<\/div>\n\t\t\t\t<\/div>\n\t\t\t\t<div class=\"elementor-element elementor-element-c1a733e elementor-widget elementor-widget-text-editor\" data-id=\"c1a733e\" data-element_type=\"widget\" data-e-type=\"widget\" data-widget_type=\"text-editor.default\">\n\t\t\t\t<div class=\"elementor-widget-container\">\n\t\t\t\t\t\t\t\t\t<p><b>Diese vier Handlungen m\u00fcssen alle im Geiste der Wiedergutmachung f\u00fcr die dem Unbefleckten Herzen Mariens zugef\u00fcgten Beleidigungen vollzogen werden.<\/b><\/p>\t\t\t\t\t\t\t\t<\/div>\n\t\t\t\t<\/div>\n\t\t\t\t\t<\/div>\n\t\t<\/div>\n\t\t\t\t<div class=\"elementor-column elementor-col-33 elementor-top-column elementor-element elementor-element-538676c\" data-id=\"538676c\" data-element_type=\"column\" data-e-type=\"column\">\n\t\t\t<div class=\"elementor-widget-wrap elementor-element-populated\">\n\t\t\t\t\t\t<div class=\"elementor-element elementor-element-250b6e97 elementor-widget elementor-widget-image\" data-id=\"250b6e97\" data-element_type=\"widget\" data-e-type=\"widget\" data-widget_type=\"image.default\">\n\t\t\t\t<div class=\"elementor-widget-container\">\n\t\t\t\t\t\t\t\t\t\t\t\t\t\t\t<img fetchpriority=\"high\" decoding=\"async\" width=\"676\" height=\"576\" src=\"https:\/\/salve-corda.org\/wp-content\/uploads\/2024\/03\/premiere-communion-2018-copie-1.png\" class=\"attachment-full size-full wp-image-6641\" alt=\"\" srcset=\"https:\/\/salve-corda.org\/wp-content\/uploads\/2024\/03\/premiere-communion-2018-copie-1.png 676w, https:\/\/salve-corda.org\/wp-content\/uploads\/2024\/03\/premiere-communion-2018-copie-1-300x256.png 300w\" sizes=\"(max-width: 676px) 100vw, 676px\" \/>\t\t\t\t\t\t\t\t\t\t\t\t\t\t\t<\/div>\n\t\t\t\t<\/div>\n\t\t\t\t\t<\/div>\n\t\t<\/div>\n\t\t\t\t\t<\/div>\n\t\t<\/section>\n\t\t\t\t<section class=\"elementor-section elementor-top-section elementor-element elementor-element-732bcc14 elementor-section-boxed elementor-section-height-default elementor-section-height-default\" data-id=\"732bcc14\" data-element_type=\"section\" data-e-type=\"section\" data-settings=\"{&quot;background_background&quot;:&quot;classic&quot;}\">\n\t\t\t\t\t\t<div class=\"elementor-container elementor-column-gap-default\">\n\t\t\t\t\t<div class=\"elementor-column elementor-col-33 elementor-top-column elementor-element elementor-element-37373765\" data-id=\"37373765\" data-element_type=\"column\" data-e-type=\"column\">\n\t\t\t<div class=\"elementor-widget-wrap elementor-element-populated\">\n\t\t\t\t\t\t<div class=\"elementor-element elementor-element-4e7aa6c elementor-widget elementor-widget-image\" data-id=\"4e7aa6c\" data-element_type=\"widget\" data-e-type=\"widget\" data-widget_type=\"image.default\">\n\t\t\t\t<div class=\"elementor-widget-container\">\n\t\t\t\t\t\t\t\t\t\t\t\t\t\t\t<img decoding=\"async\" width=\"560\" height=\"539\" src=\"https:\/\/salve-corda.org\/wp-content\/uploads\/2024\/03\/IMAGE-2022-09-10-181852-copie.jpg\" class=\"attachment-large size-large wp-image-6615\" alt=\"\" srcset=\"https:\/\/salve-corda.org\/wp-content\/uploads\/2024\/03\/IMAGE-2022-09-10-181852-copie.jpg 560w, https:\/\/salve-corda.org\/wp-content\/uploads\/2024\/03\/IMAGE-2022-09-10-181852-copie-300x289.jpg 300w\" sizes=\"(max-width: 560px) 100vw, 560px\" \/>\t\t\t\t\t\t\t\t\t\t\t\t\t\t\t<\/div>\n\t\t\t\t<\/div>\n\t\t\t\t\t<\/div>\n\t\t<\/div>\n\t\t\t\t<div class=\"elementor-column elementor-col-66 elementor-top-column elementor-element elementor-element-37955617\" data-id=\"37955617\" data-element_type=\"column\" data-e-type=\"column\">\n\t\t\t<div class=\"elementor-widget-wrap elementor-element-populated\">\n\t\t\t\t\t\t<div class=\"elementor-element elementor-element-f6aefb2 elementor-widget elementor-widget-heading\" data-id=\"f6aefb2\" data-element_type=\"widget\" data-e-type=\"widget\" data-widget_type=\"heading.default\">\n\t\t\t\t<div class=\"elementor-widget-container\">\n\t\t\t\t\t<h3 class=\"elementor-heading-title elementor-size-default\">WIE SIE SIE DURCHF\u00dcHREN<\/h3>\t\t\t\t<\/div>\n\t\t\t\t<\/div>\n\t\t\t\t<div class=\"elementor-element elementor-element-2d503c38 elementor-widget elementor-widget-text-editor\" data-id=\"2d503c38\" data-element_type=\"widget\" data-e-type=\"widget\" data-widget_type=\"text-editor.default\">\n\t\t\t\t<div class=\"elementor-widget-container\">\n\t\t\t\t\t\t\t\t\t<p>Unsere Liebe Frau von Fatima hat den Papst gebeten, einen<b> Amtshandlung,<\/b> in Verbindung mit der Weihe Russlands, <b>pour reconnaitre et recommander les 1ers samedis du mois dans toute l&#8217;Eglise.\u00a0<\/b><\/p><p>\u00a0<\/p><p>Wir m\u00fcssen also diese 1. Samstage im Monat in Gemeinschaft durchf\u00fchren und<b> auf sichtbare Weise<\/b>\u00a0in einer <b>d\u00e9marche d&#8217;Eglise<\/b>. Dazu ist es notwendig, :<\/p><p>\u00a0<\/p><p>1- Sich lokal zu mehreren zusammenfinden und so eine Gruppe namens \"<b>Stadt des 1. Samstags im Monat<\/b>\" .\u00a0<span style=\"color: var( --e-global-color-text ); font-family: var( --e-global-typography-18e5089-font-family ), Sans-serif; font-size: var( --e-global-typography-18e5089-font-size ); letter-spacing: var( --e-global-typography-18e5089-letter-spacing ); word-spacing: var( --e-global-typography-18e5089-word-spacing );\">\u00a0\u00a0<\/span><a style=\"font-size: var( --e-global-typography-18e5089-font-size ); letter-spacing: var( --e-global-typography-18e5089-letter-spacing ); word-spacing: var( --e-global-typography-18e5089-word-spacing );\" href=\"https:\/\/salve-corda.org\/de\/alliance-premier-samedi\/\"><span style=\"text-decoration: underline;\"><span style=\"color: #3366ff;\">mehr zu den St\u00e4dten des 1. Samstags<\/span><\/span><\/a><\/p><p>2- Gehe am Samstagmorgen gemeinsam zur Messe und erf\u00fclle die vier Bitten der Heiligen Jungfrau.<\/p><p>3- M\u00e9diter le myst\u00e8re commun \u00e0 toutes les Cit\u00e9s (la m\u00e9ditation est envoy\u00e9e par Salve Corda trois jours avant ). Cela renforce l&#8217;esprit d&#8217;Eglise de tous m\u00e9diter sur le m\u00eame myst\u00e8re. \u00a0<span style=\"text-decoration: underline;\"><span style=\"color: #0000ff;\"><a style=\"color: #0000ff; text-decoration: underline;\" href=\"https:\/\/salve-corda.org\/de\/meditations\/\">zu den Meditationen<\/a><\/span><\/span><\/p><p>4- Geben Sie ein wenig<b> Feierlichkeit<\/b> damit es sich von den anderen Wochenmessen unterscheidet: <b>statue de la Sainte Vierge expos\u00e9e pr\u00e8s de l&#8217;autel<\/b>Blumen, Lieder, etc.<\/p>\t\t\t\t\t\t\t\t<\/div>\n\t\t\t\t<\/div>\n\t\t\t\t\t<\/div>\n\t\t<\/div>\n\t\t\t\t\t<\/div>\n\t\t<\/section>\n\t\t\t\t<section class=\"elementor-section elementor-top-section elementor-element elementor-element-e6a9e3d elementor-section-boxed elementor-section-height-default elementor-section-height-default\" data-id=\"e6a9e3d\" data-element_type=\"section\" data-e-type=\"section\" data-settings=\"{&quot;background_background&quot;:&quot;classic&quot;}\">\n\t\t\t\t\t\t<div class=\"elementor-container elementor-column-gap-default\">\n\t\t\t\t\t<div class=\"elementor-column elementor-col-100 elementor-top-column elementor-element elementor-element-6659300\" data-id=\"6659300\" data-element_type=\"column\" data-e-type=\"column\">\n\t\t\t<div class=\"elementor-widget-wrap elementor-element-populated\">\n\t\t\t\t\t\t<div class=\"elementor-element elementor-element-93832f0 elementor-align-center elementor-widget elementor-widget-button\" data-id=\"93832f0\" data-element_type=\"widget\" data-e-type=\"widget\" data-widget_type=\"button.default\">\n\t\t\t\t<div class=\"elementor-widget-container\">\n\t\t\t\t\t\t\t\t\t<div class=\"elementor-button-wrapper\">\n\t\t\t\t\t<a class=\"elementor-button elementor-button-link elementor-size-sm\" href=\"https:\/\/salve-corda.org\/de\/contact\/\">\n\t\t\t\t\t\t<span class=\"elementor-button-content-wrapper\">\n\t\t\t\t\t\t\t\t\t<span class=\"elementor-button-text\">Einer \"Stadt 1. Samstag im Monat\" beitreten oder eine solche gr\u00fcnden<\/span>\n\t\t\t\t\t<\/span>\n\t\t\t\t\t<\/a>\n\t\t\t\t<\/div>\n\t\t\t\t\t\t\t\t<\/div>\n\t\t\t\t<\/div>\n\t\t\t\t\t<\/div>\n\t\t<\/div>\n\t\t\t\t\t<\/div>\n\t\t<\/section>\n\t\t\t\t<section class=\"elementor-section elementor-top-section elementor-element elementor-element-310fd38 elementor-section-boxed elementor-section-height-default elementor-section-height-default\" data-id=\"310fd38\" data-element_type=\"section\" data-e-type=\"section\" data-settings=\"{&quot;background_background&quot;:&quot;classic&quot;}\">\n\t\t\t\t\t\t<div class=\"elementor-container elementor-column-gap-default\">\n\t\t\t\t\t<div class=\"elementor-column elementor-col-100 elementor-top-column elementor-element elementor-element-8fa955a\" data-id=\"8fa955a\" data-element_type=\"column\" data-e-type=\"column\">\n\t\t\t<div class=\"elementor-widget-wrap elementor-element-populated\">\n\t\t\t\t\t\t<div class=\"elementor-element elementor-element-65b4443 elementor-widget elementor-widget-heading\" data-id=\"65b4443\" data-element_type=\"widget\" data-e-type=\"widget\" data-widget_type=\"heading.default\">\n\t\t\t\t<div class=\"elementor-widget-container\">\n\t\t\t\t\t<h3 class=\"elementor-heading-title elementor-size-default\">Das Ziel der 1. Samstage<\/h3>\t\t\t\t<\/div>\n\t\t\t\t<\/div>\n\t\t\t\t<div class=\"elementor-element elementor-element-ec6eb45 elementor-widget elementor-widget-text-editor\" data-id=\"ec6eb45\" data-element_type=\"widget\" data-e-type=\"widget\" data-widget_type=\"text-editor.default\">\n\t\t\t\t<div class=\"elementor-widget-container\">\n\t\t\t\t\t\t\t\t\t<p><span style=\"font-family: var( --e-global-typography-18e5089-font-family ), Sans-serif;\"><span style=\"color: var( --e-global-color-text ); letter-spacing: var( --e-global-typography-18e5089-letter-spacing ); word-spacing: var( --e-global-typography-18e5089-word-spacing );\">Die\u00a0<\/span><\/span>Heilige<span style=\"font-family: var( --e-global-typography-18e5089-font-family ), Sans-serif;\"><span style=\"color: var( --e-global-color-text ); letter-spacing: var( --e-global-typography-18e5089-letter-spacing ); word-spacing: var( --e-global-typography-18e5089-word-spacing );\">\u00a0Jungfrau uns\u00a0<\/span><\/span>gebeten, die ersten Samstage des Monats zu realisieren, um <b>3 Gr\u00fcnde<\/b><span style=\"font-family: var( --e-global-typography-18e5089-font-family ), Sans-serif;\"><span style=\"color: var( --e-global-color-text ); letter-spacing: var( --e-global-typography-18e5089-letter-spacing ); word-spacing: var( --e-global-typography-18e5089-word-spacing );\">\u00a0 :<\/span><\/span><\/p>\t\t\t\t\t\t\t\t<\/div>\n\t\t\t\t<\/div>\n\t\t\t\t\t<\/div>\n\t\t<\/div>\n\t\t\t\t\t<\/div>\n\t\t<\/section>\n\t\t\t\t<section class=\"elementor-section elementor-top-section elementor-element elementor-element-da67fdf elementor-section-boxed elementor-section-height-default elementor-section-height-default\" data-id=\"da67fdf\" data-element_type=\"section\" data-e-type=\"section\" data-settings=\"{&quot;background_background&quot;:&quot;classic&quot;}\">\n\t\t\t\t\t\t<div class=\"elementor-container elementor-column-gap-default\">\n\t\t\t\t\t<div class=\"elementor-column elementor-col-66 elementor-top-column elementor-element elementor-element-439e740\" data-id=\"439e740\" data-element_type=\"column\" data-e-type=\"column\">\n\t\t\t<div class=\"elementor-widget-wrap elementor-element-populated\">\n\t\t\t\t\t\t<div class=\"elementor-element elementor-element-9472cc6 elementor-widget elementor-widget-text-editor\" data-id=\"9472cc6\" data-element_type=\"widget\" data-e-type=\"widget\" data-widget_type=\"text-editor.default\">\n\t\t\t\t<div class=\"elementor-widget-container\">\n\t\t\t\t\t\t\t\t\t<p><span style=\"color: var( --e-global-color-text ); font-family: var( --e-global-typography-18e5089-font-family ), Sans-serif; font-size: var( --e-global-typography-18e5089-font-size ); letter-spacing: var( --e-global-typography-18e5089-letter-spacing ); word-spacing: var( --e-global-typography-18e5089-word-spacing );\"><span style=\"font-weight: bold;\"><u>1- Die Wiedergutmachung der Beleidigungen, die dem Unbefleckten Herzen Mariens angetan wurden<\/u><\/span><\/span><\/p><p><span style=\"font-family: var( --e-global-typography-18e5089-font-family ), Sans-serif;\">C&#8217;est la premi\u00e8re raison et un devoir pour les enfants vis \u00e0 vis de le M\u00e8re qui souffrent tant. Le Christ a expliqu\u00e9 \u00e0\u00a0<\/span>Schwester Lucia<span style=\"font-family: var( --e-global-typography-18e5089-font-family ), Sans-serif;\">\u00a0die f\u00fcnf besonderen Vergehen, die wir wiedergutmachen:<\/span><\/p><p><span style=\"font-family: var( --e-global-typography-18e5089-font-family ), Sans-serif;\">\u00a0<\/span><\/p><p><span style=\"font-family: var( --e-global-typography-18e5089-font-family ), Sans-serif;\"><span style=\"color: var( --e-global-color-text ); letter-spacing: var( --e-global-typography-18e5089-letter-spacing ); word-spacing: var( --e-global-typography-18e5089-word-spacing );\">\u00a0 \u00a0&#8211;\u00a0<span style=\"font-style: italic;\">Blasphemien gegen die Unbefleckte Empf\u00e4ngnis,\u00a0<\/span><\/span><\/span><\/p><p><span style=\"font-family: var( --e-global-typography-18e5089-font-family ), Sans-serif;\"><span style=\"color: var( --e-global-color-text ); letter-spacing: var( --e-global-typography-18e5089-letter-spacing ); word-spacing: var( --e-global-typography-18e5089-word-spacing );\"><span style=\"font-style: italic;\">\u00a0 \u00a0- Blasphemien gegen ihre Jungfr\u00e4ulichkeit,\u00a0<\/span><\/span><\/span><\/p><p><span style=\"color: var( --e-global-color-text ); letter-spacing: var( --e-global-typography-18e5089-letter-spacing ); word-spacing: var( --e-global-typography-18e5089-word-spacing ); font-family: var( --e-global-typography-18e5089-font-family ), Sans-serif; font-size: var( --e-global-typography-18e5089-font-size );\"><span style=\"font-style: italic;\">\u00a0 - Blasphemien gegen ihre g\u00f6ttliche Mutterschaft, indem sie sich gleichzeitig weigern, sie als Mutter der Menschen anzuerkennen,\u00a0<\/span><\/span><\/p><p><span style=\"font-family: var( --e-global-typography-18e5089-font-family ), Sans-serif;\"><span style=\"color: var( --e-global-color-text ); letter-spacing: var( --e-global-typography-18e5089-letter-spacing ); word-spacing: var( --e-global-typography-18e5089-word-spacing );\"><span style=\"font-style: italic;\">\u00a0 - Die Blasphemien derjenigen, die \u00f6ffentlich versuchen, Gleichg\u00fcltigkeit, Verachtung oder sogar Hass gegen\u00fcber dieser unbefleckten Mutter in die Herzen der Kinder zu legen.<\/span><\/span><\/span><\/p><p><span style=\"font-family: var( --e-global-typography-18e5089-font-family ), Sans-serif;\"><span style=\"color: var( --e-global-color-text ); letter-spacing: var( --e-global-typography-18e5089-letter-spacing ); word-spacing: var( --e-global-typography-18e5089-word-spacing );\"><span style=\"font-style: italic;\">\u00a0 - Die Vergehen derer, die Ihn direkt in den Heiligen Bildern beleidigen.\u00a0<\/span><\/span><\/span><\/p>\t\t\t\t\t\t\t\t<\/div>\n\t\t\t\t<\/div>\n\t\t\t\t\t<\/div>\n\t\t<\/div>\n\t\t\t\t<div class=\"elementor-column elementor-col-33 elementor-top-column elementor-element elementor-element-bc5ef4e\" data-id=\"bc5ef4e\" data-element_type=\"column\" data-e-type=\"column\">\n\t\t\t<div class=\"elementor-widget-wrap elementor-element-populated\">\n\t\t\t\t\t\t<div class=\"elementor-element elementor-element-7bf5170 elementor-widget elementor-widget-image\" data-id=\"7bf5170\" data-element_type=\"widget\" data-e-type=\"widget\" data-widget_type=\"image.default\">\n\t\t\t\t<div class=\"elementor-widget-container\">\n\t\t\t\t\t\t\t\t\t\t\t\t\t\t\t<img decoding=\"async\" width=\"771\" height=\"793\" src=\"https:\/\/salve-corda.org\/wp-content\/uploads\/2024\/03\/external-content.duckduckgo-2-copie.jpg\" class=\"attachment-full size-full wp-image-6639\" alt=\"\" srcset=\"https:\/\/salve-corda.org\/wp-content\/uploads\/2024\/03\/external-content.duckduckgo-2-copie.jpg 771w, https:\/\/salve-corda.org\/wp-content\/uploads\/2024\/03\/external-content.duckduckgo-2-copie-292x300.jpg 292w, https:\/\/salve-corda.org\/wp-content\/uploads\/2024\/03\/external-content.duckduckgo-2-copie-768x790.jpg 768w\" sizes=\"(max-width: 771px) 100vw, 771px\" \/>\t\t\t\t\t\t\t\t\t\t\t\t\t\t\t<\/div>\n\t\t\t\t<\/div>\n\t\t\t\t\t<\/div>\n\t\t<\/div>\n\t\t\t\t\t<\/div>\n\t\t<\/section>\n\t\t\t\t<section class=\"elementor-section elementor-top-section elementor-element elementor-element-d27d242 elementor-section-boxed elementor-section-height-default elementor-section-height-default\" data-id=\"d27d242\" data-element_type=\"section\" data-e-type=\"section\" data-settings=\"{&quot;background_background&quot;:&quot;classic&quot;}\">\n\t\t\t\t\t\t<div class=\"elementor-container elementor-column-gap-default\">\n\t\t\t\t\t<div class=\"elementor-column elementor-col-33 elementor-top-column elementor-element elementor-element-a96614c\" data-id=\"a96614c\" data-element_type=\"column\" data-e-type=\"column\">\n\t\t\t<div class=\"elementor-widget-wrap elementor-element-populated\">\n\t\t\t\t\t\t<div class=\"elementor-element elementor-element-e8e94b0 elementor-widget elementor-widget-image\" data-id=\"e8e94b0\" data-element_type=\"widget\" data-e-type=\"widget\" data-widget_type=\"image.default\">\n\t\t\t\t<div class=\"elementor-widget-container\">\n\t\t\t\t\t\t\t\t\t\t\t\t\t\t\t<img loading=\"lazy\" decoding=\"async\" width=\"216\" height=\"293\" src=\"https:\/\/salve-corda.org\/wp-content\/uploads\/2024\/03\/visions_of_hell2.jpg\" class=\"attachment-large size-large wp-image-6638\" alt=\"\" \/>\t\t\t\t\t\t\t\t\t\t\t\t\t\t\t<\/div>\n\t\t\t\t<\/div>\n\t\t\t\t\t<\/div>\n\t\t<\/div>\n\t\t\t\t<div class=\"elementor-column elementor-col-66 elementor-top-column elementor-element elementor-element-ad77690\" data-id=\"ad77690\" data-element_type=\"column\" data-e-type=\"column\">\n\t\t\t<div class=\"elementor-widget-wrap elementor-element-populated\">\n\t\t\t\t\t\t<div class=\"elementor-element elementor-element-117885f elementor-widget elementor-widget-text-editor\" data-id=\"117885f\" data-element_type=\"widget\" data-e-type=\"widget\" data-widget_type=\"text-editor.default\">\n\t\t\t\t<div class=\"elementor-widget-container\">\n\t\t\t\t\t\t\t\t\t<p><span style=\"font-family: var( --e-global-typography-18e5089-font-family ), Sans-serif;\"><span style=\"color: var( --e-global-color-text ); letter-spacing: var( --e-global-typography-18e5089-letter-spacing ); word-spacing: var( --e-global-typography-18e5089-word-spacing );\"><span style=\"font-weight: bold;\"><u>2- L<\/u><\/span><\/span><\/span><span style=\"font-weight: bold;\"><u><span style=\"font-family: var( --e-global-typography-18e5089-font-family ), Sans-serif;\">ie Bekehrung der S\u00fcnder und die Rettung der Welt<\/span><\/u><\/span><\/p><p>\u00a0<\/p><p style=\"text-align: left;\">Notre Dame a accord\u00e9 une grande puissance \u00e0 la d\u00e9votion des 1ers samedis pour convertir les p\u00e9cheurs et emp\u00eacher, par son intercession, qu&#8217;ils aillent en enfer.<\/p><p>\u00a0<\/p><p style=\"text-align: left;\">Associ\u00e9 \u00e0 la cons\u00e9cration de la Russie, la d\u00e9votion des 1ers samedis permettra ainsi d&#8217;obtenir son triomphe et le salut du monde que l&#8217;on esp\u00e8re tant. Pour cela il faut:<\/p><p>\u00a0<\/p><p style=\"text-align: left;\"><span style=\"color: var( --e-global-color-text ); font-family: var( --e-global-typography-18e5089-font-family ), Sans-serif; font-size: var( --e-global-typography-18e5089-font-size ); letter-spacing: var( --e-global-typography-18e5089-letter-spacing ); word-spacing: var( --e-global-typography-18e5089-word-spacing );\">\u00a0&#8211; Qu&#8217;un plus grand nombre possible de fid\u00e8les r\u00e9alisent ces 1ers samedis avec une vrai foi<\/span><\/p><p style=\"text-align: left;\"><span style=\"font-family: var( --e-global-typography-18e5089-font-family ), Sans-serif;\">\u00a0- Dann werden wir einen Papst verdienen, der die Bitten Unserer Lieben Frau erf\u00fcllen wird,\u00a0<\/span>ausl\u00f6send<span style=\"font-family: var( --e-global-typography-18e5089-font-family ), Sans-serif;\">\u00a0son intervention miraculeuse et son triomphe comme Elle l&#8217;a promis.<\/span><\/p><p style=\"text-align: left;\"><span style=\"font-family: var( --e-global-typography-18e5089-font-family ), Sans-serif;\">\u00a0<\/span><\/p><p style=\"text-align: left;\"><span style=\"font-variant-ligatures: normal; orphans: 2; text-align: justify; widows: 2; text-decoration-thickness: initial; color: #6288c6;\"><span style=\"font-style: italic;\">\"Ihr habt die H\u00f6lle gesehen, in die die Seelen der armen S\u00fcnder gehen. Um sie zu erretten, will Gott in der H\u00f6lle einen Ort schaffen, an dem sie sich wohlf\u00fchlen.<\/span><span style=\"font-style: italic;\">welle die Hingabe an mein Unbeflecktes Herz. Wenn\u00a0<\/span><span style=\"font-style: italic;\">man macht\u00a0<\/span><\/span><span style=\"font-style: italic; font-variant-ligatures: normal; orphans: 2; text-align: justify; widows: 2; text-decoration-thickness: initial;\"><span style=\"color: #6288c6;\">was ich Ihnen sagen werde, werden viele Seelen gerettet und wir werden Frieden haben\".<\/span>\u00a0\u00a0<\/span><span style=\"font-style: italic; font-variant-ligatures: normal; orphans: 2; text-align: justify; widows: 2; text-decoration-thickness: initial;\">Die Heilige Jungfrau in Fatima am 13. Juli 1917<\/span><\/p>\t\t\t\t\t\t\t\t<\/div>\n\t\t\t\t<\/div>\n\t\t\t\t\t<\/div>\n\t\t<\/div>\n\t\t\t\t\t<\/div>\n\t\t<\/section>\n\t\t\t\t<section class=\"elementor-section elementor-top-section elementor-element elementor-element-b031198 elementor-section-boxed elementor-section-height-default elementor-section-height-default\" data-id=\"b031198\" data-element_type=\"section\" data-e-type=\"section\" data-settings=\"{&quot;background_background&quot;:&quot;classic&quot;}\">\n\t\t\t\t\t\t<div class=\"elementor-container elementor-column-gap-default\">\n\t\t\t\t\t<div class=\"elementor-column elementor-col-66 elementor-top-column elementor-element elementor-element-24ab1c7\" data-id=\"24ab1c7\" data-element_type=\"column\" data-e-type=\"column\">\n\t\t\t<div class=\"elementor-widget-wrap elementor-element-populated\">\n\t\t\t\t\t\t<div class=\"elementor-element elementor-element-f014843 elementor-widget elementor-widget-text-editor\" data-id=\"f014843\" data-element_type=\"widget\" data-e-type=\"widget\" data-widget_type=\"text-editor.default\">\n\t\t\t\t<div class=\"elementor-widget-container\">\n\t\t\t\t\t\t\t\t\t<p><b><u>3- Unsere eigene Errettung bei unserem Tod erhalten<\/u><\/b><\/p><p>Unsere Liebe Frau ist eine bewundernswerte Mutter. Nicht genug damit, dass sie uns ein so einfaches Mittel bringt, um die Erl\u00f6sung der Welt zu erlangen, macht sie uns ein <b>unerh\u00f6rtes Geschenk<\/b>:<\/p><p>Wenn wir realisieren <b>f\u00fcnfmal hintereinander am ersten Samstag des Monats<\/b> und sie um die Gnade unserer Erl\u00f6sung zu bitten, verspricht sie uns <b>uns bei unserem Tod beizustehen, um in den Himmel zu kommen.<\/b><\/p><p><b>\u00a0<\/b><\/p><p style=\"font-variant-ligatures: normal; orphans: 2; widows: 2; background-color: #f6f4f5; text-decoration-thickness: initial;\"><span style=\"color: #6288c6;\"><i>\u00a0<\/i><\/span><\/p><p style=\"font-variant-ligatures: normal; orphans: 2; widows: 2; background-color: #f6f4f5; text-decoration-thickness: initial;\"><span style=\"color: #6288c6;\"><i>\"Allen, die f\u00fcnf Monate lang am ersten Samstag beichten, die Heilige Kommunion empfangen, einen Rosenkranz beten und mir f\u00fcnfzehn Minuten lang in den f\u00fcnfzehn Geheimnissen des Rosenkranzes Gesellschaft leisten, im Geiste der Wiedergutmachung, verspreche ich<\/i><i>s<\/i><i>\u00a0ihnen in der Stunde des Todes mit allen<\/i><i>s<\/i><i>\u00a0die Gnaden, die f\u00fcr das Heil ihrer Seele notwendig sind\".<\/i><\/span><\/p><p style=\"font-variant-ligatures: normal; orphans: 2; widows: 2; background-color: #f6f4f5; text-decoration-thickness: initial; text-align: right;\"><i>Die Heilige Jungfrau, Pontevedra 10. Dezember 1925<\/i><\/p><p style=\"font-variant-ligatures: normal; orphans: 2; widows: 2; background-color: #f6f4f5; text-decoration-thickness: initial; text-align: right;\"><i>\u00a0<\/i><\/p>\t\t\t\t\t\t\t\t<\/div>\n\t\t\t\t<\/div>\n\t\t\t\t\t<\/div>\n\t\t<\/div>\n\t\t\t\t<div class=\"elementor-column elementor-col-33 elementor-top-column elementor-element elementor-element-06957b0\" data-id=\"06957b0\" data-element_type=\"column\" data-e-type=\"column\">\n\t\t\t<div class=\"elementor-widget-wrap elementor-element-populated\">\n\t\t\t\t\t\t<div class=\"elementor-element elementor-element-341a109 elementor-widget elementor-widget-image\" data-id=\"341a109\" data-element_type=\"widget\" data-e-type=\"widget\" data-widget_type=\"image.default\">\n\t\t\t\t<div class=\"elementor-widget-container\">\n\t\t\t\t\t\t\t\t\t\t\t\t\t\t\t<img loading=\"lazy\" decoding=\"async\" width=\"446\" height=\"400\" src=\"https:\/\/salve-corda.org\/wp-content\/uploads\/2024\/03\/SV.png\" class=\"attachment-large size-large wp-image-6616\" alt=\"\" srcset=\"https:\/\/salve-corda.org\/wp-content\/uploads\/2024\/03\/SV.png 446w, https:\/\/salve-corda.org\/wp-content\/uploads\/2024\/03\/SV-300x269.png 300w\" sizes=\"(max-width: 446px) 100vw, 446px\" \/>\t\t\t\t\t\t\t\t\t\t\t\t\t\t\t<\/div>\n\t\t\t\t<\/div>\n\t\t\t\t\t<\/div>\n\t\t<\/div>\n\t\t\t\t\t<\/div>\n\t\t<\/section>\n\t\t\t\t<section class=\"elementor-section elementor-top-section elementor-element elementor-element-3e45d3a5 elementor-section-boxed elementor-section-height-default elementor-section-height-default\" data-id=\"3e45d3a5\" data-element_type=\"section\" data-e-type=\"section\" data-settings=\"{&quot;background_background&quot;:&quot;classic&quot;}\">\n\t\t\t\t\t\t<div class=\"elementor-container elementor-column-gap-default\">\n\t\t\t\t\t<div class=\"elementor-column elementor-col-100 elementor-top-column elementor-element elementor-element-59e80019\" data-id=\"59e80019\" data-element_type=\"column\" data-e-type=\"column\">\n\t\t\t<div class=\"elementor-widget-wrap elementor-element-populated\">\n\t\t\t\t\t\t<div class=\"elementor-element elementor-element-49548d9 elementor-align-center elementor-widget elementor-widget-button\" data-id=\"49548d9\" data-element_type=\"widget\" data-e-type=\"widget\" data-widget_type=\"button.default\">\n\t\t\t\t<div class=\"elementor-widget-container\">\n\t\t\t\t\t\t\t\t\t<div class=\"elementor-button-wrapper\">\n\t\t\t\t\t<a class=\"elementor-button elementor-button-link elementor-size-sm\" href=\"https:\/\/salve-corda.org\/de\/contact\/\">\n\t\t\t\t\t\t<span class=\"elementor-button-content-wrapper\">\n\t\t\t\t\t\t\t\t\t<span class=\"elementor-button-text\">Einer \"Stadt des 1. Samstags im Monat\" beitreten oder eine solche gr\u00fcnden<\/span>\n\t\t\t\t\t<\/span>\n\t\t\t\t\t<\/a>\n\t\t\t\t<\/div>\n\t\t\t\t\t\t\t\t<\/div>\n\t\t\t\t<\/div>\n\t\t\t\t\t<\/div>\n\t\t<\/div>\n\t\t\t\t\t<\/div>\n\t\t<\/section>\n\t\t\t\t<section class=\"elementor-section elementor-top-section elementor-element elementor-element-f9d4e01 elementor-section-boxed elementor-section-height-default elementor-section-height-default\" data-id=\"f9d4e01\" data-element_type=\"section\" data-e-type=\"section\">\n\t\t\t\t\t\t<div class=\"elementor-container elementor-column-gap-default\">\n\t\t\t\t\t<div class=\"elementor-column elementor-col-100 elementor-top-column elementor-element elementor-element-11e9e0d\" data-id=\"11e9e0d\" data-element_type=\"column\" data-e-type=\"column\">\n\t\t\t<div class=\"elementor-widget-wrap elementor-element-populated\">\n\t\t\t\t\t\t<div class=\"elementor-element elementor-element-f538397 elementor-widget elementor-widget-video\" data-id=\"f538397\" data-element_type=\"widget\" data-e-type=\"widget\" data-settings=\"{&quot;video_type&quot;:&quot;hosted&quot;,&quot;controls&quot;:&quot;yes&quot;}\" data-widget_type=\"video.default\">\n\t\t\t\t<div class=\"elementor-widget-container\">\n\t\t\t\t\t\t\t<div class=\"e-hosted-video elementor-wrapper elementor-open-inline\">\n\t\t\t\t\t<video class=\"elementor-video\" src=\"https:\/\/salve-corda.org\/wp-content\/uploads\/2024\/11\/1er-samedi-Petite.mov\" controls=\"\" preload=\"metadata\" controlslist=\"nodownload\"><\/video>\n\t\t\t\t<\/div>\n\t\t\t\t\t\t<\/div>\n\t\t\t\t<\/div>\n\t\t\t\t\t<\/div>\n\t\t<\/div>\n\t\t\t\t\t<\/div>\n\t\t<\/section>\n\t\t\t\t<\/div>","protected":false},"excerpt":{"rendered":"<p>an den \"ersten Samstagen des Monats\" \"Von der Aus\u00fcbung dieser Andacht, vereint mit der Weihe an das Unbefleckte Herz Mariens, h\u00e4ngt f\u00fcr die Welt Frieden oder Krieg ab. (...) Das bedeutet [...].<\/p>","protected":false},"author":2,"featured_media":0,"parent":0,"menu_order":0,"comment_status":"closed","ping_status":"closed","template":"elementor_header_footer","meta":{"footnotes":""},"class_list":["post-3120","page","type-page","status-publish","hentry"],"_links":{"self":[{"href":"https:\/\/salve-corda.org\/de\/wp-json\/wp\/v2\/pages\/3120","targetHints":{"allow":["GET"]}}],"collection":[{"href":"https:\/\/salve-corda.org\/de\/wp-json\/wp\/v2\/pages"}],"about":[{"href":"https:\/\/salve-corda.org\/de\/wp-json\/wp\/v2\/types\/page"}],"author":[{"embeddable":true,"href":"https:\/\/salve-corda.org\/de\/wp-json\/wp\/v2\/users\/2"}],"replies":[{"embeddable":true,"href":"https:\/\/salve-corda.org\/de\/wp-json\/wp\/v2\/comments?post=3120"}],"version-history":[{"count":288,"href":"https:\/\/salve-corda.org\/de\/wp-json\/wp\/v2\/pages\/3120\/revisions"}],"predecessor-version":[{"id":20879,"href":"https:\/\/salve-corda.org\/de\/wp-json\/wp\/v2\/pages\/3120\/revisions\/20879"}],"wp:attachment":[{"href":"https:\/\/salve-corda.org\/de\/wp-json\/wp\/v2\/media?parent=3120"}],"curies":[{"name":"wp","href":"https:\/\/api.w.org\/{rel}","templated":true}]}}