{"id":444,"date":"2020-09-25T14:49:11","date_gmt":"2020-09-25T12:49:11","guid":{"rendered":"https:\/\/salve-corda.org\/?page_id=444"},"modified":"2025-02-04T12:29:12","modified_gmt":"2025-02-04T11:29:12","slug":"mediter-les-negligences-de-lhistoire","status":"publish","type":"page","link":"https:\/\/salve-corda.org\/de\/mediter-les-negligences-de-lhistoire\/","title":{"rendered":"M\u00e9diter les n\u00e9gligences de l&#8217;histoire"},"content":{"rendered":"<div data-elementor-type=\"wp-page\" data-elementor-id=\"444\" class=\"elementor elementor-444\">\n\t\t\t\t\t\t<section class=\"elementor-section elementor-top-section elementor-element elementor-element-f9167d2 elementor-section-boxed elementor-section-height-default elementor-section-height-default\" data-id=\"f9167d2\" data-element_type=\"section\" data-e-type=\"section\">\n\t\t\t\t\t\t<div class=\"elementor-container elementor-column-gap-default\">\n\t\t\t\t\t<div class=\"elementor-column elementor-col-100 elementor-top-column elementor-element elementor-element-f87253f\" data-id=\"f87253f\" data-element_type=\"column\" data-e-type=\"column\">\n\t\t\t<div class=\"elementor-widget-wrap elementor-element-populated\">\n\t\t\t\t\t\t<div class=\"elementor-element elementor-element-33f19db elementor-widget elementor-widget-spacer\" data-id=\"33f19db\" data-element_type=\"widget\" data-e-type=\"widget\" data-widget_type=\"spacer.default\">\n\t\t\t\t<div class=\"elementor-widget-container\">\n\t\t\t\t\t\t\t<div class=\"elementor-spacer\">\n\t\t\t<div class=\"elementor-spacer-inner\"><\/div>\n\t\t<\/div>\n\t\t\t\t\t\t<\/div>\n\t\t\t\t<\/div>\n\t\t\t\t\t<\/div>\n\t\t<\/div>\n\t\t\t\t\t<\/div>\n\t\t<\/section>\n\t\t\t\t<section class=\"elementor-section elementor-top-section elementor-element elementor-element-0c86489 elementor-section-boxed elementor-section-height-default elementor-section-height-default\" data-id=\"0c86489\" data-element_type=\"section\" data-e-type=\"section\">\n\t\t\t\t\t\t<div class=\"elementor-container elementor-column-gap-default\">\n\t\t\t\t\t<div class=\"elementor-column elementor-col-100 elementor-top-column elementor-element elementor-element-815d35f\" data-id=\"815d35f\" data-element_type=\"column\" data-e-type=\"column\">\n\t\t\t<div class=\"elementor-widget-wrap elementor-element-populated\">\n\t\t\t\t\t\t<div class=\"elementor-element elementor-element-e21480d elementor-widget elementor-widget-heading\" data-id=\"e21480d\" data-element_type=\"widget\" data-e-type=\"widget\" data-widget_type=\"heading.default\">\n\t\t\t\t<div class=\"elementor-widget-container\">\n\t\t\t\t\t<h2 class=\"elementor-heading-title elementor-size-default\">DIE NACHL\u00c4SSIGKEITEN DER MENSCHEN ANGESICHTS DER BITTEN DER HERZEN VON JESUS UND MARIA<\/h2>\t\t\t\t<\/div>\n\t\t\t\t<\/div>\n\t\t\t\t\t<\/div>\n\t\t<\/div>\n\t\t\t\t\t<\/div>\n\t\t<\/section>\n\t\t\t\t<section class=\"elementor-section elementor-top-section elementor-element elementor-element-a678870 elementor-section-boxed elementor-section-height-default elementor-section-height-default\" data-id=\"a678870\" data-element_type=\"section\" data-e-type=\"section\">\n\t\t\t\t\t\t<div class=\"elementor-container elementor-column-gap-default\">\n\t\t\t\t\t<div class=\"elementor-column elementor-col-100 elementor-top-column elementor-element elementor-element-ba5ad3c\" data-id=\"ba5ad3c\" data-element_type=\"column\" data-e-type=\"column\">\n\t\t\t<div class=\"elementor-widget-wrap elementor-element-populated\">\n\t\t\t\t\t\t<div class=\"elementor-element elementor-element-a8c50d6 elementor-widget elementor-widget-heading\" data-id=\"a8c50d6\" data-element_type=\"widget\" data-e-type=\"widget\" data-widget_type=\"heading.default\">\n\t\t\t\t<div class=\"elementor-widget-container\">\n\t\t\t\t\t<h3 class=\"elementor-heading-title elementor-size-default\">1 - 18. Jahrhundert: Die Ablehnung des Rufs des Sacre CoeuR<\/h3>\t\t\t\t<\/div>\n\t\t\t\t<\/div>\n\t\t\t\t\t<\/div>\n\t\t<\/div>\n\t\t\t\t\t<\/div>\n\t\t<\/section>\n\t\t\t\t<section class=\"elementor-section elementor-top-section elementor-element elementor-element-7fb00ac elementor-section-boxed elementor-section-height-default elementor-section-height-default\" data-id=\"7fb00ac\" data-element_type=\"section\" data-e-type=\"section\">\n\t\t\t\t\t\t<div class=\"elementor-container elementor-column-gap-default\">\n\t\t\t\t\t<div class=\"elementor-column elementor-col-50 elementor-top-column elementor-element elementor-element-23654de\" data-id=\"23654de\" data-element_type=\"column\" data-e-type=\"column\">\n\t\t\t<div class=\"elementor-widget-wrap elementor-element-populated\">\n\t\t\t\t\t\t<div class=\"elementor-element elementor-element-26d0115 elementor-widget elementor-widget-text-editor\" data-id=\"26d0115\" data-element_type=\"widget\" data-e-type=\"widget\" data-widget_type=\"text-editor.default\">\n\t\t\t\t<div class=\"elementor-widget-container\">\n\t\t\t\t\t\t\t\t\t<p><span style=\"color: var( --e-global-color-text ); font-family: var( --e-global-typography-18e5089-font-family ), Sans-serif; font-size: var( --e-global-typography-18e5089-font-size ); font-weight: var( --e-global-typography-18e5089-font-weight ); letter-spacing: var( --e-global-typography-18e5089-letter-spacing );\">\u00a0<\/span><\/p><p><span style=\"color: var( --e-global-color-text ); font-family: var( --e-global-typography-18e5089-font-family ), Sans-serif; font-size: var( --e-global-typography-18e5089-font-size ); font-weight: var( --e-global-typography-18e5089-font-weight ); letter-spacing: var( --e-global-typography-18e5089-letter-spacing );\">Les apparitions du Sacr\u00e9-C\u0153ur \u00e0 Paray-le-Monial se sont cl\u00f4tur\u00e9es le 17 juin 1689. Ce jour-l\u00e0, le Christ a r\u00e9v\u00e9l\u00e9 \u00e0 Sainte Marguerite-Marie qu&#8217;il voulait la cons\u00e9cration officielle du Roi de France au Sacr\u00e9-C\u0153ur, et l\u2019apposition de son\u00a0<\/span><span style=\"color: var( --e-global-color-text ); font-family: var( --e-global-typography-18e5089-font-family ), Sans-serif; font-size: var( --e-global-typography-18e5089-font-size ); font-weight: var( --e-global-typography-18e5089-font-weight ); letter-spacing: var( --e-global-typography-18e5089-letter-spacing );\">Herz<\/span><span style=\"color: var( --e-global-color-text ); font-family: var( --e-global-typography-18e5089-font-family ), Sans-serif; font-size: var( --e-global-typography-18e5089-font-size ); font-weight: var( --e-global-typography-18e5089-font-weight ); letter-spacing: var( --e-global-typography-18e5089-letter-spacing );\">\u00a0sur les armes de la France. Ses demandes n&#8217;ont h\u00e9las pas \u00e9t\u00e9 r\u00e9alis\u00e9es et le<\/span><span style=\"color: var( --e-global-color-text ); font-family: var( --e-global-typography-18e5089-font-family ), Sans-serif; font-size: var( --e-global-typography-18e5089-font-size ); font-weight: var( --e-global-typography-18e5089-font-weight ); letter-spacing: var( --e-global-typography-18e5089-letter-spacing );\">\u00a017. Juni 1789, ein Jahrhundert sp\u00e4ter <\/span><u style=\"color: var( --e-global-color-text ); font-family: var( --e-global-typography-18e5089-font-family ), Sans-serif; font-size: var( --e-global-typography-18e5089-font-size ); font-weight: var( --e-global-typography-18e5089-font-weight ); letter-spacing: var( --e-global-typography-18e5089-letter-spacing );\"><b>Tag f\u00fcr Tag<\/b><\/u><span style=\"color: var( --e-global-color-text ); font-family: var( --e-global-typography-18e5089-font-family ), Sans-serif; font-size: var( --e-global-typography-18e5089-font-size ); font-weight: var( --e-global-typography-18e5089-font-weight ); letter-spacing: var( --e-global-typography-18e5089-letter-spacing );\">Die Generalst\u00e4nde traten zusammen, um die k\u00f6nigliche Macht abzuschaffen.\u00a0<\/span><\/p><p><span style=\"color: var( --e-global-color-text ); font-family: var( --e-global-typography-18e5089-font-family ), Sans-serif; font-size: var( --e-global-typography-18e5089-font-size ); font-weight: var( --e-global-typography-18e5089-font-weight ); letter-spacing: var( --e-global-typography-18e5089-letter-spacing );\">\u00a0<\/span><\/p><p><span style=\"color: var( --e-global-color-text ); font-family: var( --e-global-typography-18e5089-font-family ), Sans-serif; font-size: var( --e-global-typography-18e5089-font-size ); font-weight: var( --e-global-typography-18e5089-font-weight ); letter-spacing: var( --e-global-typography-18e5089-letter-spacing );\">Die Franz\u00f6sische Revolution begann und t\u00f6tete Hunderttausende von Bauern, Adligen und Geistlichen. Die gleiche Revolution f\u00fchrte sp\u00e4ter zu den Napoleonischen Kriegen, den Vorboten der Weltkriege. Diese schrecklichen Ver\u00e4nderungen k\u00f6nnen als <\/span><b style=\"color: var( --e-global-color-text ); font-family: var( --e-global-typography-18e5089-font-family ), Sans-serif; font-size: var( --e-global-typography-18e5089-font-size ); letter-spacing: var( --e-global-typography-18e5089-letter-spacing );\">die Folgen der Weigerung, die Forderungen des Sacred Heart umzusetzen.<\/b><\/p>\t\t\t\t\t\t\t\t<\/div>\n\t\t\t\t<\/div>\n\t\t\t\t\t<\/div>\n\t\t<\/div>\n\t\t\t\t<div class=\"elementor-column elementor-col-50 elementor-top-column elementor-element elementor-element-af65bb9\" data-id=\"af65bb9\" data-element_type=\"column\" data-e-type=\"column\">\n\t\t\t<div class=\"elementor-widget-wrap elementor-element-populated\">\n\t\t\t\t\t\t<div class=\"elementor-element elementor-element-f016b1e elementor-widget elementor-widget-image\" data-id=\"f016b1e\" data-element_type=\"widget\" data-e-type=\"widget\" data-widget_type=\"image.default\">\n\t\t\t\t<div class=\"elementor-widget-container\">\n\t\t\t\t\t\t\t\t\t\t\t\t\t\t\t<img fetchpriority=\"high\" decoding=\"async\" width=\"522\" height=\"608\" src=\"https:\/\/salve-corda.org\/wp-content\/uploads\/2021\/07\/revolution.png\" class=\"attachment-large size-large wp-image-788\" alt=\"\" srcset=\"https:\/\/salve-corda.org\/wp-content\/uploads\/2021\/07\/revolution.png 522w, https:\/\/salve-corda.org\/wp-content\/uploads\/2021\/07\/revolution-258x300.png 258w\" sizes=\"(max-width: 522px) 100vw, 522px\" \/>\t\t\t\t\t\t\t\t\t\t\t\t\t\t\t<\/div>\n\t\t\t\t<\/div>\n\t\t\t\t\t<\/div>\n\t\t<\/div>\n\t\t\t\t\t<\/div>\n\t\t<\/section>\n\t\t\t\t<section class=\"elementor-section elementor-top-section elementor-element elementor-element-eacccf8 elementor-section-boxed elementor-section-height-default elementor-section-height-default\" data-id=\"eacccf8\" data-element_type=\"section\" data-e-type=\"section\" data-settings=\"{&quot;background_background&quot;:&quot;classic&quot;}\">\n\t\t\t\t\t\t<div class=\"elementor-container elementor-column-gap-default\">\n\t\t\t\t\t<div class=\"elementor-column elementor-col-100 elementor-top-column elementor-element elementor-element-ecc13fb\" data-id=\"ecc13fb\" data-element_type=\"column\" data-e-type=\"column\">\n\t\t\t<div class=\"elementor-widget-wrap elementor-element-populated\">\n\t\t\t\t\t\t<div class=\"elementor-element elementor-element-304f966 elementor-widget elementor-widget-heading\" data-id=\"304f966\" data-element_type=\"widget\" data-e-type=\"widget\" data-widget_type=\"heading.default\">\n\t\t\t\t<div class=\"elementor-widget-container\">\n\t\t\t\t\t<h3 class=\"elementor-heading-title elementor-size-default\">2 - Die sp\u00e4te Antwort der Menschen \u00fcber 100 Jahre sp\u00e4ter \n<\/h3>\t\t\t\t<\/div>\n\t\t\t\t<\/div>\n\t\t\t\t\t<\/div>\n\t\t<\/div>\n\t\t\t\t\t<\/div>\n\t\t<\/section>\n\t\t\t\t<section class=\"elementor-section elementor-top-section elementor-element elementor-element-b77e2b5 elementor-section-boxed elementor-section-height-default elementor-section-height-default\" data-id=\"b77e2b5\" data-element_type=\"section\" data-e-type=\"section\" data-settings=\"{&quot;background_background&quot;:&quot;classic&quot;}\">\n\t\t\t\t\t\t<div class=\"elementor-container elementor-column-gap-default\">\n\t\t\t\t\t<div class=\"elementor-column elementor-col-50 elementor-top-column elementor-element elementor-element-8abb034\" data-id=\"8abb034\" data-element_type=\"column\" data-e-type=\"column\">\n\t\t\t<div class=\"elementor-widget-wrap elementor-element-populated\">\n\t\t\t\t\t\t<div class=\"elementor-element elementor-element-32bd5ba elementor-widget elementor-widget-image\" data-id=\"32bd5ba\" data-element_type=\"widget\" data-e-type=\"widget\" data-widget_type=\"image.default\">\n\t\t\t\t<div class=\"elementor-widget-container\">\n\t\t\t\t\t\t\t\t\t\t\t\t\t\t\t<img decoding=\"async\" width=\"640\" height=\"601\" src=\"https:\/\/salve-corda.org\/wp-content\/uploads\/2021\/07\/montmartre.png\" class=\"attachment-large size-large wp-image-789\" alt=\"\" srcset=\"https:\/\/salve-corda.org\/wp-content\/uploads\/2021\/07\/montmartre.png 683w, https:\/\/salve-corda.org\/wp-content\/uploads\/2021\/07\/montmartre-300x282.png 300w\" sizes=\"(max-width: 640px) 100vw, 640px\" \/>\t\t\t\t\t\t\t\t\t\t\t\t\t\t\t<\/div>\n\t\t\t\t<\/div>\n\t\t\t\t\t<\/div>\n\t\t<\/div>\n\t\t\t\t<div class=\"elementor-column elementor-col-50 elementor-top-column elementor-element elementor-element-9e54960\" data-id=\"9e54960\" data-element_type=\"column\" data-e-type=\"column\">\n\t\t\t<div class=\"elementor-widget-wrap elementor-element-populated\">\n\t\t\t\t\t\t<div class=\"elementor-element elementor-element-6d6070f elementor-widget elementor-widget-text-editor\" data-id=\"6d6070f\" data-element_type=\"widget\" data-e-type=\"widget\" data-widget_type=\"text-editor.default\">\n\t\t\t\t<div class=\"elementor-widget-container\">\n\t\t\t\t\t\t\t\t\t<p><span style=\"color: var( --e-global-color-text ); font-family: var( --e-global-typography-18e5089-font-family ), Sans-serif; font-size: var( --e-global-typography-18e5089-font-size ); font-weight: var( --e-global-typography-18e5089-font-weight ); letter-spacing: var( --e-global-typography-18e5089-letter-spacing ); background-color: var( --e-global-color-f890547 );\">Nach seiner Absetzung begreift Ludwig XVI. seinen Fehler und den seiner Vorg\u00e4nger. Im Gef\u00e4ngnis (<\/span><span style=\"color: var( --e-global-color-text ); font-family: var( --e-global-typography-18e5089-font-family ), Sans-serif; font-size: var( --e-global-typography-18e5089-font-size ); font-weight: var( --e-global-typography-18e5089-font-weight ); letter-spacing: var( --e-global-typography-18e5089-letter-spacing ); background-color: var( --e-global-color-f890547 );\">Juli 1792)<\/span><span style=\"color: var( --e-global-color-text ); font-family: var( --e-global-typography-18e5089-font-family ), Sans-serif; font-size: var( --e-global-typography-18e5089-font-size ); font-weight: var( --e-global-typography-18e5089-font-weight ); letter-spacing: var( --e-global-typography-18e5089-letter-spacing ); background-color: var( --e-global-color-f890547 );\">\u00a0il fera le v\u0153u d&#8217;ob\u00e9ir au\u00a0<\/span><span style=\"color: var( --e-global-color-text ); font-family: var( --e-global-typography-18e5089-font-family ), Sans-serif; font-size: var( --e-global-typography-18e5089-font-size ); font-weight: var( --e-global-typography-18e5089-font-weight ); letter-spacing: var( --e-global-typography-18e5089-letter-spacing ); background-color: var( --e-global-color-f890547 );\">Sacr\u00e9 Coeur<\/span><span style=\"color: var( --e-global-color-text ); font-family: var( --e-global-typography-18e5089-font-family ), Sans-serif; font-size: var( --e-global-typography-18e5089-font-size ); font-weight: var( --e-global-typography-18e5089-font-weight ); letter-spacing: var( --e-global-typography-18e5089-letter-spacing ); background-color: var( --e-global-color-f890547 );\">\u00a0et de r\u00e9aliser ses demandes s&#8217;il revenait sur le tr\u00f4ne de France.\u00a0<\/span><span style=\"color: var( --e-global-color-text ); font-family: var( --e-global-typography-18e5089-font-family ), Sans-serif; font-size: var( --e-global-typography-18e5089-font-size ); font-weight: var( --e-global-typography-18e5089-font-weight ); letter-spacing: var( --e-global-typography-18e5089-letter-spacing ); background-color: var( --e-global-color-f890547 );\"><span style=\"font-weight: bold;\">Aber es war zu sp\u00e4t<\/span><\/span><span style=\"color: var( --e-global-color-text ); font-family: var( --e-global-typography-18e5089-font-family ), Sans-serif; font-size: var( --e-global-typography-18e5089-font-size ); font-weight: var( --e-global-typography-18e5089-font-weight ); letter-spacing: var( --e-global-typography-18e5089-letter-spacing ); background-color: var( --e-global-color-f890547 );\">\u00a0da er nicht mehr im Besitz der Macht war. Dennoch f\u00fchrte diese Tat zu einer neuen Begeisterung f\u00fcr das Sacr\u00e9-C\u0153ur. Um ein katholisches Frankreich wiederherzustellen, haben die\u00a0<\/span><span style=\"color: var( --e-global-color-text ); font-family: var( --e-global-typography-18e5089-font-family ), Sans-serif; font-size: var( --e-global-typography-18e5089-font-size ); font-weight: var( --e-global-typography-18e5089-font-weight ); letter-spacing: var( --e-global-typography-18e5089-letter-spacing ); background-color: var( --e-global-color-f890547 );\">Vend\u00e9ens erheben sich, indem sie das Abzeichen des Heiligen Herzens auf ihrer Brust tragen.\u00a0<\/span><\/p><p><span style=\"color: var( --e-global-color-text ); font-family: var( --e-global-typography-18e5089-font-family ), Sans-serif; font-size: var( --e-global-typography-18e5089-font-size ); font-weight: var( --e-global-typography-18e5089-font-weight ); letter-spacing: var( --e-global-typography-18e5089-letter-spacing ); background-color: var( --e-global-color-f890547 );\">\u00a0<\/span><\/p><p>\u00a0<\/p><p>Les martyres des guerres de Vend\u00e9e seront la semence de la d\u00e9votion au Sacr\u00e9-C\u0153ur. Au XIX\u00e8me si\u00e8cle cette d\u00e9votion s&#8217;\u00e9tendra partout. D&#8217;innombrables \u00e9glises, vitraux, statues seront \u00e9rig\u00e9es en son honneur. D<span style=\"color: var( --e-global-color-text ); font-family: var( --e-global-typography-18e5089-font-family ), Sans-serif; font-size: var( --e-global-typography-18e5089-font-size ); font-weight: var( --e-global-typography-18e5089-font-weight ); letter-spacing: var( --e-global-typography-18e5089-letter-spacing ); background-color: var( --e-global-color-f890547 );\">ie dem Heiligen Herzen geweihten religi\u00f6sen Orden werden gegr\u00fcndet<\/span><span style=\"color: var( --e-global-color-text ); font-family: var( --e-global-typography-18e5089-font-family ), Sans-serif; font-size: var( --e-global-typography-18e5089-font-size ); font-weight: var( --e-global-typography-18e5089-font-weight ); letter-spacing: var( --e-global-typography-18e5089-letter-spacing ); background-color: var( --e-global-color-f890547 );\">\u00a0und werden durch die ganze Welt reisen. Papst Pius IX. wird das Herz-Jesu-Fest auf die ganze Kirche ausdehnen und Frankreich wird seine Basilika in Paris bauen.\u00a0<\/span><\/p><p><span style=\"color: var( --e-global-color-text ); font-family: var( --e-global-typography-18e5089-font-family ), Sans-serif; font-size: var( --e-global-typography-18e5089-font-size ); font-weight: var( --e-global-typography-18e5089-font-weight ); letter-spacing: var( --e-global-typography-18e5089-letter-spacing ); background-color: var( --e-global-color-f890547 );\">Dann wird uns Christus angesichts einer solchen Wiedergutmachung eine zweite Chance zur Rettung schicken: <\/span><b style=\"color: var( --e-global-color-text ); font-family: var( --e-global-typography-18e5089-font-family ), Sans-serif; font-size: var( --e-global-typography-18e5089-font-size ); letter-spacing: var( --e-global-typography-18e5089-letter-spacing ); background-color: var( --e-global-color-f890547 );\">seine Mutter.<\/b><\/p>\t\t\t\t\t\t\t\t<\/div>\n\t\t\t\t<\/div>\n\t\t\t\t\t<\/div>\n\t\t<\/div>\n\t\t\t\t\t<\/div>\n\t\t<\/section>\n\t\t\t\t<section class=\"elementor-section elementor-top-section elementor-element elementor-element-e857d31 elementor-section-boxed elementor-section-height-default elementor-section-height-default\" data-id=\"e857d31\" data-element_type=\"section\" data-e-type=\"section\">\n\t\t\t\t\t\t<div class=\"elementor-container elementor-column-gap-default\">\n\t\t\t\t\t<div class=\"elementor-column elementor-col-100 elementor-top-column elementor-element elementor-element-57144c4\" data-id=\"57144c4\" data-element_type=\"column\" data-e-type=\"column\">\n\t\t\t<div class=\"elementor-widget-wrap elementor-element-populated\">\n\t\t\t\t\t\t<div class=\"elementor-element elementor-element-cfee38e elementor-widget elementor-widget-heading\" data-id=\"cfee38e\" data-element_type=\"widget\" data-e-type=\"widget\" data-widget_type=\"heading.default\">\n\t\t\t\t<div class=\"elementor-widget-container\">\n\t\t\t\t\t<h3 class=\"elementor-heading-title elementor-size-default\">3 - Der Ruf des Unbefleckten Herzens Marias und die 2. Ablehnung der M\u00e4nner<\/h3>\t\t\t\t<\/div>\n\t\t\t\t<\/div>\n\t\t\t\t<div class=\"elementor-element elementor-element-b5de845 elementor-widget elementor-widget-text-editor\" data-id=\"b5de845\" data-element_type=\"widget\" data-e-type=\"widget\" data-widget_type=\"text-editor.default\">\n\t\t\t\t<div class=\"elementor-widget-container\">\n\t\t\t\t\t\t\t\t\t<p style=\"text-align: left;\">In der zweiten H\u00e4lfte des 19. Jahrhunderts beginnt eine Reihe von Marienerscheinungen, die in der Weltgeschichte aufgrund ihrer Dichte und der Tragweite der Botschaften einzigartig ist: Rue du Bac, Lourdes, La Salette, Pellevoisin (alle von der Kirche anerkannt). Dieser Zyklus wird gekr\u00f6nt durch <b>Fatima und die Hingabe an den\u00a0<\/b><span style=\"color: var( --e-global-color-text ); font-family: var( --e-global-typography-18e5089-font-family ), Sans-serif; font-size: var( --e-global-typography-18e5089-font-size ); letter-spacing: var( --e-global-typography-18e5089-letter-spacing ); text-align: justify;\"><b>Herz<\/b><\/span><b style=\"color: var( --e-global-color-text ); font-family: var( --e-global-typography-18e5089-font-family ), Sans-serif; font-size: var( --e-global-typography-18e5089-font-size ); letter-spacing: var( --e-global-typography-18e5089-letter-spacing );\">\u00a0Unbefleckte Empf\u00e4ngnis Marias.<\/b><span style=\"color: var( --e-global-color-text ); font-family: var( --e-global-typography-18e5089-font-family ), Sans-serif; font-size: var( --e-global-typography-18e5089-font-size ); font-weight: var( --e-global-typography-18e5089-font-weight ); letter-spacing: var( --e-global-typography-18e5089-letter-spacing );\">\u00a0Wie der\u00a0<\/span><span style=\"color: var( --e-global-color-text ); font-family: var( --e-global-typography-18e5089-font-family ), Sans-serif; font-size: var( --e-global-typography-18e5089-font-size ); font-weight: var( --e-global-typography-18e5089-font-weight ); letter-spacing: var( --e-global-typography-18e5089-letter-spacing ); text-align: justify;\">Sacr\u00e9 Coeur<\/span><span style=\"color: var( --e-global-color-text ); font-family: var( --e-global-typography-18e5089-font-family ), Sans-serif; font-size: var( --e-global-typography-18e5089-font-size ); font-weight: var( --e-global-typography-18e5089-font-weight ); letter-spacing: var( --e-global-typography-18e5089-letter-spacing );\">In dieser Zeit wird die Heilige Jungfrau Bitten stellen, um die Ausbreitung des B\u00f6sen auf der Erde aufzuhalten und die Seelen der S\u00fcnder vor der H\u00f6lle zu retten. Diese Bitten werden an die Gl\u00e4ubigen und den Papst gerichtet.<\/span><\/p><p style=\"text-align: left;\"><span style=\"color: var( --e-global-color-text ); font-family: var( --e-global-typography-18e5089-font-family ), Sans-serif; font-size: var( --e-global-typography-18e5089-font-size ); font-weight: var( --e-global-typography-18e5089-font-weight ); letter-spacing: var( --e-global-typography-18e5089-letter-spacing );\">\u00a0<\/span><\/p><p style=\"text-align: left;\"><span style=\"color: #6288c6;\"><em>\"Wenn wir tun, was ich Ihnen jetzt sage, werden viele Seelen gerettet und wir werden Frieden haben.\"<\/em><\/span><\/p><p style=\"text-align: left;\"><span style=\"color: #6288c6;\"><em>\u00a0<\/em><\/span><\/p><p style=\"text-align: left;\"><span style=\"color: #6288c6;\"><em>\"Um dies (Kriege und Verfolgung, Anm. d. Red.) zu verhindern, werde ich kommen und um die <u>Weihe Russlands an meinen <\/u><u>Herz<\/u><u> Unbefleckt<\/u> (durch den Papst und die Bisch\u00f6fe ndlr) und <u>die ausgleichende Kommunion an den ersten Samstagen des Monats<\/u>. <i>\"<\/i><\/em><\/span><\/p><p style=\"text-align: left;\"><span style=\"color: #6288c6;\"><em><i>\u00a0<\/i><\/em><\/span><\/p><p style=\"text-align: left;\"><span style=\"color: #6288c6;\">\"<\/span><i style=\"color: #6288c6;\">\u00a0Von der Praxis der ersten Samstage des Monats und der Weihe (Russlands, Anm. d. Red.) h\u00e4ngt Krieg oder Frieden ab.\"<\/i><span style=\"color: #6288c6;\"><em><i><br \/><\/i><\/em><\/span><\/p><p style=\"text-align: left;\">\u00a0<\/p>\t\t\t\t\t\t\t\t<\/div>\n\t\t\t\t<\/div>\n\t\t\t\t\t<\/div>\n\t\t<\/div>\n\t\t\t\t\t<\/div>\n\t\t<\/section>\n\t\t\t\t<section class=\"elementor-section elementor-top-section elementor-element elementor-element-a504fa0 elementor-section-boxed elementor-section-height-default elementor-section-height-default\" data-id=\"a504fa0\" data-element_type=\"section\" data-e-type=\"section\">\n\t\t\t\t\t\t<div class=\"elementor-container elementor-column-gap-default\">\n\t\t\t\t\t<div class=\"elementor-column elementor-col-50 elementor-top-column elementor-element elementor-element-f224d4b\" data-id=\"f224d4b\" data-element_type=\"column\" data-e-type=\"column\">\n\t\t\t<div class=\"elementor-widget-wrap elementor-element-populated\">\n\t\t\t\t\t\t<div class=\"elementor-element elementor-element-329f799 elementor-widget elementor-widget-text-editor\" data-id=\"329f799\" data-element_type=\"widget\" data-e-type=\"widget\" data-widget_type=\"text-editor.default\">\n\t\t\t\t<div class=\"elementor-widget-container\">\n\t\t\t\t\t\t\t\t\t<p style=\"text-align: left;\">Pour la deuxi\u00e8me fois les fid\u00e8les se d\u00e9sint\u00e9resseront de ces demandes et n&#8217;appliqueront pas <b>der Nachfrage an den ersten Samstagen des Monats.<\/b>\u00a0Quant au Pape Pie XI, \u00e0 l&#8217;instar de Louis XIV, il ne r\u00e9alisera pas les demandes de Fatima.\u00a0<\/p><p style=\"text-align: left;\">Im Jahr 1931 erschien Schwester Lucia Christus und dann die Heilige Jungfrau.\u00a0<span style=\"font-weight: bold;\">zweimal\u00a0<\/span>\u00a0die \u00c4hnlichkeit der Situation :<\/p><p>\u00a0<\/p><p style=\"text-align: left;\"><em><span style=\"color: #6288c6;\">\"Lass meine Minister (den Papst und die Bisch\u00f6fe, Anm. d. Red.) wissen, da sie dem Beispiel des K\u00f6nigs von Frankreich folgen, indem sie die Erf\u00fcllung meiner Bitte verz\u00f6gern, dass sie ihm ins Ungl\u00fcck folgen werden.\"<\/span><\/em><\/p><p style=\"text-align: right;\"><i>Christus Fr\u00fchling 1931 in\u00a0<\/i><i>Rianjo<\/i><\/p><p>\u00a0<\/p><p style=\"text-align: left;\"><em><span style=\"color: #6288c6;\">\u00a0<\/span><\/em><em><span style=\"color: #6288c6;\">\" Sie wollten meine Bitte nicht h\u00f6ren! Wie der K\u00f6nig von Frankreich werden sie es bereuen\".\u00a0<\/span><\/em><\/p><p style=\"text-align: left;\"><i>Die Heilige Jungfrau in\u00a0<\/i><i>Rianjo<\/i><i>\u00a0Sommer\u00a0<\/i><i>1931<\/i><\/p><p style=\"text-align: left;\"><i>\u00a0<\/i><\/p><p>Papst Pius XI. starb im Februar 1939, und der Zweite Weltkrieg begann einige Monate sp\u00e4ter.<\/p>\t\t\t\t\t\t\t\t<\/div>\n\t\t\t\t<\/div>\n\t\t\t\t\t<\/div>\n\t\t<\/div>\n\t\t\t\t<div class=\"elementor-column elementor-col-50 elementor-top-column elementor-element elementor-element-0e78288\" data-id=\"0e78288\" data-element_type=\"column\" data-e-type=\"column\">\n\t\t\t<div class=\"elementor-widget-wrap elementor-element-populated\">\n\t\t\t\t\t\t<div class=\"elementor-element elementor-element-317d15e elementor-widget elementor-widget-image\" data-id=\"317d15e\" data-element_type=\"widget\" data-e-type=\"widget\" data-widget_type=\"image.default\">\n\t\t\t\t<div class=\"elementor-widget-container\">\n\t\t\t\t\t\t\t\t\t\t\t\t\t\t\t<img decoding=\"async\" width=\"640\" height=\"426\" src=\"https:\/\/salve-corda.org\/wp-content\/uploads\/2021\/07\/guerre-1.png\" class=\"attachment-large size-large wp-image-791\" alt=\"\" srcset=\"https:\/\/salve-corda.org\/wp-content\/uploads\/2021\/07\/guerre-1.png 675w, https:\/\/salve-corda.org\/wp-content\/uploads\/2021\/07\/guerre-1-300x200.png 300w\" sizes=\"(max-width: 640px) 100vw, 640px\" \/>\t\t\t\t\t\t\t\t\t\t\t\t\t\t\t<\/div>\n\t\t\t\t<\/div>\n\t\t\t\t\t<\/div>\n\t\t<\/div>\n\t\t\t\t\t<\/div>\n\t\t<\/section>\n\t\t\t\t<section class=\"elementor-section elementor-top-section elementor-element elementor-element-9c65dc7 elementor-section-boxed elementor-section-height-default elementor-section-height-default\" data-id=\"9c65dc7\" data-element_type=\"section\" data-e-type=\"section\" data-settings=\"{&quot;background_background&quot;:&quot;classic&quot;}\">\n\t\t\t\t\t\t<div class=\"elementor-container elementor-column-gap-default\">\n\t\t\t\t\t<div class=\"elementor-column elementor-col-100 elementor-top-column elementor-element elementor-element-8715cad\" data-id=\"8715cad\" data-element_type=\"column\" data-e-type=\"column\">\n\t\t\t<div class=\"elementor-widget-wrap elementor-element-populated\">\n\t\t\t\t\t\t<div class=\"elementor-element elementor-element-92c6191 elementor-widget elementor-widget-heading\" data-id=\"92c6191\" data-element_type=\"widget\" data-e-type=\"widget\" data-widget_type=\"heading.default\">\n\t\t\t\t<div class=\"elementor-widget-container\">\n\t\t\t\t\t<h3 class=\"elementor-heading-title elementor-size-default\">4 - KONSEQUENZEN DER VERWEIGERUNG IM 20. JAHRHUNDERT : Kriege und Totalitarismus <span style=\"color: var( --e-global-color-d0f9407 );font-family: var( --e-global-typography-de41d25-font-family ), Sans-serif;font-size: var( --e-global-typography-de41d25-font-size );font-weight: var( --e-global-typography-de41d25-font-weight );letter-spacing: var( --e-global-typography-de41d25-letter-spacing );text-transform: var( --e-global-typography-de41d25-text-transform );background-color: var( --e-global-color-f890547 )\"><\/span><br><\/h3>\t\t\t\t<\/div>\n\t\t\t\t<\/div>\n\t\t\t\t\t<\/div>\n\t\t<\/div>\n\t\t\t\t\t<\/div>\n\t\t<\/section>\n\t\t\t\t<section class=\"elementor-section elementor-top-section elementor-element elementor-element-4604821 elementor-section-boxed elementor-section-height-default elementor-section-height-default\" data-id=\"4604821\" data-element_type=\"section\" data-e-type=\"section\" data-settings=\"{&quot;background_background&quot;:&quot;classic&quot;}\">\n\t\t\t\t\t\t<div class=\"elementor-container elementor-column-gap-default\">\n\t\t\t\t\t<div class=\"elementor-column elementor-col-100 elementor-top-column elementor-element elementor-element-2356761\" data-id=\"2356761\" data-element_type=\"column\" data-e-type=\"column\">\n\t\t\t<div class=\"elementor-widget-wrap elementor-element-populated\">\n\t\t\t\t\t\t<div class=\"elementor-element elementor-element-57755d0 elementor-widget elementor-widget-text-editor\" data-id=\"57755d0\" data-element_type=\"widget\" data-e-type=\"widget\" data-widget_type=\"text-editor.default\">\n\t\t\t\t<div class=\"elementor-widget-container\">\n\t\t\t\t\t\t\t\t\t<p><span style=\"text-align: left;\">Malheureusement, les demandes de la Sainte Vierge n\u2019ont pas \u00e9t\u00e9 suivies au XX\u00e8me si\u00e8cle, la deuxi\u00e8me guerre mondiale a \u00e9clat\u00e9, et les dictateurs meurtriers n&#8217;ont cess\u00e9 leurs massacres et pers\u00e9cutions. Hitler, Staline, Pol Pot, Mao, etc.<\/span><br><\/p>\t\t\t\t\t\t\t\t<\/div>\n\t\t\t\t<\/div>\n\t\t\t\t\t<\/div>\n\t\t<\/div>\n\t\t\t\t\t<\/div>\n\t\t<\/section>\n\t\t\t\t<section class=\"elementor-section elementor-top-section elementor-element elementor-element-16b8a50 elementor-section-boxed elementor-section-height-default elementor-section-height-default\" data-id=\"16b8a50\" data-element_type=\"section\" data-e-type=\"section\" data-settings=\"{&quot;background_background&quot;:&quot;classic&quot;}\">\n\t\t\t\t\t\t<div class=\"elementor-container elementor-column-gap-default\">\n\t\t\t\t\t<div class=\"elementor-column elementor-col-50 elementor-top-column elementor-element elementor-element-7124357\" data-id=\"7124357\" data-element_type=\"column\" data-e-type=\"column\">\n\t\t\t<div class=\"elementor-widget-wrap elementor-element-populated\">\n\t\t\t\t\t\t<div class=\"elementor-element elementor-element-2244639 elementor-widget elementor-widget-image\" data-id=\"2244639\" data-element_type=\"widget\" data-e-type=\"widget\" data-widget_type=\"image.default\">\n\t\t\t\t<div class=\"elementor-widget-container\">\n\t\t\t\t\t\t\t\t\t\t\t\t\t\t\t<img loading=\"lazy\" decoding=\"async\" width=\"640\" height=\"273\" src=\"https:\/\/salve-corda.org\/wp-content\/uploads\/2021\/07\/mur-de-berlin-768x327.png\" class=\"attachment-medium_large size-medium_large wp-image-795\" alt=\"\" srcset=\"https:\/\/salve-corda.org\/wp-content\/uploads\/2021\/07\/mur-de-berlin-768x327.png 768w, https:\/\/salve-corda.org\/wp-content\/uploads\/2021\/07\/mur-de-berlin-300x128.png 300w, https:\/\/salve-corda.org\/wp-content\/uploads\/2021\/07\/mur-de-berlin-1024x436.png 1024w, https:\/\/salve-corda.org\/wp-content\/uploads\/2021\/07\/mur-de-berlin.png 1418w\" sizes=\"(max-width: 640px) 100vw, 640px\" \/>\t\t\t\t\t\t\t\t\t\t\t\t\t\t\t<\/div>\n\t\t\t\t<\/div>\n\t\t\t\t\t<\/div>\n\t\t<\/div>\n\t\t\t\t<div class=\"elementor-column elementor-col-50 elementor-top-column elementor-element elementor-element-5ffaac7\" data-id=\"5ffaac7\" data-element_type=\"column\" data-e-type=\"column\">\n\t\t\t<div class=\"elementor-widget-wrap elementor-element-populated\">\n\t\t\t\t\t\t<div class=\"elementor-element elementor-element-576ecfd elementor-widget elementor-widget-text-editor\" data-id=\"576ecfd\" data-element_type=\"widget\" data-e-type=\"widget\" data-widget_type=\"text-editor.default\">\n\t\t\t\t<div class=\"elementor-widget-container\">\n\t\t\t\t\t\t\t\t\t<p><span style=\"color: var( --e-global-color-text ); font-family: var( --e-global-typography-text-font-family ), Sans-serif; font-size: var( --e-global-typography-text-font-size ); font-weight: var( --e-global-typography-text-font-weight ); background-color: var( --e-global-color-f890547 );\">Nichtsdestotrotz werden die P\u00e4pste Pius XII. und Johannes Paul II. einen ersten Schritt tun und die Welt dem <\/span><span style=\"color: var( --e-global-color-text ); font-family: var( --e-global-typography-18e5089-font-family ), Sans-serif; font-size: var( --e-global-typography-18e5089-font-size ); font-weight: var( --e-global-typography-18e5089-font-weight ); letter-spacing: var( --e-global-typography-18e5089-letter-spacing ); background-color: var( --e-global-color-f890547 );\">Unbeflecktes Herz Mariens am 31. Oktober 1942 bzw. am 25. M\u00e4rz 1984. <\/span><span style=\"color: var( --e-global-color-text ); font-family: var( --e-global-typography-18e5089-font-family ), Sans-serif; font-size: var( --e-global-typography-18e5089-font-size ); font-weight: var( --e-global-typography-18e5089-font-weight ); letter-spacing: var( --e-global-typography-18e5089-letter-spacing ); background-color: var( --e-global-color-f890547 );\">Diese Weihen entsprachen jedoch nicht der genauen Bitte der Heiligen Jungfrau, n\u00e4mlich mit allen Bisch\u00f6fen der Welt Russland ihrem Unbefleckten Herzen zu weihen. <\/span><span style=\"color: var( --e-global-color-text ); font-family: var( --e-global-typography-18e5089-font-family ), Sans-serif; font-size: var( --e-global-typography-18e5089-font-size ); font-weight: var( --e-global-typography-text-font-weight ); letter-spacing: var( --e-global-typography-18e5089-letter-spacing ); background-color: var( --e-global-color-f890547 );\"><b>und die Verehrung der ersten Samstage in der Kirche formalisieren<\/b><\/span><span style=\"color: var( --e-global-color-text ); font-family: var( --e-global-typography-18e5089-font-family ), Sans-serif; font-size: var( --e-global-typography-18e5089-font-size ); font-weight: var( --e-global-typography-18e5089-font-weight ); letter-spacing: var( --e-global-typography-18e5089-letter-spacing ); background-color: var( --e-global-color-f890547 );\"> des Monats.<\/span><\/p><p><span style=\"color: var( --e-global-color-text ); font-family: var( --e-global-typography-18e5089-font-family ), Sans-serif; font-size: var( --e-global-typography-18e5089-font-size ); font-weight: var( --e-global-typography-18e5089-font-weight ); letter-spacing: var( --e-global-typography-18e5089-letter-spacing ); background-color: var( --e-global-color-f890547 );\">\u00a0<\/span><\/p><p><span style=\"background-color: var( --e-global-color-f890547 ); color: var( --e-global-color-text ); font-family: var( --e-global-typography-18e5089-font-family ), Sans-serif; font-size: var( --e-global-typography-18e5089-font-size ); font-weight: var( --e-global-typography-18e5089-font-weight ); letter-spacing: var( --e-global-typography-18e5089-letter-spacing );\">F\u00fcr diese Teilhandlung erhalten sie vom Himmel dennoch <\/span><span style=\"background-color: var( --e-global-color-f890547 ); color: var( --e-global-color-text ); font-family: var( --e-global-typography-18e5089-font-family ), Sans-serif; font-size: var( --e-global-typography-18e5089-font-size ); letter-spacing: var( --e-global-typography-18e5089-letter-spacing );\"><b>tempor\u00e4re Effekte <\/b><\/span><span style=\"background-color: var( --e-global-color-f890547 ); color: var( --e-global-color-text ); font-family: var( --e-global-typography-18e5089-font-family ), Sans-serif; font-size: var( --e-global-typography-18e5089-font-size ); font-weight: var( --e-global-typography-18e5089-font-weight ); letter-spacing: var( --e-global-typography-18e5089-letter-spacing );\">(das Ende des Zweiten Weltkriegs und der Fall der Berliner Mauer), ohne jedoch die Bekehrung der Welt oder die versprochene Zeit des Friedens zu erreichen.\u00a0\u00a0<\/span><\/p><p style=\"text-align: justify; background-color: #f6f4f5;\">\u00a0<\/p><p style=\"text-align: justify; background-color: #f6f4f5;\">\u00a0<\/p>\t\t\t\t\t\t\t\t<\/div>\n\t\t\t\t<\/div>\n\t\t\t\t\t<\/div>\n\t\t<\/div>\n\t\t\t\t\t<\/div>\n\t\t<\/section>\n\t\t\t\t<section class=\"elementor-section elementor-top-section elementor-element elementor-element-b4b34e4 elementor-section-boxed elementor-section-height-default elementor-section-height-default\" data-id=\"b4b34e4\" data-element_type=\"section\" data-e-type=\"section\">\n\t\t\t\t\t\t<div class=\"elementor-container elementor-column-gap-default\">\n\t\t\t\t\t<div class=\"elementor-column elementor-col-100 elementor-top-column elementor-element elementor-element-290efbc\" data-id=\"290efbc\" data-element_type=\"column\" data-e-type=\"column\">\n\t\t\t<div class=\"elementor-widget-wrap elementor-element-populated\">\n\t\t\t\t\t\t<div class=\"elementor-element elementor-element-49603da elementor-widget elementor-widget-heading\" data-id=\"49603da\" data-element_type=\"widget\" data-e-type=\"widget\" data-widget_type=\"heading.default\">\n\t\t\t\t<div class=\"elementor-widget-container\">\n\t\t\t\t\t<h3 class=\"elementor-heading-title elementor-size-default\">5 - KONSEQUENZEN der Ablehnung im 21. Jahrhundert: auf dem Weg zu einem noch schlimmeren globalen Totalitarismus<\/h3>\t\t\t\t<\/div>\n\t\t\t\t<\/div>\n\t\t\t\t<div class=\"elementor-element elementor-element-35c1cca elementor-widget elementor-widget-text-editor\" data-id=\"35c1cca\" data-element_type=\"widget\" data-e-type=\"widget\" data-widget_type=\"text-editor.default\">\n\t\t\t\t<div class=\"elementor-widget-container\">\n\t\t\t\t\t\t\t\t\t<p>Apr\u00e8s Jean Paul 2,&nbsp; l&#8217;Eglise continuera d&#8217;agir et le 13 mai 2010, le Pape Benoit XVI rappellera lors de sa visite \u00e0 Fatima :<\/p>\n<p><em style=\"color: var( --e-global-color-text ); font-family: var( --e-global-typography-18e5089-font-family ), Sans-serif; font-size: var( --e-global-typography-18e5089-font-size ); font-weight: var( --e-global-typography-18e5089-font-weight ); letter-spacing: var( --e-global-typography-18e5089-letter-spacing ); word-spacing: var( --e-global-typography-18e5089-word-spacing );\"><span style=\"color: #0000ff;\">&#8220;Celui&nbsp; qui penserait que la mission proph\u00e9tique de Fatima est achev\u00e9e se tromperait.&#8221;<\/span><\/em><\/p>\n<p><span style=\"color: var( --e-global-color-text ); font-family: var( --e-global-typography-18e5089-font-family ), Sans-serif; font-size: var( --e-global-typography-18e5089-font-size ); font-weight: var( --e-global-typography-18e5089-font-weight ); letter-spacing: var( --e-global-typography-18e5089-letter-spacing ); word-spacing: var( --e-global-typography-18e5089-word-spacing );\">Il indique ainsi clairement que nous sommes toujours et m\u00eame plus encore dans le \u201ctemps de Fatima\u201c et qu&#8217;il est plus que jamais important de suivre les demandes de Notre Dame fa\u00eetes \u00e0 Fatima, en particulier les 1er samedi du mois.<\/span><\/p>\n<p><span style=\"color: var( --e-global-color-text ); font-family: var( --e-global-typography-18e5089-font-family ), Sans-serif; font-size: var( --e-global-typography-18e5089-font-size ); font-weight: var( --e-global-typography-18e5089-font-weight ); letter-spacing: var( --e-global-typography-18e5089-letter-spacing ); word-spacing: var( --e-global-typography-18e5089-word-spacing );\">&nbsp;<\/span><\/p>\n<p><span style=\"color: var( --e-global-color-text ); font-family: var( --e-global-typography-18e5089-font-family ), Sans-serif; font-size: var( --e-global-typography-18e5089-font-size ); font-weight: var( --e-global-typography-18e5089-font-weight ); letter-spacing: var( --e-global-typography-18e5089-letter-spacing ); word-spacing: var( --e-global-typography-18e5089-word-spacing );\">Die&nbsp;<\/span><span style=\"color: var( --e-global-color-text ); font-family: var( --e-global-typography-18e5089-font-family ), Sans-serif; font-size: var( --e-global-typography-18e5089-font-size ); font-weight: var( --e-global-typography-18e5089-font-weight ); letter-spacing: var( --e-global-typography-18e5089-letter-spacing ); word-spacing: var( --e-global-typography-18e5089-word-spacing );\">25 mars 2022, dans cette m\u00eame logique, le pape Fran\u00e7ois continuera \u00e0 souligner l&#8217;importance de Fatima et consacrera <i>\u201cl&#8217;Eglise et l&#8217;humanit\u00e9 toute enti\u00e8re, en particulier la Russie et l&#8217;Ukraine\u201c <\/i>au Coeur Immacul\u00e9 de Marie. La Russie est mentionn\u00e9e pour la premi\u00e8re fois explicitement et cela montre l&#8217;importance de Fatima pour l&#8217;Eglise et le monde. Mais <strong>les 1er samedis du mois ne sont toujours pas mentionn\u00e9s et l&#8217;intervention de Notre Dame ne peut avoir lieu.<\/strong><\/span><\/p>\n<p><span style=\"color: var( --e-global-color-text ); font-family: var( --e-global-typography-18e5089-font-family ), Sans-serif; font-size: var( --e-global-typography-18e5089-font-size ); font-weight: var( --e-global-typography-18e5089-font-weight ); letter-spacing: var( --e-global-typography-18e5089-letter-spacing ); word-spacing: var( --e-global-typography-18e5089-word-spacing );\">&nbsp;<\/span><\/p>\n<p>Le temps passe et malheureusement, il n&#8217;y a toujours aucune action majeure de l&#8217;Eglise concernant cette deuxi\u00e8me demande de la Sainte Vierge n\u00e9cessaire pour obtenir la paix : <b>la reconnaissance officielle par le Pape dans toute l&#8217;Eglise de la d\u00e9votion r\u00e9paratrice des \u201c1er samedi du mois\u201c.&nbsp;&nbsp;<\/b><\/p>\n<p><b>&nbsp;<\/b><\/p>\n<p>Les \u00e9v\u00e9nements graves continuent de s&#8217;accumuler et la guerre menace.&nbsp;<\/p><p><br><\/p><p>L&#8217;anniversaire des 100 ans de la demande par Notre Dame des premiers samedis du mois intervient en 2025&nbsp; (<b>10. Dezember 2025<\/b>).<\/p><p><br><\/p>\n<p>In diesem Jubil\u00e4umsjahr der 100 Jahre der 1. Samstage des Monats, mehr als je zuvor lassen Sie uns an diesen 1. Samstagen des Monats handeln und verwirklichen.&nbsp;<\/p><p>Comme dit Sainte Jacinthe voyante de Fatima: &#8220;<em style=\"color: var( --e-global-color-text ); font-family: var( --e-global-typography-18e5089-font-family ), Sans-serif; font-size: var( --e-global-typography-18e5089-font-size ); font-weight: var( --e-global-typography-18e5089-font-weight ); letter-spacing: var( --e-global-typography-18e5089-letter-spacing ); word-spacing: var( --e-global-typography-18e5089-word-spacing );\"><span style=\"color: #0000ff;\">&#8220;Il n&#8217;est jamais trop tard pour recourir aux Coeurs de J\u00e9sus et Marie.<\/span><\/em><\/p>\t\t\t\t\t\t\t\t<\/div>\n\t\t\t\t<\/div>\n\t\t\t\t\t<\/div>\n\t\t<\/div>\n\t\t\t\t\t<\/div>\n\t\t<\/section>\n\t\t\t\t<\/div>","protected":false},"excerpt":{"rendered":"<p>LES NEGLIGENCES DES HOMMES FACE AUX DEMANDES DES COEURS DE JESUS ET MARIE 1 &#8211; XVIII \u00e8me si\u00e8cle : le refus face \u00e0 l&#8217;appel du sacre-coeuR \u00a0 Les apparitions du Sacr\u00e9-C\u0153ur \u00e0 Paray-le-Monial [&hellip;]<\/p>","protected":false},"author":1,"featured_media":0,"parent":0,"menu_order":0,"comment_status":"closed","ping_status":"closed","template":"elementor_header_footer","meta":{"footnotes":""},"class_list":["post-444","page","type-page","status-publish","hentry"],"_links":{"self":[{"href":"https:\/\/salve-corda.org\/de\/wp-json\/wp\/v2\/pages\/444","targetHints":{"allow":["GET"]}}],"collection":[{"href":"https:\/\/salve-corda.org\/de\/wp-json\/wp\/v2\/pages"}],"about":[{"href":"https:\/\/salve-corda.org\/de\/wp-json\/wp\/v2\/types\/page"}],"author":[{"embeddable":true,"href":"https:\/\/salve-corda.org\/de\/wp-json\/wp\/v2\/users\/1"}],"replies":[{"embeddable":true,"href":"https:\/\/salve-corda.org\/de\/wp-json\/wp\/v2\/comments?post=444"}],"version-history":[{"count":202,"href":"https:\/\/salve-corda.org\/de\/wp-json\/wp\/v2\/pages\/444\/revisions"}],"predecessor-version":[{"id":17321,"href":"https:\/\/salve-corda.org\/de\/wp-json\/wp\/v2\/pages\/444\/revisions\/17321"}],"wp:attachment":[{"href":"https:\/\/salve-corda.org\/de\/wp-json\/wp\/v2\/media?parent=444"}],"curies":[{"name":"wp","href":"https:\/\/api.w.org\/{rel}","templated":true}]}}