{"id":449,"date":"2020-09-25T14:57:37","date_gmt":"2020-09-25T12:57:37","guid":{"rendered":"https:\/\/salve-corda.org\/?page_id=449"},"modified":"2022-12-11T23:58:50","modified_gmt":"2022-12-11T22:58:50","slug":"comment-agir-maintenant","status":"publish","type":"page","link":"https:\/\/salve-corda.org\/de\/comment-agir-maintenant\/","title":{"rendered":"Comment agir maintenant"},"content":{"rendered":"<div data-elementor-type=\"wp-page\" data-elementor-id=\"449\" class=\"elementor elementor-449\">\n\t\t\t\t\t\t<section class=\"elementor-section elementor-top-section elementor-element elementor-element-9a41dd0 elementor-section-boxed elementor-section-height-default elementor-section-height-default\" data-id=\"9a41dd0\" data-element_type=\"section\" data-e-type=\"section\">\n\t\t\t\t\t\t<div class=\"elementor-container elementor-column-gap-default\">\n\t\t\t\t\t<div class=\"elementor-column elementor-col-100 elementor-top-column elementor-element elementor-element-be58dc3\" data-id=\"be58dc3\" data-element_type=\"column\" data-e-type=\"column\">\n\t\t\t<div class=\"elementor-widget-wrap elementor-element-populated\">\n\t\t\t\t\t\t<div class=\"elementor-element elementor-element-95c2412 elementor-widget elementor-widget-spacer\" data-id=\"95c2412\" data-element_type=\"widget\" data-e-type=\"widget\" data-widget_type=\"spacer.default\">\n\t\t\t\t<div class=\"elementor-widget-container\">\n\t\t\t\t\t\t\t<div class=\"elementor-spacer\">\n\t\t\t<div class=\"elementor-spacer-inner\"><\/div>\n\t\t<\/div>\n\t\t\t\t\t\t<\/div>\n\t\t\t\t<\/div>\n\t\t\t\t\t<\/div>\n\t\t<\/div>\n\t\t\t\t\t<\/div>\n\t\t<\/section>\n\t\t\t\t<section class=\"elementor-section elementor-top-section elementor-element elementor-element-dc6765a elementor-section-boxed elementor-section-height-default elementor-section-height-default\" data-id=\"dc6765a\" data-element_type=\"section\" data-e-type=\"section\">\n\t\t\t\t\t\t<div class=\"elementor-container elementor-column-gap-default\">\n\t\t\t\t\t<div class=\"elementor-column elementor-col-100 elementor-top-column elementor-element elementor-element-b82fa5e\" data-id=\"b82fa5e\" data-element_type=\"column\" data-e-type=\"column\">\n\t\t\t<div class=\"elementor-widget-wrap elementor-element-populated\">\n\t\t\t\t\t\t<div class=\"elementor-element elementor-element-9cf5b7f elementor-widget elementor-widget-heading\" data-id=\"9cf5b7f\" data-element_type=\"widget\" data-e-type=\"widget\" data-widget_type=\"heading.default\">\n\t\t\t\t<div class=\"elementor-widget-container\">\n\t\t\t\t\t<h2 class=\"elementor-heading-title elementor-size-default\">Wie Sie jetzt handeln k\u00f6nnen<\/h2>\t\t\t\t<\/div>\n\t\t\t\t<\/div>\n\t\t\t\t\t<\/div>\n\t\t<\/div>\n\t\t\t\t\t<\/div>\n\t\t<\/section>\n\t\t\t\t<section class=\"elementor-section elementor-top-section elementor-element elementor-element-10508be elementor-section-boxed elementor-section-height-default elementor-section-height-default\" data-id=\"10508be\" data-element_type=\"section\" data-e-type=\"section\" data-settings=\"{&quot;background_background&quot;:&quot;classic&quot;}\">\n\t\t\t\t\t\t<div class=\"elementor-container elementor-column-gap-default\">\n\t\t\t\t\t<div class=\"elementor-column elementor-col-100 elementor-top-column elementor-element elementor-element-22bc39c\" data-id=\"22bc39c\" data-element_type=\"column\" data-e-type=\"column\">\n\t\t\t<div class=\"elementor-widget-wrap elementor-element-populated\">\n\t\t\t\t\t\t<div class=\"elementor-element elementor-element-149f104 elementor-widget elementor-widget-heading\" data-id=\"149f104\" data-element_type=\"widget\" data-e-type=\"widget\" data-widget_type=\"heading.default\">\n\t\t\t\t<div class=\"elementor-widget-container\">\n\t\t\t\t\t<h3 class=\"elementor-heading-title elementor-size-default\">1 - Dem\u00fctig unserer Frau gehorchen k\u00f6nnen, ohne zu versuchen, andere Heilmittel zu erfinden.<\/h3>\t\t\t\t<\/div>\n\t\t\t\t<\/div>\n\t\t\t\t\t<\/div>\n\t\t<\/div>\n\t\t\t\t\t<\/div>\n\t\t<\/section>\n\t\t\t\t<section class=\"elementor-section elementor-top-section elementor-element elementor-element-1604b15 elementor-section-boxed elementor-section-height-default elementor-section-height-default\" data-id=\"1604b15\" data-element_type=\"section\" data-e-type=\"section\" data-settings=\"{&quot;background_background&quot;:&quot;classic&quot;}\">\n\t\t\t\t\t\t<div class=\"elementor-container elementor-column-gap-default\">\n\t\t\t\t\t<div class=\"elementor-column elementor-col-50 elementor-top-column elementor-element elementor-element-3b530b0\" data-id=\"3b530b0\" data-element_type=\"column\" data-e-type=\"column\">\n\t\t\t<div class=\"elementor-widget-wrap elementor-element-populated\">\n\t\t\t\t\t\t<div class=\"elementor-element elementor-element-eb8e0ee elementor-widget elementor-widget-text-editor\" data-id=\"eb8e0ee\" data-element_type=\"widget\" data-e-type=\"widget\" data-widget_type=\"text-editor.default\">\n\t\t\t\t<div class=\"elementor-widget-container\">\n\t\t\t\t\t\t\t\t\t<p><b>Es ist sinnlos, zu suchen<\/b><b>\u00a0oder Schritte zu erfinden, die dazu dienen, den\u00a0<\/b><b>M<\/b><b>Welle\u00a0<\/b>denn die Heilige Jungfrau hat uns bereits gesagt <strong>mit Pr\u00e4zision<\/strong> \u00e0 Fatima les actes et pri\u00e8res sp\u00e9cifiques qu&#8217;elle attendait de nous. <span style=\"font-size: 1rem;\">Rappelons-nous \u00e0 propos de ce moyen ce qu&#8217;a dit Soeur Lucie :\u00a0<\/span><strong style=\"font-size: 1rem;\">\"es wird keine weiteren geben\"<\/strong><span style=\"font-size: 1rem;\">.<\/span><\/p><p>\u00a0<\/p><p><span style=\"font-size: 1rem;\">Dans l\u2019Evangile il est \u00e9crit : &#8220;Ce ne sont pas tous ceux qui me disent Seigneur, Seigneur qui entreront dans le royaume des Cieux, mais seulement ceux <\/span><b style=\"font-size: 1rem;\">die den Willen meines Vaters tun<\/b><span style=\"font-size: 1rem;\"> qui est dans les Cieux&#8221; (Mt 7,21)<\/span><\/p><p>\u00a0<\/p><p>Wie k\u00f6nnte man diese Worte nicht f\u00fcr die heutige Zeit umschreiben?<\/p><p>Heute \"werden nicht all jene, die spirituelle Ans\u00e4tze erfinden, die Bekehrung der Welt und den Frieden erreichen, sondern diejenigen, die <b>qui font la volont\u00e9 du C\u0153ur Immacul\u00e9 de Marie.&#8221;<\/b><\/p>\t\t\t\t\t\t\t\t<\/div>\n\t\t\t\t<\/div>\n\t\t\t\t\t<\/div>\n\t\t<\/div>\n\t\t\t\t<div class=\"elementor-column elementor-col-50 elementor-top-column elementor-element elementor-element-a02de91\" data-id=\"a02de91\" data-element_type=\"column\" data-e-type=\"column\">\n\t\t\t<div class=\"elementor-widget-wrap elementor-element-populated\">\n\t\t\t\t\t\t<div class=\"elementor-element elementor-element-edda234 elementor-widget elementor-widget-image\" data-id=\"edda234\" data-element_type=\"widget\" data-e-type=\"widget\" data-widget_type=\"image.default\">\n\t\t\t\t<div class=\"elementor-widget-container\">\n\t\t\t\t\t\t\t\t\t\t\t\t\t\t\t<img fetchpriority=\"high\" decoding=\"async\" width=\"608\" height=\"410\" src=\"https:\/\/salve-corda.org\/wp-content\/uploads\/2021\/07\/reme\u0300de.png\" class=\"attachment-large size-large wp-image-810\" alt=\"\" srcset=\"https:\/\/salve-corda.org\/wp-content\/uploads\/2021\/07\/reme\u0300de.png 608w, https:\/\/salve-corda.org\/wp-content\/uploads\/2021\/07\/reme\u0300de-300x202.png 300w\" sizes=\"(max-width: 608px) 100vw, 608px\" \/>\t\t\t\t\t\t\t\t\t\t\t\t\t\t\t<\/div>\n\t\t\t\t<\/div>\n\t\t\t\t\t<\/div>\n\t\t<\/div>\n\t\t\t\t\t<\/div>\n\t\t<\/section>\n\t\t\t\t<section class=\"elementor-section elementor-top-section elementor-element elementor-element-7e50a4e elementor-section-boxed elementor-section-height-default elementor-section-height-default\" data-id=\"7e50a4e\" data-element_type=\"section\" data-e-type=\"section\" data-settings=\"{&quot;background_background&quot;:&quot;classic&quot;}\">\n\t\t\t\t\t\t<div class=\"elementor-container elementor-column-gap-default\">\n\t\t\t\t\t<div class=\"elementor-column elementor-col-100 elementor-top-column elementor-element elementor-element-19372f0\" data-id=\"19372f0\" data-element_type=\"column\" data-e-type=\"column\">\n\t\t\t<div class=\"elementor-widget-wrap elementor-element-populated\">\n\t\t\t\t\t\t<div class=\"elementor-element elementor-element-9fe2b7f elementor-widget elementor-widget-text-editor\" data-id=\"9fe2b7f\" data-element_type=\"widget\" data-e-type=\"widget\" data-widget_type=\"text-editor.default\">\n\t\t\t\t<div class=\"elementor-widget-container\">\n\t\t\t\t\t\t\t\t\t<p>Der Gehorsam gegen\u00fcber Gottes Willen ist ein <strong>Akt der Demut<\/strong> fondamental qui nous est demand\u00e9. Au paradis terrestre c&#8217;\u00e9tait de ne pas manger du fruit. Puis le Christ nous a donn\u00e9 lui m\u00eame l&#8217;exemple de l\u2019ob\u00e9issance jusqu\u2019\u00e0 la mort de la croix. <b>Heute h\u00e4ngt die Rettung der Welt von unserem Gehorsam gegen\u00fcber den Bitten des Unbefleckten Herzens Marias ab.<\/b><\/p>\t\t\t\t\t\t\t\t<\/div>\n\t\t\t\t<\/div>\n\t\t\t\t\t<\/div>\n\t\t<\/div>\n\t\t\t\t\t<\/div>\n\t\t<\/section>\n\t\t\t\t<section class=\"elementor-section elementor-top-section elementor-element elementor-element-70ad8e3 elementor-section-boxed elementor-section-height-default elementor-section-height-default\" data-id=\"70ad8e3\" data-element_type=\"section\" data-e-type=\"section\" data-settings=\"{&quot;background_background&quot;:&quot;classic&quot;}\">\n\t\t\t\t\t\t<div class=\"elementor-container elementor-column-gap-default\">\n\t\t\t\t\t<div class=\"elementor-column elementor-col-100 elementor-top-column elementor-element elementor-element-7683ea6\" data-id=\"7683ea6\" data-element_type=\"column\" data-e-type=\"column\">\n\t\t\t<div class=\"elementor-widget-wrap elementor-element-populated\">\n\t\t\t\t\t\t<div class=\"elementor-element elementor-element-1d6ad43 elementor-widget elementor-widget-heading\" data-id=\"1d6ad43\" data-element_type=\"widget\" data-e-type=\"widget\" data-widget_type=\"heading.default\">\n\t\t\t\t<div class=\"elementor-widget-container\">\n\t\t\t\t\t<h3 class=\"elementor-heading-title elementor-size-default\">2 - VEREINT SEIN, um die ersten Samstage des Monats zu verwirklichen <\/h3>\t\t\t\t<\/div>\n\t\t\t\t<\/div>\n\t\t\t\t\t<\/div>\n\t\t<\/div>\n\t\t\t\t\t<\/div>\n\t\t<\/section>\n\t\t\t\t<section class=\"elementor-section elementor-top-section elementor-element elementor-element-ec4b650 elementor-section-boxed elementor-section-height-default elementor-section-height-default\" data-id=\"ec4b650\" data-element_type=\"section\" data-e-type=\"section\" data-settings=\"{&quot;background_background&quot;:&quot;classic&quot;}\">\n\t\t\t\t\t\t<div class=\"elementor-container elementor-column-gap-default\">\n\t\t\t\t\t<div class=\"elementor-column elementor-col-50 elementor-top-column elementor-element elementor-element-9b03c57\" data-id=\"9b03c57\" data-element_type=\"column\" data-e-type=\"column\">\n\t\t\t<div class=\"elementor-widget-wrap elementor-element-populated\">\n\t\t\t\t\t\t<div class=\"elementor-element elementor-element-9751399 elementor-widget elementor-widget-image\" data-id=\"9751399\" data-element_type=\"widget\" data-e-type=\"widget\" data-widget_type=\"image.default\">\n\t\t\t\t<div class=\"elementor-widget-container\">\n\t\t\t\t\t\t\t\t\t\t\t\t\t\t\t<img decoding=\"async\" width=\"640\" height=\"616\" src=\"https:\/\/salve-corda.org\/wp-content\/uploads\/2021\/07\/sainte-vierge.png\" class=\"attachment-large size-large wp-image-816\" alt=\"\" srcset=\"https:\/\/salve-corda.org\/wp-content\/uploads\/2021\/07\/sainte-vierge.png 818w, https:\/\/salve-corda.org\/wp-content\/uploads\/2021\/07\/sainte-vierge-300x289.png 300w, https:\/\/salve-corda.org\/wp-content\/uploads\/2021\/07\/sainte-vierge-768x739.png 768w\" sizes=\"(max-width: 640px) 100vw, 640px\" \/>\t\t\t\t\t\t\t\t\t\t\t\t\t\t\t<\/div>\n\t\t\t\t<\/div>\n\t\t\t\t\t<\/div>\n\t\t<\/div>\n\t\t\t\t<div class=\"elementor-column elementor-col-50 elementor-top-column elementor-element elementor-element-cd215c7\" data-id=\"cd215c7\" data-element_type=\"column\" data-e-type=\"column\">\n\t\t\t<div class=\"elementor-widget-wrap elementor-element-populated\">\n\t\t\t\t\t\t<div class=\"elementor-element elementor-element-c251fd2 elementor-widget elementor-widget-text-editor\" data-id=\"c251fd2\" data-element_type=\"widget\" data-e-type=\"widget\" data-widget_type=\"text-editor.default\">\n\t\t\t\t<div class=\"elementor-widget-container\">\n\t\t\t\t\t\t\t\t\t<p style=\"text-align: left;\">La conversion du monde et la paix n&#8217;interviendront que lorsque les fid\u00e8les auront r\u00e9alis\u00e9 <span style=\"font-weight: bold;\">vorab die Bitten der Heiligen Jungfrau, die in Fatima und insbesondere an den ersten Samstagen des Monats ge\u00e4u\u00dfert wurden. <\/span>\u00a0<\/p><p>\u00a0<\/p><p style=\"text-align: left;\">La Sainte Vierge a demand\u00e9 que ces 1ers samedis du mois soient faits de fa\u00e7on officielle dans l&#8217;Eglise.<\/p><p style=\"text-align: left;\">L&#8217;Alliance Salve Corda propose donc de\u00a0<span style=\"color: var( --e-global-color-text ); font-family: var( --e-global-typography-18e5089-font-family ), Sans-serif; font-size: var( --e-global-typography-18e5089-font-size ); font-weight: var( --e-global-typography-18e5089-font-weight ); letter-spacing: var( --e-global-typography-18e5089-letter-spacing ); word-spacing: var( --e-global-typography-18e5089-word-spacing ); background-color: var( --e-global-color-f890547 );\">alle se <\/span><strong style=\"color: var( --e-global-color-text ); font-family: var( --e-global-typography-18e5089-font-family ), Sans-serif; font-size: var( --e-global-typography-18e5089-font-size ); letter-spacing: var( --e-global-typography-18e5089-letter-spacing ); word-spacing: var( --e-global-typography-18e5089-word-spacing ); background-color: var( --e-global-color-f890547 );\">jeden 1. Samstag zusammenkommen<\/strong><span style=\"color: var( --e-global-color-text ); font-family: var( --e-global-typography-18e5089-font-family ), Sans-serif; font-size: var( --e-global-typography-18e5089-font-size ); font-weight: var( --e-global-typography-18e5089-font-weight ); letter-spacing: var( --e-global-typography-18e5089-letter-spacing ); word-spacing: var( --e-global-typography-18e5089-word-spacing ); background-color: var( --e-global-color-f890547 );\"> des Monats in kleinen, autonomen lokalen Gruppen, die als <strong>St\u00e4dte am 1. Samstag des Monats<\/strong> um die Forderungen Unserer Lieben Frau in die Tat umzusetzen.<\/span><\/p><p style=\"text-align: left;\"><span style=\"color: var( --e-global-color-text ); font-family: var( --e-global-typography-18e5089-font-family ), Sans-serif; font-size: var( --e-global-typography-18e5089-font-size ); font-weight: var( --e-global-typography-18e5089-font-weight ); letter-spacing: var( --e-global-typography-18e5089-letter-spacing ); word-spacing: var( --e-global-typography-18e5089-word-spacing ); background-color: var( --e-global-color-f890547 );\">\u00a0<\/span><\/p><p style=\"text-align: left;\"><span style=\"color: var( --e-global-color-text ); font-family: var( --e-global-typography-18e5089-font-family ), Sans-serif; font-size: var( --e-global-typography-18e5089-font-size ); font-weight: var( --e-global-typography-18e5089-font-weight ); letter-spacing: var( --e-global-typography-18e5089-letter-spacing ); word-spacing: var( --e-global-typography-18e5089-word-spacing ); background-color: var( --e-global-color-f890547 );\">Dann kann nach und nach jeder\u00a0<\/span><span style=\"color: var( --e-global-color-text ); font-family: var( --e-global-typography-18e5089-font-family ), Sans-serif; font-size: var( --e-global-typography-18e5089-font-size ); font-weight: var( --e-global-typography-18e5089-font-weight ); letter-spacing: var( --e-global-typography-18e5089-letter-spacing ); word-spacing: var( --e-global-typography-18e5089-word-spacing ); background-color: var( --e-global-color-f890547 );\">in ihrem pers\u00f6nlichen Leben umsetzen<\/span><strong style=\"color: var( --e-global-color-text ); font-family: var( --e-global-typography-18e5089-font-family ), Sans-serif; font-size: var( --e-global-typography-18e5089-font-size ); letter-spacing: var( --e-global-typography-18e5089-letter-spacing ); word-spacing: var( --e-global-typography-18e5089-word-spacing ); background-color: var( --e-global-color-f890547 );\"> die anderen Bitten der Herzen Jesu und Marias<\/strong><span style=\"color: var( --e-global-color-text ); font-family: var( --e-global-typography-18e5089-font-family ), Sans-serif; font-size: var( --e-global-typography-18e5089-font-size ); font-weight: var( --e-global-typography-18e5089-font-weight ); letter-spacing: var( --e-global-typography-18e5089-letter-spacing ); word-spacing: var( --e-global-typography-18e5089-word-spacing ); background-color: var( --e-global-color-f890547 );\"> die in Fatima und Paray le Monial gemacht wurden.<\/span><\/p><p style=\"text-align: left;\"><span style=\"color: var( --e-global-color-text ); font-family: var( --e-global-typography-18e5089-font-family ), Sans-serif; font-size: var( --e-global-typography-18e5089-font-size ); font-weight: var( --e-global-typography-18e5089-font-weight ); letter-spacing: var( --e-global-typography-18e5089-letter-spacing ); word-spacing: var( --e-global-typography-18e5089-word-spacing ); background-color: var( --e-global-color-f890547 );\">\u00a0<\/span><\/p><p>\u00a0<\/p><p style=\"text-align: left;\">\u00a0<\/p>\t\t\t\t\t\t\t\t<\/div>\n\t\t\t\t<\/div>\n\t\t\t\t\t<\/div>\n\t\t<\/div>\n\t\t\t\t\t<\/div>\n\t\t<\/section>\n\t\t\t\t<section class=\"elementor-section elementor-top-section elementor-element elementor-element-40c03c8 elementor-section-boxed elementor-section-height-default elementor-section-height-default\" data-id=\"40c03c8\" data-element_type=\"section\" data-e-type=\"section\" data-settings=\"{&quot;background_background&quot;:&quot;classic&quot;}\">\n\t\t\t\t\t\t<div class=\"elementor-container elementor-column-gap-default\">\n\t\t\t\t\t<div class=\"elementor-column elementor-col-100 elementor-top-column elementor-element elementor-element-b09f786\" data-id=\"b09f786\" data-element_type=\"column\" data-e-type=\"column\">\n\t\t\t<div class=\"elementor-widget-wrap elementor-element-populated\">\n\t\t\t\t\t\t<div class=\"elementor-element elementor-element-8592d6e elementor-widget elementor-widget-heading\" data-id=\"8592d6e\" data-element_type=\"widget\" data-e-type=\"widget\" data-widget_type=\"heading.default\">\n\t\t\t\t<div class=\"elementor-widget-container\">\n\t\t\t\t\t<h3 class=\"elementor-heading-title elementor-size-default\">3- diese Hingabe um sich herum verbreiten<\/h3>\t\t\t\t<\/div>\n\t\t\t\t<\/div>\n\t\t\t\t\t<\/div>\n\t\t<\/div>\n\t\t\t\t\t<\/div>\n\t\t<\/section>\n\t\t\t\t<section class=\"elementor-section elementor-top-section elementor-element elementor-element-6ac67eb elementor-section-boxed elementor-section-height-default elementor-section-height-default\" data-id=\"6ac67eb\" data-element_type=\"section\" data-e-type=\"section\" data-settings=\"{&quot;background_background&quot;:&quot;classic&quot;}\">\n\t\t\t\t\t\t<div class=\"elementor-container elementor-column-gap-default\">\n\t\t\t\t\t<div class=\"elementor-column elementor-col-50 elementor-top-column elementor-element elementor-element-21e9c99\" data-id=\"21e9c99\" data-element_type=\"column\" data-e-type=\"column\">\n\t\t\t<div class=\"elementor-widget-wrap elementor-element-populated\">\n\t\t\t\t\t\t<div class=\"elementor-element elementor-element-3f02f69 elementor-widget elementor-widget-text-editor\" data-id=\"3f02f69\" data-element_type=\"widget\" data-e-type=\"widget\" data-widget_type=\"text-editor.default\">\n\t\t\t\t<div class=\"elementor-widget-container\">\n\t\t\t\t\t\t\t\t\t<p>Les 1ers samedis du mois et la mise en oeuvre de l&#8217;ensemble des demandes des Coeurs de J\u00e9sus et Marie doit s\u2019\u00e9tendre. Il y a un caract\u00e8re <b>Missionar<\/b> die von der Heiligen Jungfrau von uns verlangt wird, und man muss davon <strong>\u00fcberall reden<\/strong> :<\/p>\n<p><\/p>\n<p style=\"text-align: left;\"><em><span style=\"color: #6288c6;\">\"K\u00e4mpft, Kinder des Lichts, ihr,&nbsp; <b>klein<\/b>&nbsp;<b>Anzahl<\/b>&nbsp;<b>die<\/b>&nbsp;<b>y<\/b>&nbsp;<b>siehe<\/b>Denn dies ist die Zeit der Zeiten und das Ende der Enden.\"<\/span><\/em><\/p>\n<p style=\"text-align: right;\">Unsere Liebe Frau in La Salette<\/p>\t\t\t\t\t\t\t\t<\/div>\n\t\t\t\t<\/div>\n\t\t\t\t<div class=\"elementor-element elementor-element-5c61ae6 elementor-align-center elementor-widget elementor-widget-button\" data-id=\"5c61ae6\" data-element_type=\"widget\" data-e-type=\"widget\" data-widget_type=\"button.default\">\n\t\t\t\t<div class=\"elementor-widget-container\">\n\t\t\t\t\t\t\t\t\t<div class=\"elementor-button-wrapper\">\n\t\t\t\t\t<a class=\"elementor-button elementor-button-link elementor-size-sm\" href=\"https:\/\/salve-corda.org\/de\/nous-rejoindre-comme-membre\/\">\n\t\t\t\t\t\t<span class=\"elementor-button-content-wrapper\">\n\t\t\t\t\t\t\t\t\t<span class=\"elementor-button-text\">Salve Corda beitreten<\/span>\n\t\t\t\t\t<\/span>\n\t\t\t\t\t<\/a>\n\t\t\t\t<\/div>\n\t\t\t\t\t\t\t\t<\/div>\n\t\t\t\t<\/div>\n\t\t\t\t\t<\/div>\n\t\t<\/div>\n\t\t\t\t<div class=\"elementor-column elementor-col-50 elementor-top-column elementor-element elementor-element-5795183\" data-id=\"5795183\" data-element_type=\"column\" data-e-type=\"column\">\n\t\t\t<div class=\"elementor-widget-wrap elementor-element-populated\">\n\t\t\t\t\t\t<div class=\"elementor-element elementor-element-ce52e94 elementor-widget elementor-widget-image\" data-id=\"ce52e94\" data-element_type=\"widget\" data-e-type=\"widget\" data-widget_type=\"image.default\">\n\t\t\t\t<div class=\"elementor-widget-container\">\n\t\t\t\t\t\t\t\t\t\t\t\t\t\t\t<img decoding=\"async\" width=\"640\" height=\"480\" src=\"https:\/\/salve-corda.org\/wp-content\/uploads\/2021\/07\/carte-du-monde.png\" class=\"attachment-large size-large wp-image-827\" alt=\"\" srcset=\"https:\/\/salve-corda.org\/wp-content\/uploads\/2021\/07\/carte-du-monde.png 766w, https:\/\/salve-corda.org\/wp-content\/uploads\/2021\/07\/carte-du-monde-300x225.png 300w\" sizes=\"(max-width: 640px) 100vw, 640px\" \/>\t\t\t\t\t\t\t\t\t\t\t\t\t\t\t<\/div>\n\t\t\t\t<\/div>\n\t\t\t\t\t<\/div>\n\t\t<\/div>\n\t\t\t\t\t<\/div>\n\t\t<\/section>\n\t\t\t\t<section class=\"elementor-section elementor-top-section elementor-element elementor-element-8bb4772 elementor-section-boxed elementor-section-height-default elementor-section-height-default\" data-id=\"8bb4772\" data-element_type=\"section\" data-e-type=\"section\" data-settings=\"{&quot;background_background&quot;:&quot;classic&quot;}\">\n\t\t\t\t\t\t<div class=\"elementor-container elementor-column-gap-default\">\n\t\t\t\t\t<div class=\"elementor-column elementor-col-100 elementor-top-column elementor-element elementor-element-c000f32\" data-id=\"c000f32\" data-element_type=\"column\" data-e-type=\"column\">\n\t\t\t<div class=\"elementor-widget-wrap elementor-element-populated\">\n\t\t\t\t\t\t<div class=\"elementor-element elementor-element-85c5dd9 elementor-widget elementor-widget-heading\" data-id=\"85c5dd9\" data-element_type=\"widget\" data-e-type=\"widget\" data-widget_type=\"heading.default\">\n\t\t\t\t<div class=\"elementor-widget-container\">\n\t\t\t\t\t<h3 class=\"elementor-heading-title elementor-size-default\">4- die anderen Bitten der Herzen von jesus und maria pers\u00f6nlich erf\u00fcllen <\/h3>\t\t\t\t<\/div>\n\t\t\t\t<\/div>\n\t\t\t\t\t<\/div>\n\t\t<\/div>\n\t\t\t\t\t<\/div>\n\t\t<\/section>\n\t\t\t\t<section class=\"elementor-section elementor-top-section elementor-element elementor-element-e5788a2 elementor-section-boxed elementor-section-height-default elementor-section-height-default\" data-id=\"e5788a2\" data-element_type=\"section\" data-e-type=\"section\" data-settings=\"{&quot;background_background&quot;:&quot;classic&quot;}\">\n\t\t\t\t\t\t<div class=\"elementor-container elementor-column-gap-default\">\n\t\t\t\t\t<div class=\"elementor-column elementor-col-50 elementor-top-column elementor-element elementor-element-f9aaea5\" data-id=\"f9aaea5\" data-element_type=\"column\" data-e-type=\"column\">\n\t\t\t<div class=\"elementor-widget-wrap elementor-element-populated\">\n\t\t\t\t\t\t<div class=\"elementor-element elementor-element-6337d0f elementor-widget elementor-widget-image\" data-id=\"6337d0f\" data-element_type=\"widget\" data-e-type=\"widget\" data-widget_type=\"image.default\">\n\t\t\t\t<div class=\"elementor-widget-container\">\n\t\t\t\t\t\t\t\t\t\t\t\t\t\t\t<img loading=\"lazy\" decoding=\"async\" width=\"640\" height=\"790\" src=\"https:\/\/salve-corda.org\/wp-content\/uploads\/2021\/09\/Sans-titre-9.png\" class=\"attachment-large size-large wp-image-2523\" alt=\"\" srcset=\"https:\/\/salve-corda.org\/wp-content\/uploads\/2021\/09\/Sans-titre-9.png 670w, https:\/\/salve-corda.org\/wp-content\/uploads\/2021\/09\/Sans-titre-9-243x300.png 243w\" sizes=\"(max-width: 640px) 100vw, 640px\" \/>\t\t\t\t\t\t\t\t\t\t\t\t\t\t\t<\/div>\n\t\t\t\t<\/div>\n\t\t\t\t\t<\/div>\n\t\t<\/div>\n\t\t\t\t<div class=\"elementor-column elementor-col-50 elementor-top-column elementor-element elementor-element-be0b0c4\" data-id=\"be0b0c4\" data-element_type=\"column\" data-e-type=\"column\">\n\t\t\t<div class=\"elementor-widget-wrap elementor-element-populated\">\n\t\t\t\t\t\t<div class=\"elementor-element elementor-element-4e1b972 elementor-widget elementor-widget-text-editor\" data-id=\"4e1b972\" data-element_type=\"widget\" data-e-type=\"widget\" data-widget_type=\"text-editor.default\">\n\t\t\t\t<div class=\"elementor-widget-container\">\n\t\t\t\t\t\t\t\t\t<p style=\"text-align: left;\"><span style=\"color: var( --e-global-color-text ); font-family: var( --e-global-typography-18e5089-font-family ), Sans-serif; font-size: var( --e-global-typography-18e5089-font-size ); font-weight: var( --e-global-typography-18e5089-font-weight ); letter-spacing: var( --e-global-typography-18e5089-letter-spacing ); text-align: justify; word-spacing: var( --e-global-typography-18e5089-word-spacing ); background-color: var( --e-global-color-f890547 );\">Einer Stadt der 1. Samstage beizutreten, bedeutet auch, sich zu verpflichten, die anderen Forderungen der C<\/span><span style=\"color: var( --e-global-color-text ); font-family: var( --e-global-typography-18e5089-font-family ), Sans-serif; font-size: var( --e-global-typography-18e5089-font-size ); letter-spacing: var( --e-global-typography-18e5089-letter-spacing ); text-align: justify; word-spacing: var( --e-global-typography-18e5089-word-spacing ); background-color: var( --e-global-color-f890547 );\"><b>oeurs de J\u00e9sus et Marie:<\/b><\/span><\/p><p style=\"text-align: left;\"><span style=\"color: var( --e-global-color-text ); font-family: var( --e-global-typography-18e5089-font-family ), Sans-serif; font-size: var( --e-global-typography-18e5089-font-size ); letter-spacing: var( --e-global-typography-18e5089-letter-spacing ); text-align: justify; word-spacing: var( --e-global-typography-18e5089-word-spacing ); background-color: var( --e-global-color-f890547 );\"><b>\u00a0<\/b><\/span><\/p><p>\u00a0<\/p><p><b>Bitten der Heiligen Jungfrau in Fatima\u00a0 \u00a0 \u00a0 \u00a0<\/b><\/p><p>\u00a0<\/p><p>\u00a0 - Sich dem Unbefleckten Herzen Marias weihen<\/p><p>\u00a0 - Den Rosenkranz regelm\u00e4\u00dfig, wenn m\u00f6glich t\u00e4glich, beten<\/p><p>\u00a0 - Das Schulterblatt tragen<\/p><p>\u00a0 - F\u00fcr S\u00fcnder die Schwierigkeiten seiner staatlichen Pflicht aufopfern.<\/p><p>\u00a0<\/p><p>\u00a0<\/p><p><b>Bitten des Sacr\u00e9 Coeur in Paray le Monial<\/b><\/p><p>\u00a0<\/p><p>\u00a0 - Sich dem Sacr\u00e9 Coeur widmen<\/p><p>\u00a0 - Heilige Stunde am Donnerstagabend<\/p><p>\u00a0 - Kommunion am 1. Freitag des Monats<\/p><p>\u00a0 - Eine Darstellung von Sacr\u00e9 Coeur zu Hause haben<\/p><p>\u00a0<\/p>\t\t\t\t\t\t\t\t<\/div>\n\t\t\t\t<\/div>\n\t\t\t\t\t<\/div>\n\t\t<\/div>\n\t\t\t\t\t<\/div>\n\t\t<\/section>\n\t\t\t\t<\/div>","protected":false},"excerpt":{"rendered":"<p>Comment agir d\u00e8s maintenant 1 &#8211; SAVOIR OB\u00e9IR humblement A NOTRE DAME SANS CHERCHER A inventer d\u2019autres rem\u00e8des Il est inutile de chercher\u00a0ou d\u2019inventer des d\u00e9marches destin\u00e9es \u00e0 sauver le\u00a0Monde\u00a0car la Sainte Vierge [&hellip;]<\/p>","protected":false},"author":1,"featured_media":0,"parent":0,"menu_order":0,"comment_status":"closed","ping_status":"closed","template":"elementor_header_footer","meta":{"footnotes":""},"class_list":["post-449","page","type-page","status-publish","hentry"],"_links":{"self":[{"href":"https:\/\/salve-corda.org\/de\/wp-json\/wp\/v2\/pages\/449","targetHints":{"allow":["GET"]}}],"collection":[{"href":"https:\/\/salve-corda.org\/de\/wp-json\/wp\/v2\/pages"}],"about":[{"href":"https:\/\/salve-corda.org\/de\/wp-json\/wp\/v2\/types\/page"}],"author":[{"embeddable":true,"href":"https:\/\/salve-corda.org\/de\/wp-json\/wp\/v2\/users\/1"}],"replies":[{"embeddable":true,"href":"https:\/\/salve-corda.org\/de\/wp-json\/wp\/v2\/comments?post=449"}],"version-history":[{"count":363,"href":"https:\/\/salve-corda.org\/de\/wp-json\/wp\/v2\/pages\/449\/revisions"}],"predecessor-version":[{"id":5902,"href":"https:\/\/salve-corda.org\/de\/wp-json\/wp\/v2\/pages\/449\/revisions\/5902"}],"wp:attachment":[{"href":"https:\/\/salve-corda.org\/de\/wp-json\/wp\/v2\/media?parent=449"}],"curies":[{"name":"wp","href":"https:\/\/api.w.org\/{rel}","templated":true}]}}