{"id":459,"date":"2020-09-25T15:16:14","date_gmt":"2020-09-25T13:16:14","guid":{"rendered":"https:\/\/salve-corda.org\/?page_id=459"},"modified":"2022-12-12T00:51:49","modified_gmt":"2022-12-11T23:51:49","slug":"conseils-dorganisation","status":"publish","type":"page","link":"https:\/\/salve-corda.org\/de\/conseils-dorganisation\/","title":{"rendered":"Conseils d&#8217;organisation"},"content":{"rendered":"<div data-elementor-type=\"wp-page\" data-elementor-id=\"459\" class=\"elementor elementor-459\">\n\t\t\t\t\t\t<section class=\"elementor-section elementor-top-section elementor-element elementor-element-fb79729 elementor-section-boxed elementor-section-height-default elementor-section-height-default\" data-id=\"fb79729\" data-element_type=\"section\" data-e-type=\"section\">\n\t\t\t\t\t\t<div class=\"elementor-container elementor-column-gap-default\">\n\t\t\t\t\t<div class=\"elementor-column elementor-col-100 elementor-top-column elementor-element elementor-element-468c34b\" data-id=\"468c34b\" data-element_type=\"column\" data-e-type=\"column\">\n\t\t\t<div class=\"elementor-widget-wrap\">\n\t\t\t\t\t\t\t<\/div>\n\t\t<\/div>\n\t\t\t\t\t<\/div>\n\t\t<\/section>\n\t\t\t\t<section class=\"elementor-section elementor-top-section elementor-element elementor-element-4ff3a98 elementor-section-boxed elementor-section-height-default elementor-section-height-default\" data-id=\"4ff3a98\" data-element_type=\"section\" data-e-type=\"section\">\n\t\t\t\t\t\t<div class=\"elementor-container elementor-column-gap-default\">\n\t\t\t\t\t<div class=\"elementor-column elementor-col-100 elementor-top-column elementor-element elementor-element-cdf1ab3\" data-id=\"cdf1ab3\" data-element_type=\"column\" data-e-type=\"column\">\n\t\t\t<div class=\"elementor-widget-wrap elementor-element-populated\">\n\t\t\t\t\t\t<div class=\"elementor-element elementor-element-0e03f11 elementor-widget elementor-widget-heading\" data-id=\"0e03f11\" data-element_type=\"widget\" data-e-type=\"widget\" data-widget_type=\"heading.default\">\n\t\t\t\t<div class=\"elementor-widget-container\">\n\t\t\t\t\t<h2 class=\"elementor-heading-title elementor-size-default\">Praktische Ratschl\u00e4ge zur ERF\u00dcLLUNG der Antr\u00e4ge vonS COEURS DE JESUS ET MARIE<\/h2>\t\t\t\t<\/div>\n\t\t\t\t<\/div>\n\t\t\t\t\t<\/div>\n\t\t<\/div>\n\t\t\t\t\t<\/div>\n\t\t<\/section>\n\t\t\t\t<section class=\"elementor-section elementor-top-section elementor-element elementor-element-ed4fea0 elementor-section-boxed elementor-section-height-default elementor-section-height-default\" data-id=\"ed4fea0\" data-element_type=\"section\" data-e-type=\"section\">\n\t\t\t\t\t\t<div class=\"elementor-container elementor-column-gap-default\">\n\t\t\t\t\t<div class=\"elementor-column elementor-col-100 elementor-top-column elementor-element elementor-element-a57c360\" data-id=\"a57c360\" data-element_type=\"column\" data-e-type=\"column\">\n\t\t\t<div class=\"elementor-widget-wrap elementor-element-populated\">\n\t\t\t\t\t\t<div class=\"elementor-element elementor-element-9e732da elementor-widget elementor-widget-heading\" data-id=\"9e732da\" data-element_type=\"widget\" data-e-type=\"widget\" data-widget_type=\"heading.default\">\n\t\t\t\t<div class=\"elementor-widget-container\">\n\t\t\t\t\t<h3 class=\"elementor-heading-title elementor-size-default\">Kommunion an den ersten Samstagen des Monats\n<\/h3>\t\t\t\t<\/div>\n\t\t\t\t<\/div>\n\t\t\t\t\t<\/div>\n\t\t<\/div>\n\t\t\t\t\t<\/div>\n\t\t<\/section>\n\t\t\t\t<section class=\"elementor-section elementor-top-section elementor-element elementor-element-a81c638 elementor-section-boxed elementor-section-height-default elementor-section-height-default\" data-id=\"a81c638\" data-element_type=\"section\" data-e-type=\"section\">\n\t\t\t\t\t\t<div class=\"elementor-container elementor-column-gap-default\">\n\t\t\t\t\t<div class=\"elementor-column elementor-col-50 elementor-top-column elementor-element elementor-element-8e52b7c\" data-id=\"8e52b7c\" data-element_type=\"column\" data-e-type=\"column\">\n\t\t\t<div class=\"elementor-widget-wrap elementor-element-populated\">\n\t\t\t\t\t\t<div class=\"elementor-element elementor-element-4b994a0 elementor-widget elementor-widget-text-editor\" data-id=\"4b994a0\" data-element_type=\"widget\" data-e-type=\"widget\" data-widget_type=\"text-editor.default\">\n\t\t\t\t<div class=\"elementor-widget-container\">\n\t\t\t\t\t\t\t\t\t<p><span style=\"color: var( --e-global-color-text ); font-family: var( --e-global-typography-18e5089-font-family ), Sans-serif; font-size: var( --e-global-typography-18e5089-font-size ); font-weight: var( --e-global-typography-18e5089-font-weight ); letter-spacing: var( --e-global-typography-18e5089-letter-spacing );\">Tragen Sie die ersten Samstage des Monats im Voraus in Ihren Kalender ein, so wie man sich wichtige Termine notiert. Eine pers\u00f6nliche Verabredung mit dem K\u00f6nig und der K\u00f6nigin des Himmels sollte man nicht verpassen!<\/span><\/p><p><span style=\"color: var( --e-global-color-text ); font-family: var( --e-global-typography-18e5089-font-family ), Sans-serif; font-size: var( --e-global-typography-18e5089-font-size ); font-weight: var( --e-global-typography-18e5089-font-weight ); letter-spacing: var( --e-global-typography-18e5089-letter-spacing );\">\u00a0<\/span><\/p><p>Die Feiern am ersten Samstag (Kommunion, Rosenkranz, Meditation, Beichte innerhalb von 8 Tagen) werden in den Salve Corda-Siedlungen abgehalten. Wenn es keine \"Siedlung\" in der N\u00e4he gibt, gehen Sie am Samstagmorgen auf eigene Faust zur Messe, beten Sie pers\u00f6nlich den Rosenkranz und meditieren Sie 15 Minuten \u00fcber die Geheimnisse des Rosenkranzes.<\/p><p>\u00a0<\/p><p>\u00a0<\/p><p><i>Note : s&#8217;il n\u2019y que la Messe anticip\u00e9e du samedi soir \u00e0 proximit\u00e9, on peut y assister pour communier<\/i><i>\u00a0(et n&#8217;oubliez pas d&#8217;aller \u00e0 la Messe le dimanche!) .<\/i><\/p><p><i>\u00a0<\/i><\/p><p><span style=\"color: var( --e-global-color-text ); font-family: var( --e-global-typography-18e5089-font-family ), Sans-serif; font-size: var( --e-global-typography-18e5089-font-size ); font-weight: var( --e-global-typography-18e5089-font-weight ); letter-spacing: var( --e-global-typography-18e5089-letter-spacing );\">Die Beichte kann 8 Tage vor oder nach den ersten Samstagen des Monats stattfinden. Im Rahmen der Salve-Corda-St\u00e4dte finden diese Beichten in der Regel an den ersten Samstagen des Monats statt.<\/span><i><br \/><\/i><\/p>\t\t\t\t\t\t\t\t<\/div>\n\t\t\t\t<\/div>\n\t\t\t\t\t<\/div>\n\t\t<\/div>\n\t\t\t\t<div class=\"elementor-column elementor-col-50 elementor-top-column elementor-element elementor-element-c366d53\" data-id=\"c366d53\" data-element_type=\"column\" data-e-type=\"column\">\n\t\t\t<div class=\"elementor-widget-wrap elementor-element-populated\">\n\t\t\t\t\t\t<div class=\"elementor-element elementor-element-a5a200c elementor-widget elementor-widget-image\" data-id=\"a5a200c\" data-element_type=\"widget\" data-e-type=\"widget\" data-widget_type=\"image.default\">\n\t\t\t\t<div class=\"elementor-widget-container\">\n\t\t\t\t\t\t\t\t\t\t\t\t\t\t\t<img fetchpriority=\"high\" decoding=\"async\" width=\"640\" height=\"1014\" src=\"https:\/\/salve-corda.org\/wp-content\/uploads\/2022\/03\/IMAGE-2022-03-16-135342-646x1024.jpg\" class=\"attachment-large size-large wp-image-5016\" alt=\"\" srcset=\"https:\/\/salve-corda.org\/wp-content\/uploads\/2022\/03\/IMAGE-2022-03-16-135342-646x1024.jpg 646w, https:\/\/salve-corda.org\/wp-content\/uploads\/2022\/03\/IMAGE-2022-03-16-135342-189x300.jpg 189w, https:\/\/salve-corda.org\/wp-content\/uploads\/2022\/03\/IMAGE-2022-03-16-135342-768x1218.jpg 768w, https:\/\/salve-corda.org\/wp-content\/uploads\/2022\/03\/IMAGE-2022-03-16-135342.jpg 802w\" sizes=\"(max-width: 640px) 100vw, 640px\" \/>\t\t\t\t\t\t\t\t\t\t\t\t\t\t\t<\/div>\n\t\t\t\t<\/div>\n\t\t\t\t\t<\/div>\n\t\t<\/div>\n\t\t\t\t\t<\/div>\n\t\t<\/section>\n\t\t\t\t<section class=\"elementor-section elementor-top-section elementor-element elementor-element-5b3baec elementor-section-boxed elementor-section-height-default elementor-section-height-default\" data-id=\"5b3baec\" data-element_type=\"section\" data-e-type=\"section\" data-settings=\"{&quot;background_background&quot;:&quot;classic&quot;}\">\n\t\t\t\t\t\t<div class=\"elementor-container elementor-column-gap-default\">\n\t\t\t\t\t<div class=\"elementor-column elementor-col-100 elementor-top-column elementor-element elementor-element-bae06a8\" data-id=\"bae06a8\" data-element_type=\"column\" data-e-type=\"column\">\n\t\t\t<div class=\"elementor-widget-wrap elementor-element-populated\">\n\t\t\t\t\t\t<div class=\"elementor-element elementor-element-a1dcacf elementor-widget elementor-widget-heading\" data-id=\"a1dcacf\" data-element_type=\"widget\" data-e-type=\"widget\" data-widget_type=\"heading.default\">\n\t\t\t\t<div class=\"elementor-widget-container\">\n\t\t\t\t\t<h3 class=\"elementor-heading-title elementor-size-default\">Schulterblattport<\/h3>\t\t\t\t<\/div>\n\t\t\t\t<\/div>\n\t\t\t\t\t<\/div>\n\t\t<\/div>\n\t\t\t\t\t<\/div>\n\t\t<\/section>\n\t\t\t\t<section class=\"elementor-section elementor-top-section elementor-element elementor-element-25cd3ed elementor-section-boxed elementor-section-height-default elementor-section-height-default\" data-id=\"25cd3ed\" data-element_type=\"section\" data-e-type=\"section\" data-settings=\"{&quot;background_background&quot;:&quot;classic&quot;}\">\n\t\t\t\t\t\t<div class=\"elementor-container elementor-column-gap-default\">\n\t\t\t\t\t<div class=\"elementor-column elementor-col-50 elementor-top-column elementor-element elementor-element-01a443a\" data-id=\"01a443a\" data-element_type=\"column\" data-e-type=\"column\">\n\t\t\t<div class=\"elementor-widget-wrap elementor-element-populated\">\n\t\t\t\t\t\t<div class=\"elementor-element elementor-element-b02b46b elementor-widget elementor-widget-image\" data-id=\"b02b46b\" data-element_type=\"widget\" data-e-type=\"widget\" data-widget_type=\"image.default\">\n\t\t\t\t<div class=\"elementor-widget-container\">\n\t\t\t\t\t\t\t\t\t\t\t\t\t\t\t<img decoding=\"async\" width=\"640\" height=\"381\" src=\"https:\/\/salve-corda.org\/wp-content\/uploads\/2021\/07\/scapulaire-1024x610.png\" class=\"attachment-large size-large wp-image-866\" alt=\"\" srcset=\"https:\/\/salve-corda.org\/wp-content\/uploads\/2021\/07\/scapulaire-1024x610.png 1024w, https:\/\/salve-corda.org\/wp-content\/uploads\/2021\/07\/scapulaire-300x179.png 300w, https:\/\/salve-corda.org\/wp-content\/uploads\/2021\/07\/scapulaire-768x457.png 768w, https:\/\/salve-corda.org\/wp-content\/uploads\/2021\/07\/scapulaire.png 1290w\" sizes=\"(max-width: 640px) 100vw, 640px\" \/>\t\t\t\t\t\t\t\t\t\t\t\t\t\t\t<\/div>\n\t\t\t\t<\/div>\n\t\t\t\t\t<\/div>\n\t\t<\/div>\n\t\t\t\t<div class=\"elementor-column elementor-col-50 elementor-top-column elementor-element elementor-element-57365ae\" data-id=\"57365ae\" data-element_type=\"column\" data-e-type=\"column\">\n\t\t\t<div class=\"elementor-widget-wrap elementor-element-populated\">\n\t\t\t\t\t\t<div class=\"elementor-element elementor-element-7a88144 elementor-widget elementor-widget-text-editor\" data-id=\"7a88144\" data-element_type=\"widget\" data-e-type=\"widget\" data-widget_type=\"text-editor.default\">\n\t\t\t\t<div class=\"elementor-widget-container\">\n\t\t\t\t\t\t\t\t\t<p>Pour porter le scapulaire de Notre-Dame du Mont Carmel (\u00e0 ne pas confondre avec le scapulaire vert) il suffit d&#8217;en acheter dans les boutiques des monast\u00e8res par exemple.\u00a0<\/p><p>\u00a0<\/p><p>Das Skapulier muss von einem Priester nach einer bestimmten Zeremonie \u00fcbergeben werden. Dies entspricht einer \"Einkleidung\" und kann gleichzeitig mit seiner Weihe oder an den ersten Samstagen des Monats erfolgen. Das Skapulier kann in Form eines Tuches getragen werden, aber der heilige Pius X. hat erlaubt, es in Form einer Medaille zu tragen, wenn die Bedingungen dies erfordern.<\/p>\t\t\t\t\t\t\t\t<\/div>\n\t\t\t\t<\/div>\n\t\t\t\t\t<\/div>\n\t\t<\/div>\n\t\t\t\t\t<\/div>\n\t\t<\/section>\n\t\t\t\t<section class=\"elementor-section elementor-top-section elementor-element elementor-element-8a4c0cf elementor-section-boxed elementor-section-height-default elementor-section-height-default\" data-id=\"8a4c0cf\" data-element_type=\"section\" data-e-type=\"section\">\n\t\t\t\t\t\t<div class=\"elementor-container elementor-column-gap-default\">\n\t\t\t\t\t<div class=\"elementor-column elementor-col-50 elementor-top-column elementor-element elementor-element-9fe6f9c\" data-id=\"9fe6f9c\" data-element_type=\"column\" data-e-type=\"column\">\n\t\t\t<div class=\"elementor-widget-wrap elementor-element-populated\">\n\t\t\t\t\t\t<div class=\"elementor-element elementor-element-952dc23 elementor-widget elementor-widget-heading\" data-id=\"952dc23\" data-element_type=\"widget\" data-e-type=\"widget\" data-widget_type=\"heading.default\">\n\t\t\t\t<div class=\"elementor-widget-container\">\n\t\t\t\t\t<h3 class=\"elementor-heading-title elementor-size-default\">t\u00e4glicher Rosenkranz<\/h3>\t\t\t\t<\/div>\n\t\t\t\t<\/div>\n\t\t\t\t<div class=\"elementor-element elementor-element-4a63fb9 elementor-widget elementor-widget-text-editor\" data-id=\"4a63fb9\" data-element_type=\"widget\" data-e-type=\"widget\" data-widget_type=\"text-editor.default\">\n\t\t\t\t<div class=\"elementor-widget-container\">\n\t\t\t\t\t\t\t\t\t<p>Dans notre vie tr\u00e8s occup\u00e9e, r\u00e9citer quotidiennement le chapelet peut \u00eatre pour certains un effort relativement important. Si c&#8217;est trop compliqu\u00e9,<b>\u00a0<\/b>on n&#8217;est pas oblig\u00e9 de le r\u00e9citer en une seule fois ni dans un lieu sp\u00e9cial.\u00a0<span style=\"color: var( --e-global-color-text ); font-family: var( --e-global-typography-18e5089-font-family ), Sans-serif; font-size: var( --e-global-typography-18e5089-font-size ); font-weight: var( --e-global-typography-18e5089-font-weight ); letter-spacing: var( --e-global-typography-18e5089-letter-spacing );\">Zum Beispiel kann man das erste Dutzend als Morgengebet sprechen, das letzte als Abendgebet und<\/span><span style=\"color: var( --e-global-color-text ); font-family: var( --e-global-typography-18e5089-font-family ), Sans-serif; font-size: var( --e-global-typography-18e5089-font-size ); font-weight: var( --e-global-typography-18e5089-font-weight ); letter-spacing: var( --e-global-typography-18e5089-letter-spacing );\">\u00a0die anderen Zehner \u00fcber den Tag verteilt, auf Reisen usw. verteilen. Es ist sogar eine M\u00f6glichkeit <\/span><span style=\"color: var( --e-global-color-text ); font-family: var( --e-global-typography-18e5089-font-family ), Sans-serif; font-size: var( --e-global-typography-18e5089-font-size ); font-weight: var( --e-global-typography-18e5089-font-weight ); letter-spacing: var( --e-global-typography-18e5089-letter-spacing );\">den ganzen Tag \u00fcber mit der Heiligen Jungfrau leben <\/span><span style=\"color: var( --e-global-color-text ); font-family: var( --e-global-typography-18e5089-font-family ), Sans-serif; font-size: var( --e-global-typography-18e5089-font-size ); font-weight: var( --e-global-typography-18e5089-font-weight ); letter-spacing: var( --e-global-typography-18e5089-letter-spacing );\">und mindert nicht den Wert dieses Gebets.\u00a0<\/span><\/p>\t\t\t\t\t\t\t\t<\/div>\n\t\t\t\t<\/div>\n\t\t\t\t\t<\/div>\n\t\t<\/div>\n\t\t\t\t<div class=\"elementor-column elementor-col-50 elementor-top-column elementor-element elementor-element-16fe7c0\" data-id=\"16fe7c0\" data-element_type=\"column\" data-e-type=\"column\">\n\t\t\t<div class=\"elementor-widget-wrap elementor-element-populated\">\n\t\t\t\t\t\t<div class=\"elementor-element elementor-element-db32bda elementor-widget elementor-widget-image\" data-id=\"db32bda\" data-element_type=\"widget\" data-e-type=\"widget\" data-widget_type=\"image.default\">\n\t\t\t\t<div class=\"elementor-widget-container\">\n\t\t\t\t\t\t\t\t\t\t\t\t\t\t\t<img decoding=\"async\" width=\"340\" height=\"227\" src=\"https:\/\/salve-corda.org\/wp-content\/uploads\/2021\/11\/chapelet-mains.jpg\" class=\"attachment-large size-large wp-image-4076\" alt=\"\" srcset=\"https:\/\/salve-corda.org\/wp-content\/uploads\/2021\/11\/chapelet-mains.jpg 340w, https:\/\/salve-corda.org\/wp-content\/uploads\/2021\/11\/chapelet-mains-300x200.jpg 300w\" sizes=\"(max-width: 340px) 100vw, 340px\" \/>\t\t\t\t\t\t\t\t\t\t\t\t\t\t\t<\/div>\n\t\t\t\t<\/div>\n\t\t\t\t\t<\/div>\n\t\t<\/div>\n\t\t\t\t\t<\/div>\n\t\t<\/section>\n\t\t\t\t<section class=\"elementor-section elementor-top-section elementor-element elementor-element-998f20f elementor-section-boxed elementor-section-height-default elementor-section-height-default\" data-id=\"998f20f\" data-element_type=\"section\" data-e-type=\"section\" data-settings=\"{&quot;background_background&quot;:&quot;classic&quot;}\">\n\t\t\t\t\t\t<div class=\"elementor-container elementor-column-gap-default\">\n\t\t\t\t\t<div class=\"elementor-column elementor-col-100 elementor-top-column elementor-element elementor-element-7475614\" data-id=\"7475614\" data-element_type=\"column\" data-e-type=\"column\">\n\t\t\t<div class=\"elementor-widget-wrap elementor-element-populated\">\n\t\t\t\t\t\t<div class=\"elementor-element elementor-element-70aa673 elementor-widget elementor-widget-heading\" data-id=\"70aa673\" data-element_type=\"widget\" data-e-type=\"widget\" data-widget_type=\"heading.default\">\n\t\t\t\t<div class=\"elementor-widget-container\">\n\t\t\t\t\t<h3 class=\"elementor-heading-title elementor-size-default\">Angebot DER SCHWIERIGKEITEN seiner Staatspflicht <\/h3>\t\t\t\t<\/div>\n\t\t\t\t<\/div>\n\t\t\t\t\t<\/div>\n\t\t<\/div>\n\t\t\t\t\t<\/div>\n\t\t<\/section>\n\t\t\t\t<section class=\"elementor-section elementor-top-section elementor-element elementor-element-ca56459 elementor-section-boxed elementor-section-height-default elementor-section-height-default\" data-id=\"ca56459\" data-element_type=\"section\" data-e-type=\"section\" data-settings=\"{&quot;background_background&quot;:&quot;classic&quot;}\">\n\t\t\t\t\t\t<div class=\"elementor-container elementor-column-gap-default\">\n\t\t\t\t\t<div class=\"elementor-column elementor-col-50 elementor-top-column elementor-element elementor-element-8a7d9c6\" data-id=\"8a7d9c6\" data-element_type=\"column\" data-e-type=\"column\">\n\t\t\t<div class=\"elementor-widget-wrap elementor-element-populated\">\n\t\t\t\t\t\t<div class=\"elementor-element elementor-element-98d5f5d elementor-widget elementor-widget-image\" data-id=\"98d5f5d\" data-element_type=\"widget\" data-e-type=\"widget\" data-widget_type=\"image.default\">\n\t\t\t\t<div class=\"elementor-widget-container\">\n\t\t\t\t\t\t\t\t\t\t\t\t\t\t\t<img loading=\"lazy\" decoding=\"async\" width=\"640\" height=\"426\" src=\"https:\/\/salve-corda.org\/wp-content\/uploads\/2021\/07\/sainte-famille.png\" class=\"attachment-large size-large wp-image-872\" alt=\"\" srcset=\"https:\/\/salve-corda.org\/wp-content\/uploads\/2021\/07\/sainte-famille.png 700w, https:\/\/salve-corda.org\/wp-content\/uploads\/2021\/07\/sainte-famille-300x200.png 300w\" sizes=\"(max-width: 640px) 100vw, 640px\" \/>\t\t\t\t\t\t\t\t\t\t\t\t\t\t\t<\/div>\n\t\t\t\t<\/div>\n\t\t\t\t\t<\/div>\n\t\t<\/div>\n\t\t\t\t<div class=\"elementor-column elementor-col-50 elementor-top-column elementor-element elementor-element-04dc9a8\" data-id=\"04dc9a8\" data-element_type=\"column\" data-e-type=\"column\">\n\t\t\t<div class=\"elementor-widget-wrap elementor-element-populated\">\n\t\t\t\t\t\t<div class=\"elementor-element elementor-element-b19e7c7 elementor-widget elementor-widget-text-editor\" data-id=\"b19e7c7\" data-element_type=\"widget\" data-e-type=\"widget\" data-widget_type=\"text-editor.default\">\n\t\t\t\t<div class=\"elementor-widget-container\">\n\t\t\t\t\t\t\t\t\t<p>La Sainte Vierge a expliqu\u00e9 \u00e0 Fatima que dans le monde moderne elle ne nous demandait pas de p\u00e9nitence particuli\u00e8re mais simplement d&#8217;offrir les difficult\u00e9s de son devoir d&#8217;\u00e9tat pour la conversion des p\u00e9cheurs. Il suffit d\u2019y penser r\u00e9guli\u00e8rement et d\u2019en acqu\u00e9rir le r\u00e9flexe. D\u00e8s qu\u2019une souffrance, une difficult\u00e9, un sentiment de lassitude appara\u00eet, nous devons l&#8217;offrir \u00e0 Marie pour qu\u2019Elle sauve des p\u00e9cheurs qui vont mourir aujourd&#8217;hui. Rapidement cette pratique va rentrer dans notre vie quotidienne, et non seulement nous sauverons une multitude de p\u00e9cheurs, mais nous verrons que les peines de notre devoir d\u2019\u00e9tat deviendront plus faciles \u00e0 porter.*<\/p><p>\u00a0<\/p><p>\u00a0<\/p><p>* <i>Es sind nicht unsere eigenen kleinen Anstrengungen an sich.<\/i><i>es<\/i><i> die es erm\u00f6glichen, Seelen zu retten. Das ist die Macht der Heiligen Jungfrau. Aber aus Respekt vor der<\/i><i>a<\/i><i> Freiheit der Menschen braucht sie\u00a0<\/i><i>eines<b> freie Handlung<\/b>gestellte <\/i><i>durch uns selbst, um einzugreifen.<\/i><\/p>\t\t\t\t\t\t\t\t<\/div>\n\t\t\t\t<\/div>\n\t\t\t\t\t<\/div>\n\t\t<\/div>\n\t\t\t\t\t<\/div>\n\t\t<\/section>\n\t\t\t\t<section class=\"elementor-section elementor-top-section elementor-element elementor-element-3b2016d elementor-section-boxed elementor-section-height-default elementor-section-height-default\" data-id=\"3b2016d\" data-element_type=\"section\" data-e-type=\"section\">\n\t\t\t\t\t\t<div class=\"elementor-container elementor-column-gap-default\">\n\t\t\t\t\t<div class=\"elementor-column elementor-col-100 elementor-top-column elementor-element elementor-element-f43c3d9\" data-id=\"f43c3d9\" data-element_type=\"column\" data-e-type=\"column\">\n\t\t\t<div class=\"elementor-widget-wrap elementor-element-populated\">\n\t\t\t\t\t\t<div class=\"elementor-element elementor-element-5428cf3 elementor-widget elementor-widget-heading\" data-id=\"5428cf3\" data-element_type=\"widget\" data-e-type=\"widget\" data-widget_type=\"heading.default\">\n\t\t\t\t<div class=\"elementor-widget-container\">\n\t\t\t\t\t<h3 class=\"elementor-heading-title elementor-size-default\">KONSERATION zum Unbefleckten Herzen Mariens <\/h3>\t\t\t\t<\/div>\n\t\t\t\t<\/div>\n\t\t\t\t<div class=\"elementor-element elementor-element-785d65b elementor-widget elementor-widget-text-editor\" data-id=\"785d65b\" data-element_type=\"widget\" data-e-type=\"widget\" data-widget_type=\"text-editor.default\">\n\t\t\t\t<div class=\"elementor-widget-container\">\n\t\t\t\t\t\t\t\t\t<p><span style=\"color: var( --e-global-color-text ); font-family: var( --e-global-typography-18e5089-font-family ), Sans-serif; font-size: var( --e-global-typography-18e5089-font-size ); font-weight: var( --e-global-typography-18e5089-font-weight ); letter-spacing: var( --e-global-typography-18e5089-letter-spacing );\">Die Weihe ist eine Hingabe der eigenen Person an das Unbefleckte Herz Mariens und muss einmal im Leben vollzogen werden. Es ist jedoch gut, sie jedes Jahr zu erneuern.\u00a0<\/span><span style=\"color: var( --e-global-color-text ); font-family: var( --e-global-typography-18e5089-font-family ), Sans-serif; font-size: var( --e-global-typography-18e5089-font-size ); font-weight: var( --e-global-typography-18e5089-font-weight ); letter-spacing: var( --e-global-typography-18e5089-letter-spacing );\">Es gibt keine besonderen Regeln f\u00fcr ihre Durchf\u00fchrung. Aber unter Ber\u00fccksichtigung von <\/span><b style=\"color: var( --e-global-color-text ); font-family: var( --e-global-typography-18e5089-font-family ), Sans-serif; font-size: var( --e-global-typography-18e5089-font-size ); letter-spacing: var( --e-global-typography-18e5089-letter-spacing );\">die Bedeutung eines solchen Engagements <\/b><span style=\"color: var( --e-global-color-text ); font-family: var( --e-global-typography-18e5089-font-family ), Sans-serif; font-size: var( --e-global-typography-18e5089-font-size ); font-weight: var( --e-global-typography-18e5089-font-weight ); letter-spacing: var( --e-global-typography-18e5089-letter-spacing );\">kann man folgende Methode anwenden:<\/span><\/p><p><span style=\"color: var( --e-global-color-text ); font-family: var( --e-global-typography-18e5089-font-family ), Sans-serif; font-size: var( --e-global-typography-18e5089-font-size ); font-weight: var( --e-global-typography-18e5089-font-weight ); letter-spacing: var( --e-global-typography-18e5089-letter-spacing );\">\u00a0<\/span><\/p><p>Bereiten Sie sich innerlich vor und w\u00e4hlen Sie ein besonderes Datum (gro\u00dfes Fest, pers\u00f6nliches Datum usw.).\u00a0<\/p><p>Legen Sie Ihr Versprechen am gew\u00e4hlten Tag in einer Kirche oder Kapelle vor dem Allerheiligsten ab, wenn m\u00f6glich nach der Kommunion.<\/p><p>Um das Ereignis zu markieren, sollten Sie im Beisein von Verwandten, Familie oder Freunden sein (wenn Sie niemanden haben, sind Sie nicht allein: Machen Sie Ihr Versprechen mit Ihrem Schutzengel).<\/p><p>\u00a0<\/p><p>\u00a0<\/p><p>Da die Herzen von Jesus und Maria untrennbar miteinander verbunden sind, ist es logisch, eine <u><b>Weihe an die beiden Herzen Jesu und Marias<\/b><\/u> statt zwei getrennter Weihen.<\/p><p>Vous trouverez dans l\u2019onglet &#8220;pri\u00e8res&#8221; diff\u00e9rentes cons\u00e9crations.<\/p>\t\t\t\t\t\t\t\t<\/div>\n\t\t\t\t<\/div>\n\t\t\t\t\t<\/div>\n\t\t<\/div>\n\t\t\t\t\t<\/div>\n\t\t<\/section>\n\t\t\t\t<section class=\"elementor-section elementor-top-section elementor-element elementor-element-0078546 elementor-section-boxed elementor-section-height-default elementor-section-height-default\" data-id=\"0078546\" data-element_type=\"section\" data-e-type=\"section\" data-settings=\"{&quot;background_background&quot;:&quot;classic&quot;}\">\n\t\t\t\t\t\t<div class=\"elementor-container elementor-column-gap-default\">\n\t\t\t\t\t<div class=\"elementor-column elementor-col-100 elementor-top-column elementor-element elementor-element-f24a7e2\" data-id=\"f24a7e2\" data-element_type=\"column\" data-e-type=\"column\">\n\t\t\t<div class=\"elementor-widget-wrap elementor-element-populated\">\n\t\t\t\t\t\t<div class=\"elementor-element elementor-element-c669868 elementor-widget elementor-widget-heading\" data-id=\"c669868\" data-element_type=\"widget\" data-e-type=\"widget\" data-widget_type=\"heading.default\">\n\t\t\t\t<div class=\"elementor-widget-container\">\n\t\t\t\t\t<h2 class=\"elementor-heading-title elementor-size-default\">Ratschl\u00e4ge f\u00fcr diejenigen, die auch die Bitten des Heiligen Herzens erf\u00fcllen wollen<\/h2>\t\t\t\t<\/div>\n\t\t\t\t<\/div>\n\t\t\t\t\t<\/div>\n\t\t<\/div>\n\t\t\t\t\t<\/div>\n\t\t<\/section>\n\t\t\t\t<section class=\"elementor-section elementor-top-section elementor-element elementor-element-77ed42e elementor-section-boxed elementor-section-height-default elementor-section-height-default\" data-id=\"77ed42e\" data-element_type=\"section\" data-e-type=\"section\" data-settings=\"{&quot;background_background&quot;:&quot;classic&quot;}\">\n\t\t\t\t\t\t<div class=\"elementor-container elementor-column-gap-default\">\n\t\t\t\t\t<div class=\"elementor-column elementor-col-100 elementor-top-column elementor-element elementor-element-88f0cb0\" data-id=\"88f0cb0\" data-element_type=\"column\" data-e-type=\"column\">\n\t\t\t<div class=\"elementor-widget-wrap elementor-element-populated\">\n\t\t\t\t\t\t<div class=\"elementor-element elementor-element-81c196f elementor-widget elementor-widget-text-editor\" data-id=\"81c196f\" data-element_type=\"widget\" data-e-type=\"widget\" data-widget_type=\"text-editor.default\">\n\t\t\t\t<div class=\"elementor-widget-container\">\n\t\t\t\t\t\t\t\t\t<p>heilige Stunde am Donnerstag<\/p>\t\t\t\t\t\t\t\t<\/div>\n\t\t\t\t<\/div>\n\t\t\t\t\t<\/div>\n\t\t<\/div>\n\t\t\t\t\t<\/div>\n\t\t<\/section>\n\t\t\t\t<section class=\"elementor-section elementor-top-section elementor-element elementor-element-58a6563 elementor-section-boxed elementor-section-height-default elementor-section-height-default\" data-id=\"58a6563\" data-element_type=\"section\" data-e-type=\"section\" data-settings=\"{&quot;background_background&quot;:&quot;classic&quot;}\">\n\t\t\t\t\t\t<div class=\"elementor-container elementor-column-gap-default\">\n\t\t\t\t\t<div class=\"elementor-column elementor-col-50 elementor-top-column elementor-element elementor-element-c82c0dc\" data-id=\"c82c0dc\" data-element_type=\"column\" data-e-type=\"column\">\n\t\t\t<div class=\"elementor-widget-wrap elementor-element-populated\">\n\t\t\t\t\t\t<div class=\"elementor-element elementor-element-7fc4666 elementor-widget elementor-widget-image\" data-id=\"7fc4666\" data-element_type=\"widget\" data-e-type=\"widget\" data-widget_type=\"image.default\">\n\t\t\t\t<div class=\"elementor-widget-container\">\n\t\t\t\t\t\t\t\t\t\t\t\t\t\t\t<img loading=\"lazy\" decoding=\"async\" width=\"466\" height=\"600\" src=\"https:\/\/salve-corda.org\/wp-content\/uploads\/2021\/09\/agonie-de-jesus.jpg\" class=\"attachment-large size-large wp-image-2223\" alt=\"\" srcset=\"https:\/\/salve-corda.org\/wp-content\/uploads\/2021\/09\/agonie-de-jesus.jpg 466w, https:\/\/salve-corda.org\/wp-content\/uploads\/2021\/09\/agonie-de-jesus-233x300.jpg 233w\" sizes=\"(max-width: 466px) 100vw, 466px\" \/>\t\t\t\t\t\t\t\t\t\t\t\t\t\t\t<\/div>\n\t\t\t\t<\/div>\n\t\t\t\t\t<\/div>\n\t\t<\/div>\n\t\t\t\t<div class=\"elementor-column elementor-col-50 elementor-top-column elementor-element elementor-element-86e50c2\" data-id=\"86e50c2\" data-element_type=\"column\" data-e-type=\"column\">\n\t\t\t<div class=\"elementor-widget-wrap elementor-element-populated\">\n\t\t\t\t\t\t<div class=\"elementor-element elementor-element-7f05b50 elementor-widget elementor-widget-text-editor\" data-id=\"7f05b50\" data-element_type=\"widget\" data-e-type=\"widget\" data-widget_type=\"text-editor.default\">\n\t\t\t\t<div class=\"elementor-widget-container\">\n\t\t\t\t\t\t\t\t\t<p>Christus bat die Heilige Margareta Maria, jeden Donnerstag von 23 Uhr bis Mitternacht eine Stunde lang zu wachen und zu meditieren, um ihrer t\u00f6dlichen Traurigkeit im \u00d6lgarten zu gedenken.\u00a0<\/p><p><span style=\"color: var( --e-global-color-text ); font-family: var( --e-global-typography-text-font-family ), Sans-serif; font-size: var( --e-global-typography-text-font-size ); font-weight: var( --e-global-typography-text-font-weight );\">\u00a0<\/span><\/p><p><span style=\"color: var( --e-global-color-text ); font-family: var( --e-global-typography-text-font-family ), Sans-serif; font-size: var( --e-global-typography-text-font-size ); font-weight: var( --e-global-typography-text-font-weight );\">L&#8217;horaire a \u00e9t\u00e9 assoupli par les papes pour des raisons mat\u00e9rielles, tout le monde ne pouvant pas forc\u00e9ment \u00eatre disponible \u00e0 cette heure-l\u00e0 en raison de son devoir d&#8217;\u00e9tat. Ils ont permis que cette Heure Sainte soit r\u00e9alis\u00e9e le jeudi entre 14 heures et minuit.<\/span><\/p><p><span style=\"color: var( --e-global-color-text ); font-family: var( --e-global-typography-text-font-family ), Sans-serif; font-size: var( --e-global-typography-text-font-size ); font-weight: var( --e-global-typography-text-font-weight );\">\u00a0<\/span><\/p><p>Nous conseillons de commencer au moins une fois par mois et de se rassembler pour faire l&#8217;Heure Sainte <b>am Vorabend des 1. Freitags im Monat<\/b>. Pour \u00eatre nombreux et tenir compte de la vie \u00e0 la fois professionnelle et familiale il est recommand\u00e9 aux cit\u00e9s de l&#8217;organiser dans une Eglise vers 21 ou 22 heures.<\/p>\t\t\t\t\t\t\t\t<\/div>\n\t\t\t\t<\/div>\n\t\t\t\t\t<\/div>\n\t\t<\/div>\n\t\t\t\t\t<\/div>\n\t\t<\/section>\n\t\t\t\t<section class=\"elementor-section elementor-top-section elementor-element elementor-element-82212f1 elementor-section-boxed elementor-section-height-default elementor-section-height-default\" data-id=\"82212f1\" data-element_type=\"section\" data-e-type=\"section\" data-settings=\"{&quot;background_background&quot;:&quot;classic&quot;}\">\n\t\t\t\t\t\t<div class=\"elementor-container elementor-column-gap-default\">\n\t\t\t\t\t<div class=\"elementor-column elementor-col-50 elementor-top-column elementor-element elementor-element-599c239\" data-id=\"599c239\" data-element_type=\"column\" data-e-type=\"column\">\n\t\t\t<div class=\"elementor-widget-wrap elementor-element-populated\">\n\t\t\t\t\t\t<div class=\"elementor-element elementor-element-100084e elementor-widget elementor-widget-text-editor\" data-id=\"100084e\" data-element_type=\"widget\" data-e-type=\"widget\" data-widget_type=\"text-editor.default\">\n\t\t\t\t<div class=\"elementor-widget-container\">\n\t\t\t\t\t\t\t\t\t<p><span style=\"color: #9e771a; font-size: 20px; text-transform: uppercase;\">Kommunion an den 1. Freitagen des Monats<\/span><\/p>\t\t\t\t\t\t\t\t<\/div>\n\t\t\t\t<\/div>\n\t\t\t\t<div class=\"elementor-element elementor-element-0656245 elementor-widget elementor-widget-text-editor\" data-id=\"0656245\" data-element_type=\"widget\" data-e-type=\"widget\" data-widget_type=\"text-editor.default\">\n\t\t\t\t<div class=\"elementor-widget-container\">\n\t\t\t\t\t\t\t\t\t<p>Le sacr\u00e9-Coeur nous a demand\u00e9 de communier chaque 1er vendredi du mois pour r\u00e9parer les offenses qui lui sont faites. Il n&#8217;a rien demand\u00e9 d&#8217;autre ce jour-l\u00e0.<\/p><p>\u00a0<\/p><p>\u00a0<\/p><p>S&#8217;il y a une Cit\u00e9 Salve Corda, une Messe est organis\u00e9e.<\/p>\t\t\t\t\t\t\t\t<\/div>\n\t\t\t\t<\/div>\n\t\t\t\t\t<\/div>\n\t\t<\/div>\n\t\t\t\t<div class=\"elementor-column elementor-col-50 elementor-top-column elementor-element elementor-element-775ce35\" data-id=\"775ce35\" data-element_type=\"column\" data-e-type=\"column\">\n\t\t\t<div class=\"elementor-widget-wrap elementor-element-populated\">\n\t\t\t\t\t\t<div class=\"elementor-element elementor-element-894529f elementor-widget elementor-widget-image\" data-id=\"894529f\" data-element_type=\"widget\" data-e-type=\"widget\" data-widget_type=\"image.default\">\n\t\t\t\t<div class=\"elementor-widget-container\">\n\t\t\t\t\t\t\t\t\t\t\t\t\t\t\t<img loading=\"lazy\" decoding=\"async\" width=\"412\" height=\"392\" src=\"https:\/\/salve-corda.org\/wp-content\/uploads\/2020\/09\/Image7.jpg\" class=\"attachment-large size-large wp-image-274\" alt=\"\" srcset=\"https:\/\/salve-corda.org\/wp-content\/uploads\/2020\/09\/Image7.jpg 412w, https:\/\/salve-corda.org\/wp-content\/uploads\/2020\/09\/Image7-300x285.jpg 300w\" sizes=\"(max-width: 412px) 100vw, 412px\" \/>\t\t\t\t\t\t\t\t\t\t\t\t\t\t\t<\/div>\n\t\t\t\t<\/div>\n\t\t\t\t\t<\/div>\n\t\t<\/div>\n\t\t\t\t\t<\/div>\n\t\t<\/section>\n\t\t\t\t<section class=\"elementor-section elementor-top-section elementor-element elementor-element-749422f elementor-section-boxed elementor-section-height-default elementor-section-height-default\" data-id=\"749422f\" data-element_type=\"section\" data-e-type=\"section\" data-settings=\"{&quot;background_background&quot;:&quot;classic&quot;}\">\n\t\t\t\t\t\t<div class=\"elementor-container elementor-column-gap-default\">\n\t\t\t\t\t<div class=\"elementor-column elementor-col-100 elementor-top-column elementor-element elementor-element-24f1bda\" data-id=\"24f1bda\" data-element_type=\"column\" data-e-type=\"column\">\n\t\t\t<div class=\"elementor-widget-wrap elementor-element-populated\">\n\t\t\t\t\t\t<div class=\"elementor-element elementor-element-14fb7e8 elementor-widget elementor-widget-text-editor\" data-id=\"14fb7e8\" data-element_type=\"widget\" data-e-type=\"widget\" data-widget_type=\"text-editor.default\">\n\t\t\t\t<div class=\"elementor-widget-container\">\n\t\t\t\t\t\t\t\t\t<p>v\u00e9n\u00e9rer l&#8217;image du sacr\u00e9-coeur<\/p>\t\t\t\t\t\t\t\t<\/div>\n\t\t\t\t<\/div>\n\t\t\t\t\t<\/div>\n\t\t<\/div>\n\t\t\t\t\t<\/div>\n\t\t<\/section>\n\t\t\t\t<section class=\"elementor-section elementor-top-section elementor-element elementor-element-1129108 elementor-section-boxed elementor-section-height-default elementor-section-height-default\" data-id=\"1129108\" data-element_type=\"section\" data-e-type=\"section\" data-settings=\"{&quot;background_background&quot;:&quot;classic&quot;}\">\n\t\t\t\t\t\t<div class=\"elementor-container elementor-column-gap-default\">\n\t\t\t\t\t<div class=\"elementor-column elementor-col-100 elementor-top-column elementor-element elementor-element-89a42ca\" data-id=\"89a42ca\" data-element_type=\"column\" data-e-type=\"column\">\n\t\t\t<div class=\"elementor-widget-wrap elementor-element-populated\">\n\t\t\t\t\t\t<div class=\"elementor-element elementor-element-a235580 elementor-widget elementor-widget-text-editor\" data-id=\"a235580\" data-element_type=\"widget\" data-e-type=\"widget\" data-widget_type=\"text-editor.default\">\n\t\t\t\t<div class=\"elementor-widget-container\">\n\t\t\t\t\t\t\t\t\t<p>Le Sacr\u00e9-Coeur a demand\u00e9 qu&#8217;il soit v\u00e9n\u00e9r\u00e9 dans les familles. Il faut donc avoir une repr\u00e9sentation chez soi sous forme de statue ou de tableau. Il doit \u00eatre \u00e0 une place d&#8217;honneur : salon, entr\u00e9e ou oratoire lorsqu&#8217;on en a un.&nbsp;<span style=\"color: var( --e-global-color-text ); font-family: var( --e-global-typography-text-font-family ), Sans-serif; font-size: var( --e-global-typography-text-font-size ); font-weight: var( --e-global-typography-text-font-weight );\">Wenn wir also im Laufe des Tages daran vorbeigehen, denken wir regelm\u00e4\u00dfig an ihn. Wir k\u00f6nnen<\/span><span style=\"color: var( --e-global-color-text ); font-family: var( --e-global-typography-text-font-family ), Sans-serif; font-size: var( --e-global-typography-text-font-size ); font-weight: var( --e-global-typography-text-font-weight );\">&nbsp;dort nebenan eine Statue des Unbefleckten Herzens Marias assoziieren.&nbsp;<\/span><\/p>\t\t\t\t\t\t\t\t<\/div>\n\t\t\t\t<\/div>\n\t\t\t\t\t<\/div>\n\t\t<\/div>\n\t\t\t\t\t<\/div>\n\t\t<\/section>\n\t\t\t\t<\/div>","protected":false},"excerpt":{"rendered":"<p>Praktische Ratschl\u00e4ge f\u00fcr die ERF\u00dcLLUNG der Bitten vonS COEURS DE JESUS ET MARIE Kommunion an den ersten Samstagen des Monats Notieren Sie sich die ersten Samstage des Monats im Voraus in Ihrem Kalender, so wie man seine [...].<\/p>","protected":false},"author":1,"featured_media":0,"parent":0,"menu_order":0,"comment_status":"closed","ping_status":"closed","template":"elementor_header_footer","meta":{"footnotes":""},"class_list":["post-459","page","type-page","status-publish","hentry"],"_links":{"self":[{"href":"https:\/\/salve-corda.org\/de\/wp-json\/wp\/v2\/pages\/459","targetHints":{"allow":["GET"]}}],"collection":[{"href":"https:\/\/salve-corda.org\/de\/wp-json\/wp\/v2\/pages"}],"about":[{"href":"https:\/\/salve-corda.org\/de\/wp-json\/wp\/v2\/types\/page"}],"author":[{"embeddable":true,"href":"https:\/\/salve-corda.org\/de\/wp-json\/wp\/v2\/users\/1"}],"replies":[{"embeddable":true,"href":"https:\/\/salve-corda.org\/de\/wp-json\/wp\/v2\/comments?post=459"}],"version-history":[{"count":264,"href":"https:\/\/salve-corda.org\/de\/wp-json\/wp\/v2\/pages\/459\/revisions"}],"predecessor-version":[{"id":5933,"href":"https:\/\/salve-corda.org\/de\/wp-json\/wp\/v2\/pages\/459\/revisions\/5933"}],"wp:attachment":[{"href":"https:\/\/salve-corda.org\/de\/wp-json\/wp\/v2\/media?parent=459"}],"curies":[{"name":"wp","href":"https:\/\/api.w.org\/{rel}","templated":true}]}}