{"id":467,"date":"2020-09-25T15:22:43","date_gmt":"2020-09-25T13:22:43","guid":{"rendered":"https:\/\/salve-corda.org\/?page_id=467"},"modified":"2021-12-01T22:41:20","modified_gmt":"2021-12-01T21:41:20","slug":"pourquoi-rassembler-les-coeurs-de-jesus-marie","status":"publish","type":"page","link":"https:\/\/salve-corda.org\/de\/pourquoi-rassembler-les-coeurs-de-jesus-marie\/","title":{"rendered":"Warum die Herzen von Jesus &amp; Maria zusammenbringen?"},"content":{"rendered":"<div data-elementor-type=\"wp-page\" data-elementor-id=\"467\" class=\"elementor elementor-467\">\n\t\t\t\t\t\t<section class=\"elementor-section elementor-top-section elementor-element elementor-element-43623e4 elementor-section-boxed elementor-section-height-default elementor-section-height-default\" data-id=\"43623e4\" data-element_type=\"section\" data-e-type=\"section\">\n\t\t\t\t\t\t<div class=\"elementor-container elementor-column-gap-default\">\n\t\t\t\t\t<div class=\"elementor-column elementor-col-100 elementor-top-column elementor-element elementor-element-ef631d9\" data-id=\"ef631d9\" data-element_type=\"column\" data-e-type=\"column\">\n\t\t\t<div class=\"elementor-widget-wrap\">\n\t\t\t\t\t\t\t<\/div>\n\t\t<\/div>\n\t\t\t\t\t<\/div>\n\t\t<\/section>\n\t\t\t\t<section class=\"elementor-section elementor-top-section elementor-element elementor-element-1316a7f elementor-section-boxed elementor-section-height-default elementor-section-height-default\" data-id=\"1316a7f\" data-element_type=\"section\" data-e-type=\"section\">\n\t\t\t\t\t\t<div class=\"elementor-container elementor-column-gap-default\">\n\t\t\t\t\t<div class=\"elementor-column elementor-col-100 elementor-top-column elementor-element elementor-element-3afe7f8\" data-id=\"3afe7f8\" data-element_type=\"column\" data-e-type=\"column\">\n\t\t\t<div class=\"elementor-widget-wrap\">\n\t\t\t\t\t\t\t<\/div>\n\t\t<\/div>\n\t\t\t\t\t<\/div>\n\t\t<\/section>\n\t\t\t\t<section class=\"elementor-section elementor-top-section elementor-element elementor-element-da1e853 elementor-section-boxed elementor-section-height-default elementor-section-height-default\" data-id=\"da1e853\" data-element_type=\"section\" data-e-type=\"section\">\n\t\t\t\t\t\t<div class=\"elementor-container elementor-column-gap-default\">\n\t\t\t\t\t<div class=\"elementor-column elementor-col-100 elementor-top-column elementor-element elementor-element-4f5cb02\" data-id=\"4f5cb02\" data-element_type=\"column\" data-e-type=\"column\">\n\t\t\t<div class=\"elementor-widget-wrap elementor-element-populated\">\n\t\t\t\t\t\t<div class=\"elementor-element elementor-element-1fa5091 elementor-widget elementor-widget-spacer\" data-id=\"1fa5091\" data-element_type=\"widget\" data-e-type=\"widget\" data-widget_type=\"spacer.default\">\n\t\t\t\t<div class=\"elementor-widget-container\">\n\t\t\t\t\t\t\t<div class=\"elementor-spacer\">\n\t\t\t<div class=\"elementor-spacer-inner\"><\/div>\n\t\t<\/div>\n\t\t\t\t\t\t<\/div>\n\t\t\t\t<\/div>\n\t\t\t\t\t<\/div>\n\t\t<\/div>\n\t\t\t\t\t<\/div>\n\t\t<\/section>\n\t\t\t\t<section class=\"elementor-section elementor-top-section elementor-element elementor-element-56f35a0 elementor-section-boxed elementor-section-height-default elementor-section-height-default\" data-id=\"56f35a0\" data-element_type=\"section\" data-e-type=\"section\">\n\t\t\t\t\t\t<div class=\"elementor-container elementor-column-gap-default\">\n\t\t\t\t\t<div class=\"elementor-column elementor-col-100 elementor-top-column elementor-element elementor-element-2932c8c\" data-id=\"2932c8c\" data-element_type=\"column\" data-e-type=\"column\">\n\t\t\t<div class=\"elementor-widget-wrap elementor-element-populated\">\n\t\t\t\t\t\t<div class=\"elementor-element elementor-element-bc22c98 elementor-widget elementor-widget-heading\" data-id=\"bc22c98\" data-element_type=\"widget\" data-e-type=\"widget\" data-widget_type=\"heading.default\">\n\t\t\t\t<div class=\"elementor-widget-container\">\n\t\t\t\t\t<h2 class=\"elementor-heading-title elementor-size-default\">Warum werden Andachten zu den Herzen Jesu und Marias gesammelt?\n<\/h2>\t\t\t\t<\/div>\n\t\t\t\t<\/div>\n\t\t\t\t<div class=\"elementor-element elementor-element-3cdb236 elementor-widget elementor-widget-text-editor\" data-id=\"3cdb236\" data-element_type=\"widget\" data-e-type=\"widget\" data-widget_type=\"text-editor.default\">\n\t\t\t\t<div class=\"elementor-widget-container\">\n\t\t\t\t\t\t\t\t\t<p>Es kommt ziemlich h\u00e4ufig vor, wenn man vom Unbefleckten Herzen Mariens spricht, dass Menschen es nicht verstehen, weil es \"schon\" das Heilige Herz gibt. Ist das nicht eine Art Doppelung? Kann man nicht w\u00e4hlen? Die Antwort lautet wie folgt.\u00a0<br \/><span style=\"color: var( --e-global-color-text ); font-family: var( --e-global-typography-18e5089-font-family ), Sans-serif; font-size: var( --e-global-typography-18e5089-font-size ); font-weight: var( --e-global-typography-18e5089-font-weight ); letter-spacing: var( --e-global-typography-18e5089-letter-spacing );\"><br \/>Die Liebe zwischen Christus und der Heiligen Jungfrau vereint sie so sehr, dass ihre Herzen in Wirklichkeit nur eine einzige Einheit bilden.<\/span> <b style=\"color: var( --e-global-color-text ); font-family: var( --e-global-typography-18e5089-font-family ), Sans-serif; font-size: var( --e-global-typography-18e5089-font-size ); letter-spacing: var( --e-global-typography-18e5089-letter-spacing );\">als ein einziger.\u00a0<\/b><\/p><p><span style=\"color: var( --e-global-color-text ); font-family: var( --e-global-typography-18e5089-font-family ), Sans-serif; font-size: var( --e-global-typography-18e5089-font-size ); letter-spacing: var( --e-global-typography-18e5089-letter-spacing ); font-weight: bold; text-align: center;\">C&#8217;est ce qu&#8217;explique Saint\u00a0<\/span><span style=\"color: var( --e-global-color-text ); font-family: var( --e-global-typography-18e5089-font-family ), Sans-serif; font-size: var( --e-global-typography-18e5089-font-size ); letter-spacing: var( --e-global-typography-18e5089-letter-spacing ); font-weight: bold; text-align: center;\">Jean-Eudes :\u00a0<\/span><span style=\"color: var( --e-global-color-text ); font-family: var( --e-global-typography-18e5089-font-family ), Sans-serif; font-size: var( --e-global-typography-18e5089-font-size ); letter-spacing: var( --e-global-typography-18e5089-letter-spacing ); font-weight: bold; text-align: center;\">Hingabe\u00a0<\/span><span style=\"color: var( --e-global-color-text ); font-family: var( --e-global-typography-18e5089-font-family ), Sans-serif; font-size: var( --e-global-typography-18e5089-font-size ); letter-spacing: var( --e-global-typography-18e5089-letter-spacing ); font-weight: bold; text-align: center;\">zu den Herzen\u00a0<\/span><span style=\"color: var( --e-global-color-text ); font-family: var( --e-global-typography-18e5089-font-family ), Sans-serif; font-size: var( --e-global-typography-18e5089-font-size ); letter-spacing: var( --e-global-typography-18e5089-letter-spacing ); font-weight: bold; text-align: center;\">von Jesus und\u00a0<\/span><span style=\"color: var( --e-global-color-text ); font-family: var( --e-global-typography-18e5089-font-family ), Sans-serif; font-size: var( --e-global-typography-18e5089-font-size ); letter-spacing: var( --e-global-typography-18e5089-letter-spacing ); font-weight: bold; text-align: center;\">M<\/span><span style=\"color: var( --e-global-color-text ); font-family: var( --e-global-typography-18e5089-font-family ), Sans-serif; font-size: var( --e-global-typography-18e5089-font-size ); letter-spacing: var( --e-global-typography-18e5089-letter-spacing ); font-weight: bold; text-align: center;\">arie ist ein Abbild der Heiligen Dreifaltigkeit<\/span><span style=\"color: var( --e-global-color-text ); font-family: var( --e-global-typography-18e5089-font-family ), Sans-serif; font-size: var( --e-global-typography-18e5089-font-size ); font-weight: var( --e-global-typography-18e5089-font-weight ); letter-spacing: var( --e-global-typography-18e5089-letter-spacing ); text-align: center;\">\u00a0<\/span><span style=\"color: var( --e-global-color-text ); font-family: var( --e-global-typography-18e5089-font-family ), Sans-serif; font-size: var( --e-global-typography-18e5089-font-size ); letter-spacing: var( --e-global-typography-18e5089-letter-spacing ); font-weight: bold; text-align: center;\">: Es gibt eine einzige Hingabe an einen einzigen\u00a0<\/span><span style=\"color: var( --e-global-color-text ); font-family: var( --e-global-typography-18e5089-font-family ), Sans-serif; font-size: var( --e-global-typography-18e5089-font-size ); letter-spacing: var( --e-global-typography-18e5089-letter-spacing ); font-weight: bold; text-align: center;\">Herz<\/span><span style=\"color: var( --e-global-color-text ); font-family: var( --e-global-typography-18e5089-font-family ), Sans-serif; font-size: var( --e-global-typography-18e5089-font-size ); letter-spacing: var( --e-global-typography-18e5089-letter-spacing ); font-weight: bold; text-align: center;\">sondern aus den\u00a0<\/span><span style=\"color: var( --e-global-color-text ); font-family: var( --e-global-typography-18e5089-font-family ), Sans-serif; font-size: var( --e-global-typography-18e5089-font-size ); letter-spacing: var( --e-global-typography-18e5089-letter-spacing ); font-weight: bold; text-align: center;\">Herzen<\/span><span style=\"color: var( --e-global-color-text ); font-family: var( --e-global-typography-18e5089-font-family ), Sans-serif; font-size: var( --e-global-typography-18e5089-font-size ); letter-spacing: var( --e-global-typography-18e5089-letter-spacing ); font-weight: bold; text-align: center;\">\u00a0von zwei Personen vereint.<\/span><span style=\"font-family: var( --e-global-typography-18e5089-font-family ), Sans-serif; font-size: var( --e-global-typography-18e5089-font-size ); font-weight: var( --e-global-typography-18e5089-font-weight ); letter-spacing: var( --e-global-typography-18e5089-letter-spacing ); color: #6288c6;\"><i>\u00a0<\/i><\/span><\/p><p><span style=\"font-family: var( --e-global-typography-18e5089-font-family ), Sans-serif; font-size: var( --e-global-typography-18e5089-font-size ); font-weight: var( --e-global-typography-18e5089-font-weight ); letter-spacing: var( --e-global-typography-18e5089-letter-spacing ); color: #6288c6;\"><i>\u00a0<\/i><\/span><\/p><p><span style=\"color: var( --e-global-color-text ); font-family: var( --e-global-typography-18e5089-font-family ), Sans-serif; font-size: var( --e-global-typography-18e5089-font-size ); font-weight: var( --e-global-typography-18e5089-font-weight ); letter-spacing: var( --e-global-typography-18e5089-letter-spacing );\">\u00a0Erinnern wir uns daran, dass die Heilige Jungfrau selbst darum gebeten hat, diese beiden Herzen auf die wundert\u00e4tige Medaille zu setzen. Au\u00dferdem ist die<\/span><span style=\"color: var( --e-global-color-text ); font-family: var( --e-global-typography-18e5089-font-family ), Sans-serif; font-size: var( --e-global-typography-18e5089-font-size ); font-weight: var( --e-global-typography-18e5089-font-weight ); letter-spacing: var( --e-global-typography-18e5089-letter-spacing );\">Die Lehren der Heiligen, der P\u00e4pste und von Fatima laufen in dieser h\u00f6chsten Hingabe zusammen. Lassen Sie uns ihnen zuh\u00f6ren:<\/span><\/p>\t\t\t\t\t\t\t\t<\/div>\n\t\t\t\t<\/div>\n\t\t\t\t\t<\/div>\n\t\t<\/div>\n\t\t\t\t\t<\/div>\n\t\t<\/section>\n\t\t\t\t<section class=\"elementor-section elementor-top-section elementor-element elementor-element-4a4a10f elementor-section-boxed elementor-section-height-default elementor-section-height-default\" data-id=\"4a4a10f\" data-element_type=\"section\" data-e-type=\"section\">\n\t\t\t\t\t\t<div class=\"elementor-container elementor-column-gap-default\">\n\t\t\t\t\t<div class=\"elementor-column elementor-col-50 elementor-top-column elementor-element elementor-element-12579cc\" data-id=\"12579cc\" data-element_type=\"column\" data-e-type=\"column\">\n\t\t\t<div class=\"elementor-widget-wrap elementor-element-populated\">\n\t\t\t\t\t\t<div class=\"elementor-element elementor-element-c746efd elementor-widget elementor-widget-image\" data-id=\"c746efd\" data-element_type=\"widget\" data-e-type=\"widget\" data-widget_type=\"image.default\">\n\t\t\t\t<div class=\"elementor-widget-container\">\n\t\t\t\t\t\t\t\t\t\t\t\t\t\t\t<img fetchpriority=\"high\" decoding=\"async\" width=\"640\" height=\"790\" src=\"https:\/\/salve-corda.org\/wp-content\/uploads\/2021\/09\/Sans-titre-9.png\" class=\"attachment-large size-large wp-image-2523\" alt=\"\" srcset=\"https:\/\/salve-corda.org\/wp-content\/uploads\/2021\/09\/Sans-titre-9.png 670w, https:\/\/salve-corda.org\/wp-content\/uploads\/2021\/09\/Sans-titre-9-243x300.png 243w\" sizes=\"(max-width: 640px) 100vw, 640px\" \/>\t\t\t\t\t\t\t\t\t\t\t\t\t\t\t<\/div>\n\t\t\t\t<\/div>\n\t\t\t\t\t<\/div>\n\t\t<\/div>\n\t\t\t\t<div class=\"elementor-column elementor-col-50 elementor-top-column elementor-element elementor-element-2f1e6ce\" data-id=\"2f1e6ce\" data-element_type=\"column\" data-e-type=\"column\">\n\t\t\t<div class=\"elementor-widget-wrap elementor-element-populated\">\n\t\t\t\t\t\t<div class=\"elementor-element elementor-element-ca88d9e elementor-widget elementor-widget-text-editor\" data-id=\"ca88d9e\" data-element_type=\"widget\" data-e-type=\"widget\" data-widget_type=\"text-editor.default\">\n\t\t\t\t<div class=\"elementor-widget-container\">\n\t\t\t\t\t\t\t\t\t<p><span style=\"color: #6288c6;\"><i>In<\/i> <i>mietet<\/i> <i>diese<\/i> <i>Herz<\/i><i> liebenswert, <\/i><i>(der <\/i><i>S<\/i><i>acr<\/i><i>\u00e9<\/i>&#8211;<i>C<\/i><i>oeur<\/i> <i>)<\/i><\/span><\/p><p><span style=\"color: #6288c6;\"><i>Ich<\/i> <i>vermiete<\/i><i> mit Anteil<\/i><\/span><\/p><p><span style=\"color: #6288c6;\"><i>Die <\/i><i>Herz<\/i><i> von <\/i><i>seine<\/i> <i>Mutter<\/i><i> bewundernswert,<\/i><\/span><\/p><p><span style=\"color: #6288c6;\"><i>So viel<\/i> <i>ist<\/i> <i>gro\u00dfe<\/i> <i>ihre<\/i><i> union.<\/i><\/span><\/p><p>\u00a0<\/p><p>Heiliger Louis-Marie Grignon de Montfort<\/p><p style=\"text-align: justify;\"><span style=\"color: #6288c6;\"><i>\"Das Herz von\u00a0<\/i><i>Jesus<\/i>\u00a0<i>will<\/i><i>\u00a0als,\u00a0<\/i><i>\u00e0<\/i><i>\u00a0seine\u00a0<\/i><i>Seite<\/i><i>In einem\u00a0<\/i><i>verehrt<\/i><i>\u00a0das Herz\u00a0<\/i><i>Unbefleckt<\/i><i>\u00a0von Maria\".<\/i><\/span><\/p><p>\u00a0<\/p><p style=\"text-align: justify;\">Jacinta, eine der Seherinnen von Fatima vor ihrem Tod<\/p><p style=\"text-align: justify;\"><span style=\"color: #6288c6; font-family: var( --e-global-typography-text-font-family ), Sans-serif; font-size: var( --e-global-typography-text-font-size ); font-weight: var( --e-global-typography-text-font-weight );\">\"\u00a0<\/span><i style=\"color: #6288c6; font-family: var( --e-global-typography-text-font-family ), Sans-serif; font-size: var( --e-global-typography-text-font-size ); font-weight: var( --e-global-typography-text-font-weight );\">Les fid\u00e8les doivent veiller \u00e0 associer \u00e9troitement le culte du Sacr\u00e9-C\u0153ur et le culte envers le C\u0153ur Immacul\u00e9 de Marie, car notre salut vient de l&#8217;amour et des souffrances de J\u00e9sus-Christ indissolublement unis \u00e0 l&#8217;amour et aux souffrances de sa M\u00e8re.<\/i><span style=\"color: #6288c6; font-family: var( --e-global-typography-text-font-family ), Sans-serif; font-size: var( --e-global-typography-text-font-size ); font-weight: var( --e-global-typography-text-font-weight );\">\u00a0\"<\/span><\/p><p>\u00a0<\/p><p style=\"text-align: justify;\"><span style=\"text-align: right; color: var( --e-global-color-text ); font-family: var( --e-global-typography-text-font-family ), Sans-serif; font-size: var( --e-global-typography-text-font-size ); font-weight: var( --e-global-typography-text-font-weight );\">Pius XII., 8. Dezember 1942, an dem Tag, an dem er zum zweiten Mal die Welt dem Unbefleckten Herzen Mariens weihte.<\/span><\/p>\t\t\t\t\t\t\t\t<\/div>\n\t\t\t\t<\/div>\n\t\t\t\t\t<\/div>\n\t\t<\/div>\n\t\t\t\t\t<\/div>\n\t\t<\/section>\n\t\t\t\t<section class=\"elementor-section elementor-top-section elementor-element elementor-element-7d6230d elementor-section-boxed elementor-section-height-default elementor-section-height-default\" data-id=\"7d6230d\" data-element_type=\"section\" data-e-type=\"section\">\n\t\t\t\t\t\t<div class=\"elementor-container elementor-column-gap-default\">\n\t\t\t\t\t<div class=\"elementor-column elementor-col-50 elementor-top-column elementor-element elementor-element-c17a37d\" data-id=\"c17a37d\" data-element_type=\"column\" data-e-type=\"column\">\n\t\t\t<div class=\"elementor-widget-wrap elementor-element-populated\">\n\t\t\t\t\t\t<div class=\"elementor-element elementor-element-6188c44 elementor-widget elementor-widget-text-editor\" data-id=\"6188c44\" data-element_type=\"widget\" data-e-type=\"widget\" data-widget_type=\"text-editor.default\">\n\t\t\t\t<div class=\"elementor-widget-container\">\n\t\t\t\t\t\t\t\t\t<p>In Fatima werden die Herzen von Jesus und Maria von Anfang an zusammengebracht. Denn der Engel, der den Kindern im Jahr 2016 dreimal erschien, um sie auf das Kommen der Heiligen Jungfrau vorzubereiten, sprach jedes Mal mit ihnen dar\u00fcber.<\/p><p>\u00a0<\/p><p>1. Erscheinung:<\/p><p><b><i>\"Die Herzen Jesu und Marias h\u00f6ren auf die Stimme eures Flehens\".<\/i><\/b><\/p><p><b><i>\u00a0<\/i><\/b><\/p><p>2. Erscheinung:<\/p><p><b><i>Die Heiligen Herzen Jesu und Marias haben barmherzige Pl\u00e4ne f\u00fcr Sie.<\/i><\/b><\/p><p><b><i>\u00a0<\/i><\/b><\/p><p>3. Erscheinung<\/p><p><b><i>Durch die unendlichen Verdienste Seines Heiligsten Herzens und des Unbefleckten Herzens Marias bitte ich Dich um die Bekehrung der armen S\u00fcnder\".\u00a0<\/i><\/b><\/p>\t\t\t\t\t\t\t\t<\/div>\n\t\t\t\t<\/div>\n\t\t\t\t\t<\/div>\n\t\t<\/div>\n\t\t\t\t<div class=\"elementor-column elementor-col-50 elementor-top-column elementor-element elementor-element-871aa07\" data-id=\"871aa07\" data-element_type=\"column\" data-e-type=\"column\">\n\t\t\t<div class=\"elementor-widget-wrap elementor-element-populated\">\n\t\t\t\t\t\t<div class=\"elementor-element elementor-element-dc1c9c7 elementor-widget elementor-widget-image\" data-id=\"dc1c9c7\" data-element_type=\"widget\" data-e-type=\"widget\" data-widget_type=\"image.default\">\n\t\t\t\t<div class=\"elementor-widget-container\">\n\t\t\t\t\t\t\t\t\t\t\t\t\t\t\t<img decoding=\"async\" width=\"558\" height=\"451\" src=\"https:\/\/salve-corda.org\/wp-content\/uploads\/2021\/09\/external-content.duckduckgo.jpg\" class=\"attachment-large size-large wp-image-2515\" alt=\"\" srcset=\"https:\/\/salve-corda.org\/wp-content\/uploads\/2021\/09\/external-content.duckduckgo.jpg 558w, https:\/\/salve-corda.org\/wp-content\/uploads\/2021\/09\/external-content.duckduckgo-300x242.jpg 300w\" sizes=\"(max-width: 558px) 100vw, 558px\" \/>\t\t\t\t\t\t\t\t\t\t\t\t\t\t\t<\/div>\n\t\t\t\t<\/div>\n\t\t\t\t\t<\/div>\n\t\t<\/div>\n\t\t\t\t\t<\/div>\n\t\t<\/section>\n\t\t\t\t<section class=\"elementor-section elementor-top-section elementor-element elementor-element-6f25be9 elementor-section-boxed elementor-section-height-default elementor-section-height-default\" data-id=\"6f25be9\" data-element_type=\"section\" data-e-type=\"section\">\n\t\t\t\t\t\t<div class=\"elementor-container elementor-column-gap-default\">\n\t\t\t\t\t<div class=\"elementor-column elementor-col-100 elementor-top-column elementor-element elementor-element-9a5b0c8\" data-id=\"9a5b0c8\" data-element_type=\"column\" data-e-type=\"column\">\n\t\t\t<div class=\"elementor-widget-wrap elementor-element-populated\">\n\t\t\t\t\t\t<div class=\"elementor-element elementor-element-5787814 elementor-widget elementor-widget-text-editor\" data-id=\"5787814\" data-element_type=\"widget\" data-e-type=\"widget\" data-widget_type=\"text-editor.default\">\n\t\t\t\t<div class=\"elementor-widget-container\">\n\t\t\t\t\t\t\t\t\t<p><span style=\"text-align: right; color: var( --e-global-color-text ); font-family: var( --e-global-typography-18e5089-font-family ), Sans-serif; font-size: var( --e-global-typography-18e5089-font-size ); font-weight: var( --e-global-typography-18e5089-font-weight ); letter-spacing: var( --e-global-typography-18e5089-letter-spacing );\">\u00a0<\/span><span style=\"color: var( --e-global-color-text ); font-family: var( --e-global-typography-18e5089-font-family ), Sans-serif; font-size: var( --e-global-typography-18e5089-font-size ); font-weight: var( --e-global-typography-18e5089-font-weight ); letter-spacing: var( --e-global-typography-18e5089-letter-spacing );\">Am 29. Mai 1930 schrieb Schwester Lucia: <br \/><\/span><span style=\"font-family: var( --e-global-typography-18e5089-font-family ), Sans-serif; font-size: var( --e-global-typography-18e5089-font-size ); font-weight: var( --e-global-typography-18e5089-font-weight ); letter-spacing: var( --e-global-typography-18e5089-letter-spacing ); color: #6288c6;\">\"\u00a0<i>Der liebe Gott verspricht, der Verfolgung in Russland ein Ende zu setzen, wenn der Heilige Vater sich dazu herabl\u00e4sst und die Bisch\u00f6fe der katholischen Welt anweist, ebenfalls einen feierlichen und \u00f6ffentlichen Akt der Wiedergutmachung und der Weihe Russlands an die Allerheiligsten zu vollziehen.\u00a0<\/i><i>Heilige Herzen Jesu<\/i><i>\u00a0und Marias, wobei Seine Heiligkeit versprach, nach Beendigung dieser Verfolgung die Praxis der wiederherstellenden Andacht zu billigen und zu empfehlen.<\/i>\u00a0\"\u00a0<br \/><\/span><\/p>\t\t\t\t\t\t\t\t<\/div>\n\t\t\t\t<\/div>\n\t\t\t\t\t<\/div>\n\t\t<\/div>\n\t\t\t\t\t<\/div>\n\t\t<\/section>\n\t\t\t\t<section class=\"elementor-section elementor-top-section elementor-element elementor-element-01ed6e7 elementor-section-boxed elementor-section-height-default elementor-section-height-default\" data-id=\"01ed6e7\" data-element_type=\"section\" data-e-type=\"section\">\n\t\t\t\t\t\t<div class=\"elementor-container elementor-column-gap-default\">\n\t\t\t\t\t<div class=\"elementor-column elementor-col-100 elementor-top-column elementor-element elementor-element-ce31ef7\" data-id=\"ce31ef7\" data-element_type=\"column\" data-e-type=\"column\">\n\t\t\t<div class=\"elementor-widget-wrap elementor-element-populated\">\n\t\t\t\t\t\t<div class=\"elementor-element elementor-element-4bda52a elementor-widget elementor-widget-text-editor\" data-id=\"4bda52a\" data-element_type=\"widget\" data-e-type=\"widget\" data-widget_type=\"text-editor.default\">\n\t\t\t\t<div class=\"elementor-widget-container\">\n\t\t\t\t\t\t\t\t\t<p style=\"text-align: justify;\">Sie wird in einem wunderbaren Brief mit dem Titel \"Der Ruf von Fatima\" sagen:\u00a0<\/p><p style=\"text-align: justify;\"><span style=\"color: #6288c6;\"><i>\"In der engstm\u00f6glichen Verbindung zwischen zwei Menschen hat Christus in Maria das Werk unserer Erl\u00f6sung begonnen. Der Herzschlag Christi ist der Herzschlag Marias, das Gebet Christi ist das Gebet Marias.<\/i>\u00a0<i>; von Mari<\/i><i>e,\u00a0<\/i><i>Christus empfing seinen Leib und sein Blut, die jeweils f\u00fcr die Erl\u00f6sung der Welt geopfert und vergossen wurden. (...) Und wir k\u00f6nnen denken, dass die Bestrebungen des Herzens Marias sich absolut mit den Bestrebungen des Herzens Christi identifizierten (...) und dass die Liebe des Herzens Marias die Liebe des Herzens Christi zu seinem Vater und zu den Menschen war. (...) Seitdem der Vater\u00a0<\/i><i>a<\/i><i>\u00a0Seitdem Maria sich durch ihr freies \"Ja\" dem Willen Gottes als seine Dienerin f\u00fcr alles, was er in ihr wirken m\u00f6chte, zur Verf\u00fcgung gestellt hat, ist Maria nach dem Willen Gottes mit Christus geworden,\u00a0<\/i><i>co<\/i><i>-Erl\u00f6serin des Menschengeschlechts\".<\/i><\/span><\/p><p>\u00a0<\/p><p style=\"text-align: justify;\">Schlie\u00dflich wird Kardinal Cerejeira, der ehemalige Bischof von Fatima, mit den Worten schlie\u00dfen, die alles zusammenfassen:<\/p><p style=\"text-align: justify;\"><span style=\"color: #6288c6;\"><i>\" Fatima,\u00a0<\/i><i>einer<\/i>\u00a0<i>bestimmte<\/i>\u00a0<i>Weise<\/i><i>,\u00a0<\/i><i>ist<\/i><i>\u00a0die Fortsetzung,\u00a0<\/i><i>oder<\/i>\u00a0<i>besser<\/i><i>\u00a0den Abschluss von\u00a0<\/i><i>Para<\/i><i>y<\/i><i>&#8211;<\/i><i>die<\/i><i>&#8211;<\/i><i>Monial :\u00a0<\/i><\/span><i style=\"font-family: var( --e-global-typography-18e5089-font-family ), Sans-serif; font-size: var( --e-global-typography-18e5089-font-size ); font-weight: var( --e-global-typography-18e5089-font-weight ); letter-spacing: var( --e-global-typography-18e5089-letter-spacing ); color: #6288c6;\">Fatima\u00a0<\/i><i style=\"font-family: var( --e-global-typography-18e5089-font-family ), Sans-serif; font-size: var( --e-global-typography-18e5089-font-size ); font-weight: var( --e-global-typography-18e5089-font-weight ); letter-spacing: var( --e-global-typography-18e5089-letter-spacing ); color: #6288c6;\">vereint<\/i>\u00a0<i style=\"font-family: var( --e-global-typography-18e5089-font-family ), Sans-serif; font-size: var( --e-global-typography-18e5089-font-size ); font-weight: var( --e-global-typography-18e5089-font-weight ); letter-spacing: var( --e-global-typography-18e5089-letter-spacing ); color: #6288c6;\">diese<\/i><i style=\"font-family: var( --e-global-typography-18e5089-font-family ), Sans-serif; font-size: var( --e-global-typography-18e5089-font-size ); font-weight: var( --e-global-typography-18e5089-font-weight ); letter-spacing: var( --e-global-typography-18e5089-letter-spacing ); color: #6288c6;\">\u00a0zwei\u00a0<\/i><i style=\"font-family: var( --e-global-typography-18e5089-font-family ), Sans-serif; font-size: var( --e-global-typography-18e5089-font-size ); font-weight: var( --e-global-typography-18e5089-font-weight ); letter-spacing: var( --e-global-typography-18e5089-letter-spacing ); color: #6288c6;\">Herzen<\/i><i style=\"font-family: var( --e-global-typography-18e5089-font-family ), Sans-serif; font-size: var( --e-global-typography-18e5089-font-size ); font-weight: var( --e-global-typography-18e5089-font-weight ); letter-spacing: var( --e-global-typography-18e5089-letter-spacing ); color: #6288c6;\">\u00a0dass Gott\u00a0<\/i><i style=\"font-family: var( --e-global-typography-18e5089-font-family ), Sans-serif; font-size: var( --e-global-typography-18e5089-font-size ); font-weight: var( --e-global-typography-18e5089-font-weight ); letter-spacing: var( --e-global-typography-18e5089-letter-spacing ); color: #6288c6;\">ihm<\/i><i style=\"font-family: var( --e-global-typography-18e5089-font-family ), Sans-serif; font-size: var( --e-global-typography-18e5089-font-size ); font-weight: var( --e-global-typography-18e5089-font-weight ); letter-spacing: var( --e-global-typography-18e5089-letter-spacing ); color: #6288c6;\">&#8211;<\/i><i style=\"font-family: var( --e-global-typography-18e5089-font-family ), Sans-serif; font-size: var( --e-global-typography-18e5089-font-size ); font-weight: var( --e-global-typography-18e5089-font-weight ); letter-spacing: var( --e-global-typography-18e5089-letter-spacing ); color: #6288c6;\">sogar<\/i><i style=\"font-family: var( --e-global-typography-18e5089-font-family ), Sans-serif; font-size: var( --e-global-typography-18e5089-font-size ); font-weight: var( --e-global-typography-18e5089-font-weight ); letter-spacing: var( --e-global-typography-18e5089-letter-spacing ); color: #6288c6;\">\u00a0a\u00a0<\/i><i style=\"font-family: var( --e-global-typography-18e5089-font-family ), Sans-serif; font-size: var( --e-global-typography-18e5089-font-size ); font-weight: var( --e-global-typography-18e5089-font-weight ); letter-spacing: var( --e-global-typography-18e5089-letter-spacing ); color: #6288c6;\">uni<\/i><i style=\"font-family: var( --e-global-typography-18e5089-font-family ), Sans-serif; font-size: var( --e-global-typography-18e5089-font-size ); font-weight: var( --e-global-typography-18e5089-font-weight ); letter-spacing: var( --e-global-typography-18e5089-letter-spacing ); color: #6288c6;\">\u00a0dans l&#8217;<\/i><i style=\"font-family: var( --e-global-typography-18e5089-font-family ), Sans-serif; font-size: var( --e-global-typography-18e5089-font-size ); font-weight: var( --e-global-typography-18e5089-font-weight ); letter-spacing: var( --e-global-typography-18e5089-letter-spacing ); color: #6288c6;\">Werk<\/i><i style=\"font-family: var( --e-global-typography-18e5089-font-family ), Sans-serif; font-size: var( --e-global-typography-18e5089-font-size ); font-weight: var( --e-global-typography-18e5089-font-weight ); letter-spacing: var( --e-global-typography-18e5089-letter-spacing ); color: #6288c6;\">\u00a0g\u00f6ttlichen der\u00a0<\/i><i style=\"font-family: var( --e-global-typography-18e5089-font-family ), Sans-serif; font-size: var( --e-global-typography-18e5089-font-size ); font-weight: var( --e-global-typography-18e5089-font-weight ); letter-spacing: var( --e-global-typography-18e5089-letter-spacing ); color: #6288c6;\">Erl\u00f6sung<\/i><i style=\"font-family: var( --e-global-typography-18e5089-font-family ), Sans-serif; font-size: var( --e-global-typography-18e5089-font-size ); font-weight: var( --e-global-typography-18e5089-font-weight ); letter-spacing: var( --e-global-typography-18e5089-letter-spacing ); color: #6288c6;\">. \"\u00a0<\/i><\/p>\t\t\t\t\t\t\t\t<\/div>\n\t\t\t\t<\/div>\n\t\t\t\t\t<\/div>\n\t\t<\/div>\n\t\t\t\t\t<\/div>\n\t\t<\/section>\n\t\t\t\t<\/div>","protected":false},"excerpt":{"rendered":"<p>Warum werden die Andachten zu den Herzen Jesu und Marias zusammengefasst? Es kommt ziemlich h\u00e4ufig vor, wenn man vom Unbefleckten Herzen Mariens spricht, dass Menschen es nicht verstehen, weil es \"schon\" [...].<\/p>","protected":false},"author":1,"featured_media":0,"parent":0,"menu_order":0,"comment_status":"closed","ping_status":"closed","template":"elementor_header_footer","meta":{"footnotes":""},"class_list":["post-467","page","type-page","status-publish","hentry"],"_links":{"self":[{"href":"https:\/\/salve-corda.org\/de\/wp-json\/wp\/v2\/pages\/467","targetHints":{"allow":["GET"]}}],"collection":[{"href":"https:\/\/salve-corda.org\/de\/wp-json\/wp\/v2\/pages"}],"about":[{"href":"https:\/\/salve-corda.org\/de\/wp-json\/wp\/v2\/types\/page"}],"author":[{"embeddable":true,"href":"https:\/\/salve-corda.org\/de\/wp-json\/wp\/v2\/users\/1"}],"replies":[{"embeddable":true,"href":"https:\/\/salve-corda.org\/de\/wp-json\/wp\/v2\/comments?post=467"}],"version-history":[{"count":53,"href":"https:\/\/salve-corda.org\/de\/wp-json\/wp\/v2\/pages\/467\/revisions"}],"predecessor-version":[{"id":4623,"href":"https:\/\/salve-corda.org\/de\/wp-json\/wp\/v2\/pages\/467\/revisions\/4623"}],"wp:attachment":[{"href":"https:\/\/salve-corda.org\/de\/wp-json\/wp\/v2\/media?parent=467"}],"curies":[{"name":"wp","href":"https:\/\/api.w.org\/{rel}","templated":true}]}}