{"id":472,"date":"2020-09-25T15:25:57","date_gmt":"2020-09-25T13:25:57","guid":{"rendered":"https:\/\/salve-corda.org\/?page_id=472"},"modified":"2021-08-06T17:31:39","modified_gmt":"2021-08-06T15:31:39","slug":"faire-participer-les-enfants","status":"publish","type":"page","link":"https:\/\/salve-corda.org\/de\/faire-participer-les-enfants\/","title":{"rendered":"Kinder einbeziehen"},"content":{"rendered":"<div data-elementor-type=\"wp-page\" data-elementor-id=\"472\" class=\"elementor elementor-472\">\n\t\t\t\t\t\t<section class=\"elementor-section elementor-top-section elementor-element elementor-element-3f08902 elementor-section-boxed elementor-section-height-default elementor-section-height-default\" data-id=\"3f08902\" data-element_type=\"section\" data-e-type=\"section\">\n\t\t\t\t\t\t<div class=\"elementor-container elementor-column-gap-default\">\n\t\t\t\t\t<div class=\"elementor-column elementor-col-100 elementor-top-column elementor-element elementor-element-7354af9\" data-id=\"7354af9\" data-element_type=\"column\" data-e-type=\"column\">\n\t\t\t<div class=\"elementor-widget-wrap\">\n\t\t\t\t\t\t\t<\/div>\n\t\t<\/div>\n\t\t\t\t\t<\/div>\n\t\t<\/section>\n\t\t\t\t<section class=\"elementor-section elementor-top-section elementor-element elementor-element-ed40f30 elementor-section-boxed elementor-section-height-default elementor-section-height-default\" data-id=\"ed40f30\" data-element_type=\"section\" data-e-type=\"section\">\n\t\t\t\t\t\t<div class=\"elementor-container elementor-column-gap-default\">\n\t\t\t\t\t<div class=\"elementor-column elementor-col-100 elementor-top-column elementor-element elementor-element-43a8ce4\" data-id=\"43a8ce4\" data-element_type=\"column\" data-e-type=\"column\">\n\t\t\t<div class=\"elementor-widget-wrap elementor-element-populated\">\n\t\t\t\t\t\t<div class=\"elementor-element elementor-element-49e8d5c elementor-widget elementor-widget-spacer\" data-id=\"49e8d5c\" data-element_type=\"widget\" data-e-type=\"widget\" data-widget_type=\"spacer.default\">\n\t\t\t\t<div class=\"elementor-widget-container\">\n\t\t\t\t\t\t\t<div class=\"elementor-spacer\">\n\t\t\t<div class=\"elementor-spacer-inner\"><\/div>\n\t\t<\/div>\n\t\t\t\t\t\t<\/div>\n\t\t\t\t<\/div>\n\t\t\t\t\t<\/div>\n\t\t<\/div>\n\t\t\t\t\t<\/div>\n\t\t<\/section>\n\t\t\t\t<section class=\"elementor-section elementor-top-section elementor-element elementor-element-db78ce3 elementor-section-boxed elementor-section-height-default elementor-section-height-default\" data-id=\"db78ce3\" data-element_type=\"section\" data-e-type=\"section\">\n\t\t\t\t\t\t<div class=\"elementor-container elementor-column-gap-default\">\n\t\t\t\t\t<div class=\"elementor-column elementor-col-100 elementor-top-column elementor-element elementor-element-7a049ec\" data-id=\"7a049ec\" data-element_type=\"column\" data-e-type=\"column\">\n\t\t\t<div class=\"elementor-widget-wrap elementor-element-populated\">\n\t\t\t\t\t\t<div class=\"elementor-element elementor-element-f3a5b8a elementor-widget elementor-widget-heading\" data-id=\"f3a5b8a\" data-element_type=\"widget\" data-e-type=\"widget\" data-widget_type=\"heading.default\">\n\t\t\t\t<div class=\"elementor-widget-container\">\n\t\t\t\t\t<h2 class=\"elementor-heading-title elementor-size-default\">Enkelkinder einbeziehen<\/h2>\t\t\t\t<\/div>\n\t\t\t\t<\/div>\n\t\t\t\t<div class=\"elementor-element elementor-element-114048c elementor-widget elementor-widget-text-editor\" data-id=\"114048c\" data-element_type=\"widget\" data-e-type=\"widget\" data-widget_type=\"text-editor.default\">\n\t\t\t\t<div class=\"elementor-widget-container\">\n\t\t\t\t\t\t\t\t\t<p>Kleine Kinder werden von der Heiligen Jungfrau bei ihren Erscheinungen sehr oft als Gespr\u00e4chspartner ausgew\u00e4hlt (in La Salette, Pontmain, Pellevoisin...). In Fatima erschien sie drei Kindern, von denen das kleinste, Jacinta, gerade einmal sechs Jahre alt war!  Die Kinder werden nat\u00fcrlich als Erste aufgefordert, die Bitten der Heiligen Jungfrau zu erf\u00fcllen, und man sollte unbedingt mit ihnen dar\u00fcber sprechen.<\/p>\t\t\t\t\t\t\t\t<\/div>\n\t\t\t\t<\/div>\n\t\t\t\t\t<\/div>\n\t\t<\/div>\n\t\t\t\t\t<\/div>\n\t\t<\/section>\n\t\t\t\t<section class=\"elementor-section elementor-top-section elementor-element elementor-element-4392af5 elementor-section-boxed elementor-section-height-default elementor-section-height-default\" data-id=\"4392af5\" data-element_type=\"section\" data-e-type=\"section\">\n\t\t\t\t\t\t<div class=\"elementor-container elementor-column-gap-default\">\n\t\t\t\t\t<div class=\"elementor-column elementor-col-50 elementor-top-column elementor-element elementor-element-2ca0d8f\" data-id=\"2ca0d8f\" data-element_type=\"column\" data-e-type=\"column\">\n\t\t\t<div class=\"elementor-widget-wrap elementor-element-populated\">\n\t\t\t\t\t\t<div class=\"elementor-element elementor-element-cd30c60 elementor-widget elementor-widget-text-editor\" data-id=\"cd30c60\" data-element_type=\"widget\" data-e-type=\"widget\" data-widget_type=\"text-editor.default\">\n\t\t\t\t<div class=\"elementor-widget-container\">\n\t\t\t\t\t\t\t\t\t<p>Die Bedeutung von Kindern wurde von Christus im Evangelium mehrfach betont:<\/p><p>\u00a0<\/p><p><span style=\"color: #6288c6;\"><em>\"<\/em><\/span><span style=\"color: #6288c6;\"><em> Ich preise dich, Vater, dass du solches verborgen hast den Weisen und Klugen und hast es offenbart den Unm\u00fcndigen.\"<\/em><\/span> (St. Mat 11, 25)<\/p><p>\u00a0<\/p><p><span style=\"color: #6288c6;\"><em>\"Lasset die Kindlein zu mir kommen und wehret ihnen nicht; denn das Reich Gottes ist f\u00fcr die, welche ihnen gleich sind.\"<\/em><\/span> (St. Lukas 18, 16)<\/p>\t\t\t\t\t\t\t\t<\/div>\n\t\t\t\t<\/div>\n\t\t\t\t\t<\/div>\n\t\t<\/div>\n\t\t\t\t<div class=\"elementor-column elementor-col-50 elementor-top-column elementor-element elementor-element-e246271\" data-id=\"e246271\" data-element_type=\"column\" data-e-type=\"column\">\n\t\t\t<div class=\"elementor-widget-wrap elementor-element-populated\">\n\t\t\t\t\t\t<div class=\"elementor-element elementor-element-6835f28 elementor-widget elementor-widget-image\" data-id=\"6835f28\" data-element_type=\"widget\" data-e-type=\"widget\" data-widget_type=\"image.default\">\n\t\t\t\t<div class=\"elementor-widget-container\">\n\t\t\t\t\t\t\t\t\t\t\t\t\t\t\t<img fetchpriority=\"high\" decoding=\"async\" width=\"640\" height=\"556\" src=\"https:\/\/salve-corda.org\/wp-content\/uploads\/2021\/07\/enfants.png\" class=\"attachment-large size-large wp-image-855\" alt=\"\" srcset=\"https:\/\/salve-corda.org\/wp-content\/uploads\/2021\/07\/enfants.png 762w, https:\/\/salve-corda.org\/wp-content\/uploads\/2021\/07\/enfants-300x261.png 300w\" sizes=\"(max-width: 640px) 100vw, 640px\" \/>\t\t\t\t\t\t\t\t\t\t\t\t\t\t\t<\/div>\n\t\t\t\t<\/div>\n\t\t\t\t\t<\/div>\n\t\t<\/div>\n\t\t\t\t\t<\/div>\n\t\t<\/section>\n\t\t\t\t<section class=\"elementor-section elementor-top-section elementor-element elementor-element-c51a01f elementor-section-boxed elementor-section-height-default elementor-section-height-default\" data-id=\"c51a01f\" data-element_type=\"section\" data-e-type=\"section\">\n\t\t\t\t\t\t<div class=\"elementor-container elementor-column-gap-default\">\n\t\t\t\t\t<div class=\"elementor-column elementor-col-50 elementor-top-column elementor-element elementor-element-b70f946\" data-id=\"b70f946\" data-element_type=\"column\" data-e-type=\"column\">\n\t\t\t<div class=\"elementor-widget-wrap elementor-element-populated\">\n\t\t\t\t\t\t<div class=\"elementor-element elementor-element-66e9f90 elementor-widget elementor-widget-image\" data-id=\"66e9f90\" data-element_type=\"widget\" data-e-type=\"widget\" data-widget_type=\"image.default\">\n\t\t\t\t<div class=\"elementor-widget-container\">\n\t\t\t\t\t\t\t\t\t\t\t\t\t\t\t<img decoding=\"async\" width=\"600\" height=\"652\" src=\"https:\/\/salve-corda.org\/wp-content\/uploads\/2021\/07\/apparition.png\" class=\"attachment-large size-large wp-image-856\" alt=\"\" srcset=\"https:\/\/salve-corda.org\/wp-content\/uploads\/2021\/07\/apparition.png 600w, https:\/\/salve-corda.org\/wp-content\/uploads\/2021\/07\/apparition-276x300.png 276w\" sizes=\"(max-width: 600px) 100vw, 600px\" \/>\t\t\t\t\t\t\t\t\t\t\t\t\t\t\t<\/div>\n\t\t\t\t<\/div>\n\t\t\t\t\t<\/div>\n\t\t<\/div>\n\t\t\t\t<div class=\"elementor-column elementor-col-50 elementor-top-column elementor-element elementor-element-95f265c\" data-id=\"95f265c\" data-element_type=\"column\" data-e-type=\"column\">\n\t\t\t<div class=\"elementor-widget-wrap elementor-element-populated\">\n\t\t\t\t\t\t<div class=\"elementor-element elementor-element-74bb9aa elementor-widget elementor-widget-text-editor\" data-id=\"74bb9aa\" data-element_type=\"widget\" data-e-type=\"widget\" data-widget_type=\"text-editor.default\">\n\t\t\t\t<div class=\"elementor-widget-container\">\n\t\t\t\t\t\t\t\t\t<p>Mit diesen Worten erinnert uns Christus an ihre wunderbaren Eigenschaften: Spontaneit\u00e4t, reine Absicht, Demut, Einfachheit, Uneigenn\u00fctzigkeit. Es sind aber die inneren Bereitschaften, die notwendig sind, um dem Unbefleckten Herzen Mariens anzuh\u00e4ngen.<\/p><p>Kinder sind nat\u00fcrlich\u00a0 <b>sehr empfindlich <\/b>an die Botschaft von Fatima. Insbesondere sind sie sehr ber\u00fchrt von der Tatsache, dass sie durch das Anbieten ihrer kleinen Schwierigkeiten <b>k\u00f6nnen sie gro\u00dfe Menschen vor der H\u00f6lle retten. <\/b>F\u00fcr sie ist es atemberaubend. Sie, die so \"klein\" sind, werden zu wichtigen Akteuren in der Gesellschaft der \"Gro\u00dfen\".<\/p><p>Dann beteiligen Sie alle Kinder, die Sie kennen, an dieser Aktion, auch wenn sie noch so klein sind. Jeder wird die richtige Sprache finden.<\/p><p>\u00a0<\/p><p>Als Beispiel sei hier die m\u00f6gliche Vorgehensweise mit Kindern genannt:<\/p>\t\t\t\t\t\t\t\t<\/div>\n\t\t\t\t<\/div>\n\t\t\t\t\t<\/div>\n\t\t<\/div>\n\t\t\t\t\t<\/div>\n\t\t<\/section>\n\t\t\t\t<section class=\"elementor-section elementor-top-section elementor-element elementor-element-e093946 elementor-section-boxed elementor-section-height-default elementor-section-height-default\" data-id=\"e093946\" data-element_type=\"section\" data-e-type=\"section\">\n\t\t\t\t\t\t<div class=\"elementor-container elementor-column-gap-default\">\n\t\t\t\t\t<div class=\"elementor-column elementor-col-100 elementor-top-column elementor-element elementor-element-8f9d39e\" data-id=\"8f9d39e\" data-element_type=\"column\" data-e-type=\"column\">\n\t\t\t<div class=\"elementor-widget-wrap elementor-element-populated\">\n\t\t\t\t\t\t<div class=\"elementor-element elementor-element-d4f8af7 elementor-widget elementor-widget-text-editor\" data-id=\"d4f8af7\" data-element_type=\"widget\" data-e-type=\"widget\" data-widget_type=\"text-editor.default\">\n\t\t\t\t<div class=\"elementor-widget-container\">\n\t\t\t\t\t\t\t\t\t<ul><li>Ihnen die Geschichte der drei Kinder von Fatima und die Rolle, die sie spielen sollen, erz\u00e4hlen <b>sie selbst zu<\/b> die Nachfolge von Jacinta Fran\u00e7ois und Lucie.<\/li><li>Erkl\u00e4ren, wie wichtig es f\u00fcr die Welt ist, dass sie die kleinen Schwierigkeiten, die sie erleben, regelm\u00e4\u00dfig anbieten. Ab f\u00fcnf Jahren k\u00f6nnen sie perfekt verstehen, was auf dem Spiel steht, mit einer Reinheit der Absicht, die wir nur schwerlich erreichen werden.<\/li><li>Schlie\u00dflich sollten sie nach M\u00f6glichkeit an den ersten Samstagen des Monats beteiligt werden, da dies ein familienfreundliches Vorgehen sein kann.<\/li><\/ul>\t\t\t\t\t\t\t\t<\/div>\n\t\t\t\t<\/div>\n\t\t\t\t\t<\/div>\n\t\t<\/div>\n\t\t\t\t\t<\/div>\n\t\t<\/section>\n\t\t\t\t<section class=\"elementor-section elementor-top-section elementor-element elementor-element-3eae0a7 elementor-section-boxed elementor-section-height-default elementor-section-height-default\" data-id=\"3eae0a7\" data-element_type=\"section\" data-e-type=\"section\">\n\t\t\t\t\t\t<div class=\"elementor-container elementor-column-gap-default\">\n\t\t\t\t\t<div class=\"elementor-column elementor-col-100 elementor-top-column elementor-element elementor-element-4a78c96\" data-id=\"4a78c96\" data-element_type=\"column\" data-e-type=\"column\">\n\t\t\t<div class=\"elementor-widget-wrap elementor-element-populated\">\n\t\t\t\t\t\t<div class=\"elementor-element elementor-element-3257e48 elementor-widget elementor-widget-text-editor\" data-id=\"3257e48\" data-element_type=\"widget\" data-e-type=\"widget\" data-widget_type=\"text-editor.default\">\n\t\t\t\t<div class=\"elementor-widget-container\">\n\t\t\t\t\t\t\t\t\t<p>Die Umsetzung der Botschaft von Fatima wird in den Kindern ein spirituelles Leben initiieren, das auf Christus, die Heilige Jungfrau und die anderen ausgerichtet ist. Die Liebe zum Herzen Marias in ihr Herz zu legen, wird sie ihr ganzes Leben lang pr\u00e4gen und sie zu den Heiligen machen, die wir brauchen.<\/p>\t\t\t\t\t\t\t\t<\/div>\n\t\t\t\t<\/div>\n\t\t\t\t<div class=\"elementor-element elementor-element-9bd239c elementor-widget elementor-widget-text-editor\" data-id=\"9bd239c\" data-element_type=\"widget\" data-e-type=\"widget\" data-widget_type=\"text-editor.default\">\n\t\t\t\t<div class=\"elementor-widget-container\">\n\t\t\t\t\t\t\t\t\t<p>Eine bemerkenswerte Seite kann Ihnen bei Ihren Kindern helfen:<\/p>\t\t\t\t\t\t\t\t<\/div>\n\t\t\t\t<\/div>\n\t\t\t\t<div class=\"elementor-element elementor-element-d3ba50f elementor-align-center elementor-widget elementor-widget-button\" data-id=\"d3ba50f\" data-element_type=\"widget\" data-e-type=\"widget\" data-widget_type=\"button.default\">\n\t\t\t\t<div class=\"elementor-widget-container\">\n\t\t\t\t\t\t\t\t\t<div class=\"elementor-button-wrapper\">\n\t\t\t\t\t<a class=\"elementor-button elementor-button-link elementor-size-sm\" href=\"https:\/\/www.enfantsdefatima.org\/\">\n\t\t\t\t\t\t<span class=\"elementor-button-content-wrapper\">\n\t\t\t\t\t\t\t\t\t<span class=\"elementor-button-text\">www.enfantsdefatima.org<\/span>\n\t\t\t\t\t<\/span>\n\t\t\t\t\t<\/a>\n\t\t\t\t<\/div>\n\t\t\t\t\t\t\t\t<\/div>\n\t\t\t\t<\/div>\n\t\t\t\t\t<\/div>\n\t\t<\/div>\n\t\t\t\t\t<\/div>\n\t\t<\/section>\n\t\t\t\t<\/div>","protected":false},"excerpt":{"rendered":"<p>Kleine Kinder einbeziehen Kleine Kinder werden von der Heiligen Jungfrau bei ihren Erscheinungen sehr oft als Gespr\u00e4chspartner ausgew\u00e4hlt (in La Salette, Pontmain, Pellevoisin...). In Fatima erschien sie [...].<\/p>","protected":false},"author":1,"featured_media":0,"parent":0,"menu_order":0,"comment_status":"closed","ping_status":"closed","template":"elementor_header_footer","meta":{"footnotes":""},"class_list":["post-472","page","type-page","status-publish","hentry"],"_links":{"self":[{"href":"https:\/\/salve-corda.org\/de\/wp-json\/wp\/v2\/pages\/472","targetHints":{"allow":["GET"]}}],"collection":[{"href":"https:\/\/salve-corda.org\/de\/wp-json\/wp\/v2\/pages"}],"about":[{"href":"https:\/\/salve-corda.org\/de\/wp-json\/wp\/v2\/types\/page"}],"author":[{"embeddable":true,"href":"https:\/\/salve-corda.org\/de\/wp-json\/wp\/v2\/users\/1"}],"replies":[{"embeddable":true,"href":"https:\/\/salve-corda.org\/de\/wp-json\/wp\/v2\/comments?post=472"}],"version-history":[{"count":16,"href":"https:\/\/salve-corda.org\/de\/wp-json\/wp\/v2\/pages\/472\/revisions"}],"predecessor-version":[{"id":1580,"href":"https:\/\/salve-corda.org\/de\/wp-json\/wp\/v2\/pages\/472\/revisions\/1580"}],"wp:attachment":[{"href":"https:\/\/salve-corda.org\/de\/wp-json\/wp\/v2\/media?parent=472"}],"curies":[{"name":"wp","href":"https:\/\/api.w.org\/{rel}","templated":true}]}}