{"id":476,"date":"2020-09-25T15:28:09","date_gmt":"2020-09-25T13:28:09","guid":{"rendered":"https:\/\/salve-corda.org\/?page_id=476"},"modified":"2024-12-02T23:41:00","modified_gmt":"2024-12-02T22:41:00","slug":"pourquoi-cette-devotion-nest-pas-depassee","status":"publish","type":"page","link":"https:\/\/salve-corda.org\/de\/pourquoi-cette-devotion-nest-pas-depassee\/","title":{"rendered":"Pourquoi cette d\u00e9votion n&#8217;est pas d\u00e9pass\u00e9e ?"},"content":{"rendered":"<div data-elementor-type=\"wp-page\" data-elementor-id=\"476\" class=\"elementor elementor-476\">\n\t\t\t\t\t\t<section class=\"elementor-section elementor-top-section elementor-element elementor-element-565d048 elementor-section-boxed elementor-section-height-default elementor-section-height-default\" data-id=\"565d048\" data-element_type=\"section\" data-e-type=\"section\">\n\t\t\t\t\t\t<div class=\"elementor-container elementor-column-gap-default\">\n\t\t\t\t\t<div class=\"elementor-column elementor-col-100 elementor-top-column elementor-element elementor-element-6b9613d\" data-id=\"6b9613d\" data-element_type=\"column\" data-e-type=\"column\">\n\t\t\t<div class=\"elementor-widget-wrap\">\n\t\t\t\t\t\t\t<\/div>\n\t\t<\/div>\n\t\t\t\t\t<\/div>\n\t\t<\/section>\n\t\t\t\t<section class=\"elementor-section elementor-top-section elementor-element elementor-element-2c01296 elementor-section-boxed elementor-section-height-default elementor-section-height-default\" data-id=\"2c01296\" data-element_type=\"section\" data-e-type=\"section\">\n\t\t\t\t\t\t<div class=\"elementor-container elementor-column-gap-default\">\n\t\t\t\t\t<div class=\"elementor-column elementor-col-100 elementor-top-column elementor-element elementor-element-265bca2\" data-id=\"265bca2\" data-element_type=\"column\" data-e-type=\"column\">\n\t\t\t<div class=\"elementor-widget-wrap elementor-element-populated\">\n\t\t\t\t\t\t<div class=\"elementor-element elementor-element-3c1b346 elementor-widget elementor-widget-spacer\" data-id=\"3c1b346\" data-element_type=\"widget\" data-e-type=\"widget\" data-widget_type=\"spacer.default\">\n\t\t\t\t<div class=\"elementor-widget-container\">\n\t\t\t\t\t\t\t<div class=\"elementor-spacer\">\n\t\t\t<div class=\"elementor-spacer-inner\"><\/div>\n\t\t<\/div>\n\t\t\t\t\t\t<\/div>\n\t\t\t\t<\/div>\n\t\t\t\t\t<\/div>\n\t\t<\/div>\n\t\t\t\t\t<\/div>\n\t\t<\/section>\n\t\t\t\t<section class=\"elementor-section elementor-top-section elementor-element elementor-element-9a47290 elementor-section-boxed elementor-section-height-default elementor-section-height-default\" data-id=\"9a47290\" data-element_type=\"section\" data-e-type=\"section\">\n\t\t\t\t\t\t<div class=\"elementor-container elementor-column-gap-default\">\n\t\t\t\t\t<div class=\"elementor-column elementor-col-100 elementor-top-column elementor-element elementor-element-b373ba2\" data-id=\"b373ba2\" data-element_type=\"column\" data-e-type=\"column\">\n\t\t\t<div class=\"elementor-widget-wrap elementor-element-populated\">\n\t\t\t\t\t\t<div class=\"elementor-element elementor-element-d052e55 elementor-widget elementor-widget-heading\" data-id=\"d052e55\" data-element_type=\"widget\" data-e-type=\"widget\" data-widget_type=\"heading.default\">\n\t\t\t\t<div class=\"elementor-widget-container\">\n\t\t\t\t\t<h2 class=\"elementor-heading-title elementor-size-default\">Warum FATIMA IMMER aktuell ist<\/h2>\t\t\t\t<\/div>\n\t\t\t\t<\/div>\n\t\t\t\t\t<\/div>\n\t\t<\/div>\n\t\t\t\t\t<\/div>\n\t\t<\/section>\n\t\t\t\t<section class=\"elementor-section elementor-top-section elementor-element elementor-element-08d61d2 elementor-section-boxed elementor-section-height-default elementor-section-height-default\" data-id=\"08d61d2\" data-element_type=\"section\" data-e-type=\"section\" data-settings=\"{&quot;background_background&quot;:&quot;classic&quot;}\">\n\t\t\t\t\t\t<div class=\"elementor-container elementor-column-gap-default\">\n\t\t\t\t\t<div class=\"elementor-column elementor-col-50 elementor-top-column elementor-element elementor-element-791f161\" data-id=\"791f161\" data-element_type=\"column\" data-e-type=\"column\">\n\t\t\t<div class=\"elementor-widget-wrap elementor-element-populated\">\n\t\t\t\t\t\t<div class=\"elementor-element elementor-element-802a745 elementor-widget elementor-widget-text-editor\" data-id=\"802a745\" data-element_type=\"widget\" data-e-type=\"widget\" data-widget_type=\"text-editor.default\">\n\t\t\t\t<div class=\"elementor-widget-container\">\n\t\t\t\t\t\t\t\t\t<p><strong><u>Eine Bitte von Gott selbst f\u00fcr unsere Zeit<\/u><\/strong><\/p><p>\u00a0<\/p><p>In Fatima dr\u00fcckte die Heilige Jungfrau ihre Bitte mit folgenden Worten aus: <span style=\"color: #6288c6;\"><em>\"Gott will die Verehrung meines Unbefleckten Herzens in der Welt etablieren.<\/em>.<\/span><\/p><p>\u00a0<\/p><p>Solche Worte zeigen eine universelle und endg\u00fcltige Bedeutung dieser Verehrung. W\u00e4hrend diese Bitte von Gott leider noch nicht erf\u00fcllt wurde, prophezeite die Heilige Jungfrau, dass dies eines Tages geschehen w\u00fcrde, was beweist, dass es in unserer Zeit gut gehen wird:<\/p><p>\u00a0<\/p><p><em><span style=\"color: #6288c6;\">\"<\/span><\/em><em><span style=\"color: #6288c6;\"> Am Ende wird mein unbeflecktes Herz triumphieren, Russland wird sich bekehren und der Welt wird eine gewisse Zeit des Friedens geschenkt werden\".<\/span><\/em><\/p><p>Wir befinden uns also mitten in der Gegenwart. Russland ist noch nicht konvertiert und gelinde gesagt, wir steuern nicht auf eine Zeit des Friedens zu...<em><span style=\"color: #6288c6;\"><br \/><\/span><\/em><\/p>\t\t\t\t\t\t\t\t<\/div>\n\t\t\t\t<\/div>\n\t\t\t\t\t<\/div>\n\t\t<\/div>\n\t\t\t\t<div class=\"elementor-column elementor-col-50 elementor-top-column elementor-element elementor-element-7f19750\" data-id=\"7f19750\" data-element_type=\"column\" data-e-type=\"column\">\n\t\t\t<div class=\"elementor-widget-wrap elementor-element-populated\">\n\t\t\t\t\t\t<div class=\"elementor-element elementor-element-d0d05da elementor-widget elementor-widget-image\" data-id=\"d0d05da\" data-element_type=\"widget\" data-e-type=\"widget\" data-widget_type=\"image.default\">\n\t\t\t\t<div class=\"elementor-widget-container\">\n\t\t\t\t\t\t\t\t\t\t\t\t\t\t\t<img fetchpriority=\"high\" decoding=\"async\" width=\"541\" height=\"797\" src=\"https:\/\/salve-corda.org\/wp-content\/uploads\/2021\/07\/jean-paul-2.png\" class=\"attachment-large size-large wp-image-915\" alt=\"\" srcset=\"https:\/\/salve-corda.org\/wp-content\/uploads\/2021\/07\/jean-paul-2.png 541w, https:\/\/salve-corda.org\/wp-content\/uploads\/2021\/07\/jean-paul-2-204x300.png 204w\" sizes=\"(max-width: 541px) 100vw, 541px\" \/>\t\t\t\t\t\t\t\t\t\t\t\t\t\t\t<\/div>\n\t\t\t\t<\/div>\n\t\t\t\t\t<\/div>\n\t\t<\/div>\n\t\t\t\t\t<\/div>\n\t\t<\/section>\n\t\t\t\t<section class=\"elementor-section elementor-top-section elementor-element elementor-element-540b23c elementor-section-boxed elementor-section-height-default elementor-section-height-default\" data-id=\"540b23c\" data-element_type=\"section\" data-e-type=\"section\" data-settings=\"{&quot;background_background&quot;:&quot;classic&quot;}\">\n\t\t\t\t\t\t<div class=\"elementor-container elementor-column-gap-default\">\n\t\t\t\t\t<div class=\"elementor-column elementor-col-100 elementor-top-column elementor-element elementor-element-347b2e4\" data-id=\"347b2e4\" data-element_type=\"column\" data-e-type=\"column\">\n\t\t\t<div class=\"elementor-widget-wrap elementor-element-populated\">\n\t\t\t\t\t\t<div class=\"elementor-element elementor-element-c411474 elementor-widget elementor-widget-text-editor\" data-id=\"c411474\" data-element_type=\"widget\" data-e-type=\"widget\" data-widget_type=\"text-editor.default\">\n\t\t\t\t<div class=\"elementor-widget-container\">\n\t\t\t\t\t\t\t\t\t<p>Au\u00dferdem hatte Schwester Lucia diese beeindruckenden Worte:<\/p><p><span style=\"color: #6288c6;\"><i>\"Sie sagte (die Heilige Jungfrau Anm. d. \u00dcbers.) sowohl zu mir als auch zu meinen Cousins, dass Gott die <\/i><u><i>zwei letzte Heilmittel <\/i><\/u><i>in der Welt<\/i> <i>Die Verehrung des Unbefleckten Herzens Mariens und der Rosenkranz sind die letzten beiden Elemente der Verehrung des Unbefleckten Herzens Mariens.<\/i><i>\u00e8des<\/i><i> bedeutet dies <\/i><u><i>dass es keine andere geben wird<\/i><\/u><i>. \"<\/i><\/span><\/p><p style=\"text-align: right;\">26. Dezember 1957<\/p><p>Wenn Gott \"die letzten Heilmittel\" bringt, dann bedeutet das, dass sie niemals \u00fcberholt werden und vor allem, dass sie die Menschheit bis zum Ende der Welt begleiten werden.<\/p>\t\t\t\t\t\t\t\t<\/div>\n\t\t\t\t<\/div>\n\t\t\t\t\t<\/div>\n\t\t<\/div>\n\t\t\t\t\t<\/div>\n\t\t<\/section>\n\t\t\t\t<section class=\"elementor-section elementor-top-section elementor-element elementor-element-cb4c1ef elementor-section-boxed elementor-section-height-default elementor-section-height-default\" data-id=\"cb4c1ef\" data-element_type=\"section\" data-e-type=\"section\" data-settings=\"{&quot;background_background&quot;:&quot;classic&quot;}\">\n\t\t\t\t\t\t<div class=\"elementor-container elementor-column-gap-default\">\n\t\t\t\t\t<div class=\"elementor-column elementor-col-100 elementor-top-column elementor-element elementor-element-366de94\" data-id=\"366de94\" data-element_type=\"column\" data-e-type=\"column\">\n\t\t\t<div class=\"elementor-widget-wrap elementor-element-populated\">\n\t\t\t\t\t\t<div class=\"elementor-element elementor-element-47a880f elementor-widget elementor-widget-text-editor\" data-id=\"47a880f\" data-element_type=\"widget\" data-e-type=\"widget\" data-widget_type=\"text-editor.default\">\n\t\t\t\t<div class=\"elementor-widget-container\">\n\t\t\t\t\t\t\t\t\t<p><strong><span style=\"text-decoration: underline;\">Die Errettung der S\u00fcnder ist aktueller denn je<\/span><\/strong><\/p><p>\u00a0<\/p><p>In Fatima zeigte die Heilige Jungfrau drei kleinen Kindern die ewige H\u00f6lle, um die Schrecklichkeit der Seelen zu unterstreichen, die in die H\u00f6lle fallen, \"wie die Bl\u00e4tter im Herbst\", wie sie in La Salette sagte. In Fatima erkl\u00e4rte sie uns, dass wir sie retten sollten und wie wir dies tun sollten.<\/p><p>Wie Papst Benedikt XVI. k\u00f6nnen wir sagen, dass die Welt noch nie so viele S\u00fcnden begangen hat, weder in Bezug auf die Menge noch auf die Schwere. Au\u00dferdem waren wir noch nie so zahlreich. Es ist also wahrscheinlich, dass die Anzahl der Menschen, die jeden Tag in die H\u00f6lle kommen, in den n\u00e4chsten Jahren weiter steigen wird. <b>ist in der Geschichte der Menschheit noch nie so hoch gewesen.<\/b><\/p><p>\u00a0<\/p><p>Das Unbefleckte Herz Mariens, ein m\u00e4chtiges Mittel zur Bekehrung von S\u00fcndern, ist daher heute von gr\u00f6\u00dfter Bedeutung, da wir durch diese Andacht die meisten Seelen von S\u00fcndern befreien.<\/p><p>\u00a0<\/p>\t\t\t\t\t\t\t\t<\/div>\n\t\t\t\t<\/div>\n\t\t\t\t<div class=\"elementor-element elementor-element-57ac6a8 elementor-widget elementor-widget-text-editor\" data-id=\"57ac6a8\" data-element_type=\"widget\" data-e-type=\"widget\" data-widget_type=\"text-editor.default\">\n\t\t\t\t<div class=\"elementor-widget-container\">\n\t\t\t\t\t\t\t\t\t<p><span style=\"text-decoration: underline;\"><strong>Die Warnungen von Christus selbst<\/strong><\/span><\/p>\n<p><strong><br><\/strong><\/p>\n<p><strong><\/strong><\/p>\n<p><\/p>\n<p>Alors que la Sainte Vierge a proph\u00e9tis\u00e9 qu&#8217;\u00e0 la fin la d\u00e9votion \u00e0 son C\u0153ur serait \u00e9tablie, le Christ Lui-m\u00eame a averti les hommes des cons\u00e9quences de ne pas suivre ses demandes en comparant la situation \u00e0 celle du Sacr\u00e9-C\u0153ur :<br><br><\/p>\n<p><\/p>\n<p><em><span style=\"color: #6288c6;\">\"Lass meine Minister (den Papst und die Bisch\u00f6fe, Anm. d. Red.) wissen, da sie dem Beispiel des K\u00f6nigs von Frankreich folgen, indem sie die Erf\u00fcllung meiner Bitte verz\u00f6gern, dass sie ihm ins Ungl\u00fcck folgen werden.\"&nbsp; &nbsp; &nbsp; &nbsp; &nbsp; &nbsp; &nbsp; &nbsp; &nbsp; &nbsp; &nbsp; &nbsp; &nbsp; &nbsp; &nbsp; &nbsp; &nbsp; &nbsp; &nbsp; &nbsp; &nbsp; &nbsp; &nbsp; &nbsp; &nbsp; &nbsp; &nbsp; &nbsp; &nbsp; &nbsp; &nbsp; &nbsp; &nbsp; &nbsp; &nbsp; &nbsp; &nbsp; &nbsp; &nbsp; &nbsp; &nbsp; &nbsp; &nbsp; &nbsp; &nbsp; &nbsp; &nbsp; &nbsp; &nbsp; &nbsp; &nbsp; &nbsp; &nbsp; &nbsp; &nbsp; &nbsp; &nbsp; &nbsp; &nbsp; &nbsp; &nbsp; &nbsp; &nbsp; &nbsp; &nbsp; &nbsp; &nbsp; &nbsp; &nbsp; &nbsp; &nbsp; &nbsp; &nbsp; &nbsp; &nbsp; &nbsp; &nbsp; &nbsp; &nbsp;&nbsp;<\/span><\/em><span style=\"text-align: right; color: var( --e-global-color-text ); font-family: var( --e-global-typography-18e5089-font-family ), Sans-serif; font-size: var( --e-global-typography-18e5089-font-size ); font-weight: var( --e-global-typography-18e5089-font-weight ); letter-spacing: var( --e-global-typography-18e5089-letter-spacing ); background-color: var( --e-global-color-f890547 );\">Christus, Fr\u00fchling 1931 in Rianjo<br><br><\/span><\/p>\n<p><\/p>\n<p><em><span style=\"color: #6288c6;\">\" Sie wollten meine Bitte nicht h\u00f6ren! Wie der K\u00f6nig von Frankreich werden sie es bereuen\".&nbsp; &nbsp; &nbsp; &nbsp; &nbsp; &nbsp; &nbsp; &nbsp; &nbsp; &nbsp; &nbsp; &nbsp; &nbsp; &nbsp; &nbsp; &nbsp; &nbsp; &nbsp; &nbsp; &nbsp; &nbsp; &nbsp; &nbsp; &nbsp; &nbsp; &nbsp; &nbsp; &nbsp; &nbsp; &nbsp; &nbsp; <\/span><\/em><span style=\"text-align: right; color: var( --e-global-color-text ); font-family: var( --e-global-typography-18e5089-font-family ), Sans-serif; font-size: var( --e-global-typography-18e5089-font-size ); font-weight: var( --e-global-typography-18e5089-font-weight ); letter-spacing: var( --e-global-typography-18e5089-letter-spacing ); background-color: var( --e-global-color-f890547 );\">Sommer 1931 Christus an Schwester Lucia<\/span><\/p>\n<p style=\"text-align: right;\"><br><\/p>\n<p><\/p>\n<p>Dies ist ein absoluter Beweis f\u00fcr den aktuellen Charakter dieser Verehrung.&nbsp;<span style=\"color: var( --e-global-color-text ); font-family: var( --e-global-typography-18e5089-font-family ), Sans-serif; font-size: var( --e-global-typography-18e5089-font-size ); font-weight: var( --e-global-typography-18e5089-font-weight ); letter-spacing: var( --e-global-typography-18e5089-letter-spacing ); background-color: var( --e-global-color-f890547 );\">An dieser Stelle sei daran erinnert, dass die Franz\u00f6sische Revolution auf den Tag genau 100 Jahre nach der Weigerung des K\u00f6nigs, die Forderungen des Sacr\u00e9-Coeur zu erf\u00fcllen, ausbrach. Oder <\/span><span style=\"color: var( --e-global-color-text ); font-family: var( --e-global-typography-18e5089-font-family ), Sans-serif; font-size: var( --e-global-typography-18e5089-font-size ); letter-spacing: var( --e-global-typography-18e5089-letter-spacing ); background-color: var( --e-global-color-f890547 );\">l<\/span><span style=\"color: var( --e-global-color-text ); font-family: var( --e-global-typography-18e5089-font-family ), Sans-serif; font-size: var( --e-global-typography-18e5089-font-size ); letter-spacing: var( --e-global-typography-18e5089-letter-spacing ); background-color: var( --e-global-color-f890547 );\">es erste<\/span><span style=\"color: var( --e-global-color-text ); font-family: var( --e-global-typography-18e5089-font-family ), Sans-serif; font-size: var( --e-global-typography-18e5089-font-size ); letter-spacing: var( --e-global-typography-18e5089-letter-spacing ); background-color: var( --e-global-color-f890547 );\">s<\/span><span style=\"color: var( --e-global-color-text ); font-family: var( --e-global-typography-18e5089-font-family ), Sans-serif; font-size: var( --e-global-typography-18e5089-font-size ); letter-spacing: var( --e-global-typography-18e5089-letter-spacing ); background-color: var( --e-global-color-f890547 );\"> Samstag im Monat zu Ehren des Unbefleckten Herzens Mariens<b> wurden beantragt<\/b><\/span><b style=\"color: var( --e-global-color-text ); font-family: var( --e-global-typography-18e5089-font-family ), Sans-serif; font-size: var( --e-global-typography-18e5089-font-size ); letter-spacing: var( --e-global-typography-18e5089-letter-spacing ); background-color: var( --e-global-color-f890547 );\">s<\/b><b style=\"color: var( --e-global-color-text ); font-family: var( --e-global-typography-18e5089-font-family ), Sans-serif; font-size: var( --e-global-typography-18e5089-font-size ); letter-spacing: var( --e-global-typography-18e5089-letter-spacing ); background-color: var( --e-global-color-f890547 );\"> in Fatima im Jahr 1925, was uns ins Jahr 2025 bringt... <\/b><span style=\"color: var( --e-global-color-text ); font-family: var( --e-global-typography-18e5089-font-family ), Sans-serif; font-size: var( --e-global-typography-18e5089-font-size ); font-weight: var( --e-global-typography-18e5089-font-weight ); letter-spacing: var( --e-global-typography-18e5089-letter-spacing ); background-color: var( --e-global-color-f890547 );\">Es ist schwer, die Reichweite von Fatima als abgeschlossen zu betrachten.<\/span><\/p>\n<p><span style=\"color: var( --e-global-color-text ); font-family: var( --e-global-typography-18e5089-font-family ), Sans-serif; font-size: var( --e-global-typography-18e5089-font-size ); font-weight: var( --e-global-typography-18e5089-font-weight ); letter-spacing: var( --e-global-typography-18e5089-letter-spacing ); background-color: var( --e-global-color-f890547 );\"><br><\/span><\/p>\n<p><\/p>\n<p>H\u00f6ren wir schlie\u00dflich Schwester Lucia zu, die sich kategorisch f\u00fcr die Notwendigkeit aussprach, heute den Bitten der Heiligen Jungfrau zu folgen:<\/p>\n<p><\/p>\n<p><span style=\"color: #6288c6;\"><i>\"In den Pl\u00e4nen der Vorsehung ist es immer so, dass Gott, wenn er die Welt bestrafen will, zuerst alle anderen Mittel aussch\u00f6pft. Da er aber gesehen hat, dass die Welt keinen von ihnen beachtet hat, bietet er uns mit einer gewissen Ehrfurcht das letzte Mittel zur Rettung an, seine heiligste Mutter. <\/i><i><b>DENN WENN WIR DIESES LETZTE MITTEL VERACHTEN UND ZUR\u00dcCKWEISEN, WERDEN WIR DIE VERGEBUNG DES HIMMELS NICHT MEHR ERHALTEN, WEIL WIR EINE S\u00dcNDE GEGEN DEN HEILIGEN GEIST BEGANGEN HABEN, DIE DARIN BESTEHT, DIE UNS ANGEBOTENE ERL\u00d6SUNG OFFEN UND MIT WISSEN UND WILLEN ABZULEHNEN.&nbsp;<\/b><\/i><\/span><em style=\"color: var( --e-global-color-text ); font-family: var( --e-global-typography-18e5089-font-family ), Sans-serif; font-size: var( --e-global-typography-18e5089-font-size ); font-weight: var( --e-global-typography-18e5089-font-weight ); letter-spacing: var( --e-global-typography-18e5089-letter-spacing ); background-color: var( --e-global-color-f890547 );\"><span style=\"color: #6288c6;\">\"&nbsp; &nbsp; &nbsp; &nbsp;<\/span><\/em><span style=\"color: #6288c6;\"><i><br><\/i><\/span><\/p>\t\t\t\t\t\t\t\t<\/div>\n\t\t\t\t<\/div>\n\t\t\t\t\t<\/div>\n\t\t<\/div>\n\t\t\t\t\t<\/div>\n\t\t<\/section>\n\t\t\t\t<\/div>","protected":false},"excerpt":{"rendered":"<p>Pourquoi FATIMA EST TOUJOURS D&#8217;actualite Une\u00a0 demande de Dieu lui-m\u00eame pour notre \u00e9poque \u00a0 A Fatima la Sainte Vierge a exprim\u00e9 sa demande en ces termes : \u00ab Dieu veut \u00e9tablir dans le [&hellip;]<\/p>","protected":false},"author":1,"featured_media":0,"parent":0,"menu_order":0,"comment_status":"closed","ping_status":"closed","template":"elementor_header_footer","meta":{"footnotes":""},"class_list":["post-476","page","type-page","status-publish","hentry"],"_links":{"self":[{"href":"https:\/\/salve-corda.org\/de\/wp-json\/wp\/v2\/pages\/476","targetHints":{"allow":["GET"]}}],"collection":[{"href":"https:\/\/salve-corda.org\/de\/wp-json\/wp\/v2\/pages"}],"about":[{"href":"https:\/\/salve-corda.org\/de\/wp-json\/wp\/v2\/types\/page"}],"author":[{"embeddable":true,"href":"https:\/\/salve-corda.org\/de\/wp-json\/wp\/v2\/users\/1"}],"replies":[{"embeddable":true,"href":"https:\/\/salve-corda.org\/de\/wp-json\/wp\/v2\/comments?post=476"}],"version-history":[{"count":51,"href":"https:\/\/salve-corda.org\/de\/wp-json\/wp\/v2\/pages\/476\/revisions"}],"predecessor-version":[{"id":16295,"href":"https:\/\/salve-corda.org\/de\/wp-json\/wp\/v2\/pages\/476\/revisions\/16295"}],"wp:attachment":[{"href":"https:\/\/salve-corda.org\/de\/wp-json\/wp\/v2\/media?parent=476"}],"curies":[{"name":"wp","href":"https:\/\/api.w.org\/{rel}","templated":true}]}}