{"id":484,"date":"2020-09-25T15:33:25","date_gmt":"2020-09-25T13:33:25","guid":{"rendered":"https:\/\/salve-corda.org\/?page_id=484"},"modified":"2025-02-04T12:40:27","modified_gmt":"2025-02-04T11:40:27","slug":"pourquoi-realiser-en-priorite-les-demandes-de-marie","status":"publish","type":"page","link":"https:\/\/salve-corda.org\/de\/pourquoi-realiser-en-priorite-les-demandes-de-marie\/","title":{"rendered":"Warum sollten Marias Antr\u00e4ge vorrangig realisiert werden?"},"content":{"rendered":"<div data-elementor-type=\"wp-page\" data-elementor-id=\"484\" class=\"elementor elementor-484\">\n\t\t\t\t\t\t<section class=\"elementor-section elementor-top-section elementor-element elementor-element-5f7c06c elementor-section-boxed elementor-section-height-default elementor-section-height-default\" data-id=\"5f7c06c\" data-element_type=\"section\" data-e-type=\"section\">\n\t\t\t\t\t\t<div class=\"elementor-container elementor-column-gap-default\">\n\t\t\t\t\t<div class=\"elementor-column elementor-col-100 elementor-top-column elementor-element elementor-element-b216019\" data-id=\"b216019\" data-element_type=\"column\" data-e-type=\"column\">\n\t\t\t<div class=\"elementor-widget-wrap elementor-element-populated\">\n\t\t\t\t\t\t<div class=\"elementor-element elementor-element-a625b49 elementor-widget elementor-widget-spacer\" data-id=\"a625b49\" data-element_type=\"widget\" data-e-type=\"widget\" data-widget_type=\"spacer.default\">\n\t\t\t\t<div class=\"elementor-widget-container\">\n\t\t\t\t\t\t\t<div class=\"elementor-spacer\">\n\t\t\t<div class=\"elementor-spacer-inner\"><\/div>\n\t\t<\/div>\n\t\t\t\t\t\t<\/div>\n\t\t\t\t<\/div>\n\t\t\t\t\t<\/div>\n\t\t<\/div>\n\t\t\t\t\t<\/div>\n\t\t<\/section>\n\t\t\t\t<section class=\"elementor-section elementor-top-section elementor-element elementor-element-5fb0ea9 elementor-section-boxed elementor-section-height-default elementor-section-height-default\" data-id=\"5fb0ea9\" data-element_type=\"section\" data-e-type=\"section\">\n\t\t\t\t\t\t<div class=\"elementor-container elementor-column-gap-default\">\n\t\t\t\t\t<div class=\"elementor-column elementor-col-100 elementor-top-column elementor-element elementor-element-db31984\" data-id=\"db31984\" data-element_type=\"column\" data-e-type=\"column\">\n\t\t\t<div class=\"elementor-widget-wrap elementor-element-populated\">\n\t\t\t\t\t\t<div class=\"elementor-element elementor-element-4fbd059 elementor-widget elementor-widget-heading\" data-id=\"4fbd059\" data-element_type=\"widget\" data-e-type=\"widget\" data-widget_type=\"heading.default\">\n\t\t\t\t<div class=\"elementor-widget-container\">\n\t\t\t\t\t<h2 class=\"elementor-heading-title elementor-size-default\">Warum sollten die Bitten der Heiligen Jungfrau A FATIMA vorrangig erf\u00fcllt werden?\n<\/h2>\t\t\t\t<\/div>\n\t\t\t\t<\/div>\n\t\t\t\t\t<\/div>\n\t\t<\/div>\n\t\t\t\t\t<\/div>\n\t\t<\/section>\n\t\t\t\t<section class=\"elementor-section elementor-top-section elementor-element elementor-element-2073609 elementor-section-boxed elementor-section-height-default elementor-section-height-default\" data-id=\"2073609\" data-element_type=\"section\" data-e-type=\"section\">\n\t\t\t\t\t\t<div class=\"elementor-container elementor-column-gap-default\">\n\t\t\t\t\t<div class=\"elementor-column elementor-col-100 elementor-top-column elementor-element elementor-element-9724546\" data-id=\"9724546\" data-element_type=\"column\" data-e-type=\"column\">\n\t\t\t<div class=\"elementor-widget-wrap elementor-element-populated\">\n\t\t\t\t\t\t<div class=\"elementor-element elementor-element-fdcb915 elementor-widget elementor-widget-text-editor\" data-id=\"fdcb915\" data-element_type=\"widget\" data-e-type=\"widget\" data-widget_type=\"text-editor.default\">\n\t\t\t\t<div class=\"elementor-widget-container\">\n\t\t\t\t\t\t\t\t\t<p>Face \u00e0 la dramatique situation du monde d&#8217;aujourd&#8217;hui, la n\u00e9cessit\u00e9 de prier pour la salut du monde se r\u00e9pand enfin. En effet, face au d\u00e9s\u00e9quilibre des forces en jeu, il est de plus en plus claire que les moyens humains ne suffiront pas et qu&#8217;une intervention du Ciel, comme cela s&#8217;est produit dans l&#8217;histoire, aura lieu. Mais la question qui se pose est: comment obtenir cette intervention divine ? Or \u00e0 Fatima, la Sainte Vierge a justement indiqu\u00e9 avec une grande clart\u00e9 le moyen voulu par Dieu pour sauver le Monde, et nous devrions simplement ob\u00e9ir comme les serviteurs de Cana, beaucoup de personnes .\u00a0<\/p>\t\t\t\t\t\t\t\t<\/div>\n\t\t\t\t<\/div>\n\t\t\t\t\t<\/div>\n\t\t<\/div>\n\t\t\t\t\t<\/div>\n\t\t<\/section>\n\t\t\t\t<section class=\"elementor-section elementor-top-section elementor-element elementor-element-09f1cf7 elementor-section-boxed elementor-section-height-default elementor-section-height-default\" data-id=\"09f1cf7\" data-element_type=\"section\" data-e-type=\"section\">\n\t\t\t\t\t\t<div class=\"elementor-container elementor-column-gap-default\">\n\t\t\t\t\t<div class=\"elementor-column elementor-col-50 elementor-top-column elementor-element elementor-element-18e125d\" data-id=\"18e125d\" data-element_type=\"column\" data-e-type=\"column\">\n\t\t\t<div class=\"elementor-widget-wrap elementor-element-populated\">\n\t\t\t\t\t\t<div class=\"elementor-element elementor-element-e9eee7c elementor-widget elementor-widget-image\" data-id=\"e9eee7c\" data-element_type=\"widget\" data-e-type=\"widget\" data-widget_type=\"image.default\">\n\t\t\t\t<div class=\"elementor-widget-container\">\n\t\t\t\t\t\t\t\t\t\t\t\t\t\t\t<img fetchpriority=\"high\" decoding=\"async\" width=\"608\" height=\"410\" src=\"https:\/\/salve-corda.org\/wp-content\/uploads\/2021\/07\/reme\u0300de.png\" class=\"attachment-large size-large wp-image-810\" alt=\"\" srcset=\"https:\/\/salve-corda.org\/wp-content\/uploads\/2021\/07\/reme\u0300de.png 608w, https:\/\/salve-corda.org\/wp-content\/uploads\/2021\/07\/reme\u0300de-300x202.png 300w\" sizes=\"(max-width: 608px) 100vw, 608px\" \/>\t\t\t\t\t\t\t\t\t\t\t\t\t\t\t<\/div>\n\t\t\t\t<\/div>\n\t\t\t\t\t<\/div>\n\t\t<\/div>\n\t\t\t\t<div class=\"elementor-column elementor-col-50 elementor-top-column elementor-element elementor-element-1f3a66b\" data-id=\"1f3a66b\" data-element_type=\"column\" data-e-type=\"column\">\n\t\t\t<div class=\"elementor-widget-wrap elementor-element-populated\">\n\t\t\t\t\t\t<div class=\"elementor-element elementor-element-5d81a61 elementor-widget elementor-widget-text-editor\" data-id=\"5d81a61\" data-element_type=\"widget\" data-e-type=\"widget\" data-widget_type=\"text-editor.default\">\n\t\t\t\t<div class=\"elementor-widget-container\">\n\t\t\t\t\t\t\t\t\t<p>\u00a0<\/p><p>\u00a0<\/p><p>\u00a0<\/p><p>Si il y a en effet une v\u00e9ritable augmentation d&#8217;initiatives pour sauver le monde, partant d&#8217;une bonne volont\u00e9, elles ne suivent malheureusement pas les demandes de Notre Dame de Fatima.\u00a0<\/p><p>\u00a0<\/p><p>Dabei erfinden die Gl\u00e4ubigen oft Pl\u00e4ne F\u00dcR Gott, anstatt zun\u00e4chst dem\u00fctig die Pl\u00e4ne GOTTES zu machen.<\/p><p>\u00a0<\/p><p>Erinnern wir uns an die Worte von Schwester Lucia:<\/p><p>\u00a0<\/p><p><span style=\"color: #0000ff;\"><span style=\"font-style: italic;\">\"Samstags], verbunden mit der Weihe an das Unbefleckte Herz Mariens, h\u00e4ngt f\u00fcr die Welt Frieden oder Krieg ab. (...) \"Das bedeutet, dass Gott will, dass es diese Andacht und die Weihe an das Unbefleckte Herz Mariens sein sollen.<span style=\"font-weight: bold;\">\u00a0nein eine andere<\/span>. &#8220;<\/span><\/span><span style=\"font-style: italic;\"><span style=\"color: #0000ff;\">\u00a0<\/span>\u00a0 \u00a0 \u00a0 \u00a0 \u00a0Schwester Lucia, M\u00e4rz 1939<\/span><\/p>\t\t\t\t\t\t\t\t<\/div>\n\t\t\t\t<\/div>\n\t\t\t\t\t<\/div>\n\t\t<\/div>\n\t\t\t\t\t<\/div>\n\t\t<\/section>\n\t\t\t\t<section class=\"elementor-section elementor-top-section elementor-element elementor-element-de35ba1 elementor-section-boxed elementor-section-height-default elementor-section-height-default\" data-id=\"de35ba1\" data-element_type=\"section\" data-e-type=\"section\">\n\t\t\t\t\t\t<div class=\"elementor-container elementor-column-gap-default\">\n\t\t\t\t\t<div class=\"elementor-column elementor-col-100 elementor-top-column elementor-element elementor-element-1551ce9\" data-id=\"1551ce9\" data-element_type=\"column\" data-e-type=\"column\">\n\t\t\t<div class=\"elementor-widget-wrap elementor-element-populated\">\n\t\t\t\t\t\t<div class=\"elementor-element elementor-element-88db77c elementor-widget elementor-widget-text-editor\" data-id=\"88db77c\" data-element_type=\"widget\" data-e-type=\"widget\" data-widget_type=\"text-editor.default\">\n\t\t\t\t<div class=\"elementor-widget-container\">\n\t\t\t\t\t\t\t\t\t<p>Mit anderen Worten: Wer wirklich an der Bekehrung der Welt arbeiten will, muss <strong>zun\u00e4chst vorrangig erledigen<\/strong> exactement ce que Notre Dame a demand\u00e9. Ensuite ils pourront rajouter toutes les d\u00e9votions qu&#8217;ils souhaiterons, la vie spirituelle \u00e9tant riche et non uniforme, et cela augmentera leur m\u00e9rite. En revanche s&#8217;ils&nbsp; ne suivent pas les demandes de Notre Dame, et quelque soit la qualit\u00e9 de leurs autres actes et pri\u00e8res, c&#8217;est peine perdue.<\/p><p><br><\/p>\n<p><\/p>\n<p>Dans l\u2019Evangile le Christ attire notre attention sur ce genre de comportement et le fait que ce n&#8217;est pas avec des paroles libres qu&#8217;on doit agir mais avec <span style=\"font-weight: bolder;\">des actes d&#8217;ob\u00e9issance<\/span>&nbsp;zum Willen Gottes :<\/p>\n<p><\/p>\n<p><em><span style=\"color: #0000ff;\">\"Nicht alle, die zu mir sagen: Herr, Herr, werden in das Himmelreich kommen, sondern nur die, die den Willen meines Vaters im Himmel tun\" (Mt 7,21).<\/span><\/em><\/p>\n<p><\/p>\n<p>Comment ne pas transposer cela&nbsp; sur la mani\u00e8re d&#8217;agir avec Notre Dame&nbsp; pour obtenir la conversion du monde aujourd&#8217;hui :<\/p>\n<p><\/p>\n<p><em><span style=\"color: #0000ff;\">\u201cCe ne sont pas tous ceux qui me disent Marie, Marie avec des d\u00e9marches spirituelles invent\u00e9es&nbsp; qui obtiendront la conversion du Monde, mais seulement ceux qui font ce que j&#8217;ai demand\u00e9 \u00e0 Fatima .&nbsp;<\/span><\/em><\/p>\t\t\t\t\t\t\t\t<\/div>\n\t\t\t\t<\/div>\n\t\t\t\t\t<\/div>\n\t\t<\/div>\n\t\t\t\t\t<\/div>\n\t\t<\/section>\n\t\t\t\t<section class=\"elementor-section elementor-top-section elementor-element elementor-element-5a168be elementor-section-boxed elementor-section-height-default elementor-section-height-default\" data-id=\"5a168be\" data-element_type=\"section\" data-e-type=\"section\">\n\t\t\t\t\t\t<div class=\"elementor-container elementor-column-gap-default\">\n\t\t\t\t\t<div class=\"elementor-column elementor-col-100 elementor-top-column elementor-element elementor-element-63da216\" data-id=\"63da216\" data-element_type=\"column\" data-e-type=\"column\">\n\t\t\t<div class=\"elementor-widget-wrap elementor-element-populated\">\n\t\t\t\t\t\t<div class=\"elementor-element elementor-element-158ed08 elementor-widget elementor-widget-text-editor\" data-id=\"158ed08\" data-element_type=\"widget\" data-e-type=\"widget\" data-widget_type=\"text-editor.default\">\n\t\t\t\t<div class=\"elementor-widget-container\">\n\t\t\t\t\t\t\t\t\t<p>Die Heilige Jungfrau erkl\u00e4rte in Fatima, dass Gott <b>gew\u00e4hlt <\/b><strong>dieses Mittel<\/strong> pour convertir le monde moderne . Le 10 d\u00e9cembre 1925 elle apparaitra \u00e0 soeur Lucie pour lui demander d&#8217;\u00e9tablir la d\u00e9votion des 1ers samedis du mois.<\/p><p>\u00a0<\/p><p><span style=\"color: #0000ff;\"><i>\"<\/i><\/span><span style=\"color: #6288c6;\"><span style=\"color: #0000ff;\"><i> Um sie (die Menschen, Anm. d. \u00dcbers.) zu retten, will Gott in dem <\/i><i>M<\/i><i>welle die Hingabe an mein Unbeflecktes Herz. Wenn ich das tue, was ich Ihnen jetzt sage<\/i><i>, <\/i><i>viele Seelen werden gerettet und wir werden Frieden haben<\/i><i>. <\/i><\/span><i><span style=\"color: #0000ff;\">\"\u00a0 \u00a0 \u00a0 \u00a0 \u00a0 \u00a0 \u00a0 \u00a0 \u00a0 \u00a0 \u00a0<\/span> \u00a0 \u00a0 \u00a0 \u00a0 \u00a0 \u00a0 \u00a0 \u00a0 \u00a0 \u00a0 \u00a0 \u00a0 \u00a0 \u00a0 \u00a0 \u00a0 \u00a0 \u00a0 \u00a0 \u00a0 \u00a0 \u00a0 \u00a0 \u00a0 \u00a0 \u00a0 \u00a0 \u00a0 \u00a0 \u00a0 \u00a0 \u00a0 \u00a0 \u00a0 \u00a0 \u00a0 \u00a0 \u00a0 \u00a0 \u00a0 \u00a0 \u00a0\u00a0<\/i><\/span><span style=\"text-align: right; color: var( --e-global-color-text ); font-family: var( --e-global-typography-18e5089-font-family ), Sans-serif; font-size: var( --e-global-typography-18e5089-font-size ); font-weight: var( --e-global-typography-18e5089-font-weight ); letter-spacing: var( --e-global-typography-18e5089-letter-spacing );\">Die Heilige Jungfrau, Pontevedra 10. Dezember 1925<\/span><\/p><p>\u00a0<\/p><p>Schwester Lucia fragte unseren Herrn, warum er die Welt nicht anders bekehren w\u00fcrde, und Christus antwortete ihr:<\/p><p>\u00a0<\/p><p><span style=\"color: #0000ff;\"><em>\"Weil ich will, dass meine ganze Kirche diese Weihe als einen Triumph des Unbefleckten Herzens Mariens anerkennt, um dann ihre Verehrung auszuweiten und neben die Verehrung meines g\u00f6ttlichen Herzens die Verehrung dieses Unbefleckten Herzens zu stellen.\"<\/em><\/span><\/p><p>\u00a0<\/p><p>Christus macht uns also deutlich, dass er f\u00fcr unsere Zeit will, dass die Verehrung des Herzens seiner Mutter im Vordergrund steht, dass unsere Bitten zuerst durch sie gehen und dass wir deshalb <b>seine Forderungen zuerst umsetzen<\/b>Samstag im Monat. Sie wird Satan vernichten, wenn die Menschen ihr endlich gehorchen.<\/p>\t\t\t\t\t\t\t\t<\/div>\n\t\t\t\t<\/div>\n\t\t\t\t\t<\/div>\n\t\t<\/div>\n\t\t\t\t\t<\/div>\n\t\t<\/section>\n\t\t\t\t<section class=\"elementor-section elementor-top-section elementor-element elementor-element-063a7ac elementor-section-full_width elementor-section-height-default elementor-section-height-default\" data-id=\"063a7ac\" data-element_type=\"section\" data-e-type=\"section\">\n\t\t\t\t\t\t<div class=\"elementor-container elementor-column-gap-default\">\n\t\t\t\t\t<div class=\"elementor-column elementor-col-100 elementor-top-column elementor-element elementor-element-c1db2f4\" data-id=\"c1db2f4\" data-element_type=\"column\" data-e-type=\"column\">\n\t\t\t<div class=\"elementor-widget-wrap elementor-element-populated\">\n\t\t\t\t\t\t<div class=\"elementor-element elementor-element-893f269 elementor-widget elementor-widget-image\" data-id=\"893f269\" data-element_type=\"widget\" data-e-type=\"widget\" data-widget_type=\"image.default\">\n\t\t\t\t<div class=\"elementor-widget-container\">\n\t\t\t\t\t\t\t\t\t\t\t\t\t\t\t<img decoding=\"async\" width=\"640\" height=\"300\" src=\"https:\/\/salve-corda.org\/wp-content\/uploads\/2021\/09\/Le-Puy-en-Velay-La-statue-Notre-Dame-de-France-domine-la-ville-depuis-le-rocher-Corneille-copie-2-1024x480.jpg\" class=\"attachment-large size-large wp-image-2545\" alt=\"\" srcset=\"https:\/\/salve-corda.org\/wp-content\/uploads\/2021\/09\/Le-Puy-en-Velay-La-statue-Notre-Dame-de-France-domine-la-ville-depuis-le-rocher-Corneille-copie-2-1024x480.jpg 1024w, https:\/\/salve-corda.org\/wp-content\/uploads\/2021\/09\/Le-Puy-en-Velay-La-statue-Notre-Dame-de-France-domine-la-ville-depuis-le-rocher-Corneille-copie-2-300x141.jpg 300w, https:\/\/salve-corda.org\/wp-content\/uploads\/2021\/09\/Le-Puy-en-Velay-La-statue-Notre-Dame-de-France-domine-la-ville-depuis-le-rocher-Corneille-copie-2-768x360.jpg 768w, https:\/\/salve-corda.org\/wp-content\/uploads\/2021\/09\/Le-Puy-en-Velay-La-statue-Notre-Dame-de-France-domine-la-ville-depuis-le-rocher-Corneille-copie-2-1536x720.jpg 1536w, https:\/\/salve-corda.org\/wp-content\/uploads\/2021\/09\/Le-Puy-en-Velay-La-statue-Notre-Dame-de-France-domine-la-ville-depuis-le-rocher-Corneille-copie-2-2048x961.jpg 2048w\" sizes=\"(max-width: 640px) 100vw, 640px\" \/>\t\t\t\t\t\t\t\t\t\t\t\t\t\t\t<\/div>\n\t\t\t\t<\/div>\n\t\t\t\t\t<\/div>\n\t\t<\/div>\n\t\t\t\t\t<\/div>\n\t\t<\/section>\n\t\t\t\t<\/div>","protected":false},"excerpt":{"rendered":"<p>Pourquoi r\u00e9aliser en priorit\u00e9 les demandes de la Sainte Vierge A FATIMA ? Face \u00e0 la dramatique situation du monde d&#8217;aujourd&#8217;hui, la n\u00e9cessit\u00e9 de prier pour la salut du monde se r\u00e9pand enfin. [&hellip;]<\/p>","protected":false},"author":1,"featured_media":0,"parent":0,"menu_order":0,"comment_status":"closed","ping_status":"closed","template":"elementor_header_footer","meta":{"footnotes":""},"class_list":["post-484","page","type-page","status-publish","hentry"],"_links":{"self":[{"href":"https:\/\/salve-corda.org\/de\/wp-json\/wp\/v2\/pages\/484","targetHints":{"allow":["GET"]}}],"collection":[{"href":"https:\/\/salve-corda.org\/de\/wp-json\/wp\/v2\/pages"}],"about":[{"href":"https:\/\/salve-corda.org\/de\/wp-json\/wp\/v2\/types\/page"}],"author":[{"embeddable":true,"href":"https:\/\/salve-corda.org\/de\/wp-json\/wp\/v2\/users\/1"}],"replies":[{"embeddable":true,"href":"https:\/\/salve-corda.org\/de\/wp-json\/wp\/v2\/comments?post=484"}],"version-history":[{"count":135,"href":"https:\/\/salve-corda.org\/de\/wp-json\/wp\/v2\/pages\/484\/revisions"}],"predecessor-version":[{"id":17328,"href":"https:\/\/salve-corda.org\/de\/wp-json\/wp\/v2\/pages\/484\/revisions\/17328"}],"wp:attachment":[{"href":"https:\/\/salve-corda.org\/de\/wp-json\/wp\/v2\/media?parent=484"}],"curies":[{"name":"wp","href":"https:\/\/api.w.org\/{rel}","templated":true}]}}