{"id":488,"date":"2020-09-25T15:35:02","date_gmt":"2020-09-25T13:35:02","guid":{"rendered":"https:\/\/salve-corda.org\/?page_id=488"},"modified":"2022-09-07T16:59:36","modified_gmt":"2022-09-07T14:59:36","slug":"pourquoi-cette-devotion-concerne-toute-leglise","status":"publish","type":"page","link":"https:\/\/salve-corda.org\/de\/pourquoi-cette-devotion-concerne-toute-leglise\/","title":{"rendered":"Pourquoi cette d\u00e9votion concerne tout l&#8217;Eglise ?"},"content":{"rendered":"<div data-elementor-type=\"wp-page\" data-elementor-id=\"488\" class=\"elementor elementor-488\">\n\t\t\t\t\t\t<section class=\"elementor-section elementor-top-section elementor-element elementor-element-03829f4 elementor-section-boxed elementor-section-height-default elementor-section-height-default\" data-id=\"03829f4\" data-element_type=\"section\" data-e-type=\"section\">\n\t\t\t\t\t\t<div class=\"elementor-container elementor-column-gap-default\">\n\t\t\t\t\t<div class=\"elementor-column elementor-col-100 elementor-top-column elementor-element elementor-element-e6bde18\" data-id=\"e6bde18\" data-element_type=\"column\" data-e-type=\"column\">\n\t\t\t<div class=\"elementor-widget-wrap\">\n\t\t\t\t\t\t\t<\/div>\n\t\t<\/div>\n\t\t\t\t\t<\/div>\n\t\t<\/section>\n\t\t\t\t<section class=\"elementor-section elementor-top-section elementor-element elementor-element-e20f0f0 elementor-section-boxed elementor-section-height-default elementor-section-height-default\" data-id=\"e20f0f0\" data-element_type=\"section\" data-e-type=\"section\">\n\t\t\t\t\t\t<div class=\"elementor-container elementor-column-gap-default\">\n\t\t\t\t\t<div class=\"elementor-column elementor-col-100 elementor-top-column elementor-element elementor-element-5eb62ff\" data-id=\"5eb62ff\" data-element_type=\"column\" data-e-type=\"column\">\n\t\t\t<div class=\"elementor-widget-wrap elementor-element-populated\">\n\t\t\t\t\t\t<div class=\"elementor-element elementor-element-102c535 elementor-widget elementor-widget-spacer\" data-id=\"102c535\" data-element_type=\"widget\" data-e-type=\"widget\" data-widget_type=\"spacer.default\">\n\t\t\t\t<div class=\"elementor-widget-container\">\n\t\t\t\t\t\t\t<div class=\"elementor-spacer\">\n\t\t\t<div class=\"elementor-spacer-inner\"><\/div>\n\t\t<\/div>\n\t\t\t\t\t\t<\/div>\n\t\t\t\t<\/div>\n\t\t\t\t<div class=\"elementor-element elementor-element-1920d56 elementor-widget elementor-widget-heading\" data-id=\"1920d56\" data-element_type=\"widget\" data-e-type=\"widget\" data-widget_type=\"heading.default\">\n\t\t\t\t<div class=\"elementor-widget-container\">\n\t\t\t\t\t<h2 class=\"elementor-heading-title elementor-size-default\">Warum betrifft die Verehrung der Herzen Jesu und Marias die GANZE KIRCHE?<\/h2>\t\t\t\t<\/div>\n\t\t\t\t<\/div>\n\t\t\t\t<div class=\"elementor-element elementor-element-fa3d7fe elementor-widget elementor-widget-text-editor\" data-id=\"fa3d7fe\" data-element_type=\"widget\" data-e-type=\"widget\" data-widget_type=\"text-editor.default\">\n\t\t\t\t<div class=\"elementor-widget-container\">\n\t\t\t\t\t\t\t\t\t<p>L&#8217;enseignement des papes<\/p>\t\t\t\t\t\t\t\t<\/div>\n\t\t\t\t<\/div>\n\t\t\t\t<div class=\"elementor-element elementor-element-7b7a661 elementor-widget elementor-widget-text-editor\" data-id=\"7b7a661\" data-element_type=\"widget\" data-e-type=\"widget\" data-widget_type=\"text-editor.default\">\n\t\t\t\t<div class=\"elementor-widget-container\">\n\t\t\t\t\t\t\t\t\t<p style=\"text-align: left;\">Die Wesentlichkeit der Verehrung des Heiligsten Herzens und des Unbefleckten Herzens Mariens wurde von vielen P\u00e4psten betont, die die beiden Feste des Heiligsten Herzens und des Unbefleckten Herzens Mariens schufen und in ihren Erkl\u00e4rungen sehr klar waren:<\/p><p><i><span style=\"color: #6288c6;\">\"Die Lehre, die die Verehrung des Heiligen Herzens ablehnt (...), ist falsch, verwegen, verderblich, beleidigt fromme Ohren, beleidigt den Apostolischen Stuhl.\"<\/span><\/i><\/p><p style=\"text-align: right;\">Papst Pius VI.<\/p><p style=\"text-align: left;\"><span style=\"font-family: var( --e-global-typography-18e5089-font-family ), Sans-serif; font-size: var( --e-global-typography-18e5089-font-size ); font-weight: var( --e-global-typography-18e5089-font-weight ); letter-spacing: var( --e-global-typography-18e5089-letter-spacing ); color: #6288c6;\"><em>\"Es ziemt sich vollkommen, dass das christliche Volk, das das g\u00f6ttliche Leben Christi durch Maria empfangen hat, nachdem es dem allerheiligsten Herzen Jesu die ihm geb\u00fchrende Verehrung erwiesen hat, auch dem allerliebsten Herzen seiner himmlischen Mutter \u00e4hnliche Huldigungen der Fr\u00f6mmigkeit, der Liebe, der Dankbarkeit und der Wiedergutmachung darbringt.\"\u00a0 \u00a0 \u00a0 \u00a0 \u00a0 \u00a0 \u00a0 \u00a0<\/em><\/span><span style=\"color: var( --e-global-color-text ); font-family: var( --e-global-typography-18e5089-font-family ), Sans-serif; font-size: var( --e-global-typography-18e5089-font-size ); font-weight: var( --e-global-typography-18e5089-font-weight ); letter-spacing: var( --e-global-typography-18e5089-letter-spacing );\">Papst Pius XII.<\/span><\/p><p><span style=\"color: #6288c6;\"><em><br \/>\u00ab Par cons\u00e9quent, celui qui manifestement sous\u2011estimerait ce bienfait donn\u00e9 par J\u00e9sus\u2011Christ \u00e0 l&#8217;\u00c9glise agirait mal et t\u00e9m\u00e9rairement, et offenserait Dieu lui\u2011m\u00eame. \u00bb\u00a0 \u00a0 \u00a0 \u00a0 \u00a0 \u00a0 \u00a0 \u00a0 \u00a0 \u00a0 \u00a0 \u00a0 \u00a0 \u00a0 \u00a0 \u00a0 \u00a0 \u00a0 \u00a0 \u00a0 \u00a0 \u00a0 \u00a0 \u00a0 \u00a0 \u00a0 \u00a0 \u00a0 \u00a0 \u00a0 \u00a0 \u00a0 \u00a0 \u00a0 \u00a0 \u00a0 \u00a0 \u00a0 \u00a0 \u00a0 \u00a0 \u00a0 \u00a0 \u00a0 \u00a0 \u00a0 \u00a0 \u00a0 \u00a0 \u00a0 \u00a0 \u00a0 \u00a0 \u00a0 \u00a0 \u00a0 \u00a0 \u00a0 \u00a0 \u00a0 \u00a0 \u00a0 \u00a0 \u00a0 \u00a0 \u00a0 \u00a0 \u00a0 \u00a0 \u00a0 \u00a0 \u00a0 \u00a0 \u00a0 \u00a0 \u00a0 \u00a0 \u00a0 \u00a0 \u00a0 \u00a0 \u00a0 \u00a0 \u00a0 \u00a0 \u00a0 \u00a0 \u00a0 \u00a0 \u00a0 \u00a0 \u00a0 \u00a0 \u00a0 \u00a0 \u00a0 \u00a0 \u00a0 \u00a0 \u00a0 \u00a0 \u00a0 \u00a0 \u00a0 \u00a0 \u00a0 \u00a0 \u00a0 \u00a0 \u00a0 \u00a0<\/em><\/span><span style=\"text-align: right; color: var( --e-global-color-text ); font-family: var( --e-global-typography-18e5089-font-family ), Sans-serif; font-size: var( --e-global-typography-18e5089-font-size ); font-weight: var( --e-global-typography-18e5089-font-weight ); letter-spacing: var( --e-global-typography-18e5089-letter-spacing );\">Papst Pius XII.<\/span><\/p><p>\u00a0<\/p><div style=\"text-align: left;\"><i style=\"color: var( --e-global-color-text ); font-family: var( --e-global-typography-18e5089-font-family ), Sans-serif; font-size: var( --e-global-typography-18e5089-font-size ); font-weight: var( --e-global-typography-18e5089-font-weight ); letter-spacing: var( --e-global-typography-18e5089-letter-spacing );\"><span style=\"color: #6288c6;\">\"Wer glaubt, dass die prophetische Mission von Fatima vollendet ist, der irrt sich...\".\u00a0 \u00a0 \u00a0 \u00a0 \u00a0 \u00a0 \u00a0 \u00a0 \u00a0 \u00a0 \u00a0 \u00a0 \u00a0 \u00a0 \u00a0 \u00a0 \u00a0 \u00a0 \u00a0 \u00a0 \u00a0 \u00a0 \u00a0 \u00a0 \u00a0 \u00a0 \u00a0 \u00a0 \u00a0 \u00a0 \u00a0 \u00a0 \u00a0 \u00a0 \u00a0 \u00a0 \u00a0 \u00a0 \u00a0 \u00a0 \u00a0 \u00a0 \u00a0 \u00a0 \u00a0 \u00a0 \u00a0<\/span><\/i><i style=\"color: var( --e-global-color-text ); font-family: var( --e-global-typography-18e5089-font-family ), Sans-serif; font-size: var( --e-global-typography-18e5089-font-size ); font-weight: var( --e-global-typography-18e5089-font-weight ); letter-spacing: var( --e-global-typography-18e5089-letter-spacing );\">Benedikt XVI.\u00a0 \u00a0\u00a0<\/i><\/div>\t\t\t\t\t\t\t\t<\/div>\n\t\t\t\t<\/div>\n\t\t\t\t\t<\/div>\n\t\t<\/div>\n\t\t\t\t\t<\/div>\n\t\t<\/section>\n\t\t\t\t<section class=\"elementor-section elementor-top-section elementor-element elementor-element-b644754 elementor-section-boxed elementor-section-height-default elementor-section-height-default\" data-id=\"b644754\" data-element_type=\"section\" data-e-type=\"section\">\n\t\t\t\t\t\t<div class=\"elementor-container elementor-column-gap-default\">\n\t\t\t\t\t<div class=\"elementor-column elementor-col-100 elementor-top-column elementor-element elementor-element-2a05b14\" data-id=\"2a05b14\" data-element_type=\"column\" data-e-type=\"column\">\n\t\t\t<div class=\"elementor-widget-wrap elementor-element-populated\">\n\t\t\t\t\t\t<div class=\"elementor-element elementor-element-b4566a5 elementor-widget elementor-widget-text-editor\" data-id=\"b4566a5\" data-element_type=\"widget\" data-e-type=\"widget\" data-widget_type=\"text-editor.default\">\n\t\t\t\t<div class=\"elementor-widget-container\">\n\t\t\t\t\t\t\t\t\t<p>FATIMA : Une demande officielle au chef de l&#8217;Eglise pour toute l&#8217;EGLise<\/p>\t\t\t\t\t\t\t\t<\/div>\n\t\t\t\t<\/div>\n\t\t\t\t\t<\/div>\n\t\t<\/div>\n\t\t\t\t\t<\/div>\n\t\t<\/section>\n\t\t\t\t<section class=\"elementor-section elementor-top-section elementor-element elementor-element-98632f1 elementor-section-boxed elementor-section-height-default elementor-section-height-default\" data-id=\"98632f1\" data-element_type=\"section\" data-e-type=\"section\">\n\t\t\t\t\t\t<div class=\"elementor-container elementor-column-gap-default\">\n\t\t\t\t\t<div class=\"elementor-column elementor-col-50 elementor-top-column elementor-element elementor-element-d385a1c\" data-id=\"d385a1c\" data-element_type=\"column\" data-e-type=\"column\">\n\t\t\t<div class=\"elementor-widget-wrap elementor-element-populated\">\n\t\t\t\t\t\t<div class=\"elementor-element elementor-element-c0f461f elementor-widget elementor-widget-text-editor\" data-id=\"c0f461f\" data-element_type=\"widget\" data-e-type=\"widget\" data-widget_type=\"text-editor.default\">\n\t\t\t\t<div class=\"elementor-widget-container\">\n\t\t\t\t\t\t\t\t\t<p style=\"text-align: left;\">Fatima n&#8217;est pas une apparition que l&#8217;on peut consid\u00e9rer comme uniquement priv\u00e9e car la Sainte Vierge est venue apporter un message qui concerne toute l&#8217;Eglise, l&#8217;a parfaitement annonc\u00e9 et , par l&#8217;interm\u00e9diaire de Soeur Lucie, en a fait la\u00a0 demande officielle, au chef de l&#8217;Eglise lui m\u00eame. Les deux demandes qu&#8217;elle a faite sont les suivantes :\u00a0<\/p><p>\u00a0<\/p><p style=\"text-align: left;\">1\/ Weihen Sie Russland mit allen Bisch\u00f6fen der Welt dem Unbefleckten Herzen Mariens. <strong>Il s&#8217;agit donc d&#8217;un acte de toute l&#8217;Eglise<\/strong> puisqu&#8217;il doit \u00eatre fait par toute la hi\u00e9rarchie de l&#8217;Eglise ensemble.<\/p><p>\u00a0<\/p><p>2\/ L&#8217;approbation et la recommandation officielle de la d\u00e9votion des 1ers samedis du mois. Il ne s&#8217;agit pas l\u00e0 non plus d&#8217;une d\u00e9votion &#8220;personnelle&#8221; puisque justement N<strong>otre Dame demande au Pape lui-m\u00eame de la rendre officielle dans toute l&#8217;Eglise.<\/strong> Le fait que les Papes n&#8217;aient pas encore suivi cette demande ne change rien car Notre Dame est au-dessus des Papes et puisque c&#8217;est SA volont\u00e9, la d\u00e9votion des 1ers samedis est de facto pour toute l&#8217;Eglise et non juste personnelle. Soeur Lucie \u00e9crira le 3 octobre 1928 :<\/p><div style=\"text-align: left;\">\u00a0<\/div>\t\t\t\t\t\t\t\t<\/div>\n\t\t\t\t<\/div>\n\t\t\t\t\t<\/div>\n\t\t<\/div>\n\t\t\t\t<div class=\"elementor-column elementor-col-50 elementor-top-column elementor-element elementor-element-19469cb\" data-id=\"19469cb\" data-element_type=\"column\" data-e-type=\"column\">\n\t\t\t<div class=\"elementor-widget-wrap elementor-element-populated\">\n\t\t\t\t\t\t<div class=\"elementor-element elementor-element-688a875 elementor-widget elementor-widget-image\" data-id=\"688a875\" data-element_type=\"widget\" data-e-type=\"widget\" data-widget_type=\"image.default\">\n\t\t\t\t<div class=\"elementor-widget-container\">\n\t\t\t\t\t\t\t\t\t\t\t\t\t\t\t<img fetchpriority=\"high\" decoding=\"async\" width=\"541\" height=\"797\" src=\"https:\/\/salve-corda.org\/wp-content\/uploads\/2021\/07\/jean-paul-2.png\" class=\"attachment-large size-large wp-image-915\" alt=\"\" srcset=\"https:\/\/salve-corda.org\/wp-content\/uploads\/2021\/07\/jean-paul-2.png 541w, https:\/\/salve-corda.org\/wp-content\/uploads\/2021\/07\/jean-paul-2-204x300.png 204w\" sizes=\"(max-width: 541px) 100vw, 541px\" \/>\t\t\t\t\t\t\t\t\t\t\t\t\t\t\t<\/div>\n\t\t\t\t<\/div>\n\t\t\t\t\t<\/div>\n\t\t<\/div>\n\t\t\t\t\t<\/div>\n\t\t<\/section>\n\t\t\t\t<section class=\"elementor-section elementor-top-section elementor-element elementor-element-ad938ef elementor-section-boxed elementor-section-height-default elementor-section-height-default\" data-id=\"ad938ef\" data-element_type=\"section\" data-e-type=\"section\">\n\t\t\t\t\t\t<div class=\"elementor-container elementor-column-gap-default\">\n\t\t\t\t\t<div class=\"elementor-column elementor-col-100 elementor-top-column elementor-element elementor-element-c861da1\" data-id=\"c861da1\" data-element_type=\"column\" data-e-type=\"column\">\n\t\t\t<div class=\"elementor-widget-wrap elementor-element-populated\">\n\t\t\t\t\t\t<div class=\"elementor-element elementor-element-c6f8d14 elementor-widget elementor-widget-text-editor\" data-id=\"c6f8d14\" data-element_type=\"widget\" data-e-type=\"widget\" data-widget_type=\"text-editor.default\">\n\t\t\t\t<div class=\"elementor-widget-container\">\n\t\t\t\t\t\t\t\t\t<p style=\"text-align: left;\"><span style=\"font-family: var( --e-global-typography-18e5089-font-family ), Sans-serif; font-size: var( --e-global-typography-18e5089-font-size ); font-weight: var( --e-global-typography-18e5089-font-weight ); letter-spacing: var( --e-global-typography-18e5089-letter-spacing ); color: #6288c6;\"><em>\"Es scheint mir, dass der liebe Gott tief in meinem Herzen auf mich einwirkt, damit\u00a0<strong>ich bitte den Heiligen Vater um die Approbation der reparativen Andacht, die Gott selbst und die allerseligste Jungfrau sich herabgelassen haben, im Jahr 1925 zu erbitten<\/strong>, (...)\"\u00a0 \u00a0 \u00a0 \u00a0 \u00a0 \u00a0 \u00a0 \u00a0<\/em><\/span><\/p><div>\u00a0<\/div><div>Le 29 mai 1930, Soeur Lucie r\u00e9it\u00e8re sa demande avec\u00a0 insistance expliquant qu&#8217;\u00e0 la fin de la pers\u00e9cution en Russie le Pape doit approuver et recommander la d\u00e9votion r\u00e9paratrice des 1ers samedis.<\/div><div>\u00a0<\/div><div style=\"text-align: left;\"><span style=\"font-family: var( --e-global-typography-18e5089-font-family ), Sans-serif; font-size: var( --e-global-typography-18e5089-font-size ); font-weight: var( --e-global-typography-18e5089-font-weight ); letter-spacing: var( --e-global-typography-18e5089-letter-spacing ); color: #6288c6;\"><em>\" (...) <strong>Seine Heiligkeit versprach, nach Beendigung dieser Verfolgung die Praxis der wiederherstellenden Andacht zu billigen und zu empfehlen.<\/strong>Die Kommunion wird an den ersten f\u00fcnf Samstagen des Monats gefeiert.<\/em><\/span><\/div>\t\t\t\t\t\t\t\t<\/div>\n\t\t\t\t<\/div>\n\t\t\t\t<div class=\"elementor-element elementor-element-83b5151 elementor-widget elementor-widget-text-editor\" data-id=\"83b5151\" data-element_type=\"widget\" data-e-type=\"widget\" data-widget_type=\"text-editor.default\">\n\t\t\t\t<div class=\"elementor-widget-container\">\n\t\t\t\t\t\t\t\t\t<p>mission de soeur Lucie jusqu&#8217;\u00e0 sa mort en 2005<\/p>\t\t\t\t\t\t\t\t<\/div>\n\t\t\t\t<\/div>\n\t\t\t\t\t<\/div>\n\t\t<\/div>\n\t\t\t\t\t<\/div>\n\t\t<\/section>\n\t\t\t\t<section class=\"elementor-section elementor-top-section elementor-element elementor-element-111800e elementor-section-boxed elementor-section-height-default elementor-section-height-default\" data-id=\"111800e\" data-element_type=\"section\" data-e-type=\"section\">\n\t\t\t\t\t\t<div class=\"elementor-container elementor-column-gap-default\">\n\t\t\t\t\t<div class=\"elementor-column elementor-col-50 elementor-top-column elementor-element elementor-element-0f7562b\" data-id=\"0f7562b\" data-element_type=\"column\" data-e-type=\"column\">\n\t\t\t<div class=\"elementor-widget-wrap elementor-element-populated\">\n\t\t\t\t\t\t<div class=\"elementor-element elementor-element-cf0a72b elementor-widget elementor-widget-image\" data-id=\"cf0a72b\" data-element_type=\"widget\" data-e-type=\"widget\" data-widget_type=\"image.default\">\n\t\t\t\t<div class=\"elementor-widget-container\">\n\t\t\t\t\t\t\t\t\t\t\t\t\t\t\t<img decoding=\"async\" width=\"200\" height=\"263\" src=\"https:\/\/salve-corda.org\/wp-content\/uploads\/2022\/09\/Soeur-Lucie02-4209590611.jpg\" class=\"attachment-large size-large wp-image-5677\" alt=\"\" \/>\t\t\t\t\t\t\t\t\t\t\t\t\t\t\t<\/div>\n\t\t\t\t<\/div>\n\t\t\t\t\t<\/div>\n\t\t<\/div>\n\t\t\t\t<div class=\"elementor-column elementor-col-50 elementor-top-column elementor-element elementor-element-5892bc8\" data-id=\"5892bc8\" data-element_type=\"column\" data-e-type=\"column\">\n\t\t\t<div class=\"elementor-widget-wrap elementor-element-populated\">\n\t\t\t\t\t\t<div class=\"elementor-element elementor-element-29544fa elementor-widget elementor-widget-text-editor\" data-id=\"29544fa\" data-element_type=\"widget\" data-e-type=\"widget\" data-widget_type=\"text-editor.default\">\n\t\t\t\t<div class=\"elementor-widget-container\">\n\t\t\t\t\t\t\t\t\t<p>Schwester Lucia, die Seherin von Fatima, lebte das gesamte 20. Jahrhundert und starb im Jahr 2005. Die Heilige Jungfrau hatte ihr prophezeit, dass sie lange leben w\u00fcrde, um ihre Botschaft angesichts ihrer grundlegenden Bedeutung f\u00fcr die Zeiten, in denen wir leben, zu \u00fcberbringen. Schwester Lucia war kategorisch in der Notwendigkeit, heute den Forderungen der Heiligen Jungfrau zu folgen:<\/p><p>\u00a0<\/p><p><i style=\"color: #6c8ecc; font-family: var( --e-global-typography-text-font-family ), Sans-serif; font-size: var( --e-global-typography-text-font-size ); font-weight: var( --e-global-typography-text-font-weight );\">\"Sie sagte (die Heilige Jungfrau Anm. d. \u00dcbers.) sowohl zu mir als auch zu meinen Cousins, dass Gott die\u00a0<\/i><u style=\"color: #6c8ecc; font-family: var( --e-global-typography-text-font-family ), Sans-serif; font-size: var( --e-global-typography-text-font-size ); font-weight: var( --e-global-typography-text-font-weight );\"><i>zwei letzte Heilmittel\u00a0<\/i><\/u><i style=\"color: #6c8ecc; font-family: var( --e-global-typography-text-font-family ), Sans-serif; font-size: var( --e-global-typography-text-font-size ); font-weight: var( --e-global-typography-text-font-weight );\">und die Verehrung des Unbefleckten Herzens Mariens, und da diese die beiden letzten Heilmittel sind, bedeutet das\u00a0<\/i><u style=\"color: #6c8ecc; font-family: var( --e-global-typography-text-font-family ), Sans-serif; font-size: var( --e-global-typography-text-font-size ); font-weight: var( --e-global-typography-text-font-weight );\"><i>dass es keine andere geben wird<\/i><\/u><i style=\"color: #6c8ecc; font-family: var( --e-global-typography-text-font-family ), Sans-serif; font-size: var( --e-global-typography-text-font-size ); font-weight: var( --e-global-typography-text-font-weight );\">. \"\u00a0\u00a0\u00a0<\/i><span style=\"color: #6c8ecc; font-family: var( --e-global-typography-text-font-family ), Sans-serif; font-size: var( --e-global-typography-text-font-size ); font-weight: var( --e-global-typography-text-font-weight );\">\u00a0 \u00a0 \u00a0 \u00a0 \u00a0 \u00a0 \u00a0 \u00a0 \u00a0 \u00a0 \u00a0 \u00a0 \u00a0 \u00a0 \u00a0 \u00a0 \u00a0 \u00a0 \u00a0 \u00a0 \u00a0 \u00a0 \u00a0 \u00a0 \u00a0 \u00a0 \u00a0 \u00a0 \u00a0 \u00a0<\/span><span style=\"font-family: var( --e-global-typography-text-font-family ), Sans-serif; font-size: var( --e-global-typography-text-font-size ); font-weight: var( --e-global-typography-text-font-weight ); color: #808080;\">\u00a026. Dezember 1957\u00a0<\/span><\/p><p><span style=\"color: #6c8ecc;\"><span style=\"color: #808080;\">\u00a0<\/span><\/span><\/p><p>\u00a0Wenn Gott \"die letzten Heilmittel\" bringt, dann deshalb, weil sie grundlegend sind, um die Menschheit bis zum Ende der Welt zu begleiten. Schwester Lucia schlie\u00dft mit diesen Worten, die die Verbindlichkeit von Fatima verdeutlichen sollen:<\/p>\t\t\t\t\t\t\t\t<\/div>\n\t\t\t\t<\/div>\n\t\t\t\t\t<\/div>\n\t\t<\/div>\n\t\t\t\t\t<\/div>\n\t\t<\/section>\n\t\t\t\t<section class=\"elementor-section elementor-top-section elementor-element elementor-element-e6ed821 elementor-section-boxed elementor-section-height-default elementor-section-height-default\" data-id=\"e6ed821\" data-element_type=\"section\" data-e-type=\"section\">\n\t\t\t\t\t\t<div class=\"elementor-container elementor-column-gap-default\">\n\t\t\t\t\t<div class=\"elementor-column elementor-col-100 elementor-top-column elementor-element elementor-element-823c2db\" data-id=\"823c2db\" data-element_type=\"column\" data-e-type=\"column\">\n\t\t\t<div class=\"elementor-widget-wrap elementor-element-populated\">\n\t\t\t\t\t\t<div class=\"elementor-element elementor-element-29c97a9 elementor-widget elementor-widget-text-editor\" data-id=\"29c97a9\" data-element_type=\"widget\" data-e-type=\"widget\" data-widget_type=\"text-editor.default\">\n\t\t\t\t<div class=\"elementor-widget-container\">\n\t\t\t\t\t\t\t\t\t<p><em style=\"font-family: var( --e-global-typography-text-font-family ), Sans-serif; font-size: var( --e-global-typography-text-font-size ); font-weight: var( --e-global-typography-text-font-weight ); color: #6c8ecc;\">\"In den Pl\u00e4nen der Vorsehung ist es immer so, dass Gott, wenn er die Welt bestrafen will, zuerst alle anderen Mittel aussch\u00f6pft. Da er aber gesehen hat, dass die Welt keinen von ihnen beachtet hat, bietet er uns mit einer gewissen Ehrfurcht das letzte Mittel zur Rettung an, seine heiligste Mutter.\u00a0<span style=\"font-weight: bold;\">DENN WENN WIR DIESES LETZTE MITTEL VERACHTEN UND ZUR\u00dcCKWEISEN, WERDEN WIR DIE VERGEBUNG DES HIMMELS NICHT MEHR ERLANGEN, WEIL WIR EINE S\u00dcNDE GEGEN DEN HEILIGEN GEIST BEGANGEN HABEN, DIE DARIN BESTEHT, DAS UNS ANGEBOTENE HEIL MIT WISSEN UND WILLEN OFFEN ABZULEHNEN.\"<\/span><\/em><span style=\"color: #6c8ecc;\"><i><br \/><\/i><\/span><\/p><p><span style=\"color: #6c8ecc;\"><span style=\"color: #808080;\">\u00a0<\/span><\/span><\/p>\t\t\t\t\t\t\t\t<\/div>\n\t\t\t\t<\/div>\n\t\t\t\t\t<\/div>\n\t\t<\/div>\n\t\t\t\t\t<\/div>\n\t\t<\/section>\n\t\t\t\t<section class=\"elementor-section elementor-top-section elementor-element elementor-element-6bfde15 elementor-section-boxed elementor-section-height-default elementor-section-height-default\" data-id=\"6bfde15\" data-element_type=\"section\" data-e-type=\"section\">\n\t\t\t\t\t\t<div class=\"elementor-container elementor-column-gap-default\">\n\t\t\t\t\t<div class=\"elementor-column elementor-col-100 elementor-top-column elementor-element elementor-element-5f404db\" data-id=\"5f404db\" data-element_type=\"column\" data-e-type=\"column\">\n\t\t\t<div class=\"elementor-widget-wrap elementor-element-populated\">\n\t\t\t\t\t\t<div class=\"elementor-element elementor-element-3950e21 elementor-widget elementor-widget-text-editor\" data-id=\"3950e21\" data-element_type=\"widget\" data-e-type=\"widget\" data-widget_type=\"text-editor.default\">\n\t\t\t\t<div class=\"elementor-widget-container\">\n\t\t\t\t\t\t\t\t\t<p>Die Prophezeiung von Fatima Schl\u00fcssel zur globalen Krise, in der wir leben<\/p>\t\t\t\t\t\t\t\t<\/div>\n\t\t\t\t<\/div>\n\t\t\t\t\t<\/div>\n\t\t<\/div>\n\t\t\t\t\t<\/div>\n\t\t<\/section>\n\t\t\t\t<section class=\"elementor-section elementor-top-section elementor-element elementor-element-da99fd7 elementor-section-boxed elementor-section-height-default elementor-section-height-default\" data-id=\"da99fd7\" data-element_type=\"section\" data-e-type=\"section\">\n\t\t\t\t\t\t<div class=\"elementor-container elementor-column-gap-default\">\n\t\t\t\t\t<div class=\"elementor-column elementor-col-50 elementor-top-column elementor-element elementor-element-c6ec884\" data-id=\"c6ec884\" data-element_type=\"column\" data-e-type=\"column\">\n\t\t\t<div class=\"elementor-widget-wrap elementor-element-populated\">\n\t\t\t\t\t\t<div class=\"elementor-element elementor-element-a23c4ef elementor-widget elementor-widget-text-editor\" data-id=\"a23c4ef\" data-element_type=\"widget\" data-e-type=\"widget\" data-widget_type=\"text-editor.default\">\n\t\t\t\t<div class=\"elementor-widget-container\">\n\t\t\t\t\t\t\t\t\t<p>Ein ganzer Teil der Botschaft von Fatima ist auf die L\u00f6sung einer bevorstehenden gro\u00dfen Krise gerichtet. Diese Botschaft bezieht sich nat\u00fcrlich auf den Zweiten Weltkrieg, aber da wir die Bitten der Heiligen Jungfrau nicht beachtet haben, bezieht sich diese Botschaft auf das, was danach kommt, auf die gegenw\u00e4rtige Krise, in die Europa und die Welt hineingeraten sind.<\/p>\n<p>Schwester Lucia fand diese schrecklichen Worte <b>im Jahr 1957 <\/b>\u00fcber das, was uns erwartet:<br><br><span style=\"color: #2c7199;\">\" es wird schrecklich, schrecklich, schrecklich....\".<br><br><\/span><\/p>\n<p><\/p>\n<p>Und sie sagte immer wieder, dass es nur an uns l\u00e4ge, dies zu verhindern.<\/p>\n<p>In der Tat hat die Heilige Jungfrau darauf hingewiesen, dass das zu verwendende Mittel nicht optional ist, um die Bekehrung der Welt zum Frieden zu erreichen:<br><br><\/p>\n<p><span style=\"color: #2c7199;\">\"<i>&nbsp;Von der Praxis der 1. Samstage des Monats und der Weihe <\/i><i>Russlands h\u00e4ngt ab <\/i><i>Krieg oder Frieden \"<\/i><\/span><\/p>\t\t\t\t\t\t\t\t<\/div>\n\t\t\t\t<\/div>\n\t\t\t\t\t<\/div>\n\t\t<\/div>\n\t\t\t\t<div class=\"elementor-column elementor-col-50 elementor-top-column elementor-element elementor-element-9d03230\" data-id=\"9d03230\" data-element_type=\"column\" data-e-type=\"column\">\n\t\t\t<div class=\"elementor-widget-wrap elementor-element-populated\">\n\t\t\t\t\t\t<div class=\"elementor-element elementor-element-835b28a elementor-widget elementor-widget-image\" data-id=\"835b28a\" data-element_type=\"widget\" data-e-type=\"widget\" data-widget_type=\"image.default\">\n\t\t\t\t<div class=\"elementor-widget-container\">\n\t\t\t\t\t\t\t\t\t\t\t\t\t\t\t<img decoding=\"async\" width=\"640\" height=\"336\" src=\"https:\/\/salve-corda.org\/wp-content\/uploads\/2022\/09\/businessbourse-e1598355926818-1024x538.jpg\" class=\"attachment-large size-large wp-image-5682\" alt=\"\" srcset=\"https:\/\/salve-corda.org\/wp-content\/uploads\/2022\/09\/businessbourse-e1598355926818-1024x538.jpg 1024w, https:\/\/salve-corda.org\/wp-content\/uploads\/2022\/09\/businessbourse-e1598355926818-300x158.jpg 300w, https:\/\/salve-corda.org\/wp-content\/uploads\/2022\/09\/businessbourse-e1598355926818-768x403.jpg 768w, https:\/\/salve-corda.org\/wp-content\/uploads\/2022\/09\/businessbourse-e1598355926818.jpg 1200w\" sizes=\"(max-width: 640px) 100vw, 640px\" \/>\t\t\t\t\t\t\t\t\t\t\t\t\t\t\t<\/div>\n\t\t\t\t<\/div>\n\t\t\t\t\t<\/div>\n\t\t<\/div>\n\t\t\t\t\t<\/div>\n\t\t<\/section>\n\t\t\t\t<section class=\"elementor-section elementor-top-section elementor-element elementor-element-d517ec9 elementor-section-boxed elementor-section-height-default elementor-section-height-default\" data-id=\"d517ec9\" data-element_type=\"section\" data-e-type=\"section\">\n\t\t\t\t\t\t<div class=\"elementor-container elementor-column-gap-default\">\n\t\t\t\t\t<div class=\"elementor-column elementor-col-100 elementor-top-column elementor-element elementor-element-0e3255f\" data-id=\"0e3255f\" data-element_type=\"column\" data-e-type=\"column\">\n\t\t\t<div class=\"elementor-widget-wrap elementor-element-populated\">\n\t\t\t\t\t\t<div class=\"elementor-element elementor-element-7b1a6e8 elementor-widget elementor-widget-text-editor\" data-id=\"7b1a6e8\" data-element_type=\"widget\" data-e-type=\"widget\" data-widget_type=\"text-editor.default\">\n\t\t\t\t<div class=\"elementor-widget-container\">\n\t\t\t\t\t\t\t\t\t<p>Zwei Warnungen von Christus und der Heiligen Jungfrau<\/p>\t\t\t\t\t\t\t\t<\/div>\n\t\t\t\t<\/div>\n\t\t\t\t\t<\/div>\n\t\t<\/div>\n\t\t\t\t\t<\/div>\n\t\t<\/section>\n\t\t\t\t<section class=\"elementor-section elementor-top-section elementor-element elementor-element-893396f elementor-section-boxed elementor-section-height-default elementor-section-height-default\" data-id=\"893396f\" data-element_type=\"section\" data-e-type=\"section\">\n\t\t\t\t\t\t<div class=\"elementor-container elementor-column-gap-default\">\n\t\t\t\t\t<div class=\"elementor-column elementor-col-50 elementor-top-column elementor-element elementor-element-66a1172\" data-id=\"66a1172\" data-element_type=\"column\" data-e-type=\"column\">\n\t\t\t<div class=\"elementor-widget-wrap elementor-element-populated\">\n\t\t\t\t\t\t<div class=\"elementor-element elementor-element-f169e38 elementor-widget elementor-widget-image\" data-id=\"f169e38\" data-element_type=\"widget\" data-e-type=\"widget\" data-widget_type=\"image.default\">\n\t\t\t\t<div class=\"elementor-widget-container\">\n\t\t\t\t\t\t\t\t\t\t\t\t\t\t\t<img loading=\"lazy\" decoding=\"async\" width=\"551\" height=\"654\" src=\"https:\/\/salve-corda.org\/wp-content\/uploads\/2021\/09\/external-content.duckduckgo-2-2.jpg\" class=\"attachment-large size-large wp-image-2599\" alt=\"\" srcset=\"https:\/\/salve-corda.org\/wp-content\/uploads\/2021\/09\/external-content.duckduckgo-2-2.jpg 551w, https:\/\/salve-corda.org\/wp-content\/uploads\/2021\/09\/external-content.duckduckgo-2-2-253x300.jpg 253w\" sizes=\"(max-width: 551px) 100vw, 551px\" \/>\t\t\t\t\t\t\t\t\t\t\t\t\t\t\t<\/div>\n\t\t\t\t<\/div>\n\t\t\t\t\t<\/div>\n\t\t<\/div>\n\t\t\t\t<div class=\"elementor-column elementor-col-50 elementor-top-column elementor-element elementor-element-507a237\" data-id=\"507a237\" data-element_type=\"column\" data-e-type=\"column\">\n\t\t\t<div class=\"elementor-widget-wrap elementor-element-populated\">\n\t\t\t\t\t\t<div class=\"elementor-element elementor-element-f51ea4a elementor-widget elementor-widget-text-editor\" data-id=\"f51ea4a\" data-element_type=\"widget\" data-e-type=\"widget\" data-widget_type=\"text-editor.default\">\n\t\t\t\t<div class=\"elementor-widget-container\">\n\t\t\t\t\t\t\t\t\t<p>W\u00e4hrend die Heilige Jungfrau prophezeite, dass am Ende die Verehrung ihres Herzens etabliert sein w\u00fcrde, warnten Christus und die Heilige Jungfrau zweimal vor den Folgen, wenn man ihren Forderungen nicht folgte, indem sie die heutige Situation mit der Geschichte der anf\u00e4nglichen Ablehnung des Heiligen Herzens verglichen:<br><span style=\"color: var( --e-global-color-text ); font-family: var( --e-global-typography-text-font-family ), Sans-serif; font-size: var( --e-global-typography-text-font-size ); font-weight: var( --e-global-typography-text-font-weight );\"><br><span style=\"color: #18588c;\"><em>\u00ab&nbsp;Fais savoir \u00e0 mes Ministres (de l&#8217;Eglise NDLR), \u00e9tant donn\u00e9 qu\u2019ils suivent l\u2019exemple du Roi de France en retardant l\u2019ex\u00e9cution de ma demande, qu\u2019ils le suivront dans le malheur.&nbsp;\u00bb<br><\/em><\/span><\/span><\/p>\n<p><\/p>\n<p style=\"text-align: right;\">&nbsp; <i>Christus, Fr\u00fchling 1931 in Rianjo<\/i><\/p>\n<p><i>&nbsp;<\/i><\/p>\n<p><\/p>\n<p><span style=\"color: #18588c;\"><em>\" Sie wollten meine Bitte nicht h\u00f6ren! Wie der K\u00f6nig von Frankreich werden sie es bereuen\".<br><\/em><\/span><\/p>\n<p style=\"text-align: right;\"><em>&nbsp; &nbsp;Christus an Schwester Lucia, Sommer 1931 <\/em><\/p>\n<p><br><\/p><p>An dieser Stelle sei daran erinnert, dass die Franz\u00f6sische Revolution auf den Tag genau 100 Jahre nach der Weigerung des K\u00f6nigs, die Forderungen des Sacr\u00e9-Coeur zu erf\u00fcllen, ausbrach. <b>Die ersten Samstage im Monat zu Ehren des Unbefleckten Herzens Marias wurden 1925 in Fatima erbeten, was uns ins Jahr 2025 bringt... <\/b><\/p>\n<p><\/p>\n<p><b><\/b><br>Es ist schwer, die Reichweite von Fatima als abgeschlossen zu betrachten.<\/p>\t\t\t\t\t\t\t\t<\/div>\n\t\t\t\t<\/div>\n\t\t\t\t\t<\/div>\n\t\t<\/div>\n\t\t\t\t\t<\/div>\n\t\t<\/section>\n\t\t\t\t<section class=\"elementor-section elementor-top-section elementor-element elementor-element-f8353dc elementor-section-boxed elementor-section-height-default elementor-section-height-default\" data-id=\"f8353dc\" data-element_type=\"section\" data-e-type=\"section\">\n\t\t\t\t\t\t<div class=\"elementor-container elementor-column-gap-default\">\n\t\t\t\t\t<div class=\"elementor-column elementor-col-100 elementor-top-column elementor-element elementor-element-5465b5f\" data-id=\"5465b5f\" data-element_type=\"column\" data-e-type=\"column\">\n\t\t\t<div class=\"elementor-widget-wrap elementor-element-populated\">\n\t\t\t\t\t\t<div class=\"elementor-element elementor-element-93211c7 elementor-widget elementor-widget-text-editor\" data-id=\"93211c7\" data-element_type=\"widget\" data-e-type=\"widget\" data-widget_type=\"text-editor.default\">\n\t\t\t\t<div class=\"elementor-widget-container\">\n\t\t\t\t\t\t\t\t\t<p>Eine Analyse auf der Grundlage des gesunden Menschenverstands<\/p>\t\t\t\t\t\t\t\t<\/div>\n\t\t\t\t<\/div>\n\t\t\t\t\t<\/div>\n\t\t<\/div>\n\t\t\t\t\t<\/div>\n\t\t<\/section>\n\t\t\t\t<section class=\"elementor-section elementor-top-section elementor-element elementor-element-274dbca elementor-section-boxed elementor-section-height-default elementor-section-height-default\" data-id=\"274dbca\" data-element_type=\"section\" data-e-type=\"section\">\n\t\t\t\t\t\t<div class=\"elementor-container elementor-column-gap-default\">\n\t\t\t\t\t<div class=\"elementor-column elementor-col-100 elementor-top-column elementor-element elementor-element-76164b6\" data-id=\"76164b6\" data-element_type=\"column\" data-e-type=\"column\">\n\t\t\t<div class=\"elementor-widget-wrap elementor-element-populated\">\n\t\t\t\t\t\t<div class=\"elementor-element elementor-element-1e91c09 elementor-widget elementor-widget-text-editor\" data-id=\"1e91c09\" data-element_type=\"widget\" data-e-type=\"widget\" data-widget_type=\"text-editor.default\">\n\t\t\t\t<div class=\"elementor-widget-container\">\n\t\t\t\t\t\t\t\t\t<p>Schlie\u00dflich k\u00f6nnen wir selbst eine objektive Analyse mit etwas gesundem Menschenverstand durchf\u00fchren und sehen, dass die Verehrung der Herzen Jesu und Marias einen grundlegenden Charakter f\u00fcr unsere heutige Welt und ihre zuk\u00fcnftige Bekehrung hat:<\/p>\t\t\t\t\t\t\t\t<\/div>\n\t\t\t\t<\/div>\n\t\t\t\t\t<\/div>\n\t\t<\/div>\n\t\t\t\t\t<\/div>\n\t\t<\/section>\n\t\t\t\t<section class=\"elementor-section elementor-top-section elementor-element elementor-element-86f5948 elementor-section-boxed elementor-section-height-default elementor-section-height-default\" data-id=\"86f5948\" data-element_type=\"section\" data-e-type=\"section\">\n\t\t\t\t\t\t<div class=\"elementor-container elementor-column-gap-default\">\n\t\t\t\t\t<div class=\"elementor-column elementor-col-50 elementor-top-column elementor-element elementor-element-f734e1c\" data-id=\"f734e1c\" data-element_type=\"column\" data-e-type=\"column\">\n\t\t\t<div class=\"elementor-widget-wrap elementor-element-populated\">\n\t\t\t\t\t\t<div class=\"elementor-element elementor-element-c96f9f3 elementor-widget elementor-widget-text-editor\" data-id=\"c96f9f3\" data-element_type=\"widget\" data-e-type=\"widget\" data-widget_type=\"text-editor.default\">\n\t\t\t\t<div class=\"elementor-widget-container\">\n\t\t\t\t\t\t\t\t\t<ul><li>Christus und die Heilige Jungfrau sind pers\u00f6nlich gekommen, um uns um diese Andacht zu bitten.<\/li><li>Diese Andacht steht \u00fcber allen anderen, da sie Christus und die Heilige Jungfrau selbst betrifft,<\/li><li>Die P\u00e4pste erkannten die Wichtigkeit, dieser Verehrung zu folgen, und zahlreiche Heilige waren ihre Vorl\u00e4ufer.<\/li><li>ils ont institu\u00e9 dans toute l&#8217;Eglise les f\u00eates du Sacr\u00e9 Coeur et du Coeur Immacul\u00e9 de Marie<\/li><li>die Heilige Jungfrau den Papst ausdr\u00fccklich gebeten hat, Russland zu weihen und die 1. Samstage anzuerkennen\u00a0<\/li><li>elle n&#8217;a cess\u00e9 de dire que le sort du monde est li\u00e9 \u00e0 cette d\u00e9votion<\/li><li>schlie\u00dflich ist die Sch\u00f6nheit dieser Andacht einzigartig. Sie zeigt die Liebe zwischen Christus und der Jungfrau Maria, ihre unermessliche Liebe zu uns, die eine Quelle gro\u00dfer Gnaden ist.<\/li><\/ul>\t\t\t\t\t\t\t\t<\/div>\n\t\t\t\t<\/div>\n\t\t\t\t\t<\/div>\n\t\t<\/div>\n\t\t\t\t<div class=\"elementor-column elementor-col-50 elementor-top-column elementor-element elementor-element-622b4a2\" data-id=\"622b4a2\" data-element_type=\"column\" data-e-type=\"column\">\n\t\t\t<div class=\"elementor-widget-wrap elementor-element-populated\">\n\t\t\t\t\t\t<div class=\"elementor-element elementor-element-a1bd1f8 elementor-widget elementor-widget-image\" data-id=\"a1bd1f8\" data-element_type=\"widget\" data-e-type=\"widget\" data-widget_type=\"image.default\">\n\t\t\t\t<div class=\"elementor-widget-container\">\n\t\t\t\t\t\t\t\t\t\t\t\t\t\t\t<img loading=\"lazy\" decoding=\"async\" width=\"640\" height=\"441\" src=\"https:\/\/salve-corda.org\/wp-content\/uploads\/2021\/09\/Sans-titre-11-1024x706.png\" class=\"attachment-large size-large wp-image-2637\" alt=\"\" srcset=\"https:\/\/salve-corda.org\/wp-content\/uploads\/2021\/09\/Sans-titre-11-1024x706.png 1024w, https:\/\/salve-corda.org\/wp-content\/uploads\/2021\/09\/Sans-titre-11-300x207.png 300w, https:\/\/salve-corda.org\/wp-content\/uploads\/2021\/09\/Sans-titre-11-768x529.png 768w, https:\/\/salve-corda.org\/wp-content\/uploads\/2021\/09\/Sans-titre-11.png 1039w\" sizes=\"(max-width: 640px) 100vw, 640px\" \/>\t\t\t\t\t\t\t\t\t\t\t\t\t\t\t<\/div>\n\t\t\t\t<\/div>\n\t\t\t\t\t<\/div>\n\t\t<\/div>\n\t\t\t\t\t<\/div>\n\t\t<\/section>\n\t\t\t\t<\/div>","protected":false},"excerpt":{"rendered":"<p>Pourquoi la d\u00e9votion aux c\u0153urs de J\u00e9sus et Marie CONCERNE TOUTE L&#8217;EGLISE ? L&#8217;enseignement des papes Le caract\u00e8re essentiel des d\u00e9votions au Sacr\u00e9-Coeur et au Coeur Immacul\u00e9 de Marie ont \u00e9t\u00e9 soulign\u00e9es par [&hellip;]<\/p>","protected":false},"author":1,"featured_media":0,"parent":0,"menu_order":0,"comment_status":"closed","ping_status":"closed","template":"elementor_header_footer","meta":{"footnotes":""},"class_list":["post-488","page","type-page","status-publish","hentry"],"_links":{"self":[{"href":"https:\/\/salve-corda.org\/de\/wp-json\/wp\/v2\/pages\/488","targetHints":{"allow":["GET"]}}],"collection":[{"href":"https:\/\/salve-corda.org\/de\/wp-json\/wp\/v2\/pages"}],"about":[{"href":"https:\/\/salve-corda.org\/de\/wp-json\/wp\/v2\/types\/page"}],"author":[{"embeddable":true,"href":"https:\/\/salve-corda.org\/de\/wp-json\/wp\/v2\/users\/1"}],"replies":[{"embeddable":true,"href":"https:\/\/salve-corda.org\/de\/wp-json\/wp\/v2\/comments?post=488"}],"version-history":[{"count":124,"href":"https:\/\/salve-corda.org\/de\/wp-json\/wp\/v2\/pages\/488\/revisions"}],"predecessor-version":[{"id":5691,"href":"https:\/\/salve-corda.org\/de\/wp-json\/wp\/v2\/pages\/488\/revisions\/5691"}],"wp:attachment":[{"href":"https:\/\/salve-corda.org\/de\/wp-json\/wp\/v2\/media?parent=488"}],"curies":[{"name":"wp","href":"https:\/\/api.w.org\/{rel}","templated":true}]}}