{"id":500,"date":"2020-09-25T15:40:44","date_gmt":"2020-09-25T13:40:44","guid":{"rendered":"https:\/\/salve-corda.org\/?page_id=500"},"modified":"2021-12-01T23:05:30","modified_gmt":"2021-12-01T22:05:30","slug":"pourquoi-est-ce-la-plus-grande-oeuvre-de-charite","status":"publish","type":"page","link":"https:\/\/salve-corda.org\/de\/pourquoi-est-ce-la-plus-grande-oeuvre-de-charite\/","title":{"rendered":"Warum ist es die gr\u00f6\u00dfte Wohlt\u00e4tigkeitsorganisation?"},"content":{"rendered":"<div data-elementor-type=\"wp-page\" data-elementor-id=\"500\" class=\"elementor elementor-500\">\n\t\t\t\t\t\t<section class=\"elementor-section elementor-top-section elementor-element elementor-element-0e1fcab elementor-section-boxed elementor-section-height-default elementor-section-height-default\" data-id=\"0e1fcab\" data-element_type=\"section\" data-e-type=\"section\">\n\t\t\t\t\t\t<div class=\"elementor-container elementor-column-gap-default\">\n\t\t\t\t\t<div class=\"elementor-column elementor-col-100 elementor-top-column elementor-element elementor-element-a4a0a55\" data-id=\"a4a0a55\" data-element_type=\"column\" data-e-type=\"column\">\n\t\t\t<div class=\"elementor-widget-wrap elementor-element-populated\">\n\t\t\t\t\t\t<div class=\"elementor-element elementor-element-1b66156 elementor-widget elementor-widget-spacer\" data-id=\"1b66156\" data-element_type=\"widget\" data-e-type=\"widget\" data-widget_type=\"spacer.default\">\n\t\t\t\t<div class=\"elementor-widget-container\">\n\t\t\t\t\t\t\t<div class=\"elementor-spacer\">\n\t\t\t<div class=\"elementor-spacer-inner\"><\/div>\n\t\t<\/div>\n\t\t\t\t\t\t<\/div>\n\t\t\t\t<\/div>\n\t\t\t\t\t<\/div>\n\t\t<\/div>\n\t\t\t\t\t<\/div>\n\t\t<\/section>\n\t\t\t\t<section class=\"elementor-section elementor-top-section elementor-element elementor-element-9c125c4 elementor-section-boxed elementor-section-height-default elementor-section-height-default\" data-id=\"9c125c4\" data-element_type=\"section\" data-e-type=\"section\">\n\t\t\t\t\t\t<div class=\"elementor-container elementor-column-gap-default\">\n\t\t\t\t\t<div class=\"elementor-column elementor-col-100 elementor-top-column elementor-element elementor-element-0eeab31\" data-id=\"0eeab31\" data-element_type=\"column\" data-e-type=\"column\">\n\t\t\t<div class=\"elementor-widget-wrap elementor-element-populated\">\n\t\t\t\t\t\t<div class=\"elementor-element elementor-element-c1e3f0a elementor-widget elementor-widget-heading\" data-id=\"c1e3f0a\" data-element_type=\"widget\" data-e-type=\"widget\" data-widget_type=\"heading.default\">\n\t\t\t\t<div class=\"elementor-widget-container\">\n\t\t\t\t\t<h2 class=\"elementor-heading-title elementor-size-default\">Warum ist es eine gro\u00dfe Wohlt\u00e4tigkeitsorganisation?\n<\/h2>\t\t\t\t<\/div>\n\t\t\t\t<\/div>\n\t\t\t\t\t<\/div>\n\t\t<\/div>\n\t\t\t\t\t<\/div>\n\t\t<\/section>\n\t\t\t\t<section class=\"elementor-section elementor-top-section elementor-element elementor-element-37cc523 elementor-section-boxed elementor-section-height-default elementor-section-height-default\" data-id=\"37cc523\" data-element_type=\"section\" data-e-type=\"section\">\n\t\t\t\t\t\t<div class=\"elementor-container elementor-column-gap-default\">\n\t\t\t\t\t<div class=\"elementor-column elementor-col-50 elementor-top-column elementor-element elementor-element-470187f\" data-id=\"470187f\" data-element_type=\"column\" data-e-type=\"column\">\n\t\t\t<div class=\"elementor-widget-wrap elementor-element-populated\">\n\t\t\t\t\t\t<div class=\"elementor-element elementor-element-7e322f6 elementor-widget elementor-widget-image\" data-id=\"7e322f6\" data-element_type=\"widget\" data-e-type=\"widget\" data-widget_type=\"image.default\">\n\t\t\t\t<div class=\"elementor-widget-container\">\n\t\t\t\t\t\t\t\t\t\t\t\t\t\t\t<img fetchpriority=\"high\" decoding=\"async\" width=\"640\" height=\"491\" src=\"https:\/\/salve-corda.org\/wp-content\/uploads\/2021\/07\/charite\u0301.png\" class=\"attachment-large size-large wp-image-973\" alt=\"\" srcset=\"https:\/\/salve-corda.org\/wp-content\/uploads\/2021\/07\/charite\u0301.png 933w, https:\/\/salve-corda.org\/wp-content\/uploads\/2021\/07\/charite\u0301-300x230.png 300w, https:\/\/salve-corda.org\/wp-content\/uploads\/2021\/07\/charite\u0301-768x589.png 768w\" sizes=\"(max-width: 640px) 100vw, 640px\" \/>\t\t\t\t\t\t\t\t\t\t\t\t\t\t\t<\/div>\n\t\t\t\t<\/div>\n\t\t\t\t\t<\/div>\n\t\t<\/div>\n\t\t\t\t<div class=\"elementor-column elementor-col-50 elementor-top-column elementor-element elementor-element-5e84f85\" data-id=\"5e84f85\" data-element_type=\"column\" data-e-type=\"column\">\n\t\t\t<div class=\"elementor-widget-wrap elementor-element-populated\">\n\t\t\t\t\t\t<div class=\"elementor-element elementor-element-9410f71 elementor-widget elementor-widget-text-editor\" data-id=\"9410f71\" data-element_type=\"widget\" data-e-type=\"widget\" data-widget_type=\"text-editor.default\">\n\t\t\t\t<div class=\"elementor-widget-container\">\n\t\t\t\t\t\t\t\t\t<p>Wir alle wissen, dass das zweite Gebot, das von Christus in das Evangelium gebracht und von ihm auf die gleiche Wichtigkeitsebene wie das erste Gebot gestellt wurde, das folgende ist: <b>\"du sollst deinen N\u00e4chsten lieben wie dich selbst\". <\/b>Heute spricht jeder \u00fcber Solidarit\u00e4t, Hilfe f\u00fcr andere, NGOs etc. Es gibt also eine starke Medienpr\u00e4senz dieser Themen.<\/p><p>\u00a0<\/p><p>Aber was bedeutet es wirklich, seinen N\u00e4chsten zu lieben? Den N\u00e4chsten zu lieben bedeutet, sein Wohl in all seinen Formen zu wollen, und zwar in einer Hierarchie des gesunden Menschenverstandes: vom wichtigsten Gut f\u00fcr ihn bis zum unwichtigsten. W\u00e4re es sinnvoll, eine Person von einer kleinen Wunde zu befreien und eine Blutung zu vernachl\u00e4ssigen, die dringend einen Druckpunkt ben\u00f6tigt? Nat\u00fcrlich nicht.<\/p>\t\t\t\t\t\t\t\t<\/div>\n\t\t\t\t<\/div>\n\t\t\t\t\t<\/div>\n\t\t<\/div>\n\t\t\t\t\t<\/div>\n\t\t<\/section>\n\t\t\t\t<section class=\"elementor-section elementor-top-section elementor-element elementor-element-32e7cc2 elementor-section-boxed elementor-section-height-default elementor-section-height-default\" data-id=\"32e7cc2\" data-element_type=\"section\" data-e-type=\"section\">\n\t\t\t\t\t\t<div class=\"elementor-container elementor-column-gap-default\">\n\t\t\t\t\t<div class=\"elementor-column elementor-col-100 elementor-top-column elementor-element elementor-element-42a4c61\" data-id=\"42a4c61\" data-element_type=\"column\" data-e-type=\"column\">\n\t\t\t<div class=\"elementor-widget-wrap elementor-element-populated\">\n\t\t\t\t\t\t<div class=\"elementor-element elementor-element-f63a730 elementor-widget elementor-widget-text-editor\" data-id=\"f63a730\" data-element_type=\"widget\" data-e-type=\"widget\" data-widget_type=\"text-editor.default\">\n\t\t\t\t<div class=\"elementor-widget-container\">\n\t\t\t\t\t\t\t\t\t<p>Der Mensch kann unter zwei Arten von \u00dcbeln leiden: einem materiellen und vor\u00fcbergehenden (Armut, Krankheit, Leiden) und einem spirituellen durch den Verlust seiner Seele und der ewigen H\u00f6lle nach seinem Tod. Zwar ist N\u00e4chstenliebe in materieller Form wichtig, doch der gr\u00f6\u00dfte Dienst, den man einer Person erweisen kann, besteht darin, ihr zu erm\u00f6glichen, in den Himmel zu kommen und die ewige H\u00f6lle zu vermeiden, eine Strafe, die selbst im Vergleich zu den schlimmsten Pr\u00fcfungen auf der Erde entsetzlich ist. Es ist <b>l'<\/b><b>Werk<\/b><b> absoluter N\u00e4chstenliebe <\/b>als eine Person erfolgreich vor der H\u00f6lle zu bewahren. Und genau das ist der Sinn der kontemplativen religi\u00f6sen Orden, die zwar keine direkten materiellen Auswirkungen auf die Menschen haben, da sie in Klausur leben, daf\u00fcr aber Tausende von Menschen durch ihr Gebet und ihre Selbstlosigkeit vor der H\u00f6lle retten.<\/p>\t\t\t\t\t\t\t\t<\/div>\n\t\t\t\t<\/div>\n\t\t\t\t\t<\/div>\n\t\t<\/div>\n\t\t\t\t\t<\/div>\n\t\t<\/section>\n\t\t\t\t<section class=\"elementor-section elementor-top-section elementor-element elementor-element-c77ea2e elementor-section-boxed elementor-section-height-default elementor-section-height-default\" data-id=\"c77ea2e\" data-element_type=\"section\" data-e-type=\"section\">\n\t\t\t\t\t\t<div class=\"elementor-container elementor-column-gap-default\">\n\t\t\t\t\t<div class=\"elementor-column elementor-col-50 elementor-top-column elementor-element elementor-element-f22d8f8\" data-id=\"f22d8f8\" data-element_type=\"column\" data-e-type=\"column\">\n\t\t\t<div class=\"elementor-widget-wrap elementor-element-populated\">\n\t\t\t\t\t\t<div class=\"elementor-element elementor-element-d6e4a45 elementor-widget elementor-widget-text-editor\" data-id=\"d6e4a45\" data-element_type=\"widget\" data-e-type=\"widget\" data-widget_type=\"text-editor.default\">\n\t\t\t\t<div class=\"elementor-widget-container\">\n\t\t\t\t\t\t\t\t\t<p>Die Verehrung der Herzen Jesu und Marias geht in die gleiche Richtung und ist eben <b>die dazu bestimmt ist, die Seelen vor der H\u00f6lle zu retten. <\/b>Das ist eines der ersten Anliegen der Heiligen Jungfrau. Sie ist daf\u00fcr gekommen, hat es bei jeder Erscheinung erbeten und bittet uns <b>daf\u00fcr zu handeln<\/b>. Erinnern wir uns daran, wie sie in La Salette weinte, als sie sagte <span style=\"color: #6288c6;\"><em>\"Die Menschen fallen in die H\u00f6lle wie die Bl\u00e4tter im Herbst\"<\/em><\/span><\/p><p>\u00a0<\/p><p>In Fatima wird sie nicht aufh\u00f6ren, uns konkret zu erkl\u00e4ren, wie wir handeln m\u00fcssen, um Tausende von Seelen zu retten:<\/p><p>\u00a0<\/p><p>\u00a0<\/p><p><span style=\"color: #6288c6;\"><i>\"Ihr habt die H\u00f6lle gesehen, in die die Seelen der armen S\u00fcnder gehen. <\/i><b><i>Um sie zu retten, will Gott in der Welt die Verehrung meines Unbefleckten Herzens etablieren<\/i><\/b><i>. Wenn wir tun, was ich Ihnen sage, werden viele Seelen gerettet und wir werden Frieden haben\".<\/i><\/span><\/p><p style=\"text-align: right;\">Die Heilige Jungfrau, Pontevedra 10. Dezember 1925<\/p><p>\u00a0<\/p><p><span style=\"color: #6288c6;\"><i>\u00a0<\/i><\/span><\/p><p><span style=\"color: #6288c6;\"><i>\"Opfere f\u00fcr die S\u00fcnder, die in die H\u00f6lle kommen und niemanden haben, der f\u00fcr sie betet\".<\/i><\/span><\/p><p style=\"text-align: right;\">Die Heilige Jungfrau, Pontevedra 10. Dezember 1925<\/p>\t\t\t\t\t\t\t\t<\/div>\n\t\t\t\t<\/div>\n\t\t\t\t\t<\/div>\n\t\t<\/div>\n\t\t\t\t<div class=\"elementor-column elementor-col-50 elementor-top-column elementor-element elementor-element-091ff07\" data-id=\"091ff07\" data-element_type=\"column\" data-e-type=\"column\">\n\t\t\t<div class=\"elementor-widget-wrap elementor-element-populated\">\n\t\t\t\t\t\t<div class=\"elementor-element elementor-element-7ecf746 elementor-widget elementor-widget-image\" data-id=\"7ecf746\" data-element_type=\"widget\" data-e-type=\"widget\" data-widget_type=\"image.default\">\n\t\t\t\t<div class=\"elementor-widget-container\">\n\t\t\t\t\t\t\t\t\t\t\t\t\t\t\t<img decoding=\"async\" width=\"640\" height=\"856\" src=\"https:\/\/salve-corda.org\/wp-content\/uploads\/2021\/07\/enfer-766x1024.png\" class=\"attachment-large size-large wp-image-974\" alt=\"\" srcset=\"https:\/\/salve-corda.org\/wp-content\/uploads\/2021\/07\/enfer-766x1024.png 766w, https:\/\/salve-corda.org\/wp-content\/uploads\/2021\/07\/enfer-224x300.png 224w, https:\/\/salve-corda.org\/wp-content\/uploads\/2021\/07\/enfer-768x1027.png 768w, https:\/\/salve-corda.org\/wp-content\/uploads\/2021\/07\/enfer.png 797w\" sizes=\"(max-width: 640px) 100vw, 640px\" \/>\t\t\t\t\t\t\t\t\t\t\t\t\t\t\t<\/div>\n\t\t\t\t<\/div>\n\t\t\t\t\t<\/div>\n\t\t<\/div>\n\t\t\t\t\t<\/div>\n\t\t<\/section>\n\t\t\t\t<section class=\"elementor-section elementor-top-section elementor-element elementor-element-6cd6fec elementor-section-boxed elementor-section-height-default elementor-section-height-default\" data-id=\"6cd6fec\" data-element_type=\"section\" data-e-type=\"section\">\n\t\t\t\t\t\t<div class=\"elementor-container elementor-column-gap-default\">\n\t\t\t\t\t<div class=\"elementor-column elementor-col-100 elementor-top-column elementor-element elementor-element-3683809\" data-id=\"3683809\" data-element_type=\"column\" data-e-type=\"column\">\n\t\t\t<div class=\"elementor-widget-wrap elementor-element-populated\">\n\t\t\t\t\t\t<div class=\"elementor-element elementor-element-1cf8f08 elementor-widget elementor-widget-text-editor\" data-id=\"1cf8f08\" data-element_type=\"widget\" data-e-type=\"widget\" data-widget_type=\"text-editor.default\">\n\t\t\t\t<div class=\"elementor-widget-container\">\n\t\t\t\t\t\t\t\t\t<p>Also f\u00fcr alle, die etwas f\u00fcr andere tun wollen, haben sie hier zur Verf\u00fcgung <b>das m\u00e4chtigste Mittel, das durch die g\u00f6ttliche Barmherzigkeit gegeben ist<\/b>. N\u00e4chstenliebe bedeutet nicht nur, einem Armen eine kleine M\u00fcnze zu geben oder einen Scheck f\u00fcr eine Wohlt\u00e4tigkeitsorganisation auszustellen. Es bedeutet, einen Armen als Bruder und Kind Gottes zu lieben und ihm daher neben der notwendigen materiellen Hilfe auch und vor allem helfen zu wollen, in den Himmel zu kommen, damit er ewiges Gl\u00fcck und nicht nur eine vor\u00fcbergehende Erleichterung erf\u00e4hrt. Erinnern wir uns daran, was Christus im Evangelium sagt:<\/p><p><br><\/p>\n<p><\/p>\n<p><span style=\"color: #6288c6;\"><i>\"Was n\u00fctzt es einem Menschen, die Welt zu gewinnen, wenn er dabei seine Seele verliert\".<\/i><\/span><\/p><p><span style=\"color: #6288c6;\"><i><br><\/i><\/span><\/p>\n<p><\/p>\n<p>Wir k\u00f6nnten es so umschreiben: Was n\u00fctzt es, einem Menschen f\u00fcr ein paar Tage zu helfen, wenn wir gleichzeitig zulassen, dass er seine Seele verliert. Materielle N\u00e4chstenliebe ist untrennbar mit spiritueller N\u00e4chstenliebe verbunden, vor allem in einer Zeit, in der so viele Menschen keinen Glauben mehr haben. Frankreich: Land der Mission!<\/p>\n<p><\/p>\n<p>Das Unbefleckte Herz Mariens ist das von Gott beschlossene Mittel, um die Seelen am m\u00e4chtigsten und schnellsten zu retten. Es liegt an uns, zu handeln.<\/p>\t\t\t\t\t\t\t\t<\/div>\n\t\t\t\t<\/div>\n\t\t\t\t\t<\/div>\n\t\t<\/div>\n\t\t\t\t\t<\/div>\n\t\t<\/section>\n\t\t\t\t<\/div>","protected":false},"excerpt":{"rendered":"<p>Warum ist es ein gro\u00dfes Werk der N\u00e4chstenliebe? Wir alle wissen, dass das zweite Gebot, das von Christus in das Evangelium gebracht und von ihm auf die gleiche Wichtigkeitsebene gestellt wurde wie das erste Gebot [...].<\/p>","protected":false},"author":1,"featured_media":0,"parent":0,"menu_order":0,"comment_status":"closed","ping_status":"closed","template":"elementor_header_footer","meta":{"footnotes":""},"class_list":["post-500","page","type-page","status-publish","hentry"],"_links":{"self":[{"href":"https:\/\/salve-corda.org\/de\/wp-json\/wp\/v2\/pages\/500","targetHints":{"allow":["GET"]}}],"collection":[{"href":"https:\/\/salve-corda.org\/de\/wp-json\/wp\/v2\/pages"}],"about":[{"href":"https:\/\/salve-corda.org\/de\/wp-json\/wp\/v2\/types\/page"}],"author":[{"embeddable":true,"href":"https:\/\/salve-corda.org\/de\/wp-json\/wp\/v2\/users\/1"}],"replies":[{"embeddable":true,"href":"https:\/\/salve-corda.org\/de\/wp-json\/wp\/v2\/comments?post=500"}],"version-history":[{"count":33,"href":"https:\/\/salve-corda.org\/de\/wp-json\/wp\/v2\/pages\/500\/revisions"}],"predecessor-version":[{"id":4642,"href":"https:\/\/salve-corda.org\/de\/wp-json\/wp\/v2\/pages\/500\/revisions\/4642"}],"wp:attachment":[{"href":"https:\/\/salve-corda.org\/de\/wp-json\/wp\/v2\/media?parent=500"}],"curies":[{"name":"wp","href":"https:\/\/api.w.org\/{rel}","templated":true}]}}