{"id":571,"date":"2021-07-12T12:43:57","date_gmt":"2021-07-12T10:43:57","guid":{"rendered":"https:\/\/salve-corda.org\/?page_id=571"},"modified":"2025-06-25T10:09:52","modified_gmt":"2025-06-25T08:09:52","slug":"historique","status":"publish","type":"page","link":"https:\/\/salve-corda.org\/de\/historique\/","title":{"rendered":"les coeurs de J\u00e9sus et Marie dans l&#8217;histoire"},"content":{"rendered":"<div data-elementor-type=\"wp-page\" data-elementor-id=\"571\" class=\"elementor elementor-571\">\n\t\t\t\t\t\t<section class=\"elementor-section elementor-top-section elementor-element elementor-element-678f123 elementor-section-boxed elementor-section-height-default elementor-section-height-default\" data-id=\"678f123\" data-element_type=\"section\" data-e-type=\"section\">\n\t\t\t\t\t\t<div class=\"elementor-container elementor-column-gap-default\">\n\t\t\t\t\t<div class=\"elementor-column elementor-col-100 elementor-top-column elementor-element elementor-element-c146022\" data-id=\"c146022\" data-element_type=\"column\" data-e-type=\"column\">\n\t\t\t<div class=\"elementor-widget-wrap elementor-element-populated\">\n\t\t\t\t\t\t<div class=\"elementor-element elementor-element-e008568 elementor-widget elementor-widget-spacer\" data-id=\"e008568\" data-element_type=\"widget\" data-e-type=\"widget\" data-widget_type=\"spacer.default\">\n\t\t\t\t<div class=\"elementor-widget-container\">\n\t\t\t\t\t\t\t<div class=\"elementor-spacer\">\n\t\t\t<div class=\"elementor-spacer-inner\"><\/div>\n\t\t<\/div>\n\t\t\t\t\t\t<\/div>\n\t\t\t\t<\/div>\n\t\t\t\t\t<\/div>\n\t\t<\/div>\n\t\t\t\t\t<\/div>\n\t\t<\/section>\n\t\t\t\t<section class=\"elementor-section elementor-top-section elementor-element elementor-element-0dfa2dc elementor-section-boxed elementor-section-height-default elementor-section-height-default\" data-id=\"0dfa2dc\" data-element_type=\"section\" data-e-type=\"section\">\n\t\t\t\t\t\t<div class=\"elementor-container elementor-column-gap-default\">\n\t\t\t\t\t<div class=\"elementor-column elementor-col-100 elementor-top-column elementor-element elementor-element-c979f7e\" data-id=\"c979f7e\" data-element_type=\"column\" data-e-type=\"column\">\n\t\t\t<div class=\"elementor-widget-wrap elementor-element-populated\">\n\t\t\t\t\t\t<div class=\"elementor-element elementor-element-6ff4dd5 elementor-widget elementor-widget-heading\" data-id=\"6ff4dd5\" data-element_type=\"widget\" data-e-type=\"widget\" data-widget_type=\"heading.default\">\n\t\t\t\t<div class=\"elementor-widget-container\">\n\t\t\t\t\t<h2 class=\"elementor-heading-title elementor-size-default\">Wunderbare Geschichte der Verehrung der Heiligen Herzen Jesu und Marias<\/h2>\t\t\t\t<\/div>\n\t\t\t\t<\/div>\n\t\t\t\t\t<\/div>\n\t\t<\/div>\n\t\t\t\t\t<\/div>\n\t\t<\/section>\n\t\t\t\t<section class=\"elementor-section elementor-top-section elementor-element elementor-element-1b12408 elementor-section-boxed elementor-section-height-default elementor-section-height-default\" data-id=\"1b12408\" data-element_type=\"section\" data-e-type=\"section\">\n\t\t\t\t\t\t<div class=\"elementor-container elementor-column-gap-default\">\n\t\t\t\t\t<div class=\"elementor-column elementor-col-50 elementor-top-column elementor-element elementor-element-0c9b7e5\" data-id=\"0c9b7e5\" data-element_type=\"column\" data-e-type=\"column\">\n\t\t\t<div class=\"elementor-widget-wrap elementor-element-populated\">\n\t\t\t\t\t\t<div class=\"elementor-element elementor-element-f3671d8 elementor-widget elementor-widget-heading\" data-id=\"f3671d8\" data-element_type=\"widget\" data-e-type=\"widget\" data-widget_type=\"heading.default\">\n\t\t\t\t<div class=\"elementor-widget-container\">\n\t\t\t\t\t<h3 class=\"elementor-heading-title elementor-size-default\">Das Evangelium und die Fr\u00fchzeit der Kirche<\/h3>\t\t\t\t<\/div>\n\t\t\t\t<\/div>\n\t\t\t\t<div class=\"elementor-element elementor-element-514251a elementor-widget elementor-widget-text-editor\" data-id=\"514251a\" data-element_type=\"widget\" data-e-type=\"widget\" data-widget_type=\"text-editor.default\">\n\t\t\t\t<div class=\"elementor-widget-container\">\n\t\t\t\t\t\t\t\t\t<p><span style=\"color: var( --e-global-color-text );\">Die Verehrung der Herzen Jesu und Marias hat ihre eigentliche Quelle im Evangelium: \"Du sollst den Herrn, deinen Gott, lieben. <\/span><b style=\"color: var( --e-global-color-text );\">mit deinem ganzen Herzen<\/b><span style=\"color: var( --e-global-color-text );\">...mit deiner ganzen Seele und mit deinem ganzen Geist. Das ist das gr\u00f6\u00dfte und erste Gebot\" (Mt 22,36-40).<\/span><\/p><p>\u00a0<\/p><p>Die Bedeutung der Liebe, die wir den Heiligen entgegenbringen m\u00fcssen\u00a0<span style=\"color: var( --e-global-color-text );\">Herzen<\/span><span style=\"color: var( --e-global-color-text );\">\u00a0von Jesus und Maria findet seine Inspiration in diesem ersten Gebot.<\/span><\/p><p>\u00a0<\/p><p>Bei der Darstellung im Tempel sagte der heilige Simeon zur Jungfrau Maria: \"Ein Schwert wird deine Seele durchdringen\" (hier ist ihr m\u00fctterliches Herz gemeint). Als sie mit dem Heiligen Josef Jesus im Tempel wiederfindet, nachdem sie ihn verloren hatte, sagt uns das Evangelium: \"Die Heilige Jungfrau bewahrte alle diese Ereignisse in ihrem Herzen und dachte dar\u00fcber nach. <span style=\"color: var( --e-global-color-text );\">Herz<\/span><span style=\"color: var( --e-global-color-text );\">\u00a0\" (Lukas 2,52). Am Abend des letzten Abendmahls wird Johannes, der J\u00fcnger, den Jesus liebte, seinen Kopf liebevoll auf das\u00a0<\/span><span style=\"color: var( --e-global-color-text );\">Herz<\/span><span style=\"color: var( --e-global-color-text );\">\u00a0von Christus (Johannes 13,23-25). Am Kreuz hat der\u00a0<\/span><span style=\"color: var( --e-global-color-text );\">Herz<\/span><span style=\"color: var( --e-global-color-text );\">\u00a0Christi durchbohrt wird und Blut und Wasser (die die Eucharistie und die Taufe symbolisieren) herauskommen.<\/span><\/p>\t\t\t\t\t\t\t\t<\/div>\n\t\t\t\t<\/div>\n\t\t\t\t\t<\/div>\n\t\t<\/div>\n\t\t\t\t<div class=\"elementor-column elementor-col-50 elementor-top-column elementor-element elementor-element-3c47905\" data-id=\"3c47905\" data-element_type=\"column\" data-e-type=\"column\">\n\t\t\t<div class=\"elementor-widget-wrap elementor-element-populated\">\n\t\t\t\t\t\t<div class=\"elementor-element elementor-element-e382e94 elementor-widget elementor-widget-image\" data-id=\"e382e94\" data-element_type=\"widget\" data-e-type=\"widget\" data-widget_type=\"image.default\">\n\t\t\t\t<div class=\"elementor-widget-container\">\n\t\t\t\t\t\t\t\t\t\t\t\t\t\t\t<img fetchpriority=\"high\" decoding=\"async\" width=\"595\" height=\"683\" src=\"https:\/\/salve-corda.org\/wp-content\/uploads\/2021\/07\/Sans-titre.png\" class=\"attachment-large size-large wp-image-619\" alt=\"\" srcset=\"https:\/\/salve-corda.org\/wp-content\/uploads\/2021\/07\/Sans-titre.png 595w, https:\/\/salve-corda.org\/wp-content\/uploads\/2021\/07\/Sans-titre-261x300.png 261w\" sizes=\"(max-width: 595px) 100vw, 595px\" \/>\t\t\t\t\t\t\t\t\t\t\t\t\t\t\t<\/div>\n\t\t\t\t<\/div>\n\t\t\t\t\t<\/div>\n\t\t<\/div>\n\t\t\t\t\t<\/div>\n\t\t<\/section>\n\t\t\t\t<section class=\"elementor-section elementor-top-section elementor-element elementor-element-7080df4 elementor-section-boxed elementor-section-height-default elementor-section-height-default\" data-id=\"7080df4\" data-element_type=\"section\" data-e-type=\"section\">\n\t\t\t\t\t\t<div class=\"elementor-container elementor-column-gap-default\">\n\t\t\t\t\t<div class=\"elementor-column elementor-col-100 elementor-top-column elementor-element elementor-element-e97c5fb\" data-id=\"e97c5fb\" data-element_type=\"column\" data-e-type=\"column\">\n\t\t\t<div class=\"elementor-widget-wrap elementor-element-populated\">\n\t\t\t\t\t\t<div class=\"elementor-element elementor-element-e529522 elementor-widget elementor-widget-text-editor\" data-id=\"e529522\" data-element_type=\"widget\" data-e-type=\"widget\" data-widget_type=\"text-editor.default\">\n\t\t\t\t<div class=\"elementor-widget-container\">\n\t\t\t\t\t\t\t\t\t<p>Sp\u00e4ter begannen P\u00e4pste und Heilige, \u00fcber die Verehrung der Herzen von Jesus und Maria zu sprechen. Im Jahr 604 lehrte uns der Heilige Papst Gregor der Gro\u00dfe: \"Lernt vom\u00a0<span style=\"color: var( --e-global-color-text ); font-family: var( --e-global-typography-18e5089-font-family ), Sans-serif; font-size: var( --e-global-typography-18e5089-font-size ); font-weight: var( --e-global-typography-18e5089-font-weight ); letter-spacing: var( --e-global-typography-18e5089-letter-spacing );\">Herz<\/span><span style=\"color: var( --e-global-color-text ); font-family: var( --e-global-typography-18e5089-font-family ), Sans-serif; font-size: var( --e-global-typography-18e5089-font-size ); font-weight: var( --e-global-typography-18e5089-font-weight ); letter-spacing: var( --e-global-typography-18e5089-letter-spacing );\">\u00a0von Gott die Lehren Gottes, um sich nach den ewigen Dingen zu sehnen\". Jahrhundert Franz von Assisi, Bonaventura, die heilige Gertrud von Helfta und die heilige Mechtilde von Hackeborn.<\/span><\/p><p>\u00a0<\/p>\t\t\t\t\t\t\t\t<\/div>\n\t\t\t\t<\/div>\n\t\t\t\t\t<\/div>\n\t\t<\/div>\n\t\t\t\t\t<\/div>\n\t\t<\/section>\n\t\t\t\t<section class=\"elementor-section elementor-top-section elementor-element elementor-element-70b8a99 elementor-section-boxed elementor-section-height-default elementor-section-height-default\" data-id=\"70b8a99\" data-element_type=\"section\" data-e-type=\"section\" data-settings=\"{&quot;background_background&quot;:&quot;classic&quot;}\">\n\t\t\t\t\t\t<div class=\"elementor-container elementor-column-gap-default\">\n\t\t\t\t\t<div class=\"elementor-column elementor-col-100 elementor-top-column elementor-element elementor-element-3294498\" data-id=\"3294498\" data-element_type=\"column\" data-e-type=\"column\">\n\t\t\t<div class=\"elementor-widget-wrap elementor-element-populated\">\n\t\t\t\t\t\t<div class=\"elementor-element elementor-element-6abbfba elementor-widget elementor-widget-heading\" data-id=\"6abbfba\" data-element_type=\"widget\" data-e-type=\"widget\" data-widget_type=\"heading.default\">\n\t\t\t\t<div class=\"elementor-widget-container\">\n\t\t\t\t\t<h3 class=\"elementor-heading-title elementor-size-default\">Der heilige Johannes Eudes der Vorl\u00e4ufer, 17. Jahrhundert<\/h3>\t\t\t\t<\/div>\n\t\t\t\t<\/div>\n\t\t\t\t<div class=\"elementor-element elementor-element-be64bdf elementor-widget elementor-widget-text-editor\" data-id=\"be64bdf\" data-element_type=\"widget\" data-e-type=\"widget\" data-widget_type=\"text-editor.default\">\n\t\t\t\t<div class=\"elementor-widget-container\">\n\t\t\t\t\t\t\t\t\t<p>Wie Johannes der T\u00e4ufer, der das Kommen Christi ank\u00fcndigte, war es ein anderer Johannes, Johannes Eudes, der die gro\u00dfe Verehrung der Herzen Jesu und Marias wirklich ank\u00fcndigte. Er war der erste, der sie eng miteinander verband und schrieb insbesondere das wundersch\u00f6ne Gebet, das seine gesamte Lehre zusammenfasst und das man als das \"Gebet des Herzens\" bezeichnet.<u>Ave Cor.<\/u><\/p>\t\t\t\t\t\t\t\t<\/div>\n\t\t\t\t<\/div>\n\t\t\t\t\t<\/div>\n\t\t<\/div>\n\t\t\t\t\t<\/div>\n\t\t<\/section>\n\t\t\t\t<section class=\"elementor-section elementor-top-section elementor-element elementor-element-2937365 elementor-section-boxed elementor-section-height-default elementor-section-height-default\" data-id=\"2937365\" data-element_type=\"section\" data-e-type=\"section\" data-settings=\"{&quot;background_background&quot;:&quot;classic&quot;}\">\n\t\t\t\t\t\t<div class=\"elementor-container elementor-column-gap-default\">\n\t\t\t\t\t<div class=\"elementor-column elementor-col-50 elementor-top-column elementor-element elementor-element-dd4d11d\" data-id=\"dd4d11d\" data-element_type=\"column\" data-e-type=\"column\">\n\t\t\t<div class=\"elementor-widget-wrap elementor-element-populated\">\n\t\t\t\t\t\t<div class=\"elementor-element elementor-element-49dcb3c elementor-widget elementor-widget-image\" data-id=\"49dcb3c\" data-element_type=\"widget\" data-e-type=\"widget\" data-widget_type=\"image.default\">\n\t\t\t\t<div class=\"elementor-widget-container\">\n\t\t\t\t\t\t\t\t\t\t\t\t\t\t\t<img decoding=\"async\" width=\"640\" height=\"479\" src=\"https:\/\/salve-corda.org\/wp-content\/uploads\/2021\/07\/Sans-titre-1.png\" class=\"attachment-large size-large wp-image-623\" alt=\"\" srcset=\"https:\/\/salve-corda.org\/wp-content\/uploads\/2021\/07\/Sans-titre-1.png 781w, https:\/\/salve-corda.org\/wp-content\/uploads\/2021\/07\/Sans-titre-1-300x225.png 300w, https:\/\/salve-corda.org\/wp-content\/uploads\/2021\/07\/Sans-titre-1-768x575.png 768w\" sizes=\"(max-width: 640px) 100vw, 640px\" \/>\t\t\t\t\t\t\t\t\t\t\t\t\t\t\t<\/div>\n\t\t\t\t<\/div>\n\t\t\t\t\t<\/div>\n\t\t<\/div>\n\t\t\t\t<div class=\"elementor-column elementor-col-50 elementor-top-column elementor-element elementor-element-7242630\" data-id=\"7242630\" data-element_type=\"column\" data-e-type=\"column\">\n\t\t\t<div class=\"elementor-widget-wrap elementor-element-populated\">\n\t\t\t\t\t\t<div class=\"elementor-element elementor-element-f470957 elementor-widget elementor-widget-text-editor\" data-id=\"f470957\" data-element_type=\"widget\" data-e-type=\"widget\" data-widget_type=\"text-editor.default\">\n\t\t\t\t<div class=\"elementor-widget-container\">\n\t\t\t\t\t\t\t\t\t<p><span style=\"color: #6288c6;\"><i>\"Dieses Gebet richtet sich gemeinsam an das allerheiligste Herz Jesu und Marias. Denn obwohl das Herz des Sohnes sich von dem der Mutter unterscheidet und es an Vortrefflichkeit und Heiligkeit unendlich \u00fcbertrifft, hat Gott diese beiden Herzen so eng miteinander verbunden, dass man mit Wahrheit sagen kann, dass sie ein Herz sind, weil sie immer von demselben Geist beseelt und von denselben Gef\u00fchlen und Zuneigungen erf\u00fcllt waren. Jesus lebt und regiert so sehr in Maria, dass er wahrhaftig die Seele ihrer Seele, der Geist und das Herz ihres Herzens ist. Und so ist die Begr\u00fc\u00dfung und Anbetung des Herzens Mariens die Begr\u00fc\u00dfung und Anbetung Jesu als Geist, Seele, Leben und Herz seiner heiligsten Mutter.\u00a0<\/i><\/span><\/p><p style=\"text-align: right;\"><i>Heiliger Johannes Eudes (1601 - 1680)<\/i><\/p>\t\t\t\t\t\t\t\t<\/div>\n\t\t\t\t<\/div>\n\t\t\t\t\t<\/div>\n\t\t<\/div>\n\t\t\t\t\t<\/div>\n\t\t<\/section>\n\t\t\t\t<section class=\"elementor-section elementor-top-section elementor-element elementor-element-6e709fd elementor-section-boxed elementor-section-height-default elementor-section-height-default\" data-id=\"6e709fd\" data-element_type=\"section\" data-e-type=\"section\" data-settings=\"{&quot;background_background&quot;:&quot;classic&quot;}\">\n\t\t\t\t\t\t<div class=\"elementor-container elementor-column-gap-default\">\n\t\t\t\t\t<div class=\"elementor-column elementor-col-100 elementor-top-column elementor-element elementor-element-527e7b6\" data-id=\"527e7b6\" data-element_type=\"column\" data-e-type=\"column\">\n\t\t\t<div class=\"elementor-widget-wrap elementor-element-populated\">\n\t\t\t\t\t\t<div class=\"elementor-element elementor-element-52ac9c0 elementor-widget elementor-widget-text-editor\" data-id=\"52ac9c0\" data-element_type=\"widget\" data-e-type=\"widget\" data-widget_type=\"text-editor.default\">\n\t\t\t\t<div class=\"elementor-widget-container\">\n\t\t\t\t\t\t\t\t\t<p>Nachdem diese Verehrung auf wunderbare Weise in die Kirche eingef\u00fchrt wurde, werden Christus und die Heilige Jungfrau dann pers\u00f6nlich kommen und uns in drei aufeinanderfolgenden Schritten die Notwendigkeit offenbaren, die Verehrung ihrer vereinten Herzen in den Mittelpunkt unseres modernen Lebens zu stellen.<\/p>\t\t\t\t\t\t\t\t<\/div>\n\t\t\t\t<\/div>\n\t\t\t\t\t<\/div>\n\t\t<\/div>\n\t\t\t\t\t<\/div>\n\t\t<\/section>\n\t\t\t\t<section class=\"elementor-section elementor-top-section elementor-element elementor-element-2bdb93e elementor-section-boxed elementor-section-height-default elementor-section-height-default\" data-id=\"2bdb93e\" data-element_type=\"section\" data-e-type=\"section\">\n\t\t\t\t\t\t<div class=\"elementor-container elementor-column-gap-default\">\n\t\t\t\t\t<div class=\"elementor-column elementor-col-50 elementor-top-column elementor-element elementor-element-53ec56f\" data-id=\"53ec56f\" data-element_type=\"column\" data-e-type=\"column\">\n\t\t\t<div class=\"elementor-widget-wrap elementor-element-populated\">\n\t\t\t\t\t\t<div class=\"elementor-element elementor-element-50acbea elementor-widget elementor-widget-heading\" data-id=\"50acbea\" data-element_type=\"widget\" data-e-type=\"widget\" data-widget_type=\"heading.default\">\n\t\t\t\t<div class=\"elementor-widget-container\">\n\t\t\t\t\t<h3 class=\"elementor-heading-title elementor-size-default\">Schritt 1 - Paray-le-Monial: Die Verehrung des Heiligen Herzens<\/h3>\t\t\t\t<\/div>\n\t\t\t\t<\/div>\n\t\t\t\t<div class=\"elementor-element elementor-element-979e568 elementor-widget elementor-widget-text-editor\" data-id=\"979e568\" data-element_type=\"widget\" data-e-type=\"widget\" data-widget_type=\"text-editor.default\">\n\t\t\t\t<div class=\"elementor-widget-container\">\n\t\t\t\t\t\t\t\t\t<p>1673-1674, einige Jahre vor dem Tod seines Boten St. Jean Eudes, wird Christus in Paray-le-Monial (Frankreich) der Heiligen Margarete Maria erscheinen. Er wird die feierliche Bitte um die Verehrung seines Heiligsten Herzens \u00e4u\u00dfern. Er wird die Handlungen und Gebete, die er von uns erwartet, genau beschreiben und mit wunderbaren Versprechungen verkn\u00fcpfen.<\/p><p>\u00a0<\/p><p>In seiner Ansprache an die Gl\u00e4ubigen bat er sie insbesondere um die <b>Kommunion an den ersten Freitagen des Monats und die Heilige Stunde am Donnerstagabend<\/b>. Den K\u00f6nig, der die weltliche Macht repr\u00e4sentiert, wird er bitten, seine Familie und Frankreich dem Heiligen Herzen zu weihen und sein Heiliges Herz auf die franz\u00f6sischen Waffen und die Flagge zu setzen. Doch weder Ludwig XIV. noch seine Nachfolger folgten diesen Forderungen, und genau hundert Jahre sp\u00e4ter zerst\u00f6rte die Revolution das K\u00f6nigtum in Frankreich und breitete sich \u00fcber den Rest der Welt aus.<\/p><p>\u00a0<\/p><p>Papst Clemens XIII. hingegen erkannte die Bedeutung der Erscheinungen Christi in Paray-le-Monial und f\u00fchrte am 6. Februar 1765 offiziell das Fest des Heiligen Herzens ein.<\/p>\t\t\t\t\t\t\t\t<\/div>\n\t\t\t\t<\/div>\n\t\t\t\t\t<\/div>\n\t\t<\/div>\n\t\t\t\t<div class=\"elementor-column elementor-col-50 elementor-top-column elementor-element elementor-element-84d445f\" data-id=\"84d445f\" data-element_type=\"column\" data-e-type=\"column\">\n\t\t\t<div class=\"elementor-widget-wrap elementor-element-populated\">\n\t\t\t\t\t\t<div class=\"elementor-element elementor-element-6535bce elementor-widget elementor-widget-image\" data-id=\"6535bce\" data-element_type=\"widget\" data-e-type=\"widget\" data-widget_type=\"image.default\">\n\t\t\t\t<div class=\"elementor-widget-container\">\n\t\t\t\t\t\t\t\t\t\t\t\t\t\t\t<img decoding=\"async\" width=\"640\" height=\"906\" src=\"https:\/\/salve-corda.org\/wp-content\/uploads\/2021\/07\/Sans-titre-2.png\" class=\"attachment-large size-large wp-image-624\" alt=\"\" srcset=\"https:\/\/salve-corda.org\/wp-content\/uploads\/2021\/07\/Sans-titre-2.png 643w, https:\/\/salve-corda.org\/wp-content\/uploads\/2021\/07\/Sans-titre-2-212x300.png 212w\" sizes=\"(max-width: 640px) 100vw, 640px\" \/>\t\t\t\t\t\t\t\t\t\t\t\t\t\t\t<\/div>\n\t\t\t\t<\/div>\n\t\t\t\t\t<\/div>\n\t\t<\/div>\n\t\t\t\t\t<\/div>\n\t\t<\/section>\n\t\t\t\t<section class=\"elementor-section elementor-top-section elementor-element elementor-element-5a04936 elementor-section-boxed elementor-section-height-default elementor-section-height-default\" data-id=\"5a04936\" data-element_type=\"section\" data-e-type=\"section\">\n\t\t\t\t\t\t<div class=\"elementor-container elementor-column-gap-default\">\n\t\t\t\t\t\t<\/div>\n\t\t<\/section>\n\t\t\t\t<section class=\"elementor-section elementor-top-section elementor-element elementor-element-92444d1 elementor-section-boxed elementor-section-height-default elementor-section-height-default\" data-id=\"92444d1\" data-element_type=\"section\" data-e-type=\"section\" data-settings=\"{&quot;background_background&quot;:&quot;classic&quot;}\">\n\t\t\t\t\t\t<div class=\"elementor-container elementor-column-gap-default\">\n\t\t\t\t\t<div class=\"elementor-column elementor-col-100 elementor-top-column elementor-element elementor-element-ca8eae2\" data-id=\"ca8eae2\" data-element_type=\"column\" data-e-type=\"column\">\n\t\t\t<div class=\"elementor-widget-wrap elementor-element-populated\">\n\t\t\t\t\t\t<div class=\"elementor-element elementor-element-5685db6 elementor-widget elementor-widget-heading\" data-id=\"5685db6\" data-element_type=\"widget\" data-e-type=\"widget\" data-widget_type=\"heading.default\">\n\t\t\t\t<div class=\"elementor-widget-container\">\n\t\t\t\t\t<h3 class=\"elementor-heading-title elementor-size-default\">Schritt 2 - Rue du Bac: Das HERZ MARIAS neben dem Heiligsten Herzen platziert<span style=\"color: var( --e-global-color-d0f9407 );font-family: var( --e-global-typography-de41d25-font-family ), Sans-serif;font-size: var( --e-global-typography-de41d25-font-size );font-weight: var( --e-global-typography-de41d25-font-weight );letter-spacing: var( --e-global-typography-de41d25-letter-spacing );text-transform: var( --e-global-typography-de41d25-text-transform );background-color: var( --e-global-color-f890547 )\"><\/span><br><\/h3>\t\t\t\t<\/div>\n\t\t\t\t<\/div>\n\t\t\t\t\t<\/div>\n\t\t<\/div>\n\t\t\t\t\t<\/div>\n\t\t<\/section>\n\t\t\t\t<section class=\"elementor-section elementor-top-section elementor-element elementor-element-2ff03b8 elementor-section-boxed elementor-section-height-default elementor-section-height-default\" data-id=\"2ff03b8\" data-element_type=\"section\" data-e-type=\"section\" data-settings=\"{&quot;background_background&quot;:&quot;classic&quot;}\">\n\t\t\t\t\t\t<div class=\"elementor-container elementor-column-gap-default\">\n\t\t\t\t\t<div class=\"elementor-column elementor-col-50 elementor-top-column elementor-element elementor-element-4417716\" data-id=\"4417716\" data-element_type=\"column\" data-e-type=\"column\">\n\t\t\t<div class=\"elementor-widget-wrap elementor-element-populated\">\n\t\t\t\t\t\t<div class=\"elementor-element elementor-element-cbe283f elementor-widget elementor-widget-image\" data-id=\"cbe283f\" data-element_type=\"widget\" data-e-type=\"widget\" data-widget_type=\"image.default\">\n\t\t\t\t<div class=\"elementor-widget-container\">\n\t\t\t\t\t\t\t\t\t\t\t\t\t\t\t<img loading=\"lazy\" decoding=\"async\" width=\"640\" height=\"765\" src=\"https:\/\/salve-corda.org\/wp-content\/uploads\/2021\/07\/Sans-titre-3.png\" class=\"attachment-large size-large wp-image-631\" alt=\"\" srcset=\"https:\/\/salve-corda.org\/wp-content\/uploads\/2021\/07\/Sans-titre-3.png 800w, https:\/\/salve-corda.org\/wp-content\/uploads\/2021\/07\/Sans-titre-3-251x300.png 251w, https:\/\/salve-corda.org\/wp-content\/uploads\/2021\/07\/Sans-titre-3-768x918.png 768w\" sizes=\"(max-width: 640px) 100vw, 640px\" \/>\t\t\t\t\t\t\t\t\t\t\t\t\t\t\t<\/div>\n\t\t\t\t<\/div>\n\t\t\t\t\t<\/div>\n\t\t<\/div>\n\t\t\t\t<div class=\"elementor-column elementor-col-50 elementor-top-column elementor-element elementor-element-86d781d\" data-id=\"86d781d\" data-element_type=\"column\" data-e-type=\"column\">\n\t\t\t<div class=\"elementor-widget-wrap elementor-element-populated\">\n\t\t\t\t\t\t<div class=\"elementor-element elementor-element-b52464e elementor-widget elementor-widget-text-editor\" data-id=\"b52464e\" data-element_type=\"widget\" data-e-type=\"widget\" data-widget_type=\"text-editor.default\">\n\t\t\t\t<div class=\"elementor-widget-container\">\n\t\t\t\t\t\t\t\t\t<p>Das Martyrium des Klerus und der franz\u00f6sischen Katholiken w\u00e4hrend der Franz\u00f6sischen Revolution und in den Jahren danach - dessen H\u00f6hepunkt das Massaker in der Vend\u00e9e war - brachte Frankreich viele Gnaden. Im Jahr 1830 erschien die Heilige Jungfrau in der Rue du Bac in Paris der Heiligen Katharina Labour\u00e9 und verk\u00fcndete ihr, dass sie die Mittlerin aller Gnaden sei.<\/p><p>\u00a0<\/p><p>Sie wird ihn bitten, eine Medaille gravieren zu lassen, auf deren R\u00fcckseite ihr Herz neben dem ihres Sohnes Jesus dargestellt wird, eine subtile Ank\u00fcndigung der zuk\u00fcnftigen Verehrung ihres Unbefleckten Herzens. Die Erscheinungen in der Rue du Bac stellen somit die Verbindung zwischen Paray-le-Monial und Fatima dar und er\u00f6ffnen die Verehrung des Herzens Marias.<\/p>\t\t\t\t\t\t\t\t<\/div>\n\t\t\t\t<\/div>\n\t\t\t\t\t<\/div>\n\t\t<\/div>\n\t\t\t\t\t<\/div>\n\t\t<\/section>\n\t\t\t\t<section class=\"elementor-section elementor-top-section elementor-element elementor-element-6a9c5b7 elementor-section-boxed elementor-section-height-default elementor-section-height-default\" data-id=\"6a9c5b7\" data-element_type=\"section\" data-e-type=\"section\" data-settings=\"{&quot;background_background&quot;:&quot;classic&quot;}\">\n\t\t\t\t\t\t<div class=\"elementor-container elementor-column-gap-default\">\n\t\t\t\t\t<div class=\"elementor-column elementor-col-100 elementor-top-column elementor-element elementor-element-b3b880f\" data-id=\"b3b880f\" data-element_type=\"column\" data-e-type=\"column\">\n\t\t\t<div class=\"elementor-widget-wrap elementor-element-populated\">\n\t\t\t\t\t\t<div class=\"elementor-element elementor-element-2d7c9b0 elementor-widget elementor-widget-text-editor\" data-id=\"2d7c9b0\" data-element_type=\"widget\" data-e-type=\"widget\" data-widget_type=\"text-editor.default\">\n\t\t\t\t<div class=\"elementor-widget-container\">\n\t\t\t\t\t\t\t\t\t<p>Die erste Manifestation dieser Verehrung fand sechs Jahre sp\u00e4ter statt. Im Jahr 1836 war die Basilika Notre-Dame des Victoires in Paris menschenleer und ihr Pfarrer, Pater Desgenettes, verzweifelte daran. Am 3. Dezember, dem ersten Samstag des Monats, h\u00f6rte er, w\u00e4hrend er allein seine Messe las, mehrmals eine innere Stimme, die ihm sagte: \"Weihe deine Pfarrei dem Unbefleckten Herzen Mariens\". Zwei Wochen sp\u00e4ter gehorchte er und die Gl\u00e4ubigen begannen zu str\u00f6men. Die von ihm gegr\u00fcndete Bruderschaft des Heiligen und Unbefleckten Herzens Mariens hatte f\u00fcnf Jahre sp\u00e4ter zwei Millionen Mitglieder und Notre-Dame des Victoires war zur meistbesuchten Pfarrei von Paris geworden.<\/p>\t\t\t\t\t\t\t\t<\/div>\n\t\t\t\t<\/div>\n\t\t\t\t\t<\/div>\n\t\t<\/div>\n\t\t\t\t\t<\/div>\n\t\t<\/section>\n\t\t\t\t<section class=\"elementor-section elementor-top-section elementor-element elementor-element-c95dddd elementor-section-boxed elementor-section-height-default elementor-section-height-default\" data-id=\"c95dddd\" data-element_type=\"section\" data-e-type=\"section\" data-settings=\"{&quot;background_background&quot;:&quot;classic&quot;}\">\n\t\t\t\t\t\t<div class=\"elementor-container elementor-column-gap-default\">\n\t\t\t\t\t<div class=\"elementor-column elementor-col-50 elementor-top-column elementor-element elementor-element-8689486\" data-id=\"8689486\" data-element_type=\"column\" data-e-type=\"column\">\n\t\t\t<div class=\"elementor-widget-wrap elementor-element-populated\">\n\t\t\t\t\t\t<div class=\"elementor-element elementor-element-c53c872 elementor-widget elementor-widget-text-editor\" data-id=\"c53c872\" data-element_type=\"widget\" data-e-type=\"widget\" data-widget_type=\"text-editor.default\">\n\t\t\t\t<div class=\"elementor-widget-container\">\n\t\t\t\t\t\t\t\t\t<p>Nach der Rue du Bac intensivierte die Heilige Jungfrau ihre direkte Aktion auf spektakul\u00e4re Weise. Sie wird nach La Salette (1846), Lourdes (1858), Pontmain (1871) und Pellevoisin (1876) zur\u00fcckkehren. In Lourdes wird es das Dogma der <b>die Unbefleckte Empf\u00e4ngnis.<\/b>&nbsp;Notre Dame demandera \u00e9galement de fa\u00e7on incessante de prier pour les p\u00e9cheurs&nbsp; car comme le disait Sainte Th\u00e9r\u00e8se d&#8217;Avila,&nbsp; &#8220;les \u00e2mes&nbsp;<b>gehen in die H\u00f6lle<\/b>&nbsp;comme les feuilles des arbres tombent en automne&#8221;. Ces deux th\u00e8mes sont au c\u0153ur de Fatima qui viendra couronner ce cycle unique d\u2019apparitions mariales.<\/p>\n<p><\/p>\n<p>Parallel dazu wird sich die Verehrung des Heiligen Herzens weiter ausbreiten. Es wird \u00fcberall gefeiert werden und zahlreiche Kirchen werden ihm geweiht. Glasfenster und Statuen zu Ehren des Heiligen Herzens werden \u00fcberall in Frankreich und auf der ganzen Welt entstehen. Frankreich wird in seiner Hauptstadt die gr\u00f6\u00dfte Kirche der Welt errichten, die dem Heiligen Herzen geweiht ist. Schlie\u00dflich weihte Papst Leo XIII. 1899 die Menschheit dem Heiligsten Herzen.<\/p>\t\t\t\t\t\t\t\t<\/div>\n\t\t\t\t<\/div>\n\t\t\t\t\t<\/div>\n\t\t<\/div>\n\t\t\t\t<div class=\"elementor-column elementor-col-50 elementor-top-column elementor-element elementor-element-d7d71f3 elementor-hidden-mobile\" data-id=\"d7d71f3\" data-element_type=\"column\" data-e-type=\"column\">\n\t\t\t<div class=\"elementor-widget-wrap elementor-element-populated\">\n\t\t\t\t\t\t<div class=\"elementor-element elementor-element-933f430 elementor-widget elementor-widget-image\" data-id=\"933f430\" data-element_type=\"widget\" data-e-type=\"widget\" data-widget_type=\"image.default\">\n\t\t\t\t<div class=\"elementor-widget-container\">\n\t\t\t\t\t\t\t\t\t\t\t\t\t\t\t<img loading=\"lazy\" decoding=\"async\" width=\"539\" height=\"989\" src=\"https:\/\/salve-corda.org\/wp-content\/uploads\/2021\/07\/Sans-titre-4.png\" class=\"attachment-large size-large wp-image-633\" alt=\"\" srcset=\"https:\/\/salve-corda.org\/wp-content\/uploads\/2021\/07\/Sans-titre-4.png 539w, https:\/\/salve-corda.org\/wp-content\/uploads\/2021\/07\/Sans-titre-4-163x300.png 163w\" sizes=\"(max-width: 539px) 100vw, 539px\" \/>\t\t\t\t\t\t\t\t\t\t\t\t\t\t\t<\/div>\n\t\t\t\t<\/div>\n\t\t\t\t\t<\/div>\n\t\t<\/div>\n\t\t\t\t\t<\/div>\n\t\t<\/section>\n\t\t\t\t<section class=\"elementor-section elementor-top-section elementor-element elementor-element-362ac3b elementor-section-boxed elementor-section-height-default elementor-section-height-default\" data-id=\"362ac3b\" data-element_type=\"section\" data-e-type=\"section\">\n\t\t\t\t\t\t<div class=\"elementor-container elementor-column-gap-default\">\n\t\t\t\t\t<div class=\"elementor-column elementor-col-100 elementor-top-column elementor-element elementor-element-2b4f2c7\" data-id=\"2b4f2c7\" data-element_type=\"column\" data-e-type=\"column\">\n\t\t\t<div class=\"elementor-widget-wrap elementor-element-populated\">\n\t\t\t\t\t\t<div class=\"elementor-element elementor-element-4d19806 elementor-widget elementor-widget-heading\" data-id=\"4d19806\" data-element_type=\"widget\" data-e-type=\"widget\" data-widget_type=\"heading.default\">\n\t\t\t\t<div class=\"elementor-widget-container\">\n\t\t\t\t\t<h3 class=\"elementor-heading-title elementor-size-default\">Schritt 3 - Fatima: Die Hingabe an das Unbefleckte Herz Marias <br><\/h3>\t\t\t\t<\/div>\n\t\t\t\t<\/div>\n\t\t\t\t\t<\/div>\n\t\t<\/div>\n\t\t\t\t\t<\/div>\n\t\t<\/section>\n\t\t\t\t<section class=\"elementor-section elementor-top-section elementor-element elementor-element-5bacadb elementor-section-boxed elementor-section-height-default elementor-section-height-default\" data-id=\"5bacadb\" data-element_type=\"section\" data-e-type=\"section\">\n\t\t\t\t\t\t<div class=\"elementor-container elementor-column-gap-default\">\n\t\t\t\t\t<div class=\"elementor-column elementor-col-50 elementor-top-column elementor-element elementor-element-1f81626\" data-id=\"1f81626\" data-element_type=\"column\" data-e-type=\"column\">\n\t\t\t<div class=\"elementor-widget-wrap elementor-element-populated\">\n\t\t\t\t\t\t<div class=\"elementor-element elementor-element-3158d86 elementor-widget elementor-widget-image\" data-id=\"3158d86\" data-element_type=\"widget\" data-e-type=\"widget\" data-widget_type=\"image.default\">\n\t\t\t\t<div class=\"elementor-widget-container\">\n\t\t\t\t\t\t\t\t\t\t\t\t\t\t\t<img loading=\"lazy\" decoding=\"async\" width=\"489\" height=\"681\" src=\"https:\/\/salve-corda.org\/wp-content\/uploads\/2021\/07\/Sans-titre-5.png\" class=\"attachment-large size-large wp-image-655\" alt=\"\" srcset=\"https:\/\/salve-corda.org\/wp-content\/uploads\/2021\/07\/Sans-titre-5.png 489w, https:\/\/salve-corda.org\/wp-content\/uploads\/2021\/07\/Sans-titre-5-215x300.png 215w\" sizes=\"(max-width: 489px) 100vw, 489px\" \/>\t\t\t\t\t\t\t\t\t\t\t\t\t\t\t<\/div>\n\t\t\t\t<\/div>\n\t\t\t\t\t<\/div>\n\t\t<\/div>\n\t\t\t\t<div class=\"elementor-column elementor-col-50 elementor-top-column elementor-element elementor-element-e47a814\" data-id=\"e47a814\" data-element_type=\"column\" data-e-type=\"column\">\n\t\t\t<div class=\"elementor-widget-wrap elementor-element-populated\">\n\t\t\t\t\t\t<div class=\"elementor-element elementor-element-e54ae63 elementor-widget elementor-widget-text-editor\" data-id=\"e54ae63\" data-element_type=\"widget\" data-e-type=\"widget\" data-widget_type=\"text-editor.default\">\n\t\t\t\t<div class=\"elementor-widget-container\">\n\t\t\t\t\t\t\t\t\t<p>Im Jahr 1917 ist die Lage in der Welt entsetzlich. Der Erste Weltkrieg tobt und in Russland bahnt sich die bolschewistische Revolution an.  Die Heilige Jungfrau wird von Mai bis Oktober sechsmal am 13. eines jeden Monats in Fatima (Portugal) drei jungen Hirtenkindern, Lucia, Jacinta und Francisco, erscheinen. Sie wird ihnen verk\u00fcnden:<\/p>\n<p><\/p>\n<p><span style=\"color: #6288c6;\"><i>\"Gott will in der Welt die Verehrung meines Unbefleckten Herzens etablieren\".<\/i><\/span><\/p>\n<p><span style=\"color: #6288c6;\">&nbsp;<\/span><\/p>\n<p><\/p>\n<p>Kardinal Cerejeira, ehemaliger Bischof von Fatima, wird erkl\u00e4ren:<\/p>\n<p><span style=\"color: #6288c6;\"><i>\"Fatima ist in gewisser Weise die Fortsetzung oder besser der Abschluss von Paray-le-Monial.<\/i> <i>Fatima vereint diese beiden Herzen, die Gott ihr schenkte.<\/i><i>&#8211;<\/i><i>die uns im g\u00f6ttlichen Werk der Erl\u00f6sung vereint hat.\" <\/i><\/span><\/p>\n<p><span style=\"color: #6288c6;\"><i>&nbsp;<\/i><\/span><\/p>\n<p><span style=\"color: #6288c6;\"><i>&nbsp;<\/i><\/span><span style=\"color: var( --e-global-color-text ); font-family: var( --e-global-typography-18e5089-font-family ), Sans-serif; font-size: var( --e-global-typography-18e5089-font-size ); font-weight: var( --e-global-typography-18e5089-font-weight ); letter-spacing: var( --e-global-typography-18e5089-letter-spacing ); word-spacing: var( --e-global-typography-18e5089-word-spacing );\">Wie das Heiligste Herz, und auf erstaunlich symmetrische Weise, beschreibt auch die Heilige Jungfrau die sieben Handlungen und Gebete, die sie von uns erwartet, und kn\u00fcpft daran wunderbare Versprechungen, darunter den Weltfrieden. Insbesondere wird sie darum bitten<\/span><span style=\"color: var( --e-global-color-text ); font-family: var( --e-global-typography-18e5089-font-family ), Sans-serif; font-size: var( --e-global-typography-18e5089-font-size ); font-weight: var( --e-global-typography-18e5089-font-weight ); letter-spacing: var( --e-global-typography-18e5089-letter-spacing ); word-spacing: var( --e-global-typography-18e5089-word-spacing );\">&nbsp;<\/span><span style=\"color: var( --e-global-color-text ); font-family: var( --e-global-typography-18e5089-font-family ), Sans-serif; font-size: var( --e-global-typography-18e5089-font-size ); letter-spacing: var( --e-global-typography-18e5089-letter-spacing ); word-spacing: var( --e-global-typography-18e5089-word-spacing ); font-weight: bold;\">den Gl\u00e4ubigen und dem Papst<\/span><span style=\"color: var( --e-global-color-text ); font-family: var( --e-global-typography-18e5089-font-family ), Sans-serif; font-size: var( --e-global-typography-18e5089-font-size ); font-weight: var( --e-global-typography-18e5089-font-weight ); letter-spacing: var( --e-global-typography-18e5089-letter-spacing ); word-spacing: var( --e-global-typography-18e5089-word-spacing );\">&nbsp;<\/span><span style=\"color: var( --e-global-color-text ); font-family: var( --e-global-typography-18e5089-font-family ), Sans-serif; font-size: var( --e-global-typography-18e5089-font-size ); letter-spacing: var( --e-global-typography-18e5089-letter-spacing ); word-spacing: var( --e-global-typography-18e5089-word-spacing ); font-weight: bold;\">die wiederherstellende Kommunion an den ersten Samstagen<\/span><span style=\"color: var( --e-global-color-text ); font-family: var( --e-global-typography-18e5089-font-family ), Sans-serif; font-size: var( --e-global-typography-18e5089-font-size ); font-weight: var( --e-global-typography-18e5089-font-weight ); letter-spacing: var( --e-global-typography-18e5089-letter-spacing ); word-spacing: var( --e-global-typography-18e5089-word-spacing );\">&nbsp;<\/span><span style=\"color: var( --e-global-color-text ); font-family: var( --e-global-typography-18e5089-font-family ), Sans-serif; font-size: var( --e-global-typography-18e5089-font-size ); letter-spacing: var( --e-global-typography-18e5089-letter-spacing ); word-spacing: var( --e-global-typography-18e5089-word-spacing ); font-weight: bold;\">des Monats<\/span><span style=\"color: var( --e-global-color-text ); font-family: var( --e-global-typography-18e5089-font-family ), Sans-serif; font-size: var( --e-global-typography-18e5089-font-size ); font-weight: var( --e-global-typography-18e5089-font-weight ); letter-spacing: var( --e-global-typography-18e5089-letter-spacing ); word-spacing: var( --e-global-typography-18e5089-word-spacing );\">&nbsp;verbunden mit der Weihe Russlands an ihr Unbeflecktes Herz.<\/span><\/p>\t\t\t\t\t\t\t\t<\/div>\n\t\t\t\t<\/div>\n\t\t\t\t\t<\/div>\n\t\t<\/div>\n\t\t\t\t\t<\/div>\n\t\t<\/section>\n\t\t\t\t<\/div>","protected":false},"excerpt":{"rendered":"<p>Wunderbare Geschichte der Verehrung der Heiligen Herzen Jesu und Marias Das Evangelium und die Fr\u00fchzeit der Kirche Die Verehrung der Herzen Jesu und Marias hat ihren eigentlichen Ursprung im Evangelium [...].<\/p>","protected":false},"author":1,"featured_media":0,"parent":0,"menu_order":0,"comment_status":"closed","ping_status":"closed","template":"elementor_header_footer","meta":{"footnotes":""},"class_list":["post-571","page","type-page","status-publish","hentry"],"_links":{"self":[{"href":"https:\/\/salve-corda.org\/de\/wp-json\/wp\/v2\/pages\/571","targetHints":{"allow":["GET"]}}],"collection":[{"href":"https:\/\/salve-corda.org\/de\/wp-json\/wp\/v2\/pages"}],"about":[{"href":"https:\/\/salve-corda.org\/de\/wp-json\/wp\/v2\/types\/page"}],"author":[{"embeddable":true,"href":"https:\/\/salve-corda.org\/de\/wp-json\/wp\/v2\/users\/1"}],"replies":[{"embeddable":true,"href":"https:\/\/salve-corda.org\/de\/wp-json\/wp\/v2\/comments?post=571"}],"version-history":[{"count":147,"href":"https:\/\/salve-corda.org\/de\/wp-json\/wp\/v2\/pages\/571\/revisions"}],"predecessor-version":[{"id":18100,"href":"https:\/\/salve-corda.org\/de\/wp-json\/wp\/v2\/pages\/571\/revisions\/18100"}],"wp:attachment":[{"href":"https:\/\/salve-corda.org\/de\/wp-json\/wp\/v2\/media?parent=571"}],"curies":[{"name":"wp","href":"https:\/\/api.w.org\/{rel}","templated":true}]}}