{"id":573,"date":"2021-07-12T12:44:13","date_gmt":"2021-07-12T10:44:13","guid":{"rendered":"https:\/\/salve-corda.org\/?page_id=573"},"modified":"2025-02-04T12:18:36","modified_gmt":"2025-02-04T11:18:36","slug":"importance-capitale","status":"publish","type":"page","link":"https:\/\/salve-corda.org\/de\/importance-capitale\/","title":{"rendered":"Bedeutung dieses Mittels in der aktuellen Krise"},"content":{"rendered":"<div data-elementor-type=\"wp-page\" data-elementor-id=\"573\" class=\"elementor elementor-573\">\n\t\t\t\t\t\t<section class=\"elementor-section elementor-top-section elementor-element elementor-element-874819a elementor-section-boxed elementor-section-height-default elementor-section-height-default\" data-id=\"874819a\" data-element_type=\"section\" data-e-type=\"section\">\n\t\t\t\t\t\t<div class=\"elementor-container elementor-column-gap-default\">\n\t\t\t\t\t<div class=\"elementor-column elementor-col-100 elementor-top-column elementor-element elementor-element-ce57ea6\" data-id=\"ce57ea6\" data-element_type=\"column\" data-e-type=\"column\">\n\t\t\t<div class=\"elementor-widget-wrap elementor-element-populated\">\n\t\t\t\t\t\t<div class=\"elementor-element elementor-element-d3edb40 elementor-widget elementor-widget-spacer\" data-id=\"d3edb40\" data-element_type=\"widget\" data-e-type=\"widget\" data-widget_type=\"spacer.default\">\n\t\t\t\t<div class=\"elementor-widget-container\">\n\t\t\t\t\t\t\t<div class=\"elementor-spacer\">\n\t\t\t<div class=\"elementor-spacer-inner\"><\/div>\n\t\t<\/div>\n\t\t\t\t\t\t<\/div>\n\t\t\t\t<\/div>\n\t\t\t\t<div class=\"elementor-element elementor-element-c75c0d1 elementor-widget elementor-widget-heading\" data-id=\"c75c0d1\" data-element_type=\"widget\" data-e-type=\"widget\" data-widget_type=\"heading.default\">\n\t\t\t\t<div class=\"elementor-widget-container\">\n\t\t\t\t\t<h2 class=\"elementor-heading-title elementor-size-default\">Die zentrale Bedeutung der ersten Samstage von Fatima f\u00fcr unsere Zeit\n<\/h2>\t\t\t\t<\/div>\n\t\t\t\t<\/div>\n\t\t\t\t<div class=\"elementor-element elementor-element-e2e0646 elementor-widget elementor-widget-image\" data-id=\"e2e0646\" data-element_type=\"widget\" data-e-type=\"widget\" data-widget_type=\"image.default\">\n\t\t\t\t<div class=\"elementor-widget-container\">\n\t\t\t\t\t\t\t\t\t\t\t\t\t\t\t<img fetchpriority=\"high\" decoding=\"async\" width=\"640\" height=\"272\" src=\"https:\/\/salve-corda.org\/wp-content\/uploads\/2023\/09\/image-2.png\" class=\"attachment-large size-large wp-image-6135\" alt=\"\" srcset=\"https:\/\/salve-corda.org\/wp-content\/uploads\/2023\/09\/image-2.png 981w, https:\/\/salve-corda.org\/wp-content\/uploads\/2023\/09\/image-2-300x128.png 300w, https:\/\/salve-corda.org\/wp-content\/uploads\/2023\/09\/image-2-768x326.png 768w\" sizes=\"(max-width: 640px) 100vw, 640px\" \/>\t\t\t\t\t\t\t\t\t\t\t\t\t\t\t<\/div>\n\t\t\t\t<\/div>\n\t\t\t\t<div class=\"elementor-element elementor-element-7d45052 elementor-widget elementor-widget-text-editor\" data-id=\"7d45052\" data-element_type=\"widget\" data-e-type=\"widget\" data-widget_type=\"text-editor.default\">\n\t\t\t\t<div class=\"elementor-widget-container\">\n\t\t\t\t\t\t\t\t\t<p>\u00a0<\/p><p>\u00a0<\/p><p>L<span style=\"color: var( --e-global-color-text ); font-family: var( --e-global-typography-18e5089-font-family ), Sans-serif; font-size: var( --e-global-typography-18e5089-font-size ); font-weight: var( --e-global-typography-18e5089-font-weight ); letter-spacing: var( --e-global-typography-18e5089-letter-spacing ); word-spacing: var( --e-global-typography-18e5089-word-spacing );\">ie Verehrung des Unbefleckten Herzens Mariens, zusammen mit der Verehrung des Heiligen Herzens, wurde von Gott als DAS MITTEL gebracht, um den \u00dcbeln der modernen Zeit zu begegnen und\u00a0<\/span><b style=\"color: var( --e-global-color-text ); font-family: var( --e-global-typography-18e5089-font-family ), Sans-serif; font-size: var( --e-global-typography-18e5089-font-size ); letter-spacing: var( --e-global-typography-18e5089-letter-spacing ); word-spacing: var( --e-global-typography-18e5089-word-spacing );\">sie zu beenden<\/b><span style=\"color: var( --e-global-color-text ); font-family: var( --e-global-typography-18e5089-font-family ), Sans-serif; font-size: var( --e-global-typography-18e5089-font-size ); font-weight: var( --e-global-typography-18e5089-font-weight ); letter-spacing: var( --e-global-typography-18e5089-letter-spacing ); word-spacing: var( --e-global-typography-18e5089-word-spacing );\">. Schwester Lucia hatte es am 20. Juni 1939 erkl\u00e4rt :<\/span><\/p><p>\u00a0<\/p><p><span style=\"color: #0000ff;\"><em>\"Unsere Liebe Frau hat versprochen, die Gei\u00dfel des Krieges zu verz\u00f6gern, wenn diese Andacht verbreitet und praktiziert wird. Wir sehen, dass sie die Vergebung dieser Strafe in dem Ma\u00dfe erlangen wird, wie Anstrengungen unternommen werden, um diese Andacht zu verbreiten, aber ich f\u00fcrchte, dass es nicht m\u00f6glich ist, mehr zu tun, als wir gegenw\u00e4rtig tun, und dass Gott, unzufrieden, den Arm seiner Barmherzigkeit zur\u00fcckzieht und die Welt durch diese Strafe verw\u00fcsten l\u00e4sst, die anders sein wird als jede andere der Vergangenheit. \"<\/em><\/span><\/p>\t\t\t\t\t\t\t\t<\/div>\n\t\t\t\t<\/div>\n\t\t\t\t<div class=\"elementor-element elementor-element-babd128 elementor-widget elementor-widget-heading\" data-id=\"babd128\" data-element_type=\"widget\" data-e-type=\"widget\" data-widget_type=\"heading.default\">\n\t\t\t\t<div class=\"elementor-widget-container\">\n\t\t\t\t\t<h3 class=\"elementor-heading-title elementor-size-default\">Eine BESORGNIS erregende globale Situation<\/h3>\t\t\t\t<\/div>\n\t\t\t\t<\/div>\n\t\t\t\t<div class=\"elementor-element elementor-element-becc2df elementor-widget elementor-widget-text-editor\" data-id=\"becc2df\" data-element_type=\"widget\" data-e-type=\"widget\" data-widget_type=\"text-editor.default\">\n\t\t\t\t<div class=\"elementor-widget-container\">\n\t\t\t\t\t\t\t\t\t<p><\/p>\n<p>Nous percevons tous une aggravation de la situation. Le sentiment d\u2019imminence d\u2019un effondrement g\u00e9n\u00e9ral se fait sentir dans de multiples domaines, sant\u00e9, s\u00e9curit\u00e9, \u00e9conomie, etc. Mais surtout le risque de guerre se fait sentir de plus en plus. Il est urgent d&#8217;agir pour la paix avec les moyens spirituels qui nous ont \u00e9t\u00e9 donn\u00e9s.<\/p>\n<p><span style=\"color: var( --e-global-color-text ); font-family: var( --e-global-typography-18e5089-font-family ), Sans-serif; font-size: var( --e-global-typography-18e5089-font-size ); font-weight: var( --e-global-typography-18e5089-font-weight );\">&nbsp;<\/span><\/p>\t\t\t\t\t\t\t\t<\/div>\n\t\t\t\t<\/div>\n\t\t\t\t\t<\/div>\n\t\t<\/div>\n\t\t\t\t\t<\/div>\n\t\t<\/section>\n\t\t\t\t<section class=\"elementor-section elementor-top-section elementor-element elementor-element-430ffeb elementor-section-boxed elementor-section-height-default elementor-section-height-default\" data-id=\"430ffeb\" data-element_type=\"section\" data-e-type=\"section\" data-settings=\"{&quot;background_background&quot;:&quot;classic&quot;}\">\n\t\t\t\t\t\t<div class=\"elementor-container elementor-column-gap-default\">\n\t\t\t\t\t<div class=\"elementor-column elementor-col-100 elementor-top-column elementor-element elementor-element-bc7f7f4\" data-id=\"bc7f7f4\" data-element_type=\"column\" data-e-type=\"column\">\n\t\t\t<div class=\"elementor-widget-wrap elementor-element-populated\">\n\t\t\t\t\t\t<div class=\"elementor-element elementor-element-158fcdd elementor-widget elementor-widget-heading\" data-id=\"158fcdd\" data-element_type=\"widget\" data-e-type=\"widget\" data-widget_type=\"heading.default\">\n\t\t\t\t<div class=\"elementor-widget-container\">\n\t\t\t\t\t<h3 class=\"elementor-heading-title elementor-size-default\">Nur das von Gott selbst gewollte Mittel kann die Welt retten.<\/h3>\t\t\t\t<\/div>\n\t\t\t\t<\/div>\n\t\t\t\t<div class=\"elementor-element elementor-element-20cb851 elementor-widget elementor-widget-text-editor\" data-id=\"20cb851\" data-element_type=\"widget\" data-e-type=\"widget\" data-widget_type=\"text-editor.default\">\n\t\t\t\t<div class=\"elementor-widget-container\">\n\t\t\t\t\t\t\t\t\t<p>Am 26. Dezember 1957 wird Schwester Lucia erkl\u00e4ren, warum die Bitten der Heiligen Jungfrau in Fatima<b>\u00a0das grundlegende Mittel<\/b>\u00a0um die Welt zu retten, und wie schwer die Verantwortung f\u00fcr alle ist, die, <b>wissentlich<\/b>Die meisten Sch\u00fcler lehnen dieses Mittel ab:<\/p>\t\t\t\t\t\t\t\t<\/div>\n\t\t\t\t<\/div>\n\t\t\t\t<div class=\"elementor-element elementor-element-8283a96 elementor-widget elementor-widget-text-editor\" data-id=\"8283a96\" data-element_type=\"widget\" data-e-type=\"widget\" data-widget_type=\"text-editor.default\">\n\t\t\t\t<div class=\"elementor-widget-container\">\n\t\t\t\t\t\t\t\t\t<p><span style=\"color: #6288c6;\"><i>\"Sie sagte (die Heilige Jungfrau Anm. d. \u00dcbers.) sowohl zu mir als auch zu meinen Cousins, dass Gott die <\/i><b><i>zwei letzte Heilmittel <\/i><\/b><i>in der Welt<\/i> <i>Der Heilige Rosenkranz und die Verehrung des Unbefleckten Herzens Mariens, wobei diese die letzten beiden Heilmittel sind.<\/i><i>es<\/i><i> bedeutet dies <\/i><b><i>dass es keine andere geben wird\".<\/i><\/b><\/span><\/p><p><span style=\"color: #6288c6;\"><i>\"In den Pl\u00e4nen der Vorsehung ist es immer so, dass Gott, wenn er die Welt bestrafen will, zuerst alle anderen Mittel aussch\u00f6pft. Da er aber gesehen hat, dass der <\/i><i>M<\/i><i>Er hat keinen (verleiht dem Heiligen Herzen), also, wie wir in unserer unvollkommenen Art zu sprechen sagen w\u00fcrden, bietet er uns mit einer gewissen Ehrfurcht den <\/i><b><i>letztes Mittel zur Rettung<\/i><\/b><i>seine heiligste Mutter. Denn wenn wir dieses letzte Mittel verachten und zur\u00fcckweisen , <b>WIR WERDEN NICHT MEHR DIE VERGEBUNG DES HIMMELS HABEN, WEIL WIR EINE S\u00dcNDE GEGEN DEN HEILIGEN GEIST BEGANGEN HABEN, DIE DARIN BESTEHT, DASS WIR OFFEN UND MIT WISSEN UND WILLEN DAS UNS ANGEBOTENE HEIL ZUR\u00dcCKWEISEN\".<\/b><\/i><\/span><\/p><p><em style=\"font-family: var( --e-global-typography-18e5089-font-family ), Sans-serif; font-size: var( --e-global-typography-18e5089-font-size ); letter-spacing: var( --e-global-typography-18e5089-letter-spacing ); color: #556bab; background-color: var( --e-global-color-f890547 );\"><span style=\"text-align: left; font-family: var( --e-global-typography-18e5089-font-family ), Sans-serif; font-size: var( --e-global-typography-18e5089-font-size ); letter-spacing: var( --e-global-typography-18e5089-letter-spacing ); background-color: var( --e-global-color-f890547 );\"><b>\u00a0<\/b><\/span><\/em><\/p><p style=\"background-color: rgba(2, 1, 1, 0.04);\"><span style=\"color: #808080;\">Und Benedikt XVI. wird am 13. Mai 2010 daran erinnern:<\/span><\/p><p style=\"background-color: rgba(2, 1, 1, 0.04);\"><span style=\"color: #6288c6;\"><i>\"<\/i><i>\u00a0Wer glaubt, dass die prophetische Mission von Fatima abgeschlossen ist, irrt sich...<\/i><\/span><span style=\"color: #6288c6; text-align: left; font-family: var( --e-global-typography-18e5089-font-family ), Sans-serif; font-size: var( --e-global-typography-18e5089-font-size ); font-weight: var( --e-global-typography-18e5089-font-weight ); letter-spacing: var( --e-global-typography-18e5089-letter-spacing ); background-color: var( --e-global-color-f890547 );\">\".<\/span><\/p>\t\t\t\t\t\t\t\t<\/div>\n\t\t\t\t<\/div>\n\t\t\t\t\t<\/div>\n\t\t<\/div>\n\t\t\t\t\t<\/div>\n\t\t<\/section>\n\t\t\t\t<section class=\"elementor-section elementor-top-section elementor-element elementor-element-3fcc025 elementor-section-boxed elementor-section-height-default elementor-section-height-default\" data-id=\"3fcc025\" data-element_type=\"section\" data-e-type=\"section\" data-settings=\"{&quot;background_background&quot;:&quot;classic&quot;}\">\n\t\t\t\t\t\t<div class=\"elementor-container elementor-column-gap-default\">\n\t\t\t\t\t<div class=\"elementor-column elementor-col-100 elementor-top-column elementor-element elementor-element-d423d2c\" data-id=\"d423d2c\" data-element_type=\"column\" data-e-type=\"column\">\n\t\t\t<div class=\"elementor-widget-wrap elementor-element-populated\">\n\t\t\t\t\t\t<div class=\"elementor-element elementor-element-bd9fc49 elementor-widget elementor-widget-heading\" data-id=\"bd9fc49\" data-element_type=\"widget\" data-e-type=\"widget\" data-widget_type=\"heading.default\">\n\t\t\t\t<div class=\"elementor-widget-container\">\n\t\t\t\t\t<h3 class=\"elementor-heading-title elementor-size-default\">Beweise f\u00fcr die Wirksamkeit dieser von Gott gewollten Hingabe\n<\/h3>\t\t\t\t<\/div>\n\t\t\t\t<\/div>\n\t\t\t\t<div class=\"elementor-element elementor-element-cd9bfc2 elementor-widget elementor-widget-text-editor\" data-id=\"cd9bfc2\" data-element_type=\"widget\" data-e-type=\"widget\" data-widget_type=\"text-editor.default\">\n\t\t\t\t<div class=\"elementor-widget-container\">\n\t\t\t\t\t\t\t\t\t<p>Zahlreiche Beispiele von Wundern, die durch das Unbefleckte Herz Mariens erwirkt wurden, zeigen, dass dieser Wirkungsweg von au\u00dfergew\u00f6hnlicher Macht ist.<\/p><p>\u00a0<\/p><p>- In Hiroshima befand sich eine kleine religi\u00f6se Kongregation, die der Heiligen Jungfrau geweiht war und eine Fatima-Kapelle errichtet hatte, 800 m von der Bombe entfernt, als diese explodierte. W\u00e4hrend alle Menschen in dieser Entfernung sofort oder an den Folgen der Strahlung starben, passierte den Mitgliedern dieser Kongregation nichts und sie wurden 85 Jahre alt, ohne gesundheitliche Probleme zu haben.<\/p>\t\t\t\t\t\t\t\t<\/div>\n\t\t\t\t<\/div>\n\t\t\t\t<div class=\"elementor-element elementor-element-8fabc09 elementor-align-center elementor-widget elementor-widget-button\" data-id=\"8fabc09\" data-element_type=\"widget\" data-e-type=\"widget\" data-widget_type=\"button.default\">\n\t\t\t\t<div class=\"elementor-widget-container\">\n\t\t\t\t\t\t\t\t\t<div class=\"elementor-button-wrapper\">\n\t\t\t\t\t<a class=\"elementor-button elementor-button-link elementor-size-sm\" href=\"https:\/\/www.youtube.com\/watch?v=141Q8oJAEyY\">\n\t\t\t\t\t\t<span class=\"elementor-button-content-wrapper\">\n\t\t\t\t\t\t\t\t\t<span class=\"elementor-button-text\">Video ansehen<\/span>\n\t\t\t\t\t<\/span>\n\t\t\t\t\t<\/a>\n\t\t\t\t<\/div>\n\t\t\t\t\t\t\t\t<\/div>\n\t\t\t\t<\/div>\n\t\t\t\t<div class=\"elementor-element elementor-element-cae9f8a elementor-widget elementor-widget-text-editor\" data-id=\"cae9f8a\" data-element_type=\"widget\" data-e-type=\"widget\" data-widget_type=\"text-editor.default\">\n\t\t\t\t<div class=\"elementor-widget-container\">\n\t\t\t\t\t\t\t\t\t<p>- Bei der Landung der Alliierten in der Normandie weihten sich drei D\u00f6rfer, die im Zentrum des Dispositivs lagen, einige Tage zuvor dem Unbefleckten Herzen Mariens. Kein einziger Bewohner dieser D\u00f6rfer wurde get\u00f6tet und es gab keine Zerst\u00f6rungen, obwohl in der Umgebung alles dem Erdboden gleichgemacht wurde.<\/p>\n<p><br><\/p>\n<p><\/p>\n<p>- Vor dem Zweiten Weltkrieg wurde Portugal von seinen Bisch\u00f6fen dem Unbefleckten Herzen Marias geweiht. Das Land blieb von dem Konflikt v\u00f6llig verschont.<\/p>\t\t\t\t\t\t\t\t<\/div>\n\t\t\t\t<\/div>\n\t\t\t\t\t<\/div>\n\t\t<\/div>\n\t\t\t\t\t<\/div>\n\t\t<\/section>\n\t\t\t\t<section class=\"elementor-section elementor-top-section elementor-element elementor-element-0b4bba2 elementor-section-boxed elementor-section-height-default elementor-section-height-default\" data-id=\"0b4bba2\" data-element_type=\"section\" data-e-type=\"section\" data-settings=\"{&quot;background_background&quot;:&quot;classic&quot;}\">\n\t\t\t\t\t\t<div class=\"elementor-container elementor-column-gap-default\">\n\t\t\t\t\t<div class=\"elementor-column elementor-col-33 elementor-top-column elementor-element elementor-element-677a0a1\" data-id=\"677a0a1\" data-element_type=\"column\" data-e-type=\"column\">\n\t\t\t<div class=\"elementor-widget-wrap\">\n\t\t\t\t\t\t\t<\/div>\n\t\t<\/div>\n\t\t\t\t<div class=\"elementor-column elementor-col-33 elementor-top-column elementor-element elementor-element-1bc7995\" data-id=\"1bc7995\" data-element_type=\"column\" data-e-type=\"column\">\n\t\t\t<div class=\"elementor-widget-wrap elementor-element-populated\">\n\t\t\t\t\t\t<div class=\"elementor-element elementor-element-523e66a elementor-widget elementor-widget-text-editor\" data-id=\"523e66a\" data-element_type=\"widget\" data-e-type=\"widget\" data-widget_type=\"text-editor.default\">\n\t\t\t\t<div class=\"elementor-widget-container\">\n\t\t\t\t\t\t\t\t\t<p><b>Es ist daher dringend notwendig, gehorsam und dem\u00fctig am 1. Samstag des Monats Folgendes zu verwirklichen<\/b><\/p>\t\t\t\t\t\t\t\t<\/div>\n\t\t\t\t<\/div>\n\t\t\t\t\t<\/div>\n\t\t<\/div>\n\t\t\t\t<div class=\"elementor-column elementor-col-33 elementor-top-column elementor-element elementor-element-76a0acb\" data-id=\"76a0acb\" data-element_type=\"column\" data-e-type=\"column\">\n\t\t\t<div class=\"elementor-widget-wrap\">\n\t\t\t\t\t\t\t<\/div>\n\t\t<\/div>\n\t\t\t\t\t<\/div>\n\t\t<\/section>\n\t\t\t\t<\/div>","protected":false},"excerpt":{"rendered":"<p>L&#8217;importance capitale des 1ers samedis de Fatima pour notre epoque \u00a0 \u00a0 La d\u00e9votion au C\u0153ur Immacul\u00e9 de Marie, associ\u00e9e \u00e0 celle du Sacr\u00e9-C\u0153ur, a \u00e9t\u00e9 apport\u00e9e par Dieu comme LE MOYEN pour [&hellip;]<\/p>","protected":false},"author":1,"featured_media":0,"parent":0,"menu_order":0,"comment_status":"closed","ping_status":"closed","template":"elementor_header_footer","meta":{"footnotes":""},"class_list":["post-573","page","type-page","status-publish","hentry"],"_links":{"self":[{"href":"https:\/\/salve-corda.org\/de\/wp-json\/wp\/v2\/pages\/573","targetHints":{"allow":["GET"]}}],"collection":[{"href":"https:\/\/salve-corda.org\/de\/wp-json\/wp\/v2\/pages"}],"about":[{"href":"https:\/\/salve-corda.org\/de\/wp-json\/wp\/v2\/types\/page"}],"author":[{"embeddable":true,"href":"https:\/\/salve-corda.org\/de\/wp-json\/wp\/v2\/users\/1"}],"replies":[{"embeddable":true,"href":"https:\/\/salve-corda.org\/de\/wp-json\/wp\/v2\/comments?post=573"}],"version-history":[{"count":260,"href":"https:\/\/salve-corda.org\/de\/wp-json\/wp\/v2\/pages\/573\/revisions"}],"predecessor-version":[{"id":17317,"href":"https:\/\/salve-corda.org\/de\/wp-json\/wp\/v2\/pages\/573\/revisions\/17317"}],"wp:attachment":[{"href":"https:\/\/salve-corda.org\/de\/wp-json\/wp\/v2\/media?parent=573"}],"curies":[{"name":"wp","href":"https:\/\/api.w.org\/{rel}","templated":true}]}}