{"id":575,"date":"2021-07-12T12:44:24","date_gmt":"2021-07-12T10:44:24","guid":{"rendered":"https:\/\/salve-corda.org\/?page_id=575"},"modified":"2023-09-29T15:27:54","modified_gmt":"2023-09-29T13:27:54","slug":"but-devotion","status":"publish","type":"page","link":"https:\/\/salve-corda.org\/de\/but-devotion\/","title":{"rendered":"Ziel der Hingabe"},"content":{"rendered":"<div data-elementor-type=\"wp-page\" data-elementor-id=\"575\" class=\"elementor elementor-575\">\n\t\t\t\t\t\t<section class=\"elementor-section elementor-top-section elementor-element elementor-element-90d53f0 elementor-section-boxed elementor-section-height-default elementor-section-height-default\" data-id=\"90d53f0\" data-element_type=\"section\" data-e-type=\"section\">\n\t\t\t\t\t\t<div class=\"elementor-container elementor-column-gap-default\">\n\t\t\t\t\t<div class=\"elementor-column elementor-col-100 elementor-top-column elementor-element elementor-element-a17d83e\" data-id=\"a17d83e\" data-element_type=\"column\" data-e-type=\"column\">\n\t\t\t<div class=\"elementor-widget-wrap elementor-element-populated\">\n\t\t\t\t\t\t<div class=\"elementor-element elementor-element-c35b71e elementor-widget elementor-widget-spacer\" data-id=\"c35b71e\" data-element_type=\"widget\" data-e-type=\"widget\" data-widget_type=\"spacer.default\">\n\t\t\t\t<div class=\"elementor-widget-container\">\n\t\t\t\t\t\t\t<div class=\"elementor-spacer\">\n\t\t\t<div class=\"elementor-spacer-inner\"><\/div>\n\t\t<\/div>\n\t\t\t\t\t\t<\/div>\n\t\t\t\t<\/div>\n\t\t\t\t\t<\/div>\n\t\t<\/div>\n\t\t\t\t\t<\/div>\n\t\t<\/section>\n\t\t\t\t<section class=\"elementor-section elementor-top-section elementor-element elementor-element-ef2d457 elementor-section-boxed elementor-section-height-default elementor-section-height-default\" data-id=\"ef2d457\" data-element_type=\"section\" data-e-type=\"section\" data-settings=\"{&quot;background_background&quot;:&quot;classic&quot;}\">\n\t\t\t\t\t\t<div class=\"elementor-container elementor-column-gap-default\">\n\t\t\t\t\t<div class=\"elementor-column elementor-col-100 elementor-top-column elementor-element elementor-element-51032d4\" data-id=\"51032d4\" data-element_type=\"column\" data-e-type=\"column\">\n\t\t\t<div class=\"elementor-widget-wrap elementor-element-populated\">\n\t\t\t\t\t\t<div class=\"elementor-element elementor-element-d7f504d elementor-widget elementor-widget-heading\" data-id=\"d7f504d\" data-element_type=\"widget\" data-e-type=\"widget\" data-widget_type=\"heading.default\">\n\t\t\t\t<div class=\"elementor-widget-container\">\n\t\t\t\t\t<h2 class=\"elementor-heading-title elementor-size-default\">DREI Ziele der Verehrung der Herzen Jesu und Marias\n<\/h2>\t\t\t\t<\/div>\n\t\t\t\t<\/div>\n\t\t\t\t\t<\/div>\n\t\t<\/div>\n\t\t\t\t\t<\/div>\n\t\t<\/section>\n\t\t\t\t<section class=\"elementor-section elementor-top-section elementor-element elementor-element-8a7a3ee elementor-section-boxed elementor-section-height-default elementor-section-height-default\" data-id=\"8a7a3ee\" data-element_type=\"section\" data-e-type=\"section\" data-settings=\"{&quot;background_background&quot;:&quot;classic&quot;}\">\n\t\t\t\t\t\t<div class=\"elementor-container elementor-column-gap-default\">\n\t\t\t\t\t<div class=\"elementor-column elementor-col-100 elementor-top-column elementor-element elementor-element-815e130\" data-id=\"815e130\" data-element_type=\"column\" data-e-type=\"column\">\n\t\t\t<div class=\"elementor-widget-wrap elementor-element-populated\">\n\t\t\t\t\t\t<div class=\"elementor-element elementor-element-514463e elementor-widget elementor-widget-text-editor\" data-id=\"514463e\" data-element_type=\"widget\" data-e-type=\"widget\" data-widget_type=\"text-editor.default\">\n\t\t\t\t<div class=\"elementor-widget-container\">\n\t\t\t\t\t\t\t\t\t<p>Les trois buts de cette d\u00e9votion aux Coeurs de J\u00e9sus et Marie sont parfaitement conformes \u00e0 l&#8217;enseignement de l&#8217;Eglise catholique et respectent l&#8217;ordre de la Charit\u00e9 :<\/p><p><b>Gott ehren<\/b> (1. Gebot), <b>Dem N\u00e4chsten helfen<\/b> (2. Gebot, das von Christus gegeben wurde), <b>Sein Heil sichern<\/b> (Zweck des Lebens auf der Erde)<\/p><p>\u00a0<\/p><p>\u00a0<\/p>\t\t\t\t\t\t\t\t<\/div>\n\t\t\t\t<\/div>\n\t\t\t\t<div class=\"elementor-element elementor-element-fb49a11 elementor-widget elementor-widget-heading\" data-id=\"fb49a11\" data-element_type=\"widget\" data-e-type=\"widget\" data-widget_type=\"heading.default\">\n\t\t\t\t<div class=\"elementor-widget-container\">\n\t\t\t\t\t<h3 class=\"elementor-heading-title elementor-size-default\">1 - Die Wiedergutmachung der Beleidigungen, die Christus und der Heiligen Jungfrau zugef\u00fcgt wurden<\/h3>\t\t\t\t<\/div>\n\t\t\t\t<\/div>\n\t\t\t\t\t<\/div>\n\t\t<\/div>\n\t\t\t\t\t<\/div>\n\t\t<\/section>\n\t\t\t\t<section class=\"elementor-section elementor-top-section elementor-element elementor-element-9a4f6ef elementor-section-boxed elementor-section-height-default elementor-section-height-default\" data-id=\"9a4f6ef\" data-element_type=\"section\" data-e-type=\"section\" data-settings=\"{&quot;background_background&quot;:&quot;classic&quot;}\">\n\t\t\t\t\t\t<div class=\"elementor-container elementor-column-gap-default\">\n\t\t\t\t\t<div class=\"elementor-column elementor-col-50 elementor-top-column elementor-element elementor-element-4fb8831\" data-id=\"4fb8831\" data-element_type=\"column\" data-e-type=\"column\">\n\t\t\t<div class=\"elementor-widget-wrap elementor-element-populated\">\n\t\t\t\t\t\t<div class=\"elementor-element elementor-element-a515e95 elementor-widget elementor-widget-image\" data-id=\"a515e95\" data-element_type=\"widget\" data-e-type=\"widget\" data-widget_type=\"image.default\">\n\t\t\t\t<div class=\"elementor-widget-container\">\n\t\t\t\t\t\t\t\t\t\t\t\t\t\t\t<img fetchpriority=\"high\" decoding=\"async\" width=\"518\" height=\"631\" src=\"https:\/\/salve-corda.org\/wp-content\/uploads\/2021\/07\/Sans-titre-10.png\" class=\"attachment-large size-large wp-image-742\" alt=\"\" srcset=\"https:\/\/salve-corda.org\/wp-content\/uploads\/2021\/07\/Sans-titre-10.png 518w, https:\/\/salve-corda.org\/wp-content\/uploads\/2021\/07\/Sans-titre-10-246x300.png 246w\" sizes=\"(max-width: 518px) 100vw, 518px\" \/>\t\t\t\t\t\t\t\t\t\t\t\t\t\t\t<\/div>\n\t\t\t\t<\/div>\n\t\t\t\t\t<\/div>\n\t\t<\/div>\n\t\t\t\t<div class=\"elementor-column elementor-col-50 elementor-top-column elementor-element elementor-element-8f52b2b\" data-id=\"8f52b2b\" data-element_type=\"column\" data-e-type=\"column\">\n\t\t\t<div class=\"elementor-widget-wrap elementor-element-populated\">\n\t\t\t\t\t\t<div class=\"elementor-element elementor-element-f4f217e elementor-widget elementor-widget-text-editor\" data-id=\"f4f217e\" data-element_type=\"widget\" data-e-type=\"widget\" data-widget_type=\"text-editor.default\">\n\t\t\t\t<div class=\"elementor-widget-container\">\n\t\t\t\t\t\t\t\t\t<p>Einen Menschen zu lieben bedeutet auch, die Kr\u00e4nkungen, die ihm zugef\u00fcgt wurden, wiedergutmachen zu wollen. Dieser Aspekt ist von entscheidender Bedeutung.\u00a0<\/p><p>\u00a0<\/p><p>Christus und die Heilige Jungfrau haben in Paray-le-Monial und Fatima sehr stark auf unsere Pflicht hingewiesen, die Beleidigungen, denen sie ausgesetzt sind, wiedergutzumachen, und haben uns erkl\u00e4rt <u><b>wie man es macht<\/b><\/u> : durch die wiederherstellende Gemeinschaft der <i>ersten Freitag und Samstag des Monats.<\/i>\u00a0<\/p><p>\u00a0<\/p><p>Nach den ersten Erscheinungen in Fatima wird Christus selbst Schwester Lucia die f\u00fcnf Arten von Beleidigungen gegen die Heilige Jungfrau erkl\u00e4ren, die wir heute vorrangig wiedergutmachen m\u00fcssen:<\/p>\t\t\t\t\t\t\t\t<\/div>\n\t\t\t\t<\/div>\n\t\t\t\t\t<\/div>\n\t\t<\/div>\n\t\t\t\t\t<\/div>\n\t\t<\/section>\n\t\t\t\t<section class=\"elementor-section elementor-top-section elementor-element elementor-element-3d7aa5a elementor-section-boxed elementor-section-height-default elementor-section-height-default\" data-id=\"3d7aa5a\" data-element_type=\"section\" data-e-type=\"section\" data-settings=\"{&quot;background_background&quot;:&quot;classic&quot;}\">\n\t\t\t\t\t\t<div class=\"elementor-container elementor-column-gap-default\">\n\t\t\t\t\t<div class=\"elementor-column elementor-col-50 elementor-top-column elementor-element elementor-element-a30373c\" data-id=\"a30373c\" data-element_type=\"column\" data-e-type=\"column\">\n\t\t\t<div class=\"elementor-widget-wrap elementor-element-populated\">\n\t\t\t\t\t\t<div class=\"elementor-element elementor-element-ee9cc3e elementor-widget elementor-widget-text-editor\" data-id=\"ee9cc3e\" data-element_type=\"widget\" data-e-type=\"widget\" data-widget_type=\"text-editor.default\">\n\t\t\t\t<div class=\"elementor-widget-container\">\n\t\t\t\t\t\t\t\t\t<ul><li>Blasphemie gegen die Unbefleckte Empf\u00e4ngnis<\/li><li>Blasphemien gegen ihre Jungfr\u00e4ulichkeit<\/li><li>Blasphemien gegen seine g\u00f6ttliche Mutterschaft<\/li><li>Die Vergehen derjenigen, die versuchen, Gleichg\u00fcltigkeit, Verachtung oder Hass gegen\u00fcber dieser unbefleckten Mutter in die Herzen der Kinder zu legen.<\/li><li>Die Beleidigungen derjenigen, die ihn direkt in seinen heiligen Bildern schm\u00e4hen.<\/li><\/ul><p>\u00a0<\/p><p>Um diese Vergehen wiedergutzumachen, verlangt Gott nun ein besonderes Mittel <strong>\u00a0:<\/strong> <b>jeden 1. Samstag im Monat<\/b><\/p>\t\t\t\t\t\t\t\t<\/div>\n\t\t\t\t<\/div>\n\t\t\t\t\t<\/div>\n\t\t<\/div>\n\t\t\t\t<div class=\"elementor-column elementor-col-50 elementor-top-column elementor-element elementor-element-b82a7e4\" data-id=\"b82a7e4\" data-element_type=\"column\" data-e-type=\"column\">\n\t\t\t<div class=\"elementor-widget-wrap elementor-element-populated\">\n\t\t\t\t\t\t<div class=\"elementor-element elementor-element-99ad1b9 elementor-widget elementor-widget-image\" data-id=\"99ad1b9\" data-element_type=\"widget\" data-e-type=\"widget\" data-widget_type=\"image.default\">\n\t\t\t\t<div class=\"elementor-widget-container\">\n\t\t\t\t\t\t\t\t\t\t\t\t\t\t\t<img decoding=\"async\" width=\"640\" height=\"321\" src=\"https:\/\/salve-corda.org\/wp-content\/uploads\/2021\/07\/Sans-titre-11.png\" class=\"attachment-large size-large wp-image-743\" alt=\"\" srcset=\"https:\/\/salve-corda.org\/wp-content\/uploads\/2021\/07\/Sans-titre-11.png 856w, https:\/\/salve-corda.org\/wp-content\/uploads\/2021\/07\/Sans-titre-11-300x150.png 300w, https:\/\/salve-corda.org\/wp-content\/uploads\/2021\/07\/Sans-titre-11-768x385.png 768w\" sizes=\"(max-width: 640px) 100vw, 640px\" \/>\t\t\t\t\t\t\t\t\t\t\t\t\t\t\t<\/div>\n\t\t\t\t<\/div>\n\t\t\t\t\t<\/div>\n\t\t<\/div>\n\t\t\t\t\t<\/div>\n\t\t<\/section>\n\t\t\t\t<section class=\"elementor-section elementor-top-section elementor-element elementor-element-43d61b1 elementor-section-boxed elementor-section-height-default elementor-section-height-default\" data-id=\"43d61b1\" data-element_type=\"section\" data-e-type=\"section\">\n\t\t\t\t\t\t<div class=\"elementor-container elementor-column-gap-default\">\n\t\t\t\t\t<div class=\"elementor-column elementor-col-100 elementor-top-column elementor-element elementor-element-8bbc130\" data-id=\"8bbc130\" data-element_type=\"column\" data-e-type=\"column\">\n\t\t\t<div class=\"elementor-widget-wrap elementor-element-populated\">\n\t\t\t\t\t\t<div class=\"elementor-element elementor-element-448aaa8 elementor-widget elementor-widget-heading\" data-id=\"448aaa8\" data-element_type=\"widget\" data-e-type=\"widget\" data-widget_type=\"heading.default\">\n\t\t\t\t<div class=\"elementor-widget-container\">\n\t\t\t\t\t<h3 class=\"elementor-heading-title elementor-size-default\">2 - DIE LIEBE ZU S\u00dcNDERN UND ALLEN MENSCHEN<\/h3>\t\t\t\t<\/div>\n\t\t\t\t<\/div>\n\t\t\t\t<div class=\"elementor-element elementor-element-962cbbd elementor-widget elementor-widget-text-editor\" data-id=\"962cbbd\" data-element_type=\"widget\" data-e-type=\"widget\" data-widget_type=\"text-editor.default\">\n\t\t\t\t<div class=\"elementor-widget-container\">\n\t\t\t\t\t\t\t\t\t<p>Die Verehrung des Unbefleckten Herzens Mariens ist dann f\u00fcr die N\u00e4chstenliebe gegen\u00fcber anderen auf zwei Ebenen bestimmt:\u00a0<\/p><p>\u00a0<\/p><p>1\/ <strong>An der Bekehrung der Welt arbeiten<\/strong> <strong>und Frieden<\/strong>\u00a0\u00a0<\/p><p>2\/ S&#8217;occuper\u00a0 <b>der Errettung der Seelen der S\u00fcnder<\/b> car, elle explique , que &#8220;beaucoup de p\u00e9cheurs n&#8217;ont personne qui prie pour eux.&#8221; et qu&#8217;ils vont en enfer.\u00a0<\/p><p>\u00a0<\/p><p>En particulier n&#8217;oublions pas que le deuxi\u00e8me commandement apport\u00e9 par le Christ dans l\u2019Evangile \u00ab tu aimeras ton prochain comme toi-m\u00eame \u00bb (Marc 12,31) \u00e9voque une charit\u00e9 <b><u>die sich nicht auf materielle Belange beschr\u00e4nkt<\/u><\/b> sondern umfasst auch <u><b>geistige N\u00e4chstenliebe<\/b><\/u> so wichtig.<\/p><p>\u00a0<\/p><p>Ist es nicht der gr\u00f6\u00dfte Dienst, den man einem Menschen erweisen kann, wenn man sich um seine <b>ewiges Leben<\/b> und ihm helfen, in den Himmel zu kommen, und ihm die Leiden der H\u00f6lle ersparen, die nie enden werden? Christus hat sich in seinem Leben immer wieder um die Rettung von Seelen, insbesondere von S\u00fcndern, gek\u00fcmmert. In Fatima werden wir gebeten, dasselbe zu tun: uns f\u00fcr die Rettung der Seelen von S\u00fcndern einzusetzen.<\/p>\t\t\t\t\t\t\t\t<\/div>\n\t\t\t\t<\/div>\n\t\t\t\t\t<\/div>\n\t\t<\/div>\n\t\t\t\t\t<\/div>\n\t\t<\/section>\n\t\t\t\t<section class=\"elementor-section elementor-top-section elementor-element elementor-element-0ed6934 elementor-section-boxed elementor-section-height-default elementor-section-height-default\" data-id=\"0ed6934\" data-element_type=\"section\" data-e-type=\"section\">\n\t\t\t\t\t\t<div class=\"elementor-container elementor-column-gap-default\">\n\t\t\t\t\t<div class=\"elementor-column elementor-col-50 elementor-top-column elementor-element elementor-element-632b487\" data-id=\"632b487\" data-element_type=\"column\" data-e-type=\"column\">\n\t\t\t<div class=\"elementor-widget-wrap elementor-element-populated\">\n\t\t\t\t\t\t<div class=\"elementor-element elementor-element-3c08651 elementor-widget elementor-widget-image\" data-id=\"3c08651\" data-element_type=\"widget\" data-e-type=\"widget\" data-widget_type=\"image.default\">\n\t\t\t\t<div class=\"elementor-widget-container\">\n\t\t\t\t\t\t\t\t\t\t\t\t\t\t\t<img decoding=\"async\" width=\"608\" height=\"872\" src=\"https:\/\/salve-corda.org\/wp-content\/uploads\/2021\/07\/Sans-titre-12.png\" class=\"attachment-large size-large wp-image-750\" alt=\"\" srcset=\"https:\/\/salve-corda.org\/wp-content\/uploads\/2021\/07\/Sans-titre-12.png 608w, https:\/\/salve-corda.org\/wp-content\/uploads\/2021\/07\/Sans-titre-12-209x300.png 209w\" sizes=\"(max-width: 608px) 100vw, 608px\" \/>\t\t\t\t\t\t\t\t\t\t\t\t\t\t\t<\/div>\n\t\t\t\t<\/div>\n\t\t\t\t\t<\/div>\n\t\t<\/div>\n\t\t\t\t<div class=\"elementor-column elementor-col-50 elementor-top-column elementor-element elementor-element-088886c\" data-id=\"088886c\" data-element_type=\"column\" data-e-type=\"column\">\n\t\t\t<div class=\"elementor-widget-wrap elementor-element-populated\">\n\t\t\t\t\t\t<div class=\"elementor-element elementor-element-be1d4fa elementor-widget elementor-widget-text-editor\" data-id=\"be1d4fa\" data-element_type=\"widget\" data-e-type=\"widget\" data-widget_type=\"text-editor.default\">\n\t\t\t\t<div class=\"elementor-widget-container\">\n\t\t\t\t\t\t\t\t\t<p>Bei den Erscheinungen in La Salette weinte die Heilige Jungfrau, w\u00e4hrend sie folgende Worte sprach:<\/p><p>\u00a0<\/p><p><i><span style=\"color: #6288c6;\">\"Die Seelen fallen in der H\u00f6lle wie die Bl\u00e4tter im Herbst.\"<\/span><\/i><\/p><p>\u00a0<\/p><p>In Fatima geht sie sogar so weit, den drei kleinen Sehern die H\u00f6lle zu zeigen, um ihnen bewusst zu machen, wie wichtig unsere Pflicht zur geistlichen N\u00e4chstenliebe ist:<\/p><p>\u00a0<\/p><p><span style=\"color: #6288c6;\"><i>\"Ihr habt die H\u00f6lle gesehen, in die die Seelen der armen S\u00fcnder gehen. Um sie zu erretten, will Gott in der H\u00f6lle einen Ort schaffen, an dem sie sich wohlf\u00fchlen.<\/i><i>welle die Hingabe an mein Unbeflecktes Herz. Wenn <\/i><i>man macht <\/i><\/span><i><span style=\"color: #6288c6;\">was ich Ihnen sagen werde, werden viele Seelen gerettet und wir werden Frieden haben\".<\/span>\u00a0 <\/i><i>Die Heilige Jungfrau in Fatima am 13. Juli 1917<\/i><\/p><p><i>\u00a0<\/i><\/p><p style=\"text-align: left;\"><i><span style=\"color: #6288c6;\">\"Opfere<\/span><\/i><span style=\"color: #6288c6;\"><i>&#8211;<\/i><i>Sie f\u00fcr die S\u00fcnder, die <\/i><i>gehen e<\/i><i>n H\u00f6lle <\/i><u><i>und haben niemanden, der f\u00fcr sie betet<\/i><\/u><u><i>.\u00a0<\/i><\/u><u><i>\"<\/i><\/u><\/span><\/p><p style=\"text-align: right;\"><i>Die Heilige Jungfrau, Pontevedra 10. Dezember 1925<\/i><\/p>\t\t\t\t\t\t\t\t<\/div>\n\t\t\t\t<\/div>\n\t\t\t\t\t<\/div>\n\t\t<\/div>\n\t\t\t\t\t<\/div>\n\t\t<\/section>\n\t\t\t\t<section class=\"elementor-section elementor-top-section elementor-element elementor-element-42ae4b6 elementor-section-boxed elementor-section-height-default elementor-section-height-default\" data-id=\"42ae4b6\" data-element_type=\"section\" data-e-type=\"section\" data-settings=\"{&quot;background_background&quot;:&quot;classic&quot;}\">\n\t\t\t\t\t\t<div class=\"elementor-container elementor-column-gap-default\">\n\t\t\t\t\t<div class=\"elementor-column elementor-col-100 elementor-top-column elementor-element elementor-element-bc9555f\" data-id=\"bc9555f\" data-element_type=\"column\" data-e-type=\"column\">\n\t\t\t<div class=\"elementor-widget-wrap elementor-element-populated\">\n\t\t\t\t\t\t<div class=\"elementor-element elementor-element-dad3ce4 elementor-widget elementor-widget-heading\" data-id=\"dad3ce4\" data-element_type=\"widget\" data-e-type=\"widget\" data-widget_type=\"heading.default\">\n\t\t\t\t<div class=\"elementor-widget-container\">\n\t\t\t\t\t<h3 class=\"elementor-heading-title elementor-size-default\">3- Seine eigene Erl\u00f6sung erlangen<\/h3>\t\t\t\t<\/div>\n\t\t\t\t<\/div>\n\t\t\t\t<div class=\"elementor-element elementor-element-8a1061d elementor-widget elementor-widget-text-editor\" data-id=\"8a1061d\" data-element_type=\"widget\" data-e-type=\"widget\" data-widget_type=\"text-editor.default\">\n\t\t\t\t<div class=\"elementor-widget-container\">\n\t\t\t\t\t\t\t\t\t<p>Wenn viele Seelen f\u00fcr immer in die H\u00f6lle kommen, wie sieht es dann mit uns selbst aus? Wer kann in diesen Zeiten der Perversion, der st\u00e4ndigen Versuchung, in denen alles getan wird, um uns von Gott abzubringen, behaupten, dass er sein ganzes Leben lang den Lehren Christi treu bleiben und in den Himmel kommen wird? Wir sollten uns daran erinnern, dass selbst Papst Pius X. und viele andere Heilige die H\u00f6lle f\u00fcrchteten.<\/p><p>\u00a0<\/p><p>Aber um uns in den Zeiten der Pr\u00fcfung, die wir durchleben, zu helfen, haben die Herzen Jesu und Marias uns ein au\u00dfergew\u00f6hnliches Versprechen gegeben, wenn wir ihren Bitten folgen: die Garantie unserer Erl\u00f6sung. Hier sind die sehr pr\u00e4zisen Worte von Christus und der Heiligen Jungfrau:<\/p><p>\u00a0<\/p><p>\u00a0<\/p>\t\t\t\t\t\t\t\t<\/div>\n\t\t\t\t<\/div>\n\t\t\t\t\t<\/div>\n\t\t<\/div>\n\t\t\t\t\t<\/div>\n\t\t<\/section>\n\t\t\t\t<section class=\"elementor-section elementor-top-section elementor-element elementor-element-3218146 elementor-section-boxed elementor-section-height-default elementor-section-height-default\" data-id=\"3218146\" data-element_type=\"section\" data-e-type=\"section\" data-settings=\"{&quot;background_background&quot;:&quot;classic&quot;}\">\n\t\t\t\t\t\t<div class=\"elementor-container elementor-column-gap-default\">\n\t\t\t\t\t<div class=\"elementor-column elementor-col-50 elementor-top-column elementor-element elementor-element-6857fa6\" data-id=\"6857fa6\" data-element_type=\"column\" data-e-type=\"column\">\n\t\t\t<div class=\"elementor-widget-wrap elementor-element-populated\">\n\t\t\t\t\t\t<div class=\"elementor-element elementor-element-4f890a1 elementor-widget elementor-widget-text-editor\" data-id=\"4f890a1\" data-element_type=\"widget\" data-e-type=\"widget\" data-widget_type=\"text-editor.default\">\n\t\t\t\t<div class=\"elementor-widget-container\">\n\t\t\t\t\t\t\t\t\t<p><span style=\"color: #6288c6;\"><i>\" <\/i><i>Ich verspreche im \u00dcberma\u00df der Barmherzigkeit meines Herzens, dass meine allm\u00e4chtige Liebe allen, die an den ersten Freitagen neunmal hintereinander kommunizieren, die Gnade der letzten Bu\u00dfe gew\u00e4hren wird, dass sie nicht in Meiner Ungnade sterben werden, noch ohne die Sakramente zu empfangen, und dass mein g\u00f6ttliches Herz sich in dieser letzten Stunde zu ihrem sicheren Zufluchtsort machen wird.\"<\/i><\/span><\/p>\n<p style=\"text-align: right;\"><i>Christus in <\/i><i>Paray-le-Monial<\/i><\/p>\n<p style=\"text-align: right;\"><i><br><\/i><\/p>\n<p><\/p>\n<p><span style=\"color: #6288c6;\"><i>\"Allen, die f\u00fcnf Monate lang am ersten Samstag beichten, die Heilige Kommunion empfangen, einen Rosenkranz beten und mir f\u00fcnfzehn Minuten lang in den f\u00fcnfzehn Geheimnissen des Rosenkranzes Gesellschaft leisten, im Geiste der Wiedergutmachung, verspreche ich<\/i><i>s<\/i><i> ihnen in der Stunde des Todes mit allen<\/i><i>s<\/i><i> die Gnaden, die f\u00fcr das Heil ihrer Seele notwendig sind\". <\/i><\/span><\/p>\n<p style=\"text-align: right;\"><i>Die Heilige Jungfrau, Pontevedra 10. Dezember 1925<\/i><\/p>\t\t\t\t\t\t\t\t<\/div>\n\t\t\t\t<\/div>\n\t\t\t\t\t<\/div>\n\t\t<\/div>\n\t\t\t\t<div class=\"elementor-column elementor-col-50 elementor-top-column elementor-element elementor-element-70841fd\" data-id=\"70841fd\" data-element_type=\"column\" data-e-type=\"column\">\n\t\t\t<div class=\"elementor-widget-wrap elementor-element-populated\">\n\t\t\t\t\t\t<div class=\"elementor-element elementor-element-2fbc9ad elementor-widget elementor-widget-image\" data-id=\"2fbc9ad\" data-element_type=\"widget\" data-e-type=\"widget\" data-widget_type=\"image.default\">\n\t\t\t\t<div class=\"elementor-widget-container\">\n\t\t\t\t\t\t\t\t\t\t\t\t\t\t\t<img loading=\"lazy\" decoding=\"async\" width=\"640\" height=\"640\" src=\"https:\/\/salve-corda.org\/wp-content\/uploads\/2021\/07\/Sans-titre-13.png\" class=\"attachment-large size-large wp-image-754\" alt=\"\" srcset=\"https:\/\/salve-corda.org\/wp-content\/uploads\/2021\/07\/Sans-titre-13.png 697w, https:\/\/salve-corda.org\/wp-content\/uploads\/2021\/07\/Sans-titre-13-300x300.png 300w, https:\/\/salve-corda.org\/wp-content\/uploads\/2021\/07\/Sans-titre-13-150x150.png 150w, https:\/\/salve-corda.org\/wp-content\/uploads\/2021\/07\/Sans-titre-13-680x680.png 680w, https:\/\/salve-corda.org\/wp-content\/uploads\/2021\/07\/Sans-titre-13-100x100.png 100w\" sizes=\"(max-width: 640px) 100vw, 640px\" \/>\t\t\t\t\t\t\t\t\t\t\t\t\t\t\t<\/div>\n\t\t\t\t<\/div>\n\t\t\t\t\t<\/div>\n\t\t<\/div>\n\t\t\t\t\t<\/div>\n\t\t<\/section>\n\t\t\t\t<\/div>","protected":false},"excerpt":{"rendered":"<p>TROIS buts de la d\u00e9votion aux Coeurs de J\u00e9sus et Marie Les trois buts de cette d\u00e9votion aux Coeurs de J\u00e9sus et Marie sont parfaitement conformes \u00e0 l&#8217;enseignement de l&#8217;Eglise catholique et respectent [&hellip;]<\/p>","protected":false},"author":1,"featured_media":0,"parent":0,"menu_order":0,"comment_status":"closed","ping_status":"closed","template":"elementor_header_footer","meta":{"footnotes":""},"class_list":["post-575","page","type-page","status-publish","hentry"],"_links":{"self":[{"href":"https:\/\/salve-corda.org\/de\/wp-json\/wp\/v2\/pages\/575","targetHints":{"allow":["GET"]}}],"collection":[{"href":"https:\/\/salve-corda.org\/de\/wp-json\/wp\/v2\/pages"}],"about":[{"href":"https:\/\/salve-corda.org\/de\/wp-json\/wp\/v2\/types\/page"}],"author":[{"embeddable":true,"href":"https:\/\/salve-corda.org\/de\/wp-json\/wp\/v2\/users\/1"}],"replies":[{"embeddable":true,"href":"https:\/\/salve-corda.org\/de\/wp-json\/wp\/v2\/comments?post=575"}],"version-history":[{"count":140,"href":"https:\/\/salve-corda.org\/de\/wp-json\/wp\/v2\/pages\/575\/revisions"}],"predecessor-version":[{"id":6377,"href":"https:\/\/salve-corda.org\/de\/wp-json\/wp\/v2\/pages\/575\/revisions\/6377"}],"wp:attachment":[{"href":"https:\/\/salve-corda.org\/de\/wp-json\/wp\/v2\/media?parent=575"}],"curies":[{"name":"wp","href":"https:\/\/api.w.org\/{rel}","templated":true}]}}