{"id":580,"date":"2021-07-12T12:45:09","date_gmt":"2021-07-12T10:45:09","guid":{"rendered":"https:\/\/salve-corda.org\/?page_id=580"},"modified":"2024-03-13T21:46:21","modified_gmt":"2024-03-13T20:46:21","slug":"promesses-si-nous-obeissons","status":"publish","type":"page","link":"https:\/\/salve-corda.org\/de\/promesses-si-nous-obeissons\/","title":{"rendered":"Versprechungen, wenn wir gehorchen"},"content":{"rendered":"<div data-elementor-type=\"wp-page\" data-elementor-id=\"580\" class=\"elementor elementor-580\">\n\t\t\t\t\t\t<section class=\"elementor-section elementor-top-section elementor-element elementor-element-50f1e75 elementor-section-boxed elementor-section-height-default elementor-section-height-default\" data-id=\"50f1e75\" data-element_type=\"section\" data-e-type=\"section\">\n\t\t\t\t\t\t<div class=\"elementor-container elementor-column-gap-default\">\n\t\t\t\t\t<div class=\"elementor-column elementor-col-100 elementor-top-column elementor-element elementor-element-b9da60c\" data-id=\"b9da60c\" data-element_type=\"column\" data-e-type=\"column\">\n\t\t\t<div class=\"elementor-widget-wrap elementor-element-populated\">\n\t\t\t\t\t\t<div class=\"elementor-element elementor-element-7e74752 elementor-widget elementor-widget-spacer\" data-id=\"7e74752\" data-element_type=\"widget\" data-e-type=\"widget\" data-widget_type=\"spacer.default\">\n\t\t\t\t<div class=\"elementor-widget-container\">\n\t\t\t\t\t\t\t<div class=\"elementor-spacer\">\n\t\t\t<div class=\"elementor-spacer-inner\"><\/div>\n\t\t<\/div>\n\t\t\t\t\t\t<\/div>\n\t\t\t\t<\/div>\n\t\t\t\t\t<\/div>\n\t\t<\/div>\n\t\t\t\t\t<\/div>\n\t\t<\/section>\n\t\t\t\t<section class=\"elementor-section elementor-top-section elementor-element elementor-element-a8b04ae elementor-section-boxed elementor-section-height-default elementor-section-height-default\" data-id=\"a8b04ae\" data-element_type=\"section\" data-e-type=\"section\">\n\t\t\t\t\t\t<div class=\"elementor-container elementor-column-gap-default\">\n\t\t\t\t\t<div class=\"elementor-column elementor-col-100 elementor-top-column elementor-element elementor-element-62a45ab\" data-id=\"62a45ab\" data-element_type=\"column\" data-e-type=\"column\">\n\t\t\t<div class=\"elementor-widget-wrap elementor-element-populated\">\n\t\t\t\t\t\t<div class=\"elementor-element elementor-element-d580703 elementor-widget elementor-widget-heading\" data-id=\"d580703\" data-element_type=\"widget\" data-e-type=\"widget\" data-widget_type=\"heading.default\">\n\t\t\t\t<div class=\"elementor-widget-container\">\n\t\t\t\t\t<h2 class=\"elementor-heading-title elementor-size-default\">Die wunderbaren Versprechungen, wenn wir am \"ersten Samstag des Monats\" erf\u00fcllen<\/h2>\t\t\t\t<\/div>\n\t\t\t\t<\/div>\n\t\t\t\t\t<\/div>\n\t\t<\/div>\n\t\t\t\t\t<\/div>\n\t\t<\/section>\n\t\t\t\t<section class=\"elementor-section elementor-top-section elementor-element elementor-element-798940b elementor-section-boxed elementor-section-height-default elementor-section-height-default\" data-id=\"798940b\" data-element_type=\"section\" data-e-type=\"section\">\n\t\t\t\t\t\t<div class=\"elementor-container elementor-column-gap-default\">\n\t\t\t\t\t<div class=\"elementor-column elementor-col-100 elementor-top-column elementor-element elementor-element-7d7d548\" data-id=\"7d7d548\" data-element_type=\"column\" data-e-type=\"column\">\n\t\t\t<div class=\"elementor-widget-wrap elementor-element-populated\">\n\t\t\t\t\t\t<div class=\"elementor-element elementor-element-d55a33a elementor-widget elementor-widget-text-editor\" data-id=\"d55a33a\" data-element_type=\"widget\" data-e-type=\"widget\" data-widget_type=\"text-editor.default\">\n\t\t\t\t<div class=\"elementor-widget-container\">\n\t\t\t\t\t\t\t\t\t<p>1\/ Die Wiedergutmachung von Verst\u00f6\u00dfen gegen die Herzen Marias und Jesu<\/p>\t\t\t\t\t\t\t\t<\/div>\n\t\t\t\t<\/div>\n\t\t\t\t\t<\/div>\n\t\t<\/div>\n\t\t\t\t\t<\/div>\n\t\t<\/section>\n\t\t\t\t<section class=\"elementor-section elementor-top-section elementor-element elementor-element-579cff5 elementor-section-boxed elementor-section-height-default elementor-section-height-default\" data-id=\"579cff5\" data-element_type=\"section\" data-e-type=\"section\">\n\t\t\t\t\t\t<div class=\"elementor-container elementor-column-gap-default\">\n\t\t\t\t\t<div class=\"elementor-column elementor-col-100 elementor-top-column elementor-element elementor-element-2ef85e3\" data-id=\"2ef85e3\" data-element_type=\"column\" data-e-type=\"column\">\n\t\t\t<div class=\"elementor-widget-wrap elementor-element-populated\">\n\t\t\t\t\t\t<section class=\"elementor-section elementor-inner-section elementor-element elementor-element-106e9ad elementor-section-boxed elementor-section-height-default elementor-section-height-default\" data-id=\"106e9ad\" data-element_type=\"section\" data-e-type=\"section\">\n\t\t\t\t\t\t<div class=\"elementor-container elementor-column-gap-default\">\n\t\t\t\t\t<div class=\"elementor-column elementor-col-50 elementor-inner-column elementor-element elementor-element-67442ab\" data-id=\"67442ab\" data-element_type=\"column\" data-e-type=\"column\">\n\t\t\t<div class=\"elementor-widget-wrap elementor-element-populated\">\n\t\t\t\t\t\t<div class=\"elementor-element elementor-element-a346f08 elementor-widget elementor-widget-image\" data-id=\"a346f08\" data-element_type=\"widget\" data-e-type=\"widget\" data-widget_type=\"image.default\">\n\t\t\t\t<div class=\"elementor-widget-container\">\n\t\t\t\t\t\t\t\t\t\t\t\t\t\t\t<img fetchpriority=\"high\" decoding=\"async\" width=\"420\" height=\"376\" src=\"https:\/\/salve-corda.org\/wp-content\/uploads\/2020\/09\/Image11-e1631624688970.jpg\" class=\"attachment-large size-large wp-image-280\" alt=\"\" \/>\t\t\t\t\t\t\t\t\t\t\t\t\t\t\t<\/div>\n\t\t\t\t<\/div>\n\t\t\t\t\t<\/div>\n\t\t<\/div>\n\t\t\t\t<div class=\"elementor-column elementor-col-50 elementor-inner-column elementor-element elementor-element-862503e\" data-id=\"862503e\" data-element_type=\"column\" data-e-type=\"column\">\n\t\t\t<div class=\"elementor-widget-wrap elementor-element-populated\">\n\t\t\t\t\t\t<div class=\"elementor-element elementor-element-994aa17 elementor-widget elementor-widget-text-editor\" data-id=\"994aa17\" data-element_type=\"widget\" data-e-type=\"widget\" data-widget_type=\"text-editor.default\">\n\t\t\t\t<div class=\"elementor-widget-container\">\n\t\t\t\t\t\t\t\t\t<p><span style=\"color: #616161;\">La premi\u00e8re cons\u00e9quence est la r\u00e9paration effective des offenses qui sont faites \u00e0 Notre M\u00e8re du Ciel gr\u00e2ce \u00e0\u00a0\u00e0 la r\u00e9alisation des 1ers samedis du mois.\u00a0\u00a0Le Christ confirmera \u00e0 Soeur Lucie l&#8217;efficacit\u00e9 des 1ers samedis en ces termes :<\/span><\/p><p>\u00a0<\/p><p><span style=\"color: #0000ff;\">\"\u00a0<em>... das Unbefleckte Herz Mariens hat mich inspiriert, um diese kleine Wiedergutmachung zu bitten und in Anbetracht dessen Meine Barmherzigkeit zu r\u00fchren\u00a0<\/em>\".<\/span><\/p><p><span style=\"color: #333333;\">\u00a0<\/span><\/p><p><span style=\"color: #333333;\">Ainsi et de fa\u00e7on charitable, nous commen\u00e7ons non pas par attendre une cons\u00e9quence b\u00e9n\u00e9fique pour nous mais posons acte d&#8217;Amour d&#8217;une immense force envers Notre Dame et envers Dieu qui ne supporte pas les attaques contre sa M\u00e8re.<\/span><\/p><p><span style=\"color: #333333;\">\u00a0<\/span><\/p><p><span style=\"color: #333333;\">Das ist die gro\u00dfe und edle Verhei\u00dfung der ersten Samstage. Das ist unsere gro\u00dfe Aufgabe, wenn wir gehorchen.<\/span><\/p>\t\t\t\t\t\t\t\t<\/div>\n\t\t\t\t<\/div>\n\t\t\t\t\t<\/div>\n\t\t<\/div>\n\t\t\t\t\t<\/div>\n\t\t<\/section>\n\t\t\t\t\t<\/div>\n\t\t<\/div>\n\t\t\t\t\t<\/div>\n\t\t<\/section>\n\t\t\t\t<section class=\"elementor-section elementor-top-section elementor-element elementor-element-2769ac8 elementor-section-boxed elementor-section-height-default elementor-section-height-default\" data-id=\"2769ac8\" data-element_type=\"section\" data-e-type=\"section\" data-settings=\"{&quot;background_background&quot;:&quot;classic&quot;}\">\n\t\t\t\t\t\t<div class=\"elementor-container elementor-column-gap-default\">\n\t\t\t\t\t<div class=\"elementor-column elementor-col-100 elementor-top-column elementor-element elementor-element-e4d020d\" data-id=\"e4d020d\" data-element_type=\"column\" data-e-type=\"column\">\n\t\t\t<div class=\"elementor-widget-wrap elementor-element-populated\">\n\t\t\t\t\t\t<div class=\"elementor-element elementor-element-cca0de1 elementor-widget elementor-widget-text-editor\" data-id=\"cca0de1\" data-element_type=\"widget\" data-e-type=\"widget\" data-widget_type=\"text-editor.default\">\n\t\t\t\t<div class=\"elementor-widget-container\">\n\t\t\t\t\t\t\t\t\t<p>2\/ L&#8217;ARRET DES GUERRES ET TOTALITARISMES<\/p>\t\t\t\t\t\t\t\t<\/div>\n\t\t\t\t<\/div>\n\t\t\t\t\t<\/div>\n\t\t<\/div>\n\t\t\t\t\t<\/div>\n\t\t<\/section>\n\t\t\t\t<section class=\"elementor-section elementor-top-section elementor-element elementor-element-9592a94 elementor-section-boxed elementor-section-height-default elementor-section-height-default\" data-id=\"9592a94\" data-element_type=\"section\" data-e-type=\"section\" data-settings=\"{&quot;background_background&quot;:&quot;classic&quot;}\">\n\t\t\t\t\t\t<div class=\"elementor-container elementor-column-gap-default\">\n\t\t\t\t\t<div class=\"elementor-column elementor-col-100 elementor-top-column elementor-element elementor-element-11c124f\" data-id=\"11c124f\" data-element_type=\"column\" data-e-type=\"column\">\n\t\t\t<div class=\"elementor-widget-wrap elementor-element-populated\">\n\t\t\t\t\t\t<section class=\"elementor-section elementor-inner-section elementor-element elementor-element-d8b458b elementor-section-boxed elementor-section-height-default elementor-section-height-default\" data-id=\"d8b458b\" data-element_type=\"section\" data-e-type=\"section\">\n\t\t\t\t\t\t<div class=\"elementor-container elementor-column-gap-default\">\n\t\t\t\t\t<div class=\"elementor-column elementor-col-50 elementor-inner-column elementor-element elementor-element-542b351\" data-id=\"542b351\" data-element_type=\"column\" data-e-type=\"column\">\n\t\t\t<div class=\"elementor-widget-wrap elementor-element-populated\">\n\t\t\t\t\t\t<div class=\"elementor-element elementor-element-e2e0263 elementor-widget elementor-widget-text-editor\" data-id=\"e2e0263\" data-element_type=\"widget\" data-e-type=\"widget\" data-widget_type=\"text-editor.default\">\n\t\t\t\t<div class=\"elementor-widget-container\">\n\t\t\t\t\t\t\t\t\t<p><span style=\"color: #333333; font-family: var( --e-global-typography-text-font-family ), Sans-serif; font-size: var( --e-global-typography-text-font-size ); font-weight: var( --e-global-typography-text-font-weight ); background-color: var( --e-global-color-ef38a84 );\">Auf diesen Punkt wurde bereits ausf\u00fchrlich hingewiesen, und wir erinnern an FATIMAs gro\u00dfe Versprechen zu diesem Thema:<\/span><\/p><p><span style=\"color: #333333; font-family: var( --e-global-typography-text-font-family ), Sans-serif; font-size: var( --e-global-typography-text-font-size ); font-weight: var( --e-global-typography-text-font-weight ); background-color: var( --e-global-color-ef38a84 );\">\u00a0<\/span><\/p><p>\u00a0<\/p><p><span style=\"color: #0000ff;\"><em>\"Am Ende wird mein Unbeflecktes Herz triumphieren. Der Heilige Vater wird mir Russland weihen, das sich bekehren wird [und den ersten Samstag des Monats anerkennt], und der Welt wird eine gewisse Zeit des Friedens gew\u00e4hrt werden\".<\/em><\/span><\/p><p><span style=\"color: #0000ff;\"><em>\u00a0<\/em><\/span><\/p><p><span style=\"color: #333333;\"><span style=\"font-family: var( --e-global-typography-text-font-family ), Sans-serif; font-size: var( --e-global-typography-text-font-size ); font-weight: var( --e-global-typography-text-font-weight ); background-color: var( --e-global-color-ef38a84 );\">Oui les \u201c1er samedi du mois\u201c nous am\u00e8nerons la paix sur terre. Nous obtiendrons une soci\u00e9t\u00e9 civile merveilleuse et paisible ainsi qu&#8217;une Eglise \u00e0 la fois charitable et resplendissante. Imaginons un seul instant un monde ou le Christ r\u00e8gnera de nouveau o\u00f9 tout ce d\u00e9ferlement du mal dont nous souffrons sera stopp\u00e9 par l&#8217;intervention miraculeuse du Coeur Immacul\u00e9 de Marie. Voil\u00e0 ce que nous sera accord\u00e9 si nous r\u00e9alisons ces 1er samedi du mois. Alors qu&#8217;attendons nous?<\/span><\/span><\/p>\t\t\t\t\t\t\t\t<\/div>\n\t\t\t\t<\/div>\n\t\t\t\t\t<\/div>\n\t\t<\/div>\n\t\t\t\t<div class=\"elementor-column elementor-col-50 elementor-inner-column elementor-element elementor-element-7161637\" data-id=\"7161637\" data-element_type=\"column\" data-e-type=\"column\">\n\t\t\t<div class=\"elementor-widget-wrap elementor-element-populated\">\n\t\t\t\t\t\t<div class=\"elementor-element elementor-element-a9c1600 elementor-widget elementor-widget-image\" data-id=\"a9c1600\" data-element_type=\"widget\" data-e-type=\"widget\" data-widget_type=\"image.default\">\n\t\t\t\t<div class=\"elementor-widget-container\">\n\t\t\t\t\t\t\t\t\t\t\t\t\t\t\t<img decoding=\"async\" width=\"640\" height=\"384\" src=\"https:\/\/salve-corda.org\/wp-content\/uploads\/2021\/07\/triomphe_marie-1024x614.png\" class=\"attachment-large size-large wp-image-770\" alt=\"\" srcset=\"https:\/\/salve-corda.org\/wp-content\/uploads\/2021\/07\/triomphe_marie-1024x614.png 1024w, https:\/\/salve-corda.org\/wp-content\/uploads\/2021\/07\/triomphe_marie-300x180.png 300w, https:\/\/salve-corda.org\/wp-content\/uploads\/2021\/07\/triomphe_marie-768x460.png 768w, https:\/\/salve-corda.org\/wp-content\/uploads\/2021\/07\/triomphe_marie.png 1043w\" sizes=\"(max-width: 640px) 100vw, 640px\" \/>\t\t\t\t\t\t\t\t\t\t\t\t\t\t\t<\/div>\n\t\t\t\t<\/div>\n\t\t\t\t\t<\/div>\n\t\t<\/div>\n\t\t\t\t\t<\/div>\n\t\t<\/section>\n\t\t\t\t\t<\/div>\n\t\t<\/div>\n\t\t\t\t\t<\/div>\n\t\t<\/section>\n\t\t\t\t<section class=\"elementor-section elementor-top-section elementor-element elementor-element-67d7f03 elementor-section-boxed elementor-section-height-default elementor-section-height-default\" data-id=\"67d7f03\" data-element_type=\"section\" data-e-type=\"section\">\n\t\t\t\t\t\t<div class=\"elementor-container elementor-column-gap-default\">\n\t\t\t\t\t<div class=\"elementor-column elementor-col-100 elementor-top-column elementor-element elementor-element-f702529\" data-id=\"f702529\" data-element_type=\"column\" data-e-type=\"column\">\n\t\t\t<div class=\"elementor-widget-wrap elementor-element-populated\">\n\t\t\t\t\t\t<div class=\"elementor-element elementor-element-73b5c67 elementor-widget elementor-widget-text-editor\" data-id=\"73b5c67\" data-element_type=\"widget\" data-e-type=\"widget\" data-widget_type=\"text-editor.default\">\n\t\t\t\t<div class=\"elementor-widget-container\">\n\t\t\t\t\t\t\t\t\t<p><span style=\"color: #333333; font-family: var( --e-global-typography-text-font-family ), Sans-serif; font-size: var( --e-global-typography-text-font-size ); font-weight: var( --e-global-typography-text-font-weight ); background-color: var( --e-global-color-ef38a84 );\">relisons le message de la Sainte Vierge \u00e0 la Salette sur l&#8217;av\u00e8nement de ce triomphe :<\/span><\/p><p>\u00a0<\/p><p><span style=\"color: #0000ff;\"><em>\" <\/em><\/span><em><span style=\"color: #0000ff;\">Dann wird Jesus Christus durch einen Akt seiner Gerechtigkeit und seiner gro\u00dfen Barmherzigkeit f\u00fcr die Gerechten seinen Engeln befehlen, dass alle seine Feinde get\u00f6tet werden. Pl\u00f6tzlich werden die Verfolger der Kirche Jesu Christi und alle Menschen, die der S\u00fcnde verfallen sind, zugrunde gehen und die Erde wird wie eine W\u00fcste werden.<\/span><\/em><\/p><p>\u00a0<\/p><p><em><span style=\"color: #0000ff;\">Er [der Antichrist] wird durch den Atem des Erzengels Michael erstickt werden. Er wird fallen, und die Erde, die seit drei Tagen [drei Jahre der Herrschaft des Antichristen und des Todes der Kirche] in st\u00e4ndiger Bewegung ist, wird ihren Scho\u00df voller Feuer \u00f6ffnen; er wird f\u00fcr immer mit allen seinen Angeh\u00f6rigen in den ewigen Abgrund der H\u00f6lle gest\u00fcrzt werden. Dann werden Wasser und Feuer die Erde reinigen und alle Werke des menschlichen Hochmuts verzehren, und alles wird erneuert: Gott wird gedient und verherrlicht werden.<\/span><\/em><\/p><p>\u00a0<\/p><p><em><span style=\"color: #0000ff;\">Dann wird es Frieden geben, die Vers\u00f6hnung Gottes mit den Menschen; Jesus Christus wird gedient, angebetet und verherrlicht werden; die N\u00e4chstenliebe wird \u00fcberall bl\u00fchen. Die neuen K\u00f6nige werden der rechte Arm der heiligen Kirche sein, die stark, dem\u00fctig, fromm, arm, eifrig und die Tugenden Jesu Christi nachahmend sein wird.<\/span><\/em><\/p><p><em><span style=\"color: #0000ff;\">L\u2019\u00c9vangile sera pr\u00each\u00e9 partout, et les hommes feront de grands progr\u00e8s dans la foi, parce qu\u2019il y aura unit\u00e9 parmi les ouvriers de J\u00e9sus-Christ et que les hommes vivront dans la crainte de Dieu.&#8221;<\/span><\/em><\/p>\t\t\t\t\t\t\t\t<\/div>\n\t\t\t\t<\/div>\n\t\t\t\t<div class=\"elementor-element elementor-element-34b0994 elementor-widget elementor-widget-text-editor\" data-id=\"34b0994\" data-element_type=\"widget\" data-e-type=\"widget\" data-widget_type=\"text-editor.default\">\n\t\t\t\t<div class=\"elementor-widget-container\">\n\t\t\t\t\t\t\t\t\t<p>3\/ Unsere eigene Rettung\u00a0<\/p>\t\t\t\t\t\t\t\t<\/div>\n\t\t\t\t<\/div>\n\t\t\t\t\t<\/div>\n\t\t<\/div>\n\t\t\t\t\t<\/div>\n\t\t<\/section>\n\t\t\t\t<section class=\"elementor-section elementor-top-section elementor-element elementor-element-fbe2e7d elementor-section-boxed elementor-section-height-default elementor-section-height-default\" data-id=\"fbe2e7d\" data-element_type=\"section\" data-e-type=\"section\">\n\t\t\t\t\t\t<div class=\"elementor-container elementor-column-gap-default\">\n\t\t\t\t\t<div class=\"elementor-column elementor-col-100 elementor-top-column elementor-element elementor-element-2a0fd57\" data-id=\"2a0fd57\" data-element_type=\"column\" data-e-type=\"column\">\n\t\t\t<div class=\"elementor-widget-wrap elementor-element-populated\">\n\t\t\t\t\t\t<section class=\"elementor-section elementor-inner-section elementor-element elementor-element-7d3d3b5 elementor-section-boxed elementor-section-height-default elementor-section-height-default\" data-id=\"7d3d3b5\" data-element_type=\"section\" data-e-type=\"section\">\n\t\t\t\t\t\t<div class=\"elementor-container elementor-column-gap-default\">\n\t\t\t\t\t<div class=\"elementor-column elementor-col-50 elementor-inner-column elementor-element elementor-element-59ac3c1\" data-id=\"59ac3c1\" data-element_type=\"column\" data-e-type=\"column\">\n\t\t\t<div class=\"elementor-widget-wrap elementor-element-populated\">\n\t\t\t\t\t\t<div class=\"elementor-element elementor-element-7d25ccb elementor-widget elementor-widget-image\" data-id=\"7d25ccb\" data-element_type=\"widget\" data-e-type=\"widget\" data-widget_type=\"image.default\">\n\t\t\t\t<div class=\"elementor-widget-container\">\n\t\t\t\t\t\t\t\t\t\t\t\t\t\t\t<img decoding=\"async\" width=\"443\" height=\"675\" src=\"https:\/\/salve-corda.org\/wp-content\/uploads\/2021\/07\/saint-simon.png\" class=\"attachment-large size-large wp-image-870\" alt=\"\" srcset=\"https:\/\/salve-corda.org\/wp-content\/uploads\/2021\/07\/saint-simon.png 443w, https:\/\/salve-corda.org\/wp-content\/uploads\/2021\/07\/saint-simon-197x300.png 197w\" sizes=\"(max-width: 443px) 100vw, 443px\" \/>\t\t\t\t\t\t\t\t\t\t\t\t\t\t\t<\/div>\n\t\t\t\t<\/div>\n\t\t\t\t\t<\/div>\n\t\t<\/div>\n\t\t\t\t<div class=\"elementor-column elementor-col-50 elementor-inner-column elementor-element elementor-element-276cc60\" data-id=\"276cc60\" data-element_type=\"column\" data-e-type=\"column\">\n\t\t\t<div class=\"elementor-widget-wrap elementor-element-populated\">\n\t\t\t\t\t\t<div class=\"elementor-element elementor-element-6639647 elementor-widget elementor-widget-text-editor\" data-id=\"6639647\" data-element_type=\"widget\" data-e-type=\"widget\" data-widget_type=\"text-editor.default\">\n\t\t\t\t<div class=\"elementor-widget-container\">\n\t\t\t\t\t\t\t\t\t<p><span style=\"color: #333333;\"><strong>La certitude d&#8217;aller au ciel<\/strong><\/span><\/p><p><span style=\"color: #616161;\">C&#8217;est la grande promesse de Notre Dame \u00e0 notre \u00e9gard si nous suivons cinq fois de suite les 1ers samedis du mois. Nous rappelons ici ses paroles:<\/span><\/p><p><span style=\"color: #0000ff;\"><i>\"Alle, die f\u00fcnf Monate lang am ersten Samstag beichten, die Heilige Kommunion empfangen, einen Rosenkranz beten und mir f\u00fcnfzehn Minuten lang \u00fcber die f\u00fcnfzehn Geheimnisse des Rosenkranzes Gesellschaft leisten, im Geiste der Wiedergutmachung, <b>ich verspreche<\/b><\/i><b><i>s<\/i><i>\u00a0ihnen in der Stunde des Todes mit allen<\/i><i>s<\/i><\/b><i><b>\u00a0die Gnaden, die sie f\u00fcr das Heil ihrer Seele ben\u00f6tigen.<\/b>\u00a0\"<\/i><\/span><\/p><p><span style=\"color: #333333;\"><i>Die Heilige Jungfrau, Pontevedra 10. Dezember 1925<\/i><\/span><\/p><p><span style=\"color: #333333;\"><i>\u00a0<\/i><\/span><\/p><p><span style=\"color: #333333;\"><strong>Die Befreiung vom Fegefeuer (f\u00fcr das Tragen des Skapuliers)<\/strong><\/span><\/p><p><span style=\"color: #333333;\">Dieses Versprechen ist an das Tragen des braunen Skapuliers gekn\u00fcpft:<\/span><\/p><p style=\"color: #6288c6;\"><span style=\"color: #0000ff;\"><i>\"Wer mit diesem Gewand bekleidet stirbt, wird gerettet; er wird niemals unter dem ewigen Feuer leiden. Es ist ein Zeichen des Heils, ein Schutz in Gefahren, ein Unterpfand des Friedens und des ewigen Bundes.<\/i><\/span><\/p><p style=\"color: #6288c6;\"><span style=\"color: #0000ff;\"><i>Wenn sie am Tag ihres \u00dcbergangs in das andere Leben (<\/i><i>die<\/i><i>\u00a0Kinder des Karmel) werden ins Fegefeuer gebracht, <b>ich werde am Samstag nach ihrem Tod dorthin hinabsteigen und die, die ich dort finde, erl\u00f6sen <\/b>und werde sie zur\u00fcckbringen zum heiligen Berg und zum ewigen Leben\".<\/i><\/span><\/p><p style=\"color: #6288c6;\"><i>\u00a0<\/i><\/p><p style=\"color: #6288c6;\"><i style=\"color: #7a7a7a;\">(*) Das Skapulier ist die Verkleinerung des Ordensgewandes der Karmeliter, dessen Form und die damit verbundenen Tugenden dem Heiligen Simon Stock im 13.\u00a0<\/i><i style=\"color: #7a7a7a;\">Jahrhundert<\/i><i style=\"color: #7a7a7a;\">. Das Skapulier ist aus braunem Wollstoff gefertigt. Oft findet man auf einer Seite das Heilige...<\/i><i style=\"color: #7a7a7a;\">Herz<\/i><i style=\"color: #7a7a7a;\">\u00a0und auf der anderen Unsere Liebe Frau vom Berg Karmel, benannt nach dem Berg in Pal\u00e4stina.\u00a0<\/i><i style=\"color: #7a7a7a;\">Papst Pius X. erlaubte das Tragen des Skapuliers in Form einer Medaille, wenn es die Umst\u00e4nde erfordern.\u00a0<\/i><\/p>\t\t\t\t\t\t\t\t<\/div>\n\t\t\t\t<\/div>\n\t\t\t\t\t<\/div>\n\t\t<\/div>\n\t\t\t\t\t<\/div>\n\t\t<\/section>\n\t\t\t\t\t<\/div>\n\t\t<\/div>\n\t\t\t\t\t<\/div>\n\t\t<\/section>\n\t\t\t\t<section class=\"elementor-section elementor-top-section elementor-element elementor-element-1e53515 elementor-section-boxed elementor-section-height-default elementor-section-height-default\" data-id=\"1e53515\" data-element_type=\"section\" data-e-type=\"section\">\n\t\t\t\t\t\t<div class=\"elementor-container elementor-column-gap-default\">\n\t\t\t\t\t<div class=\"elementor-column elementor-col-100 elementor-top-column elementor-element elementor-element-6ae2238\" data-id=\"6ae2238\" data-element_type=\"column\" data-e-type=\"column\">\n\t\t\t<div class=\"elementor-widget-wrap elementor-element-populated\">\n\t\t\t\t\t\t<div class=\"elementor-element elementor-element-293a5eb elementor-widget elementor-widget-heading\" data-id=\"293a5eb\" data-element_type=\"widget\" data-e-type=\"widget\" data-widget_type=\"heading.default\">\n\t\t\t\t<div class=\"elementor-widget-container\">\n\t\t\t\t\t<h2 class=\"elementor-heading-title elementor-size-default\">Die ANDEREN PROMESSEN (Sacr\u00e9-ceur in Paray-le-monial)<\/h2>\t\t\t\t<\/div>\n\t\t\t\t<\/div>\n\t\t\t\t\t<\/div>\n\t\t<\/div>\n\t\t\t\t\t<\/div>\n\t\t<\/section>\n\t\t\t\t<section class=\"elementor-section elementor-top-section elementor-element elementor-element-b52b262 elementor-section-boxed elementor-section-height-default elementor-section-height-default\" data-id=\"b52b262\" data-element_type=\"section\" data-e-type=\"section\">\n\t\t\t\t\t\t<div class=\"elementor-container elementor-column-gap-default\">\n\t\t\t\t\t<div class=\"elementor-column elementor-col-100 elementor-top-column elementor-element elementor-element-b3b5428\" data-id=\"b3b5428\" data-element_type=\"column\" data-e-type=\"column\">\n\t\t\t<div class=\"elementor-widget-wrap elementor-element-populated\">\n\t\t\t\t\t\t<section class=\"elementor-section elementor-inner-section elementor-element elementor-element-544df0a elementor-section-boxed elementor-section-height-default elementor-section-height-default\" data-id=\"544df0a\" data-element_type=\"section\" data-e-type=\"section\">\n\t\t\t\t\t\t<div class=\"elementor-container elementor-column-gap-default\">\n\t\t\t\t\t<div class=\"elementor-column elementor-col-50 elementor-inner-column elementor-element elementor-element-96cb533\" data-id=\"96cb533\" data-element_type=\"column\" data-e-type=\"column\">\n\t\t\t<div class=\"elementor-widget-wrap elementor-element-populated\">\n\t\t\t\t\t\t<div class=\"elementor-element elementor-element-8a7590d elementor-widget elementor-widget-text-editor\" data-id=\"8a7590d\" data-element_type=\"widget\" data-e-type=\"widget\" data-widget_type=\"text-editor.default\">\n\t\t\t\t<div class=\"elementor-widget-container\">\n\t\t\t\t\t\t\t\t\t<p><span style=\"color: #616161;\"><strong>F\u00fcr die Gl\u00e4ubigen<\/strong><\/span><\/p><p><span style=\"color: #616161;\"><strong>\u00a0<\/strong><\/span><\/p><p><span style=\"color: #0000ff;\"><i style=\"font-family: var( --e-global-typography-text-font-family ), Sans-serif; font-size: var( --e-global-typography-text-font-size ); font-weight: var( --e-global-typography-text-font-weight );\">\"Ich werde Frieden in ihre Familien bringen.<\/i><\/span><\/p><p><span style=\"color: #0000ff;\"><i>Ich werde ihnen alle Gnaden geben, die in ihrem Zustand notwendig sind<\/i><i>.<\/i><\/span><\/p><p><span style=\"color: #0000ff;\"><i>Ich werde sie in all ihrem Kummer tr\u00f6sten.<\/i><\/span><\/p><p><span style=\"color: #0000ff;\"><i>Ich werde w\u00e4hrend des Lebens und vor allem im Tod ihre sichere Zuflucht sein.<\/i><\/span><\/p><p><span style=\"color: #0000ff;\"><i>Ich werde \u00fcber all ihre Unternehmungen reichen Segen ausgie\u00dfen.<\/i><\/span><\/p><p><span style=\"color: #0000ff;\"><i>Ich werde die H\u00e4user segnen, in denen das Bild meines Herzens ausgestellt und geehrt wird\".<\/i><\/span><\/p><p><b>\u00a0<\/b><\/p><p><span style=\"color: #616161;\"><b>F\u00fcr die Nationen<\/b><\/span><\/p><p><span style=\"color: #616161;\"><b>\u00a0<\/b><\/span><\/p><p><span style=\"color: #0000ff;\"><i>\u00ab\u00a0Fais savoir au fils a\u00een\u00e9 de mon Sacr\u00e9-C\u0153ur que, comme sa naissance temporelle a \u00e9t\u00e9 obtenue par la d\u00e9votion aux m\u00e9rites de ma Sainte Enfance, de m\u00eame il obtiendra sa naissance de gr\u00e2ce et de gloire \u00e9ternelle par la cons\u00e9cration qu&#8217;il fera de lui-m\u00eame \u00e0 Mon C\u0153ur adorable qui veut triompher du sien et, par son entremise, de celui des grands de la terre. Il veut r\u00e9gner dans son palais, \u00eatre peint dans ses \u00e9tendards et grav\u00e9 dans ses armes, <\/i><b><i>um sie \u00fcber alle seine Feinde siegreich zu machen, indem er diese stolzen und hochm\u00fctigen H\u00e4upter zu seinen F\u00fc\u00dfen niederschl\u00e4gt, um ihn triumphierend \u00fcber alle Feinde der heiligen Kirche zu machen <\/i><\/b><i>\"<\/i><\/span><\/p><p><i>\u00a0<\/i><\/p>\t\t\t\t\t\t\t\t<\/div>\n\t\t\t\t<\/div>\n\t\t\t\t\t<\/div>\n\t\t<\/div>\n\t\t\t\t<div class=\"elementor-column elementor-col-50 elementor-inner-column elementor-element elementor-element-79c2c33\" data-id=\"79c2c33\" data-element_type=\"column\" data-e-type=\"column\">\n\t\t\t<div class=\"elementor-widget-wrap elementor-element-populated\">\n\t\t\t\t\t\t<div class=\"elementor-element elementor-element-751478b elementor-widget elementor-widget-image\" data-id=\"751478b\" data-element_type=\"widget\" data-e-type=\"widget\" data-widget_type=\"image.default\">\n\t\t\t\t<div class=\"elementor-widget-container\">\n\t\t\t\t\t\t\t\t\t\t\t\t\t\t\t<img loading=\"lazy\" decoding=\"async\" width=\"640\" height=\"967\" src=\"https:\/\/salve-corda.org\/wp-content\/uploads\/2024\/03\/76741313-o-678x1024-1.jpg\" class=\"attachment-large size-large wp-image-6795\" alt=\"\" srcset=\"https:\/\/salve-corda.org\/wp-content\/uploads\/2024\/03\/76741313-o-678x1024-1.jpg 678w, https:\/\/salve-corda.org\/wp-content\/uploads\/2024\/03\/76741313-o-678x1024-1-199x300.jpg 199w\" sizes=\"(max-width: 640px) 100vw, 640px\" \/>\t\t\t\t\t\t\t\t\t\t\t\t\t\t\t<\/div>\n\t\t\t\t<\/div>\n\t\t\t\t\t<\/div>\n\t\t<\/div>\n\t\t\t\t\t<\/div>\n\t\t<\/section>\n\t\t\t\t\t<\/div>\n\t\t<\/div>\n\t\t\t\t\t<\/div>\n\t\t<\/section>\n\t\t\t\t<section class=\"elementor-section elementor-top-section elementor-element elementor-element-5e4fce0 elementor-section-boxed elementor-section-height-default elementor-section-height-default\" data-id=\"5e4fce0\" data-element_type=\"section\" data-e-type=\"section\">\n\t\t\t\t\t\t<div class=\"elementor-container elementor-column-gap-default\">\n\t\t\t\t\t<div class=\"elementor-column elementor-col-100 elementor-top-column elementor-element elementor-element-95c39b2\" data-id=\"95c39b2\" data-element_type=\"column\" data-e-type=\"column\">\n\t\t\t<div class=\"elementor-widget-wrap elementor-element-populated\">\n\t\t\t\t\t\t<section class=\"elementor-section elementor-inner-section elementor-element elementor-element-845ee09 elementor-section-boxed elementor-section-height-default elementor-section-height-default\" data-id=\"845ee09\" data-element_type=\"section\" data-e-type=\"section\">\n\t\t\t\t\t\t<div class=\"elementor-container elementor-column-gap-default\">\n\t\t\t\t\t<div class=\"elementor-column elementor-col-50 elementor-inner-column elementor-element elementor-element-53be7ff\" data-id=\"53be7ff\" data-element_type=\"column\" data-e-type=\"column\">\n\t\t\t<div class=\"elementor-widget-wrap elementor-element-populated\">\n\t\t\t\t\t\t<div class=\"elementor-element elementor-element-f55cc9c elementor-widget elementor-widget-image\" data-id=\"f55cc9c\" data-element_type=\"widget\" data-e-type=\"widget\" data-widget_type=\"image.default\">\n\t\t\t\t<div class=\"elementor-widget-container\">\n\t\t\t\t\t\t\t\t\t\t\t\t\t\t\t<img loading=\"lazy\" decoding=\"async\" width=\"640\" height=\"665\" src=\"https:\/\/salve-corda.org\/wp-content\/uploads\/2021\/09\/Sans-titre-8.png\" class=\"attachment-large size-large wp-image-2409\" alt=\"\" srcset=\"https:\/\/salve-corda.org\/wp-content\/uploads\/2021\/09\/Sans-titre-8.png 677w, https:\/\/salve-corda.org\/wp-content\/uploads\/2021\/09\/Sans-titre-8-289x300.png 289w\" sizes=\"(max-width: 640px) 100vw, 640px\" \/>\t\t\t\t\t\t\t\t\t\t\t\t\t\t\t<\/div>\n\t\t\t\t<\/div>\n\t\t\t\t\t<\/div>\n\t\t<\/div>\n\t\t\t\t<div class=\"elementor-column elementor-col-50 elementor-inner-column elementor-element elementor-element-2a10d07\" data-id=\"2a10d07\" data-element_type=\"column\" data-e-type=\"column\">\n\t\t\t<div class=\"elementor-widget-wrap elementor-element-populated\">\n\t\t\t\t\t\t<div class=\"elementor-element elementor-element-401f347 elementor-widget elementor-widget-text-editor\" data-id=\"401f347\" data-element_type=\"widget\" data-e-type=\"widget\" data-widget_type=\"text-editor.default\">\n\t\t\t\t<div class=\"elementor-widget-container\">\n\t\t\t\t\t\t\t\t\t<p><strong><span style=\"color: #696868;\">Zu unserer eigenen Rettung<\/span><\/strong><\/p>\n<p><strong><span style=\"color: #696868;\">&nbsp;<\/span><\/strong><\/p>\n<p><i>&nbsp;<\/i><i style=\"color: var( --e-global-color-primary ); font-family: var( --e-global-typography-text-font-family ), Sans-serif; font-size: var( --e-global-typography-text-font-size ); font-weight: var( --e-global-typography-text-font-weight );\">\"Die S\u00fcnder werden in meinem Herzen die Quelle und den unendlichen Ozean der Barmherzigkeit finden.<\/i><\/p><p><i style=\"color: var( --e-global-color-primary ); font-family: var( --e-global-typography-text-font-family ), Sans-serif; font-size: var( --e-global-typography-text-font-size ); font-weight: var( --e-global-typography-text-font-weight );\"><br><\/i><\/p>\n<p><i>Lauwarme Seelen werden eifrig werden.<\/i><\/p>\n<p><i>Schw\u00e4rmerische Seelen werden zu gro\u00dfer Vollkommenheit aufsteigen.<\/i><\/p>\n<p><i>Diejenigen, die diese Hingabe verbreiten, werden ihren Namen in mein Herz geschrieben bekommen, wo er niemals gel\u00f6scht wird.<\/i><i>.<\/i><\/p><p><i><br><\/i><\/p>\n<p><i>Ich verspreche dir im \u00dcberma\u00df der Barmherzigkeit meines Herzens, dass meine allm\u00e4chtige Liebe allen, die zur Kommunion gehen, Folgendes gew\u00e4hren wird <\/i><i>an den ersten Freitagen, <\/i><i>neun Monate in Folge, <\/i><b><i>die Gnade der letzten Bu\u00dfe, die sie<\/i><\/b> <b><i>nicht in meiner Ungnade sterben<\/i><\/b><i>Und dass mein Herz sich in dieser letzten Stunde zu ihrem sicheren Zufluchtsort machen wird.&nbsp;<\/i><i>\"<\/i><\/p>\n<p><i>&nbsp;<\/i><\/p>\n<p><\/p>\n<p><span style=\"color: #636363;\">Diese letzte Verhei\u00dfung f\u00fcr diejenigen, die die ersten neun Freitage des Monats verwirklichen, ist auch hier eine unerh\u00f6rte Gnade, die uns geschenkt wird. Es zeigt die Macht, die Christus den ersten Freitagen des Monats verleiht.<\/span><\/p><p><span style=\"color: #636363;\"><br><\/span><\/p><p><span style=\"color: #636363;\"><br><\/span><\/p><p><span style=\"color: #636363;\"><br><\/span><\/p>\t\t\t\t\t\t\t\t<\/div>\n\t\t\t\t<\/div>\n\t\t\t\t\t<\/div>\n\t\t<\/div>\n\t\t\t\t\t<\/div>\n\t\t<\/section>\n\t\t\t\t\t<\/div>\n\t\t<\/div>\n\t\t\t\t\t<\/div>\n\t\t<\/section>\n\t\t\t\t<\/div>","protected":false},"excerpt":{"rendered":"<p>Die wunderbaren Verhei\u00dfungen, wenn wir sie am \"ersten Samstag des Monats\" erf\u00fcllen 1\/ DIE WIEDERHERSTELLUNG DER GESCH\u00c4FTE, DIE GEGEN DEN HERZEN MARIAS UND JESU VERURSACHT WURDEN Die erste Konsequenz ist die tats\u00e4chliche Wiedergutmachung der [...].<\/p>","protected":false},"author":1,"featured_media":0,"parent":0,"menu_order":0,"comment_status":"closed","ping_status":"closed","template":"elementor_header_footer","meta":{"footnotes":""},"class_list":["post-580","page","type-page","status-publish","hentry"],"_links":{"self":[{"href":"https:\/\/salve-corda.org\/de\/wp-json\/wp\/v2\/pages\/580","targetHints":{"allow":["GET"]}}],"collection":[{"href":"https:\/\/salve-corda.org\/de\/wp-json\/wp\/v2\/pages"}],"about":[{"href":"https:\/\/salve-corda.org\/de\/wp-json\/wp\/v2\/types\/page"}],"author":[{"embeddable":true,"href":"https:\/\/salve-corda.org\/de\/wp-json\/wp\/v2\/users\/1"}],"replies":[{"embeddable":true,"href":"https:\/\/salve-corda.org\/de\/wp-json\/wp\/v2\/comments?post=580"}],"version-history":[{"count":131,"href":"https:\/\/salve-corda.org\/de\/wp-json\/wp\/v2\/pages\/580\/revisions"}],"predecessor-version":[{"id":6801,"href":"https:\/\/salve-corda.org\/de\/wp-json\/wp\/v2\/pages\/580\/revisions\/6801"}],"wp:attachment":[{"href":"https:\/\/salve-corda.org\/de\/wp-json\/wp\/v2\/media?parent=580"}],"curies":[{"name":"wp","href":"https:\/\/api.w.org\/{rel}","templated":true}]}}