{"id":9194,"date":"2024-03-27T02:57:51","date_gmt":"2024-03-27T01:57:51","guid":{"rendered":"https:\/\/salve-corda.org\/?page_id=9194"},"modified":"2024-03-27T03:42:03","modified_gmt":"2024-03-27T02:42:03","slug":"que-faire-si-pas-de-messe-le-samedi-matin","status":"publish","type":"page","link":"https:\/\/salve-corda.org\/de\/que-faire-si-pas-de-messe-le-samedi-matin\/","title":{"rendered":"Was tun, wenn am Samstagmorgen keine Messe stattfindet?"},"content":{"rendered":"<div data-elementor-type=\"wp-page\" data-elementor-id=\"9194\" class=\"elementor elementor-9194\">\n\t\t\t\t\t\t<section class=\"elementor-section elementor-top-section elementor-element elementor-element-03829f4 elementor-section-boxed elementor-section-height-default elementor-section-height-default\" data-id=\"03829f4\" data-element_type=\"section\" data-e-type=\"section\">\n\t\t\t\t\t\t<div class=\"elementor-container elementor-column-gap-default\">\n\t\t\t\t\t<div class=\"elementor-column elementor-col-100 elementor-top-column elementor-element elementor-element-e6bde18\" data-id=\"e6bde18\" data-element_type=\"column\" data-e-type=\"column\">\n\t\t\t<div class=\"elementor-widget-wrap\">\n\t\t\t\t\t\t\t<\/div>\n\t\t<\/div>\n\t\t\t\t\t<\/div>\n\t\t<\/section>\n\t\t\t\t<section class=\"elementor-section elementor-top-section elementor-element elementor-element-e20f0f0 elementor-section-boxed elementor-section-height-default elementor-section-height-default\" data-id=\"e20f0f0\" data-element_type=\"section\" data-e-type=\"section\">\n\t\t\t\t\t\t<div class=\"elementor-container elementor-column-gap-default\">\n\t\t\t\t\t<div class=\"elementor-column elementor-col-100 elementor-top-column elementor-element elementor-element-5eb62ff\" data-id=\"5eb62ff\" data-element_type=\"column\" data-e-type=\"column\">\n\t\t\t<div class=\"elementor-widget-wrap elementor-element-populated\">\n\t\t\t\t\t\t<div class=\"elementor-element elementor-element-102c535 elementor-widget elementor-widget-spacer\" data-id=\"102c535\" data-element_type=\"widget\" data-e-type=\"widget\" data-widget_type=\"spacer.default\">\n\t\t\t\t<div class=\"elementor-widget-container\">\n\t\t\t\t\t\t\t<div class=\"elementor-spacer\">\n\t\t\t<div class=\"elementor-spacer-inner\"><\/div>\n\t\t<\/div>\n\t\t\t\t\t\t<\/div>\n\t\t\t\t<\/div>\n\t\t\t\t<div class=\"elementor-element elementor-element-1920d56 elementor-widget elementor-widget-heading\" data-id=\"1920d56\" data-element_type=\"widget\" data-e-type=\"widget\" data-widget_type=\"heading.default\">\n\t\t\t\t<div class=\"elementor-widget-container\">\n\t\t\t\t\t<h2 class=\"elementor-heading-title elementor-size-default\">Was kann ich tun, wenn ich am Samstagmorgen nicht zur Messe gehen kann?<\/h2>\t\t\t\t<\/div>\n\t\t\t\t<\/div>\n\t\t\t\t<div class=\"elementor-element elementor-element-7b7a661 elementor-widget elementor-widget-text-editor\" data-id=\"7b7a661\" data-element_type=\"widget\" data-e-type=\"widget\" data-widget_type=\"text-editor.default\">\n\t\t\t\t<div class=\"elementor-widget-container\">\n\t\t\t\t\t\t\t\t\t<p>Nous sommes dans une p\u00e9riode de crise de l\u2019\u00c9glise sans pr\u00e9c\u00e9dent et il n\u2019est pas toujours facile d&#8217;avoir une messe les 1<sup>ers<\/sup> samedis du mois. Par ailleurs on peut avoir des obligations majeures (travail, famille etc.) ou \u00eatre dans l&#8217;impossibilit\u00e9 de se d\u00e9placer (personnes \u00e2g\u00e9es, malades, etc.) Voici ce qu\u2019il faut faire en fonction des situations.<\/p>\n<p><br><\/p>\n<p><\/p>\t\t\t\t\t\t\t\t<\/div>\n\t\t\t\t<\/div>\n\t\t\t\t<div class=\"elementor-element elementor-element-fa3d7fe elementor-widget elementor-widget-text-editor\" data-id=\"fa3d7fe\" data-element_type=\"widget\" data-e-type=\"widget\" data-widget_type=\"text-editor.default\">\n\t\t\t\t<div class=\"elementor-widget-container\">\n\t\t\t\t\t\t\t\t\t<p>Situation 1: Il n&#8217;y a pas de messe le samedi matin pres de chez soi<\/p>\t\t\t\t\t\t\t\t<\/div>\n\t\t\t\t<\/div>\n\t\t\t\t<div class=\"elementor-element elementor-element-fcaa0a6 elementor-widget elementor-widget-text-editor\" data-id=\"fcaa0a6\" data-element_type=\"widget\" data-e-type=\"widget\" data-widget_type=\"text-editor.default\">\n\t\t\t\t<div class=\"elementor-widget-container\">\n\t\t\t\t\t\t\t\t\t<p><span style=\"color: var( --e-global-color-text ); font-family: var( --e-global-typography-18e5089-font-family ), Sans-serif; font-size: var( --e-global-typography-18e5089-font-size ); letter-spacing: var( --e-global-typography-18e5089-letter-spacing ); word-spacing: var( --e-global-typography-18e5089-word-spacing );\">Il est alors possible d&#8217;utiliser la messe du samedi soir mais toujours en communiant dans l\u2019intention de r\u00e9parer les offenses faites \u00e0 la Sainte Vierge. (et sans l\u2019utiliser comme \u201cmesse anticip\u00e9e du dimanche\u201c bien s\u00fbr et donc y aller aussi le dimanche).\u00a0<\/span><\/p><p>\u00a0<\/p><p><em>Anmerkung: Wenn man nur wenig Zeit zur Verf\u00fcgung hat, ist es nicht zwingend notwendig, am \"Wortgottesdienst\" teilzunehmen, da er in jedem Fall in der Messe am n\u00e4chsten Sonntag besucht wird. Es ist also m\u00f6glich, nur zum Offertorium zu erscheinen und die Kommunion zu empfangen.<\/em><\/p>\t\t\t\t\t\t\t\t<\/div>\n\t\t\t\t<\/div>\n\t\t\t\t<div class=\"elementor-element elementor-element-014691a elementor-widget elementor-widget-text-editor\" data-id=\"014691a\" data-element_type=\"widget\" data-e-type=\"widget\" data-widget_type=\"text-editor.default\">\n\t\t\t\t<div class=\"elementor-widget-container\">\n\t\t\t\t\t\t\t\t\t<p>situation 2: il n&#8217;y a pas du tout de messe le samedi pres de chez soi (ou on ne peut pas se deplacer)<\/p>\t\t\t\t\t\t\t\t<\/div>\n\t\t\t\t<\/div>\n\t\t\t\t<div class=\"elementor-element elementor-element-83e90f2 elementor-widget elementor-widget-text-editor\" data-id=\"83e90f2\" data-element_type=\"widget\" data-e-type=\"widget\" data-widget_type=\"text-editor.default\">\n\t\t\t\t<div class=\"elementor-widget-container\">\n\t\t\t\t\t\t\t\t\t<p><\/p>\n<p>Cela peut arriver notamment en pleine campagne ou s&#8217;il on est malade.&nbsp;<\/p>\n<p>Christus beantwortete Schwester Lucia diese Frage selbst und erkl\u00e4rte ihr <strong>dass im Falle einer v\u00f6lligen Unm\u00f6glichkeit<\/strong> am Samstag, war die Kommunion am Sonntag unter zwei Bedingungen g\u00fcltig:&nbsp;<\/p>\n<p>(1) signaler au pr\u00eatre &nbsp;que l&#8217;on r\u00e9alise le 1er samedi du mois ce dimanche et&nbsp;<\/p>\n<p>(2)&nbsp;<strong>immer zur Wiedergutmachung von Vergehen kommunizieren<\/strong> die der Heiligen Jungfrau angetan wurden.&nbsp;<\/p>\n<p>Nat\u00fcrlich werden die anderen Bitten (Rosenkranz und 15 min Meditation) am Samstag gestellt, und die Beichte innerhalb von acht Tagen.<\/p><p><br><\/p>\n<p><\/p>\n<p><\/p>\t\t\t\t\t\t\t\t<\/div>\n\t\t\t\t<\/div>\n\t\t\t\t<div class=\"elementor-element elementor-element-b3842a9 elementor-widget elementor-widget-text-editor\" data-id=\"b3842a9\" data-element_type=\"widget\" data-e-type=\"widget\" data-widget_type=\"text-editor.default\">\n\t\t\t\t<div class=\"elementor-widget-container\">\n\t\t\t\t\t\t\t\t\t<p>situation 3: il n&#8217;y a pas du tout de messe (et pas de confessions)<\/p>\t\t\t\t\t\t\t\t<\/div>\n\t\t\t\t<\/div>\n\t\t\t\t<div class=\"elementor-element elementor-element-db0f12b elementor-widget elementor-widget-text-editor\" data-id=\"db0f12b\" data-element_type=\"widget\" data-e-type=\"widget\" data-widget_type=\"text-editor.default\">\n\t\t\t\t<div class=\"elementor-widget-container\">\n\t\t\t\t\t\t\t\t\t<p>Wenn man nicht in der Lage ist zu reisen oder wenn man mit Verfolgungsma\u00dfnahmen konfrontiert ist, die Messen, Beichten usw. unterdr\u00fccken. die ersten Samstage des Monats durchf\u00fchren <strong>bleibt durchaus m\u00f6glich<\/strong>.\u00a0<\/p><p>In diesem Fall ist die 1<sup>er<\/sup> Samstag im Monat den Rosenkranz beten und eine 15-min\u00fctige Meditation \u00fcber ein Geheimnis des Rosenkranzes durchf\u00fchren. Dann eine Gewissenserforschung durchf\u00fchren, indem man Gott um Vergebung bittet und eine spirituelle Gemeinschaft verwirklichen.\u00a0<span style=\"color: var( --e-global-color-text ); font-family: var( --e-global-typography-18e5089-font-family ), Sans-serif; font-size: var( --e-global-typography-18e5089-font-size ); letter-spacing: var( --e-global-typography-18e5089-letter-spacing ); word-spacing: var( --e-global-typography-18e5089-word-spacing );\">\u00a0<\/span><\/p><p><span style=\"color: var( --e-global-color-text ); font-family: var( --e-global-typography-18e5089-font-family ), Sans-serif; font-size: var( --e-global-typography-18e5089-font-size ); letter-spacing: var( --e-global-typography-18e5089-letter-spacing ); word-spacing: var( --e-global-typography-18e5089-word-spacing );\">\u00a0<\/span><\/p><p><span style=\"color: var( --e-global-color-text ); font-family: var( --e-global-typography-18e5089-font-family ), Sans-serif; font-size: var( --e-global-typography-18e5089-font-size ); letter-spacing: var( --e-global-typography-18e5089-letter-spacing ); word-spacing: var( --e-global-typography-18e5089-word-spacing );\">Man kann es allein oder zu mehreren tun, je nach der Situation des Einzelnen. Wenn man sich bewegen kann, sollte man es in einer Kapelle oder Kirche tun.<\/span><\/p><p><span style=\"color: var( --e-global-color-text ); font-family: var( --e-global-typography-18e5089-font-family ), Sans-serif; font-size: var( --e-global-typography-18e5089-font-size ); letter-spacing: var( --e-global-typography-18e5089-letter-spacing ); word-spacing: var( --e-global-typography-18e5089-word-spacing );\">\u00a0<\/span><\/p><p><span style=\"color: var( --e-global-color-text ); font-family: var( --e-global-typography-18e5089-font-family ), Sans-serif; font-size: var( --e-global-typography-18e5089-font-size ); letter-spacing: var( --e-global-typography-18e5089-letter-spacing ); word-spacing: var( --e-global-typography-18e5089-word-spacing );\">\u00a0<\/span><u style=\"color: var( --e-global-color-text ); font-family: var( --e-global-typography-18e5089-font-family ), Sans-serif; font-size: var( --e-global-typography-18e5089-font-size ); letter-spacing: var( --e-global-typography-18e5089-letter-spacing ); word-spacing: var( --e-global-typography-18e5089-word-spacing );\">Siehe unten<\/u><span style=\"color: var( --e-global-color-text ); font-family: var( --e-global-typography-18e5089-font-family ), Sans-serif; font-size: var( --e-global-typography-18e5089-font-size ); letter-spacing: var( --e-global-typography-18e5089-letter-spacing ); word-spacing: var( --e-global-typography-18e5089-word-spacing );\"> wie man die geistige Gemeinschaft an den ersten Samstagen des Monats verwirklichen kann.<\/span><\/p>\t\t\t\t\t\t\t\t<\/div>\n\t\t\t\t<\/div>\n\t\t\t\t\t<\/div>\n\t\t<\/div>\n\t\t\t\t\t<\/div>\n\t\t<\/section>\n\t\t\t\t<section class=\"elementor-section elementor-top-section elementor-element elementor-element-b644754 elementor-section-boxed elementor-section-height-default elementor-section-height-default\" data-id=\"b644754\" data-element_type=\"section\" data-e-type=\"section\">\n\t\t\t\t\t\t<div class=\"elementor-container elementor-column-gap-default\">\n\t\t\t\t\t<div class=\"elementor-column elementor-col-100 elementor-top-column elementor-element elementor-element-2a05b14\" data-id=\"2a05b14\" data-element_type=\"column\" data-e-type=\"column\">\n\t\t\t<div class=\"elementor-widget-wrap elementor-element-populated\">\n\t\t\t\t\t\t<div class=\"elementor-element elementor-element-b4566a5 elementor-widget elementor-widget-text-editor\" data-id=\"b4566a5\" data-element_type=\"widget\" data-e-type=\"widget\" data-widget_type=\"text-editor.default\">\n\t\t\t\t<div class=\"elementor-widget-container\">\n\t\t\t\t\t\t\t\t\t<p>DIE geistige Gemeinschaft in F\u00e4llen h\u00f6herer Gewalt<\/p>\t\t\t\t\t\t\t\t<\/div>\n\t\t\t\t<\/div>\n\t\t\t\t\t<\/div>\n\t\t<\/div>\n\t\t\t\t\t<\/div>\n\t\t<\/section>\n\t\t\t\t<section class=\"elementor-section elementor-top-section elementor-element elementor-element-98632f1 elementor-section-boxed elementor-section-height-default elementor-section-height-default\" data-id=\"98632f1\" data-element_type=\"section\" data-e-type=\"section\">\n\t\t\t\t\t\t<div class=\"elementor-container elementor-column-gap-default\">\n\t\t\t\t\t<div class=\"elementor-column elementor-col-100 elementor-top-column elementor-element elementor-element-d385a1c\" data-id=\"d385a1c\" data-element_type=\"column\" data-e-type=\"column\">\n\t\t\t<div class=\"elementor-widget-wrap elementor-element-populated\">\n\t\t\t\t\t\t<div class=\"elementor-element elementor-element-c0f461f elementor-widget elementor-widget-text-editor\" data-id=\"c0f461f\" data-element_type=\"widget\" data-e-type=\"widget\" data-widget_type=\"text-editor.default\">\n\t\t\t\t<div class=\"elementor-widget-container\">\n\t\t\t\t\t\t\t\t\t<p>Es kann echte und objektive Umst\u00e4nde geben (nicht aus Bequemlichkeit), unter denen die sakramentale Kommunion (tats\u00e4chlicher Empfang der Hostie) UNM\u00d6GLICH ist: materielle Unm\u00f6glichkeit, sich zu bewegen (Krankheit, Entzug von Reisemitteln,. ), keine Messe (Krise der Kirche), Verfolgung, Regierungsma\u00dfnahmen, etc.<\/p><p>\u00a0<\/p><p>In diesem Fall gibt es einen einfachen Weg, um der Bitte der Muttergottes um die 1.<sup>ers <\/sup>Samstage im Monat: Die geistige Gemeinschaft (auch Wunschgemeinschaft genannt). Das Konzil von Trient hat sie sehr klar definiert: <em><span style=\"color: #0000ff;\">\"Geistlich kommunizieren hei\u00dft, sich mit dem in der Eucharistie gegenw\u00e4rtigen Jesus Christus zu vereinen, nicht indem man ihn sakramental empf\u00e4ngt, sondern <strong>durch einen Wunsch<\/strong> <strong>aus einem Glauben, der von der Liebe beseelt ist<\/strong>. \"<\/span> (Konzil von Trient Sitzung XII)<\/em><\/p><p>\u00a0<\/p><p>Der Heilige Thomas fasst die Fr\u00fcchte dieser geistlichen Gemeinschaft in vier Worten zusammen: <em><span style=\"color: #0000ff;\">\" Wie die andere Kommunion st\u00fctzt und st\u00e4rkt sie, <strong><u>repariert <\/u><\/strong>und erfreut\".<\/span> <\/em>Der Heilige Thomas stellt also klar, dass diese geistige Gemeinschaft \"repariert\". Nun ist das Ziel, das die Heilige Jungfrau f\u00fcr die 1.<sup>ers<\/sup> Samstags ist es, die Beleidigungen, die ihm zugef\u00fcgt werden, wiedergutzumachen. Wir sehen also, dass wir im Falle einer Verhinderung durch h\u00f6here Gewalt <strong><u>k\u00f6nnen dank der geistlichen Gemeinschaft immer am ersten Samstag des Monats vollst\u00e4ndig praktizieren.<\/u><\/strong><\/p><p>\u00a0<\/p><p><strong>Wie man geistige Gemeinschaft praktiziert<\/strong><\/p><p>\u00a0<\/p><p><strong>1\/ Vor der Kommunion<\/strong> bereitet man sich wie auf eine sakramentale Kommunion vor. In Stille sein, wenn m\u00f6glich vor einem Kreuz oder einem Bild \/ einer Statue des Heiligen Herzens, des Christk\u00f6nigs oder \u00e4hnlichem knien.  Sich in die Gegenwart der Heiligen Dreifaltigkeit, Unserer Lieben Frau, der Engel und der Heiligen begeben. Einige Minuten \u00fcber die Erneuerung des Kreuzesopfers nachdenken, die in jeder Messe bei der Erhebung vorgenommen wird. Sich das Bild der Erhebung vor Augen halten, das die Muttergottes Schwester Lucia von Fatima gezeigt hat (unten). Dann Gott aufrichtig um Vergebung f\u00fcr seine Fehler bitten (das \"Ich bekenne mich zu Gott\" oder den Akt der Reue und \"Herr ich bin nicht w\u00fcrdig, dich zu empfangen...\" rezitieren).<\/p>\t\t\t\t\t\t\t\t<\/div>\n\t\t\t\t<\/div>\n\t\t\t\t\t<\/div>\n\t\t<\/div>\n\t\t\t\t\t<\/div>\n\t\t<\/section>\n\t\t\t\t<section class=\"elementor-section elementor-top-section elementor-element elementor-element-60219c6 elementor-section-boxed elementor-section-height-default elementor-section-height-default\" data-id=\"60219c6\" data-element_type=\"section\" data-e-type=\"section\">\n\t\t\t\t\t\t<div class=\"elementor-container elementor-column-gap-default\">\n\t\t\t\t\t<div class=\"elementor-column elementor-col-50 elementor-top-column elementor-element elementor-element-330e8d0\" data-id=\"330e8d0\" data-element_type=\"column\" data-e-type=\"column\">\n\t\t\t<div class=\"elementor-widget-wrap elementor-element-populated\">\n\t\t\t\t\t\t<div class=\"elementor-element elementor-element-9c18032 elementor-widget elementor-widget-text-editor\" data-id=\"9c18032\" data-element_type=\"widget\" data-e-type=\"widget\" data-widget_type=\"text-editor.default\">\n\t\t\t\t<div class=\"elementor-widget-container\">\n\t\t\t\t\t\t\t\t\t<p><strong>2\/ Um spirituell zu kommunizieren<\/strong> einen Akt der Sehnsucht vollziehen. Dazu ein Gebet sprechen, wie das des Heiligen Alphons von Liguori, das sehr sch\u00f6n und einfach ist:<\/p><p>\u00a0<\/p><p><span style=\"color: #0000ff;\"><em>\"Mein Jesus, ich glaube an deine Gegenwart im Allerheiligsten Sakrament. Ich liebe dich mehr als alles andere und w\u00fcnsche mir, dass du in meine Seele kommst. Ich kann Sie jetzt nicht sakramental in meinem Herzen empfangen; kommen Sie wenigstens geistig. Ich umarme Sie, als ob Sie schon gekommen w\u00e4ren, und vereine mich ganz mit Ihnen. Lassen Sie nicht zu, dass ich jemals das Ungl\u00fcck habe, mich von Ihnen zu trennen\".<\/em><\/span><\/p><p>\u00a0<\/p><p>Nicht z\u00f6gern, mit einem Wunschgebet aus dem eigenen Herzen zu erg\u00e4nzen <strong><u>und diese geistige Gemeinschaft zur Wiedergutmachung der Beleidigungen, die Unserer Lieben Frau zugef\u00fcgt wurden, darbringen.<\/u><\/strong><\/p><p><strong><u>\u00a0<\/u><\/strong><\/p><p><strong>3\/ Nach der Kommunion<\/strong>Die Danksagung erfolgt wie bei der gew\u00f6hnlichen Kommunion.<\/p>\t\t\t\t\t\t\t\t<\/div>\n\t\t\t\t<\/div>\n\t\t\t\t\t<\/div>\n\t\t<\/div>\n\t\t\t\t<div class=\"elementor-column elementor-col-50 elementor-top-column elementor-element elementor-element-8e05d68\" data-id=\"8e05d68\" data-element_type=\"column\" data-e-type=\"column\">\n\t\t\t<div class=\"elementor-widget-wrap elementor-element-populated\">\n\t\t\t\t\t\t<div class=\"elementor-element elementor-element-96835d6 elementor-widget elementor-widget-image\" data-id=\"96835d6\" data-element_type=\"widget\" data-e-type=\"widget\" data-widget_type=\"image.default\">\n\t\t\t\t<div class=\"elementor-widget-container\">\n\t\t\t\t\t\t\t\t\t\t\t\t\t\t\t<img fetchpriority=\"high\" decoding=\"async\" width=\"236\" height=\"353\" src=\"https:\/\/salve-corda.org\/wp-content\/uploads\/2022\/03\/4253254e1e6dab9b90e5b356adacf524.jpg\" class=\"attachment-large size-large wp-image-5463\" alt=\"\" srcset=\"https:\/\/salve-corda.org\/wp-content\/uploads\/2022\/03\/4253254e1e6dab9b90e5b356adacf524.jpg 236w, https:\/\/salve-corda.org\/wp-content\/uploads\/2022\/03\/4253254e1e6dab9b90e5b356adacf524-201x300.jpg 201w\" sizes=\"(max-width: 236px) 100vw, 236px\" \/>\t\t\t\t\t\t\t\t\t\t\t\t\t\t\t<\/div>\n\t\t\t\t<\/div>\n\t\t\t\t\t<\/div>\n\t\t<\/div>\n\t\t\t\t\t<\/div>\n\t\t<\/section>\n\t\t\t\t<\/div>","protected":false},"excerpt":{"rendered":"<p>que faire si je ne peux pas aller a la messe le samedi matin? Nous sommes dans une p\u00e9riode de crise de l\u2019\u00c9glise sans pr\u00e9c\u00e9dent et il n\u2019est pas toujours facile d&#8217;avoir une [&hellip;]<\/p>","protected":false},"author":2,"featured_media":0,"parent":0,"menu_order":0,"comment_status":"closed","ping_status":"closed","template":"elementor_header_footer","meta":{"footnotes":""},"class_list":["post-9194","page","type-page","status-publish","hentry"],"_links":{"self":[{"href":"https:\/\/salve-corda.org\/de\/wp-json\/wp\/v2\/pages\/9194","targetHints":{"allow":["GET"]}}],"collection":[{"href":"https:\/\/salve-corda.org\/de\/wp-json\/wp\/v2\/pages"}],"about":[{"href":"https:\/\/salve-corda.org\/de\/wp-json\/wp\/v2\/types\/page"}],"author":[{"embeddable":true,"href":"https:\/\/salve-corda.org\/de\/wp-json\/wp\/v2\/users\/2"}],"replies":[{"embeddable":true,"href":"https:\/\/salve-corda.org\/de\/wp-json\/wp\/v2\/comments?post=9194"}],"version-history":[{"count":29,"href":"https:\/\/salve-corda.org\/de\/wp-json\/wp\/v2\/pages\/9194\/revisions"}],"predecessor-version":[{"id":9228,"href":"https:\/\/salve-corda.org\/de\/wp-json\/wp\/v2\/pages\/9194\/revisions\/9228"}],"wp:attachment":[{"href":"https:\/\/salve-corda.org\/de\/wp-json\/wp\/v2\/media?parent=9194"}],"curies":[{"name":"wp","href":"https:\/\/api.w.org\/{rel}","templated":true}]}}