{"id":2040,"date":"2021-09-09T12:53:26","date_gmt":"2021-09-09T10:53:26","guid":{"rendered":"https:\/\/salve-corda.org\/?post_type=prieres&#038;p=2040"},"modified":"2021-09-14T21:21:51","modified_gmt":"2021-09-14T19:21:51","slug":"salve-regina","status":"publish","type":"prieres","link":"https:\/\/salve-corda.org\/de\/prieres\/salve-regina\/","title":{"rendered":"Die 4 Marianischen Antiphonen"},"content":{"rendered":"<p class=\"has-medium-font-size wp-block-paragraph\">Ces antiennes sont les quatre grands chants \u00e0 la Vierge Marie qui accompagnent toute l&#8217;ann\u00e9e liturgique.<\/p>\n\n\n\n<h2 class=\"wp-block-heading\"><strong>Salve Regina - Wir gr\u00fc\u00dfen dich K\u00f6nigin<\/strong><\/h2>\n\n\n\n<p class=\"has-medium-font-size wp-block-paragraph\"><span style=\"color:#016c9b\" class=\"has-inline-color\">Salve, Reg\u00edna, M\u00e1ter miseric\u00f3rdi\u00e6<br>V\u00edta, dulc\u00e9do, et spes n\u00f3stra, s\u00e1lve.<br>Ad te clam\u00e1mus, \u00e9xules, f\u00edlii H\u00e9v\u00e6.<br>Ad te suspir\u00e1mus, gem\u00e9ntes et flentes<br>in hac lacrim\u00e1rum v\u00e1lle.<br>Eia ergo, Advoc\u00e1ta n\u00f3stra,<br>\u00edllos t\u00faos miseric\u00f3rdes \u00f3culos<br>ad nos conv\u00e9rte.<br>Et J\u00e9sum, bened\u00edctum fr\u00factum v\u00e9ntris t\u00fai,<br>n\u00f3bis post hoc exs\u00edlium ost\u00e9nde.<br>O cl\u00e9mens, O p\u00eda, O d\u00falcis V\u00edrgo Mar\u00eda.<\/span><br><br><meta charset=\"utf-8\"><span style=\"color:#016e9d\" class=\"has-inline-color\">Sei gegr\u00fc\u00dft, K\u00f6nigin, Mutter der Barmherzigkeit.<br>Leben, Sanftmut, Hoffnung der Menschen Heil!<br>Kinder Evas, wir schreien zu dir in unserem Exil.<br>Zu dir seufzen wir unter Schreien und Weinen<br>aus diesem Tal der Tr\u00e4nen<br>O du, unsere F\u00fcrsprecherin,<br>wendet sich uns zu<br>deinen g\u00fctigen Blick.<br>Und zeige uns Jesus, die gesegnete Frucht deines Leibes,<br>am Ende dieses Exils.<br>O gn\u00e4dig! O g\u00fctige! O s\u00fc\u00dfe Jungfrau Maria.<\/span><br><\/p>\n\n\n\n<h2 class=\"has-medium-font-size wp-block-heading\"><meta charset=\"utf-8\"><strong>Alma Redemptoris Mater - Heilige Mutter des Erl\u00f6sers<\/strong><br><em>(Antiphon, die zur Weihnachtszeit gesungen wird)<\/em><br><br><span style=\"color:#016b99\" class=\"has-inline-color\">Alma Redempt\u00f3ris Mater, quae p\u00e9rvia ca\u00e9li p\u00f3rta m\u00e1nes, et st\u00e9lla m\u00e1ris, succ\u00farre cad\u00e9nti s\u00fargere qui c\u00farat p\u00f3pulo. Tu quae genu\u00edsti, nat\u00fara mir\u00e1nte, t\u00faum s\u00e1nctum Genit\u00f3rem, Virgo prius ac post\u00e9rius. Gabri\u00e9lis ab \u00f3re s\u00famens \u00edllud Ave, peccat\u00f3rum miser\u00e9re. <br><br>Sainte M\u00e8re du R\u00e9dempteur, Porte du ciel toujours ouverte, Etoile de la mer, viens au secours du peuple qui tombe et qui cherche \u00e0 se relever. Tu as enfant\u00e9, \u00f4 merveille&nbsp;! Celui qui t&#8217;a cr\u00e9\u00e9e, et tu demeures toujours Vierge. Accueille le salut de l&#8217;ange Gabriel et prends piti\u00e9 de nous, p\u00e9cheurs. <\/span><br><br><br><strong>Ave Regina Caelorum - Heil K\u00f6nigin des Himmels<\/strong><br><br><span style=\"color:#026e9d\" class=\"has-inline-color\">Ave, Reg\u00edna c\u00e6l\u00f3rumAve,<br>D\u00f3mina Angel\u00f3rum,<br>S\u00e1lve r\u00e1dix, s\u00e1lve, p\u00f3rta,<br>Ex qua m\u00fando lux est \u00f3rta.<br>G\u00e1ude, V\u00edrgo glori\u00f3sa,<br>Super \u00f3mnes speci\u00f3sa ;<br>V\u00e1le, o valde dec\u00f3ra<br>Et pro n\u00f3bis Christum ex\u00f3ra.m<br><br>Sei gegr\u00fc\u00dft, Himmelsk\u00f6nigin!<br>Heil, Herrscherin der Engel!<br>Sei gegr\u00fc\u00dft, du Stamm Jesse! Heil, T\u00fcr<br>von wo aus das Licht \u00fcber der Welt aufgegangen ist!<br>Freue dich, glorreiche Jungfrau,<br>die an Sch\u00f6nheit alle \u00fcbertrifft!<br>Adieu, o du Sch\u00f6ne,<br>und betet f\u00fcr uns zu Christus.<\/span><br><span style=\"color:#026e9d\" class=\"has-inline-color\"><br><\/span><br><strong>Regina Caeli - K\u00f6nigin des Himmels<\/strong><br><em>(Antiphon, die in der Osterzeit gesungen wird)<\/em><br><br><span style=\"color:#016e9c\" class=\"has-inline-color\">Regina Coeli, laetare, alleluia:<br>quia quem meruisti portare, alleluia.<br>Resurrexit, sicut dixit, alleluia.<br>Ora pro nobis Deum, alleluia.<strong>&nbsp;<\/strong><br><br>Himmelsk\u00f6nigin, freue dich, Halleluja<br>denn der, den ihr verdient habt, in eurem Scho\u00df zu tragen, Halleluja<br>est ressuscit\u00e9 comme Il l&#8217;a dit, all\u00e9luia<br>Beten Sie f\u00fcr uns zu Gott, Halleluja.<br><\/span><br><\/h2>","protected":false},"featured_media":2088,"template":"","class_list":["post-2040","prieres","type-prieres","status-publish","has-post-thumbnail","hentry"],"_links":{"self":[{"href":"https:\/\/salve-corda.org\/de\/wp-json\/wp\/v2\/prieres\/2040","targetHints":{"allow":["GET"]}}],"collection":[{"href":"https:\/\/salve-corda.org\/de\/wp-json\/wp\/v2\/prieres"}],"about":[{"href":"https:\/\/salve-corda.org\/de\/wp-json\/wp\/v2\/types\/prieres"}],"version-history":[{"count":1,"href":"https:\/\/salve-corda.org\/de\/wp-json\/wp\/v2\/prieres\/2040\/revisions"}],"predecessor-version":[{"id":3114,"href":"https:\/\/salve-corda.org\/de\/wp-json\/wp\/v2\/prieres\/2040\/revisions\/3114"}],"wp:featuredmedia":[{"embeddable":true,"href":"https:\/\/salve-corda.org\/de\/wp-json\/wp\/v2\/media\/2088"}],"wp:attachment":[{"href":"https:\/\/salve-corda.org\/de\/wp-json\/wp\/v2\/media?parent=2040"}],"curies":[{"name":"wp","href":"https:\/\/api.w.org\/{rel}","templated":true}]}}