{"id":2104,"date":"2021-07-14T21:47:02","date_gmt":"2021-07-14T19:47:02","guid":{"rendered":"https:\/\/salve-corda.org\/?post_type=prieres&#038;p=2104"},"modified":"2024-03-05T17:30:38","modified_gmt":"2024-03-05T16:30:38","slug":"prieres-aux-saints-anges","status":"publish","type":"prieres","link":"https:\/\/salve-corda.org\/de\/prieres\/prieres-aux-saints-anges\/","title":{"rendered":"Gebete an die heiligen Engel"},"content":{"rendered":"<p class=\"has-medium-font-size wp-block-paragraph\"><strong>Gebet von Papst Leo XIII.<\/strong><\/p>\n\n\n\n<p class=\"has-medium-font-size wp-block-paragraph\"><mark style=\"background-color:rgba(0, 0, 0, 0);color:#0176a8\" class=\"has-inline-color\">Heiliger Erzengel Michael,<br>verteidige uns im Kampf ;<br>und sei unser Besch\u00fctzer<br>gegen die Bosheit und die Hinterhalte des Teufels.<br>Gott m\u00f6ge seine K\u00fchnheit z\u00fcgeln;<br>so lautet unser dem\u00fctiges Gebet.<br>Und Sie, Prinz der himmlischen Miliz,<br>durch die g\u00f6ttliche Macht, die Ihnen anvertraut wurde,<br>st\u00fcrzen Sie Satan und andere b\u00f6se Geister in die H\u00f6lle,<br>die die Welt bereisen<br>f\u00fcr den Verlust der Seelen.<\/mark><\/p>\n\n\n\n<p class=\"has-medium-font-size wp-block-paragraph\"><strong>Gebet an seinen Schutzengel<\/strong><\/p>\n\n\n\n<p class=\"has-medium-font-size wp-block-paragraph\"><mark style=\"background-color:rgba(0, 0, 0, 0);color:#0071a1\" class=\"has-inline-color\">\u00d4\u00a0Saint Ange, que Dieu, par un effet de Sa bont\u00e9 sur moi, a charg\u00e9 du soin de ma conduite, vous qui m&#8217;assistez dans mes afflictions, qui me soutenez dans mes d\u00e9couragements, et qui m&#8217;obtenez sans cesse de nouvelles faveurs, je vous rends de tr\u00e8s humbles actions de gr\u00e2ces, et je vous conjure, aimable protecteur, de me continuer vos charitables soins, de me d\u00e9fendre contre tous mes ennemis, d&#8217;\u00e9loigner de moi les occasions du p\u00e9ch\u00e9, de m&#8217;obtenir que je sois docile \u00e0 \u00e9couter vos inspirations et fid\u00e8le \u00e0 les suivre, de me prot\u00e9ger de l&#8217;heure de ma mort, et de ne point me quitter que vous ne m&#8217;ayez conduit au s\u00e9jour du repos \u00e9ternel.\u00a0&#8220;<\/mark><\/p>","protected":false},"featured_media":6654,"template":"","class_list":["post-2104","prieres","type-prieres","status-publish","has-post-thumbnail","hentry"],"_links":{"self":[{"href":"https:\/\/salve-corda.org\/de\/wp-json\/wp\/v2\/prieres\/2104","targetHints":{"allow":["GET"]}}],"collection":[{"href":"https:\/\/salve-corda.org\/de\/wp-json\/wp\/v2\/prieres"}],"about":[{"href":"https:\/\/salve-corda.org\/de\/wp-json\/wp\/v2\/types\/prieres"}],"version-history":[{"count":1,"href":"https:\/\/salve-corda.org\/de\/wp-json\/wp\/v2\/prieres\/2104\/revisions"}],"predecessor-version":[{"id":6653,"href":"https:\/\/salve-corda.org\/de\/wp-json\/wp\/v2\/prieres\/2104\/revisions\/6653"}],"wp:featuredmedia":[{"embeddable":true,"href":"https:\/\/salve-corda.org\/de\/wp-json\/wp\/v2\/media\/6654"}],"wp:attachment":[{"href":"https:\/\/salve-corda.org\/de\/wp-json\/wp\/v2\/media?parent=2104"}],"curies":[{"name":"wp","href":"https:\/\/api.w.org\/{rel}","templated":true}]}}