{"id":1704,"date":"2021-09-01T10:26:43","date_gmt":"2021-09-01T08:26:43","guid":{"rendered":"https:\/\/salve-corda.org\/?page_id=1704"},"modified":"2024-03-22T16:08:32","modified_gmt":"2024-03-22T15:08:32","slug":"faire-un-don","status":"publish","type":"page","link":"https:\/\/salve-corda.org\/en\/faire-un-don\/","title":{"rendered":"Make a donation"},"content":{"rendered":"<div data-elementor-type=\"wp-page\" data-elementor-id=\"1704\" class=\"elementor elementor-1704\">\n\t\t\t\t\t\t<section class=\"elementor-section elementor-top-section elementor-element elementor-element-298bd7c elementor-section-boxed elementor-section-height-default elementor-section-height-default\" data-id=\"298bd7c\" data-element_type=\"section\" data-e-type=\"section\">\n\t\t\t\t\t\t<div class=\"elementor-container elementor-column-gap-default\">\n\t\t\t\t\t<div class=\"elementor-column elementor-col-100 elementor-top-column elementor-element elementor-element-c7e960f\" data-id=\"c7e960f\" data-element_type=\"column\" data-e-type=\"column\">\n\t\t\t<div class=\"elementor-widget-wrap elementor-element-populated\">\n\t\t\t\t\t\t<div class=\"elementor-element elementor-element-9f6792e elementor-widget elementor-widget-spacer\" data-id=\"9f6792e\" data-element_type=\"widget\" data-e-type=\"widget\" data-widget_type=\"spacer.default\">\n\t\t\t\t<div class=\"elementor-widget-container\">\n\t\t\t\t\t\t\t<div class=\"elementor-spacer\">\n\t\t\t<div class=\"elementor-spacer-inner\"><\/div>\n\t\t<\/div>\n\t\t\t\t\t\t<\/div>\n\t\t\t\t<\/div>\n\t\t\t\t\t<\/div>\n\t\t<\/div>\n\t\t\t\t\t<\/div>\n\t\t<\/section>\n\t\t\t\t<section class=\"elementor-section elementor-top-section elementor-element elementor-element-5fc4dc0 elementor-section-boxed elementor-section-height-default elementor-section-height-default\" data-id=\"5fc4dc0\" data-element_type=\"section\" data-e-type=\"section\">\n\t\t\t\t\t\t<div class=\"elementor-container elementor-column-gap-default\">\n\t\t\t\t\t<div class=\"elementor-column elementor-col-100 elementor-top-column elementor-element elementor-element-5fb6cf3\" data-id=\"5fb6cf3\" data-element_type=\"column\" data-e-type=\"column\">\n\t\t\t<div class=\"elementor-widget-wrap elementor-element-populated\">\n\t\t\t\t\t\t<div class=\"elementor-element elementor-element-45586e8 elementor-widget elementor-widget-heading\" data-id=\"45586e8\" data-element_type=\"widget\" data-e-type=\"widget\" data-widget_type=\"heading.default\">\n\t\t\t\t<div class=\"elementor-widget-container\">\n\t\t\t\t\t<h2 class=\"elementor-heading-title elementor-size-default\">HELP US<\/h2>\t\t\t\t<\/div>\n\t\t\t\t<\/div>\n\t\t\t\t<div class=\"elementor-element elementor-element-d4f3099 elementor-widget elementor-widget-text-editor\" data-id=\"d4f3099\" data-element_type=\"widget\" data-e-type=\"widget\" data-widget_type=\"text-editor.default\">\n\t\t\t\t<div class=\"elementor-widget-container\">\n\t\t\t\t\t\t\t\t\t<p><span style=\"color: var( --e-global-color-text ); font-family: var( --e-global-typography-text-font-family ), Sans-serif; font-size: var( --e-global-typography-text-font-size );\">L&#8217;Alliance Salve Corda des \u201c1er samedi du mois\u201c est une structure l\u00e9g\u00e8re qui n&#8217;a presque\u00a0<\/span><b style=\"color: var( --e-global-color-text ); font-family: var( --e-global-typography-text-font-family ), Sans-serif; font-size: var( --e-global-typography-text-font-size );\">no fixed costs<\/b><span style=\"color: var( --e-global-color-text ); font-family: var( --e-global-typography-text-font-family ), Sans-serif; font-size: var( --e-global-typography-text-font-size );\">\u00a0and works\u00a0<\/span><span style=\"color: var( --e-global-color-text ); font-family: var( --e-global-typography-text-font-family ), Sans-serif; font-size: var( --e-global-typography-text-font-size );\">without a permanent appeal for donations<\/span><span style=\"color: var( --e-global-color-text ); font-family: var( --e-global-typography-text-font-family ), Sans-serif; font-size: var( --e-global-typography-text-font-size ); font-weight: bold;\"> dans un esprit de pauvret\u00e9 et d&#8217;abandon \u00e0 la Providence. <\/span><span style=\"color: var( --e-global-color-text ); font-family: var( --e-global-typography-text-font-family ), Sans-serif; font-size: var( --e-global-typography-text-font-size );\">L<\/span><span style=\"font-family: var( --e-global-typography-text-font-family ), Sans-serif;\"><span style=\"color: var( --e-global-color-text );\">&#8216;\u00e9chelon central de coordination est compos\u00e9 de quelques b\u00e9n\u00e9voles qui donnent du temps en plus de leur m\u00e9tier et financent\u00a0<\/span><\/span>personally<span style=\"font-family: var( --e-global-typography-text-font-family ), Sans-serif;\"><span style=\"color: var( --e-global-color-text );\">\u00a0minimum requirements\u00a0<\/span><\/span><span style=\"color: var( --e-global-color-text ); font-family: var( --e-global-typography-text-font-family ), Sans-serif; font-size: var( --e-global-typography-text-font-size );\"><span style=\"color: var( --e-global-color-text );\">dans l&#8217;esprit des crois\u00e9s qui\u00a0<\/span><\/span><span style=\"color: var( --e-global-color-text ); font-family: var( --e-global-typography-text-font-family ), Sans-serif; font-size: var( --e-global-typography-text-font-size );\">financed<\/span><span style=\"color: var( --e-global-color-text ); font-family: var( --e-global-typography-text-font-family ), Sans-serif; font-size: var( --e-global-typography-text-font-size );\"><span style=\"color: var( --e-global-color-text );\">\u00a0their own equipment.<\/span><\/span><\/p><p><span style=\"font-family: var( --e-global-typography-text-font-family ), Sans-serif;\"><span style=\"color: var( --e-global-color-text );\">\u00a0<\/span><\/span><\/p><p><span style=\"font-family: var( --e-global-typography-text-font-family ), Sans-serif;\"><span style=\"color: var( --e-global-color-text );\">However, in the face of strong growth in\u00a0<\/span><\/span>l&#8217;Alliance<span style=\"font-family: var( --e-global-typography-text-font-family ), Sans-serif;\"><span style=\"color: var( --e-global-color-text );\">\u00a0 one-off assistance (financial or in kind) on three points would enable us to better develop the 1st Saturdays of the month:<\/span><\/span><\/p><p><span style=\"font-family: var( --e-global-typography-text-font-family ), Sans-serif;\"><span style=\"color: var( --e-global-color-text );\">\u00a0<\/span><\/span><\/p><p>1- Website improvement and management, mailing subscription.<\/p><p>2- Produce a multilingual video on the 1st Saturday of the month<\/p><p>3- Have one or two permanent or part-time correspondents (salary or donated time minimum half-time)<\/p><p>\u00a0<\/p><p>\u00a0<\/p><p>Pour toute proposition d&#8217;aide merci de nous \u00e9crire \u00e0 l&#8217;adresse: \u00a0 \u00a0\u00a0<span style=\"text-decoration: underline;\"><span style=\"color: #0000ff; text-decoration: underline;\">\u00a0<a style=\"color: #0000ff; text-decoration: underline;\" href=\"https:\/\/salve-corda.org\/en\/contact\/\" target=\"_blank\" rel=\"noopener\"><b>coordination (at) salve-corda.org<\/b><\/a><\/span><\/span><\/p><p><b>\u00a0<\/b><\/p><p>Thank you in advance and may God keep you.<\/p><p>\u00a0<\/p>\t\t\t\t\t\t\t\t<\/div>\n\t\t\t\t<\/div>\n\t\t\t\t\t<\/div>\n\t\t<\/div>\n\t\t\t\t\t<\/div>\n\t\t<\/section>\n\t\t\t\t<\/div>","protected":false},"excerpt":{"rendered":"<p>NOUS aider L&#8217;Alliance Salve Corda des \u201c1er samedi du mois\u201c est une structure l\u00e9g\u00e8re qui n&#8217;a presque\u00a0pas de\u00a0frais fixes\u00a0et fonctionne\u00a0sans appel permanent aux dons dans un esprit de pauvret\u00e9 et d&#8217;abandon \u00e0 la [&hellip;]<\/p>","protected":false},"author":1,"featured_media":0,"parent":0,"menu_order":0,"comment_status":"closed","ping_status":"closed","template":"elementor_header_footer","meta":{"footnotes":""},"class_list":["post-1704","page","type-page","status-publish","hentry"],"_links":{"self":[{"href":"https:\/\/salve-corda.org\/en\/wp-json\/wp\/v2\/pages\/1704","targetHints":{"allow":["GET"]}}],"collection":[{"href":"https:\/\/salve-corda.org\/en\/wp-json\/wp\/v2\/pages"}],"about":[{"href":"https:\/\/salve-corda.org\/en\/wp-json\/wp\/v2\/types\/page"}],"author":[{"embeddable":true,"href":"https:\/\/salve-corda.org\/en\/wp-json\/wp\/v2\/users\/1"}],"replies":[{"embeddable":true,"href":"https:\/\/salve-corda.org\/en\/wp-json\/wp\/v2\/comments?post=1704"}],"version-history":[{"count":46,"href":"https:\/\/salve-corda.org\/en\/wp-json\/wp\/v2\/pages\/1704\/revisions"}],"predecessor-version":[{"id":7993,"href":"https:\/\/salve-corda.org\/en\/wp-json\/wp\/v2\/pages\/1704\/revisions\/7993"}],"wp:attachment":[{"href":"https:\/\/salve-corda.org\/en\/wp-json\/wp\/v2\/media?parent=1704"}],"curies":[{"name":"wp","href":"https:\/\/api.w.org\/{rel}","templated":true}]}}