{"id":444,"date":"2020-09-25T14:49:11","date_gmt":"2020-09-25T12:49:11","guid":{"rendered":"https:\/\/salve-corda.org\/?page_id=444"},"modified":"2025-02-04T12:29:12","modified_gmt":"2025-02-04T11:29:12","slug":"mediter-les-negligences-de-lhistoire","status":"publish","type":"page","link":"https:\/\/salve-corda.org\/en\/mediter-les-negligences-de-lhistoire\/","title":{"rendered":"M\u00e9diter les n\u00e9gligences de l&#8217;histoire"},"content":{"rendered":"<div data-elementor-type=\"wp-page\" data-elementor-id=\"444\" class=\"elementor elementor-444\">\n\t\t\t\t\t\t<section class=\"elementor-section elementor-top-section elementor-element elementor-element-f9167d2 elementor-section-boxed elementor-section-height-default elementor-section-height-default\" data-id=\"f9167d2\" data-element_type=\"section\" data-e-type=\"section\">\n\t\t\t\t\t\t<div class=\"elementor-container elementor-column-gap-default\">\n\t\t\t\t\t<div class=\"elementor-column elementor-col-100 elementor-top-column elementor-element elementor-element-f87253f\" data-id=\"f87253f\" data-element_type=\"column\" data-e-type=\"column\">\n\t\t\t<div class=\"elementor-widget-wrap elementor-element-populated\">\n\t\t\t\t\t\t<div class=\"elementor-element elementor-element-33f19db elementor-widget elementor-widget-spacer\" data-id=\"33f19db\" data-element_type=\"widget\" data-e-type=\"widget\" data-widget_type=\"spacer.default\">\n\t\t\t\t<div class=\"elementor-widget-container\">\n\t\t\t\t\t\t\t<div class=\"elementor-spacer\">\n\t\t\t<div class=\"elementor-spacer-inner\"><\/div>\n\t\t<\/div>\n\t\t\t\t\t\t<\/div>\n\t\t\t\t<\/div>\n\t\t\t\t\t<\/div>\n\t\t<\/div>\n\t\t\t\t\t<\/div>\n\t\t<\/section>\n\t\t\t\t<section class=\"elementor-section elementor-top-section elementor-element elementor-element-0c86489 elementor-section-boxed elementor-section-height-default elementor-section-height-default\" data-id=\"0c86489\" data-element_type=\"section\" data-e-type=\"section\">\n\t\t\t\t\t\t<div class=\"elementor-container elementor-column-gap-default\">\n\t\t\t\t\t<div class=\"elementor-column elementor-col-100 elementor-top-column elementor-element elementor-element-815d35f\" data-id=\"815d35f\" data-element_type=\"column\" data-e-type=\"column\">\n\t\t\t<div class=\"elementor-widget-wrap elementor-element-populated\">\n\t\t\t\t\t\t<div class=\"elementor-element elementor-element-e21480d elementor-widget elementor-widget-heading\" data-id=\"e21480d\" data-element_type=\"widget\" data-e-type=\"widget\" data-widget_type=\"heading.default\">\n\t\t\t\t<div class=\"elementor-widget-container\">\n\t\t\t\t\t<h2 class=\"elementor-heading-title elementor-size-default\">THE NEGLIGENCE OF MEN IN THE FACE OF THE DEMANDS OF THE HEARTS OF JESUS AND MARY<\/h2>\t\t\t\t<\/div>\n\t\t\t\t<\/div>\n\t\t\t\t\t<\/div>\n\t\t<\/div>\n\t\t\t\t\t<\/div>\n\t\t<\/section>\n\t\t\t\t<section class=\"elementor-section elementor-top-section elementor-element elementor-element-a678870 elementor-section-boxed elementor-section-height-default elementor-section-height-default\" data-id=\"a678870\" data-element_type=\"section\" data-e-type=\"section\">\n\t\t\t\t\t\t<div class=\"elementor-container elementor-column-gap-default\">\n\t\t\t\t\t<div class=\"elementor-column elementor-col-100 elementor-top-column elementor-element elementor-element-ba5ad3c\" data-id=\"ba5ad3c\" data-element_type=\"column\" data-e-type=\"column\">\n\t\t\t<div class=\"elementor-widget-wrap elementor-element-populated\">\n\t\t\t\t\t\t<div class=\"elementor-element elementor-element-a8c50d6 elementor-widget elementor-widget-heading\" data-id=\"a8c50d6\" data-element_type=\"widget\" data-e-type=\"widget\" data-widget_type=\"heading.default\">\n\t\t\t\t<div class=\"elementor-widget-container\">\n\t\t\t\t\t<h3 class=\"elementor-heading-title elementor-size-default\">1 - eighteenth century: refusal to accept the call of the sacre-coeuR<\/h3>\t\t\t\t<\/div>\n\t\t\t\t<\/div>\n\t\t\t\t\t<\/div>\n\t\t<\/div>\n\t\t\t\t\t<\/div>\n\t\t<\/section>\n\t\t\t\t<section class=\"elementor-section elementor-top-section elementor-element elementor-element-7fb00ac elementor-section-boxed elementor-section-height-default elementor-section-height-default\" data-id=\"7fb00ac\" data-element_type=\"section\" data-e-type=\"section\">\n\t\t\t\t\t\t<div class=\"elementor-container elementor-column-gap-default\">\n\t\t\t\t\t<div class=\"elementor-column elementor-col-50 elementor-top-column elementor-element elementor-element-23654de\" data-id=\"23654de\" data-element_type=\"column\" data-e-type=\"column\">\n\t\t\t<div class=\"elementor-widget-wrap elementor-element-populated\">\n\t\t\t\t\t\t<div class=\"elementor-element elementor-element-26d0115 elementor-widget elementor-widget-text-editor\" data-id=\"26d0115\" data-element_type=\"widget\" data-e-type=\"widget\" data-widget_type=\"text-editor.default\">\n\t\t\t\t<div class=\"elementor-widget-container\">\n\t\t\t\t\t\t\t\t\t<p><span style=\"color: var( --e-global-color-text ); font-family: var( --e-global-typography-18e5089-font-family ), Sans-serif; font-size: var( --e-global-typography-18e5089-font-size ); font-weight: var( --e-global-typography-18e5089-font-weight ); letter-spacing: var( --e-global-typography-18e5089-letter-spacing );\">\u00a0<\/span><\/p><p><span style=\"color: var( --e-global-color-text ); font-family: var( --e-global-typography-18e5089-font-family ), Sans-serif; font-size: var( --e-global-typography-18e5089-font-size ); font-weight: var( --e-global-typography-18e5089-font-weight ); letter-spacing: var( --e-global-typography-18e5089-letter-spacing );\">Les apparitions du Sacr\u00e9-C\u0153ur \u00e0 Paray-le-Monial se sont cl\u00f4tur\u00e9es le 17 juin 1689. Ce jour-l\u00e0, le Christ a r\u00e9v\u00e9l\u00e9 \u00e0 Sainte Marguerite-Marie qu&#8217;il voulait la cons\u00e9cration officielle du Roi de France au Sacr\u00e9-C\u0153ur, et l\u2019apposition de son\u00a0<\/span><span style=\"color: var( --e-global-color-text ); font-family: var( --e-global-typography-18e5089-font-family ), Sans-serif; font-size: var( --e-global-typography-18e5089-font-size ); font-weight: var( --e-global-typography-18e5089-font-weight ); letter-spacing: var( --e-global-typography-18e5089-letter-spacing );\">Heart<\/span><span style=\"color: var( --e-global-color-text ); font-family: var( --e-global-typography-18e5089-font-family ), Sans-serif; font-size: var( --e-global-typography-18e5089-font-size ); font-weight: var( --e-global-typography-18e5089-font-weight ); letter-spacing: var( --e-global-typography-18e5089-letter-spacing );\">\u00a0sur les armes de la France. Ses demandes n&#8217;ont h\u00e9las pas \u00e9t\u00e9 r\u00e9alis\u00e9es et le<\/span><span style=\"color: var( --e-global-color-text ); font-family: var( --e-global-typography-18e5089-font-family ), Sans-serif; font-size: var( --e-global-typography-18e5089-font-size ); font-weight: var( --e-global-typography-18e5089-font-weight ); letter-spacing: var( --e-global-typography-18e5089-letter-spacing );\">\u00a0June 17, 1789, a century later <\/span><u style=\"color: var( --e-global-color-text ); font-family: var( --e-global-typography-18e5089-font-family ), Sans-serif; font-size: var( --e-global-typography-18e5089-font-size ); font-weight: var( --e-global-typography-18e5089-font-weight ); letter-spacing: var( --e-global-typography-18e5089-letter-spacing );\"><b>day for day<\/b><\/u><span style=\"color: var( --e-global-color-text ); font-family: var( --e-global-typography-18e5089-font-family ), Sans-serif; font-size: var( --e-global-typography-18e5089-font-size ); font-weight: var( --e-global-typography-18e5089-font-weight ); letter-spacing: var( --e-global-typography-18e5089-letter-spacing );\">the Estates General met to abolish royal power.\u00a0<\/span><\/p><p><span style=\"color: var( --e-global-color-text ); font-family: var( --e-global-typography-18e5089-font-family ), Sans-serif; font-size: var( --e-global-typography-18e5089-font-size ); font-weight: var( --e-global-typography-18e5089-font-weight ); letter-spacing: var( --e-global-typography-18e5089-letter-spacing );\">\u00a0<\/span><\/p><p><span style=\"color: var( --e-global-color-text ); font-family: var( --e-global-typography-18e5089-font-family ), Sans-serif; font-size: var( --e-global-typography-18e5089-font-size ); font-weight: var( --e-global-typography-18e5089-font-weight ); letter-spacing: var( --e-global-typography-18e5089-letter-spacing );\">The French Revolution began, killing hundreds of thousands of peasants, nobles and clerics. This same revolution then led to the Napoleonic Wars, the precursors of the World Wars. These terrible changes can be seen as <\/span><b style=\"color: var( --e-global-color-text ); font-family: var( --e-global-typography-18e5089-font-family ), Sans-serif; font-size: var( --e-global-typography-18e5089-font-size ); letter-spacing: var( --e-global-typography-18e5089-letter-spacing );\">the consequences of refusing to implement the Sacred Heart's requests.<\/b><\/p>\t\t\t\t\t\t\t\t<\/div>\n\t\t\t\t<\/div>\n\t\t\t\t\t<\/div>\n\t\t<\/div>\n\t\t\t\t<div class=\"elementor-column elementor-col-50 elementor-top-column elementor-element elementor-element-af65bb9\" data-id=\"af65bb9\" data-element_type=\"column\" data-e-type=\"column\">\n\t\t\t<div class=\"elementor-widget-wrap elementor-element-populated\">\n\t\t\t\t\t\t<div class=\"elementor-element elementor-element-f016b1e elementor-widget elementor-widget-image\" data-id=\"f016b1e\" data-element_type=\"widget\" data-e-type=\"widget\" data-widget_type=\"image.default\">\n\t\t\t\t<div class=\"elementor-widget-container\">\n\t\t\t\t\t\t\t\t\t\t\t\t\t\t\t<img fetchpriority=\"high\" decoding=\"async\" width=\"522\" height=\"608\" src=\"https:\/\/salve-corda.org\/wp-content\/uploads\/2021\/07\/revolution.png\" class=\"attachment-large size-large wp-image-788\" alt=\"\" srcset=\"https:\/\/salve-corda.org\/wp-content\/uploads\/2021\/07\/revolution.png 522w, https:\/\/salve-corda.org\/wp-content\/uploads\/2021\/07\/revolution-258x300.png 258w\" sizes=\"(max-width: 522px) 100vw, 522px\" \/>\t\t\t\t\t\t\t\t\t\t\t\t\t\t\t<\/div>\n\t\t\t\t<\/div>\n\t\t\t\t\t<\/div>\n\t\t<\/div>\n\t\t\t\t\t<\/div>\n\t\t<\/section>\n\t\t\t\t<section class=\"elementor-section elementor-top-section elementor-element elementor-element-eacccf8 elementor-section-boxed elementor-section-height-default elementor-section-height-default\" data-id=\"eacccf8\" data-element_type=\"section\" data-e-type=\"section\" data-settings=\"{&quot;background_background&quot;:&quot;classic&quot;}\">\n\t\t\t\t\t\t<div class=\"elementor-container elementor-column-gap-default\">\n\t\t\t\t\t<div class=\"elementor-column elementor-col-100 elementor-top-column elementor-element elementor-element-ecc13fb\" data-id=\"ecc13fb\" data-element_type=\"column\" data-e-type=\"column\">\n\t\t\t<div class=\"elementor-widget-wrap elementor-element-populated\">\n\t\t\t\t\t\t<div class=\"elementor-element elementor-element-304f966 elementor-widget elementor-widget-heading\" data-id=\"304f966\" data-element_type=\"widget\" data-e-type=\"widget\" data-widget_type=\"heading.default\">\n\t\t\t\t<div class=\"elementor-widget-container\">\n\t\t\t\t\t<h3 class=\"elementor-heading-title elementor-size-default\">2 - Men's belated response over 100 years later \n<\/h3>\t\t\t\t<\/div>\n\t\t\t\t<\/div>\n\t\t\t\t\t<\/div>\n\t\t<\/div>\n\t\t\t\t\t<\/div>\n\t\t<\/section>\n\t\t\t\t<section class=\"elementor-section elementor-top-section elementor-element elementor-element-b77e2b5 elementor-section-boxed elementor-section-height-default elementor-section-height-default\" data-id=\"b77e2b5\" data-element_type=\"section\" data-e-type=\"section\" data-settings=\"{&quot;background_background&quot;:&quot;classic&quot;}\">\n\t\t\t\t\t\t<div class=\"elementor-container elementor-column-gap-default\">\n\t\t\t\t\t<div class=\"elementor-column elementor-col-50 elementor-top-column elementor-element elementor-element-8abb034\" data-id=\"8abb034\" data-element_type=\"column\" data-e-type=\"column\">\n\t\t\t<div class=\"elementor-widget-wrap elementor-element-populated\">\n\t\t\t\t\t\t<div class=\"elementor-element elementor-element-32bd5ba elementor-widget elementor-widget-image\" data-id=\"32bd5ba\" data-element_type=\"widget\" data-e-type=\"widget\" data-widget_type=\"image.default\">\n\t\t\t\t<div class=\"elementor-widget-container\">\n\t\t\t\t\t\t\t\t\t\t\t\t\t\t\t<img decoding=\"async\" width=\"640\" height=\"601\" src=\"https:\/\/salve-corda.org\/wp-content\/uploads\/2021\/07\/montmartre.png\" class=\"attachment-large size-large wp-image-789\" alt=\"\" srcset=\"https:\/\/salve-corda.org\/wp-content\/uploads\/2021\/07\/montmartre.png 683w, https:\/\/salve-corda.org\/wp-content\/uploads\/2021\/07\/montmartre-300x282.png 300w\" sizes=\"(max-width: 640px) 100vw, 640px\" \/>\t\t\t\t\t\t\t\t\t\t\t\t\t\t\t<\/div>\n\t\t\t\t<\/div>\n\t\t\t\t\t<\/div>\n\t\t<\/div>\n\t\t\t\t<div class=\"elementor-column elementor-col-50 elementor-top-column elementor-element elementor-element-9e54960\" data-id=\"9e54960\" data-element_type=\"column\" data-e-type=\"column\">\n\t\t\t<div class=\"elementor-widget-wrap elementor-element-populated\">\n\t\t\t\t\t\t<div class=\"elementor-element elementor-element-6d6070f elementor-widget elementor-widget-text-editor\" data-id=\"6d6070f\" data-element_type=\"widget\" data-e-type=\"widget\" data-widget_type=\"text-editor.default\">\n\t\t\t\t<div class=\"elementor-widget-container\">\n\t\t\t\t\t\t\t\t\t<p><span style=\"color: var( --e-global-color-text ); font-family: var( --e-global-typography-18e5089-font-family ), Sans-serif; font-size: var( --e-global-typography-18e5089-font-size ); font-weight: var( --e-global-typography-18e5089-font-weight ); letter-spacing: var( --e-global-typography-18e5089-letter-spacing ); background-color: var( --e-global-color-f890547 );\">After his impeachment, Louis XVI understood the error of his ways and those of his predecessors. In prison (<\/span><span style=\"color: var( --e-global-color-text ); font-family: var( --e-global-typography-18e5089-font-family ), Sans-serif; font-size: var( --e-global-typography-18e5089-font-size ); font-weight: var( --e-global-typography-18e5089-font-weight ); letter-spacing: var( --e-global-typography-18e5089-letter-spacing ); background-color: var( --e-global-color-f890547 );\">July 1792)<\/span><span style=\"color: var( --e-global-color-text ); font-family: var( --e-global-typography-18e5089-font-family ), Sans-serif; font-size: var( --e-global-typography-18e5089-font-size ); font-weight: var( --e-global-typography-18e5089-font-weight ); letter-spacing: var( --e-global-typography-18e5089-letter-spacing ); background-color: var( --e-global-color-f890547 );\">\u00a0il fera le v\u0153u d&#8217;ob\u00e9ir au\u00a0<\/span><span style=\"color: var( --e-global-color-text ); font-family: var( --e-global-typography-18e5089-font-family ), Sans-serif; font-size: var( --e-global-typography-18e5089-font-size ); font-weight: var( --e-global-typography-18e5089-font-weight ); letter-spacing: var( --e-global-typography-18e5089-letter-spacing ); background-color: var( --e-global-color-f890547 );\">Sacr\u00e9-C\u0153ur<\/span><span style=\"color: var( --e-global-color-text ); font-family: var( --e-global-typography-18e5089-font-family ), Sans-serif; font-size: var( --e-global-typography-18e5089-font-size ); font-weight: var( --e-global-typography-18e5089-font-weight ); letter-spacing: var( --e-global-typography-18e5089-letter-spacing ); background-color: var( --e-global-color-f890547 );\">\u00a0et de r\u00e9aliser ses demandes s&#8217;il revenait sur le tr\u00f4ne de France.\u00a0<\/span><span style=\"color: var( --e-global-color-text ); font-family: var( --e-global-typography-18e5089-font-family ), Sans-serif; font-size: var( --e-global-typography-18e5089-font-size ); font-weight: var( --e-global-typography-18e5089-font-weight ); letter-spacing: var( --e-global-typography-18e5089-letter-spacing ); background-color: var( --e-global-color-f890547 );\"><span style=\"font-weight: bold;\">But it was too late<\/span><\/span><span style=\"color: var( --e-global-color-text ); font-family: var( --e-global-typography-18e5089-font-family ), Sans-serif; font-size: var( --e-global-typography-18e5089-font-size ); font-weight: var( --e-global-typography-18e5089-font-weight ); letter-spacing: var( --e-global-typography-18e5089-letter-spacing ); background-color: var( --e-global-color-f890547 );\">\u00a0because he no longer held the power. However, this act gave rise to a new fervor for the Sacred Heart. To restore a Catholic France\u00a0<\/span><span style=\"color: var( --e-global-color-text ); font-family: var( --e-global-typography-18e5089-font-family ), Sans-serif; font-size: var( --e-global-typography-18e5089-font-size ); font-weight: var( --e-global-typography-18e5089-font-weight ); letter-spacing: var( --e-global-typography-18e5089-letter-spacing ); background-color: var( --e-global-color-f890547 );\">will rise up wearing the insignia of the Sacred Heart on their chests.\u00a0<\/span><\/p><p><span style=\"color: var( --e-global-color-text ); font-family: var( --e-global-typography-18e5089-font-family ), Sans-serif; font-size: var( --e-global-typography-18e5089-font-size ); font-weight: var( --e-global-typography-18e5089-font-weight ); letter-spacing: var( --e-global-typography-18e5089-letter-spacing ); background-color: var( --e-global-color-f890547 );\">\u00a0<\/span><\/p><p>\u00a0<\/p><p>Les martyres des guerres de Vend\u00e9e seront la semence de la d\u00e9votion au Sacr\u00e9-C\u0153ur. Au XIX\u00e8me si\u00e8cle cette d\u00e9votion s&#8217;\u00e9tendra partout. D&#8217;innombrables \u00e9glises, vitraux, statues seront \u00e9rig\u00e9es en son honneur. D<span style=\"color: var( --e-global-color-text ); font-family: var( --e-global-typography-18e5089-font-family ), Sans-serif; font-size: var( --e-global-typography-18e5089-font-size ); font-weight: var( --e-global-typography-18e5089-font-weight ); letter-spacing: var( --e-global-typography-18e5089-letter-spacing ); background-color: var( --e-global-color-f890547 );\">eligious orders dedicated to the Sacred Heart will be founded<\/span><span style=\"color: var( --e-global-color-text ); font-family: var( --e-global-typography-18e5089-font-family ), Sans-serif; font-size: var( --e-global-typography-18e5089-font-size ); font-weight: var( --e-global-typography-18e5089-font-weight ); letter-spacing: var( --e-global-typography-18e5089-letter-spacing ); background-color: var( --e-global-color-f890547 );\">\u00a0and travel the world. Pope Pius IX extended the feast of the Sacred Heart to the whole Church, and France built its own basilica in Paris.\u00a0<\/span><\/p><p><span style=\"color: var( --e-global-color-text ); font-family: var( --e-global-typography-18e5089-font-family ), Sans-serif; font-size: var( --e-global-typography-18e5089-font-size ); font-weight: var( --e-global-typography-18e5089-font-weight ); letter-spacing: var( --e-global-typography-18e5089-letter-spacing ); background-color: var( --e-global-color-f890547 );\">Then, in the face of such reparation, Christ will send us a second chance at salvation: <\/span><b style=\"color: var( --e-global-color-text ); font-family: var( --e-global-typography-18e5089-font-family ), Sans-serif; font-size: var( --e-global-typography-18e5089-font-size ); letter-spacing: var( --e-global-typography-18e5089-letter-spacing ); background-color: var( --e-global-color-f890547 );\">his Mother.<\/b><\/p>\t\t\t\t\t\t\t\t<\/div>\n\t\t\t\t<\/div>\n\t\t\t\t\t<\/div>\n\t\t<\/div>\n\t\t\t\t\t<\/div>\n\t\t<\/section>\n\t\t\t\t<section class=\"elementor-section elementor-top-section elementor-element elementor-element-e857d31 elementor-section-boxed elementor-section-height-default elementor-section-height-default\" data-id=\"e857d31\" data-element_type=\"section\" data-e-type=\"section\">\n\t\t\t\t\t\t<div class=\"elementor-container elementor-column-gap-default\">\n\t\t\t\t\t<div class=\"elementor-column elementor-col-100 elementor-top-column elementor-element elementor-element-57144c4\" data-id=\"57144c4\" data-element_type=\"column\" data-e-type=\"column\">\n\t\t\t<div class=\"elementor-widget-wrap elementor-element-populated\">\n\t\t\t\t\t\t<div class=\"elementor-element elementor-element-cfee38e elementor-widget elementor-widget-heading\" data-id=\"cfee38e\" data-element_type=\"widget\" data-e-type=\"widget\" data-widget_type=\"heading.default\">\n\t\t\t\t<div class=\"elementor-widget-container\">\n\t\t\t\t\t<h3 class=\"elementor-heading-title elementor-size-default\">3 - The call of the Immaculate Heart of Mary and the 2nd refusal of men<\/h3>\t\t\t\t<\/div>\n\t\t\t\t<\/div>\n\t\t\t\t<div class=\"elementor-element elementor-element-b5de845 elementor-widget elementor-widget-text-editor\" data-id=\"b5de845\" data-element_type=\"widget\" data-e-type=\"widget\" data-widget_type=\"text-editor.default\">\n\t\t\t\t<div class=\"elementor-widget-container\">\n\t\t\t\t\t\t\t\t\t<p style=\"text-align: left;\">The second half of the 19th century saw the start of a series of Marian apparitions, unique in the history of the world for the density and scope of their messages: Rue du Bac, Lourdes, La Salette, Pellevoisin (all recognized by the Church). This cycle will be crowned by <b>Fatima and devotion to\u00a0<\/b><span style=\"color: var( --e-global-color-text ); font-family: var( --e-global-typography-18e5089-font-family ), Sans-serif; font-size: var( --e-global-typography-18e5089-font-size ); letter-spacing: var( --e-global-typography-18e5089-letter-spacing ); text-align: justify;\"><b>Heart<\/b><\/span><b style=\"color: var( --e-global-color-text ); font-family: var( --e-global-typography-18e5089-font-family ), Sans-serif; font-size: var( --e-global-typography-18e5089-font-size ); letter-spacing: var( --e-global-typography-18e5089-letter-spacing );\">\u00a0Immaculate Heart of Mary.<\/b><span style=\"color: var( --e-global-color-text ); font-family: var( --e-global-typography-18e5089-font-family ), Sans-serif; font-size: var( --e-global-typography-18e5089-font-size ); font-weight: var( --e-global-typography-18e5089-font-weight ); letter-spacing: var( --e-global-typography-18e5089-letter-spacing );\">\u00a0Like the\u00a0<\/span><span style=\"color: var( --e-global-color-text ); font-family: var( --e-global-typography-18e5089-font-family ), Sans-serif; font-size: var( --e-global-typography-18e5089-font-size ); font-weight: var( --e-global-typography-18e5089-font-weight ); letter-spacing: var( --e-global-typography-18e5089-letter-spacing ); text-align: justify;\">Sacr\u00e9-C\u0153ur<\/span><span style=\"color: var( --e-global-color-text ); font-family: var( --e-global-typography-18e5089-font-family ), Sans-serif; font-size: var( --e-global-typography-18e5089-font-size ); font-weight: var( --e-global-typography-18e5089-font-weight ); letter-spacing: var( --e-global-typography-18e5089-letter-spacing );\">Our Lady will be making requests to halt the progress of Evil on earth and save the souls of sinners from Hell. These requests will be addressed to the faithful and to the Pope.<\/span><\/p><p style=\"text-align: left;\"><span style=\"color: var( --e-global-color-text ); font-family: var( --e-global-typography-18e5089-font-family ), Sans-serif; font-size: var( --e-global-typography-18e5089-font-size ); font-weight: var( --e-global-typography-18e5089-font-weight ); letter-spacing: var( --e-global-typography-18e5089-letter-spacing );\">\u00a0<\/span><\/p><p style=\"text-align: left;\"><span style=\"color: #6288c6;\"><em>\"If we do what I'm about to tell you, many souls will be saved and we'll have peace.\"<\/em><\/span><\/p><p style=\"text-align: left;\"><span style=\"color: #6288c6;\"><em>\u00a0<\/em><\/span><\/p><p style=\"text-align: left;\"><span style=\"color: #6288c6;\"><em>\"To prevent this (wars and persecutions editor's note) I will come to ask for the <u>consecration of Russia to my <\/u><u>Heart<\/u><u> Immaculate<\/u> (by the Pope and the Bishops) and <u>communion of atonement on the first saturday of the month<\/u>. <i>\"<\/i><\/em><\/span><\/p><p style=\"text-align: left;\"><span style=\"color: #6288c6;\"><em><i>\u00a0<\/i><\/em><\/span><\/p><p style=\"text-align: left;\"><span style=\"color: #6288c6;\">\"<\/span><i style=\"color: #6288c6;\">\u00a0War or peace depends on the practice of the 1st Saturday of the month and the consecration of Russia.<\/i><span style=\"color: #6288c6;\"><em><i><br \/><\/i><\/em><\/span><\/p><p style=\"text-align: left;\">\u00a0<\/p>\t\t\t\t\t\t\t\t<\/div>\n\t\t\t\t<\/div>\n\t\t\t\t\t<\/div>\n\t\t<\/div>\n\t\t\t\t\t<\/div>\n\t\t<\/section>\n\t\t\t\t<section class=\"elementor-section elementor-top-section elementor-element elementor-element-a504fa0 elementor-section-boxed elementor-section-height-default elementor-section-height-default\" data-id=\"a504fa0\" data-element_type=\"section\" data-e-type=\"section\">\n\t\t\t\t\t\t<div class=\"elementor-container elementor-column-gap-default\">\n\t\t\t\t\t<div class=\"elementor-column elementor-col-50 elementor-top-column elementor-element elementor-element-f224d4b\" data-id=\"f224d4b\" data-element_type=\"column\" data-e-type=\"column\">\n\t\t\t<div class=\"elementor-widget-wrap elementor-element-populated\">\n\t\t\t\t\t\t<div class=\"elementor-element elementor-element-329f799 elementor-widget elementor-widget-text-editor\" data-id=\"329f799\" data-element_type=\"widget\" data-e-type=\"widget\" data-widget_type=\"text-editor.default\">\n\t\t\t\t<div class=\"elementor-widget-container\">\n\t\t\t\t\t\t\t\t\t<p style=\"text-align: left;\">Pour la deuxi\u00e8me fois les fid\u00e8les se d\u00e9sint\u00e9resseront de ces demandes et n&#8217;appliqueront pas <b>On request, on the 1st Saturday of the month.<\/b>\u00a0Quant au Pape Pie XI, \u00e0 l&#8217;instar de Louis XIV, il ne r\u00e9alisera pas les demandes de Fatima.\u00a0<\/p><p style=\"text-align: left;\">In 1931, Christ and then the Blessed Virgin appeared to Sister Lucia and spoke of\u00a0<span style=\"font-weight: bold;\">twice\u00a0<\/span>\u00a0situation similarity:<\/p><p>\u00a0<\/p><p style=\"text-align: left;\"><em><span style=\"color: #6288c6;\">\"Let my Ministers know, since they are following the example of the King of France in delaying the execution of my request, that they will follow him in misfortune.\"<\/span><\/em><\/p><p style=\"text-align: right;\"><i>Christ Spring 1931 at\u00a0<\/i><i>Rianjo<\/i><\/p><p>\u00a0<\/p><p style=\"text-align: left;\"><em><span style=\"color: #6288c6;\">\u00a0<\/span><\/em><em><span style=\"color: #6288c6;\">\"They wouldn't listen to my request! Like the King of France, they will repent.\"\u00a0<\/span><\/em><\/p><p style=\"text-align: left;\"><i>The Blessed Virgin\u00a0<\/i><i>Rianjo<\/i><i>\u00a0summer\u00a0<\/i><i>1931<\/i><\/p><p style=\"text-align: left;\"><i>\u00a0<\/i><\/p><p>Pope Pius XI died in February 1939, and the Second World War broke out a few months later.<\/p>\t\t\t\t\t\t\t\t<\/div>\n\t\t\t\t<\/div>\n\t\t\t\t\t<\/div>\n\t\t<\/div>\n\t\t\t\t<div class=\"elementor-column elementor-col-50 elementor-top-column elementor-element elementor-element-0e78288\" data-id=\"0e78288\" data-element_type=\"column\" data-e-type=\"column\">\n\t\t\t<div class=\"elementor-widget-wrap elementor-element-populated\">\n\t\t\t\t\t\t<div class=\"elementor-element elementor-element-317d15e elementor-widget elementor-widget-image\" data-id=\"317d15e\" data-element_type=\"widget\" data-e-type=\"widget\" data-widget_type=\"image.default\">\n\t\t\t\t<div class=\"elementor-widget-container\">\n\t\t\t\t\t\t\t\t\t\t\t\t\t\t\t<img decoding=\"async\" width=\"640\" height=\"426\" src=\"https:\/\/salve-corda.org\/wp-content\/uploads\/2021\/07\/guerre-1.png\" class=\"attachment-large size-large wp-image-791\" alt=\"\" srcset=\"https:\/\/salve-corda.org\/wp-content\/uploads\/2021\/07\/guerre-1.png 675w, https:\/\/salve-corda.org\/wp-content\/uploads\/2021\/07\/guerre-1-300x200.png 300w\" sizes=\"(max-width: 640px) 100vw, 640px\" \/>\t\t\t\t\t\t\t\t\t\t\t\t\t\t\t<\/div>\n\t\t\t\t<\/div>\n\t\t\t\t\t<\/div>\n\t\t<\/div>\n\t\t\t\t\t<\/div>\n\t\t<\/section>\n\t\t\t\t<section class=\"elementor-section elementor-top-section elementor-element elementor-element-9c65dc7 elementor-section-boxed elementor-section-height-default elementor-section-height-default\" data-id=\"9c65dc7\" data-element_type=\"section\" data-e-type=\"section\" data-settings=\"{&quot;background_background&quot;:&quot;classic&quot;}\">\n\t\t\t\t\t\t<div class=\"elementor-container elementor-column-gap-default\">\n\t\t\t\t\t<div class=\"elementor-column elementor-col-100 elementor-top-column elementor-element elementor-element-8715cad\" data-id=\"8715cad\" data-element_type=\"column\" data-e-type=\"column\">\n\t\t\t<div class=\"elementor-widget-wrap elementor-element-populated\">\n\t\t\t\t\t\t<div class=\"elementor-element elementor-element-92c6191 elementor-widget elementor-widget-heading\" data-id=\"92c6191\" data-element_type=\"widget\" data-e-type=\"widget\" data-widget_type=\"heading.default\">\n\t\t\t\t<div class=\"elementor-widget-container\">\n\t\t\t\t\t<h3 class=\"elementor-heading-title elementor-size-default\">4 - CONSEQUENCES OF REFUSAL IN THE TWENTIETH CENTURY : Wars and totalitarianism <span style=\"color: var( --e-global-color-d0f9407 );font-family: var( --e-global-typography-de41d25-font-family ), Sans-serif;font-size: var( --e-global-typography-de41d25-font-size );font-weight: var( --e-global-typography-de41d25-font-weight );letter-spacing: var( --e-global-typography-de41d25-letter-spacing );text-transform: var( --e-global-typography-de41d25-text-transform );background-color: var( --e-global-color-f890547 )\"><\/span><br><\/h3>\t\t\t\t<\/div>\n\t\t\t\t<\/div>\n\t\t\t\t\t<\/div>\n\t\t<\/div>\n\t\t\t\t\t<\/div>\n\t\t<\/section>\n\t\t\t\t<section class=\"elementor-section elementor-top-section elementor-element elementor-element-4604821 elementor-section-boxed elementor-section-height-default elementor-section-height-default\" data-id=\"4604821\" data-element_type=\"section\" data-e-type=\"section\" data-settings=\"{&quot;background_background&quot;:&quot;classic&quot;}\">\n\t\t\t\t\t\t<div class=\"elementor-container elementor-column-gap-default\">\n\t\t\t\t\t<div class=\"elementor-column elementor-col-100 elementor-top-column elementor-element elementor-element-2356761\" data-id=\"2356761\" data-element_type=\"column\" data-e-type=\"column\">\n\t\t\t<div class=\"elementor-widget-wrap elementor-element-populated\">\n\t\t\t\t\t\t<div class=\"elementor-element elementor-element-57755d0 elementor-widget elementor-widget-text-editor\" data-id=\"57755d0\" data-element_type=\"widget\" data-e-type=\"widget\" data-widget_type=\"text-editor.default\">\n\t\t\t\t<div class=\"elementor-widget-container\">\n\t\t\t\t\t\t\t\t\t<p><span style=\"text-align: left;\">Malheureusement, les demandes de la Sainte Vierge n\u2019ont pas \u00e9t\u00e9 suivies au XX\u00e8me si\u00e8cle, la deuxi\u00e8me guerre mondiale a \u00e9clat\u00e9, et les dictateurs meurtriers n&#8217;ont cess\u00e9 leurs massacres et pers\u00e9cutions. Hitler, Staline, Pol Pot, Mao, etc.<\/span><br><\/p>\t\t\t\t\t\t\t\t<\/div>\n\t\t\t\t<\/div>\n\t\t\t\t\t<\/div>\n\t\t<\/div>\n\t\t\t\t\t<\/div>\n\t\t<\/section>\n\t\t\t\t<section class=\"elementor-section elementor-top-section elementor-element elementor-element-16b8a50 elementor-section-boxed elementor-section-height-default elementor-section-height-default\" data-id=\"16b8a50\" data-element_type=\"section\" data-e-type=\"section\" data-settings=\"{&quot;background_background&quot;:&quot;classic&quot;}\">\n\t\t\t\t\t\t<div class=\"elementor-container elementor-column-gap-default\">\n\t\t\t\t\t<div class=\"elementor-column elementor-col-50 elementor-top-column elementor-element elementor-element-7124357\" data-id=\"7124357\" data-element_type=\"column\" data-e-type=\"column\">\n\t\t\t<div class=\"elementor-widget-wrap elementor-element-populated\">\n\t\t\t\t\t\t<div class=\"elementor-element elementor-element-2244639 elementor-widget elementor-widget-image\" data-id=\"2244639\" data-element_type=\"widget\" data-e-type=\"widget\" data-widget_type=\"image.default\">\n\t\t\t\t<div class=\"elementor-widget-container\">\n\t\t\t\t\t\t\t\t\t\t\t\t\t\t\t<img loading=\"lazy\" decoding=\"async\" width=\"640\" height=\"273\" src=\"https:\/\/salve-corda.org\/wp-content\/uploads\/2021\/07\/mur-de-berlin-768x327.png\" class=\"attachment-medium_large size-medium_large wp-image-795\" alt=\"\" srcset=\"https:\/\/salve-corda.org\/wp-content\/uploads\/2021\/07\/mur-de-berlin-768x327.png 768w, https:\/\/salve-corda.org\/wp-content\/uploads\/2021\/07\/mur-de-berlin-300x128.png 300w, https:\/\/salve-corda.org\/wp-content\/uploads\/2021\/07\/mur-de-berlin-1024x436.png 1024w, https:\/\/salve-corda.org\/wp-content\/uploads\/2021\/07\/mur-de-berlin.png 1418w\" sizes=\"(max-width: 640px) 100vw, 640px\" \/>\t\t\t\t\t\t\t\t\t\t\t\t\t\t\t<\/div>\n\t\t\t\t<\/div>\n\t\t\t\t\t<\/div>\n\t\t<\/div>\n\t\t\t\t<div class=\"elementor-column elementor-col-50 elementor-top-column elementor-element elementor-element-5ffaac7\" data-id=\"5ffaac7\" data-element_type=\"column\" data-e-type=\"column\">\n\t\t\t<div class=\"elementor-widget-wrap elementor-element-populated\">\n\t\t\t\t\t\t<div class=\"elementor-element elementor-element-576ecfd elementor-widget elementor-widget-text-editor\" data-id=\"576ecfd\" data-element_type=\"widget\" data-e-type=\"widget\" data-widget_type=\"text-editor.default\">\n\t\t\t\t<div class=\"elementor-widget-container\">\n\t\t\t\t\t\t\t\t\t<p><span style=\"color: var( --e-global-color-text ); font-family: var( --e-global-typography-text-font-family ), Sans-serif; font-size: var( --e-global-typography-text-font-size ); font-weight: var( --e-global-typography-text-font-weight ); background-color: var( --e-global-color-f890547 );\">Nevertheless, Popes Pius XII and John Paul II took the first step and consecrated the World to the <\/span><span style=\"color: var( --e-global-color-text ); font-family: var( --e-global-typography-18e5089-font-family ), Sans-serif; font-size: var( --e-global-typography-18e5089-font-size ); font-weight: var( --e-global-typography-18e5089-font-weight ); letter-spacing: var( --e-global-typography-18e5089-letter-spacing ); background-color: var( --e-global-color-f890547 );\">Immaculate Heart of Mary on October 31, 1942 and March 25, 1984 respectively. <\/span><span style=\"color: var( --e-global-color-text ); font-family: var( --e-global-typography-18e5089-font-family ), Sans-serif; font-size: var( --e-global-typography-18e5089-font-size ); font-weight: var( --e-global-typography-18e5089-font-weight ); letter-spacing: var( --e-global-typography-18e5089-letter-spacing ); background-color: var( --e-global-color-f890547 );\">However, these consecrations did not respect Our Lady's exact request to consecrate Russia to her Immaculate Heart, together with all the bishops in the world. <\/span><span style=\"color: var( --e-global-color-text ); font-family: var( --e-global-typography-18e5089-font-family ), Sans-serif; font-size: var( --e-global-typography-18e5089-font-size ); font-weight: var( --e-global-typography-text-font-weight ); letter-spacing: var( --e-global-typography-18e5089-letter-spacing ); background-color: var( --e-global-color-f890547 );\"><b>and formalize First Saturday devotion in the Church<\/b><\/span><span style=\"color: var( --e-global-color-text ); font-family: var( --e-global-typography-18e5089-font-family ), Sans-serif; font-size: var( --e-global-typography-18e5089-font-size ); font-weight: var( --e-global-typography-18e5089-font-weight ); letter-spacing: var( --e-global-typography-18e5089-letter-spacing ); background-color: var( --e-global-color-f890547 );\"> of the month.<\/span><\/p><p><span style=\"color: var( --e-global-color-text ); font-family: var( --e-global-typography-18e5089-font-family ), Sans-serif; font-size: var( --e-global-typography-18e5089-font-size ); font-weight: var( --e-global-typography-18e5089-font-weight ); letter-spacing: var( --e-global-typography-18e5089-letter-spacing ); background-color: var( --e-global-color-f890547 );\">\u00a0<\/span><\/p><p><span style=\"background-color: var( --e-global-color-f890547 ); color: var( --e-global-color-text ); font-family: var( --e-global-typography-18e5089-font-family ), Sans-serif; font-size: var( --e-global-typography-18e5089-font-size ); font-weight: var( --e-global-typography-18e5089-font-weight ); letter-spacing: var( --e-global-typography-18e5089-letter-spacing );\">For this partial act, they will nevertheless obtain from Heaven <\/span><span style=\"background-color: var( --e-global-color-f890547 ); color: var( --e-global-color-text ); font-family: var( --e-global-typography-18e5089-font-family ), Sans-serif; font-size: var( --e-global-typography-18e5089-font-size ); letter-spacing: var( --e-global-typography-18e5089-letter-spacing );\"><b>temporary effects <\/b><\/span><span style=\"background-color: var( --e-global-color-f890547 ); color: var( --e-global-color-text ); font-family: var( --e-global-typography-18e5089-font-family ), Sans-serif; font-size: var( --e-global-typography-18e5089-font-size ); font-weight: var( --e-global-typography-18e5089-font-weight ); letter-spacing: var( --e-global-typography-18e5089-letter-spacing );\">(the end of the Second World War and the fall of the Berlin Wall) without achieving the conversion of the world or the promised time of peace.\u00a0\u00a0<\/span><\/p><p style=\"text-align: justify; background-color: #f6f4f5;\">\u00a0<\/p><p style=\"text-align: justify; background-color: #f6f4f5;\">\u00a0<\/p>\t\t\t\t\t\t\t\t<\/div>\n\t\t\t\t<\/div>\n\t\t\t\t\t<\/div>\n\t\t<\/div>\n\t\t\t\t\t<\/div>\n\t\t<\/section>\n\t\t\t\t<section class=\"elementor-section elementor-top-section elementor-element elementor-element-b4b34e4 elementor-section-boxed elementor-section-height-default elementor-section-height-default\" data-id=\"b4b34e4\" data-element_type=\"section\" data-e-type=\"section\">\n\t\t\t\t\t\t<div class=\"elementor-container elementor-column-gap-default\">\n\t\t\t\t\t<div class=\"elementor-column elementor-col-100 elementor-top-column elementor-element elementor-element-290efbc\" data-id=\"290efbc\" data-element_type=\"column\" data-e-type=\"column\">\n\t\t\t<div class=\"elementor-widget-wrap elementor-element-populated\">\n\t\t\t\t\t\t<div class=\"elementor-element elementor-element-49603da elementor-widget elementor-widget-heading\" data-id=\"49603da\" data-element_type=\"widget\" data-e-type=\"widget\" data-widget_type=\"heading.default\">\n\t\t\t\t<div class=\"elementor-widget-container\">\n\t\t\t\t\t<h3 class=\"elementor-heading-title elementor-size-default\">5 - Consequences of refusal in the 21st century: towards even worse global totalitarianism<\/h3>\t\t\t\t<\/div>\n\t\t\t\t<\/div>\n\t\t\t\t<div class=\"elementor-element elementor-element-35c1cca elementor-widget elementor-widget-text-editor\" data-id=\"35c1cca\" data-element_type=\"widget\" data-e-type=\"widget\" data-widget_type=\"text-editor.default\">\n\t\t\t\t<div class=\"elementor-widget-container\">\n\t\t\t\t\t\t\t\t\t<p>Apr\u00e8s Jean Paul 2,&nbsp; l&#8217;Eglise continuera d&#8217;agir et le 13 mai 2010, le Pape Benoit XVI rappellera lors de sa visite \u00e0 Fatima :<\/p>\n<p><em style=\"color: var( --e-global-color-text ); font-family: var( --e-global-typography-18e5089-font-family ), Sans-serif; font-size: var( --e-global-typography-18e5089-font-size ); font-weight: var( --e-global-typography-18e5089-font-weight ); letter-spacing: var( --e-global-typography-18e5089-letter-spacing ); word-spacing: var( --e-global-typography-18e5089-word-spacing );\"><span style=\"color: #0000ff;\">&#8220;Celui&nbsp; qui penserait que la mission proph\u00e9tique de Fatima est achev\u00e9e se tromperait.&#8221;<\/span><\/em><\/p>\n<p><span style=\"color: var( --e-global-color-text ); font-family: var( --e-global-typography-18e5089-font-family ), Sans-serif; font-size: var( --e-global-typography-18e5089-font-size ); font-weight: var( --e-global-typography-18e5089-font-weight ); letter-spacing: var( --e-global-typography-18e5089-letter-spacing ); word-spacing: var( --e-global-typography-18e5089-word-spacing );\">Il indique ainsi clairement que nous sommes toujours et m\u00eame plus encore dans le \u201ctemps de Fatima\u201c et qu&#8217;il est plus que jamais important de suivre les demandes de Notre Dame fa\u00eetes \u00e0 Fatima, en particulier les 1er samedi du mois.<\/span><\/p>\n<p><span style=\"color: var( --e-global-color-text ); font-family: var( --e-global-typography-18e5089-font-family ), Sans-serif; font-size: var( --e-global-typography-18e5089-font-size ); font-weight: var( --e-global-typography-18e5089-font-weight ); letter-spacing: var( --e-global-typography-18e5089-letter-spacing ); word-spacing: var( --e-global-typography-18e5089-word-spacing );\">&nbsp;<\/span><\/p>\n<p><span style=\"color: var( --e-global-color-text ); font-family: var( --e-global-typography-18e5089-font-family ), Sans-serif; font-size: var( --e-global-typography-18e5089-font-size ); font-weight: var( --e-global-typography-18e5089-font-weight ); letter-spacing: var( --e-global-typography-18e5089-letter-spacing ); word-spacing: var( --e-global-typography-18e5089-word-spacing );\">Visit&nbsp;<\/span><span style=\"color: var( --e-global-color-text ); font-family: var( --e-global-typography-18e5089-font-family ), Sans-serif; font-size: var( --e-global-typography-18e5089-font-size ); font-weight: var( --e-global-typography-18e5089-font-weight ); letter-spacing: var( --e-global-typography-18e5089-letter-spacing ); word-spacing: var( --e-global-typography-18e5089-word-spacing );\">25 mars 2022, dans cette m\u00eame logique, le pape Fran\u00e7ois continuera \u00e0 souligner l&#8217;importance de Fatima et consacrera <i>\u201cl&#8217;Eglise et l&#8217;humanit\u00e9 toute enti\u00e8re, en particulier la Russie et l&#8217;Ukraine\u201c <\/i>au Coeur Immacul\u00e9 de Marie. La Russie est mentionn\u00e9e pour la premi\u00e8re fois explicitement et cela montre l&#8217;importance de Fatima pour l&#8217;Eglise et le monde. Mais <strong>les 1er samedis du mois ne sont toujours pas mentionn\u00e9s et l&#8217;intervention de Notre Dame ne peut avoir lieu.<\/strong><\/span><\/p>\n<p><span style=\"color: var( --e-global-color-text ); font-family: var( --e-global-typography-18e5089-font-family ), Sans-serif; font-size: var( --e-global-typography-18e5089-font-size ); font-weight: var( --e-global-typography-18e5089-font-weight ); letter-spacing: var( --e-global-typography-18e5089-letter-spacing ); word-spacing: var( --e-global-typography-18e5089-word-spacing );\">&nbsp;<\/span><\/p>\n<p>Le temps passe et malheureusement, il n&#8217;y a toujours aucune action majeure de l&#8217;Eglise concernant cette deuxi\u00e8me demande de la Sainte Vierge n\u00e9cessaire pour obtenir la paix : <b>la reconnaissance officielle par le Pape dans toute l&#8217;Eglise de la d\u00e9votion r\u00e9paratrice des \u201c1er samedi du mois\u201c.&nbsp;&nbsp;<\/b><\/p>\n<p><b>&nbsp;<\/b><\/p>\n<p>Les \u00e9v\u00e9nements graves continuent de s&#8217;accumuler et la guerre menace.&nbsp;<\/p><p><br><\/p><p>L&#8217;anniversaire des 100 ans de la demande par Notre Dame des premiers samedis du mois intervient en 2025&nbsp; (<b>December 10, 2025<\/b>).<\/p><p><br><\/p>\n<p>In this jubilee year of 100 years of 1st Saturdays of the month, more than ever, let's take action and make these 1st Saturdays of the month a reality.&nbsp;<\/p><p>Comme dit Sainte Jacinthe voyante de Fatima: &#8220;<em style=\"color: var( --e-global-color-text ); font-family: var( --e-global-typography-18e5089-font-family ), Sans-serif; font-size: var( --e-global-typography-18e5089-font-size ); font-weight: var( --e-global-typography-18e5089-font-weight ); letter-spacing: var( --e-global-typography-18e5089-letter-spacing ); word-spacing: var( --e-global-typography-18e5089-word-spacing );\"><span style=\"color: #0000ff;\">&#8220;Il n&#8217;est jamais trop tard pour recourir aux Coeurs de J\u00e9sus et Marie.<\/span><\/em><\/p>\t\t\t\t\t\t\t\t<\/div>\n\t\t\t\t<\/div>\n\t\t\t\t\t<\/div>\n\t\t<\/div>\n\t\t\t\t\t<\/div>\n\t\t<\/section>\n\t\t\t\t<\/div>","protected":false},"excerpt":{"rendered":"<p>LES NEGLIGENCES DES HOMMES FACE AUX DEMANDES DES COEURS DE JESUS ET MARIE 1 &#8211; XVIII \u00e8me si\u00e8cle : le refus face \u00e0 l&#8217;appel du sacre-coeuR \u00a0 Les apparitions du Sacr\u00e9-C\u0153ur \u00e0 Paray-le-Monial [&hellip;]<\/p>","protected":false},"author":1,"featured_media":0,"parent":0,"menu_order":0,"comment_status":"closed","ping_status":"closed","template":"elementor_header_footer","meta":{"footnotes":""},"class_list":["post-444","page","type-page","status-publish","hentry"],"_links":{"self":[{"href":"https:\/\/salve-corda.org\/en\/wp-json\/wp\/v2\/pages\/444","targetHints":{"allow":["GET"]}}],"collection":[{"href":"https:\/\/salve-corda.org\/en\/wp-json\/wp\/v2\/pages"}],"about":[{"href":"https:\/\/salve-corda.org\/en\/wp-json\/wp\/v2\/types\/page"}],"author":[{"embeddable":true,"href":"https:\/\/salve-corda.org\/en\/wp-json\/wp\/v2\/users\/1"}],"replies":[{"embeddable":true,"href":"https:\/\/salve-corda.org\/en\/wp-json\/wp\/v2\/comments?post=444"}],"version-history":[{"count":202,"href":"https:\/\/salve-corda.org\/en\/wp-json\/wp\/v2\/pages\/444\/revisions"}],"predecessor-version":[{"id":17321,"href":"https:\/\/salve-corda.org\/en\/wp-json\/wp\/v2\/pages\/444\/revisions\/17321"}],"wp:attachment":[{"href":"https:\/\/salve-corda.org\/en\/wp-json\/wp\/v2\/media?parent=444"}],"curies":[{"name":"wp","href":"https:\/\/api.w.org\/{rel}","templated":true}]}}