{"id":476,"date":"2020-09-25T15:28:09","date_gmt":"2020-09-25T13:28:09","guid":{"rendered":"https:\/\/salve-corda.org\/?page_id=476"},"modified":"2024-12-02T23:41:00","modified_gmt":"2024-12-02T22:41:00","slug":"pourquoi-cette-devotion-nest-pas-depassee","status":"publish","type":"page","link":"https:\/\/salve-corda.org\/en\/pourquoi-cette-devotion-nest-pas-depassee\/","title":{"rendered":"Pourquoi cette d\u00e9votion n&#8217;est pas d\u00e9pass\u00e9e ?"},"content":{"rendered":"<div data-elementor-type=\"wp-page\" data-elementor-id=\"476\" class=\"elementor elementor-476\">\n\t\t\t\t\t\t<section class=\"elementor-section elementor-top-section elementor-element elementor-element-565d048 elementor-section-boxed elementor-section-height-default elementor-section-height-default\" data-id=\"565d048\" data-element_type=\"section\" data-e-type=\"section\">\n\t\t\t\t\t\t<div class=\"elementor-container elementor-column-gap-default\">\n\t\t\t\t\t<div class=\"elementor-column elementor-col-100 elementor-top-column elementor-element elementor-element-6b9613d\" data-id=\"6b9613d\" data-element_type=\"column\" data-e-type=\"column\">\n\t\t\t<div class=\"elementor-widget-wrap\">\n\t\t\t\t\t\t\t<\/div>\n\t\t<\/div>\n\t\t\t\t\t<\/div>\n\t\t<\/section>\n\t\t\t\t<section class=\"elementor-section elementor-top-section elementor-element elementor-element-2c01296 elementor-section-boxed elementor-section-height-default elementor-section-height-default\" data-id=\"2c01296\" data-element_type=\"section\" data-e-type=\"section\">\n\t\t\t\t\t\t<div class=\"elementor-container elementor-column-gap-default\">\n\t\t\t\t\t<div class=\"elementor-column elementor-col-100 elementor-top-column elementor-element elementor-element-265bca2\" data-id=\"265bca2\" data-element_type=\"column\" data-e-type=\"column\">\n\t\t\t<div class=\"elementor-widget-wrap elementor-element-populated\">\n\t\t\t\t\t\t<div class=\"elementor-element elementor-element-3c1b346 elementor-widget elementor-widget-spacer\" data-id=\"3c1b346\" data-element_type=\"widget\" data-e-type=\"widget\" data-widget_type=\"spacer.default\">\n\t\t\t\t<div class=\"elementor-widget-container\">\n\t\t\t\t\t\t\t<div class=\"elementor-spacer\">\n\t\t\t<div class=\"elementor-spacer-inner\"><\/div>\n\t\t<\/div>\n\t\t\t\t\t\t<\/div>\n\t\t\t\t<\/div>\n\t\t\t\t\t<\/div>\n\t\t<\/div>\n\t\t\t\t\t<\/div>\n\t\t<\/section>\n\t\t\t\t<section class=\"elementor-section elementor-top-section elementor-element elementor-element-9a47290 elementor-section-boxed elementor-section-height-default elementor-section-height-default\" data-id=\"9a47290\" data-element_type=\"section\" data-e-type=\"section\">\n\t\t\t\t\t\t<div class=\"elementor-container elementor-column-gap-default\">\n\t\t\t\t\t<div class=\"elementor-column elementor-col-100 elementor-top-column elementor-element elementor-element-b373ba2\" data-id=\"b373ba2\" data-element_type=\"column\" data-e-type=\"column\">\n\t\t\t<div class=\"elementor-widget-wrap elementor-element-populated\">\n\t\t\t\t\t\t<div class=\"elementor-element elementor-element-d052e55 elementor-widget elementor-widget-heading\" data-id=\"d052e55\" data-element_type=\"widget\" data-e-type=\"widget\" data-widget_type=\"heading.default\">\n\t\t\t\t<div class=\"elementor-widget-container\">\n\t\t\t\t\t<h2 class=\"elementor-heading-title elementor-size-default\">Why FATIMA IS STILL relevant<\/h2>\t\t\t\t<\/div>\n\t\t\t\t<\/div>\n\t\t\t\t\t<\/div>\n\t\t<\/div>\n\t\t\t\t\t<\/div>\n\t\t<\/section>\n\t\t\t\t<section class=\"elementor-section elementor-top-section elementor-element elementor-element-08d61d2 elementor-section-boxed elementor-section-height-default elementor-section-height-default\" data-id=\"08d61d2\" data-element_type=\"section\" data-e-type=\"section\" data-settings=\"{&quot;background_background&quot;:&quot;classic&quot;}\">\n\t\t\t\t\t\t<div class=\"elementor-container elementor-column-gap-default\">\n\t\t\t\t\t<div class=\"elementor-column elementor-col-50 elementor-top-column elementor-element elementor-element-791f161\" data-id=\"791f161\" data-element_type=\"column\" data-e-type=\"column\">\n\t\t\t<div class=\"elementor-widget-wrap elementor-element-populated\">\n\t\t\t\t\t\t<div class=\"elementor-element elementor-element-802a745 elementor-widget elementor-widget-text-editor\" data-id=\"802a745\" data-element_type=\"widget\" data-e-type=\"widget\" data-widget_type=\"text-editor.default\">\n\t\t\t\t<div class=\"elementor-widget-container\">\n\t\t\t\t\t\t\t\t\t<p><strong><u>A request from God himself for our time<\/u><\/strong><\/p><p>\u00a0<\/p><p>At Fatima the Blessed Virgin expressed her request in these terms: <span style=\"color: #6288c6;\"><em>\"God wants to establish devotion to my Immaculate Heart throughout the world\".<\/em>.<\/span><\/p><p>\u00a0<\/p><p>Such words show the universal and definitive scope of this devotion. While this request of God has unfortunately not yet been answered, the Blessed Virgin prophesied that it would happen one day, which proves that it will happen in our time:<\/p><p>\u00a0<\/p><p><em><span style=\"color: #6288c6;\">\"<\/span><\/em><em><span style=\"color: #6288c6;\"> In the end my Immaculate Heart will triumph, Russia will be converted and the world will be given a certain time of peace\".<\/span><\/em><\/p><p>So we're right in the middle of the news. Russia is not yet converted, and the least we can say is that we are not heading for a period of peace...<em><span style=\"color: #6288c6;\"><br \/><\/span><\/em><\/p>\t\t\t\t\t\t\t\t<\/div>\n\t\t\t\t<\/div>\n\t\t\t\t\t<\/div>\n\t\t<\/div>\n\t\t\t\t<div class=\"elementor-column elementor-col-50 elementor-top-column elementor-element elementor-element-7f19750\" data-id=\"7f19750\" data-element_type=\"column\" data-e-type=\"column\">\n\t\t\t<div class=\"elementor-widget-wrap elementor-element-populated\">\n\t\t\t\t\t\t<div class=\"elementor-element elementor-element-d0d05da elementor-widget elementor-widget-image\" data-id=\"d0d05da\" data-element_type=\"widget\" data-e-type=\"widget\" data-widget_type=\"image.default\">\n\t\t\t\t<div class=\"elementor-widget-container\">\n\t\t\t\t\t\t\t\t\t\t\t\t\t\t\t<img fetchpriority=\"high\" decoding=\"async\" width=\"541\" height=\"797\" src=\"https:\/\/salve-corda.org\/wp-content\/uploads\/2021\/07\/jean-paul-2.png\" class=\"attachment-large size-large wp-image-915\" alt=\"\" srcset=\"https:\/\/salve-corda.org\/wp-content\/uploads\/2021\/07\/jean-paul-2.png 541w, https:\/\/salve-corda.org\/wp-content\/uploads\/2021\/07\/jean-paul-2-204x300.png 204w\" sizes=\"(max-width: 541px) 100vw, 541px\" \/>\t\t\t\t\t\t\t\t\t\t\t\t\t\t\t<\/div>\n\t\t\t\t<\/div>\n\t\t\t\t\t<\/div>\n\t\t<\/div>\n\t\t\t\t\t<\/div>\n\t\t<\/section>\n\t\t\t\t<section class=\"elementor-section elementor-top-section elementor-element elementor-element-540b23c elementor-section-boxed elementor-section-height-default elementor-section-height-default\" data-id=\"540b23c\" data-element_type=\"section\" data-e-type=\"section\" data-settings=\"{&quot;background_background&quot;:&quot;classic&quot;}\">\n\t\t\t\t\t\t<div class=\"elementor-container elementor-column-gap-default\">\n\t\t\t\t\t<div class=\"elementor-column elementor-col-100 elementor-top-column elementor-element elementor-element-347b2e4\" data-id=\"347b2e4\" data-element_type=\"column\" data-e-type=\"column\">\n\t\t\t<div class=\"elementor-widget-wrap elementor-element-populated\">\n\t\t\t\t\t\t<div class=\"elementor-element elementor-element-c411474 elementor-widget elementor-widget-text-editor\" data-id=\"c411474\" data-element_type=\"widget\" data-e-type=\"widget\" data-widget_type=\"text-editor.default\">\n\t\t\t\t<div class=\"elementor-widget-container\">\n\t\t\t\t\t\t\t\t\t<p>Sister Lucia also had these impressive words to say:<\/p><p><span style=\"color: #6288c6;\"><i>\"She said (the Blessed Virgin NDLR), both to myself and to my cousins, that God was giving the <\/i><u><i>last two remedies <\/i><\/u><i>in the world<\/i> <i>These are the Holy Rosary and devotion to the Immaculate Heart of Mary, the latter two being the most recent.<\/i><i>\u00e8des<\/i><i> this means <\/i><u><i>that there won't be another<\/i><\/u><i>. \"<\/i><\/span><\/p><p style=\"text-align: right;\">December 26, 1957<\/p><p>If God brings \"the last remedies\", it's because they will never be outdated and, above all, will accompany mankind to the end of the world.<\/p>\t\t\t\t\t\t\t\t<\/div>\n\t\t\t\t<\/div>\n\t\t\t\t\t<\/div>\n\t\t<\/div>\n\t\t\t\t\t<\/div>\n\t\t<\/section>\n\t\t\t\t<section class=\"elementor-section elementor-top-section elementor-element elementor-element-cb4c1ef elementor-section-boxed elementor-section-height-default elementor-section-height-default\" data-id=\"cb4c1ef\" data-element_type=\"section\" data-e-type=\"section\" data-settings=\"{&quot;background_background&quot;:&quot;classic&quot;}\">\n\t\t\t\t\t\t<div class=\"elementor-container elementor-column-gap-default\">\n\t\t\t\t\t<div class=\"elementor-column elementor-col-100 elementor-top-column elementor-element elementor-element-366de94\" data-id=\"366de94\" data-element_type=\"column\" data-e-type=\"column\">\n\t\t\t<div class=\"elementor-widget-wrap elementor-element-populated\">\n\t\t\t\t\t\t<div class=\"elementor-element elementor-element-47a880f elementor-widget elementor-widget-text-editor\" data-id=\"47a880f\" data-element_type=\"widget\" data-e-type=\"widget\" data-widget_type=\"text-editor.default\">\n\t\t\t\t<div class=\"elementor-widget-container\">\n\t\t\t\t\t\t\t\t\t<p><strong><span style=\"text-decoration: underline;\">The salvation of sinners more topical than ever<\/span><\/strong><\/p><p>\u00a0<\/p><p>At Fatima, Our Lady showed eternal hell to three little children, to underline the appalling nature of souls who fall into hell \"like leaves in autumn\", as she said at La Salette. At Fatima, she explained that we had to save them, and how we had to do it.<\/p><p>Now, like Benedict XVI, we can say that the world has never committed so many sins, either in quantity or in seriousness. What's more, there have never been so many of us. So it's likely that the number of people going to hell every day will be higher than ever before. <b>has never been so high in human history.<\/b><\/p><p>\u00a0<\/p><p>The Immaculate Heart of Mary, a powerful means for the conversion of sinners, is therefore of paramount importance today, for it is through this devotion that we deliver the most sinners' souls.<\/p><p>\u00a0<\/p>\t\t\t\t\t\t\t\t<\/div>\n\t\t\t\t<\/div>\n\t\t\t\t<div class=\"elementor-element elementor-element-57ac6a8 elementor-widget elementor-widget-text-editor\" data-id=\"57ac6a8\" data-element_type=\"widget\" data-e-type=\"widget\" data-widget_type=\"text-editor.default\">\n\t\t\t\t<div class=\"elementor-widget-container\">\n\t\t\t\t\t\t\t\t\t<p><span style=\"text-decoration: underline;\"><strong>The warnings of Christ himself<\/strong><\/span><\/p>\n<p><strong><br><\/strong><\/p>\n<p><strong><\/strong><\/p>\n<p><\/p>\n<p>Alors que la Sainte Vierge a proph\u00e9tis\u00e9 qu&#8217;\u00e0 la fin la d\u00e9votion \u00e0 son C\u0153ur serait \u00e9tablie, le Christ Lui-m\u00eame a averti les hommes des cons\u00e9quences de ne pas suivre ses demandes en comparant la situation \u00e0 celle du Sacr\u00e9-C\u0153ur :<br><br><\/p>\n<p><\/p>\n<p><em><span style=\"color: #6288c6;\">\"Let my Ministers know, since they are following the example of the King of France in delaying the execution of my request, that they will follow him in misfortune.\"&nbsp; &nbsp; &nbsp; &nbsp; &nbsp; &nbsp; &nbsp; &nbsp; &nbsp; &nbsp; &nbsp; &nbsp; &nbsp; &nbsp; &nbsp; &nbsp; &nbsp; &nbsp; &nbsp; &nbsp; &nbsp; &nbsp; &nbsp; &nbsp; &nbsp; &nbsp; &nbsp; &nbsp; &nbsp; &nbsp; &nbsp; &nbsp; &nbsp; &nbsp; &nbsp; &nbsp; &nbsp; &nbsp; &nbsp; &nbsp; &nbsp; &nbsp; &nbsp; &nbsp; &nbsp; &nbsp; &nbsp; &nbsp; &nbsp; &nbsp; &nbsp; &nbsp; &nbsp; &nbsp; &nbsp; &nbsp; &nbsp; &nbsp; &nbsp; &nbsp; &nbsp; &nbsp; &nbsp; &nbsp; &nbsp; &nbsp; &nbsp; &nbsp; &nbsp; &nbsp; &nbsp; &nbsp; &nbsp; &nbsp; &nbsp; &nbsp; &nbsp; &nbsp; &nbsp;&nbsp;<\/span><\/em><span style=\"text-align: right; color: var( --e-global-color-text ); font-family: var( --e-global-typography-18e5089-font-family ), Sans-serif; font-size: var( --e-global-typography-18e5089-font-size ); font-weight: var( --e-global-typography-18e5089-font-weight ); letter-spacing: var( --e-global-typography-18e5089-letter-spacing ); background-color: var( --e-global-color-f890547 );\">Christ, spring 1931 in Rianjo<br><br><\/span><\/p>\n<p><\/p>\n<p><em><span style=\"color: #6288c6;\">\"They wouldn't listen to my request! Like the King of France, they will repent.\"&nbsp; &nbsp; &nbsp; &nbsp; &nbsp; &nbsp; &nbsp; &nbsp; &nbsp; &nbsp; &nbsp; &nbsp; &nbsp; &nbsp; &nbsp; &nbsp; &nbsp; &nbsp; &nbsp; &nbsp; &nbsp; &nbsp; &nbsp; &nbsp; &nbsp; &nbsp; &nbsp; &nbsp; &nbsp; &nbsp; &nbsp; <\/span><\/em><span style=\"text-align: right; color: var( --e-global-color-text ); font-family: var( --e-global-typography-18e5089-font-family ), Sans-serif; font-size: var( --e-global-typography-18e5089-font-size ); font-weight: var( --e-global-typography-18e5089-font-weight ); letter-spacing: var( --e-global-typography-18e5089-letter-spacing ); background-color: var( --e-global-color-f890547 );\">Summer 1931 Christ to Sister Lucy<\/span><\/p>\n<p style=\"text-align: right;\"><br><\/p>\n<p><\/p>\n<p>This is absolute proof of the contemporary nature of this devotion.&nbsp;<span style=\"color: var( --e-global-color-text ); font-family: var( --e-global-typography-18e5089-font-family ), Sans-serif; font-size: var( --e-global-typography-18e5089-font-size ); font-weight: var( --e-global-typography-18e5089-font-weight ); letter-spacing: var( --e-global-typography-18e5089-letter-spacing ); background-color: var( --e-global-color-f890547 );\">Let's not forget that the French Revolution broke out 100 years to the day after the King's refusal to carry out the demands of the Sacred Heart. Now <\/span><span style=\"color: var( --e-global-color-text ); font-family: var( --e-global-typography-18e5089-font-family ), Sans-serif; font-size: var( --e-global-typography-18e5089-font-size ); letter-spacing: var( --e-global-typography-18e5089-letter-spacing ); background-color: var( --e-global-color-f890547 );\">l<\/span><span style=\"color: var( --e-global-color-text ); font-family: var( --e-global-typography-18e5089-font-family ), Sans-serif; font-size: var( --e-global-typography-18e5089-font-size ); letter-spacing: var( --e-global-typography-18e5089-letter-spacing ); background-color: var( --e-global-color-f890547 );\">he first<\/span><span style=\"color: var( --e-global-color-text ); font-family: var( --e-global-typography-18e5089-font-family ), Sans-serif; font-size: var( --e-global-typography-18e5089-font-size ); letter-spacing: var( --e-global-typography-18e5089-letter-spacing ); background-color: var( --e-global-color-f890547 );\">s<\/span><span style=\"color: var( --e-global-color-text ); font-family: var( --e-global-typography-18e5089-font-family ), Sans-serif; font-size: var( --e-global-typography-18e5089-font-size ); letter-spacing: var( --e-global-typography-18e5089-letter-spacing ); background-color: var( --e-global-color-f890547 );\"> Saturday of the month in honor of the Immaculate Heart of Mary<b> have been requested<\/b><\/span><b style=\"color: var( --e-global-color-text ); font-family: var( --e-global-typography-18e5089-font-family ), Sans-serif; font-size: var( --e-global-typography-18e5089-font-size ); letter-spacing: var( --e-global-typography-18e5089-letter-spacing ); background-color: var( --e-global-color-f890547 );\">s<\/b><b style=\"color: var( --e-global-color-text ); font-family: var( --e-global-typography-18e5089-font-family ), Sans-serif; font-size: var( --e-global-typography-18e5089-font-size ); letter-spacing: var( --e-global-typography-18e5089-letter-spacing ); background-color: var( --e-global-color-f890547 );\"> in Fatima in 1925, which brings us to 2025... <\/b><span style=\"color: var( --e-global-color-text ); font-family: var( --e-global-typography-18e5089-font-family ), Sans-serif; font-size: var( --e-global-typography-18e5089-font-size ); font-weight: var( --e-global-typography-18e5089-font-weight ); letter-spacing: var( --e-global-typography-18e5089-letter-spacing ); background-color: var( --e-global-color-f890547 );\">It's hard to believe that Fatima's reach is over.<\/span><\/p>\n<p><span style=\"color: var( --e-global-color-text ); font-family: var( --e-global-typography-18e5089-font-family ), Sans-serif; font-size: var( --e-global-typography-18e5089-font-size ); font-weight: var( --e-global-typography-18e5089-font-weight ); letter-spacing: var( --e-global-typography-18e5089-letter-spacing ); background-color: var( --e-global-color-f890547 );\"><br><\/span><\/p>\n<p><\/p>\n<p>Finally, let's listen to Sister Lucia, who was categorical about the need to follow the Blessed Virgin's requests today:<\/p>\n<p><\/p>\n<p><span style=\"color: #6288c6;\"><i>\"Always in the plans of providence, when God is going to chastise the world, he exhausts all other remedies first. Now, since he has seen that the world has made no use of any of them, then, as we would say in our imperfect way of speaking, he offers us with a certain fear the last means of salvation, his Most Holy Mother. <\/i><i><b>FOR IF WE DESPISE AND REJECT THIS ULTIMATE MEANS, WE WILL NO LONGER HAVE HEAVEN'S FORGIVENESS BECAUSE WE WILL HAVE COMMITTED A SIN AGAINST THE HOLY SPIRIT, WHICH CONSISTS IN OPENLY REJECTING WITH FULL KNOWLEDGE AND WILL THE SALVATION OFFERED TO US.&nbsp;<\/b><\/i><\/span><em style=\"color: var( --e-global-color-text ); font-family: var( --e-global-typography-18e5089-font-family ), Sans-serif; font-size: var( --e-global-typography-18e5089-font-size ); font-weight: var( --e-global-typography-18e5089-font-weight ); letter-spacing: var( --e-global-typography-18e5089-letter-spacing ); background-color: var( --e-global-color-f890547 );\"><span style=\"color: #6288c6;\">\"&nbsp; &nbsp; &nbsp; &nbsp;<\/span><\/em><span style=\"color: #6288c6;\"><i><br><\/i><\/span><\/p>\t\t\t\t\t\t\t\t<\/div>\n\t\t\t\t<\/div>\n\t\t\t\t\t<\/div>\n\t\t<\/div>\n\t\t\t\t\t<\/div>\n\t\t<\/section>\n\t\t\t\t<\/div>","protected":false},"excerpt":{"rendered":"<p>Pourquoi FATIMA EST TOUJOURS D&#8217;actualite Une\u00a0 demande de Dieu lui-m\u00eame pour notre \u00e9poque \u00a0 A Fatima la Sainte Vierge a exprim\u00e9 sa demande en ces termes : \u00ab Dieu veut \u00e9tablir dans le [&hellip;]<\/p>","protected":false},"author":1,"featured_media":0,"parent":0,"menu_order":0,"comment_status":"closed","ping_status":"closed","template":"elementor_header_footer","meta":{"footnotes":""},"class_list":["post-476","page","type-page","status-publish","hentry"],"_links":{"self":[{"href":"https:\/\/salve-corda.org\/en\/wp-json\/wp\/v2\/pages\/476","targetHints":{"allow":["GET"]}}],"collection":[{"href":"https:\/\/salve-corda.org\/en\/wp-json\/wp\/v2\/pages"}],"about":[{"href":"https:\/\/salve-corda.org\/en\/wp-json\/wp\/v2\/types\/page"}],"author":[{"embeddable":true,"href":"https:\/\/salve-corda.org\/en\/wp-json\/wp\/v2\/users\/1"}],"replies":[{"embeddable":true,"href":"https:\/\/salve-corda.org\/en\/wp-json\/wp\/v2\/comments?post=476"}],"version-history":[{"count":51,"href":"https:\/\/salve-corda.org\/en\/wp-json\/wp\/v2\/pages\/476\/revisions"}],"predecessor-version":[{"id":16295,"href":"https:\/\/salve-corda.org\/en\/wp-json\/wp\/v2\/pages\/476\/revisions\/16295"}],"wp:attachment":[{"href":"https:\/\/salve-corda.org\/en\/wp-json\/wp\/v2\/media?parent=476"}],"curies":[{"name":"wp","href":"https:\/\/api.w.org\/{rel}","templated":true}]}}