{"id":488,"date":"2020-09-25T15:35:02","date_gmt":"2020-09-25T13:35:02","guid":{"rendered":"https:\/\/salve-corda.org\/?page_id=488"},"modified":"2022-09-07T16:59:36","modified_gmt":"2022-09-07T14:59:36","slug":"pourquoi-cette-devotion-concerne-toute-leglise","status":"publish","type":"page","link":"https:\/\/salve-corda.org\/en\/pourquoi-cette-devotion-concerne-toute-leglise\/","title":{"rendered":"Pourquoi cette d\u00e9votion concerne tout l&#8217;Eglise ?"},"content":{"rendered":"<div data-elementor-type=\"wp-page\" data-elementor-id=\"488\" class=\"elementor elementor-488\">\n\t\t\t\t\t\t<section class=\"elementor-section elementor-top-section elementor-element elementor-element-03829f4 elementor-section-boxed elementor-section-height-default elementor-section-height-default\" data-id=\"03829f4\" data-element_type=\"section\" data-e-type=\"section\">\n\t\t\t\t\t\t<div class=\"elementor-container elementor-column-gap-default\">\n\t\t\t\t\t<div class=\"elementor-column elementor-col-100 elementor-top-column elementor-element elementor-element-e6bde18\" data-id=\"e6bde18\" data-element_type=\"column\" data-e-type=\"column\">\n\t\t\t<div class=\"elementor-widget-wrap\">\n\t\t\t\t\t\t\t<\/div>\n\t\t<\/div>\n\t\t\t\t\t<\/div>\n\t\t<\/section>\n\t\t\t\t<section class=\"elementor-section elementor-top-section elementor-element elementor-element-e20f0f0 elementor-section-boxed elementor-section-height-default elementor-section-height-default\" data-id=\"e20f0f0\" data-element_type=\"section\" data-e-type=\"section\">\n\t\t\t\t\t\t<div class=\"elementor-container elementor-column-gap-default\">\n\t\t\t\t\t<div class=\"elementor-column elementor-col-100 elementor-top-column elementor-element elementor-element-5eb62ff\" data-id=\"5eb62ff\" data-element_type=\"column\" data-e-type=\"column\">\n\t\t\t<div class=\"elementor-widget-wrap elementor-element-populated\">\n\t\t\t\t\t\t<div class=\"elementor-element elementor-element-102c535 elementor-widget elementor-widget-spacer\" data-id=\"102c535\" data-element_type=\"widget\" data-e-type=\"widget\" data-widget_type=\"spacer.default\">\n\t\t\t\t<div class=\"elementor-widget-container\">\n\t\t\t\t\t\t\t<div class=\"elementor-spacer\">\n\t\t\t<div class=\"elementor-spacer-inner\"><\/div>\n\t\t<\/div>\n\t\t\t\t\t\t<\/div>\n\t\t\t\t<\/div>\n\t\t\t\t<div class=\"elementor-element elementor-element-1920d56 elementor-widget elementor-widget-heading\" data-id=\"1920d56\" data-element_type=\"widget\" data-e-type=\"widget\" data-widget_type=\"heading.default\">\n\t\t\t\t<div class=\"elementor-widget-container\">\n\t\t\t\t\t<h2 class=\"elementor-heading-title elementor-size-default\">Why does devotion to the hearts of Jesus and Mary CONCERN THE WHOLE CHURCH?<\/h2>\t\t\t\t<\/div>\n\t\t\t\t<\/div>\n\t\t\t\t<div class=\"elementor-element elementor-element-fa3d7fe elementor-widget elementor-widget-text-editor\" data-id=\"fa3d7fe\" data-element_type=\"widget\" data-e-type=\"widget\" data-widget_type=\"text-editor.default\">\n\t\t\t\t<div class=\"elementor-widget-container\">\n\t\t\t\t\t\t\t\t\t<p>L&#8217;enseignement des papes<\/p>\t\t\t\t\t\t\t\t<\/div>\n\t\t\t\t<\/div>\n\t\t\t\t<div class=\"elementor-element elementor-element-7b7a661 elementor-widget elementor-widget-text-editor\" data-id=\"7b7a661\" data-element_type=\"widget\" data-e-type=\"widget\" data-widget_type=\"text-editor.default\">\n\t\t\t\t<div class=\"elementor-widget-container\">\n\t\t\t\t\t\t\t\t\t<p style=\"text-align: left;\">The essential character of devotions to the Sacred Heart and Immaculate Heart of Mary have been emphasized by many popes, who created the two feasts of the Sacred Heart and Immaculate Heart of Mary and were very clear in their declarations:<\/p><p><i><span style=\"color: #6288c6;\">\"The doctrine which rejects devotion to the Sacred Heart (...) is false, rash, pernicious, offensive to pious ears, injurious to the Apostolic See.\"<\/span><\/i><\/p><p style=\"text-align: right;\">Pope Pius VI<\/p><p style=\"text-align: left;\"><span style=\"font-family: var( --e-global-typography-18e5089-font-family ), Sans-serif; font-size: var( --e-global-typography-18e5089-font-size ); font-weight: var( --e-global-typography-18e5089-font-weight ); letter-spacing: var( --e-global-typography-18e5089-letter-spacing ); color: #6288c6;\"><em>\"It is perfectly fitting that the Christian people, who have received the divine life of Christ through Mary, after having rendered the worship due to the most Sacred Heart of Jesus, should also render to the most loving Heart of his heavenly mother similar tributes of piety, love, gratitude and reparation.\"\u00a0 \u00a0 \u00a0 \u00a0 \u00a0 \u00a0 \u00a0 \u00a0<\/em><\/span><span style=\"color: var( --e-global-color-text ); font-family: var( --e-global-typography-18e5089-font-family ), Sans-serif; font-size: var( --e-global-typography-18e5089-font-size ); font-weight: var( --e-global-typography-18e5089-font-weight ); letter-spacing: var( --e-global-typography-18e5089-letter-spacing );\">Pope Pius XII<\/span><\/p><p><span style=\"color: #6288c6;\"><em><br \/>\u00ab Par cons\u00e9quent, celui qui manifestement sous\u2011estimerait ce bienfait donn\u00e9 par J\u00e9sus\u2011Christ \u00e0 l&#8217;\u00c9glise agirait mal et t\u00e9m\u00e9rairement, et offenserait Dieu lui\u2011m\u00eame. \u00bb\u00a0 \u00a0 \u00a0 \u00a0 \u00a0 \u00a0 \u00a0 \u00a0 \u00a0 \u00a0 \u00a0 \u00a0 \u00a0 \u00a0 \u00a0 \u00a0 \u00a0 \u00a0 \u00a0 \u00a0 \u00a0 \u00a0 \u00a0 \u00a0 \u00a0 \u00a0 \u00a0 \u00a0 \u00a0 \u00a0 \u00a0 \u00a0 \u00a0 \u00a0 \u00a0 \u00a0 \u00a0 \u00a0 \u00a0 \u00a0 \u00a0 \u00a0 \u00a0 \u00a0 \u00a0 \u00a0 \u00a0 \u00a0 \u00a0 \u00a0 \u00a0 \u00a0 \u00a0 \u00a0 \u00a0 \u00a0 \u00a0 \u00a0 \u00a0 \u00a0 \u00a0 \u00a0 \u00a0 \u00a0 \u00a0 \u00a0 \u00a0 \u00a0 \u00a0 \u00a0 \u00a0 \u00a0 \u00a0 \u00a0 \u00a0 \u00a0 \u00a0 \u00a0 \u00a0 \u00a0 \u00a0 \u00a0 \u00a0 \u00a0 \u00a0 \u00a0 \u00a0 \u00a0 \u00a0 \u00a0 \u00a0 \u00a0 \u00a0 \u00a0 \u00a0 \u00a0 \u00a0 \u00a0 \u00a0 \u00a0 \u00a0 \u00a0 \u00a0 \u00a0 \u00a0 \u00a0 \u00a0 \u00a0 \u00a0 \u00a0 \u00a0<\/em><\/span><span style=\"text-align: right; color: var( --e-global-color-text ); font-family: var( --e-global-typography-18e5089-font-family ), Sans-serif; font-size: var( --e-global-typography-18e5089-font-size ); font-weight: var( --e-global-typography-18e5089-font-weight ); letter-spacing: var( --e-global-typography-18e5089-letter-spacing );\">Pope Pius XII<\/span><\/p><p>\u00a0<\/p><div style=\"text-align: left;\"><i style=\"color: var( --e-global-color-text ); font-family: var( --e-global-typography-18e5089-font-family ), Sans-serif; font-size: var( --e-global-typography-18e5089-font-size ); font-weight: var( --e-global-typography-18e5089-font-weight ); letter-spacing: var( --e-global-typography-18e5089-letter-spacing );\"><span style=\"color: #6288c6;\">\"Anyone who thinks that the prophetic mission of Fatima is complete would be mistaken...\".\u00a0 \u00a0 \u00a0 \u00a0 \u00a0 \u00a0 \u00a0 \u00a0 \u00a0 \u00a0 \u00a0 \u00a0 \u00a0 \u00a0 \u00a0 \u00a0 \u00a0 \u00a0 \u00a0 \u00a0 \u00a0 \u00a0 \u00a0 \u00a0 \u00a0 \u00a0 \u00a0 \u00a0 \u00a0 \u00a0 \u00a0 \u00a0 \u00a0 \u00a0 \u00a0 \u00a0 \u00a0 \u00a0 \u00a0 \u00a0 \u00a0 \u00a0 \u00a0 \u00a0 \u00a0 \u00a0 \u00a0<\/span><\/i><i style=\"color: var( --e-global-color-text ); font-family: var( --e-global-typography-18e5089-font-family ), Sans-serif; font-size: var( --e-global-typography-18e5089-font-size ); font-weight: var( --e-global-typography-18e5089-font-weight ); letter-spacing: var( --e-global-typography-18e5089-letter-spacing );\">Benedict XVI\u00a0 \u00a0\u00a0<\/i><\/div>\t\t\t\t\t\t\t\t<\/div>\n\t\t\t\t<\/div>\n\t\t\t\t\t<\/div>\n\t\t<\/div>\n\t\t\t\t\t<\/div>\n\t\t<\/section>\n\t\t\t\t<section class=\"elementor-section elementor-top-section elementor-element elementor-element-b644754 elementor-section-boxed elementor-section-height-default elementor-section-height-default\" data-id=\"b644754\" data-element_type=\"section\" data-e-type=\"section\">\n\t\t\t\t\t\t<div class=\"elementor-container elementor-column-gap-default\">\n\t\t\t\t\t<div class=\"elementor-column elementor-col-100 elementor-top-column elementor-element elementor-element-2a05b14\" data-id=\"2a05b14\" data-element_type=\"column\" data-e-type=\"column\">\n\t\t\t<div class=\"elementor-widget-wrap elementor-element-populated\">\n\t\t\t\t\t\t<div class=\"elementor-element elementor-element-b4566a5 elementor-widget elementor-widget-text-editor\" data-id=\"b4566a5\" data-element_type=\"widget\" data-e-type=\"widget\" data-widget_type=\"text-editor.default\">\n\t\t\t\t<div class=\"elementor-widget-container\">\n\t\t\t\t\t\t\t\t\t<p>FATIMA : Une demande officielle au chef de l&#8217;Eglise pour toute l&#8217;EGLise<\/p>\t\t\t\t\t\t\t\t<\/div>\n\t\t\t\t<\/div>\n\t\t\t\t\t<\/div>\n\t\t<\/div>\n\t\t\t\t\t<\/div>\n\t\t<\/section>\n\t\t\t\t<section class=\"elementor-section elementor-top-section elementor-element elementor-element-98632f1 elementor-section-boxed elementor-section-height-default elementor-section-height-default\" data-id=\"98632f1\" data-element_type=\"section\" data-e-type=\"section\">\n\t\t\t\t\t\t<div class=\"elementor-container elementor-column-gap-default\">\n\t\t\t\t\t<div class=\"elementor-column elementor-col-50 elementor-top-column elementor-element elementor-element-d385a1c\" data-id=\"d385a1c\" data-element_type=\"column\" data-e-type=\"column\">\n\t\t\t<div class=\"elementor-widget-wrap elementor-element-populated\">\n\t\t\t\t\t\t<div class=\"elementor-element elementor-element-c0f461f elementor-widget elementor-widget-text-editor\" data-id=\"c0f461f\" data-element_type=\"widget\" data-e-type=\"widget\" data-widget_type=\"text-editor.default\">\n\t\t\t\t<div class=\"elementor-widget-container\">\n\t\t\t\t\t\t\t\t\t<p style=\"text-align: left;\">Fatima n&#8217;est pas une apparition que l&#8217;on peut consid\u00e9rer comme uniquement priv\u00e9e car la Sainte Vierge est venue apporter un message qui concerne toute l&#8217;Eglise, l&#8217;a parfaitement annonc\u00e9 et , par l&#8217;interm\u00e9diaire de Soeur Lucie, en a fait la\u00a0 demande officielle, au chef de l&#8217;Eglise lui m\u00eame. Les deux demandes qu&#8217;elle a faite sont les suivantes :\u00a0<\/p><p>\u00a0<\/p><p style=\"text-align: left;\">1\/ Consecrate Russia to the Immaculate Heart of Mary with all the bishops of the world. <strong>Il s&#8217;agit donc d&#8217;un acte de toute l&#8217;Eglise<\/strong> puisqu&#8217;il doit \u00eatre fait par toute la hi\u00e9rarchie de l&#8217;Eglise ensemble.<\/p><p>\u00a0<\/p><p>2\/ L&#8217;approbation et la recommandation officielle de la d\u00e9votion des 1ers samedis du mois. Il ne s&#8217;agit pas l\u00e0 non plus d&#8217;une d\u00e9votion &#8220;personnelle&#8221; puisque justement N<strong>otre Dame demande au Pape lui-m\u00eame de la rendre officielle dans toute l&#8217;Eglise.<\/strong> Le fait que les Papes n&#8217;aient pas encore suivi cette demande ne change rien car Notre Dame est au-dessus des Papes et puisque c&#8217;est SA volont\u00e9, la d\u00e9votion des 1ers samedis est de facto pour toute l&#8217;Eglise et non juste personnelle. Soeur Lucie \u00e9crira le 3 octobre 1928 :<\/p><div style=\"text-align: left;\">\u00a0<\/div>\t\t\t\t\t\t\t\t<\/div>\n\t\t\t\t<\/div>\n\t\t\t\t\t<\/div>\n\t\t<\/div>\n\t\t\t\t<div class=\"elementor-column elementor-col-50 elementor-top-column elementor-element elementor-element-19469cb\" data-id=\"19469cb\" data-element_type=\"column\" data-e-type=\"column\">\n\t\t\t<div class=\"elementor-widget-wrap elementor-element-populated\">\n\t\t\t\t\t\t<div class=\"elementor-element elementor-element-688a875 elementor-widget elementor-widget-image\" data-id=\"688a875\" data-element_type=\"widget\" data-e-type=\"widget\" data-widget_type=\"image.default\">\n\t\t\t\t<div class=\"elementor-widget-container\">\n\t\t\t\t\t\t\t\t\t\t\t\t\t\t\t<img fetchpriority=\"high\" decoding=\"async\" width=\"541\" height=\"797\" src=\"https:\/\/salve-corda.org\/wp-content\/uploads\/2021\/07\/jean-paul-2.png\" class=\"attachment-large size-large wp-image-915\" alt=\"\" srcset=\"https:\/\/salve-corda.org\/wp-content\/uploads\/2021\/07\/jean-paul-2.png 541w, https:\/\/salve-corda.org\/wp-content\/uploads\/2021\/07\/jean-paul-2-204x300.png 204w\" sizes=\"(max-width: 541px) 100vw, 541px\" \/>\t\t\t\t\t\t\t\t\t\t\t\t\t\t\t<\/div>\n\t\t\t\t<\/div>\n\t\t\t\t\t<\/div>\n\t\t<\/div>\n\t\t\t\t\t<\/div>\n\t\t<\/section>\n\t\t\t\t<section class=\"elementor-section elementor-top-section elementor-element elementor-element-ad938ef elementor-section-boxed elementor-section-height-default elementor-section-height-default\" data-id=\"ad938ef\" data-element_type=\"section\" data-e-type=\"section\">\n\t\t\t\t\t\t<div class=\"elementor-container elementor-column-gap-default\">\n\t\t\t\t\t<div class=\"elementor-column elementor-col-100 elementor-top-column elementor-element elementor-element-c861da1\" data-id=\"c861da1\" data-element_type=\"column\" data-e-type=\"column\">\n\t\t\t<div class=\"elementor-widget-wrap elementor-element-populated\">\n\t\t\t\t\t\t<div class=\"elementor-element elementor-element-c6f8d14 elementor-widget elementor-widget-text-editor\" data-id=\"c6f8d14\" data-element_type=\"widget\" data-e-type=\"widget\" data-widget_type=\"text-editor.default\">\n\t\t\t\t<div class=\"elementor-widget-container\">\n\t\t\t\t\t\t\t\t\t<p style=\"text-align: left;\"><span style=\"font-family: var( --e-global-typography-18e5089-font-family ), Sans-serif; font-size: var( --e-global-typography-18e5089-font-size ); font-weight: var( --e-global-typography-18e5089-font-weight ); letter-spacing: var( --e-global-typography-18e5089-letter-spacing ); color: #6288c6;\"><em>\"It seems to me that the good Lord, in the depths of my heart, is acting on me so that\u00a0<strong>I ask the Holy Father to approve the devotion of Reparation, which God himself and the Blessed Virgin deigned to request in 1925.<\/strong>, (...)\"\u00a0 \u00a0 \u00a0 \u00a0 \u00a0 \u00a0 \u00a0 \u00a0<\/em><\/span><\/p><div>\u00a0<\/div><div>Le 29 mai 1930, Soeur Lucie r\u00e9it\u00e8re sa demande avec\u00a0 insistance expliquant qu&#8217;\u00e0 la fin de la pers\u00e9cution en Russie le Pape doit approuver et recommander la d\u00e9votion r\u00e9paratrice des 1ers samedis.<\/div><div>\u00a0<\/div><div style=\"text-align: left;\"><span style=\"font-family: var( --e-global-typography-18e5089-font-family ), Sans-serif; font-size: var( --e-global-typography-18e5089-font-size ); font-weight: var( --e-global-typography-18e5089-font-weight ); letter-spacing: var( --e-global-typography-18e5089-letter-spacing ); color: #6288c6;\"><em>\" (...) <strong>His Holiness promising, in return for the end of this persecution, to approve and recommend the practice of reparative devotion.<\/strong>the communion of atonement on the first five Saturdays of the month].<\/em><\/span><\/div>\t\t\t\t\t\t\t\t<\/div>\n\t\t\t\t<\/div>\n\t\t\t\t<div class=\"elementor-element elementor-element-83b5151 elementor-widget elementor-widget-text-editor\" data-id=\"83b5151\" data-element_type=\"widget\" data-e-type=\"widget\" data-widget_type=\"text-editor.default\">\n\t\t\t\t<div class=\"elementor-widget-container\">\n\t\t\t\t\t\t\t\t\t<p>mission de soeur Lucie jusqu&#8217;\u00e0 sa mort en 2005<\/p>\t\t\t\t\t\t\t\t<\/div>\n\t\t\t\t<\/div>\n\t\t\t\t\t<\/div>\n\t\t<\/div>\n\t\t\t\t\t<\/div>\n\t\t<\/section>\n\t\t\t\t<section class=\"elementor-section elementor-top-section elementor-element elementor-element-111800e elementor-section-boxed elementor-section-height-default elementor-section-height-default\" data-id=\"111800e\" data-element_type=\"section\" data-e-type=\"section\">\n\t\t\t\t\t\t<div class=\"elementor-container elementor-column-gap-default\">\n\t\t\t\t\t<div class=\"elementor-column elementor-col-50 elementor-top-column elementor-element elementor-element-0f7562b\" data-id=\"0f7562b\" data-element_type=\"column\" data-e-type=\"column\">\n\t\t\t<div class=\"elementor-widget-wrap elementor-element-populated\">\n\t\t\t\t\t\t<div class=\"elementor-element elementor-element-cf0a72b elementor-widget elementor-widget-image\" data-id=\"cf0a72b\" data-element_type=\"widget\" data-e-type=\"widget\" data-widget_type=\"image.default\">\n\t\t\t\t<div class=\"elementor-widget-container\">\n\t\t\t\t\t\t\t\t\t\t\t\t\t\t\t<img decoding=\"async\" width=\"200\" height=\"263\" src=\"https:\/\/salve-corda.org\/wp-content\/uploads\/2022\/09\/Soeur-Lucie02-4209590611.jpg\" class=\"attachment-large size-large wp-image-5677\" alt=\"\" \/>\t\t\t\t\t\t\t\t\t\t\t\t\t\t\t<\/div>\n\t\t\t\t<\/div>\n\t\t\t\t\t<\/div>\n\t\t<\/div>\n\t\t\t\t<div class=\"elementor-column elementor-col-50 elementor-top-column elementor-element elementor-element-5892bc8\" data-id=\"5892bc8\" data-element_type=\"column\" data-e-type=\"column\">\n\t\t\t<div class=\"elementor-widget-wrap elementor-element-populated\">\n\t\t\t\t\t\t<div class=\"elementor-element elementor-element-29544fa elementor-widget elementor-widget-text-editor\" data-id=\"29544fa\" data-element_type=\"widget\" data-e-type=\"widget\" data-widget_type=\"text-editor.default\">\n\t\t\t\t<div class=\"elementor-widget-container\">\n\t\t\t\t\t\t\t\t\t<p>Sister Lucia, the visionary of Fatima, lived throughout the 20th century and died in 2005. Our Lady had prophesied to her that she would live long to bring her message, given its fundamental importance for the times in which we live. Sister Lucia was adamant about the need to follow Our Lady's requests today:<\/p><p>\u00a0<\/p><p><i style=\"color: #6c8ecc; font-family: var( --e-global-typography-text-font-family ), Sans-serif; font-size: var( --e-global-typography-text-font-size ); font-weight: var( --e-global-typography-text-font-weight );\">\"She said (the Blessed Virgin NDLR), both to myself and to my cousins, that God was giving the\u00a0<\/i><u style=\"color: #6c8ecc; font-family: var( --e-global-typography-text-font-family ), Sans-serif; font-size: var( --e-global-typography-text-font-size ); font-weight: var( --e-global-typography-text-font-weight );\"><i>last two remedies\u00a0<\/i><\/u><i style=\"color: #6c8ecc; font-family: var( --e-global-typography-text-font-family ), Sans-serif; font-size: var( --e-global-typography-text-font-size ); font-weight: var( --e-global-typography-text-font-weight );\">to the world: the Holy Rosary and devotion to the Immaculate Heart of Mary.\u00a0<\/i><u style=\"color: #6c8ecc; font-family: var( --e-global-typography-text-font-family ), Sans-serif; font-size: var( --e-global-typography-text-font-size ); font-weight: var( --e-global-typography-text-font-weight );\"><i>that there won't be another<\/i><\/u><i style=\"color: #6c8ecc; font-family: var( --e-global-typography-text-font-family ), Sans-serif; font-size: var( --e-global-typography-text-font-size ); font-weight: var( --e-global-typography-text-font-weight );\">. \"\u00a0\u00a0\u00a0<\/i><span style=\"color: #6c8ecc; font-family: var( --e-global-typography-text-font-family ), Sans-serif; font-size: var( --e-global-typography-text-font-size ); font-weight: var( --e-global-typography-text-font-weight );\">\u00a0 \u00a0 \u00a0 \u00a0 \u00a0 \u00a0 \u00a0 \u00a0 \u00a0 \u00a0 \u00a0 \u00a0 \u00a0 \u00a0 \u00a0 \u00a0 \u00a0 \u00a0 \u00a0 \u00a0 \u00a0 \u00a0 \u00a0 \u00a0 \u00a0 \u00a0 \u00a0 \u00a0 \u00a0 \u00a0<\/span><span style=\"font-family: var( --e-global-typography-text-font-family ), Sans-serif; font-size: var( --e-global-typography-text-font-size ); font-weight: var( --e-global-typography-text-font-weight ); color: #808080;\">\u00a0December 26, 1957\u00a0<\/span><\/p><p><span style=\"color: #6c8ecc;\"><span style=\"color: #808080;\">\u00a0<\/span><\/span><\/p><p>\u00a0If God brings \"the last remedies\", it's because they are fundamental to accompany humanity to the end of the world. Sister Lucia concludes with these words, which should help us understand the obligatory nature of Fatima:<\/p>\t\t\t\t\t\t\t\t<\/div>\n\t\t\t\t<\/div>\n\t\t\t\t\t<\/div>\n\t\t<\/div>\n\t\t\t\t\t<\/div>\n\t\t<\/section>\n\t\t\t\t<section class=\"elementor-section elementor-top-section elementor-element elementor-element-e6ed821 elementor-section-boxed elementor-section-height-default elementor-section-height-default\" data-id=\"e6ed821\" data-element_type=\"section\" data-e-type=\"section\">\n\t\t\t\t\t\t<div class=\"elementor-container elementor-column-gap-default\">\n\t\t\t\t\t<div class=\"elementor-column elementor-col-100 elementor-top-column elementor-element elementor-element-823c2db\" data-id=\"823c2db\" data-element_type=\"column\" data-e-type=\"column\">\n\t\t\t<div class=\"elementor-widget-wrap elementor-element-populated\">\n\t\t\t\t\t\t<div class=\"elementor-element elementor-element-29c97a9 elementor-widget elementor-widget-text-editor\" data-id=\"29c97a9\" data-element_type=\"widget\" data-e-type=\"widget\" data-widget_type=\"text-editor.default\">\n\t\t\t\t<div class=\"elementor-widget-container\">\n\t\t\t\t\t\t\t\t\t<p><em style=\"font-family: var( --e-global-typography-text-font-family ), Sans-serif; font-size: var( --e-global-typography-text-font-size ); font-weight: var( --e-global-typography-text-font-weight ); color: #6c8ecc;\">\"Always in the plans of providence, when God is going to chastise the world, he exhausts all other remedies first. Now, since he has seen that the world has made no use of any of them, then, as we would say in our imperfect way of speaking, he offers us with a certain fear the last means of salvation, his Most Holy Mother.\u00a0<span style=\"font-weight: bold;\">FOR IF WE DESPISE AND REJECT THIS ULTIMATE MEANS, WE WILL NO LONGER HAVE HEAVEN'S FORGIVENESS BECAUSE WE WILL HAVE COMMITTED A SIN AGAINST THE HOLY SPIRIT, WHICH CONSISTS IN OPENLY REJECTING WITH FULL KNOWLEDGE AND WILL THE SALVATION OFFERED TO US.\"<\/span><\/em><span style=\"color: #6c8ecc;\"><i><br \/><\/i><\/span><\/p><p><span style=\"color: #6c8ecc;\"><span style=\"color: #808080;\">\u00a0<\/span><\/span><\/p>\t\t\t\t\t\t\t\t<\/div>\n\t\t\t\t<\/div>\n\t\t\t\t\t<\/div>\n\t\t<\/div>\n\t\t\t\t\t<\/div>\n\t\t<\/section>\n\t\t\t\t<section class=\"elementor-section elementor-top-section elementor-element elementor-element-6bfde15 elementor-section-boxed elementor-section-height-default elementor-section-height-default\" data-id=\"6bfde15\" data-element_type=\"section\" data-e-type=\"section\">\n\t\t\t\t\t\t<div class=\"elementor-container elementor-column-gap-default\">\n\t\t\t\t\t<div class=\"elementor-column elementor-col-100 elementor-top-column elementor-element elementor-element-5f404db\" data-id=\"5f404db\" data-element_type=\"column\" data-e-type=\"column\">\n\t\t\t<div class=\"elementor-widget-wrap elementor-element-populated\">\n\t\t\t\t\t\t<div class=\"elementor-element elementor-element-3950e21 elementor-widget elementor-widget-text-editor\" data-id=\"3950e21\" data-element_type=\"widget\" data-e-type=\"widget\" data-widget_type=\"text-editor.default\">\n\t\t\t\t<div class=\"elementor-widget-container\">\n\t\t\t\t\t\t\t\t\t<p>Fatima's prophecy: the key to our global crisis<\/p>\t\t\t\t\t\t\t\t<\/div>\n\t\t\t\t<\/div>\n\t\t\t\t\t<\/div>\n\t\t<\/div>\n\t\t\t\t\t<\/div>\n\t\t<\/section>\n\t\t\t\t<section class=\"elementor-section elementor-top-section elementor-element elementor-element-da99fd7 elementor-section-boxed elementor-section-height-default elementor-section-height-default\" data-id=\"da99fd7\" data-element_type=\"section\" data-e-type=\"section\">\n\t\t\t\t\t\t<div class=\"elementor-container elementor-column-gap-default\">\n\t\t\t\t\t<div class=\"elementor-column elementor-col-50 elementor-top-column elementor-element elementor-element-c6ec884\" data-id=\"c6ec884\" data-element_type=\"column\" data-e-type=\"column\">\n\t\t\t<div class=\"elementor-widget-wrap elementor-element-populated\">\n\t\t\t\t\t\t<div class=\"elementor-element elementor-element-a23c4ef elementor-widget elementor-widget-text-editor\" data-id=\"a23c4ef\" data-element_type=\"widget\" data-e-type=\"widget\" data-widget_type=\"text-editor.default\">\n\t\t\t\t<div class=\"elementor-widget-container\">\n\t\t\t\t\t\t\t\t\t<p>An entire part of the Fatima message is geared towards resolving a major crisis in the future. This message concerns the Second World War, of course, but as we have not heeded Our Lady's requests, this message concerns the aftermath, the current crisis into which Europe and the world are sinking.<\/p>\n<p>Sister Lucia had these terrible words to say <b>in 1957 <\/b>about what lies ahead:<br><br><span style=\"color: #2c7199;\">\"it will be horrible, horrible, horrible....\".<br><br><\/span><\/p>\n<p><\/p>\n<p>And she kept saying that it was up to us to prevent it.<\/p>\n<p>Indeed, the Blessed Virgin indicated that the means to be used was not optional to obtain the conversion of the world to peace:<br><br><\/p>\n<p><span style=\"color: #2c7199;\">\"<i>&nbsp;The practice of 1st Saturdays of the month and consecration <\/i><i>of Russia depends <\/i><i>war or peace<\/i><\/span><\/p>\t\t\t\t\t\t\t\t<\/div>\n\t\t\t\t<\/div>\n\t\t\t\t\t<\/div>\n\t\t<\/div>\n\t\t\t\t<div class=\"elementor-column elementor-col-50 elementor-top-column elementor-element elementor-element-9d03230\" data-id=\"9d03230\" data-element_type=\"column\" data-e-type=\"column\">\n\t\t\t<div class=\"elementor-widget-wrap elementor-element-populated\">\n\t\t\t\t\t\t<div class=\"elementor-element elementor-element-835b28a elementor-widget elementor-widget-image\" data-id=\"835b28a\" data-element_type=\"widget\" data-e-type=\"widget\" data-widget_type=\"image.default\">\n\t\t\t\t<div class=\"elementor-widget-container\">\n\t\t\t\t\t\t\t\t\t\t\t\t\t\t\t<img decoding=\"async\" width=\"640\" height=\"336\" src=\"https:\/\/salve-corda.org\/wp-content\/uploads\/2022\/09\/businessbourse-e1598355926818-1024x538.jpg\" class=\"attachment-large size-large wp-image-5682\" alt=\"\" srcset=\"https:\/\/salve-corda.org\/wp-content\/uploads\/2022\/09\/businessbourse-e1598355926818-1024x538.jpg 1024w, https:\/\/salve-corda.org\/wp-content\/uploads\/2022\/09\/businessbourse-e1598355926818-300x158.jpg 300w, https:\/\/salve-corda.org\/wp-content\/uploads\/2022\/09\/businessbourse-e1598355926818-768x403.jpg 768w, https:\/\/salve-corda.org\/wp-content\/uploads\/2022\/09\/businessbourse-e1598355926818.jpg 1200w\" sizes=\"(max-width: 640px) 100vw, 640px\" \/>\t\t\t\t\t\t\t\t\t\t\t\t\t\t\t<\/div>\n\t\t\t\t<\/div>\n\t\t\t\t\t<\/div>\n\t\t<\/div>\n\t\t\t\t\t<\/div>\n\t\t<\/section>\n\t\t\t\t<section class=\"elementor-section elementor-top-section elementor-element elementor-element-d517ec9 elementor-section-boxed elementor-section-height-default elementor-section-height-default\" data-id=\"d517ec9\" data-element_type=\"section\" data-e-type=\"section\">\n\t\t\t\t\t\t<div class=\"elementor-container elementor-column-gap-default\">\n\t\t\t\t\t<div class=\"elementor-column elementor-col-100 elementor-top-column elementor-element elementor-element-0e3255f\" data-id=\"0e3255f\" data-element_type=\"column\" data-e-type=\"column\">\n\t\t\t<div class=\"elementor-widget-wrap elementor-element-populated\">\n\t\t\t\t\t\t<div class=\"elementor-element elementor-element-7b1a6e8 elementor-widget elementor-widget-text-editor\" data-id=\"7b1a6e8\" data-element_type=\"widget\" data-e-type=\"widget\" data-widget_type=\"text-editor.default\">\n\t\t\t\t<div class=\"elementor-widget-container\">\n\t\t\t\t\t\t\t\t\t<p>Two warnings from Christ and the Blessed Virgin<\/p>\t\t\t\t\t\t\t\t<\/div>\n\t\t\t\t<\/div>\n\t\t\t\t\t<\/div>\n\t\t<\/div>\n\t\t\t\t\t<\/div>\n\t\t<\/section>\n\t\t\t\t<section class=\"elementor-section elementor-top-section elementor-element elementor-element-893396f elementor-section-boxed elementor-section-height-default elementor-section-height-default\" data-id=\"893396f\" data-element_type=\"section\" data-e-type=\"section\">\n\t\t\t\t\t\t<div class=\"elementor-container elementor-column-gap-default\">\n\t\t\t\t\t<div class=\"elementor-column elementor-col-50 elementor-top-column elementor-element elementor-element-66a1172\" data-id=\"66a1172\" data-element_type=\"column\" data-e-type=\"column\">\n\t\t\t<div class=\"elementor-widget-wrap elementor-element-populated\">\n\t\t\t\t\t\t<div class=\"elementor-element elementor-element-f169e38 elementor-widget elementor-widget-image\" data-id=\"f169e38\" data-element_type=\"widget\" data-e-type=\"widget\" data-widget_type=\"image.default\">\n\t\t\t\t<div class=\"elementor-widget-container\">\n\t\t\t\t\t\t\t\t\t\t\t\t\t\t\t<img loading=\"lazy\" decoding=\"async\" width=\"551\" height=\"654\" src=\"https:\/\/salve-corda.org\/wp-content\/uploads\/2021\/09\/external-content.duckduckgo-2-2.jpg\" class=\"attachment-large size-large wp-image-2599\" alt=\"\" srcset=\"https:\/\/salve-corda.org\/wp-content\/uploads\/2021\/09\/external-content.duckduckgo-2-2.jpg 551w, https:\/\/salve-corda.org\/wp-content\/uploads\/2021\/09\/external-content.duckduckgo-2-2-253x300.jpg 253w\" sizes=\"(max-width: 551px) 100vw, 551px\" \/>\t\t\t\t\t\t\t\t\t\t\t\t\t\t\t<\/div>\n\t\t\t\t<\/div>\n\t\t\t\t\t<\/div>\n\t\t<\/div>\n\t\t\t\t<div class=\"elementor-column elementor-col-50 elementor-top-column elementor-element elementor-element-507a237\" data-id=\"507a237\" data-element_type=\"column\" data-e-type=\"column\">\n\t\t\t<div class=\"elementor-widget-wrap elementor-element-populated\">\n\t\t\t\t\t\t<div class=\"elementor-element elementor-element-f51ea4a elementor-widget elementor-widget-text-editor\" data-id=\"f51ea4a\" data-element_type=\"widget\" data-e-type=\"widget\" data-widget_type=\"text-editor.default\">\n\t\t\t\t<div class=\"elementor-widget-container\">\n\t\t\t\t\t\t\t\t\t<p>While the Blessed Virgin prophesied that, in the end, devotion to her Heart would be established, Christ and the Blessed Virgin twice warned of the consequences of not following her requests by comparing the current situation to the history of the Sacred Heart's initial rejection...:<br><span style=\"color: var( --e-global-color-text ); font-family: var( --e-global-typography-text-font-family ), Sans-serif; font-size: var( --e-global-typography-text-font-size ); font-weight: var( --e-global-typography-text-font-weight );\"><br><span style=\"color: #18588c;\"><em>\u00ab&nbsp;Fais savoir \u00e0 mes Ministres (de l&#8217;Eglise NDLR), \u00e9tant donn\u00e9 qu\u2019ils suivent l\u2019exemple du Roi de France en retardant l\u2019ex\u00e9cution de ma demande, qu\u2019ils le suivront dans le malheur.&nbsp;\u00bb<br><\/em><\/span><\/span><\/p>\n<p><\/p>\n<p style=\"text-align: right;\">&nbsp; <i>Christ, spring 1931 in Rianjo<\/i><\/p>\n<p><i>&nbsp;<\/i><\/p>\n<p><\/p>\n<p><span style=\"color: #18588c;\"><em>\"They wouldn't listen to my request! Like the King of France, they will repent.\"<br><\/em><\/span><\/p>\n<p style=\"text-align: right;\"><em>&nbsp; &nbsp;Christ to Sister Lucy, summer 1931 <\/em><\/p>\n<p><br><\/p><p>Let's not forget that the French Revolution broke out 100 years to the day after the King's refusal to carry out the requests of the Sacred Heart. <b>The first Saturdays of the month in honor of the Immaculate Heart of Mary were requested at Fatima in 1925, which brings us to 2025... <\/b><\/p>\n<p><\/p>\n<p><b><\/b><br>It's hard to believe that Fatima's reach is over.<\/p>\t\t\t\t\t\t\t\t<\/div>\n\t\t\t\t<\/div>\n\t\t\t\t\t<\/div>\n\t\t<\/div>\n\t\t\t\t\t<\/div>\n\t\t<\/section>\n\t\t\t\t<section class=\"elementor-section elementor-top-section elementor-element elementor-element-f8353dc elementor-section-boxed elementor-section-height-default elementor-section-height-default\" data-id=\"f8353dc\" data-element_type=\"section\" data-e-type=\"section\">\n\t\t\t\t\t\t<div class=\"elementor-container elementor-column-gap-default\">\n\t\t\t\t\t<div class=\"elementor-column elementor-col-100 elementor-top-column elementor-element elementor-element-5465b5f\" data-id=\"5465b5f\" data-element_type=\"column\" data-e-type=\"column\">\n\t\t\t<div class=\"elementor-widget-wrap elementor-element-populated\">\n\t\t\t\t\t\t<div class=\"elementor-element elementor-element-93211c7 elementor-widget elementor-widget-text-editor\" data-id=\"93211c7\" data-element_type=\"widget\" data-e-type=\"widget\" data-widget_type=\"text-editor.default\">\n\t\t\t\t<div class=\"elementor-widget-container\">\n\t\t\t\t\t\t\t\t\t<p>An analysis based on common sense<\/p>\t\t\t\t\t\t\t\t<\/div>\n\t\t\t\t<\/div>\n\t\t\t\t\t<\/div>\n\t\t<\/div>\n\t\t\t\t\t<\/div>\n\t\t<\/section>\n\t\t\t\t<section class=\"elementor-section elementor-top-section elementor-element elementor-element-274dbca elementor-section-boxed elementor-section-height-default elementor-section-height-default\" data-id=\"274dbca\" data-element_type=\"section\" data-e-type=\"section\">\n\t\t\t\t\t\t<div class=\"elementor-container elementor-column-gap-default\">\n\t\t\t\t\t<div class=\"elementor-column elementor-col-100 elementor-top-column elementor-element elementor-element-76164b6\" data-id=\"76164b6\" data-element_type=\"column\" data-e-type=\"column\">\n\t\t\t<div class=\"elementor-widget-wrap elementor-element-populated\">\n\t\t\t\t\t\t<div class=\"elementor-element elementor-element-1e91c09 elementor-widget elementor-widget-text-editor\" data-id=\"1e91c09\" data-element_type=\"widget\" data-e-type=\"widget\" data-widget_type=\"text-editor.default\">\n\t\t\t\t<div class=\"elementor-widget-container\">\n\t\t\t\t\t\t\t\t\t<p>Finally, with a little common sense, we can make an objective analysis and see that devotion to the Hearts of Jesus and Mary is fundamental for our present world and its future conversion:<\/p>\t\t\t\t\t\t\t\t<\/div>\n\t\t\t\t<\/div>\n\t\t\t\t\t<\/div>\n\t\t<\/div>\n\t\t\t\t\t<\/div>\n\t\t<\/section>\n\t\t\t\t<section class=\"elementor-section elementor-top-section elementor-element elementor-element-86f5948 elementor-section-boxed elementor-section-height-default elementor-section-height-default\" data-id=\"86f5948\" data-element_type=\"section\" data-e-type=\"section\">\n\t\t\t\t\t\t<div class=\"elementor-container elementor-column-gap-default\">\n\t\t\t\t\t<div class=\"elementor-column elementor-col-50 elementor-top-column elementor-element elementor-element-f734e1c\" data-id=\"f734e1c\" data-element_type=\"column\" data-e-type=\"column\">\n\t\t\t<div class=\"elementor-widget-wrap elementor-element-populated\">\n\t\t\t\t\t\t<div class=\"elementor-element elementor-element-c96f9f3 elementor-widget elementor-widget-text-editor\" data-id=\"c96f9f3\" data-element_type=\"widget\" data-e-type=\"widget\" data-widget_type=\"text-editor.default\">\n\t\t\t\t<div class=\"elementor-widget-container\">\n\t\t\t\t\t\t\t\t\t<ul><li>Christ and the Blessed Virgin came in person to insist on this devotion.<\/li><li>This devotion is above all others because it concerns Christ and the Blessed Virgin herself,<\/li><li>Popes have recognized the importance of following this devotion and many saints have been its precursors.<\/li><li>ils ont institu\u00e9 dans toute l&#8217;Eglise les f\u00eates du Sacr\u00e9 Coeur et du Coeur Immacul\u00e9 de Marie<\/li><li>the Blessed Virgin expressly asked the Pope to consecrate Russia and recognize the 1st Saturdays of the year.\u00a0<\/li><li>elle n&#8217;a cess\u00e9 de dire que le sort du monde est li\u00e9 \u00e0 cette d\u00e9votion<\/li><li>the beauty of this devotion is unique. We contemplate the love between Christ and the Blessed Virgin, their immense love for us, a source of considerable graces.<\/li><\/ul>\t\t\t\t\t\t\t\t<\/div>\n\t\t\t\t<\/div>\n\t\t\t\t\t<\/div>\n\t\t<\/div>\n\t\t\t\t<div class=\"elementor-column elementor-col-50 elementor-top-column elementor-element elementor-element-622b4a2\" data-id=\"622b4a2\" data-element_type=\"column\" data-e-type=\"column\">\n\t\t\t<div class=\"elementor-widget-wrap elementor-element-populated\">\n\t\t\t\t\t\t<div class=\"elementor-element elementor-element-a1bd1f8 elementor-widget elementor-widget-image\" data-id=\"a1bd1f8\" data-element_type=\"widget\" data-e-type=\"widget\" data-widget_type=\"image.default\">\n\t\t\t\t<div class=\"elementor-widget-container\">\n\t\t\t\t\t\t\t\t\t\t\t\t\t\t\t<img loading=\"lazy\" decoding=\"async\" width=\"640\" height=\"441\" src=\"https:\/\/salve-corda.org\/wp-content\/uploads\/2021\/09\/Sans-titre-11-1024x706.png\" class=\"attachment-large size-large wp-image-2637\" alt=\"\" srcset=\"https:\/\/salve-corda.org\/wp-content\/uploads\/2021\/09\/Sans-titre-11-1024x706.png 1024w, https:\/\/salve-corda.org\/wp-content\/uploads\/2021\/09\/Sans-titre-11-300x207.png 300w, https:\/\/salve-corda.org\/wp-content\/uploads\/2021\/09\/Sans-titre-11-768x529.png 768w, https:\/\/salve-corda.org\/wp-content\/uploads\/2021\/09\/Sans-titre-11.png 1039w\" sizes=\"(max-width: 640px) 100vw, 640px\" \/>\t\t\t\t\t\t\t\t\t\t\t\t\t\t\t<\/div>\n\t\t\t\t<\/div>\n\t\t\t\t\t<\/div>\n\t\t<\/div>\n\t\t\t\t\t<\/div>\n\t\t<\/section>\n\t\t\t\t<\/div>","protected":false},"excerpt":{"rendered":"<p>Pourquoi la d\u00e9votion aux c\u0153urs de J\u00e9sus et Marie CONCERNE TOUTE L&#8217;EGLISE ? L&#8217;enseignement des papes Le caract\u00e8re essentiel des d\u00e9votions au Sacr\u00e9-Coeur et au Coeur Immacul\u00e9 de Marie ont \u00e9t\u00e9 soulign\u00e9es par [&hellip;]<\/p>","protected":false},"author":1,"featured_media":0,"parent":0,"menu_order":0,"comment_status":"closed","ping_status":"closed","template":"elementor_header_footer","meta":{"footnotes":""},"class_list":["post-488","page","type-page","status-publish","hentry"],"_links":{"self":[{"href":"https:\/\/salve-corda.org\/en\/wp-json\/wp\/v2\/pages\/488","targetHints":{"allow":["GET"]}}],"collection":[{"href":"https:\/\/salve-corda.org\/en\/wp-json\/wp\/v2\/pages"}],"about":[{"href":"https:\/\/salve-corda.org\/en\/wp-json\/wp\/v2\/types\/page"}],"author":[{"embeddable":true,"href":"https:\/\/salve-corda.org\/en\/wp-json\/wp\/v2\/users\/1"}],"replies":[{"embeddable":true,"href":"https:\/\/salve-corda.org\/en\/wp-json\/wp\/v2\/comments?post=488"}],"version-history":[{"count":124,"href":"https:\/\/salve-corda.org\/en\/wp-json\/wp\/v2\/pages\/488\/revisions"}],"predecessor-version":[{"id":5691,"href":"https:\/\/salve-corda.org\/en\/wp-json\/wp\/v2\/pages\/488\/revisions\/5691"}],"wp:attachment":[{"href":"https:\/\/salve-corda.org\/en\/wp-json\/wp\/v2\/media?parent=488"}],"curies":[{"name":"wp","href":"https:\/\/api.w.org\/{rel}","templated":true}]}}