{"id":571,"date":"2021-07-12T12:43:57","date_gmt":"2021-07-12T10:43:57","guid":{"rendered":"https:\/\/salve-corda.org\/?page_id=571"},"modified":"2025-06-25T10:09:52","modified_gmt":"2025-06-25T08:09:52","slug":"historique","status":"publish","type":"page","link":"https:\/\/salve-corda.org\/en\/historique\/","title":{"rendered":"les coeurs de J\u00e9sus et Marie dans l&#8217;histoire"},"content":{"rendered":"<div data-elementor-type=\"wp-page\" data-elementor-id=\"571\" class=\"elementor elementor-571\">\n\t\t\t\t\t\t<section class=\"elementor-section elementor-top-section elementor-element elementor-element-678f123 elementor-section-boxed elementor-section-height-default elementor-section-height-default\" data-id=\"678f123\" data-element_type=\"section\" data-e-type=\"section\">\n\t\t\t\t\t\t<div class=\"elementor-container elementor-column-gap-default\">\n\t\t\t\t\t<div class=\"elementor-column elementor-col-100 elementor-top-column elementor-element elementor-element-c146022\" data-id=\"c146022\" data-element_type=\"column\" data-e-type=\"column\">\n\t\t\t<div class=\"elementor-widget-wrap elementor-element-populated\">\n\t\t\t\t\t\t<div class=\"elementor-element elementor-element-e008568 elementor-widget elementor-widget-spacer\" data-id=\"e008568\" data-element_type=\"widget\" data-e-type=\"widget\" data-widget_type=\"spacer.default\">\n\t\t\t\t<div class=\"elementor-widget-container\">\n\t\t\t\t\t\t\t<div class=\"elementor-spacer\">\n\t\t\t<div class=\"elementor-spacer-inner\"><\/div>\n\t\t<\/div>\n\t\t\t\t\t\t<\/div>\n\t\t\t\t<\/div>\n\t\t\t\t\t<\/div>\n\t\t<\/div>\n\t\t\t\t\t<\/div>\n\t\t<\/section>\n\t\t\t\t<section class=\"elementor-section elementor-top-section elementor-element elementor-element-0dfa2dc elementor-section-boxed elementor-section-height-default elementor-section-height-default\" data-id=\"0dfa2dc\" data-element_type=\"section\" data-e-type=\"section\">\n\t\t\t\t\t\t<div class=\"elementor-container elementor-column-gap-default\">\n\t\t\t\t\t<div class=\"elementor-column elementor-col-100 elementor-top-column elementor-element elementor-element-c979f7e\" data-id=\"c979f7e\" data-element_type=\"column\" data-e-type=\"column\">\n\t\t\t<div class=\"elementor-widget-wrap elementor-element-populated\">\n\t\t\t\t\t\t<div class=\"elementor-element elementor-element-6ff4dd5 elementor-widget elementor-widget-heading\" data-id=\"6ff4dd5\" data-element_type=\"widget\" data-e-type=\"widget\" data-widget_type=\"heading.default\">\n\t\t\t\t<div class=\"elementor-widget-container\">\n\t\t\t\t\t<h2 class=\"elementor-heading-title elementor-size-default\">Wonderful history of devotion to the Holy Hearts of Jesus and Mary<\/h2>\t\t\t\t<\/div>\n\t\t\t\t<\/div>\n\t\t\t\t\t<\/div>\n\t\t<\/div>\n\t\t\t\t\t<\/div>\n\t\t<\/section>\n\t\t\t\t<section class=\"elementor-section elementor-top-section elementor-element elementor-element-1b12408 elementor-section-boxed elementor-section-height-default elementor-section-height-default\" data-id=\"1b12408\" data-element_type=\"section\" data-e-type=\"section\">\n\t\t\t\t\t\t<div class=\"elementor-container elementor-column-gap-default\">\n\t\t\t\t\t<div class=\"elementor-column elementor-col-50 elementor-top-column elementor-element elementor-element-0c9b7e5\" data-id=\"0c9b7e5\" data-element_type=\"column\" data-e-type=\"column\">\n\t\t\t<div class=\"elementor-widget-wrap elementor-element-populated\">\n\t\t\t\t\t\t<div class=\"elementor-element elementor-element-f3671d8 elementor-widget elementor-widget-heading\" data-id=\"f3671d8\" data-element_type=\"widget\" data-e-type=\"widget\" data-widget_type=\"heading.default\">\n\t\t\t\t<div class=\"elementor-widget-container\">\n\t\t\t\t\t<h3 class=\"elementor-heading-title elementor-size-default\">The Gospel and the early Church<\/h3>\t\t\t\t<\/div>\n\t\t\t\t<\/div>\n\t\t\t\t<div class=\"elementor-element elementor-element-514251a elementor-widget elementor-widget-text-editor\" data-id=\"514251a\" data-element_type=\"widget\" data-e-type=\"widget\" data-widget_type=\"text-editor.default\">\n\t\t\t\t<div class=\"elementor-widget-container\">\n\t\t\t\t\t\t\t\t\t<p><span style=\"color: var( --e-global-color-text );\">Veneration of the Hearts of Jesus and Mary is rooted in the Gospel: \"You shall love the Lord your God <\/span><b style=\"color: var( --e-global-color-text );\">with all your heart<\/b><span style=\"color: var( --e-global-color-text );\">with all your soul and with all your mind. This is the greatest and first commandment\" (Mt 22:36-40).<\/span><\/p><p>\u00a0<\/p><p>The importance of love for the saints\u00a0<span style=\"color: var( --e-global-color-text );\">Hearts<\/span><span style=\"color: var( --e-global-color-text );\">\u00a0of Jesus and Mary finds its inspiration in this first commandment.<\/span><\/p><p>\u00a0<\/p><p>At the Presentation in the Temple, Saint Simeon said to the Blessed Virgin: \"A sword will pierce your soul\" (here we mean her motherly heart). When, with St. Joseph, she found Jesus in the temple after having lost him, the Gospel tells us: \"The Blessed Virgin kept and meditated on all these events in her <span style=\"color: var( --e-global-color-text );\">Heart<\/span><span style=\"color: var( --e-global-color-text );\">\u00a0\"(Luke 2:52). On the evening of the Last Supper, Saint John, the disciple whom Jesus loved, will affectionately lay his head on Jesus' head.\u00a0<\/span><span style=\"color: var( --e-global-color-text );\">Heart<\/span><span style=\"color: var( --e-global-color-text );\">\u00a0of Christ (John 13:23-25). On the Cross, the\u00a0<\/span><span style=\"color: var( --e-global-color-text );\">Heart<\/span><span style=\"color: var( --e-global-color-text );\">\u00a0of Christ will be pierced and blood and water (symbolizing the Eucharist and Baptism) will come out.<\/span><\/p>\t\t\t\t\t\t\t\t<\/div>\n\t\t\t\t<\/div>\n\t\t\t\t\t<\/div>\n\t\t<\/div>\n\t\t\t\t<div class=\"elementor-column elementor-col-50 elementor-top-column elementor-element elementor-element-3c47905\" data-id=\"3c47905\" data-element_type=\"column\" data-e-type=\"column\">\n\t\t\t<div class=\"elementor-widget-wrap elementor-element-populated\">\n\t\t\t\t\t\t<div class=\"elementor-element elementor-element-e382e94 elementor-widget elementor-widget-image\" data-id=\"e382e94\" data-element_type=\"widget\" data-e-type=\"widget\" data-widget_type=\"image.default\">\n\t\t\t\t<div class=\"elementor-widget-container\">\n\t\t\t\t\t\t\t\t\t\t\t\t\t\t\t<img fetchpriority=\"high\" decoding=\"async\" width=\"595\" height=\"683\" src=\"https:\/\/salve-corda.org\/wp-content\/uploads\/2021\/07\/Sans-titre.png\" class=\"attachment-large size-large wp-image-619\" alt=\"\" srcset=\"https:\/\/salve-corda.org\/wp-content\/uploads\/2021\/07\/Sans-titre.png 595w, https:\/\/salve-corda.org\/wp-content\/uploads\/2021\/07\/Sans-titre-261x300.png 261w\" sizes=\"(max-width: 595px) 100vw, 595px\" \/>\t\t\t\t\t\t\t\t\t\t\t\t\t\t\t<\/div>\n\t\t\t\t<\/div>\n\t\t\t\t\t<\/div>\n\t\t<\/div>\n\t\t\t\t\t<\/div>\n\t\t<\/section>\n\t\t\t\t<section class=\"elementor-section elementor-top-section elementor-element elementor-element-7080df4 elementor-section-boxed elementor-section-height-default elementor-section-height-default\" data-id=\"7080df4\" data-element_type=\"section\" data-e-type=\"section\">\n\t\t\t\t\t\t<div class=\"elementor-container elementor-column-gap-default\">\n\t\t\t\t\t<div class=\"elementor-column elementor-col-100 elementor-top-column elementor-element elementor-element-e97c5fb\" data-id=\"e97c5fb\" data-element_type=\"column\" data-e-type=\"column\">\n\t\t\t<div class=\"elementor-widget-wrap elementor-element-populated\">\n\t\t\t\t\t\t<div class=\"elementor-element elementor-element-e529522 elementor-widget elementor-widget-text-editor\" data-id=\"e529522\" data-element_type=\"widget\" data-e-type=\"widget\" data-widget_type=\"text-editor.default\">\n\t\t\t\t<div class=\"elementor-widget-container\">\n\t\t\t\t\t\t\t\t\t<p>Later, Popes and Saints began to speak of the devotion due to the Hearts of Jesus and Mary. In 604, Pope St. Gregory the Great taught us: \"Learn from the Heart of Jesus and Mary.\u00a0<span style=\"color: var( --e-global-color-text ); font-family: var( --e-global-typography-18e5089-font-family ), Sans-serif; font-size: var( --e-global-typography-18e5089-font-size ); font-weight: var( --e-global-typography-18e5089-font-weight ); letter-spacing: var( --e-global-typography-18e5089-letter-spacing );\">Heart<\/span><span style=\"color: var( --e-global-color-text ); font-family: var( --e-global-typography-18e5089-font-family ), Sans-serif; font-size: var( --e-global-typography-18e5089-font-size ); font-weight: var( --e-global-typography-18e5089-font-weight ); letter-spacing: var( --e-global-typography-18e5089-letter-spacing );\">\u00a0the teachings of God to long for eternal things\". Then there's Saint Anselm in the 10th century, Saint Bernard of Clervaux in the 12th, Saint Francis of Assisi in the 13th, Saint Bonaventure, Saint Gertrude of Helfta, Saint Mechtilde of Hackeborn.<\/span><\/p><p>\u00a0<\/p>\t\t\t\t\t\t\t\t<\/div>\n\t\t\t\t<\/div>\n\t\t\t\t\t<\/div>\n\t\t<\/div>\n\t\t\t\t\t<\/div>\n\t\t<\/section>\n\t\t\t\t<section class=\"elementor-section elementor-top-section elementor-element elementor-element-70b8a99 elementor-section-boxed elementor-section-height-default elementor-section-height-default\" data-id=\"70b8a99\" data-element_type=\"section\" data-e-type=\"section\" data-settings=\"{&quot;background_background&quot;:&quot;classic&quot;}\">\n\t\t\t\t\t\t<div class=\"elementor-container elementor-column-gap-default\">\n\t\t\t\t\t<div class=\"elementor-column elementor-col-100 elementor-top-column elementor-element elementor-element-3294498\" data-id=\"3294498\" data-element_type=\"column\" data-e-type=\"column\">\n\t\t\t<div class=\"elementor-widget-wrap elementor-element-populated\">\n\t\t\t\t\t\t<div class=\"elementor-element elementor-element-6abbfba elementor-widget elementor-widget-heading\" data-id=\"6abbfba\" data-element_type=\"widget\" data-e-type=\"widget\" data-widget_type=\"heading.default\">\n\t\t\t\t<div class=\"elementor-widget-container\">\n\t\t\t\t\t<h3 class=\"elementor-heading-title elementor-size-default\">Saint John Eudes the Precursor, 17th century<\/h3>\t\t\t\t<\/div>\n\t\t\t\t<\/div>\n\t\t\t\t<div class=\"elementor-element elementor-element-be64bdf elementor-widget elementor-widget-text-editor\" data-id=\"be64bdf\" data-element_type=\"widget\" data-e-type=\"widget\" data-widget_type=\"text-editor.default\">\n\t\t\t\t<div class=\"elementor-widget-container\">\n\t\t\t\t\t\t\t\t\t<p>Just as Saint John the Baptist announced the coming of Christ, it was another John, Saint John Eudes, who really announced the great devotion to the Hearts of Jesus and Mary. He was the first to associate them closely, and wrote the beautiful prayer known as the<u>Ave Cor.<\/u><\/p>\t\t\t\t\t\t\t\t<\/div>\n\t\t\t\t<\/div>\n\t\t\t\t\t<\/div>\n\t\t<\/div>\n\t\t\t\t\t<\/div>\n\t\t<\/section>\n\t\t\t\t<section class=\"elementor-section elementor-top-section elementor-element elementor-element-2937365 elementor-section-boxed elementor-section-height-default elementor-section-height-default\" data-id=\"2937365\" data-element_type=\"section\" data-e-type=\"section\" data-settings=\"{&quot;background_background&quot;:&quot;classic&quot;}\">\n\t\t\t\t\t\t<div class=\"elementor-container elementor-column-gap-default\">\n\t\t\t\t\t<div class=\"elementor-column elementor-col-50 elementor-top-column elementor-element elementor-element-dd4d11d\" data-id=\"dd4d11d\" data-element_type=\"column\" data-e-type=\"column\">\n\t\t\t<div class=\"elementor-widget-wrap elementor-element-populated\">\n\t\t\t\t\t\t<div class=\"elementor-element elementor-element-49dcb3c elementor-widget elementor-widget-image\" data-id=\"49dcb3c\" data-element_type=\"widget\" data-e-type=\"widget\" data-widget_type=\"image.default\">\n\t\t\t\t<div class=\"elementor-widget-container\">\n\t\t\t\t\t\t\t\t\t\t\t\t\t\t\t<img decoding=\"async\" width=\"640\" height=\"479\" src=\"https:\/\/salve-corda.org\/wp-content\/uploads\/2021\/07\/Sans-titre-1.png\" class=\"attachment-large size-large wp-image-623\" alt=\"\" srcset=\"https:\/\/salve-corda.org\/wp-content\/uploads\/2021\/07\/Sans-titre-1.png 781w, https:\/\/salve-corda.org\/wp-content\/uploads\/2021\/07\/Sans-titre-1-300x225.png 300w, https:\/\/salve-corda.org\/wp-content\/uploads\/2021\/07\/Sans-titre-1-768x575.png 768w\" sizes=\"(max-width: 640px) 100vw, 640px\" \/>\t\t\t\t\t\t\t\t\t\t\t\t\t\t\t<\/div>\n\t\t\t\t<\/div>\n\t\t\t\t\t<\/div>\n\t\t<\/div>\n\t\t\t\t<div class=\"elementor-column elementor-col-50 elementor-top-column elementor-element elementor-element-7242630\" data-id=\"7242630\" data-element_type=\"column\" data-e-type=\"column\">\n\t\t\t<div class=\"elementor-widget-wrap elementor-element-populated\">\n\t\t\t\t\t\t<div class=\"elementor-element elementor-element-f470957 elementor-widget elementor-widget-text-editor\" data-id=\"f470957\" data-element_type=\"widget\" data-e-type=\"widget\" data-widget_type=\"text-editor.default\">\n\t\t\t\t<div class=\"elementor-widget-container\">\n\t\t\t\t\t\t\t\t\t<p><span style=\"color: #6288c6;\"><i>\"This prayer is addressed jointly to the Most Holy Hearts of Jesus and Mary. For even though the Heart of the Son is different from that of the Mother, and infinitely surpasses it in excellence and holiness, God has united these two Hearts so closely that we can truly say they are but one Heart, because they have always been animated by the same spirit and filled with the same sentiments and affections. Jesus is so alive and reigning in Mary, that He is truly the soul of her soul, the mind and heart of her heart. So much so that, properly speaking, the Heart of Mary is Jesus; and so to greet and adore the Heart of Mary is to greet and adore Jesus inasmuch as he is the spirit, soul, life and Heart of his Most Holy Mother\".\u00a0<\/i><\/span><\/p><p style=\"text-align: right;\"><i>Saint John Eudes (1601 - 1680)<\/i><\/p>\t\t\t\t\t\t\t\t<\/div>\n\t\t\t\t<\/div>\n\t\t\t\t\t<\/div>\n\t\t<\/div>\n\t\t\t\t\t<\/div>\n\t\t<\/section>\n\t\t\t\t<section class=\"elementor-section elementor-top-section elementor-element elementor-element-6e709fd elementor-section-boxed elementor-section-height-default elementor-section-height-default\" data-id=\"6e709fd\" data-element_type=\"section\" data-e-type=\"section\" data-settings=\"{&quot;background_background&quot;:&quot;classic&quot;}\">\n\t\t\t\t\t\t<div class=\"elementor-container elementor-column-gap-default\">\n\t\t\t\t\t<div class=\"elementor-column elementor-col-100 elementor-top-column elementor-element elementor-element-527e7b6\" data-id=\"527e7b6\" data-element_type=\"column\" data-e-type=\"column\">\n\t\t\t<div class=\"elementor-widget-wrap elementor-element-populated\">\n\t\t\t\t\t\t<div class=\"elementor-element elementor-element-52ac9c0 elementor-widget elementor-widget-text-editor\" data-id=\"52ac9c0\" data-element_type=\"widget\" data-e-type=\"widget\" data-widget_type=\"text-editor.default\">\n\t\t\t\t<div class=\"elementor-widget-container\">\n\t\t\t\t\t\t\t\t\t<p>This devotion having been magnificently introduced into the Church, Christ and the Blessed Virgin will then come in person to reveal to us, in three successive stages, the need to place devotion to their united Hearts at the center of our modern lives.<\/p>\t\t\t\t\t\t\t\t<\/div>\n\t\t\t\t<\/div>\n\t\t\t\t\t<\/div>\n\t\t<\/div>\n\t\t\t\t\t<\/div>\n\t\t<\/section>\n\t\t\t\t<section class=\"elementor-section elementor-top-section elementor-element elementor-element-2bdb93e elementor-section-boxed elementor-section-height-default elementor-section-height-default\" data-id=\"2bdb93e\" data-element_type=\"section\" data-e-type=\"section\">\n\t\t\t\t\t\t<div class=\"elementor-container elementor-column-gap-default\">\n\t\t\t\t\t<div class=\"elementor-column elementor-col-50 elementor-top-column elementor-element elementor-element-53ec56f\" data-id=\"53ec56f\" data-element_type=\"column\" data-e-type=\"column\">\n\t\t\t<div class=\"elementor-widget-wrap elementor-element-populated\">\n\t\t\t\t\t\t<div class=\"elementor-element elementor-element-50acbea elementor-widget elementor-widget-heading\" data-id=\"50acbea\" data-element_type=\"widget\" data-e-type=\"widget\" data-widget_type=\"heading.default\">\n\t\t\t\t<div class=\"elementor-widget-container\">\n\t\t\t\t\t<h3 class=\"elementor-heading-title elementor-size-default\">Stage 1 - Paray-le-Monial: devotion to the Sacred HEART<\/h3>\t\t\t\t<\/div>\n\t\t\t\t<\/div>\n\t\t\t\t<div class=\"elementor-element elementor-element-979e568 elementor-widget elementor-widget-text-editor\" data-id=\"979e568\" data-element_type=\"widget\" data-e-type=\"widget\" data-widget_type=\"text-editor.default\">\n\t\t\t\t<div class=\"elementor-widget-container\">\n\t\t\t\t\t\t\t\t\t<p>In 1673-1674, a few years before the death of his messenger Saint Jean Eudes, Christ appeared to Saint Marguerite-Marie at Paray-le-Monial (France). He made a solemn request for devotion to his Sacred Heart. He will describe in precise terms the acts and prayers He expects of us, and will attach to them magnificent promises, underlining the importance of His requests and the power of this devotion.<\/p><p>\u00a0<\/p><p>Addressing the faithful, he asked them in particular to <b>Communion on the first Friday of the month and Holy Hour on Thursday evenings<\/b>. He asked the King, the representative of temporal power, to consecrate his family and France to the Sacred Heart, and to place his Sacred Heart on the French flag and coat of arms. But neither Louis XIV nor his successors would follow these requests, and exactly one hundred years later, the revolution would destroy royalty in France and spread to the rest of the world.<\/p><p>\u00a0<\/p><p>Pope Clement XIII, however, having understood the importance of Christ's apparitions at Paray-le-Monial, officially instituted the feast of the Sacred Heart on February 6, 1765.<\/p>\t\t\t\t\t\t\t\t<\/div>\n\t\t\t\t<\/div>\n\t\t\t\t\t<\/div>\n\t\t<\/div>\n\t\t\t\t<div class=\"elementor-column elementor-col-50 elementor-top-column elementor-element elementor-element-84d445f\" data-id=\"84d445f\" data-element_type=\"column\" data-e-type=\"column\">\n\t\t\t<div class=\"elementor-widget-wrap elementor-element-populated\">\n\t\t\t\t\t\t<div class=\"elementor-element elementor-element-6535bce elementor-widget elementor-widget-image\" data-id=\"6535bce\" data-element_type=\"widget\" data-e-type=\"widget\" data-widget_type=\"image.default\">\n\t\t\t\t<div class=\"elementor-widget-container\">\n\t\t\t\t\t\t\t\t\t\t\t\t\t\t\t<img decoding=\"async\" width=\"640\" height=\"906\" src=\"https:\/\/salve-corda.org\/wp-content\/uploads\/2021\/07\/Sans-titre-2.png\" class=\"attachment-large size-large wp-image-624\" alt=\"\" srcset=\"https:\/\/salve-corda.org\/wp-content\/uploads\/2021\/07\/Sans-titre-2.png 643w, https:\/\/salve-corda.org\/wp-content\/uploads\/2021\/07\/Sans-titre-2-212x300.png 212w\" sizes=\"(max-width: 640px) 100vw, 640px\" \/>\t\t\t\t\t\t\t\t\t\t\t\t\t\t\t<\/div>\n\t\t\t\t<\/div>\n\t\t\t\t\t<\/div>\n\t\t<\/div>\n\t\t\t\t\t<\/div>\n\t\t<\/section>\n\t\t\t\t<section class=\"elementor-section elementor-top-section elementor-element elementor-element-5a04936 elementor-section-boxed elementor-section-height-default elementor-section-height-default\" data-id=\"5a04936\" data-element_type=\"section\" data-e-type=\"section\">\n\t\t\t\t\t\t<div class=\"elementor-container elementor-column-gap-default\">\n\t\t\t\t\t\t<\/div>\n\t\t<\/section>\n\t\t\t\t<section class=\"elementor-section elementor-top-section elementor-element elementor-element-92444d1 elementor-section-boxed elementor-section-height-default elementor-section-height-default\" data-id=\"92444d1\" data-element_type=\"section\" data-e-type=\"section\" data-settings=\"{&quot;background_background&quot;:&quot;classic&quot;}\">\n\t\t\t\t\t\t<div class=\"elementor-container elementor-column-gap-default\">\n\t\t\t\t\t<div class=\"elementor-column elementor-col-100 elementor-top-column elementor-element elementor-element-ca8eae2\" data-id=\"ca8eae2\" data-element_type=\"column\" data-e-type=\"column\">\n\t\t\t<div class=\"elementor-widget-wrap elementor-element-populated\">\n\t\t\t\t\t\t<div class=\"elementor-element elementor-element-5685db6 elementor-widget elementor-widget-heading\" data-id=\"5685db6\" data-element_type=\"widget\" data-e-type=\"widget\" data-widget_type=\"heading.default\">\n\t\t\t\t<div class=\"elementor-widget-container\">\n\t\t\t\t\t<h3 class=\"elementor-heading-title elementor-size-default\">Stage 2 - Rue du Bac: the HEART of Mary next to the Sacred Heart<span style=\"color: var( --e-global-color-d0f9407 );font-family: var( --e-global-typography-de41d25-font-family ), Sans-serif;font-size: var( --e-global-typography-de41d25-font-size );font-weight: var( --e-global-typography-de41d25-font-weight );letter-spacing: var( --e-global-typography-de41d25-letter-spacing );text-transform: var( --e-global-typography-de41d25-text-transform );background-color: var( --e-global-color-f890547 )\"><\/span><br><\/h3>\t\t\t\t<\/div>\n\t\t\t\t<\/div>\n\t\t\t\t\t<\/div>\n\t\t<\/div>\n\t\t\t\t\t<\/div>\n\t\t<\/section>\n\t\t\t\t<section class=\"elementor-section elementor-top-section elementor-element elementor-element-2ff03b8 elementor-section-boxed elementor-section-height-default elementor-section-height-default\" data-id=\"2ff03b8\" data-element_type=\"section\" data-e-type=\"section\" data-settings=\"{&quot;background_background&quot;:&quot;classic&quot;}\">\n\t\t\t\t\t\t<div class=\"elementor-container elementor-column-gap-default\">\n\t\t\t\t\t<div class=\"elementor-column elementor-col-50 elementor-top-column elementor-element elementor-element-4417716\" data-id=\"4417716\" data-element_type=\"column\" data-e-type=\"column\">\n\t\t\t<div class=\"elementor-widget-wrap elementor-element-populated\">\n\t\t\t\t\t\t<div class=\"elementor-element elementor-element-cbe283f elementor-widget elementor-widget-image\" data-id=\"cbe283f\" data-element_type=\"widget\" data-e-type=\"widget\" data-widget_type=\"image.default\">\n\t\t\t\t<div class=\"elementor-widget-container\">\n\t\t\t\t\t\t\t\t\t\t\t\t\t\t\t<img loading=\"lazy\" decoding=\"async\" width=\"640\" height=\"765\" src=\"https:\/\/salve-corda.org\/wp-content\/uploads\/2021\/07\/Sans-titre-3.png\" class=\"attachment-large size-large wp-image-631\" alt=\"\" srcset=\"https:\/\/salve-corda.org\/wp-content\/uploads\/2021\/07\/Sans-titre-3.png 800w, https:\/\/salve-corda.org\/wp-content\/uploads\/2021\/07\/Sans-titre-3-251x300.png 251w, https:\/\/salve-corda.org\/wp-content\/uploads\/2021\/07\/Sans-titre-3-768x918.png 768w\" sizes=\"(max-width: 640px) 100vw, 640px\" \/>\t\t\t\t\t\t\t\t\t\t\t\t\t\t\t<\/div>\n\t\t\t\t<\/div>\n\t\t\t\t\t<\/div>\n\t\t<\/div>\n\t\t\t\t<div class=\"elementor-column elementor-col-50 elementor-top-column elementor-element elementor-element-86d781d\" data-id=\"86d781d\" data-element_type=\"column\" data-e-type=\"column\">\n\t\t\t<div class=\"elementor-widget-wrap elementor-element-populated\">\n\t\t\t\t\t\t<div class=\"elementor-element elementor-element-b52464e elementor-widget elementor-widget-text-editor\" data-id=\"b52464e\" data-element_type=\"widget\" data-e-type=\"widget\" data-widget_type=\"text-editor.default\">\n\t\t\t\t<div class=\"elementor-widget-container\">\n\t\t\t\t\t\t\t\t\t<p>The martyrdom of French clergy and Catholics during the French Revolution and the years that followed - culminating in the massacre in the Vend\u00e9e - brought many graces to France. In 1830, the Blessed Virgin appeared to Saint Catherine Labour\u00e9 on rue du Bac in Paris, announcing that she was the mediatrix of all graces.<\/p><p>\u00a0<\/p><p>She asked him to have a medal engraved on the reverse, depicting her Heart next to that of her son Jesus, a subtle announcement of future devotion to her Immaculate Heart. The apparitions on rue du Bac were thus the link between Paray-le-Monial and Fatima, and opened the way for devotion to the Heart of Mary.<\/p>\t\t\t\t\t\t\t\t<\/div>\n\t\t\t\t<\/div>\n\t\t\t\t\t<\/div>\n\t\t<\/div>\n\t\t\t\t\t<\/div>\n\t\t<\/section>\n\t\t\t\t<section class=\"elementor-section elementor-top-section elementor-element elementor-element-6a9c5b7 elementor-section-boxed elementor-section-height-default elementor-section-height-default\" data-id=\"6a9c5b7\" data-element_type=\"section\" data-e-type=\"section\" data-settings=\"{&quot;background_background&quot;:&quot;classic&quot;}\">\n\t\t\t\t\t\t<div class=\"elementor-container elementor-column-gap-default\">\n\t\t\t\t\t<div class=\"elementor-column elementor-col-100 elementor-top-column elementor-element elementor-element-b3b880f\" data-id=\"b3b880f\" data-element_type=\"column\" data-e-type=\"column\">\n\t\t\t<div class=\"elementor-widget-wrap elementor-element-populated\">\n\t\t\t\t\t\t<div class=\"elementor-element elementor-element-2d7c9b0 elementor-widget elementor-widget-text-editor\" data-id=\"2d7c9b0\" data-element_type=\"widget\" data-e-type=\"widget\" data-widget_type=\"text-editor.default\">\n\t\t\t\t<div class=\"elementor-widget-container\">\n\t\t\t\t\t\t\t\t\t<p>The first manifestation of this devotion came six years later. In 1836, the Basilica of Notre-Dame des Victoires in Paris was deserted, and its parish priest, Father Desgenettes, was in despair. On December 3, the first Saturday of the month, as he was saying Mass alone, he repeatedly heard an inner voice saying: \"Consecrate your parish to the Immaculate Heart of Mary\". Two weeks later, he obeyed, and the faithful began to flock. Five years later, the Confraternity of the Immaculate Heart of Mary he founded had two million members, and Notre-Dame des Victoires had become the busiest parish in Paris.<\/p>\t\t\t\t\t\t\t\t<\/div>\n\t\t\t\t<\/div>\n\t\t\t\t\t<\/div>\n\t\t<\/div>\n\t\t\t\t\t<\/div>\n\t\t<\/section>\n\t\t\t\t<section class=\"elementor-section elementor-top-section elementor-element elementor-element-c95dddd elementor-section-boxed elementor-section-height-default elementor-section-height-default\" data-id=\"c95dddd\" data-element_type=\"section\" data-e-type=\"section\" data-settings=\"{&quot;background_background&quot;:&quot;classic&quot;}\">\n\t\t\t\t\t\t<div class=\"elementor-container elementor-column-gap-default\">\n\t\t\t\t\t<div class=\"elementor-column elementor-col-50 elementor-top-column elementor-element elementor-element-8689486\" data-id=\"8689486\" data-element_type=\"column\" data-e-type=\"column\">\n\t\t\t<div class=\"elementor-widget-wrap elementor-element-populated\">\n\t\t\t\t\t\t<div class=\"elementor-element elementor-element-c53c872 elementor-widget elementor-widget-text-editor\" data-id=\"c53c872\" data-element_type=\"widget\" data-e-type=\"widget\" data-widget_type=\"text-editor.default\">\n\t\t\t\t<div class=\"elementor-widget-container\">\n\t\t\t\t\t\t\t\t\t<p>After the Rue du Bac, the Virgin stepped up her direct action spectacularly. She returned to La Salette (1846), Lourdes (1858), Pontmain (1871) and Pellevoisin (1876). At Lourdes, the dogma of <b>the Immaculate Conception.<\/b>&nbsp;Notre Dame demandera \u00e9galement de fa\u00e7on incessante de prier pour les p\u00e9cheurs&nbsp; car comme le disait Sainte Th\u00e9r\u00e8se d&#8217;Avila,&nbsp; &#8220;les \u00e2mes&nbsp;<b>go to hell<\/b>&nbsp;comme les feuilles des arbres tombent en automne&#8221;. Ces deux th\u00e8mes sont au c\u0153ur de Fatima qui viendra couronner ce cycle unique d\u2019apparitions mariales.<\/p>\n<p><\/p>\n<p>At the same time, devotion to the Sacred Heart continued to grow. It was celebrated everywhere, and numerous churches were dedicated to it. Stained-glass windows and statues in honor of the Sacred Heart will spring up all over France and the world. France established the world's largest church dedicated to the Sacred Heart in its capital. Finally, Pope Leo XIII consecrated mankind to the Sacred Heart in 1899.<\/p>\t\t\t\t\t\t\t\t<\/div>\n\t\t\t\t<\/div>\n\t\t\t\t\t<\/div>\n\t\t<\/div>\n\t\t\t\t<div class=\"elementor-column elementor-col-50 elementor-top-column elementor-element elementor-element-d7d71f3 elementor-hidden-mobile\" data-id=\"d7d71f3\" data-element_type=\"column\" data-e-type=\"column\">\n\t\t\t<div class=\"elementor-widget-wrap elementor-element-populated\">\n\t\t\t\t\t\t<div class=\"elementor-element elementor-element-933f430 elementor-widget elementor-widget-image\" data-id=\"933f430\" data-element_type=\"widget\" data-e-type=\"widget\" data-widget_type=\"image.default\">\n\t\t\t\t<div class=\"elementor-widget-container\">\n\t\t\t\t\t\t\t\t\t\t\t\t\t\t\t<img loading=\"lazy\" decoding=\"async\" width=\"539\" height=\"989\" src=\"https:\/\/salve-corda.org\/wp-content\/uploads\/2021\/07\/Sans-titre-4.png\" class=\"attachment-large size-large wp-image-633\" alt=\"\" srcset=\"https:\/\/salve-corda.org\/wp-content\/uploads\/2021\/07\/Sans-titre-4.png 539w, https:\/\/salve-corda.org\/wp-content\/uploads\/2021\/07\/Sans-titre-4-163x300.png 163w\" sizes=\"(max-width: 539px) 100vw, 539px\" \/>\t\t\t\t\t\t\t\t\t\t\t\t\t\t\t<\/div>\n\t\t\t\t<\/div>\n\t\t\t\t\t<\/div>\n\t\t<\/div>\n\t\t\t\t\t<\/div>\n\t\t<\/section>\n\t\t\t\t<section class=\"elementor-section elementor-top-section elementor-element elementor-element-362ac3b elementor-section-boxed elementor-section-height-default elementor-section-height-default\" data-id=\"362ac3b\" data-element_type=\"section\" data-e-type=\"section\">\n\t\t\t\t\t\t<div class=\"elementor-container elementor-column-gap-default\">\n\t\t\t\t\t<div class=\"elementor-column elementor-col-100 elementor-top-column elementor-element elementor-element-2b4f2c7\" data-id=\"2b4f2c7\" data-element_type=\"column\" data-e-type=\"column\">\n\t\t\t<div class=\"elementor-widget-wrap elementor-element-populated\">\n\t\t\t\t\t\t<div class=\"elementor-element elementor-element-4d19806 elementor-widget elementor-widget-heading\" data-id=\"4d19806\" data-element_type=\"widget\" data-e-type=\"widget\" data-widget_type=\"heading.default\">\n\t\t\t\t<div class=\"elementor-widget-container\">\n\t\t\t\t\t<h3 class=\"elementor-heading-title elementor-size-default\">Stage 3 - Fatima: Devotion to the Immaculate Heart of Mary <br><\/h3>\t\t\t\t<\/div>\n\t\t\t\t<\/div>\n\t\t\t\t\t<\/div>\n\t\t<\/div>\n\t\t\t\t\t<\/div>\n\t\t<\/section>\n\t\t\t\t<section class=\"elementor-section elementor-top-section elementor-element elementor-element-5bacadb elementor-section-boxed elementor-section-height-default elementor-section-height-default\" data-id=\"5bacadb\" data-element_type=\"section\" data-e-type=\"section\">\n\t\t\t\t\t\t<div class=\"elementor-container elementor-column-gap-default\">\n\t\t\t\t\t<div class=\"elementor-column elementor-col-50 elementor-top-column elementor-element elementor-element-1f81626\" data-id=\"1f81626\" data-element_type=\"column\" data-e-type=\"column\">\n\t\t\t<div class=\"elementor-widget-wrap elementor-element-populated\">\n\t\t\t\t\t\t<div class=\"elementor-element elementor-element-3158d86 elementor-widget elementor-widget-image\" data-id=\"3158d86\" data-element_type=\"widget\" data-e-type=\"widget\" data-widget_type=\"image.default\">\n\t\t\t\t<div class=\"elementor-widget-container\">\n\t\t\t\t\t\t\t\t\t\t\t\t\t\t\t<img loading=\"lazy\" decoding=\"async\" width=\"489\" height=\"681\" src=\"https:\/\/salve-corda.org\/wp-content\/uploads\/2021\/07\/Sans-titre-5.png\" class=\"attachment-large size-large wp-image-655\" alt=\"\" srcset=\"https:\/\/salve-corda.org\/wp-content\/uploads\/2021\/07\/Sans-titre-5.png 489w, https:\/\/salve-corda.org\/wp-content\/uploads\/2021\/07\/Sans-titre-5-215x300.png 215w\" sizes=\"(max-width: 489px) 100vw, 489px\" \/>\t\t\t\t\t\t\t\t\t\t\t\t\t\t\t<\/div>\n\t\t\t\t<\/div>\n\t\t\t\t\t<\/div>\n\t\t<\/div>\n\t\t\t\t<div class=\"elementor-column elementor-col-50 elementor-top-column elementor-element elementor-element-e47a814\" data-id=\"e47a814\" data-element_type=\"column\" data-e-type=\"column\">\n\t\t\t<div class=\"elementor-widget-wrap elementor-element-populated\">\n\t\t\t\t\t\t<div class=\"elementor-element elementor-element-e54ae63 elementor-widget elementor-widget-text-editor\" data-id=\"e54ae63\" data-element_type=\"widget\" data-e-type=\"widget\" data-widget_type=\"text-editor.default\">\n\t\t\t\t<div class=\"elementor-widget-container\">\n\t\t\t\t\t\t\t\t\t<p>In 1917, the state of the world was appalling. World War I was raging, and the Bolshevik revolution was looming in Russia.  Our Lady appeared six times on the 13th of each month, from May to October, in Fatima (Portugal) to three young shepherds, Lucia, Jacinta and Francisco. She announced:<\/p>\n<p><\/p>\n<p><span style=\"color: #6288c6;\"><i>\"God wants to establish devotion to my Immaculate Heart in the world.\"<\/i><\/span><\/p>\n<p><span style=\"color: #6288c6;\">&nbsp;<\/span><\/p>\n<p><\/p>\n<p>Cardinal Cerejeira, former bishop of Fatima, will explain:<\/p>\n<p><span style=\"color: #6288c6;\"><i>\"In a way, Fatima is the continuation, or rather the conclusion, of Paray-le-Monial.<\/i> <i>Fatima brings together these two hearts that God<\/i><i>&#8211;<\/i><i>united in the divine work of Redemption. <\/i><\/span><\/p>\n<p><span style=\"color: #6288c6;\"><i>&nbsp;<\/i><\/span><\/p>\n<p><span style=\"color: #6288c6;\"><i>&nbsp;<\/i><\/span><span style=\"color: var( --e-global-color-text ); font-family: var( --e-global-typography-18e5089-font-family ), Sans-serif; font-size: var( --e-global-typography-18e5089-font-size ); font-weight: var( --e-global-typography-18e5089-font-weight ); letter-spacing: var( --e-global-typography-18e5089-letter-spacing ); word-spacing: var( --e-global-typography-18e5089-word-spacing );\">Like the Sacred Heart, and in a surprisingly symmetrical way, the Blessed Virgin will in turn describe the seven acts and prayers she expects of us, and attach to them magnificent promises, including peace in the world. In particular, she asks<\/span><span style=\"color: var( --e-global-color-text ); font-family: var( --e-global-typography-18e5089-font-family ), Sans-serif; font-size: var( --e-global-typography-18e5089-font-size ); font-weight: var( --e-global-typography-18e5089-font-weight ); letter-spacing: var( --e-global-typography-18e5089-letter-spacing ); word-spacing: var( --e-global-typography-18e5089-word-spacing );\">&nbsp;<\/span><span style=\"color: var( --e-global-color-text ); font-family: var( --e-global-typography-18e5089-font-family ), Sans-serif; font-size: var( --e-global-typography-18e5089-font-size ); letter-spacing: var( --e-global-typography-18e5089-letter-spacing ); word-spacing: var( --e-global-typography-18e5089-word-spacing ); font-weight: bold;\">to the faithful and to the Pope<\/span><span style=\"color: var( --e-global-color-text ); font-family: var( --e-global-typography-18e5089-font-family ), Sans-serif; font-size: var( --e-global-typography-18e5089-font-size ); font-weight: var( --e-global-typography-18e5089-font-weight ); letter-spacing: var( --e-global-typography-18e5089-letter-spacing ); word-spacing: var( --e-global-typography-18e5089-word-spacing );\">&nbsp;<\/span><span style=\"color: var( --e-global-color-text ); font-family: var( --e-global-typography-18e5089-font-family ), Sans-serif; font-size: var( --e-global-typography-18e5089-font-size ); letter-spacing: var( --e-global-typography-18e5089-letter-spacing ); word-spacing: var( --e-global-typography-18e5089-word-spacing ); font-weight: bold;\">Communion of Reparation on First Saturdays<\/span><span style=\"color: var( --e-global-color-text ); font-family: var( --e-global-typography-18e5089-font-family ), Sans-serif; font-size: var( --e-global-typography-18e5089-font-size ); font-weight: var( --e-global-typography-18e5089-font-weight ); letter-spacing: var( --e-global-typography-18e5089-letter-spacing ); word-spacing: var( --e-global-typography-18e5089-word-spacing );\">&nbsp;<\/span><span style=\"color: var( --e-global-color-text ); font-family: var( --e-global-typography-18e5089-font-family ), Sans-serif; font-size: var( --e-global-typography-18e5089-font-size ); letter-spacing: var( --e-global-typography-18e5089-letter-spacing ); word-spacing: var( --e-global-typography-18e5089-word-spacing ); font-weight: bold;\">of the month<\/span><span style=\"color: var( --e-global-color-text ); font-family: var( --e-global-typography-18e5089-font-family ), Sans-serif; font-size: var( --e-global-typography-18e5089-font-size ); font-weight: var( --e-global-typography-18e5089-font-weight ); letter-spacing: var( --e-global-typography-18e5089-letter-spacing ); word-spacing: var( --e-global-typography-18e5089-word-spacing );\">&nbsp;associated with the consecration of Russia to her Immaculate Heart.<\/span><\/p>\t\t\t\t\t\t\t\t<\/div>\n\t\t\t\t<\/div>\n\t\t\t\t\t<\/div>\n\t\t<\/div>\n\t\t\t\t\t<\/div>\n\t\t<\/section>\n\t\t\t\t<\/div>","protected":false},"excerpt":{"rendered":"<p>A marvellous history of devotion to the Holy Hearts of Jesus and Mary The Gospel and the early Church Veneration of the Hearts of Jesus and Mary has its very source in the Gospel [...].<\/p>","protected":false},"author":1,"featured_media":0,"parent":0,"menu_order":0,"comment_status":"closed","ping_status":"closed","template":"elementor_header_footer","meta":{"footnotes":""},"class_list":["post-571","page","type-page","status-publish","hentry"],"_links":{"self":[{"href":"https:\/\/salve-corda.org\/en\/wp-json\/wp\/v2\/pages\/571","targetHints":{"allow":["GET"]}}],"collection":[{"href":"https:\/\/salve-corda.org\/en\/wp-json\/wp\/v2\/pages"}],"about":[{"href":"https:\/\/salve-corda.org\/en\/wp-json\/wp\/v2\/types\/page"}],"author":[{"embeddable":true,"href":"https:\/\/salve-corda.org\/en\/wp-json\/wp\/v2\/users\/1"}],"replies":[{"embeddable":true,"href":"https:\/\/salve-corda.org\/en\/wp-json\/wp\/v2\/comments?post=571"}],"version-history":[{"count":147,"href":"https:\/\/salve-corda.org\/en\/wp-json\/wp\/v2\/pages\/571\/revisions"}],"predecessor-version":[{"id":18100,"href":"https:\/\/salve-corda.org\/en\/wp-json\/wp\/v2\/pages\/571\/revisions\/18100"}],"wp:attachment":[{"href":"https:\/\/salve-corda.org\/en\/wp-json\/wp\/v2\/media?parent=571"}],"curies":[{"name":"wp","href":"https:\/\/api.w.org\/{rel}","templated":true}]}}