{"id":573,"date":"2021-07-12T12:44:13","date_gmt":"2021-07-12T10:44:13","guid":{"rendered":"https:\/\/salve-corda.org\/?page_id=573"},"modified":"2025-02-04T12:18:36","modified_gmt":"2025-02-04T11:18:36","slug":"importance-capitale","status":"publish","type":"page","link":"https:\/\/salve-corda.org\/en\/importance-capitale\/","title":{"rendered":"Importance of this means in the current crisis"},"content":{"rendered":"<div data-elementor-type=\"wp-page\" data-elementor-id=\"573\" class=\"elementor elementor-573\">\n\t\t\t\t\t\t<section class=\"elementor-section elementor-top-section elementor-element elementor-element-874819a elementor-section-boxed elementor-section-height-default elementor-section-height-default\" data-id=\"874819a\" data-element_type=\"section\" data-e-type=\"section\">\n\t\t\t\t\t\t<div class=\"elementor-container elementor-column-gap-default\">\n\t\t\t\t\t<div class=\"elementor-column elementor-col-100 elementor-top-column elementor-element elementor-element-ce57ea6\" data-id=\"ce57ea6\" data-element_type=\"column\" data-e-type=\"column\">\n\t\t\t<div class=\"elementor-widget-wrap elementor-element-populated\">\n\t\t\t\t\t\t<div class=\"elementor-element elementor-element-d3edb40 elementor-widget elementor-widget-spacer\" data-id=\"d3edb40\" data-element_type=\"widget\" data-e-type=\"widget\" data-widget_type=\"spacer.default\">\n\t\t\t\t<div class=\"elementor-widget-container\">\n\t\t\t\t\t\t\t<div class=\"elementor-spacer\">\n\t\t\t<div class=\"elementor-spacer-inner\"><\/div>\n\t\t<\/div>\n\t\t\t\t\t\t<\/div>\n\t\t\t\t<\/div>\n\t\t\t\t<div class=\"elementor-element elementor-element-c75c0d1 elementor-widget elementor-widget-heading\" data-id=\"c75c0d1\" data-element_type=\"widget\" data-e-type=\"widget\" data-widget_type=\"heading.default\">\n\t\t\t\t<div class=\"elementor-widget-container\">\n\t\t\t\t\t<h2 class=\"elementor-heading-title elementor-size-default\">The vital importance of the 1st Saturdays of Fatima for our times\n<\/h2>\t\t\t\t<\/div>\n\t\t\t\t<\/div>\n\t\t\t\t<div class=\"elementor-element elementor-element-e2e0646 elementor-widget elementor-widget-image\" data-id=\"e2e0646\" data-element_type=\"widget\" data-e-type=\"widget\" data-widget_type=\"image.default\">\n\t\t\t\t<div class=\"elementor-widget-container\">\n\t\t\t\t\t\t\t\t\t\t\t\t\t\t\t<img fetchpriority=\"high\" decoding=\"async\" width=\"640\" height=\"272\" src=\"https:\/\/salve-corda.org\/wp-content\/uploads\/2023\/09\/image-2.png\" class=\"attachment-large size-large wp-image-6135\" alt=\"\" srcset=\"https:\/\/salve-corda.org\/wp-content\/uploads\/2023\/09\/image-2.png 981w, https:\/\/salve-corda.org\/wp-content\/uploads\/2023\/09\/image-2-300x128.png 300w, https:\/\/salve-corda.org\/wp-content\/uploads\/2023\/09\/image-2-768x326.png 768w\" sizes=\"(max-width: 640px) 100vw, 640px\" \/>\t\t\t\t\t\t\t\t\t\t\t\t\t\t\t<\/div>\n\t\t\t\t<\/div>\n\t\t\t\t<div class=\"elementor-element elementor-element-7d45052 elementor-widget elementor-widget-text-editor\" data-id=\"7d45052\" data-element_type=\"widget\" data-e-type=\"widget\" data-widget_type=\"text-editor.default\">\n\t\t\t\t<div class=\"elementor-widget-container\">\n\t\t\t\t\t\t\t\t\t<p>\u00a0<\/p><p>\u00a0<\/p><p>L<span style=\"color: var( --e-global-color-text ); font-family: var( --e-global-typography-18e5089-font-family ), Sans-serif; font-size: var( --e-global-typography-18e5089-font-size ); font-weight: var( --e-global-typography-18e5089-font-weight ); letter-spacing: var( --e-global-typography-18e5089-letter-spacing ); word-spacing: var( --e-global-typography-18e5089-word-spacing );\">he devotion to the Immaculate Heart of Mary, associated with that of the Sacred Heart, was brought to us by God as THE WAY to face the evils of modern times and to help us overcome them.\u00a0<\/span><b style=\"color: var( --e-global-color-text ); font-family: var( --e-global-typography-18e5089-font-family ), Sans-serif; font-size: var( --e-global-typography-18e5089-font-size ); letter-spacing: var( --e-global-typography-18e5089-letter-spacing ); word-spacing: var( --e-global-typography-18e5089-word-spacing );\">put an end to it<\/b><span style=\"color: var( --e-global-color-text ); font-family: var( --e-global-typography-18e5089-font-family ), Sans-serif; font-size: var( --e-global-typography-18e5089-font-size ); font-weight: var( --e-global-typography-18e5089-font-weight ); letter-spacing: var( --e-global-typography-18e5089-letter-spacing ); word-spacing: var( --e-global-typography-18e5089-word-spacing );\">. Sister Lucia explained on June 20, 1939:<\/span><\/p><p>\u00a0<\/p><p><span style=\"color: #0000ff;\"><em>\"Our Lady has promised to delay the scourge of war if this devotion is spread and practiced. We see that She will obtain the remission of this chastisement to the extent of the efforts made to propagate this devotion, but I fear that it will not be possible to do more than we are doing at present and that God, displeased, will withdraw the arm of His Mercy and let the world be ravaged by this chastisement which will be different from any other of the past. \"<\/em><\/span><\/p>\t\t\t\t\t\t\t\t<\/div>\n\t\t\t\t<\/div>\n\t\t\t\t<div class=\"elementor-element elementor-element-babd128 elementor-widget elementor-widget-heading\" data-id=\"babd128\" data-element_type=\"widget\" data-e-type=\"widget\" data-widget_type=\"heading.default\">\n\t\t\t\t<div class=\"elementor-widget-container\">\n\t\t\t\t\t<h3 class=\"elementor-heading-title elementor-size-default\">A CONCERNING global situation<\/h3>\t\t\t\t<\/div>\n\t\t\t\t<\/div>\n\t\t\t\t<div class=\"elementor-element elementor-element-becc2df elementor-widget elementor-widget-text-editor\" data-id=\"becc2df\" data-element_type=\"widget\" data-e-type=\"widget\" data-widget_type=\"text-editor.default\">\n\t\t\t\t<div class=\"elementor-widget-container\">\n\t\t\t\t\t\t\t\t\t<p><\/p>\n<p>Nous percevons tous une aggravation de la situation. Le sentiment d\u2019imminence d\u2019un effondrement g\u00e9n\u00e9ral se fait sentir dans de multiples domaines, sant\u00e9, s\u00e9curit\u00e9, \u00e9conomie, etc. Mais surtout le risque de guerre se fait sentir de plus en plus. Il est urgent d&#8217;agir pour la paix avec les moyens spirituels qui nous ont \u00e9t\u00e9 donn\u00e9s.<\/p>\n<p><span style=\"color: var( --e-global-color-text ); font-family: var( --e-global-typography-18e5089-font-family ), Sans-serif; font-size: var( --e-global-typography-18e5089-font-size ); font-weight: var( --e-global-typography-18e5089-font-weight );\">&nbsp;<\/span><\/p>\t\t\t\t\t\t\t\t<\/div>\n\t\t\t\t<\/div>\n\t\t\t\t\t<\/div>\n\t\t<\/div>\n\t\t\t\t\t<\/div>\n\t\t<\/section>\n\t\t\t\t<section class=\"elementor-section elementor-top-section elementor-element elementor-element-430ffeb elementor-section-boxed elementor-section-height-default elementor-section-height-default\" data-id=\"430ffeb\" data-element_type=\"section\" data-e-type=\"section\" data-settings=\"{&quot;background_background&quot;:&quot;classic&quot;}\">\n\t\t\t\t\t\t<div class=\"elementor-container elementor-column-gap-default\">\n\t\t\t\t\t<div class=\"elementor-column elementor-col-100 elementor-top-column elementor-element elementor-element-bc7f7f4\" data-id=\"bc7f7f4\" data-element_type=\"column\" data-e-type=\"column\">\n\t\t\t<div class=\"elementor-widget-wrap elementor-element-populated\">\n\t\t\t\t\t\t<div class=\"elementor-element elementor-element-158fcdd elementor-widget elementor-widget-heading\" data-id=\"158fcdd\" data-element_type=\"widget\" data-e-type=\"widget\" data-widget_type=\"heading.default\">\n\t\t\t\t<div class=\"elementor-widget-container\">\n\t\t\t\t\t<h3 class=\"elementor-heading-title elementor-size-default\">Only the means willed by God HIMSELF can save the world.<\/h3>\t\t\t\t<\/div>\n\t\t\t\t<\/div>\n\t\t\t\t<div class=\"elementor-element elementor-element-20cb851 elementor-widget elementor-widget-text-editor\" data-id=\"20cb851\" data-element_type=\"widget\" data-e-type=\"widget\" data-widget_type=\"text-editor.default\">\n\t\t\t\t<div class=\"elementor-widget-container\">\n\t\t\t\t\t\t\t\t\t<p>On December 26, 1957, Sister Lucia explained why Our Lady's requests at Fatima were<b>\u00a0the fundamental means<\/b>\u00a0to save the world and how heavy is the responsibility of all those who, <b>knowingly<\/b>refuse to do so:<\/p>\t\t\t\t\t\t\t\t<\/div>\n\t\t\t\t<\/div>\n\t\t\t\t<div class=\"elementor-element elementor-element-8283a96 elementor-widget elementor-widget-text-editor\" data-id=\"8283a96\" data-element_type=\"widget\" data-e-type=\"widget\" data-widget_type=\"text-editor.default\">\n\t\t\t\t<div class=\"elementor-widget-container\">\n\t\t\t\t\t\t\t\t\t<p><span style=\"color: #6288c6;\"><i>\"She said (the Blessed Virgin NDLR), both to myself and to my cousins, that God was giving the <\/i><b><i>last two remedies <\/i><\/b><i>in the world<\/i> <i>the Holy Rosary and devotion to the Immaculate Heart of Mary, these being the last two remediations<\/i><i>es<\/i><i> this means <\/i><b><i>that there won't be another.\"<\/i><\/b><\/span><\/p><p><span style=\"color: #6288c6;\"><i>\"Always in the plans of providence, when God is going to chastise the world, he exhausts all other remedies first. Now, as he has seen that the <\/i><i>M<\/i><i>onde made no mention of the Sacred Heart, so, as we would say in our imperfect way of speaking, he offers us with a certain fear the Sacred Heart. <\/i><b><i>last means of salvation<\/i><\/b><i>his Blessed Mother. For if we despise and reject this ultimate means , <b>WE WILL NO LONGER HAVE THE FORGIVENESS OF HEAVEN BECAUSE WE HAVE COMMITTED A SIN AGAINST THE HOLY SPIRIT, WHICH CONSISTS IN OPENLY REJECTING WITH FULL KNOWLEDGE AND WILL THE SALVATION OFFERED TO US.\"<\/b><\/i><\/span><\/p><p><em style=\"font-family: var( --e-global-typography-18e5089-font-family ), Sans-serif; font-size: var( --e-global-typography-18e5089-font-size ); letter-spacing: var( --e-global-typography-18e5089-letter-spacing ); color: #556bab; background-color: var( --e-global-color-f890547 );\"><span style=\"text-align: left; font-family: var( --e-global-typography-18e5089-font-family ), Sans-serif; font-size: var( --e-global-typography-18e5089-font-size ); letter-spacing: var( --e-global-typography-18e5089-letter-spacing ); background-color: var( --e-global-color-f890547 );\"><b>\u00a0<\/b><\/span><\/em><\/p><p style=\"background-color: rgba(2, 1, 1, 0.04);\"><span style=\"color: #808080;\">And Benedict XVI recalled on May 13, 2010:<\/span><\/p><p style=\"background-color: rgba(2, 1, 1, 0.04);\"><span style=\"color: #6288c6;\"><i>\"<\/i><i>\u00a0Anyone who thinks that Fatima's prophetic mission is over would be mistaken...<\/i><\/span><span style=\"color: #6288c6; text-align: left; font-family: var( --e-global-typography-18e5089-font-family ), Sans-serif; font-size: var( --e-global-typography-18e5089-font-size ); font-weight: var( --e-global-typography-18e5089-font-weight ); letter-spacing: var( --e-global-typography-18e5089-letter-spacing ); background-color: var( --e-global-color-f890547 );\">\".<\/span><\/p>\t\t\t\t\t\t\t\t<\/div>\n\t\t\t\t<\/div>\n\t\t\t\t\t<\/div>\n\t\t<\/div>\n\t\t\t\t\t<\/div>\n\t\t<\/section>\n\t\t\t\t<section class=\"elementor-section elementor-top-section elementor-element elementor-element-3fcc025 elementor-section-boxed elementor-section-height-default elementor-section-height-default\" data-id=\"3fcc025\" data-element_type=\"section\" data-e-type=\"section\" data-settings=\"{&quot;background_background&quot;:&quot;classic&quot;}\">\n\t\t\t\t\t\t<div class=\"elementor-container elementor-column-gap-default\">\n\t\t\t\t\t<div class=\"elementor-column elementor-col-100 elementor-top-column elementor-element elementor-element-d423d2c\" data-id=\"d423d2c\" data-element_type=\"column\" data-e-type=\"column\">\n\t\t\t<div class=\"elementor-widget-wrap elementor-element-populated\">\n\t\t\t\t\t\t<div class=\"elementor-element elementor-element-bd9fc49 elementor-widget elementor-widget-heading\" data-id=\"bd9fc49\" data-element_type=\"widget\" data-e-type=\"widget\" data-widget_type=\"heading.default\">\n\t\t\t\t<div class=\"elementor-widget-container\">\n\t\t\t\t\t<h3 class=\"elementor-heading-title elementor-size-default\">Proof of the effectiveness of this god-given devotion\n<\/h3>\t\t\t\t<\/div>\n\t\t\t\t<\/div>\n\t\t\t\t<div class=\"elementor-element elementor-element-cd9bfc2 elementor-widget elementor-widget-text-editor\" data-id=\"cd9bfc2\" data-element_type=\"widget\" data-e-type=\"widget\" data-widget_type=\"text-editor.default\">\n\t\t\t\t<div class=\"elementor-widget-container\">\n\t\t\t\t\t\t\t\t\t<p>Numerous examples of miracles obtained by the Immaculate Heart of Mary show that this way of working is exceptionally powerful.<\/p><p>\u00a0<\/p><p>- In Hiroshima, a small religious congregation dedicated to the Blessed Virgin and having built a chapel dedicated to Fatima was 800 m from the bomb when it exploded. While everyone else at that distance died instantly or from radiation, the members of this congregation were spared and lived to the age of 85 with no health problems.<\/p>\t\t\t\t\t\t\t\t<\/div>\n\t\t\t\t<\/div>\n\t\t\t\t<div class=\"elementor-element elementor-element-8fabc09 elementor-align-center elementor-widget elementor-widget-button\" data-id=\"8fabc09\" data-element_type=\"widget\" data-e-type=\"widget\" data-widget_type=\"button.default\">\n\t\t\t\t<div class=\"elementor-widget-container\">\n\t\t\t\t\t\t\t\t\t<div class=\"elementor-button-wrapper\">\n\t\t\t\t\t<a class=\"elementor-button elementor-button-link elementor-size-sm\" href=\"https:\/\/www.youtube.com\/watch?v=141Q8oJAEyY\">\n\t\t\t\t\t\t<span class=\"elementor-button-content-wrapper\">\n\t\t\t\t\t\t\t\t\t<span class=\"elementor-button-text\">Watch the video<\/span>\n\t\t\t\t\t<\/span>\n\t\t\t\t\t<\/a>\n\t\t\t\t<\/div>\n\t\t\t\t\t\t\t\t<\/div>\n\t\t\t\t<\/div>\n\t\t\t\t<div class=\"elementor-element elementor-element-cae9f8a elementor-widget elementor-widget-text-editor\" data-id=\"cae9f8a\" data-element_type=\"widget\" data-e-type=\"widget\" data-widget_type=\"text-editor.default\">\n\t\t\t\t<div class=\"elementor-widget-container\">\n\t\t\t\t\t\t\t\t\t<p>- During the D-Day landings, 3 villages in Normandy at the heart of the operation had dedicated themselves a few days before to the Immaculate Heart of Mary. Not a single inhabitant of these villages was killed, nor was there any destruction, despite the fact that everything in the surrounding area was razed to the ground.<\/p>\n<p><br><\/p>\n<p><\/p>\n<p>- Before the 2nd World War, Portugal was consecrated to the Immaculate Heart of Mary by its bishops. The country was totally untouched by the conflict.<\/p>\t\t\t\t\t\t\t\t<\/div>\n\t\t\t\t<\/div>\n\t\t\t\t\t<\/div>\n\t\t<\/div>\n\t\t\t\t\t<\/div>\n\t\t<\/section>\n\t\t\t\t<section class=\"elementor-section elementor-top-section elementor-element elementor-element-0b4bba2 elementor-section-boxed elementor-section-height-default elementor-section-height-default\" data-id=\"0b4bba2\" data-element_type=\"section\" data-e-type=\"section\" data-settings=\"{&quot;background_background&quot;:&quot;classic&quot;}\">\n\t\t\t\t\t\t<div class=\"elementor-container elementor-column-gap-default\">\n\t\t\t\t\t<div class=\"elementor-column elementor-col-33 elementor-top-column elementor-element elementor-element-677a0a1\" data-id=\"677a0a1\" data-element_type=\"column\" data-e-type=\"column\">\n\t\t\t<div class=\"elementor-widget-wrap\">\n\t\t\t\t\t\t\t<\/div>\n\t\t<\/div>\n\t\t\t\t<div class=\"elementor-column elementor-col-33 elementor-top-column elementor-element elementor-element-1bc7995\" data-id=\"1bc7995\" data-element_type=\"column\" data-e-type=\"column\">\n\t\t\t<div class=\"elementor-widget-wrap elementor-element-populated\">\n\t\t\t\t\t\t<div class=\"elementor-element elementor-element-523e66a elementor-widget elementor-widget-text-editor\" data-id=\"523e66a\" data-element_type=\"widget\" data-e-type=\"widget\" data-widget_type=\"text-editor.default\">\n\t\t\t\t<div class=\"elementor-widget-container\">\n\t\t\t\t\t\t\t\t\t<p><b>It is therefore urgent to carry out with obedience and humility on the 1st Saturday of the month<\/b><\/p>\t\t\t\t\t\t\t\t<\/div>\n\t\t\t\t<\/div>\n\t\t\t\t\t<\/div>\n\t\t<\/div>\n\t\t\t\t<div class=\"elementor-column elementor-col-33 elementor-top-column elementor-element elementor-element-76a0acb\" data-id=\"76a0acb\" data-element_type=\"column\" data-e-type=\"column\">\n\t\t\t<div class=\"elementor-widget-wrap\">\n\t\t\t\t\t\t\t<\/div>\n\t\t<\/div>\n\t\t\t\t\t<\/div>\n\t\t<\/section>\n\t\t\t\t<\/div>","protected":false},"excerpt":{"rendered":"<p>L&#8217;importance capitale des 1ers samedis de Fatima pour notre epoque \u00a0 \u00a0 La d\u00e9votion au C\u0153ur Immacul\u00e9 de Marie, associ\u00e9e \u00e0 celle du Sacr\u00e9-C\u0153ur, a \u00e9t\u00e9 apport\u00e9e par Dieu comme LE MOYEN pour [&hellip;]<\/p>","protected":false},"author":1,"featured_media":0,"parent":0,"menu_order":0,"comment_status":"closed","ping_status":"closed","template":"elementor_header_footer","meta":{"footnotes":""},"class_list":["post-573","page","type-page","status-publish","hentry"],"_links":{"self":[{"href":"https:\/\/salve-corda.org\/en\/wp-json\/wp\/v2\/pages\/573","targetHints":{"allow":["GET"]}}],"collection":[{"href":"https:\/\/salve-corda.org\/en\/wp-json\/wp\/v2\/pages"}],"about":[{"href":"https:\/\/salve-corda.org\/en\/wp-json\/wp\/v2\/types\/page"}],"author":[{"embeddable":true,"href":"https:\/\/salve-corda.org\/en\/wp-json\/wp\/v2\/users\/1"}],"replies":[{"embeddable":true,"href":"https:\/\/salve-corda.org\/en\/wp-json\/wp\/v2\/comments?post=573"}],"version-history":[{"count":260,"href":"https:\/\/salve-corda.org\/en\/wp-json\/wp\/v2\/pages\/573\/revisions"}],"predecessor-version":[{"id":17317,"href":"https:\/\/salve-corda.org\/en\/wp-json\/wp\/v2\/pages\/573\/revisions\/17317"}],"wp:attachment":[{"href":"https:\/\/salve-corda.org\/en\/wp-json\/wp\/v2\/media?parent=573"}],"curies":[{"name":"wp","href":"https:\/\/api.w.org\/{rel}","templated":true}]}}