{"id":2055,"date":"2021-09-14T14:08:35","date_gmt":"2021-09-14T12:08:35","guid":{"rendered":"https:\/\/salve-corda.org\/?post_type=documentation&#038;p=2055"},"modified":"2022-03-06T23:46:14","modified_gmt":"2022-03-06T22:46:14","slug":"doc-2","status":"publish","type":"documentation","link":"https:\/\/salve-corda.org\/es\/documentation\/doc-2\/","title":{"rendered":"\"Salve Corda\" folleto para distribuir"},"content":{"rendered":"<p class=\"has-medium-font-size wp-block-paragraph\">Ce document d&#8217;une page est destin\u00e9 \u00e0 pr\u00e9senter rapidement Salve Corda. Il faut l&#8217;imprimer en plusieurs exemplaires et ne pas h\u00e9siter \u00e0 la distribuer aux personnes rencontr\u00e9es, aux amis etc. <\/p>\n\n\n\n<p class=\"has-medium-font-size wp-block-paragraph\"><mark style=\"background-color:rgba(0, 0, 0, 0)\" class=\"has-inline-color has-luminous-vivid-amber-color\">Una crisis sin precedentes<\/mark><br><br><em>\u00a0<mark style=\"background-color:rgba(0, 0, 0, 0);color:#0271a0\" class=\"has-inline-color\">&#8220;La crise que l\u2019occident traverse ne s\u2019est jamais v\u00e9cue dans l\u2019Histoire. Aucune soci\u00e9t\u00e9 n\u2019a l\u00e9gif\u00e9r\u00e9 ce qu\u2019on l\u00e9gif\u00e8re aujourd\u2019hui en Occident. Aucune civilisation !\u00a0&#8221;\u00a0\u00a0<\/mark>\u00a0\u00a0 \u00a0\u00a0\u00a0\u00a0\u00a0\u00a0\u00a0\u00a0\u00a0\u00a0\u00a0\u00a0\u00a0\u00a0\u00a0\u00a0\u00a0\u00a0\u00a0\u00a0\u00a0\u00a0\u00a0\u00a0\u00a0\u00a0\u00a0Papa Benedicto XVI<\/em><br><br><em>&#8220;<mark style=\"background-color:rgba(0, 0, 0, 0);color:#0171a1\" class=\"has-inline-color\">La fl\u00e8che de la cath\u00e9drale de Paris s\u2019est effondr\u00e9e : ce n\u2019est pas un hasard ! Notre Dame de Paris symbolise tout l\u2019occident. A force de se d\u00e9tourner de Dieu l\u2019Occident s\u2019effondre. Cette civilisation vit une crise mortelle.&#8221;\u00a0\u00a0<\/mark>\u00a0\u00a0\u00a0\u00a0\u00a0\u00a0\u00a0\u00a0\u00a0 \u00a0\u00a0\u00a0\u00a0\u00a0\u00a0\u00a0\u00a0\u00a0\u00a0\u00a0\u00a0\u00a0\u00a0\u00a0\u00a0\u00a0\u00a0\u00a0\u00a0\u00a0\u00a0\u00a0\u00a0\u00a0\u00a0\u00a0\u00a0\u00a0\u00a0\u00a0\u00a0\u00a0\u00a0\u00a0\u00a0\u00a0\u00a0\u00a0\u00a0\u00a0\u00a0\u00a0\u00a0\u00a0\u00a0\u00a0\u00a0\u00a0\u00a0\u00a0\u00a0\u00a0\u00a0\u00a0\u00a0\u00a0\u00a0\u00a0\u00a0\u00a0\u00a0\u00a0\u00a0\u00a0\u00a0\u00a0\u00a0\u00a0\u00a0\u00a0\u00a0\u00a0\u00a0\u00a0\u00a0\u00a0\u00a0\u00a0\u00a0\u00a0\u00a0 \u00a0 Cardenal Sarah<\/em><br><br><mark style=\"background-color:rgba(0, 0, 0, 0)\" class=\"has-inline-color has-luminous-vivid-amber-color\">Dios nos ha dado la salida<\/mark><br><br>Ante la magnitud global de la crisis moral, espiritual, pol\u00edtica y social que estamos viviendo, cada vez somos m\u00e1s los que nos damos cuenta de que los medios humanos por s\u00ed solos no bastan. <strong><u>por s\u00ed sola nunca podr\u00e1<\/u><\/strong> detener el colapso que se avecina. Es necesaria la intervenci\u00f3n divina directa. Pero, \u00bfc\u00f3mo puede lograrse esto?  Hacer la pregunta es responderla, pues recordemos que la Sant\u00edsima Virgen vino a F\u00e1tima en 1917 para decirnos <strong><u>cu\u00e1l es el camino de Dios<\/u><\/strong> para obtener la conversi\u00f3n del mundo y la paz: la devoci\u00f3n a su Inmaculado Coraz\u00f3n mediante <strong><u>oraciones y acciones espec\u00edficas.<\/u><\/strong> (cinco peticiones hechas a los fieles y dos al Papa).<br><br><em>\"<mark style=\"background-color:rgba(0, 0, 0, 0);color:#016e9d\" class=\"has-inline-color\">Dios quiere establecer en el mundo la devoci\u00f3n a mi Coraz\u00f3n Inmaculado\".\u00a0<\/mark>\u00a0 Nuestra Se\u00f1ora en F\u00e1tima, 1917<\/em><br><br><em>\"<mark style=\"background-color:rgba(0, 0, 0, 0);color:#016e9d\" class=\"has-inline-color\">Dios quiere esta devoci\u00f3n<strong> <u>y no otro<\/u><\/strong>\".<\/mark><\/em>\u00a0 <em>Sor Luc\u00eda, vidente de F\u00e1tima Marzo de 1939<\/em><br><br><mark style=\"background-color:rgba(0, 0, 0, 0)\" class=\"has-inline-color has-luminous-vivid-amber-color\">\u00bfA qu\u00e9 esperamos?<\/mark><br><br>Dios no necesita millones de nosotros. En su misericordia, estuvo a punto de salvar a Sodoma y Gomorra por diez justos. Basta con que un cierto n\u00famero de fieles se movilice con fe, humildad y perseverancia. <strong><u>poner en pr\u00e1ctica exactamente lo que Dios nos ha pedido que hagamos<\/u><\/strong>. Si lo hacemos, la intervenci\u00f3n de la Sant\u00edsima Virgen prometida en F\u00e1tima se har\u00e1 realidad.<br><br><em>\u00a0<mark style=\"background-color:rgba(0, 0, 0, 0);color:#0270a0\" class=\"has-inline-color\">\"<strong>Al final mi Inmaculado Coraz\u00f3n triunfar\u00e1<\/strong>. El Santo Padre me consagrar\u00e1 Rusia, que se convertir\u00e1, y el mundo tendr\u00e1 un cierto tiempo de paz\".\u00a0\u00a0\u00a0<\/mark>Nuestra Se\u00f1ora en F\u00e1tima, 23 de octubre de 1917<\/em><\/p>\n\n\n\n<p class=\"has-medium-font-size wp-block-paragraph\"><mark style=\"background-color:rgba(0, 0, 0, 0)\" class=\"has-inline-color has-luminous-vivid-amber-color\">Salve Corda*<\/mark><\/p>\n\n\n\n<p class=\"has-medium-font-size wp-block-paragraph\">Salve Corda es una Alianza que re\u00fane a personas de toda condici\u00f3n -incluidos los ni\u00f1os- que han decidido actuar por la conversi\u00f3n del mundo y la paz mediante <strong><u>siguiendo las cinco peticiones de F\u00e1tima<\/u><\/strong>. Lejos de ser un \"movimiento\" m\u00e1s, Salve Corda no invade los compromisos de cada uno, sino que los refuerza.<\/p>\n\n\n\n<p class=\"has-medium-font-size wp-block-paragraph\"><em>&#8220;<span style=\"color:#0074a6\" class=\"has-inline-color\">Il n\u2019est jamais trop tard pour recourir aux c\u0153urs de J\u00e9sus et Marie&#8221; <\/span>Santa Jacinta, vidente de F\u00e1tima<\/em><\/p>\n\n\n\n<p class=\"wp-block-paragraph\">* <span style=\"font-size: revert;\">del lat\u00edn: Nous vous saluons Coeurs (de Jes\u00fas y Mar\u00eda)<\/span><\/p>\n\n\n\n<div class=\"wp-block-buttons is-layout-flex wp-block-buttons-is-layout-flex\">\n<div class=\"wp-block-button\"><a class=\"wp-block-button__link\" href=\"https:\/\/salve-corda.org\/wp-content\/uploads\/2021\/09\/teaser-SC-VF.pdf\" target=\"_blank\" rel=\"noreferrer noopener\">ver y descargar el pdf<\/a><\/div>\n<\/div>\n\n\n\n<div class=\"wp-block-buttons is-layout-flex wp-block-buttons-is-layout-flex\"><\/div>\n\n\n\n<p class=\"wp-block-paragraph\"><\/p>","protected":false},"featured_media":1401,"template":"","class_list":["post-2055","documentation","type-documentation","status-publish","has-post-thumbnail","hentry"],"_links":{"self":[{"href":"https:\/\/salve-corda.org\/es\/wp-json\/wp\/v2\/documentation\/2055","targetHints":{"allow":["GET"]}}],"collection":[{"href":"https:\/\/salve-corda.org\/es\/wp-json\/wp\/v2\/documentation"}],"about":[{"href":"https:\/\/salve-corda.org\/es\/wp-json\/wp\/v2\/types\/documentation"}],"version-history":[{"count":1,"href":"https:\/\/salve-corda.org\/es\/wp-json\/wp\/v2\/documentation\/2055\/revisions"}],"predecessor-version":[{"id":4783,"href":"https:\/\/salve-corda.org\/es\/wp-json\/wp\/v2\/documentation\/2055\/revisions\/4783"}],"wp:featuredmedia":[{"embeddable":true,"href":"https:\/\/salve-corda.org\/es\/wp-json\/wp\/v2\/media\/1401"}],"wp:attachment":[{"href":"https:\/\/salve-corda.org\/es\/wp-json\/wp\/v2\/media?parent=2055"}],"curies":[{"name":"wp","href":"https:\/\/api.w.org\/{rel}","templated":true}]}}