{"id":1011,"date":"2021-07-29T23:30:23","date_gmt":"2021-07-29T21:30:23","guid":{"rendered":"https:\/\/salve-corda.org\/?page_id=1011"},"modified":"2024-03-05T12:49:30","modified_gmt":"2024-03-05T11:49:30","slug":"demandes-qui-nous-sont-faites","status":"publish","type":"page","link":"https:\/\/salve-corda.org\/es\/demandes-qui-nous-sont-faites\/","title":{"rendered":"Otras peticiones del coraz\u00f3n de jes\u00fas y mar\u00eda"},"content":{"rendered":"<div data-elementor-type=\"wp-page\" data-elementor-id=\"1011\" class=\"elementor elementor-1011\">\n\t\t\t\t\t\t<section class=\"elementor-section elementor-top-section elementor-element elementor-element-09fc9a0 elementor-section-boxed elementor-section-height-default elementor-section-height-default\" data-id=\"09fc9a0\" data-element_type=\"section\" data-e-type=\"section\">\n\t\t\t\t\t\t<div class=\"elementor-container elementor-column-gap-default\">\n\t\t\t\t\t<div class=\"elementor-column elementor-col-100 elementor-top-column elementor-element elementor-element-3fc7c32\" data-id=\"3fc7c32\" data-element_type=\"column\" data-e-type=\"column\">\n\t\t\t<div class=\"elementor-widget-wrap elementor-element-populated\">\n\t\t\t\t\t\t<div class=\"elementor-element elementor-element-a233452 elementor-widget elementor-widget-spacer\" data-id=\"a233452\" data-element_type=\"widget\" data-e-type=\"widget\" data-widget_type=\"spacer.default\">\n\t\t\t\t<div class=\"elementor-widget-container\">\n\t\t\t\t\t\t\t<div class=\"elementor-spacer\">\n\t\t\t<div class=\"elementor-spacer-inner\"><\/div>\n\t\t<\/div>\n\t\t\t\t\t\t<\/div>\n\t\t\t\t<\/div>\n\t\t\t\t\t<\/div>\n\t\t<\/div>\n\t\t\t\t\t<\/div>\n\t\t<\/section>\n\t\t\t\t<section class=\"elementor-section elementor-top-section elementor-element elementor-element-8dc07c8 elementor-section-boxed elementor-section-height-default elementor-section-height-default\" data-id=\"8dc07c8\" data-element_type=\"section\" data-e-type=\"section\">\n\t\t\t\t\t\t<div class=\"elementor-container elementor-column-gap-default\">\n\t\t\t\t\t<div class=\"elementor-column elementor-col-100 elementor-top-column elementor-element elementor-element-f29f950\" data-id=\"f29f950\" data-element_type=\"column\" data-e-type=\"column\">\n\t\t\t<div class=\"elementor-widget-wrap elementor-element-populated\">\n\t\t\t\t\t\t<div class=\"elementor-element elementor-element-b5d6786 elementor-widget elementor-widget-heading\" data-id=\"b5d6786\" data-element_type=\"widget\" data-e-type=\"widget\" data-widget_type=\"heading.default\">\n\t\t\t\t<div class=\"elementor-widget-container\">\n\t\t\t\t\t<h2 class=\"elementor-heading-title elementor-size-default\">otras peticiones de las hermanas de jes\u00fas y mar\u00eda <\/h2>\t\t\t\t<\/div>\n\t\t\t\t<\/div>\n\t\t\t\t<div class=\"elementor-element elementor-element-21e3644 elementor-widget elementor-widget-text-editor\" data-id=\"21e3644\" data-element_type=\"widget\" data-e-type=\"widget\" data-widget_type=\"text-editor.default\">\n\t\t\t\t<div class=\"elementor-widget-container\">\n\t\t\t\t\t\t\t\t\t<p>Si les premier samedi du mois sont une priorit\u00e9, et les r\u00e9aliser est d\u00e9j\u00e0 tr\u00e8s bien, certains membres de l\u2019Alliance s\u2019engagent aussi \u00e0 mettre en pratique personnellement l&#8217;ensemble des demandes des\u00a0<b>Corazones de Jes\u00fas y Mar\u00eda<\/b><\/p><p>\u00a0<\/p>\t\t\t\t\t\t\t\t<\/div>\n\t\t\t\t<\/div>\n\t\t\t\t<div class=\"elementor-element elementor-element-f61ec95 elementor-widget elementor-widget-heading\" data-id=\"f61ec95\" data-element_type=\"widget\" data-e-type=\"widget\" data-widget_type=\"heading.default\">\n\t\t\t\t<div class=\"elementor-widget-container\">\n\t\t\t\t\t<h2 class=\"elementor-heading-title elementor-size-default\">1- Las siete Peticiones de F\u00e1tima (1917-1929)<\/h2>\t\t\t\t<\/div>\n\t\t\t\t<\/div>\n\t\t\t\t\t<\/div>\n\t\t<\/div>\n\t\t\t\t\t<\/div>\n\t\t<\/section>\n\t\t\t\t<section class=\"elementor-section elementor-top-section elementor-element elementor-element-1f6f28f elementor-section-boxed elementor-section-height-default elementor-section-height-default\" data-id=\"1f6f28f\" data-element_type=\"section\" data-e-type=\"section\">\n\t\t\t\t\t\t<div class=\"elementor-container elementor-column-gap-default\">\n\t\t\t\t\t<div class=\"elementor-column elementor-col-50 elementor-top-column elementor-element elementor-element-ef8c924\" data-id=\"ef8c924\" data-element_type=\"column\" data-e-type=\"column\" data-settings=\"{&quot;background_background&quot;:&quot;classic&quot;}\">\n\t\t\t<div class=\"elementor-widget-wrap elementor-element-populated\">\n\t\t\t\t\t\t<div class=\"elementor-element elementor-element-cd2e673 elementor-widget elementor-widget-text-editor\" data-id=\"cd2e673\" data-element_type=\"widget\" data-e-type=\"widget\" data-widget_type=\"text-editor.default\">\n\t\t\t\t<div class=\"elementor-widget-container\">\n\t\t\t\t\t\t\t\t\t<p><span style=\"text-decoration: underline;\">Peticiones a los fieles<\/span><\/p>\t\t\t\t\t\t\t\t<\/div>\n\t\t\t\t<\/div>\n\t\t\t\t\t<\/div>\n\t\t<\/div>\n\t\t\t\t<div class=\"elementor-column elementor-col-50 elementor-top-column elementor-element elementor-element-e54b7a2\" data-id=\"e54b7a2\" data-element_type=\"column\" data-e-type=\"column\" data-settings=\"{&quot;background_background&quot;:&quot;classic&quot;}\">\n\t\t\t<div class=\"elementor-widget-wrap elementor-element-populated\">\n\t\t\t\t\t\t<div class=\"elementor-element elementor-element-b0dc617 elementor-widget elementor-widget-text-editor\" data-id=\"b0dc617\" data-element_type=\"widget\" data-e-type=\"widget\" data-widget_type=\"text-editor.default\">\n\t\t\t\t<div class=\"elementor-widget-container\">\n\t\t\t\t\t\t\t\t\t<p><span style=\"text-decoration: underline;\">Peticiones al Papa<\/span><\/p>\t\t\t\t\t\t\t\t<\/div>\n\t\t\t\t<\/div>\n\t\t\t\t\t<\/div>\n\t\t<\/div>\n\t\t\t\t\t<\/div>\n\t\t<\/section>\n\t\t\t\t<section class=\"elementor-section elementor-top-section elementor-element elementor-element-5ae4006 elementor-section-boxed elementor-section-height-default elementor-section-height-default\" data-id=\"5ae4006\" data-element_type=\"section\" data-e-type=\"section\">\n\t\t\t\t\t\t<div class=\"elementor-container elementor-column-gap-default\">\n\t\t\t\t\t<div class=\"elementor-column elementor-col-50 elementor-top-column elementor-element elementor-element-78a199c\" data-id=\"78a199c\" data-element_type=\"column\" data-e-type=\"column\" data-settings=\"{&quot;background_background&quot;:&quot;classic&quot;}\">\n\t\t\t<div class=\"elementor-widget-wrap elementor-element-populated\">\n\t\t\t\t\t\t<div class=\"elementor-element elementor-element-f4e5f1f elementor-widget elementor-widget-text-editor\" data-id=\"f4e5f1f\" data-element_type=\"widget\" data-e-type=\"widget\" data-widget_type=\"text-editor.default\">\n\t\t\t\t<div class=\"elementor-widget-container\">\n\t\t\t\t\t\t\t\t\t<p><span style=\"color: #1046a3;\">1- Devocional el 1er s\u00e1bado del mes<\/span><\/p><p><span style=\"color: #1046a3;\">2- Consagraci\u00f3n<\/span><span style=\"background-color: var( --e-global-color-f890547 ); color: #1046a3;\">\u00a0en\u00a0<\/span><span style=\"background-color: var( --e-global-color-f890547 ); color: #1046a3;\">Inmaculado Coraz\u00f3n de Mar\u00eda<\/span><\/p><p><span style=\"color: #1046a3;\">3- Rosario diario<\/span><\/p><p><span style=\"color: #1046a3;\">4- Llevar el escapulario<\/span><br \/><span style=\"color: #1046a3;\">5- Offrande des difficult\u00e9s de son devoir d&#8217;Etat<\/span><\/p>\t\t\t\t\t\t\t\t<\/div>\n\t\t\t\t<\/div>\n\t\t\t\t\t<\/div>\n\t\t<\/div>\n\t\t\t\t<div class=\"elementor-column elementor-col-50 elementor-top-column elementor-element elementor-element-7dbc098\" data-id=\"7dbc098\" data-element_type=\"column\" data-e-type=\"column\" data-settings=\"{&quot;background_background&quot;:&quot;classic&quot;}\">\n\t\t\t<div class=\"elementor-widget-wrap elementor-element-populated\">\n\t\t\t\t\t\t<div class=\"elementor-element elementor-element-a893017 elementor-widget elementor-widget-text-editor\" data-id=\"a893017\" data-element_type=\"widget\" data-e-type=\"widget\" data-widget_type=\"text-editor.default\">\n\t\t\t\t<div class=\"elementor-widget-container\">\n\t\t\t\t\t\t\t\t\t<p>1- Consagraci\u00f3n de Rusia a la\u00a0<span style=\"background-color: var( --e-global-color-f890547 ); color: #1046a3;\">Coraz\u00f3n<\/span><span style=\"color: var( --e-global-color-primary ); background-color: var( --e-global-color-f890547 );\">\u00a0Inmaculado Coraz\u00f3n de Mar\u00eda<\/span><\/p><p><span style=\"color: var( --e-global-color-primary ); background-color: var( --e-global-color-f890547 );\">\u00a0 \u00a0 en uni\u00f3n con todos los obispos del mundo<\/span><\/p><p>2- Officialisation dans l&#8217;Eglise les 1ers samedis du mois<\/p>\t\t\t\t\t\t\t\t<\/div>\n\t\t\t\t<\/div>\n\t\t\t\t\t<\/div>\n\t\t<\/div>\n\t\t\t\t\t<\/div>\n\t\t<\/section>\n\t\t\t\t<section class=\"elementor-section elementor-top-section elementor-element elementor-element-32843b8 elementor-section-boxed elementor-section-height-default elementor-section-height-default\" data-id=\"32843b8\" data-element_type=\"section\" data-e-type=\"section\">\n\t\t\t\t\t\t<div class=\"elementor-container elementor-column-gap-default\">\n\t\t\t\t\t<div class=\"elementor-column elementor-col-100 elementor-top-column elementor-element elementor-element-b5fbf35\" data-id=\"b5fbf35\" data-element_type=\"column\" data-e-type=\"column\">\n\t\t\t<div class=\"elementor-widget-wrap elementor-element-populated\">\n\t\t\t\t\t\t<div class=\"elementor-element elementor-element-2c89495 elementor-widget elementor-widget-text-editor\" data-id=\"2c89495\" data-element_type=\"widget\" data-e-type=\"widget\" data-widget_type=\"text-editor.default\">\n\t\t\t\t<div class=\"elementor-widget-container\">\n\t\t\t\t\t\t\t\t\t<p>detalles de estas peticiones hechas a los fieles<\/p>\t\t\t\t\t\t\t\t<\/div>\n\t\t\t\t<\/div>\n\t\t\t\t\t<\/div>\n\t\t<\/div>\n\t\t\t\t\t<\/div>\n\t\t<\/section>\n\t\t\t\t<section class=\"elementor-section elementor-top-section elementor-element elementor-element-a092214 elementor-section-boxed elementor-section-height-default elementor-section-height-default\" data-id=\"a092214\" data-element_type=\"section\" data-e-type=\"section\" data-settings=\"{&quot;background_background&quot;:&quot;classic&quot;}\">\n\t\t\t\t\t\t<div class=\"elementor-container elementor-column-gap-default\">\n\t\t\t\t\t<div class=\"elementor-column elementor-col-50 elementor-top-column elementor-element elementor-element-695e9e2\" data-id=\"695e9e2\" data-element_type=\"column\" data-e-type=\"column\">\n\t\t\t<div class=\"elementor-widget-wrap elementor-element-populated\">\n\t\t\t\t\t\t<div class=\"elementor-element elementor-element-cf3c299 elementor-widget elementor-widget-text-editor\" data-id=\"cf3c299\" data-element_type=\"widget\" data-e-type=\"widget\" data-widget_type=\"text-editor.default\">\n\t\t\t\t<div class=\"elementor-widget-container\">\n\t\t\t\t\t\t\t\t\t<p>\u00a0<\/p><p><b>1- Primeros s\u00e1bados de mes<\/b><\/p><p>La Sant\u00edsima Virgen ha pedido que las ofensas que se le hacen sean reparadas por nosotros cada 1er s\u00e1bado de mes de la siguiente manera:\u00a0\u00a0<\/p><p>\u00a0<\/p><p>1\/ Comuni\u00f3n en reparaci\u00f3n por las ofensas cometidas contra la Sant\u00edsima Virgen Mar\u00eda<\/p><p>2\/ Rezar el rosario<\/p><p>3\/ Quince minutos de meditaci\u00f3n sobre uno de los misterios del rosario<\/p><p>4\/ Confesarse dentro de ocho d\u00edas con la misma intenci\u00f3n.<\/p><p>\u00a0<\/p><p>Tambi\u00e9n pidi\u00f3 que esta pr\u00e1ctica se llevara a cabo como m\u00ednimo <b>cinco primeros s\u00e1bados seguidos.<\/b><\/p><p>\u00a0<\/p><p><span style=\"font-weight: bolder;\">2- Consagraci\u00f3n al Coraz\u00f3n Inmaculado de Mar\u00eda<\/span><\/p><p>La consagraci\u00f3n es un acto de entrega a la Sant\u00edsima Virgen. Basta con elegir una oraci\u00f3n de consagraci\u00f3n y tener una sincera disposici\u00f3n interior. Debe hacerse una vez en la vida.<\/p>\t\t\t\t\t\t\t\t<\/div>\n\t\t\t\t<\/div>\n\t\t\t\t\t<\/div>\n\t\t<\/div>\n\t\t\t\t<div class=\"elementor-column elementor-col-50 elementor-top-column elementor-element elementor-element-000ffb9\" data-id=\"000ffb9\" data-element_type=\"column\" data-e-type=\"column\">\n\t\t\t<div class=\"elementor-widget-wrap elementor-element-populated\">\n\t\t\t\t\t\t<div class=\"elementor-element elementor-element-ab90851 elementor-widget elementor-widget-image\" data-id=\"ab90851\" data-element_type=\"widget\" data-e-type=\"widget\" data-widget_type=\"image.default\">\n\t\t\t\t<div class=\"elementor-widget-container\">\n\t\t\t\t\t\t\t\t\t\t\t\t\t\t\t<img decoding=\"async\" src=\"https:\/\/salve-corda.org\/wp-content\/uploads\/2022\/03\/external-content.duckduckgo-1.jpg\" title=\"contenido-externo.duckduckgo-1\" alt=\"external-content.duckduckgo-1\" loading=\"lazy\" \/>\t\t\t\t\t\t\t\t\t\t\t\t\t\t\t<\/div>\n\t\t\t\t<\/div>\n\t\t\t\t\t<\/div>\n\t\t<\/div>\n\t\t\t\t\t<\/div>\n\t\t<\/section>\n\t\t\t\t<section class=\"elementor-section elementor-top-section elementor-element elementor-element-bcae921 elementor-section-boxed elementor-section-height-default elementor-section-height-default\" data-id=\"bcae921\" data-element_type=\"section\" data-e-type=\"section\" data-settings=\"{&quot;background_background&quot;:&quot;classic&quot;}\">\n\t\t\t\t\t\t<div class=\"elementor-container elementor-column-gap-default\">\n\t\t\t\t\t<div class=\"elementor-column elementor-col-100 elementor-top-column elementor-element elementor-element-3481ca7\" data-id=\"3481ca7\" data-element_type=\"column\" data-e-type=\"column\">\n\t\t\t<div class=\"elementor-widget-wrap elementor-element-populated\">\n\t\t\t\t\t\t<div class=\"elementor-element elementor-element-7ecf2fe elementor-widget elementor-widget-text-editor\" data-id=\"7ecf2fe\" data-element_type=\"widget\" data-e-type=\"widget\" data-widget_type=\"text-editor.default\">\n\t\t\t\t<div class=\"elementor-widget-container\">\n\t\t\t\t\t\t\t\t\t<p><strong>3- El rosario<br \/><\/strong>La Sant\u00edsima Virgen siempre ha pedido el rosario, lo que demuestra la importancia de esta oraci\u00f3n. Hay que rezarlo todos los d\u00edas, pero no siempre es f\u00e1cil, seg\u00fan las limitaciones personales. Pero siempre puedes hacerlo lo mejor que puedas. El rosario se ha revelado incre\u00edblemente eficaz para hacer frente a los problemas temporales, en particular durante la batalla de Lepanto.<\/p>\t\t\t\t\t\t\t\t<\/div>\n\t\t\t\t<\/div>\n\t\t\t\t\t<\/div>\n\t\t<\/div>\n\t\t\t\t\t<\/div>\n\t\t<\/section>\n\t\t\t\t<section class=\"elementor-section elementor-top-section elementor-element elementor-element-e7db8a4 elementor-section-boxed elementor-section-height-default elementor-section-height-default\" data-id=\"e7db8a4\" data-element_type=\"section\" data-e-type=\"section\" data-settings=\"{&quot;background_background&quot;:&quot;classic&quot;}\">\n\t\t\t\t\t\t<div class=\"elementor-container elementor-column-gap-default\">\n\t\t\t\t\t<div class=\"elementor-column elementor-col-100 elementor-top-column elementor-element elementor-element-f08f53c\" data-id=\"f08f53c\" data-element_type=\"column\" data-e-type=\"column\">\n\t\t\t<div class=\"elementor-widget-wrap elementor-element-populated\">\n\t\t\t\t\t\t<section class=\"elementor-section elementor-inner-section elementor-element elementor-element-a03a4d6 elementor-section-boxed elementor-section-height-default elementor-section-height-default\" data-id=\"a03a4d6\" data-element_type=\"section\" data-e-type=\"section\" data-settings=\"{&quot;background_background&quot;:&quot;classic&quot;}\">\n\t\t\t\t\t\t<div class=\"elementor-container elementor-column-gap-default\">\n\t\t\t\t\t<div class=\"elementor-column elementor-col-50 elementor-inner-column elementor-element elementor-element-5b9da7e\" data-id=\"5b9da7e\" data-element_type=\"column\" data-e-type=\"column\">\n\t\t\t<div class=\"elementor-widget-wrap elementor-element-populated\">\n\t\t\t\t\t\t<div class=\"elementor-element elementor-element-c01ae20 elementor-widget elementor-widget-image\" data-id=\"c01ae20\" data-element_type=\"widget\" data-e-type=\"widget\" data-widget_type=\"image.default\">\n\t\t\t\t<div class=\"elementor-widget-container\">\n\t\t\t\t\t\t\t\t\t\t\t\t\t\t\t<img fetchpriority=\"high\" decoding=\"async\" width=\"382\" height=\"345\" src=\"https:\/\/salve-corda.org\/wp-content\/uploads\/2022\/03\/scapulaire.png\" class=\"attachment-large size-large wp-image-4910\" alt=\"\" srcset=\"https:\/\/salve-corda.org\/wp-content\/uploads\/2022\/03\/scapulaire.png 382w, https:\/\/salve-corda.org\/wp-content\/uploads\/2022\/03\/scapulaire-300x271.png 300w\" sizes=\"(max-width: 382px) 100vw, 382px\" \/>\t\t\t\t\t\t\t\t\t\t\t\t\t\t\t<\/div>\n\t\t\t\t<\/div>\n\t\t\t\t\t<\/div>\n\t\t<\/div>\n\t\t\t\t<div class=\"elementor-column elementor-col-50 elementor-inner-column elementor-element elementor-element-3fd9816\" data-id=\"3fd9816\" data-element_type=\"column\" data-e-type=\"column\">\n\t\t\t<div class=\"elementor-widget-wrap elementor-element-populated\">\n\t\t\t\t\t\t<div class=\"elementor-element elementor-element-faa1193 elementor-widget elementor-widget-text-editor\" data-id=\"faa1193\" data-element_type=\"widget\" data-e-type=\"widget\" data-widget_type=\"text-editor.default\">\n\t\t\t\t<div class=\"elementor-widget-container\">\n\t\t\t\t\t\t\t\t\t<p><strong>4- Llevar el escapulario del Monte Carmelo<br><\/strong><span style=\"color: var( --e-global-color-text ); font-family: var( --e-global-typography-text-font-family ), Sans-serif; font-size: var( --e-global-typography-text-font-size ); font-weight: var( --e-global-typography-text-font-weight );\">El escapulario del Carmen es un peque\u00f1o trozo de tela marr\u00f3n que se lleva como una medalla con el Sagrado Coraz\u00f3n en una cara y Nuestra Se\u00f1ora del Carmen en la otra.  Fue regalado por la misma Sant\u00edsima Virgen a San Sim\u00f3n Stock en el siglo XIII. Este pa\u00f1o es una reducci\u00f3n del h\u00e1bito carmelita y muestra nuestra pertenencia a la Sant\u00edsima Virgen.<\/span><\/p>\n<p>Debe ser presentada por un sacerdote con una bendici\u00f3n especial.<\/p>\n<p><br><\/p>\n<p>ATENCI\u00d3N: Nuestra Se\u00f1ora habl\u00f3 de la <b>Escapulario del Carmen<\/b>. Inventar y llevar <b>otro escapulario<\/b> n&#8217;a aucune validit\u00e9 quant aux promesses de Fatima lesquelles sont attach\u00e9es uniquement au scapulaire du Mont Carmel.<\/p>\t\t\t\t\t\t\t\t<\/div>\n\t\t\t\t<\/div>\n\t\t\t\t\t<\/div>\n\t\t<\/div>\n\t\t\t\t\t<\/div>\n\t\t<\/section>\n\t\t\t\t\t<\/div>\n\t\t<\/div>\n\t\t\t\t\t<\/div>\n\t\t<\/section>\n\t\t\t\t<section class=\"elementor-section elementor-top-section elementor-element elementor-element-82867dc elementor-section-boxed elementor-section-height-default elementor-section-height-default\" data-id=\"82867dc\" data-element_type=\"section\" data-e-type=\"section\" data-settings=\"{&quot;background_background&quot;:&quot;classic&quot;}\">\n\t\t\t\t\t\t<div class=\"elementor-container elementor-column-gap-default\">\n\t\t\t\t\t<div class=\"elementor-column elementor-col-100 elementor-top-column elementor-element elementor-element-331548f\" data-id=\"331548f\" data-element_type=\"column\" data-e-type=\"column\">\n\t\t\t<div class=\"elementor-widget-wrap elementor-element-populated\">\n\t\t\t\t\t\t<div class=\"elementor-element elementor-element-f456608 elementor-widget elementor-widget-text-editor\" data-id=\"f456608\" data-element_type=\"widget\" data-e-type=\"widget\" data-widget_type=\"text-editor.default\">\n\t\t\t\t<div class=\"elementor-widget-container\">\n\t\t\t\t\t\t\t\t\t<p><b style=\"color: var( --e-global-color-text ); font-family: var( --e-global-typography-text-font-family ), Sans-serif; font-size: var( --e-global-typography-text-font-size ); background-color: rgba(246, 244, 245, 0);\">5- L&#8217;offrande de son devoir d&#8217;\u00e9tat pour la conversion des p\u00e9cheurs<\/b><\/p><p><span style=\"color: var( --e-global-color-text ); font-family: var( --e-global-typography-text-font-family ), Sans-serif; font-size: var( --e-global-typography-text-font-size ); font-weight: var( --e-global-typography-text-font-weight );\">En estos tiempos dif\u00edciles, la Sant\u00edsima Virgen, en su amor materno, no ha venido a imponernos ninguna penitencia particular. Simplemente nos ha pedido<\/span><span style=\"color: var( --e-global-color-text ); font-family: var( --e-global-typography-text-font-family ), Sans-serif; font-size: var( --e-global-typography-text-font-size );\">'<\/span><span style=\"color: var( --e-global-color-text ); font-family: var( --e-global-typography-text-font-family ), Sans-serif; font-size: var( --e-global-typography-text-font-size );\">ofrecen regularmente las dificultades de nuestro deber estatal <\/span><span style=\"color: var( --e-global-color-text ); font-family: var( --e-global-typography-text-font-family ), Sans-serif; font-size: var( --e-global-typography-text-font-size );\">pou<\/span><span style=\"color: var( --e-global-color-text ); font-family: var( --e-global-typography-text-font-family ), Sans-serif; font-size: var( --e-global-typography-text-font-size ); font-weight: var( --e-global-typography-text-font-weight );\">r la conversi\u00f3n de los pecadores. Dando este paso varias veces al d\u00eda,<\/span> <span style=\"color: var( --e-global-color-text ); font-family: var( --e-global-typography-text-font-family ), Sans-serif; font-size: var( --e-global-typography-text-font-size );\">la Sant\u00edsima Virgen interviene para evitar que las almas vayan al Infierno<\/span><span style=\"color: var( --e-global-color-text ); font-family: var( --e-global-typography-text-font-family ), Sans-serif; font-size: var( --e-global-typography-text-font-size );\">.\u00a0<\/span><strong><br \/><\/strong><\/p><p><span style=\"color: var( --e-global-color-text ); font-family: var( --e-global-typography-text-font-family ), Sans-serif; font-size: var( --e-global-typography-text-font-size );\">\u00a0<\/span><\/p>\t\t\t\t\t\t\t\t<\/div>\n\t\t\t\t<\/div>\n\t\t\t\t\t<\/div>\n\t\t<\/div>\n\t\t\t\t\t<\/div>\n\t\t<\/section>\n\t\t\t\t<section class=\"elementor-section elementor-top-section elementor-element elementor-element-15a0b5a elementor-section-boxed elementor-section-height-default elementor-section-height-default\" data-id=\"15a0b5a\" data-element_type=\"section\" data-e-type=\"section\">\n\t\t\t\t\t\t<div class=\"elementor-container elementor-column-gap-default\">\n\t\t\t\t\t<div class=\"elementor-column elementor-col-100 elementor-top-column elementor-element elementor-element-b3954cd\" data-id=\"b3954cd\" data-element_type=\"column\" data-e-type=\"column\">\n\t\t\t<div class=\"elementor-widget-wrap elementor-element-populated\">\n\t\t\t\t\t\t<div class=\"elementor-element elementor-element-e4f5735 elementor-widget elementor-widget-heading\" data-id=\"e4f5735\" data-element_type=\"widget\" data-e-type=\"widget\" data-widget_type=\"heading.default\">\n\t\t\t\t<div class=\"elementor-widget-container\">\n\t\t\t\t\t<h2 class=\"elementor-heading-title elementor-size-default\">2- las siete exigencias del sacr\u00e9-coeur en paray-le-monial (1673-1689)<\/h2>\t\t\t\t<\/div>\n\t\t\t\t<\/div>\n\t\t\t\t\t<\/div>\n\t\t<\/div>\n\t\t\t\t\t<\/div>\n\t\t<\/section>\n\t\t\t\t<section class=\"elementor-section elementor-top-section elementor-element elementor-element-6985e34 elementor-section-boxed elementor-section-height-default elementor-section-height-default\" data-id=\"6985e34\" data-element_type=\"section\" data-e-type=\"section\" data-settings=\"{&quot;background_background&quot;:&quot;classic&quot;}\">\n\t\t\t\t\t\t<div class=\"elementor-container elementor-column-gap-default\">\n\t\t\t\t\t<div class=\"elementor-column elementor-col-50 elementor-top-column elementor-element elementor-element-b454d14\" data-id=\"b454d14\" data-element_type=\"column\" data-e-type=\"column\" data-settings=\"{&quot;background_background&quot;:&quot;classic&quot;}\">\n\t\t\t<div class=\"elementor-widget-wrap elementor-element-populated\">\n\t\t\t\t\t\t<div class=\"elementor-element elementor-element-b840408 elementor-widget elementor-widget-text-editor\" data-id=\"b840408\" data-element_type=\"widget\" data-e-type=\"widget\" data-widget_type=\"text-editor.default\">\n\t\t\t\t<div class=\"elementor-widget-container\">\n\t\t\t\t\t\t\t\t\t<p><span style=\"text-decoration: underline;\">Peticiones a los fieles<\/span><\/p>\t\t\t\t\t\t\t\t<\/div>\n\t\t\t\t<\/div>\n\t\t\t\t\t<\/div>\n\t\t<\/div>\n\t\t\t\t<div class=\"elementor-column elementor-col-50 elementor-top-column elementor-element elementor-element-4fa5b72\" data-id=\"4fa5b72\" data-element_type=\"column\" data-e-type=\"column\" data-settings=\"{&quot;background_background&quot;:&quot;classic&quot;}\">\n\t\t\t<div class=\"elementor-widget-wrap elementor-element-populated\">\n\t\t\t\t\t\t<div class=\"elementor-element elementor-element-5a876b5 elementor-widget elementor-widget-text-editor\" data-id=\"5a876b5\" data-element_type=\"widget\" data-e-type=\"widget\" data-widget_type=\"text-editor.default\">\n\t\t\t\t<div class=\"elementor-widget-container\">\n\t\t\t\t\t\t\t\t\t<p><span style=\"text-decoration: underline;\">Demandes au Roi (chef d&#8217;Etat)<\/span><\/p>\t\t\t\t\t\t\t\t<\/div>\n\t\t\t\t<\/div>\n\t\t\t\t\t<\/div>\n\t\t<\/div>\n\t\t\t\t\t<\/div>\n\t\t<\/section>\n\t\t\t\t<section class=\"elementor-section elementor-top-section elementor-element elementor-element-ba0afdd elementor-section-boxed elementor-section-height-default elementor-section-height-default\" data-id=\"ba0afdd\" data-element_type=\"section\" data-e-type=\"section\">\n\t\t\t\t\t\t<div class=\"elementor-container elementor-column-gap-default\">\n\t\t\t\t\t<div class=\"elementor-column elementor-col-50 elementor-top-column elementor-element elementor-element-b95d12d\" data-id=\"b95d12d\" data-element_type=\"column\" data-e-type=\"column\" data-settings=\"{&quot;background_background&quot;:&quot;classic&quot;}\">\n\t\t\t<div class=\"elementor-widget-wrap elementor-element-populated\">\n\t\t\t\t\t\t<div class=\"elementor-element elementor-element-bc3954d elementor-widget elementor-widget-text-editor\" data-id=\"bc3954d\" data-element_type=\"widget\" data-e-type=\"widget\" data-widget_type=\"text-editor.default\">\n\t\t\t\t<div class=\"elementor-widget-container\">\n\t\t\t\t\t\t\t\t\t<p>1- Ded\u00edcate a lo Sagrado<span style=\"color: #ad1a1a;\">&#8211;<span style=\"background-color: var( --e-global-color-f890547 );\">Coraz\u00f3n<\/span><\/span><\/p><p>2- Comuni\u00f3n cada 1er viernes del mes<\/p><p><span style=\"font-family: var( --e-global-typography-18e5089-font-family ), Sans-serif; font-size: var( --e-global-typography-18e5089-font-size ); font-weight: var( --e-global-typography-18e5089-font-weight ); letter-spacing: var( --e-global-typography-18e5089-letter-spacing ); background-color: var( --e-global-color-f890547 );\">3- Hora Santa del jueves por la noche<\/span><\/p><p>4- Honorer l&#8217;image du Sacr\u00e9<span style=\"color: #ad1a1a;\">&#8211;<span style=\"background-color: var( --e-global-color-f890547 );\">Coraz\u00f3n<\/span><\/span><\/p><p>5- Ob\u00e9issance \u00e0 son devoir d&#8217;\u00e9tat<\/p>\t\t\t\t\t\t\t\t<\/div>\n\t\t\t\t<\/div>\n\t\t\t\t\t<\/div>\n\t\t<\/div>\n\t\t\t\t<div class=\"elementor-column elementor-col-50 elementor-top-column elementor-element elementor-element-1110922\" data-id=\"1110922\" data-element_type=\"column\" data-e-type=\"column\" data-settings=\"{&quot;background_background&quot;:&quot;classic&quot;}\">\n\t\t\t<div class=\"elementor-widget-wrap elementor-element-populated\">\n\t\t\t\t\t\t<div class=\"elementor-element elementor-element-9d90f46 elementor-widget elementor-widget-text-editor\" data-id=\"9d90f46\" data-element_type=\"widget\" data-e-type=\"widget\" data-widget_type=\"text-editor.default\">\n\t\t\t\t<div class=\"elementor-widget-container\">\n\t\t\t\t\t\t\t\t\t<p><span style=\"color: #ad1a1a;\">1- El Rey debe dedicarse a lo Sagrado-<span style=\"background-color: var( --e-global-color-f890547 );\">C\u0153ur et L&#8217;honorer dans son palais<\/span><\/span><\/p><p><span style=\"color: #ad1a1a;\">2- Poner el Sacred-<span style=\"background-color: var( --e-global-color-f890547 );\">Coraz\u00f3n<\/span> en la bandera y el escudo de Francia<\/span><\/p>\t\t\t\t\t\t\t\t<\/div>\n\t\t\t\t<\/div>\n\t\t\t\t\t<\/div>\n\t\t<\/div>\n\t\t\t\t\t<\/div>\n\t\t<\/section>\n\t\t\t\t<section class=\"elementor-section elementor-top-section elementor-element elementor-element-130277f elementor-section-boxed elementor-section-height-default elementor-section-height-default\" data-id=\"130277f\" data-element_type=\"section\" data-e-type=\"section\" data-settings=\"{&quot;background_background&quot;:&quot;classic&quot;}\">\n\t\t\t\t\t\t<div class=\"elementor-container elementor-column-gap-default\">\n\t\t\t\t\t<div class=\"elementor-column elementor-col-100 elementor-top-column elementor-element elementor-element-889a664\" data-id=\"889a664\" data-element_type=\"column\" data-e-type=\"column\">\n\t\t\t<div class=\"elementor-widget-wrap elementor-element-populated\">\n\t\t\t\t\t\t<div class=\"elementor-element elementor-element-af8e1a6 elementor-widget elementor-widget-text-editor\" data-id=\"af8e1a6\" data-element_type=\"widget\" data-e-type=\"widget\" data-widget_type=\"text-editor.default\">\n\t\t\t\t<div class=\"elementor-widget-container\">\n\t\t\t\t\t\t\t\t\t<p>\u00a0 detalles de estas peticiones hechas a los fieles<\/p>\t\t\t\t\t\t\t\t<\/div>\n\t\t\t\t<\/div>\n\t\t\t\t\t<\/div>\n\t\t<\/div>\n\t\t\t\t\t<\/div>\n\t\t<\/section>\n\t\t\t\t<section class=\"elementor-section elementor-top-section elementor-element elementor-element-f3f640c elementor-section-boxed elementor-section-height-default elementor-section-height-default\" data-id=\"f3f640c\" data-element_type=\"section\" data-e-type=\"section\">\n\t\t\t\t\t\t<div class=\"elementor-container elementor-column-gap-default\">\n\t\t\t\t\t<div class=\"elementor-column elementor-col-100 elementor-top-column elementor-element elementor-element-ce4cbd7\" data-id=\"ce4cbd7\" data-element_type=\"column\" data-e-type=\"column\">\n\t\t\t<div class=\"elementor-widget-wrap elementor-element-populated\">\n\t\t\t\t\t\t<div class=\"elementor-element elementor-element-f304579 elementor-widget elementor-widget-text-editor\" data-id=\"f304579\" data-element_type=\"widget\" data-e-type=\"widget\" data-widget_type=\"text-editor.default\">\n\t\t\t\t<div class=\"elementor-widget-container\">\n\t\t\t\t\t\t\t\t\t<p><strong>1- Consagraci\u00f3n al Sagrado Coraz\u00f3n<br \/><\/strong><span style=\"color: var( --e-global-color-text ); font-family: var( --e-global-typography-text-font-family ), Sans-serif; font-size: var( --e-global-typography-text-font-size ); font-weight: var( --e-global-typography-text-font-weight );\">La consagraci\u00f3n es un acto por el cual uno <\/span><b style=\"color: var( --e-global-color-text ); font-family: var( --e-global-typography-text-font-family ), Sans-serif; font-size: var( --e-global-typography-text-font-size );\">entrega su persona a la Sagrada<\/b><b style=\"color: var( --e-global-color-text ); font-family: var( --e-global-typography-text-font-family ), Sans-serif; font-size: var( --e-global-typography-text-font-size );\">Coraz\u00f3n<\/b><span style=\"color: var( --e-global-color-text ); font-family: var( --e-global-typography-text-font-family ), Sans-serif; font-size: var( --e-global-typography-text-font-size ); font-weight: var( --e-global-typography-text-font-weight );\">. Esta consagraci\u00f3n puede realizarse naturalmente en una consagraci\u00f3n com\u00fan a los Corazones de Jes\u00fas y de Mar\u00eda.<\/span><strong><br \/><\/strong><\/p>\t\t\t\t\t\t\t\t<\/div>\n\t\t\t\t<\/div>\n\t\t\t\t\t<\/div>\n\t\t<\/div>\n\t\t\t\t\t<\/div>\n\t\t<\/section>\n\t\t\t\t<section class=\"elementor-section elementor-top-section elementor-element elementor-element-48221c4 elementor-section-boxed elementor-section-height-default elementor-section-height-default\" data-id=\"48221c4\" data-element_type=\"section\" data-e-type=\"section\">\n\t\t\t\t\t\t<div class=\"elementor-container elementor-column-gap-default\">\n\t\t\t\t\t<div class=\"elementor-column elementor-col-50 elementor-top-column elementor-element elementor-element-1f9ef75\" data-id=\"1f9ef75\" data-element_type=\"column\" data-e-type=\"column\">\n\t\t\t<div class=\"elementor-widget-wrap elementor-element-populated\">\n\t\t\t\t\t\t<div class=\"elementor-element elementor-element-104f3b6 elementor-widget elementor-widget-text-editor\" data-id=\"104f3b6\" data-element_type=\"widget\" data-e-type=\"widget\" data-widget_type=\"text-editor.default\">\n\t\t\t\t<div class=\"elementor-widget-container\">\n\t\t\t\t\t\t\t\t\t<p><strong style=\"color: var( --e-global-color-text ); font-family: var( --e-global-typography-text-font-family ), Sans-serif; font-size: var( --e-global-typography-text-font-size );\">2- Primeros viernes de mes<\/strong><\/p><p>La comuni\u00f3n del primer viernes de mes\" la pide Cristo para reparar la ingratitud de los hombres hacia \u00c9l y como prueba de nuestro amor hacia \u00c9l.<\/p><p>Pidi\u00f3 que esta pr\u00e1ctica se llevara a cabo\u00a0<b>nueve primeros viernes consecutivos.\u00a0<br \/><\/b><\/p><p><b>\u00a0<\/b><\/p><p><strong style=\"color: var( --e-global-color-text ); font-family: var( --e-global-typography-text-font-family ), Sans-serif; font-size: var( --e-global-typography-text-font-size );\">3- Hora santa del jueves por la tarde<\/strong><\/p><p>Cristo nos pidi\u00f3 que rez\u00e1ramos durante una hora los jueves por la noche en memoria de su agon\u00eda. Santa Margarita Mar\u00eda escribi\u00f3 exactamente lo que Cristo le pidi\u00f3:<\/p><p>\u00a0<\/p><p><span style=\"color: #062b99;\"><i>\"Acompa\u00f1arle en su oraci\u00f3n al Padre todos los jueves desde las 11 de la noche hasta medianoche, en recuerdo de su dolor mortal en el Huerto de los Olivos. Unirnos entonces a la aflicci\u00f3n que \u00c9l sinti\u00f3 cuando sus Ap\u00f3stoles le abandonaron e implorar, tambi\u00e9n nosotros, la misericordia del Padre para con los pecadores.\"<\/i><\/span><\/p><p><span style=\"color: var( --e-global-color-text ); font-family: var( --e-global-typography-text-font-family ), Sans-serif; font-size: var( --e-global-typography-text-font-size );\">\u00a0<\/span><\/p><p><span style=\"color: var( --e-global-color-text ); font-family: var( --e-global-typography-text-font-family ), Sans-serif; font-size: var( --e-global-typography-text-font-size );\"><b>4- Honrar la imagen del Sagrado Coraz\u00f3n<\/b><\/span><\/p><p>Cristo explic\u00f3 que sufr\u00eda por la indiferencia y la ingratitud de los hombres. Por eso pidi\u00f3 ser amado a trav\u00e9s de la imagen de su coraz\u00f3n de carne, expresi\u00f3n de su inmenso amor por los hombres. Por eso debemos tener en nuestras casas una representaci\u00f3n del Sagrado Coraz\u00f3n (imagen, estatua, cuadro).<\/p>\t\t\t\t\t\t\t\t<\/div>\n\t\t\t\t<\/div>\n\t\t\t\t\t<\/div>\n\t\t<\/div>\n\t\t\t\t<div class=\"elementor-column elementor-col-50 elementor-top-column elementor-element elementor-element-5dcd121\" data-id=\"5dcd121\" data-element_type=\"column\" data-e-type=\"column\">\n\t\t\t<div class=\"elementor-widget-wrap elementor-element-populated\">\n\t\t\t\t\t\t<div class=\"elementor-element elementor-element-836f3e5 elementor-widget elementor-widget-image\" data-id=\"836f3e5\" data-element_type=\"widget\" data-e-type=\"widget\" data-widget_type=\"image.default\">\n\t\t\t\t<div class=\"elementor-widget-container\">\n\t\t\t\t\t\t\t\t\t\t\t\t\t\t\t<img decoding=\"async\" width=\"466\" height=\"600\" src=\"https:\/\/salve-corda.org\/wp-content\/uploads\/2021\/09\/agonie-de-jesus.jpg\" class=\"attachment-large size-large wp-image-2223\" alt=\"\" srcset=\"https:\/\/salve-corda.org\/wp-content\/uploads\/2021\/09\/agonie-de-jesus.jpg 466w, https:\/\/salve-corda.org\/wp-content\/uploads\/2021\/09\/agonie-de-jesus-233x300.jpg 233w\" sizes=\"(max-width: 466px) 100vw, 466px\" \/>\t\t\t\t\t\t\t\t\t\t\t\t\t\t\t<\/div>\n\t\t\t\t<\/div>\n\t\t\t\t\t<\/div>\n\t\t<\/div>\n\t\t\t\t\t<\/div>\n\t\t<\/section>\n\t\t\t\t<section class=\"elementor-section elementor-top-section elementor-element elementor-element-42881ca elementor-section-boxed elementor-section-height-default elementor-section-height-default\" data-id=\"42881ca\" data-element_type=\"section\" data-e-type=\"section\">\n\t\t\t\t\t\t<div class=\"elementor-container elementor-column-gap-default\">\n\t\t\t\t\t<div class=\"elementor-column elementor-col-100 elementor-top-column elementor-element elementor-element-10538d0\" data-id=\"10538d0\" data-element_type=\"column\" data-e-type=\"column\">\n\t\t\t<div class=\"elementor-widget-wrap elementor-element-populated\">\n\t\t\t\t\t\t<div class=\"elementor-element elementor-element-bac497d elementor-widget elementor-widget-text-editor\" data-id=\"bac497d\" data-element_type=\"widget\" data-e-type=\"widget\" data-widget_type=\"text-editor.default\">\n\t\t\t\t<div class=\"elementor-widget-container\">\n\t\t\t\t\t\t\t\t\t<p><strong>5- L\u2019ob\u00e9issance \u00e0 son devoir d&#8217;\u00e9tat<br \/><\/strong>Le Christ nous demande d&#8217;ob\u00e9ir comme Lui \u00e0 la volont\u00e9 de Dieu le P\u00e8re, c\u2019est-\u00e0-dire accepter ce que Dieu nous envoie.\u00a0<span style=\"color: var( --e-global-color-text ); font-family: var( --e-global-typography-text-font-family ), Sans-serif; font-size: var( --e-global-typography-text-font-size ); font-weight: var( --e-global-typography-text-font-weight );\">Esta petici\u00f3n es similar al ofrecimiento del deber de estado solicitado por la Sant\u00edsima Virgen.<\/span><span style=\"color: var( --e-global-color-text ); font-family: var( --e-global-typography-text-font-family ), Sans-serif; font-size: var( --e-global-typography-text-font-size ); font-weight: var( --e-global-typography-text-font-weight );\">\u00a0<br \/><\/span><\/p>\t\t\t\t\t\t\t\t<\/div>\n\t\t\t\t<\/div>\n\t\t\t\t\t<\/div>\n\t\t<\/div>\n\t\t\t\t\t<\/div>\n\t\t<\/section>\n\t\t\t\t<section class=\"elementor-section elementor-top-section elementor-element elementor-element-7e6621e elementor-section-boxed elementor-section-height-default elementor-section-height-default\" data-id=\"7e6621e\" data-element_type=\"section\" data-e-type=\"section\">\n\t\t\t\t\t\t<div class=\"elementor-container elementor-column-gap-default\">\n\t\t\t\t\t<div class=\"elementor-column elementor-col-100 elementor-top-column elementor-element elementor-element-2c97262\" data-id=\"2c97262\" data-element_type=\"column\" data-e-type=\"column\">\n\t\t\t<div class=\"elementor-widget-wrap elementor-element-populated\">\n\t\t\t\t\t\t<section class=\"elementor-section elementor-inner-section elementor-element elementor-element-ae27e1f elementor-section-boxed elementor-section-height-default elementor-section-height-default\" data-id=\"ae27e1f\" data-element_type=\"section\" data-e-type=\"section\">\n\t\t\t\t\t\t<div class=\"elementor-container elementor-column-gap-default\">\n\t\t\t\t\t<div class=\"elementor-column elementor-col-50 elementor-inner-column elementor-element elementor-element-64f867c\" data-id=\"64f867c\" data-element_type=\"column\" data-e-type=\"column\">\n\t\t\t<div class=\"elementor-widget-wrap elementor-element-populated\">\n\t\t\t\t\t\t<div class=\"elementor-element elementor-element-916c96e elementor-widget elementor-widget-image\" data-id=\"916c96e\" data-element_type=\"widget\" data-e-type=\"widget\" data-widget_type=\"image.default\">\n\t\t\t\t<div class=\"elementor-widget-container\">\n\t\t\t\t\t\t\t\t\t\t\t\t\t\t\t<img decoding=\"async\" width=\"640\" height=\"493\" src=\"https:\/\/salve-corda.org\/wp-content\/uploads\/2021\/09\/Jesus-on-the-cross-9.jpg\" class=\"attachment-large size-large wp-image-2228\" alt=\"\" srcset=\"https:\/\/salve-corda.org\/wp-content\/uploads\/2021\/09\/Jesus-on-the-cross-9.jpg 773w, https:\/\/salve-corda.org\/wp-content\/uploads\/2021\/09\/Jesus-on-the-cross-9-300x231.jpg 300w, https:\/\/salve-corda.org\/wp-content\/uploads\/2021\/09\/Jesus-on-the-cross-9-768x591.jpg 768w\" sizes=\"(max-width: 640px) 100vw, 640px\" \/>\t\t\t\t\t\t\t\t\t\t\t\t\t\t\t<\/div>\n\t\t\t\t<\/div>\n\t\t\t\t\t<\/div>\n\t\t<\/div>\n\t\t\t\t<div class=\"elementor-column elementor-col-50 elementor-inner-column elementor-element elementor-element-7a9e916\" data-id=\"7a9e916\" data-element_type=\"column\" data-e-type=\"column\">\n\t\t\t<div class=\"elementor-widget-wrap elementor-element-populated\">\n\t\t\t\t\t\t<div class=\"elementor-element elementor-element-b28b5e0 elementor-widget elementor-widget-text-editor\" data-id=\"b28b5e0\" data-element_type=\"widget\" data-e-type=\"widget\" data-widget_type=\"text-editor.default\">\n\t\t\t\t<div class=\"elementor-widget-container\">\n\t\t\t\t\t\t\t\t\t<p><i>Nota: <br>Notar\u00e1s que el Cielo parece pedirnos que hagamos un <b>T<\/b><\/i><b><i>riduum Pascal <\/i><\/b><i>al principio de cada mes (Heure Sainte jueves, 1<\/i><i>er<\/i><i> Viernes y 1<\/i><i>er<\/i><i> s\u00e1bado) en honor de los Corazones de Jes\u00fas y Mar\u00eda. Esto es algo nuevo, y se puede explicar de la siguiente manera:  Dios nos ha pedido que cada domingo le demos gracias por haber <\/i><b><i>creado<\/i><\/b><i>.  Ahora pide el 1er jueves\/viernes\/s\u00e1bado de cada mes para dar gracias a los Corazones de Jes\u00fas y Mar\u00eda por habernos dado su amor. <\/i><b><i>comprado<\/i><\/b><i>. Nuestro acceso al Cielo s\u00f3lo es posible gracias a estos dos dones: nuestra creaci\u00f3n y nuestra redenci\u00f3n. Este debe ser el ritmo de nuestra vida cristiana.<\/i><\/p>\t\t\t\t\t\t\t\t<\/div>\n\t\t\t\t<\/div>\n\t\t\t\t\t<\/div>\n\t\t<\/div>\n\t\t\t\t\t<\/div>\n\t\t<\/section>\n\t\t\t\t\t<\/div>\n\t\t<\/div>\n\t\t\t\t\t<\/div>\n\t\t<\/section>\n\t\t\t\t<\/div>","protected":false},"excerpt":{"rendered":"<p>OTRAS PETICIONES DE LOS CURSOS DE JES\u00daS Y MAR\u00cdA Si los primeros s\u00e1bados de mes son prioritarios, y cumplirlos ya est\u00e1 muy bien, algunos miembros de la Alianza se comprometen tambi\u00e9n a [...].<\/p>","protected":false},"author":1,"featured_media":0,"parent":0,"menu_order":0,"comment_status":"closed","ping_status":"closed","template":"elementor_header_footer","meta":{"footnotes":""},"class_list":["post-1011","page","type-page","status-publish","hentry"],"_links":{"self":[{"href":"https:\/\/salve-corda.org\/es\/wp-json\/wp\/v2\/pages\/1011","targetHints":{"allow":["GET"]}}],"collection":[{"href":"https:\/\/salve-corda.org\/es\/wp-json\/wp\/v2\/pages"}],"about":[{"href":"https:\/\/salve-corda.org\/es\/wp-json\/wp\/v2\/types\/page"}],"author":[{"embeddable":true,"href":"https:\/\/salve-corda.org\/es\/wp-json\/wp\/v2\/users\/1"}],"replies":[{"embeddable":true,"href":"https:\/\/salve-corda.org\/es\/wp-json\/wp\/v2\/comments?post=1011"}],"version-history":[{"count":492,"href":"https:\/\/salve-corda.org\/es\/wp-json\/wp\/v2\/pages\/1011\/revisions"}],"predecessor-version":[{"id":6613,"href":"https:\/\/salve-corda.org\/es\/wp-json\/wp\/v2\/pages\/1011\/revisions\/6613"}],"wp:attachment":[{"href":"https:\/\/salve-corda.org\/es\/wp-json\/wp\/v2\/media?parent=1011"}],"curies":[{"name":"wp","href":"https:\/\/api.w.org\/{rel}","templated":true}]}}