{"id":16206,"date":"2024-11-28T22:46:03","date_gmt":"2024-11-28T21:46:03","guid":{"rendered":"https:\/\/salve-corda.org\/?page_id=16206"},"modified":"2025-02-04T22:07:20","modified_gmt":"2025-02-04T21:07:20","slug":"jubile-2025-des-1ers-samedis-du-mois","status":"publish","type":"page","link":"https:\/\/salve-corda.org\/es\/jubile-2025-des-1ers-samedis-du-mois\/","title":{"rendered":"Jubileo 2025 el primer s\u00e1bado de cada mes"},"content":{"rendered":"<div data-elementor-type=\"wp-page\" data-elementor-id=\"16206\" class=\"elementor elementor-16206\">\n\t\t\t\t\t\t<section class=\"elementor-section elementor-top-section elementor-element elementor-element-44a3ee9 elementor-section-boxed elementor-section-height-default elementor-section-height-default\" data-id=\"44a3ee9\" data-element_type=\"section\" data-e-type=\"section\">\n\t\t\t\t\t\t<div class=\"elementor-container elementor-column-gap-default\">\n\t\t\t\t\t<div class=\"elementor-column elementor-col-100 elementor-top-column elementor-element elementor-element-fdbd764\" data-id=\"fdbd764\" data-element_type=\"column\" data-e-type=\"column\">\n\t\t\t<div class=\"elementor-widget-wrap elementor-element-populated\">\n\t\t\t\t\t\t<div class=\"elementor-element elementor-element-746e0f2 elementor-widget elementor-widget-spacer\" data-id=\"746e0f2\" data-element_type=\"widget\" data-e-type=\"widget\" data-widget_type=\"spacer.default\">\n\t\t\t\t<div class=\"elementor-widget-container\">\n\t\t\t\t\t\t\t<div class=\"elementor-spacer\">\n\t\t\t<div class=\"elementor-spacer-inner\"><\/div>\n\t\t<\/div>\n\t\t\t\t\t\t<\/div>\n\t\t\t\t<\/div>\n\t\t\t\t<div class=\"elementor-element elementor-element-ce04b36 elementor-widget__width-initial elementor-widget elementor-widget-heading\" data-id=\"ce04b36\" data-element_type=\"widget\" data-e-type=\"widget\" data-widget_type=\"heading.default\">\n\t\t\t\t<div class=\"elementor-widget-container\">\n\t\t\t\t\t<h2 class=\"elementor-heading-title elementor-size-default\">Jubileo 2025 por el centenario del 1er s\u00e1bado de mes<\/h2>\t\t\t\t<\/div>\n\t\t\t\t<\/div>\n\t\t\t\t\t<\/div>\n\t\t<\/div>\n\t\t\t\t\t<\/div>\n\t\t<\/section>\n\t\t\t\t<section class=\"elementor-section elementor-top-section elementor-element elementor-element-eac7595 elementor-section-boxed elementor-section-height-default elementor-section-height-default\" data-id=\"eac7595\" data-element_type=\"section\" data-e-type=\"section\" data-settings=\"{&quot;background_background&quot;:&quot;classic&quot;}\">\n\t\t\t\t\t\t<div class=\"elementor-container elementor-column-gap-default\">\n\t\t\t\t\t<div class=\"elementor-column elementor-col-100 elementor-top-column elementor-element elementor-element-ea07fde\" data-id=\"ea07fde\" data-element_type=\"column\" data-e-type=\"column\">\n\t\t\t<div class=\"elementor-widget-wrap elementor-element-populated\">\n\t\t\t\t\t\t<div class=\"elementor-element elementor-element-4e85bcd elementor-widget elementor-widget-heading\" data-id=\"4e85bcd\" data-element_type=\"widget\" data-e-type=\"widget\" data-widget_type=\"heading.default\">\n\t\t\t\t<div class=\"elementor-widget-container\">\n\t\t\t\t\t<h3 class=\"elementor-heading-title elementor-size-default\">Por qu\u00e9 un jubileo en 2025<\/h3>\t\t\t\t<\/div>\n\t\t\t\t<\/div>\n\t\t\t\t<div class=\"elementor-element elementor-element-5dd353e elementor-widget elementor-widget-text-editor\" data-id=\"5dd353e\" data-element_type=\"widget\" data-e-type=\"widget\" data-widget_type=\"text-editor.default\">\n\t\t\t\t<div class=\"elementor-widget-container\">\n\t\t\t\t\t\t\t\t\t<div class=\"page\" title=\"P\u00e1gina 1\"><div class=\"layoutArea\"><div class=\"column\"><p>Adem\u00e1s del A\u00f1o Santo, 2025 es un a\u00f1o de aniversario muy importante para el mundo. Se cumplir\u00e1n 100 a\u00f1os desde que Nuestra Se\u00f1ora de F\u00e1tima pidi\u00f3 por la paz el 1er s\u00e1bado del mes. Por ello, el Jubileo de los Primeros S\u00e1bados de F\u00e1tima de 2025 ser\u00e1 lanzado por Salve Corda.<\/p><div class=\"page\" title=\"P\u00e1gina 1\"><div class=\"layoutArea\"><div class=\"column\"><p>En 1917, en F\u00e1tima, la Virgen insisti\u00f3 en el Rosario y anunci\u00f3 tambi\u00e9n una devoci\u00f3n futura:<\/p><div class=\"page\" title=\"P\u00e1gina 1\"><div class=\"layoutArea\"><div class=\"column\"><p><span style=\"color: #0000ff;\"><em>\"Para evitar la guerra, vendr\u00e9 a pedir la consagraci\u00f3n de Rusia a mi Coraz\u00f3n Inmaculado y la Comuni\u00f3n Reparadora de los Primeros S\u00e1bados.<\/em><\/span> Nuestra Se\u00f1ora de F\u00e1tima 13 de julio de 1917<\/p><p>\u00a0<\/p><\/div><\/div><\/div><\/div><\/div><\/div><\/div><\/div><\/div>\t\t\t\t\t\t\t\t<\/div>\n\t\t\t\t<\/div>\n\t\t\t\t\t<\/div>\n\t\t<\/div>\n\t\t\t\t\t<\/div>\n\t\t<\/section>\n\t\t\t\t<section class=\"elementor-section elementor-top-section elementor-element elementor-element-732bcc14 elementor-section-boxed elementor-section-height-default elementor-section-height-default\" data-id=\"732bcc14\" data-element_type=\"section\" data-e-type=\"section\" data-settings=\"{&quot;background_background&quot;:&quot;classic&quot;}\">\n\t\t\t\t\t\t<div class=\"elementor-container elementor-column-gap-default\">\n\t\t\t\t\t<div class=\"elementor-column elementor-col-33 elementor-top-column elementor-element elementor-element-37373765\" data-id=\"37373765\" data-element_type=\"column\" data-e-type=\"column\">\n\t\t\t<div class=\"elementor-widget-wrap elementor-element-populated\">\n\t\t\t\t\t\t<div class=\"elementor-element elementor-element-4e7aa6c elementor-widget elementor-widget-image\" data-id=\"4e7aa6c\" data-element_type=\"widget\" data-e-type=\"widget\" data-widget_type=\"image.default\">\n\t\t\t\t<div class=\"elementor-widget-container\">\n\t\t\t\t\t\t\t\t\t\t\t\t\t\t\t<img fetchpriority=\"high\" decoding=\"async\" width=\"560\" height=\"539\" src=\"https:\/\/salve-corda.org\/wp-content\/uploads\/2024\/03\/IMAGE-2022-09-10-181852-copie.jpg\" class=\"attachment-large size-large wp-image-6615\" alt=\"\" srcset=\"https:\/\/salve-corda.org\/wp-content\/uploads\/2024\/03\/IMAGE-2022-09-10-181852-copie.jpg 560w, https:\/\/salve-corda.org\/wp-content\/uploads\/2024\/03\/IMAGE-2022-09-10-181852-copie-300x289.jpg 300w\" sizes=\"(max-width: 560px) 100vw, 560px\" \/>\t\t\t\t\t\t\t\t\t\t\t\t\t\t\t<\/div>\n\t\t\t\t<\/div>\n\t\t\t\t\t<\/div>\n\t\t<\/div>\n\t\t\t\t<div class=\"elementor-column elementor-col-66 elementor-top-column elementor-element elementor-element-37955617\" data-id=\"37955617\" data-element_type=\"column\" data-e-type=\"column\">\n\t\t\t<div class=\"elementor-widget-wrap elementor-element-populated\">\n\t\t\t\t\t\t<div class=\"elementor-element elementor-element-2d503c38 elementor-widget elementor-widget-text-editor\" data-id=\"2d503c38\" data-element_type=\"widget\" data-e-type=\"widget\" data-widget_type=\"text-editor.default\">\n\t\t\t\t<div class=\"elementor-widget-container\">\n\t\t\t\t\t\t\t\t\t<div title=\"P\u00e1gina 1\"><div><div><p><span style=\"color: var( --e-global-color-text );\">\u00a0<\/span><\/p><p><span style=\"color: var( --e-global-color-text );\">Ocho a\u00f1os despu\u00e9s <\/span><strong style=\"color: var( --e-global-color-text );\">10 de diciembre de 1925,<\/strong><span style=\"color: var( --e-global-color-text );\"> Nuestra Se\u00f1ora se apareci\u00f3 a Sor Luc\u00eda (una vidente de F\u00e1tima) para lanzar los Primeros S\u00e1bados en todo el mundo. Adem\u00e1s de la devoci\u00f3n de todos los fieles, pidi\u00f3 al Papa, con motivo de la consagraci\u00f3n de Rusia, que hiciera un acto oficial recomendando la pr\u00e1ctica de estos primeros s\u00e1bados de mes en toda la Iglesia.<\/span><\/p><p><span style=\"color: var( --e-global-color-text );\">\u00a0<\/span><\/p><p>\u00a0<\/p><p>Aunque la consagraci\u00f3n de Rusia ya ha sido mencionada muchas veces por numerosos papas, el 1.., <strong>segunda condici\u00f3n para la paz<\/strong>Hasta ahora, esto ha sido olvidado por una gran parte de la Iglesia. Por tanto, es mucho lo que est\u00e1 en juego, porque los cambios dram\u00e1ticos en la situaci\u00f3n del mundo son consecuencia de nuestra desatenci\u00f3n a esta petici\u00f3n del Cielo.<\/p><\/div><\/div><\/div>\t\t\t\t\t\t\t\t<\/div>\n\t\t\t\t<\/div>\n\t\t\t\t\t<\/div>\n\t\t<\/div>\n\t\t\t\t\t<\/div>\n\t\t<\/section>\n\t\t\t\t<section class=\"elementor-section elementor-top-section elementor-element elementor-element-9bdbc97 elementor-section-boxed elementor-section-height-default elementor-section-height-default\" data-id=\"9bdbc97\" data-element_type=\"section\" data-e-type=\"section\" data-settings=\"{&quot;background_background&quot;:&quot;classic&quot;}\">\n\t\t\t\t\t\t<div class=\"elementor-container elementor-column-gap-default\">\n\t\t\t\t\t<div class=\"elementor-column elementor-col-100 elementor-top-column elementor-element elementor-element-03f9771\" data-id=\"03f9771\" data-element_type=\"column\" data-e-type=\"column\">\n\t\t\t<div class=\"elementor-widget-wrap elementor-element-populated\">\n\t\t\t\t\t\t<div class=\"elementor-element elementor-element-f73152d elementor-widget elementor-widget-heading\" data-id=\"f73152d\" data-element_type=\"widget\" data-e-type=\"widget\" data-widget_type=\"heading.default\">\n\t\t\t\t<div class=\"elementor-widget-container\">\n\t\t\t\t\t<h3 class=\"elementor-heading-title elementor-size-default\">El incROyable reto de los 100 a\u00f1os el 1er s\u00e1bado de cada mes<\/h3>\t\t\t\t<\/div>\n\t\t\t\t<\/div>\n\t\t\t\t<div class=\"elementor-element elementor-element-08d7abf elementor-widget elementor-widget-text-editor\" data-id=\"08d7abf\" data-element_type=\"widget\" data-e-type=\"widget\" data-widget_type=\"text-editor.default\">\n\t\t\t\t<div class=\"elementor-widget-container\">\n\t\t\t\t\t\t\t\t\t<p>Pero ya ha habido un precedente. Cien a\u00f1os despu\u00e9s del rechazo de las peticiones del Sagrado Coraz\u00f3n en 1689 en Paray-Le-Monial, estall\u00f3 la Revoluci\u00f3n Francesa de 1789. Ante nuestra nueva desatenci\u00f3n a las peticiones de F\u00e1tima, la Sant\u00edsima Virgen alert\u00f3 a la Hermana Luc\u00eda, estableciendo un paralelismo con las consecuencias del rechazo en Paray-Le-Monial.&nbsp;<\/p>\n<p><\/p>\n<p>Por eso, en 2010, el Papa Benedicto XVI record\u00f3 el car\u00e1cter prof\u00e9tico de F\u00e1tima hoy. El centenario de los primeros s\u00e1bados de 2025 debe tomarse muy en serio, y es una gran oportunidad para difundir por fin en todo el mundo esta devoci\u00f3n esencial pedida por Nuestra Se\u00f1ora para traer la paz.<\/p>\t\t\t\t\t\t\t\t<\/div>\n\t\t\t\t<\/div>\n\t\t\t\t\t<\/div>\n\t\t<\/div>\n\t\t\t\t\t<\/div>\n\t\t<\/section>\n\t\t\t\t<section class=\"elementor-section elementor-top-section elementor-element elementor-element-a9ec97f elementor-section-boxed elementor-section-height-default elementor-section-height-default\" data-id=\"a9ec97f\" data-element_type=\"section\" data-e-type=\"section\" data-settings=\"{&quot;background_background&quot;:&quot;classic&quot;}\">\n\t\t\t\t\t\t<div class=\"elementor-container elementor-column-gap-default\">\n\t\t\t\t\t<div class=\"elementor-column elementor-col-100 elementor-top-column elementor-element elementor-element-d935cac\" data-id=\"d935cac\" data-element_type=\"column\" data-e-type=\"column\">\n\t\t\t<div class=\"elementor-widget-wrap elementor-element-populated\">\n\t\t\t\t\t\t<div class=\"elementor-element elementor-element-6d91f03 elementor-widget elementor-widget-heading\" data-id=\"6d91f03\" data-element_type=\"widget\" data-e-type=\"widget\" data-widget_type=\"heading.default\">\n\t\t\t\t<div class=\"elementor-widget-container\">\n\t\t\t\t\t<h3 class=\"elementor-heading-title elementor-size-default\">actos del jubileo de 2025<\/h3>\t\t\t\t<\/div>\n\t\t\t\t<\/div>\n\t\t\t\t<div class=\"elementor-element elementor-element-c6edaee elementor-widget elementor-widget-text-editor\" data-id=\"c6edaee\" data-element_type=\"widget\" data-e-type=\"widget\" data-widget_type=\"text-editor.default\">\n\t\t\t\t<div class=\"elementor-widget-container\">\n\t\t\t\t\t\t\t\t\t<div class=\"page\" title=\"P\u00e1gina 1\"><div class=\"layoutArea\"><div class=\"column\"><p>Para movilizar a los fieles de todo el mundo, se organizar\u00e1n actos internacionales. Cada 1er s\u00e1bado de mes en 2025, se organizar\u00e1 una peregrinaci\u00f3n local a uno de los santuarios m\u00e1s importantes del mundo para realizar los cuatro actos pedidos por Nuestra Se\u00f1ora en reparaci\u00f3n por las ofensas cometidas contra su Inmaculado Coraz\u00f3n - confesi\u00f3n, comuni\u00f3n, rosario y meditaci\u00f3n de 15 minutos sobre el Rosario. En 2025, se invitar\u00e1 a los fieles de todo el mundo a unirse a los santuarios practicando los primeros s\u00e1bados en su lugar de residencia. Ese d\u00eda, el mismo misterio del Rosario ser\u00e1 meditado por todos, para estar en comuni\u00f3n con la Iglesia. Finalmente, los santuarios podr\u00e1n anunciar oficialmente la instauraci\u00f3n permanente de los primeros s\u00e1bados de mes en sus bas\u00edlicas.<\/p><\/div><\/div><\/div>\t\t\t\t\t\t\t\t<\/div>\n\t\t\t\t<\/div>\n\t\t\t\t\t<\/div>\n\t\t<\/div>\n\t\t\t\t\t<\/div>\n\t\t<\/section>\n\t\t\t\t<section class=\"elementor-section elementor-top-section elementor-element elementor-element-b031198 elementor-section-boxed elementor-section-height-default elementor-section-height-default\" data-id=\"b031198\" data-element_type=\"section\" data-e-type=\"section\" data-settings=\"{&quot;background_background&quot;:&quot;classic&quot;}\">\n\t\t\t\t\t\t<div class=\"elementor-container elementor-column-gap-default\">\n\t\t\t\t\t<div class=\"elementor-column elementor-col-66 elementor-top-column elementor-element elementor-element-24ab1c7\" data-id=\"24ab1c7\" data-element_type=\"column\" data-e-type=\"column\">\n\t\t\t<div class=\"elementor-widget-wrap elementor-element-populated\">\n\t\t\t\t\t\t<div class=\"elementor-element elementor-element-f014843 elementor-widget elementor-widget-text-editor\" data-id=\"f014843\" data-element_type=\"widget\" data-e-type=\"widget\" data-widget_type=\"text-editor.default\">\n\t\t\t\t<div class=\"elementor-widget-container\">\n\t\t\t\t\t\t\t\t\t<div class=\"page\" title=\"P\u00e1gina 1\">\n<div class=\"layoutArea\">\n<div class=\"column\">\n<p>En consonancia con el a\u00f1o lit\u00fargico, en 2025 se meditar\u00e1n doce misterios del Rosario, asociados a doce santuarios diferentes. Por ejemplo, en el mes en que la meditaci\u00f3n ser\u00e1 sobre la Anunciaci\u00f3n, el 1er s\u00e1bado tendr\u00e1 lugar en el santuario de Guadalupe, donde Nuestra Se\u00f1ora apareci\u00f3 embarazada.<\/p>\n<p><\/p>\n<\/div>\n<div class=\"page\" title=\"P\u00e1gina 1\">\n<div class=\"layoutArea\">\n<div class=\"column\">\n<p>Para dar vida al acontecimiento, cada 1er s\u00e1bado ser\u00e1 objeto de reportajes sobre el propio santuario, sobre c\u00f3mo se desarrolla el 1er s\u00e1bado del mes y se distribuir\u00e1 a numerosas organizaciones cat\u00f3licas y medios de comunicaci\u00f3n de todo el mundo. El Jubileo 2025 de los Primeros S\u00e1bados de F\u00e1tima est\u00e1 coordinado por la \"Alliance 1ers samedis du mois\" en colaboraci\u00f3n con diversas organizaciones cat\u00f3licas.<\/p>\n<\/div>\n<\/div>\n<\/div>\n<\/div>\n<\/div>\t\t\t\t\t\t\t\t<\/div>\n\t\t\t\t<\/div>\n\t\t\t\t\t<\/div>\n\t\t<\/div>\n\t\t\t\t<div class=\"elementor-column elementor-col-33 elementor-top-column elementor-element elementor-element-06957b0\" data-id=\"06957b0\" data-element_type=\"column\" data-e-type=\"column\">\n\t\t\t<div class=\"elementor-widget-wrap elementor-element-populated\">\n\t\t\t\t\t\t<div class=\"elementor-element elementor-element-341a109 elementor-widget elementor-widget-image\" data-id=\"341a109\" data-element_type=\"widget\" data-e-type=\"widget\" data-widget_type=\"image.default\">\n\t\t\t\t<div class=\"elementor-widget-container\">\n\t\t\t\t\t\t\t\t\t\t\t\t\t\t\t<img decoding=\"async\" width=\"474\" height=\"367\" src=\"https:\/\/salve-corda.org\/wp-content\/uploads\/2024\/11\/th-4102836723.jpg\" class=\"attachment-large size-large wp-image-16221\" alt=\"\" srcset=\"https:\/\/salve-corda.org\/wp-content\/uploads\/2024\/11\/th-4102836723.jpg 474w, https:\/\/salve-corda.org\/wp-content\/uploads\/2024\/11\/th-4102836723-300x232.jpg 300w, https:\/\/salve-corda.org\/wp-content\/uploads\/2024\/11\/th-4102836723-15x12.jpg 15w\" sizes=\"(max-width: 474px) 100vw, 474px\" \/>\t\t\t\t\t\t\t\t\t\t\t\t\t\t\t<\/div>\n\t\t\t\t<\/div>\n\t\t\t\t\t<\/div>\n\t\t<\/div>\n\t\t\t\t\t<\/div>\n\t\t<\/section>\n\t\t\t\t<section class=\"elementor-section elementor-top-section elementor-element elementor-element-7783ece elementor-section-boxed elementor-section-height-default elementor-section-height-default\" data-id=\"7783ece\" data-element_type=\"section\" data-e-type=\"section\" data-settings=\"{&quot;background_background&quot;:&quot;classic&quot;}\">\n\t\t\t\t\t\t<div class=\"elementor-container elementor-column-gap-default\">\n\t\t\t\t\t<div class=\"elementor-column elementor-col-100 elementor-top-column elementor-element elementor-element-31cfac2\" data-id=\"31cfac2\" data-element_type=\"column\" data-e-type=\"column\">\n\t\t\t<div class=\"elementor-widget-wrap elementor-element-populated\">\n\t\t\t\t\t\t<div class=\"elementor-element elementor-element-36fac8e elementor-widget elementor-widget-heading\" data-id=\"36fac8e\" data-element_type=\"widget\" data-e-type=\"widget\" data-widget_type=\"heading.default\">\n\t\t\t\t<div class=\"elementor-widget-container\">\n\t\t\t\t\t<h3 class=\"elementor-heading-title elementor-size-default\">P\u00e1gina web de los Primeros S\u00e1bados del Jubileo de F\u00e1tima 2025<\/h3>\t\t\t\t<\/div>\n\t\t\t\t<\/div>\n\t\t\t\t\t<\/div>\n\t\t<\/div>\n\t\t\t\t\t<\/div>\n\t\t<\/section>\n\t\t\t\t<section class=\"elementor-section elementor-top-section elementor-element elementor-element-7d4ccd8 elementor-section-boxed elementor-section-height-default elementor-section-height-default\" data-id=\"7d4ccd8\" data-element_type=\"section\" data-e-type=\"section\">\n\t\t\t\t\t\t<div class=\"elementor-container elementor-column-gap-default\">\n\t\t\t\t\t<div class=\"elementor-column elementor-col-100 elementor-top-column elementor-element elementor-element-2ceec65\" data-id=\"2ceec65\" data-element_type=\"column\" data-e-type=\"column\">\n\t\t\t<div class=\"elementor-widget-wrap elementor-element-populated\">\n\t\t\t\t\t\t<div class=\"elementor-element elementor-element-757fd0a elementor-align-center elementor-widget elementor-widget-button\" data-id=\"757fd0a\" data-element_type=\"widget\" data-e-type=\"widget\" data-widget_type=\"button.default\">\n\t\t\t\t<div class=\"elementor-widget-container\">\n\t\t\t\t\t\t\t\t\t<div class=\"elementor-button-wrapper\">\n\t\t\t\t\t<a class=\"elementor-button elementor-button-link elementor-size-sm\" href=\"https:\/\/jubile2025-fatima.org\/\" target=\"_blank\">\n\t\t\t\t\t\t<span class=\"elementor-button-content-wrapper\">\n\t\t\t\t\t\t\t\t\t<span class=\"elementor-button-text\">www.jubile2025-fatima.org<\/span>\n\t\t\t\t\t<\/span>\n\t\t\t\t\t<\/a>\n\t\t\t\t<\/div>\n\t\t\t\t\t\t\t\t<\/div>\n\t\t\t\t<\/div>\n\t\t\t\t\t<\/div>\n\t\t<\/div>\n\t\t\t\t\t<\/div>\n\t\t<\/section>\n\t\t\t\t<\/div>","protected":false},"excerpt":{"rendered":"<p>Jubileo 2025 para el centenario de los primeros s\u00e1bados de mes Por qu\u00e9 un Jubileo en 2025 Adem\u00e1s del A\u00f1o Santo, 2025 es un a\u00f1o de aniversario muy importante para el mundo. Ser\u00e1 [...]<\/p>","protected":false},"author":2,"featured_media":0,"parent":0,"menu_order":0,"comment_status":"closed","ping_status":"closed","template":"elementor_header_footer","meta":{"footnotes":""},"class_list":["post-16206","page","type-page","status-publish","hentry"],"_links":{"self":[{"href":"https:\/\/salve-corda.org\/es\/wp-json\/wp\/v2\/pages\/16206","targetHints":{"allow":["GET"]}}],"collection":[{"href":"https:\/\/salve-corda.org\/es\/wp-json\/wp\/v2\/pages"}],"about":[{"href":"https:\/\/salve-corda.org\/es\/wp-json\/wp\/v2\/types\/page"}],"author":[{"embeddable":true,"href":"https:\/\/salve-corda.org\/es\/wp-json\/wp\/v2\/users\/2"}],"replies":[{"embeddable":true,"href":"https:\/\/salve-corda.org\/es\/wp-json\/wp\/v2\/comments?post=16206"}],"version-history":[{"count":31,"href":"https:\/\/salve-corda.org\/es\/wp-json\/wp\/v2\/pages\/16206\/revisions"}],"predecessor-version":[{"id":17362,"href":"https:\/\/salve-corda.org\/es\/wp-json\/wp\/v2\/pages\/16206\/revisions\/17362"}],"wp:attachment":[{"href":"https:\/\/salve-corda.org\/es\/wp-json\/wp\/v2\/media?parent=16206"}],"curies":[{"name":"wp","href":"https:\/\/api.w.org\/{rel}","templated":true}]}}