{"id":3120,"date":"2021-09-29T19:12:21","date_gmt":"2021-09-29T17:12:21","guid":{"rendered":"https:\/\/salve-corda.org\/?page_id=3120"},"modified":"2026-07-18T10:47:01","modified_gmt":"2026-07-18T08:47:01","slug":"ce-qui-nous-est-demande","status":"publish","type":"page","link":"https:\/\/salve-corda.org\/es\/ce-qui-nous-est-demande\/","title":{"rendered":"Lo que se nos pide que hagamos los primeros s\u00e1bados"},"content":{"rendered":"<div data-elementor-type=\"wp-page\" data-elementor-id=\"3120\" class=\"elementor elementor-3120\">\n\t\t\t\t\t\t<section class=\"elementor-section elementor-top-section elementor-element elementor-element-44a3ee9 elementor-section-boxed elementor-section-height-default elementor-section-height-default\" data-id=\"44a3ee9\" data-element_type=\"section\" data-e-type=\"section\">\n\t\t\t\t\t\t<div class=\"elementor-container elementor-column-gap-default\">\n\t\t\t\t\t<div class=\"elementor-column elementor-col-100 elementor-top-column elementor-element elementor-element-fdbd764\" data-id=\"fdbd764\" data-element_type=\"column\" data-e-type=\"column\">\n\t\t\t<div class=\"elementor-widget-wrap elementor-element-populated\">\n\t\t\t\t\t\t<div class=\"elementor-element elementor-element-746e0f2 elementor-widget elementor-widget-spacer\" data-id=\"746e0f2\" data-element_type=\"widget\" data-e-type=\"widget\" data-widget_type=\"spacer.default\">\n\t\t\t\t<div class=\"elementor-widget-container\">\n\t\t\t\t\t\t\t<div class=\"elementor-spacer\">\n\t\t\t<div class=\"elementor-spacer-inner\"><\/div>\n\t\t<\/div>\n\t\t\t\t\t\t<\/div>\n\t\t\t\t<\/div>\n\t\t\t\t<div class=\"elementor-element elementor-element-ce04b36 elementor-widget elementor-widget-heading\" data-id=\"ce04b36\" data-element_type=\"widget\" data-e-type=\"widget\" data-widget_type=\"heading.default\">\n\t\t\t\t<div class=\"elementor-widget-container\">\n\t\t\t\t\t<h2 class=\"elementor-heading-title elementor-size-default\">primer s\u00e1bado de mes<\/h2>\t\t\t\t<\/div>\n\t\t\t\t<\/div>\n\t\t\t\t\t<\/div>\n\t\t<\/div>\n\t\t\t\t\t<\/div>\n\t\t<\/section>\n\t\t\t\t<section class=\"elementor-section elementor-top-section elementor-element elementor-element-c2d8803 elementor-section-boxed elementor-section-height-default elementor-section-height-default\" data-id=\"c2d8803\" data-element_type=\"section\" data-e-type=\"section\" data-settings=\"{&quot;background_background&quot;:&quot;classic&quot;}\">\n\t\t\t\t\t\t<div class=\"elementor-container elementor-column-gap-default\">\n\t\t\t\t\t<div class=\"elementor-column elementor-col-100 elementor-top-column elementor-element elementor-element-a0f1e26\" data-id=\"a0f1e26\" data-element_type=\"column\" data-e-type=\"column\">\n\t\t\t<div class=\"elementor-widget-wrap elementor-element-populated\">\n\t\t\t\t\t\t<div class=\"elementor-element elementor-element-733fd40 elementor-widget elementor-widget-text-editor\" data-id=\"733fd40\" data-element_type=\"widget\" data-e-type=\"widget\" data-widget_type=\"text-editor.default\">\n\t\t\t\t<div class=\"elementor-widget-container\">\n\t\t\t\t\t\t\t\t\t<p style=\"text-align: left;\"><span style=\"color: #6288c6;\"><i>\"De la pr\u00e1ctica de esta devoci\u00f3n, unida a la consagraci\u00f3n al Coraz\u00f3n Inmaculado de Mar\u00eda, dependen para el mundo <strong>paz o guerra<\/strong>. (...) Esto significa que Dios quiere que sea esta devoci\u00f3n <strong>y no otro.<\/strong><\/i><i> \"\u00a0 \u00a0 \u00a0 \u00a0 \u00a0 \u00a0 \u00a0 \u00a0 \u00a0 \u00a0 \u00a0 \u00a0 \u00a0 \u00a0 \u00a0 \u00a0 \u00a0 \u00a0 \u00a0 \u00a0 \u00a0 \u00a0 \u00a0 \u00a0 \u00a0 \u00a0 \u00a0 \u00a0 \u00a0 \u00a0 \u00a0 \u00a0 \u00a0 \u00a0 \u00a0 \u00a0 \u00a0 \u00a0 \u00a0 \u00a0 \u00a0 \u00a0 \u00a0 \u00a0 \u00a0 \u00a0 \u00a0 \u00a0 \u00a0 \u00a0 \u00a0 \u00a0 \u00a0 \u00a0 \u00a0 \u00a0 \u00a0 \u00a0 \u00a0 \u00a0 \u00a0 \u00a0 \u00a0 \u00a0 <span style=\"color: #333333;\">Sor Luc\u00eda, marzo de 1939<\/span><\/i><\/span><i style=\"color: #6288c6; font-family: var( --e-global-typography-18e5089-font-family ), Sans-serif; font-size: var( --e-global-typography-18e5089-font-size ); letter-spacing: var( --e-global-typography-18e5089-letter-spacing ); word-spacing: var( --e-global-typography-18e5089-word-spacing );\"><span style=\"color: #333333;\">\u00a0<\/span><\/i><\/p>\t\t\t\t\t\t\t\t<\/div>\n\t\t\t\t<\/div>\n\t\t\t\t\t<\/div>\n\t\t<\/div>\n\t\t\t\t\t<\/div>\n\t\t<\/section>\n\t\t\t\t<section class=\"elementor-section elementor-top-section elementor-element elementor-element-eac7595 elementor-section-boxed elementor-section-height-default elementor-section-height-default\" data-id=\"eac7595\" data-element_type=\"section\" data-e-type=\"section\" data-settings=\"{&quot;background_background&quot;:&quot;classic&quot;}\">\n\t\t\t\t\t\t<div class=\"elementor-container elementor-column-gap-default\">\n\t\t\t\t\t<div class=\"elementor-column elementor-col-66 elementor-top-column elementor-element elementor-element-ea07fde\" data-id=\"ea07fde\" data-element_type=\"column\" data-e-type=\"column\">\n\t\t\t<div class=\"elementor-widget-wrap elementor-element-populated\">\n\t\t\t\t\t\t<div class=\"elementor-element elementor-element-4e85bcd elementor-widget elementor-widget-heading\" data-id=\"4e85bcd\" data-element_type=\"widget\" data-e-type=\"widget\" data-widget_type=\"heading.default\">\n\t\t\t\t<div class=\"elementor-widget-container\">\n\t\t\t\t\t<h3 class=\"elementor-heading-title elementor-size-default\">EXACTAMENTE LO QUE SE NOS PIDE QUE HAGAMOS<\/h3>\t\t\t\t<\/div>\n\t\t\t\t<\/div>\n\t\t\t\t<div class=\"elementor-element elementor-element-5dd353e elementor-widget elementor-widget-text-editor\" data-id=\"5dd353e\" data-element_type=\"widget\" data-e-type=\"widget\" data-widget_type=\"text-editor.default\">\n\t\t\t\t<div class=\"elementor-widget-container\">\n\t\t\t\t\t\t\t\t\t<p><span style=\"font-family: var( --e-global-typography-18e5089-font-family ), Sans-serif;\"><span style=\"color: var( --e-global-color-text ); letter-spacing: var( --e-global-typography-18e5089-letter-spacing ); word-spacing: var( --e-global-typography-18e5089-word-spacing );\">La&nbsp;<\/span><\/span>Sainte<span style=\"font-family: var( --e-global-typography-18e5089-font-family ), Sans-serif;\"><span style=\"color: var( --e-global-color-text ); letter-spacing: var( --e-global-typography-18e5089-letter-spacing ); word-spacing: var( --e-global-typography-18e5089-word-spacing );\">&nbsp;Nuestra Se\u00f1ora quiere que nos demos cuenta de que ese d\u00eda <b>cuatro actos<\/b><\/span><\/span><span style=\"font-family: var( --e-global-typography-18e5089-font-family ), Sans-serif;\"><span style=\"color: var( --e-global-color-text ); letter-spacing: var( --e-global-typography-18e5089-letter-spacing ); word-spacing: var( --e-global-typography-18e5089-word-spacing );\">&nbsp; :<\/span><\/span><\/p>\n<p><span style=\"color: var( --e-global-color-text ); font-family: var( --e-global-typography-18e5089-font-family ), Sans-serif; font-size: var( --e-global-typography-18e5089-font-size ); font-weight: var( --e-global-typography-18e5089-font-weight ); letter-spacing: var( --e-global-typography-18e5089-letter-spacing ); word-spacing: var( --e-global-typography-18e5089-word-spacing );\">&nbsp;<\/span><\/p>\n<p>&nbsp; &nbsp; &nbsp; &nbsp;1 - Comuni\u00f3n&nbsp;<\/p>\n<p><\/p>\n<p>&nbsp; &nbsp; &nbsp; &nbsp;2 - Hazle compa\u00f1\u00eda durante 15 minutos, meditando uno de los Misterios del Rosario<\/p>\n<p><\/p>\n<p>&nbsp; &nbsp; &nbsp; &nbsp;3 - Rezar el rosario<\/p>\n<p><\/p>\n<p>&nbsp; &nbsp; &nbsp; &nbsp;4- Se confesser ( le jour m\u00eame o\u00f9 dans le mois qui pr\u00e9c\u00e8de, sous reserve d&#8217;e^tre en \u00e9tat de gr\u00e2ce pour la communion)<\/p>\n<p><\/p>\t\t\t\t\t\t\t\t<\/div>\n\t\t\t\t<\/div>\n\t\t\t\t<div class=\"elementor-element elementor-element-c1a733e elementor-widget elementor-widget-text-editor\" data-id=\"c1a733e\" data-element_type=\"widget\" data-e-type=\"widget\" data-widget_type=\"text-editor.default\">\n\t\t\t\t<div class=\"elementor-widget-container\">\n\t\t\t\t\t\t\t\t\t<p><b>Estos cuatro actos deben realizarse con esp\u00edritu de reparaci\u00f3n por las ofensas cometidas contra el Coraz\u00f3n Inmaculado de Mar\u00eda.<\/b><\/p>\t\t\t\t\t\t\t\t<\/div>\n\t\t\t\t<\/div>\n\t\t\t\t\t<\/div>\n\t\t<\/div>\n\t\t\t\t<div class=\"elementor-column elementor-col-33 elementor-top-column elementor-element elementor-element-538676c\" data-id=\"538676c\" data-element_type=\"column\" data-e-type=\"column\">\n\t\t\t<div class=\"elementor-widget-wrap elementor-element-populated\">\n\t\t\t\t\t\t<div class=\"elementor-element elementor-element-250b6e97 elementor-widget elementor-widget-image\" data-id=\"250b6e97\" data-element_type=\"widget\" data-e-type=\"widget\" data-widget_type=\"image.default\">\n\t\t\t\t<div class=\"elementor-widget-container\">\n\t\t\t\t\t\t\t\t\t\t\t\t\t\t\t<img fetchpriority=\"high\" decoding=\"async\" width=\"676\" height=\"576\" src=\"https:\/\/salve-corda.org\/wp-content\/uploads\/2024\/03\/premiere-communion-2018-copie-1.png\" class=\"attachment-full size-full wp-image-6641\" alt=\"\" srcset=\"https:\/\/salve-corda.org\/wp-content\/uploads\/2024\/03\/premiere-communion-2018-copie-1.png 676w, https:\/\/salve-corda.org\/wp-content\/uploads\/2024\/03\/premiere-communion-2018-copie-1-300x256.png 300w\" sizes=\"(max-width: 676px) 100vw, 676px\" \/>\t\t\t\t\t\t\t\t\t\t\t\t\t\t\t<\/div>\n\t\t\t\t<\/div>\n\t\t\t\t\t<\/div>\n\t\t<\/div>\n\t\t\t\t\t<\/div>\n\t\t<\/section>\n\t\t\t\t<section class=\"elementor-section elementor-top-section elementor-element elementor-element-732bcc14 elementor-section-boxed elementor-section-height-default elementor-section-height-default\" data-id=\"732bcc14\" data-element_type=\"section\" data-e-type=\"section\" data-settings=\"{&quot;background_background&quot;:&quot;classic&quot;}\">\n\t\t\t\t\t\t<div class=\"elementor-container elementor-column-gap-default\">\n\t\t\t\t\t<div class=\"elementor-column elementor-col-33 elementor-top-column elementor-element elementor-element-37373765\" data-id=\"37373765\" data-element_type=\"column\" data-e-type=\"column\">\n\t\t\t<div class=\"elementor-widget-wrap elementor-element-populated\">\n\t\t\t\t\t\t<div class=\"elementor-element elementor-element-4e7aa6c elementor-widget elementor-widget-image\" data-id=\"4e7aa6c\" data-element_type=\"widget\" data-e-type=\"widget\" data-widget_type=\"image.default\">\n\t\t\t\t<div class=\"elementor-widget-container\">\n\t\t\t\t\t\t\t\t\t\t\t\t\t\t\t<img decoding=\"async\" width=\"560\" height=\"539\" src=\"https:\/\/salve-corda.org\/wp-content\/uploads\/2024\/03\/IMAGE-2022-09-10-181852-copie.jpg\" class=\"attachment-large size-large wp-image-6615\" alt=\"\" srcset=\"https:\/\/salve-corda.org\/wp-content\/uploads\/2024\/03\/IMAGE-2022-09-10-181852-copie.jpg 560w, https:\/\/salve-corda.org\/wp-content\/uploads\/2024\/03\/IMAGE-2022-09-10-181852-copie-300x289.jpg 300w\" sizes=\"(max-width: 560px) 100vw, 560px\" \/>\t\t\t\t\t\t\t\t\t\t\t\t\t\t\t<\/div>\n\t\t\t\t<\/div>\n\t\t\t\t\t<\/div>\n\t\t<\/div>\n\t\t\t\t<div class=\"elementor-column elementor-col-66 elementor-top-column elementor-element elementor-element-37955617\" data-id=\"37955617\" data-element_type=\"column\" data-e-type=\"column\">\n\t\t\t<div class=\"elementor-widget-wrap elementor-element-populated\">\n\t\t\t\t\t\t<div class=\"elementor-element elementor-element-f6aefb2 elementor-widget elementor-widget-heading\" data-id=\"f6aefb2\" data-element_type=\"widget\" data-e-type=\"widget\" data-widget_type=\"heading.default\">\n\t\t\t\t<div class=\"elementor-widget-container\">\n\t\t\t\t\t<h3 class=\"elementor-heading-title elementor-size-default\">C\u00d3MO HACERLO<\/h3>\t\t\t\t<\/div>\n\t\t\t\t<\/div>\n\t\t\t\t<div class=\"elementor-element elementor-element-2d503c38 elementor-widget elementor-widget-text-editor\" data-id=\"2d503c38\" data-element_type=\"widget\" data-e-type=\"widget\" data-widget_type=\"text-editor.default\">\n\t\t\t\t<div class=\"elementor-widget-container\">\n\t\t\t\t\t\t\t\t\t<p>Nuestra Se\u00f1ora de F\u00e1tima pidi\u00f3 al Papa que hiciera un<b> acto oficial,<\/b> en relaci\u00f3n con la Consagraci\u00f3n de Rusia, <b>pour reconnaitre et recommander les 1ers samedis du mois dans toute l&#8217;Eglise.\u00a0<\/b><\/p><p>\u00a0<\/p><p>As\u00ed que tenemos que hacer de estos primeros s\u00e1bados de mes un asunto comunitario y<b> visiblemente<\/b>\u00a0en un <b>d\u00e9marche d&#8217;Eglise<\/b>. Para ello, es necesario :<\/p><p>\u00a0<\/p><p>1- Re\u00fanete con otras personas de la localidad para formar un grupo llamado \".<b>1er s\u00e1bado de cada mes<\/b>\" .\u00a0<span style=\"color: var( --e-global-color-text ); font-family: var( --e-global-typography-18e5089-font-family ), Sans-serif; font-size: var( --e-global-typography-18e5089-font-size ); letter-spacing: var( --e-global-typography-18e5089-letter-spacing ); word-spacing: var( --e-global-typography-18e5089-word-spacing );\">\u00a0\u00a0<\/span><a style=\"font-size: var( --e-global-typography-18e5089-font-size ); letter-spacing: var( --e-global-typography-18e5089-letter-spacing ); word-spacing: var( --e-global-typography-18e5089-word-spacing );\" href=\"https:\/\/salve-corda.org\/es\/alliance-premier-samedi\/\"><span style=\"text-decoration: underline;\"><span style=\"color: #3366ff;\">m\u00e1s informaci\u00f3n sobre las Ciudades del 1er S\u00e1bado<\/span><\/span><\/a><\/p><p>2- Ir juntos a Misa los s\u00e1bados por la ma\u00f1ana y hacer las cuatro peticiones a la Virgen.<\/p><p>3- M\u00e9diter le myst\u00e8re commun \u00e0 toutes les Cit\u00e9s (la m\u00e9ditation est envoy\u00e9e par Salve Corda trois jours avant ). Cela renforce l&#8217;esprit d&#8217;Eglise de tous m\u00e9diter sur le m\u00eame myst\u00e8re. \u00a0<span style=\"text-decoration: underline;\"><span style=\"color: #0000ff;\"><a style=\"color: #0000ff; text-decoration: underline;\" href=\"https:\/\/salve-corda.org\/es\/meditations\/\">ver las meditaciones<\/a><\/span><\/span><\/p><p>4- Dar un poco<b> solemnidad<\/b> para diferenciarla de las dem\u00e1s misas de la semana: <b>statue de la Sainte Vierge expos\u00e9e pr\u00e8s de l&#8217;autel<\/b>flores, canciones, etc.<\/p>\t\t\t\t\t\t\t\t<\/div>\n\t\t\t\t<\/div>\n\t\t\t\t\t<\/div>\n\t\t<\/div>\n\t\t\t\t\t<\/div>\n\t\t<\/section>\n\t\t\t\t<section class=\"elementor-section elementor-top-section elementor-element elementor-element-e6a9e3d elementor-section-boxed elementor-section-height-default elementor-section-height-default\" data-id=\"e6a9e3d\" data-element_type=\"section\" data-e-type=\"section\" data-settings=\"{&quot;background_background&quot;:&quot;classic&quot;}\">\n\t\t\t\t\t\t<div class=\"elementor-container elementor-column-gap-default\">\n\t\t\t\t\t<div class=\"elementor-column elementor-col-100 elementor-top-column elementor-element elementor-element-6659300\" data-id=\"6659300\" data-element_type=\"column\" data-e-type=\"column\">\n\t\t\t<div class=\"elementor-widget-wrap elementor-element-populated\">\n\t\t\t\t\t\t<div class=\"elementor-element elementor-element-93832f0 elementor-align-center elementor-widget elementor-widget-button\" data-id=\"93832f0\" data-element_type=\"widget\" data-e-type=\"widget\" data-widget_type=\"button.default\">\n\t\t\t\t<div class=\"elementor-widget-container\">\n\t\t\t\t\t\t\t\t\t<div class=\"elementor-button-wrapper\">\n\t\t\t\t\t<a class=\"elementor-button elementor-button-link elementor-size-sm\" href=\"https:\/\/salve-corda.org\/es\/contact\/\">\n\t\t\t\t\t\t<span class=\"elementor-button-content-wrapper\">\n\t\t\t\t\t\t\t\t\t<span class=\"elementor-button-text\">\u00danase o cree una \"cit\u00e9 1ers samedis du mois\" (1er s\u00e1bado del mes)<\/span>\n\t\t\t\t\t<\/span>\n\t\t\t\t\t<\/a>\n\t\t\t\t<\/div>\n\t\t\t\t\t\t\t\t<\/div>\n\t\t\t\t<\/div>\n\t\t\t\t\t<\/div>\n\t\t<\/div>\n\t\t\t\t\t<\/div>\n\t\t<\/section>\n\t\t\t\t<section class=\"elementor-section elementor-top-section elementor-element elementor-element-310fd38 elementor-section-boxed elementor-section-height-default elementor-section-height-default\" data-id=\"310fd38\" data-element_type=\"section\" data-e-type=\"section\" data-settings=\"{&quot;background_background&quot;:&quot;classic&quot;}\">\n\t\t\t\t\t\t<div class=\"elementor-container elementor-column-gap-default\">\n\t\t\t\t\t<div class=\"elementor-column elementor-col-100 elementor-top-column elementor-element elementor-element-8fa955a\" data-id=\"8fa955a\" data-element_type=\"column\" data-e-type=\"column\">\n\t\t\t<div class=\"elementor-widget-wrap elementor-element-populated\">\n\t\t\t\t\t\t<div class=\"elementor-element elementor-element-65b4443 elementor-widget elementor-widget-heading\" data-id=\"65b4443\" data-element_type=\"widget\" data-e-type=\"widget\" data-widget_type=\"heading.default\">\n\t\t\t\t<div class=\"elementor-widget-container\">\n\t\t\t\t\t<h3 class=\"elementor-heading-title elementor-size-default\">El objetivo de los primeros s\u00e1bados<\/h3>\t\t\t\t<\/div>\n\t\t\t\t<\/div>\n\t\t\t\t<div class=\"elementor-element elementor-element-ec6eb45 elementor-widget elementor-widget-text-editor\" data-id=\"ec6eb45\" data-element_type=\"widget\" data-e-type=\"widget\" data-widget_type=\"text-editor.default\">\n\t\t\t\t<div class=\"elementor-widget-container\">\n\t\t\t\t\t\t\t\t\t<p><span style=\"font-family: var( --e-global-typography-18e5089-font-family ), Sans-serif;\"><span style=\"color: var( --e-global-color-text ); letter-spacing: var( --e-global-typography-18e5089-letter-spacing ); word-spacing: var( --e-global-typography-18e5089-word-spacing );\">La\u00a0<\/span><\/span>Sainte<span style=\"font-family: var( --e-global-typography-18e5089-font-family ), Sans-serif;\"><span style=\"color: var( --e-global-color-text ); letter-spacing: var( --e-global-typography-18e5089-letter-spacing ); word-spacing: var( --e-global-typography-18e5089-word-spacing );\">\u00a0Nuestra Se\u00f1ora\u00a0<\/span><\/span>el primer s\u00e1bado de cada mes para <b>3 razones<\/b><span style=\"font-family: var( --e-global-typography-18e5089-font-family ), Sans-serif;\"><span style=\"color: var( --e-global-color-text ); letter-spacing: var( --e-global-typography-18e5089-letter-spacing ); word-spacing: var( --e-global-typography-18e5089-word-spacing );\">\u00a0 :<\/span><\/span><\/p>\t\t\t\t\t\t\t\t<\/div>\n\t\t\t\t<\/div>\n\t\t\t\t\t<\/div>\n\t\t<\/div>\n\t\t\t\t\t<\/div>\n\t\t<\/section>\n\t\t\t\t<section class=\"elementor-section elementor-top-section elementor-element elementor-element-da67fdf elementor-section-boxed elementor-section-height-default elementor-section-height-default\" data-id=\"da67fdf\" data-element_type=\"section\" data-e-type=\"section\" data-settings=\"{&quot;background_background&quot;:&quot;classic&quot;}\">\n\t\t\t\t\t\t<div class=\"elementor-container elementor-column-gap-default\">\n\t\t\t\t\t<div class=\"elementor-column elementor-col-66 elementor-top-column elementor-element elementor-element-439e740\" data-id=\"439e740\" data-element_type=\"column\" data-e-type=\"column\">\n\t\t\t<div class=\"elementor-widget-wrap elementor-element-populated\">\n\t\t\t\t\t\t<div class=\"elementor-element elementor-element-9472cc6 elementor-widget elementor-widget-text-editor\" data-id=\"9472cc6\" data-element_type=\"widget\" data-e-type=\"widget\" data-widget_type=\"text-editor.default\">\n\t\t\t\t<div class=\"elementor-widget-container\">\n\t\t\t\t\t\t\t\t\t<p><span style=\"color: var( --e-global-color-text ); font-family: var( --e-global-typography-18e5089-font-family ), Sans-serif; font-size: var( --e-global-typography-18e5089-font-size ); letter-spacing: var( --e-global-typography-18e5089-letter-spacing ); word-spacing: var( --e-global-typography-18e5089-word-spacing );\"><span style=\"font-weight: bold;\"><u>1- Reparaci\u00f3n por las ofensas al Inmaculado Coraz\u00f3n de Mar\u00eda<\/u><\/span><\/span><\/p><p><span style=\"font-family: var( --e-global-typography-18e5089-font-family ), Sans-serif;\">C&#8217;est la premi\u00e8re raison et un devoir pour les enfants vis \u00e0 vis de le M\u00e8re qui souffrent tant. Le Christ a expliqu\u00e9 \u00e0\u00a0<\/span>Hermana Lucie<span style=\"font-family: var( --e-global-typography-18e5089-font-family ), Sans-serif;\">\u00a0las cinco ofensas particulares por las que reparamos:<\/span><\/p><p><span style=\"font-family: var( --e-global-typography-18e5089-font-family ), Sans-serif;\">\u00a0<\/span><\/p><p><span style=\"font-family: var( --e-global-typography-18e5089-font-family ), Sans-serif;\"><span style=\"color: var( --e-global-color-text ); letter-spacing: var( --e-global-typography-18e5089-letter-spacing ); word-spacing: var( --e-global-typography-18e5089-word-spacing );\">\u00a0 \u00a0&#8211;\u00a0<span style=\"font-style: italic;\">Blasfemias contra la Inmaculada Concepci\u00f3n,\u00a0<\/span><\/span><\/span><\/p><p><span style=\"font-family: var( --e-global-typography-18e5089-font-family ), Sans-serif;\"><span style=\"color: var( --e-global-color-text ); letter-spacing: var( --e-global-typography-18e5089-letter-spacing ); word-spacing: var( --e-global-typography-18e5089-word-spacing );\"><span style=\"font-style: italic;\">\u00a0 \u00a0- Blasfemias contra su virginidad,\u00a0<\/span><\/span><\/span><\/p><p><span style=\"color: var( --e-global-color-text ); letter-spacing: var( --e-global-typography-18e5089-letter-spacing ); word-spacing: var( --e-global-typography-18e5089-word-spacing ); font-family: var( --e-global-typography-18e5089-font-family ), Sans-serif; font-size: var( --e-global-typography-18e5089-font-size );\"><span style=\"font-style: italic;\">\u00a0 - Blasfemias contra su Maternidad Divina al negarse al mismo tiempo a reconocerla como Madre de la humanidad,\u00a0<\/span><\/span><\/p><p><span style=\"font-family: var( --e-global-typography-18e5089-font-family ), Sans-serif;\"><span style=\"color: var( --e-global-color-text ); letter-spacing: var( --e-global-typography-18e5089-letter-spacing ); word-spacing: var( --e-global-typography-18e5089-word-spacing );\"><span style=\"font-style: italic;\">\u00a0 - Las blasfemias de quienes p\u00fablicamente pretenden inculcar en el coraz\u00f3n de los ni\u00f1os la indiferencia o el desprecio, o incluso el odio, hacia esta Madre Inmaculada.<\/span><\/span><\/span><\/p><p><span style=\"font-family: var( --e-global-typography-18e5089-font-family ), Sans-serif;\"><span style=\"color: var( --e-global-color-text ); letter-spacing: var( --e-global-typography-18e5089-letter-spacing ); word-spacing: var( --e-global-typography-18e5089-word-spacing );\"><span style=\"font-style: italic;\">\u00a0 - Las ofensas de los que le ofenden directamente en las Sagradas Im\u00e1genes.\u00a0<\/span><\/span><\/span><\/p>\t\t\t\t\t\t\t\t<\/div>\n\t\t\t\t<\/div>\n\t\t\t\t\t<\/div>\n\t\t<\/div>\n\t\t\t\t<div class=\"elementor-column elementor-col-33 elementor-top-column elementor-element elementor-element-bc5ef4e\" data-id=\"bc5ef4e\" data-element_type=\"column\" data-e-type=\"column\">\n\t\t\t<div class=\"elementor-widget-wrap elementor-element-populated\">\n\t\t\t\t\t\t<div class=\"elementor-element elementor-element-7bf5170 elementor-widget elementor-widget-image\" data-id=\"7bf5170\" data-element_type=\"widget\" data-e-type=\"widget\" data-widget_type=\"image.default\">\n\t\t\t\t<div class=\"elementor-widget-container\">\n\t\t\t\t\t\t\t\t\t\t\t\t\t\t\t<img decoding=\"async\" width=\"771\" height=\"793\" src=\"https:\/\/salve-corda.org\/wp-content\/uploads\/2024\/03\/external-content.duckduckgo-2-copie.jpg\" class=\"attachment-full size-full wp-image-6639\" alt=\"\" srcset=\"https:\/\/salve-corda.org\/wp-content\/uploads\/2024\/03\/external-content.duckduckgo-2-copie.jpg 771w, https:\/\/salve-corda.org\/wp-content\/uploads\/2024\/03\/external-content.duckduckgo-2-copie-292x300.jpg 292w, https:\/\/salve-corda.org\/wp-content\/uploads\/2024\/03\/external-content.duckduckgo-2-copie-768x790.jpg 768w\" sizes=\"(max-width: 771px) 100vw, 771px\" \/>\t\t\t\t\t\t\t\t\t\t\t\t\t\t\t<\/div>\n\t\t\t\t<\/div>\n\t\t\t\t\t<\/div>\n\t\t<\/div>\n\t\t\t\t\t<\/div>\n\t\t<\/section>\n\t\t\t\t<section class=\"elementor-section elementor-top-section elementor-element elementor-element-d27d242 elementor-section-boxed elementor-section-height-default elementor-section-height-default\" data-id=\"d27d242\" data-element_type=\"section\" data-e-type=\"section\" data-settings=\"{&quot;background_background&quot;:&quot;classic&quot;}\">\n\t\t\t\t\t\t<div class=\"elementor-container elementor-column-gap-default\">\n\t\t\t\t\t<div class=\"elementor-column elementor-col-33 elementor-top-column elementor-element elementor-element-a96614c\" data-id=\"a96614c\" data-element_type=\"column\" data-e-type=\"column\">\n\t\t\t<div class=\"elementor-widget-wrap elementor-element-populated\">\n\t\t\t\t\t\t<div class=\"elementor-element elementor-element-e8e94b0 elementor-widget elementor-widget-image\" data-id=\"e8e94b0\" data-element_type=\"widget\" data-e-type=\"widget\" data-widget_type=\"image.default\">\n\t\t\t\t<div class=\"elementor-widget-container\">\n\t\t\t\t\t\t\t\t\t\t\t\t\t\t\t<img loading=\"lazy\" decoding=\"async\" width=\"216\" height=\"293\" src=\"https:\/\/salve-corda.org\/wp-content\/uploads\/2024\/03\/visions_of_hell2.jpg\" class=\"attachment-large size-large wp-image-6638\" alt=\"\" \/>\t\t\t\t\t\t\t\t\t\t\t\t\t\t\t<\/div>\n\t\t\t\t<\/div>\n\t\t\t\t\t<\/div>\n\t\t<\/div>\n\t\t\t\t<div class=\"elementor-column elementor-col-66 elementor-top-column elementor-element elementor-element-ad77690\" data-id=\"ad77690\" data-element_type=\"column\" data-e-type=\"column\">\n\t\t\t<div class=\"elementor-widget-wrap elementor-element-populated\">\n\t\t\t\t\t\t<div class=\"elementor-element elementor-element-117885f elementor-widget elementor-widget-text-editor\" data-id=\"117885f\" data-element_type=\"widget\" data-e-type=\"widget\" data-widget_type=\"text-editor.default\">\n\t\t\t\t<div class=\"elementor-widget-container\">\n\t\t\t\t\t\t\t\t\t<p><span style=\"font-family: var( --e-global-typography-18e5089-font-family ), Sans-serif;\"><span style=\"color: var( --e-global-color-text ); letter-spacing: var( --e-global-typography-18e5089-letter-spacing ); word-spacing: var( --e-global-typography-18e5089-word-spacing );\"><span style=\"font-weight: bold;\"><u>2- L<\/u><\/span><\/span><\/span><span style=\"font-weight: bold;\"><u><span style=\"font-family: var( --e-global-typography-18e5089-font-family ), Sans-serif;\">a conversi\u00f3n de los pecadores y la salvaci\u00f3n del mundo<\/span><\/u><\/span><\/p><p>\u00a0<\/p><p style=\"text-align: left;\">Notre Dame a accord\u00e9 une grande puissance \u00e0 la d\u00e9votion des 1ers samedis pour convertir les p\u00e9cheurs et emp\u00eacher, par son intercession, qu&#8217;ils aillent en enfer.<\/p><p>\u00a0<\/p><p style=\"text-align: left;\">Associ\u00e9 \u00e0 la cons\u00e9cration de la Russie, la d\u00e9votion des 1ers samedis permettra ainsi d&#8217;obtenir son triomphe et le salut du monde que l&#8217;on esp\u00e8re tant. Pour cela il faut:<\/p><p>\u00a0<\/p><p style=\"text-align: left;\"><span style=\"color: var( --e-global-color-text ); font-family: var( --e-global-typography-18e5089-font-family ), Sans-serif; font-size: var( --e-global-typography-18e5089-font-size ); letter-spacing: var( --e-global-typography-18e5089-letter-spacing ); word-spacing: var( --e-global-typography-18e5089-word-spacing );\">\u00a0&#8211; Qu&#8217;un plus grand nombre possible de fid\u00e8les r\u00e9alisent ces 1ers samedis avec une vrai foi<\/span><\/p><p style=\"text-align: left;\"><span style=\"font-family: var( --e-global-typography-18e5089-font-family ), Sans-serif;\">\u00a0- Entonces mereceremos un Papa que cumpla las peticiones de la Virgen,\u00a0<\/span>desencadenar<span style=\"font-family: var( --e-global-typography-18e5089-font-family ), Sans-serif;\">\u00a0son intervention miraculeuse et son triomphe comme Elle l&#8217;a promis.<\/span><\/p><p style=\"text-align: left;\"><span style=\"font-family: var( --e-global-typography-18e5089-font-family ), Sans-serif;\">\u00a0<\/span><\/p><p style=\"text-align: left;\"><span style=\"font-variant-ligatures: normal; orphans: 2; text-align: justify; widows: 2; text-decoration-thickness: initial; color: #6288c6;\"><span style=\"font-style: italic;\">\"Hab\u00e9is visto el Infierno, adonde van a parar las almas de los pobres pecadores. Para salvarlos, Dios quiere establecer en el m<\/span><span style=\"font-style: italic;\">en la devoci\u00f3n a mi Inmaculado Coraz\u00f3n. Si\u00a0<\/span><span style=\"font-style: italic;\">lo hacemos\u00a0<\/span><\/span><span style=\"font-style: italic; font-variant-ligatures: normal; orphans: 2; text-align: justify; widows: 2; text-decoration-thickness: initial;\"><span style=\"color: #6288c6;\">Voy a decirte que muchas almas se salvar\u00e1n y tendremos paz.<\/span>\u00a0\u00a0<\/span><span style=\"font-style: italic; font-variant-ligatures: normal; orphans: 2; text-align: justify; widows: 2; text-decoration-thickness: initial;\">Nuestra Se\u00f1ora en F\u00e1tima el 13 de julio de 1917<\/span><\/p>\t\t\t\t\t\t\t\t<\/div>\n\t\t\t\t<\/div>\n\t\t\t\t\t<\/div>\n\t\t<\/div>\n\t\t\t\t\t<\/div>\n\t\t<\/section>\n\t\t\t\t<section class=\"elementor-section elementor-top-section elementor-element elementor-element-b031198 elementor-section-boxed elementor-section-height-default elementor-section-height-default\" data-id=\"b031198\" data-element_type=\"section\" data-e-type=\"section\" data-settings=\"{&quot;background_background&quot;:&quot;classic&quot;}\">\n\t\t\t\t\t\t<div class=\"elementor-container elementor-column-gap-default\">\n\t\t\t\t\t<div class=\"elementor-column elementor-col-66 elementor-top-column elementor-element elementor-element-24ab1c7\" data-id=\"24ab1c7\" data-element_type=\"column\" data-e-type=\"column\">\n\t\t\t<div class=\"elementor-widget-wrap elementor-element-populated\">\n\t\t\t\t\t\t<div class=\"elementor-element elementor-element-f014843 elementor-widget elementor-widget-text-editor\" data-id=\"f014843\" data-element_type=\"widget\" data-e-type=\"widget\" data-widget_type=\"text-editor.default\">\n\t\t\t\t<div class=\"elementor-widget-container\">\n\t\t\t\t\t\t\t\t\t<p><b><u>3- Obtener nuestra propia salvaci\u00f3n al morir<\/u><\/b><\/p><p>Nuestra Se\u00f1ora es una Madre admirable. No contenta con proporcionarnos un medio tan sencillo para obtener la salvaci\u00f3n del mundo. <b>incre\u00edble regalo<\/b>:<\/p><p>Si hacemos <b>cinco veces seguidas el primer s\u00e1bado de cada mes<\/b> pidi\u00e9ndole la gracia de nuestra salvaci\u00f3n, nos promete <b>que nos ayude cuando muramos para que podamos ir al Cielo.<\/b><\/p><p><b>\u00a0<\/b><\/p><p style=\"font-variant-ligatures: normal; orphans: 2; widows: 2; background-color: #f6f4f5; text-decoration-thickness: initial;\"><span style=\"color: #6288c6;\"><i>\u00a0<\/i><\/span><\/p><p style=\"font-variant-ligatures: normal; orphans: 2; widows: 2; background-color: #f6f4f5; text-decoration-thickness: initial;\"><span style=\"color: #6288c6;\"><i>\"A todos aquellos que, durante 5 meses, el primer s\u00e1bado, se confiesen, comulguen, recen el rosario y me hagan compa\u00f1\u00eda durante quince minutos en los quince misterios del rosario, con esp\u00edritu de reparaci\u00f3n, les prometo<\/i><i>s<\/i><i>\u00a0para asistirles en la hora de la muerte con toda<\/i><i>s<\/i><i>\u00a0las gracias necesarias para la salvaci\u00f3n de sus almas.<\/i><\/span><\/p><p style=\"font-variant-ligatures: normal; orphans: 2; widows: 2; background-color: #f6f4f5; text-decoration-thickness: initial; text-align: right;\"><i>La Virgen Mar\u00eda, Pontevedra 10 de diciembre de 1925<\/i><\/p><p style=\"font-variant-ligatures: normal; orphans: 2; widows: 2; background-color: #f6f4f5; text-decoration-thickness: initial; text-align: right;\"><i>\u00a0<\/i><\/p>\t\t\t\t\t\t\t\t<\/div>\n\t\t\t\t<\/div>\n\t\t\t\t\t<\/div>\n\t\t<\/div>\n\t\t\t\t<div class=\"elementor-column elementor-col-33 elementor-top-column elementor-element elementor-element-06957b0\" data-id=\"06957b0\" data-element_type=\"column\" data-e-type=\"column\">\n\t\t\t<div class=\"elementor-widget-wrap elementor-element-populated\">\n\t\t\t\t\t\t<div class=\"elementor-element elementor-element-341a109 elementor-widget elementor-widget-image\" data-id=\"341a109\" data-element_type=\"widget\" data-e-type=\"widget\" data-widget_type=\"image.default\">\n\t\t\t\t<div class=\"elementor-widget-container\">\n\t\t\t\t\t\t\t\t\t\t\t\t\t\t\t<img loading=\"lazy\" decoding=\"async\" width=\"446\" height=\"400\" src=\"https:\/\/salve-corda.org\/wp-content\/uploads\/2024\/03\/SV.png\" class=\"attachment-large size-large wp-image-6616\" alt=\"\" srcset=\"https:\/\/salve-corda.org\/wp-content\/uploads\/2024\/03\/SV.png 446w, https:\/\/salve-corda.org\/wp-content\/uploads\/2024\/03\/SV-300x269.png 300w\" sizes=\"(max-width: 446px) 100vw, 446px\" \/>\t\t\t\t\t\t\t\t\t\t\t\t\t\t\t<\/div>\n\t\t\t\t<\/div>\n\t\t\t\t\t<\/div>\n\t\t<\/div>\n\t\t\t\t\t<\/div>\n\t\t<\/section>\n\t\t\t\t<section class=\"elementor-section elementor-top-section elementor-element elementor-element-3e45d3a5 elementor-section-boxed elementor-section-height-default elementor-section-height-default\" data-id=\"3e45d3a5\" data-element_type=\"section\" data-e-type=\"section\" data-settings=\"{&quot;background_background&quot;:&quot;classic&quot;}\">\n\t\t\t\t\t\t<div class=\"elementor-container elementor-column-gap-default\">\n\t\t\t\t\t<div class=\"elementor-column elementor-col-100 elementor-top-column elementor-element elementor-element-59e80019\" data-id=\"59e80019\" data-element_type=\"column\" data-e-type=\"column\">\n\t\t\t<div class=\"elementor-widget-wrap elementor-element-populated\">\n\t\t\t\t\t\t<div class=\"elementor-element elementor-element-49548d9 elementor-align-center elementor-widget elementor-widget-button\" data-id=\"49548d9\" data-element_type=\"widget\" data-e-type=\"widget\" data-widget_type=\"button.default\">\n\t\t\t\t<div class=\"elementor-widget-container\">\n\t\t\t\t\t\t\t\t\t<div class=\"elementor-button-wrapper\">\n\t\t\t\t\t<a class=\"elementor-button elementor-button-link elementor-size-sm\" href=\"https:\/\/salve-corda.org\/es\/contact\/\">\n\t\t\t\t\t\t<span class=\"elementor-button-content-wrapper\">\n\t\t\t\t\t\t\t\t\t<span class=\"elementor-button-text\">\u00danase o cree una \"Ciudad de los primeros s\u00e1bados de mes\".<\/span>\n\t\t\t\t\t<\/span>\n\t\t\t\t\t<\/a>\n\t\t\t\t<\/div>\n\t\t\t\t\t\t\t\t<\/div>\n\t\t\t\t<\/div>\n\t\t\t\t\t<\/div>\n\t\t<\/div>\n\t\t\t\t\t<\/div>\n\t\t<\/section>\n\t\t\t\t<section class=\"elementor-section elementor-top-section elementor-element elementor-element-f9d4e01 elementor-section-boxed elementor-section-height-default elementor-section-height-default\" data-id=\"f9d4e01\" data-element_type=\"section\" data-e-type=\"section\">\n\t\t\t\t\t\t<div class=\"elementor-container elementor-column-gap-default\">\n\t\t\t\t\t<div class=\"elementor-column elementor-col-100 elementor-top-column elementor-element elementor-element-11e9e0d\" data-id=\"11e9e0d\" data-element_type=\"column\" data-e-type=\"column\">\n\t\t\t<div class=\"elementor-widget-wrap elementor-element-populated\">\n\t\t\t\t\t\t<div class=\"elementor-element elementor-element-f538397 elementor-widget elementor-widget-video\" data-id=\"f538397\" data-element_type=\"widget\" data-e-type=\"widget\" data-settings=\"{&quot;video_type&quot;:&quot;hosted&quot;,&quot;controls&quot;:&quot;yes&quot;}\" data-widget_type=\"video.default\">\n\t\t\t\t<div class=\"elementor-widget-container\">\n\t\t\t\t\t\t\t<div class=\"e-hosted-video elementor-wrapper elementor-open-inline\">\n\t\t\t\t\t<video class=\"elementor-video\" src=\"https:\/\/salve-corda.org\/wp-content\/uploads\/2024\/11\/1er-samedi-Petite.mov\" controls=\"\" preload=\"metadata\" controlslist=\"nodownload\"><\/video>\n\t\t\t\t<\/div>\n\t\t\t\t\t\t<\/div>\n\t\t\t\t<\/div>\n\t\t\t\t\t<\/div>\n\t\t<\/div>\n\t\t\t\t\t<\/div>\n\t\t<\/section>\n\t\t\t\t<\/div>","protected":false},"excerpt":{"rendered":"<p>los \"primeros s\u00e1bados de mes\" \"La paz o la guerra en el mundo dependen de la pr\u00e1ctica de esta devoci\u00f3n, junto con la consagraci\u00f3n al Coraz\u00f3n Inmaculado de Mar\u00eda (...) Esto significa [...].<\/p>","protected":false},"author":2,"featured_media":0,"parent":0,"menu_order":0,"comment_status":"closed","ping_status":"closed","template":"elementor_header_footer","meta":{"footnotes":""},"class_list":["post-3120","page","type-page","status-publish","hentry"],"_links":{"self":[{"href":"https:\/\/salve-corda.org\/es\/wp-json\/wp\/v2\/pages\/3120","targetHints":{"allow":["GET"]}}],"collection":[{"href":"https:\/\/salve-corda.org\/es\/wp-json\/wp\/v2\/pages"}],"about":[{"href":"https:\/\/salve-corda.org\/es\/wp-json\/wp\/v2\/types\/page"}],"author":[{"embeddable":true,"href":"https:\/\/salve-corda.org\/es\/wp-json\/wp\/v2\/users\/2"}],"replies":[{"embeddable":true,"href":"https:\/\/salve-corda.org\/es\/wp-json\/wp\/v2\/comments?post=3120"}],"version-history":[{"count":288,"href":"https:\/\/salve-corda.org\/es\/wp-json\/wp\/v2\/pages\/3120\/revisions"}],"predecessor-version":[{"id":20879,"href":"https:\/\/salve-corda.org\/es\/wp-json\/wp\/v2\/pages\/3120\/revisions\/20879"}],"wp:attachment":[{"href":"https:\/\/salve-corda.org\/es\/wp-json\/wp\/v2\/media?parent=3120"}],"curies":[{"name":"wp","href":"https:\/\/api.w.org\/{rel}","templated":true}]}}