{"id":3130,"date":"2021-09-29T19:21:39","date_gmt":"2021-09-29T17:21:39","guid":{"rendered":"https:\/\/salve-corda.org\/?page_id=3130"},"modified":"2022-02-20T15:17:53","modified_gmt":"2022-02-20T14:17:53","slug":"pourquoi-est-ce-urgent","status":"publish","type":"page","link":"https:\/\/salve-corda.org\/es\/pourquoi-est-ce-urgent\/","title":{"rendered":"Pourquoi il n&#8217;est pas trop tard"},"content":{"rendered":"<div data-elementor-type=\"wp-page\" data-elementor-id=\"3130\" class=\"elementor elementor-3130\">\n\t\t\t\t\t\t<section class=\"elementor-section elementor-top-section elementor-element elementor-element-5730ebb4 elementor-section-boxed elementor-section-height-default elementor-section-height-default\" data-id=\"5730ebb4\" data-element_type=\"section\" data-e-type=\"section\">\n\t\t\t\t\t\t<div class=\"elementor-container elementor-column-gap-default\">\n\t\t\t\t\t<div class=\"elementor-column elementor-col-100 elementor-top-column elementor-element elementor-element-54781900\" data-id=\"54781900\" data-element_type=\"column\" data-e-type=\"column\">\n\t\t\t<div class=\"elementor-widget-wrap\">\n\t\t\t\t\t\t\t<\/div>\n\t\t<\/div>\n\t\t\t\t\t<\/div>\n\t\t<\/section>\n\t\t\t\t<section class=\"elementor-section elementor-top-section elementor-element elementor-element-2910bc0c elementor-section-boxed elementor-section-height-default elementor-section-height-default\" data-id=\"2910bc0c\" data-element_type=\"section\" data-e-type=\"section\">\n\t\t\t\t\t\t<div class=\"elementor-container elementor-column-gap-default\">\n\t\t\t\t\t<div class=\"elementor-column elementor-col-100 elementor-top-column elementor-element elementor-element-58c23d30\" data-id=\"58c23d30\" data-element_type=\"column\" data-e-type=\"column\">\n\t\t\t<div class=\"elementor-widget-wrap elementor-element-populated\">\n\t\t\t\t\t\t<div class=\"elementor-element elementor-element-f690ce2 elementor-widget elementor-widget-spacer\" data-id=\"f690ce2\" data-element_type=\"widget\" data-e-type=\"widget\" data-widget_type=\"spacer.default\">\n\t\t\t\t<div class=\"elementor-widget-container\">\n\t\t\t\t\t\t\t<div class=\"elementor-spacer\">\n\t\t\t<div class=\"elementor-spacer-inner\"><\/div>\n\t\t<\/div>\n\t\t\t\t\t\t<\/div>\n\t\t\t\t<\/div>\n\t\t\t\t<div class=\"elementor-element elementor-element-68f476f elementor-widget elementor-widget-heading\" data-id=\"68f476f\" data-element_type=\"widget\" data-e-type=\"widget\" data-widget_type=\"heading.default\">\n\t\t\t\t<div class=\"elementor-widget-container\">\n\t\t\t\t\t<h2 class=\"elementor-heading-title elementor-size-default\">\u00bfPor qu\u00e9 no es demasiado tarde? <\/h2>\t\t\t\t<\/div>\n\t\t\t\t<\/div>\n\t\t\t\t\t<\/div>\n\t\t<\/div>\n\t\t\t\t\t<\/div>\n\t\t<\/section>\n\t\t\t\t<section class=\"elementor-section elementor-top-section elementor-element elementor-element-dc29249 elementor-section-boxed elementor-section-height-default elementor-section-height-default\" data-id=\"dc29249\" data-element_type=\"section\" data-e-type=\"section\">\n\t\t\t\t\t\t<div class=\"elementor-container elementor-column-gap-default\">\n\t\t\t\t\t<div class=\"elementor-column elementor-col-50 elementor-top-column elementor-element elementor-element-fd4d292\" data-id=\"fd4d292\" data-element_type=\"column\" data-e-type=\"column\">\n\t\t\t<div class=\"elementor-widget-wrap elementor-element-populated\">\n\t\t\t\t\t\t<div class=\"elementor-element elementor-element-b577610 elementor-widget elementor-widget-heading\" data-id=\"b577610\" data-element_type=\"widget\" data-e-type=\"widget\" data-widget_type=\"heading.default\">\n\t\t\t\t<div class=\"elementor-widget-container\">\n\t\t\t\t\t<h3 class=\"elementor-heading-title elementor-size-default\">Un primer rechazo de los hombres con graves consecuencias<\/h3>\t\t\t\t<\/div>\n\t\t\t\t<\/div>\n\t\t\t\t<div class=\"elementor-element elementor-element-8be4e78 elementor-widget elementor-widget-text-editor\" data-id=\"8be4e78\" data-element_type=\"widget\" data-e-type=\"widget\" data-widget_type=\"text-editor.default\">\n\t\t\t\t<div class=\"elementor-widget-container\">\n\t\t\t\t\t\t\t\t\t<p>Para preservar la paz y el orden social, el Sagrado Coraz\u00f3n se hab\u00eda aparecido en Paray-le-Monial y hab\u00eda hecho las siguientes peticiones <b>a los fieles y al Rey <\/b>(1673 - 1689). No se siguieron y <b>cien a\u00f1os despu\u00e9s, hasta el d\u00eda de hoy,<\/b> le pouvoir royal \u00e9tait renvers\u00e9 par la sanglante r\u00e9volution fran\u00e7aise. Un si\u00e8cle plus tard, les plus grandes guerres de l&#8217;histoire commen\u00e7aient et Dieu dans Sa Mis\u00e9ricorde, nous a alors envoy\u00e9 un deuxi\u00e8me moyen pour r\u00e9tablir la paix : Sa M\u00e8re.<\/p><p><span style=\"color: var( --e-global-color-text ); font-family: var( --e-global-typography-18e5089-font-family ), Sans-serif; font-size: var( --e-global-typography-18e5089-font-size ); font-weight: var( --e-global-typography-18e5089-font-weight ); letter-spacing: var( --e-global-typography-18e5089-letter-spacing );\">\u00a0<\/span><\/p><p><span style=\"color: var( --e-global-color-text ); font-family: var( --e-global-typography-18e5089-font-family ), Sans-serif; font-size: var( --e-global-typography-18e5089-font-size ); font-weight: var( --e-global-typography-18e5089-font-weight ); letter-spacing: var( --e-global-typography-18e5089-letter-spacing );\">La Virgen se apareci\u00f3 en F\u00e1tima e hizo nuevas peticiones <\/span><b style=\"color: var( --e-global-color-text ); font-family: var( --e-global-typography-18e5089-font-family ), Sans-serif; font-size: var( --e-global-typography-18e5089-font-size ); letter-spacing: var( --e-global-typography-18e5089-letter-spacing );\">a los fieles y al Papa <\/b><span style=\"color: var( --e-global-color-text ); font-family: var( --e-global-typography-18e5089-font-family ), Sans-serif; font-size: var( --e-global-typography-18e5089-font-size ); letter-spacing: var( --e-global-typography-18e5089-letter-spacing );\">(1917 &#8211; 1929)<\/span><span style=\"color: var( --e-global-color-text ); font-family: var( --e-global-typography-18e5089-font-family ), Sans-serif; font-size: var( --e-global-typography-18e5089-font-size ); font-weight: var( --e-global-typography-18e5089-font-weight ); letter-spacing: var( --e-global-typography-18e5089-letter-spacing );\">. Una vez m\u00e1s, estas peticiones no fueron atendidas y, ante este segundo caso de desobediencia, Cristo y la Sant\u00edsima Virgen se aparecieron dos veces en 1931 a Sor Luc\u00eda (la vidente de F\u00e1tima) para\u00a0<\/span><b style=\"color: var( --e-global-color-text ); font-family: var( --e-global-typography-18e5089-font-family ), Sans-serif; font-size: var( --e-global-typography-18e5089-font-size ); letter-spacing: var( --e-global-typography-18e5089-letter-spacing );\">advertir a la Iglesia.<\/b><\/p>\t\t\t\t\t\t\t\t<\/div>\n\t\t\t\t<\/div>\n\t\t\t\t\t<\/div>\n\t\t<\/div>\n\t\t\t\t<div class=\"elementor-column elementor-col-50 elementor-top-column elementor-element elementor-element-18571c7\" data-id=\"18571c7\" data-element_type=\"column\" data-e-type=\"column\">\n\t\t\t<div class=\"elementor-widget-wrap elementor-element-populated\">\n\t\t\t\t\t\t<div class=\"elementor-element elementor-element-75daa95 elementor-widget elementor-widget-image\" data-id=\"75daa95\" data-element_type=\"widget\" data-e-type=\"widget\" data-widget_type=\"image.default\">\n\t\t\t\t<div class=\"elementor-widget-container\">\n\t\t\t\t\t\t\t\t\t\t\t\t\t\t\t<img fetchpriority=\"high\" decoding=\"async\" width=\"445\" height=\"343\" src=\"https:\/\/salve-corda.org\/wp-content\/uploads\/2020\/09\/Image9.jpg\" class=\"attachment-large size-large wp-image-276\" alt=\"\" srcset=\"https:\/\/salve-corda.org\/wp-content\/uploads\/2020\/09\/Image9.jpg 445w, https:\/\/salve-corda.org\/wp-content\/uploads\/2020\/09\/Image9-300x231.jpg 300w\" sizes=\"(max-width: 445px) 100vw, 445px\" \/>\t\t\t\t\t\t\t\t\t\t\t\t\t\t\t<\/div>\n\t\t\t\t<\/div>\n\t\t\t\t\t<\/div>\n\t\t<\/div>\n\t\t\t\t\t<\/div>\n\t\t<\/section>\n\t\t\t\t<section class=\"elementor-section elementor-top-section elementor-element elementor-element-80955ef elementor-section-boxed elementor-section-height-default elementor-section-height-default\" data-id=\"80955ef\" data-element_type=\"section\" data-e-type=\"section\">\n\t\t\t\t\t\t<div class=\"elementor-container elementor-column-gap-default\">\n\t\t\t\t\t<div class=\"elementor-column elementor-col-100 elementor-top-column elementor-element elementor-element-3d623e9\" data-id=\"3d623e9\" data-element_type=\"column\" data-e-type=\"column\">\n\t\t\t<div class=\"elementor-widget-wrap elementor-element-populated\">\n\t\t\t\t\t\t<div class=\"elementor-element elementor-element-b86babd elementor-widget elementor-widget-text-editor\" data-id=\"b86babd\" data-element_type=\"widget\" data-e-type=\"widget\" data-widget_type=\"text-editor.default\">\n\t\t\t\t<div class=\"elementor-widget-container\">\n\t\t\t\t\t\t\t\t\t<p style=\"text-align: left;\"><i><span style=\"color: #6288c6;\">\"Que sepan mis ministros que, puesto que siguen el ejemplo del rey de Francia al retrasar la ejecuci\u00f3n de mi petici\u00f3n, le seguir\u00e1n en la desgracia. <\/span><\/i>Cristo a Sor Luc\u00eda, 29 de agosto de 1931<\/p><p>\u00a0<\/p><p style=\"text-align: left;\"><span style=\"font-family: var( --e-global-typography-18e5089-font-family ), Sans-serif; font-size: var( --e-global-typography-18e5089-font-size ); font-weight: var( --e-global-typography-18e5089-font-weight ); letter-spacing: var( --e-global-typography-18e5089-letter-spacing ); text-align: center; color: #6288c6;\"><i>\"No escucharon mi petici\u00f3n. Como el Rey de Francia, se arrepentir\u00e1n\". <br \/><\/i><\/span><span style=\"color: var( --e-global-color-text ); font-family: var( --e-global-typography-18e5089-font-family ), Sans-serif; font-size: var( --e-global-typography-18e5089-font-size ); font-weight: var( --e-global-typography-18e5089-font-weight ); letter-spacing: var( --e-global-typography-18e5089-letter-spacing ); text-align: center;\">Nuestra Se\u00f1ora a Sor Luc\u00eda, 1931<\/span><\/p>\t\t\t\t\t\t\t\t<\/div>\n\t\t\t\t<\/div>\n\t\t\t\t\t<\/div>\n\t\t<\/div>\n\t\t\t\t\t<\/div>\n\t\t<\/section>\n\t\t\t\t<section class=\"elementor-section elementor-top-section elementor-element elementor-element-04b5295 elementor-section-boxed elementor-section-height-default elementor-section-height-default\" data-id=\"04b5295\" data-element_type=\"section\" data-e-type=\"section\" data-settings=\"{&quot;background_background&quot;:&quot;classic&quot;}\">\n\t\t\t\t\t\t<div class=\"elementor-container elementor-column-gap-default\">\n\t\t\t\t\t<div class=\"elementor-column elementor-col-100 elementor-top-column elementor-element elementor-element-6f3dfb2\" data-id=\"6f3dfb2\" data-element_type=\"column\" data-e-type=\"column\">\n\t\t\t<div class=\"elementor-widget-wrap elementor-element-populated\">\n\t\t\t\t\t\t<div class=\"elementor-element elementor-element-cfbb3ed elementor-widget elementor-widget-heading\" data-id=\"cfbb3ed\" data-element_type=\"widget\" data-e-type=\"widget\" data-widget_type=\"heading.default\">\n\t\t\t\t<div class=\"elementor-widget-container\">\n\t\t\t\t\t<h3 class=\"elementor-heading-title elementor-size-default\">Sigue las peticiones de F\u00e1tima antes de 2029\n<\/h3>\t\t\t\t<\/div>\n\t\t\t\t<\/div>\n\t\t\t\t\t<\/div>\n\t\t<\/div>\n\t\t\t\t\t<\/div>\n\t\t<\/section>\n\t\t\t\t<section class=\"elementor-section elementor-top-section elementor-element elementor-element-32109fb elementor-section-boxed elementor-section-height-default elementor-section-height-default\" data-id=\"32109fb\" data-element_type=\"section\" data-e-type=\"section\" data-settings=\"{&quot;background_background&quot;:&quot;classic&quot;}\">\n\t\t\t\t\t\t<div class=\"elementor-container elementor-column-gap-default\">\n\t\t\t\t\t<div class=\"elementor-column elementor-col-50 elementor-top-column elementor-element elementor-element-5d15614\" data-id=\"5d15614\" data-element_type=\"column\" data-e-type=\"column\">\n\t\t\t<div class=\"elementor-widget-wrap elementor-element-populated\">\n\t\t\t\t\t\t<div class=\"elementor-element elementor-element-3494561 elementor-widget elementor-widget-image\" data-id=\"3494561\" data-element_type=\"widget\" data-e-type=\"widget\" data-widget_type=\"image.default\">\n\t\t\t\t<div class=\"elementor-widget-container\">\n\t\t\t\t\t\t\t\t\t\t\t\t\t\t\t<img decoding=\"async\" width=\"441\" height=\"280\" src=\"https:\/\/salve-corda.org\/wp-content\/uploads\/2020\/09\/Image10.jpg\" class=\"attachment-large size-large wp-image-277\" alt=\"\" srcset=\"https:\/\/salve-corda.org\/wp-content\/uploads\/2020\/09\/Image10.jpg 441w, https:\/\/salve-corda.org\/wp-content\/uploads\/2020\/09\/Image10-300x190.jpg 300w\" sizes=\"(max-width: 441px) 100vw, 441px\" \/>\t\t\t\t\t\t\t\t\t\t\t\t\t\t\t<\/div>\n\t\t\t\t<\/div>\n\t\t\t\t\t<\/div>\n\t\t<\/div>\n\t\t\t\t<div class=\"elementor-column elementor-col-50 elementor-top-column elementor-element elementor-element-ebcb750\" data-id=\"ebcb750\" data-element_type=\"column\" data-e-type=\"column\">\n\t\t\t<div class=\"elementor-widget-wrap elementor-element-populated\">\n\t\t\t\t\t\t<div class=\"elementor-element elementor-element-b9ab99a elementor-widget elementor-widget-text-editor\" data-id=\"b9ab99a\" data-element_type=\"widget\" data-e-type=\"widget\" data-widget_type=\"text-editor.default\">\n\t\t\t\t<div class=\"elementor-widget-container\">\n\t\t\t\t\t\t\t\t\t<p>Este doble <b>advertencia<\/b>\u00a0establece una similitud entre rechazar las peticiones del Sagrado Coraz\u00f3n y rechazar las peticiones del Inmaculado Coraz\u00f3n de Mar\u00eda.\u00a0 <span style=\"color: var( --e-global-color-text ); font-family: var( --e-global-typography-18e5089-font-family ), Sans-serif; font-size: var( --e-global-typography-18e5089-font-size ); font-weight: var( --e-global-typography-18e5089-font-weight ); letter-spacing: var( --e-global-typography-18e5089-letter-spacing ); background-color: var( --e-global-color-f890547 );\">Muestra claramente que si no llevamos a cabo las peticiones hechas por la Sant\u00edsima Virgen en F\u00e1tima, la situaci\u00f3n en el mundo podr\u00eda llegar a ser terrible.<\/span><\/p><p>\u00a0<\/p><p>Ahora bien, la \u00faltima petici\u00f3n de la Sant\u00edsima Virgen se hizo el 13 de junio<b>\u00a01929,<\/b>\u00a0el per\u00edodo de 100 a\u00f1os finalizar\u00e1 el 13 de junio <b>2029<\/b>. Il est\u00a0 donc urgent d\u2019agir pour permettre \u00e0 la Sainte Vierge d&#8217;intervenir comme elle l&#8217;a promis.\u00a0<span style=\"color: var( --e-global-color-text ); font-family: var( --e-global-typography-18e5089-font-family ), Sans-serif; font-size: var( --e-global-typography-18e5089-font-size ); font-weight: var( --e-global-typography-18e5089-font-weight ); letter-spacing: var( --e-global-typography-18e5089-letter-spacing ); background-color: var( --e-global-color-f890547 );\">Cuanto m\u00e1s esperemos, m\u00e1s se agravar\u00e1 la situaci\u00f3n.<\/span><span style=\"color: var( --e-global-color-text ); font-family: var( --e-global-typography-18e5089-font-family ), Sans-serif; font-size: var( --e-global-typography-18e5089-font-size ); font-weight: var( --e-global-typography-18e5089-font-weight ); letter-spacing: var( --e-global-typography-18e5089-letter-spacing ); background-color: var( --e-global-color-f890547 );\">\u00a0<\/span><span style=\"font-family: var( --e-global-typography-18e5089-font-family ), Sans-serif; font-size: var( --e-global-typography-18e5089-font-size ); font-weight: var( --e-global-typography-18e5089-font-weight ); letter-spacing: var( --e-global-typography-18e5089-letter-spacing ); background-color: var( --e-global-color-f890547 ); color: #6288c6;\"><i><span style=\"font-weight: bold;\">&#8220;horrible, horrible&#8221;<\/span><\/i><\/span><span style=\"color: var( --e-global-color-text ); font-family: var( --e-global-typography-18e5089-font-family ), Sans-serif; font-size: var( --e-global-typography-18e5089-font-size ); font-weight: var( --e-global-typography-18e5089-font-weight ); letter-spacing: var( --e-global-typography-18e5089-letter-spacing ); background-color: var( --e-global-color-f890547 );\">\u00a0<\/span><span style=\"color: var( --e-global-color-text ); font-family: var( --e-global-typography-18e5089-font-family ), Sans-serif; font-size: var( --e-global-typography-18e5089-font-size ); font-weight: var( --e-global-typography-18e5089-font-weight ); letter-spacing: var( --e-global-typography-18e5089-letter-spacing ); background-color: var( --e-global-color-f890547 );\">para usar las palabras exactas de la Hermana Luc\u00eda. As\u00ed que todo es posible si no nos demoramos.<\/span><\/p>\t\t\t\t\t\t\t\t<\/div>\n\t\t\t\t<\/div>\n\t\t\t\t\t<\/div>\n\t\t<\/div>\n\t\t\t\t\t<\/div>\n\t\t<\/section>\n\t\t\t\t<section class=\"elementor-section elementor-top-section elementor-element elementor-element-1f1c117 elementor-section-boxed elementor-section-height-default elementor-section-height-default\" data-id=\"1f1c117\" data-element_type=\"section\" data-e-type=\"section\" data-settings=\"{&quot;background_background&quot;:&quot;classic&quot;}\">\n\t\t\t\t\t\t<div class=\"elementor-container elementor-column-gap-default\">\n\t\t\t\t\t<div class=\"elementor-column elementor-col-100 elementor-top-column elementor-element elementor-element-a4555cb\" data-id=\"a4555cb\" data-element_type=\"column\" data-e-type=\"column\">\n\t\t\t<div class=\"elementor-widget-wrap elementor-element-populated\">\n\t\t\t\t\t\t<div class=\"elementor-element elementor-element-2f713f5 elementor-widget elementor-widget-text-editor\" data-id=\"2f713f5\" data-element_type=\"widget\" data-e-type=\"widget\" data-widget_type=\"text-editor.default\">\n\t\t\t\t<div class=\"elementor-widget-container\">\n\t\t\t\t\t\t\t\t\t<p style=\"text-align: left;\"><i>&nbsp;<\/i><span style=\"color: #6288c6;\"><i>\"Nunca es tarde para recurrir a los Corazones de Jes\u00fas y de Mar\u00eda\". <\/i><\/span>Jacinta (vidente de F\u00e1tima)<\/p>\n<p><i>&nbsp;<\/i><\/p>\n<p style=\"text-align: left;\"><span style=\"color: #6288c6;\"><i>\"Al final, mi Coraz\u00f3n Inmaculado triunfar\u00e1. <\/i><b><i>El Santo Padre me consagrar\u00e1 Rusia <\/i><\/b><i>y el mundo tendr\u00e1 un cierto tiempo de paz.&nbsp;<\/i><\/span><\/p><p style=\"text-align: left;\">Nuestra Se\u00f1ora en F\u00e1tima, 23 de octubre de 1917<\/p>\t\t\t\t\t\t\t\t<\/div>\n\t\t\t\t<\/div>\n\t\t\t\t\t<\/div>\n\t\t<\/div>\n\t\t\t\t\t<\/div>\n\t\t<\/section>\n\t\t\t\t<\/div>","protected":false},"excerpt":{"rendered":"<p>Pourquoi il n&#8217;est pas trop tard ? UN premier refus des hommes lourd de cons\u00e9quences Pour pr\u00e9server la paix et l\u2019ordre social, le Sacr\u00e9-C\u0153ur \u00e9tait apparu \u00e0 Paray-le-Monial et avait fait des demandes [&hellip;]<\/p>","protected":false},"author":2,"featured_media":0,"parent":0,"menu_order":0,"comment_status":"closed","ping_status":"closed","template":"elementor_header_footer","meta":{"footnotes":""},"class_list":["post-3130","page","type-page","status-publish","hentry"],"_links":{"self":[{"href":"https:\/\/salve-corda.org\/es\/wp-json\/wp\/v2\/pages\/3130","targetHints":{"allow":["GET"]}}],"collection":[{"href":"https:\/\/salve-corda.org\/es\/wp-json\/wp\/v2\/pages"}],"about":[{"href":"https:\/\/salve-corda.org\/es\/wp-json\/wp\/v2\/types\/page"}],"author":[{"embeddable":true,"href":"https:\/\/salve-corda.org\/es\/wp-json\/wp\/v2\/users\/2"}],"replies":[{"embeddable":true,"href":"https:\/\/salve-corda.org\/es\/wp-json\/wp\/v2\/comments?post=3130"}],"version-history":[{"count":81,"href":"https:\/\/salve-corda.org\/es\/wp-json\/wp\/v2\/pages\/3130\/revisions"}],"predecessor-version":[{"id":4726,"href":"https:\/\/salve-corda.org\/es\/wp-json\/wp\/v2\/pages\/3130\/revisions\/4726"}],"wp:attachment":[{"href":"https:\/\/salve-corda.org\/es\/wp-json\/wp\/v2\/media?parent=3130"}],"curies":[{"name":"wp","href":"https:\/\/api.w.org\/{rel}","templated":true}]}}