{"id":433,"date":"2020-09-25T14:39:14","date_gmt":"2020-09-25T12:39:14","guid":{"rendered":"https:\/\/salve-corda.org\/?page_id=433"},"modified":"2022-03-23T12:00:46","modified_gmt":"2022-03-23T11:00:46","slug":"a-quoi-sert-une-devotion","status":"publish","type":"page","link":"https:\/\/salve-corda.org\/es\/a-quoi-sert-une-devotion\/","title":{"rendered":"\u00bfQu\u00e9 sentido tiene la devoci\u00f3n?"},"content":{"rendered":"<div data-elementor-type=\"wp-page\" data-elementor-id=\"433\" class=\"elementor elementor-433\">\n\t\t\t\t\t\t<section class=\"elementor-section elementor-top-section elementor-element elementor-element-83c7fda elementor-section-boxed elementor-section-height-default elementor-section-height-default\" data-id=\"83c7fda\" data-element_type=\"section\" data-e-type=\"section\">\n\t\t\t\t\t\t<div class=\"elementor-container elementor-column-gap-default\">\n\t\t\t\t\t<div class=\"elementor-column elementor-col-100 elementor-top-column elementor-element elementor-element-7a32355\" data-id=\"7a32355\" data-element_type=\"column\" data-e-type=\"column\">\n\t\t\t<div class=\"elementor-widget-wrap\">\n\t\t\t\t\t\t\t<\/div>\n\t\t<\/div>\n\t\t\t\t\t<\/div>\n\t\t<\/section>\n\t\t\t\t<section class=\"elementor-section elementor-top-section elementor-element elementor-element-201ae7a elementor-section-boxed elementor-section-height-default elementor-section-height-default\" data-id=\"201ae7a\" data-element_type=\"section\" data-e-type=\"section\">\n\t\t\t\t\t\t<div class=\"elementor-container elementor-column-gap-default\">\n\t\t\t\t\t<div class=\"elementor-column elementor-col-100 elementor-top-column elementor-element elementor-element-e4b8441\" data-id=\"e4b8441\" data-element_type=\"column\" data-e-type=\"column\">\n\t\t\t<div class=\"elementor-widget-wrap\">\n\t\t\t\t\t\t\t<\/div>\n\t\t<\/div>\n\t\t\t\t\t<\/div>\n\t\t<\/section>\n\t\t\t\t<section class=\"elementor-section elementor-top-section elementor-element elementor-element-51f6c52 elementor-section-boxed elementor-section-height-default elementor-section-height-default\" data-id=\"51f6c52\" data-element_type=\"section\" data-e-type=\"section\">\n\t\t\t\t\t\t<div class=\"elementor-container elementor-column-gap-default\">\n\t\t\t\t\t<div class=\"elementor-column elementor-col-100 elementor-top-column elementor-element elementor-element-075e011\" data-id=\"075e011\" data-element_type=\"column\" data-e-type=\"column\">\n\t\t\t<div class=\"elementor-widget-wrap elementor-element-populated\">\n\t\t\t\t\t\t<div class=\"elementor-element elementor-element-a0df823 elementor-widget elementor-widget-spacer\" data-id=\"a0df823\" data-element_type=\"widget\" data-e-type=\"widget\" data-widget_type=\"spacer.default\">\n\t\t\t\t<div class=\"elementor-widget-container\">\n\t\t\t\t\t\t\t<div class=\"elementor-spacer\">\n\t\t\t<div class=\"elementor-spacer-inner\"><\/div>\n\t\t<\/div>\n\t\t\t\t\t\t<\/div>\n\t\t\t\t<\/div>\n\t\t\t\t<div class=\"elementor-element elementor-element-2c0294f elementor-widget elementor-widget-heading\" data-id=\"2c0294f\" data-element_type=\"widget\" data-e-type=\"widget\" data-widget_type=\"heading.default\">\n\t\t\t\t<div class=\"elementor-widget-container\">\n\t\t\t\t\t<h2 class=\"elementor-heading-title elementor-size-default\">\u00bfQu\u00e9 sentido tiene la devoci\u00f3n? \n<\/h2>\t\t\t\t<\/div>\n\t\t\t\t<\/div>\n\t\t\t\t\t<\/div>\n\t\t<\/div>\n\t\t\t\t\t<\/div>\n\t\t<\/section>\n\t\t\t\t<section class=\"elementor-section elementor-top-section elementor-element elementor-element-f9be58f elementor-section-boxed elementor-section-height-default elementor-section-height-default\" data-id=\"f9be58f\" data-element_type=\"section\" data-e-type=\"section\">\n\t\t\t\t\t\t<div class=\"elementor-container elementor-column-gap-default\">\n\t\t\t\t\t<div class=\"elementor-column elementor-col-50 elementor-top-column elementor-element elementor-element-86ca872\" data-id=\"86ca872\" data-element_type=\"column\" data-e-type=\"column\">\n\t\t\t<div class=\"elementor-widget-wrap elementor-element-populated\">\n\t\t\t\t\t\t<div class=\"elementor-element elementor-element-57fbba5 elementor-widget elementor-widget-text-editor\" data-id=\"57fbba5\" data-element_type=\"widget\" data-e-type=\"widget\" data-widget_type=\"text-editor.default\">\n\t\t\t\t<div class=\"elementor-widget-container\">\n\t\t\t\t\t\t\t\t\t<p>Para comprender el importante papel espiritual de las devociones, tenemos que volver a la pregunta fundamental: \u00bfpor qu\u00e9 estamos aqu\u00ed en la Tierra? Para alabar, amar y servir a Dios con toda nuestra alma, todas nuestras fuerzas y toda nuestra mente. Pero esto no es algo f\u00e1cil de hacer (\u00a1especialmente hoy!) porque la <strong>dimensi\u00f3n infinita de Dios<\/strong> lo aleja de nosotros, que somos seres finitos.<\/p><p>\u00a0<\/p><p>Para facilitar este v\u00ednculo necesario con Dios, existe una <strong>\"intermedio \"cuerpo<\/strong> entre \u00c9l y nosotros: los Santos, los \u00c1ngeles, la Sant\u00edsima Virgen y, por \u00faltimo, Cristo mismo, Dios hecho hombre. Gracias a su cercan\u00eda a nuestro estado, nos permiten dar un paso m\u00e1s hacia Dios.<\/p><p>\u00a0<\/p><p>Las devociones son <strong>apegos del coraz\u00f3n<\/strong> a las personas de este \"cuerpo\" intermedio. A trav\u00e9s de su ejemplo, el apego que tenemos nos gu\u00eda, facilita nuestra oraci\u00f3n y nos ayuda a progresar hacia el amor de Dios. Por eso son tan importantes estas devociones.<\/p><p>\u00a0<\/p><p>La inmensa riqueza de este \"cuerpo intermedio\" hace que existan multitud de devociones <strong>para todos los gustos<\/strong> que son espiritualmente \u00fanicas. Pero entre todas estas devociones personales y particulares, hay una que es <strong>general a todos los fieles, superior a todos los dem\u00e1s<\/strong>devoci\u00f3n a los Corazones de Jes\u00fas y de Mar\u00eda.<\/p>\t\t\t\t\t\t\t\t<\/div>\n\t\t\t\t<\/div>\n\t\t\t\t\t<\/div>\n\t\t<\/div>\n\t\t\t\t<div class=\"elementor-column elementor-col-50 elementor-top-column elementor-element elementor-element-28adc5e\" data-id=\"28adc5e\" data-element_type=\"column\" data-e-type=\"column\">\n\t\t\t<div class=\"elementor-widget-wrap elementor-element-populated\">\n\t\t\t\t\t\t<div class=\"elementor-element elementor-element-f370d45 elementor-widget elementor-widget-image\" data-id=\"f370d45\" data-element_type=\"widget\" data-e-type=\"widget\" data-widget_type=\"image.default\">\n\t\t\t\t<div class=\"elementor-widget-container\">\n\t\t\t\t\t\t\t\t\t\t\t\t\t\t\t<img fetchpriority=\"high\" decoding=\"async\" width=\"506\" height=\"467\" src=\"https:\/\/salve-corda.org\/wp-content\/uploads\/2022\/03\/840_medias_photos_maritima-info_00EURIA_all-saints2.jpg\" class=\"attachment-large size-large wp-image-4999\" alt=\"\" srcset=\"https:\/\/salve-corda.org\/wp-content\/uploads\/2022\/03\/840_medias_photos_maritima-info_00EURIA_all-saints2.jpg 506w, https:\/\/salve-corda.org\/wp-content\/uploads\/2022\/03\/840_medias_photos_maritima-info_00EURIA_all-saints2-300x277.jpg 300w\" sizes=\"(max-width: 506px) 100vw, 506px\" \/>\t\t\t\t\t\t\t\t\t\t\t\t\t\t\t<\/div>\n\t\t\t\t<\/div>\n\t\t\t\t\t<\/div>\n\t\t<\/div>\n\t\t\t\t\t<\/div>\n\t\t<\/section>\n\t\t\t\t<section class=\"elementor-section elementor-top-section elementor-element elementor-element-8af6723 elementor-section-boxed elementor-section-height-default elementor-section-height-default\" data-id=\"8af6723\" data-element_type=\"section\" data-e-type=\"section\">\n\t\t\t\t\t\t<div class=\"elementor-container elementor-column-gap-default\">\n\t\t\t\t\t<div class=\"elementor-column elementor-col-100 elementor-top-column elementor-element elementor-element-7321f72\" data-id=\"7321f72\" data-element_type=\"column\" data-e-type=\"column\">\n\t\t\t<div class=\"elementor-widget-wrap elementor-element-populated\">\n\t\t\t\t\t\t<div class=\"elementor-element elementor-element-5e116d4 elementor-widget elementor-widget-heading\" data-id=\"5e116d4\" data-element_type=\"widget\" data-e-type=\"widget\" data-widget_type=\"heading.default\">\n\t\t\t\t<div class=\"elementor-widget-container\">\n\t\t\t\t\t<h2 class=\"elementor-heading-title elementor-size-default\">Por qu\u00e9 la devoci\u00f3n a los Corazones de Jes\u00fas y Mar\u00eda est\u00e1 por encima de todas las dem\u00e1s<\/h2>\t\t\t\t<\/div>\n\t\t\t\t<\/div>\n\t\t\t\t\t<\/div>\n\t\t<\/div>\n\t\t\t\t\t<\/div>\n\t\t<\/section>\n\t\t\t\t<section class=\"elementor-section elementor-top-section elementor-element elementor-element-500aaf0 elementor-section-boxed elementor-section-height-default elementor-section-height-default\" data-id=\"500aaf0\" data-element_type=\"section\" data-e-type=\"section\">\n\t\t\t\t\t\t<div class=\"elementor-container elementor-column-gap-default\">\n\t\t\t\t\t<div class=\"elementor-column elementor-col-50 elementor-top-column elementor-element elementor-element-24dccc4\" data-id=\"24dccc4\" data-element_type=\"column\" data-e-type=\"column\">\n\t\t\t<div class=\"elementor-widget-wrap elementor-element-populated\">\n\t\t\t\t\t\t<div class=\"elementor-element elementor-element-0d96828 elementor-widget elementor-widget-image\" data-id=\"0d96828\" data-element_type=\"widget\" data-e-type=\"widget\" data-widget_type=\"image.default\">\n\t\t\t\t<div class=\"elementor-widget-container\">\n\t\t\t\t\t\t\t\t\t\t\t\t\t\t\t<img decoding=\"async\" width=\"509\" height=\"1024\" src=\"https:\/\/salve-corda.org\/wp-content\/uploads\/2021\/09\/IMAGE-2021-09-08-112306-509x1024.jpg\" class=\"attachment-large size-large wp-image-2497\" alt=\"\" srcset=\"https:\/\/salve-corda.org\/wp-content\/uploads\/2021\/09\/IMAGE-2021-09-08-112306-509x1024.jpg 509w, https:\/\/salve-corda.org\/wp-content\/uploads\/2021\/09\/IMAGE-2021-09-08-112306-149x300.jpg 149w, https:\/\/salve-corda.org\/wp-content\/uploads\/2021\/09\/IMAGE-2021-09-08-112306.jpg 568w\" sizes=\"(max-width: 509px) 100vw, 509px\" \/>\t\t\t\t\t\t\t\t\t\t\t\t\t\t\t<\/div>\n\t\t\t\t<\/div>\n\t\t\t\t\t<\/div>\n\t\t<\/div>\n\t\t\t\t<div class=\"elementor-column elementor-col-50 elementor-top-column elementor-element elementor-element-a568a28\" data-id=\"a568a28\" data-element_type=\"column\" data-e-type=\"column\">\n\t\t\t<div class=\"elementor-widget-wrap elementor-element-populated\">\n\t\t\t\t\t\t<div class=\"elementor-element elementor-element-ef9c32c elementor-widget elementor-widget-text-editor\" data-id=\"ef9c32c\" data-element_type=\"widget\" data-e-type=\"widget\" data-widget_type=\"text-editor.default\">\n\t\t\t\t<div class=\"elementor-widget-container\">\n\t\t\t\t\t\t\t\t\t<p style=\"text-align: justify;\">Porque el objeto mismo de la devoci\u00f3n es Cristo mismo, el Hijo de Dios, y la Sant\u00edsima Virgen, su Madre, que fue elevada a la cima de la creaci\u00f3n (incluso por encima de los \u00e1ngeles).<\/p><p style=\"text-align: justify;\">Entonces, esta devoci\u00f3n nos la trajeron Cristo y la Sant\u00edsima Virgen en persona, y nos indicaron\u00a0<b>su importancia fundamental para los tiempos modernos<\/b>\u00a0(sin excluir a otros, por supuesto). Los Papas han ense\u00f1ado ampliamente esta importancia.<\/p><p>\u00a0<\/p><p style=\"text-align: justify;\"><span style=\"color: #6288c6;\">\"\u00a0<i>La d\u00e9votion au Sacr\u00e9-C\u0153ur de J\u00e9sus-Christ (et celle au C\u0153ur Immacul\u00e9e de Marie) a pour auteur J\u00e9sus-Christ m\u00eame. C&#8217;est lui qui l&#8217;a r\u00e9v\u00e9l\u00e9e, qui en a command\u00e9 l&#8217;institution, qui en a expliqu\u00e9 la nature, qui en a enseign\u00e9 la pratique, qui en a prescrit la forme et la m\u00e9thode, enfin, qui a promis de r\u00e9pandre ses gr\u00e2ces sur ceux qui s&#8217;y d\u00e9voueraient. \u00bb\u00a0 \u00a0 \u00a0 \u00a0 \u00a0 \u00a0 \u00a0 \u00a0 \u00a0 \u00a0 \u00a0 \u00a0 \u00a0 \u00a0 \u00a0 \u00a0 \u00a0 \u00a0 \u00a0 \u00a0 \u00a0 \u00a0 \u00a0 \u00a0 \u00a0 \u00a0 \u00a0 \u00a0 \u00a0 \u00a0 \u00a0 \u00a0 \u00a0 \u00a0 \u00a0 \u00a0 \u00a0 \u00a0 \u00a0 \u00a0 \u00a0 \u00a0 \u00a0 \u00a0 \u00a0 \u00a0 \u00a0 \u00a0 \u00a0 \u00a0<\/i><\/span><i style=\"color: var( --e-global-color-text ); font-family: var( --e-global-typography-text-font-family ), Sans-serif; font-size: var( --e-global-typography-text-font-size ); font-weight: var( --e-global-typography-text-font-weight ); text-align: right;\">Padre de\u00a0<\/i><i style=\"color: var( --e-global-color-text ); font-family: var( --e-global-typography-text-font-family ), Sans-serif; font-size: var( --e-global-typography-text-font-size ); font-weight: var( --e-global-typography-text-font-weight ); text-align: right;\">Gallifet<\/i><\/p><p style=\"text-align: right;\"><i>\u00a0<\/i><\/p><p style=\"text-align: justify;\">Los Papas han subrayado ampliamente la importancia y el car\u00e1cter fundamental de los corazones de Jes\u00fas y de Mar\u00eda:<\/p><p style=\"text-align: justify;\"><em><span style=\"color: #6288c6;\">\u00ab\u00a0Dans cette forme de la d\u00e9votion, n&#8217;y a\u2011t\u2011il pas la\u00a0<u><span style=\"font-weight: bold;\">s\u00edntesis de todas las religiones\u00a0<\/span><\/u>et plus encore la norme d&#8217;une vie plus parfaite, capable d&#8217;acheminer les \u00e2mes \u00e0 conna\u00eetre plus profond\u00e9ment et plus rapidement le Christ Seigneur, \u00e0 l&#8217;aimer plus ardemment, \u00e0 l&#8217;imiter avec plus d&#8217;application et plus d&#8217;efficacit\u00e9 ? \u00bb.<\/span><\/em><\/p><p style=\"text-align: right;\">Papa P\u00edo XI<\/p><p style=\"text-align: justify;\"><em><span style=\"color: #6288c6;\">\u00ab Le Christ Notre\u2011Seigneur, en montrant son C\u0153ur tr\u00e8s sacr\u00e9, a voulu retenir d&#8217;une fa\u00e7on extraordinaire et singuli\u00e8re les esprits des hommes pour qu&#8217;ils contemplent et honorent le myst\u00e8re de l&#8217;amour mis\u00e9ricordieux de Dieu \u00e0 l&#8217;\u00e9gard du genre humain. \u00bb<\/span><\/em><\/p><p style=\"text-align: right;\">P\u00edo XII<\/p>\t\t\t\t\t\t\t\t<\/div>\n\t\t\t\t<\/div>\n\t\t\t\t\t<\/div>\n\t\t<\/div>\n\t\t\t\t\t<\/div>\n\t\t<\/section>\n\t\t\t\t<\/div>","protected":false},"excerpt":{"rendered":"<p>\u00bfCu\u00e1l es el prop\u00f3sito de una devoci\u00f3n? Para comprender el importante papel espiritual de las devociones, tenemos que volver a la pregunta fundamental: \u00bfpor qu\u00e9 estamos aqu\u00ed en la Tierra? Para alabar, amar y servir a Dios [...]<\/p>","protected":false},"author":1,"featured_media":0,"parent":0,"menu_order":0,"comment_status":"closed","ping_status":"closed","template":"elementor_header_footer","meta":{"footnotes":""},"class_list":["post-433","page","type-page","status-publish","hentry"],"_links":{"self":[{"href":"https:\/\/salve-corda.org\/es\/wp-json\/wp\/v2\/pages\/433","targetHints":{"allow":["GET"]}}],"collection":[{"href":"https:\/\/salve-corda.org\/es\/wp-json\/wp\/v2\/pages"}],"about":[{"href":"https:\/\/salve-corda.org\/es\/wp-json\/wp\/v2\/types\/page"}],"author":[{"embeddable":true,"href":"https:\/\/salve-corda.org\/es\/wp-json\/wp\/v2\/users\/1"}],"replies":[{"embeddable":true,"href":"https:\/\/salve-corda.org\/es\/wp-json\/wp\/v2\/comments?post=433"}],"version-history":[{"count":58,"href":"https:\/\/salve-corda.org\/es\/wp-json\/wp\/v2\/pages\/433\/revisions"}],"predecessor-version":[{"id":5012,"href":"https:\/\/salve-corda.org\/es\/wp-json\/wp\/v2\/pages\/433\/revisions\/5012"}],"wp:attachment":[{"href":"https:\/\/salve-corda.org\/es\/wp-json\/wp\/v2\/media?parent=433"}],"curies":[{"name":"wp","href":"https:\/\/api.w.org\/{rel}","templated":true}]}}