{"id":444,"date":"2020-09-25T14:49:11","date_gmt":"2020-09-25T12:49:11","guid":{"rendered":"https:\/\/salve-corda.org\/?page_id=444"},"modified":"2025-02-04T12:29:12","modified_gmt":"2025-02-04T11:29:12","slug":"mediter-les-negligences-de-lhistoire","status":"publish","type":"page","link":"https:\/\/salve-corda.org\/es\/mediter-les-negligences-de-lhistoire\/","title":{"rendered":"M\u00e9diter les n\u00e9gligences de l&#8217;histoire"},"content":{"rendered":"<div data-elementor-type=\"wp-page\" data-elementor-id=\"444\" class=\"elementor elementor-444\">\n\t\t\t\t\t\t<section class=\"elementor-section elementor-top-section elementor-element elementor-element-f9167d2 elementor-section-boxed elementor-section-height-default elementor-section-height-default\" data-id=\"f9167d2\" data-element_type=\"section\" data-e-type=\"section\">\n\t\t\t\t\t\t<div class=\"elementor-container elementor-column-gap-default\">\n\t\t\t\t\t<div class=\"elementor-column elementor-col-100 elementor-top-column elementor-element elementor-element-f87253f\" data-id=\"f87253f\" data-element_type=\"column\" data-e-type=\"column\">\n\t\t\t<div class=\"elementor-widget-wrap elementor-element-populated\">\n\t\t\t\t\t\t<div class=\"elementor-element elementor-element-33f19db elementor-widget elementor-widget-spacer\" data-id=\"33f19db\" data-element_type=\"widget\" data-e-type=\"widget\" data-widget_type=\"spacer.default\">\n\t\t\t\t<div class=\"elementor-widget-container\">\n\t\t\t\t\t\t\t<div class=\"elementor-spacer\">\n\t\t\t<div class=\"elementor-spacer-inner\"><\/div>\n\t\t<\/div>\n\t\t\t\t\t\t<\/div>\n\t\t\t\t<\/div>\n\t\t\t\t\t<\/div>\n\t\t<\/div>\n\t\t\t\t\t<\/div>\n\t\t<\/section>\n\t\t\t\t<section class=\"elementor-section elementor-top-section elementor-element elementor-element-0c86489 elementor-section-boxed elementor-section-height-default elementor-section-height-default\" data-id=\"0c86489\" data-element_type=\"section\" data-e-type=\"section\">\n\t\t\t\t\t\t<div class=\"elementor-container elementor-column-gap-default\">\n\t\t\t\t\t<div class=\"elementor-column elementor-col-100 elementor-top-column elementor-element elementor-element-815d35f\" data-id=\"815d35f\" data-element_type=\"column\" data-e-type=\"column\">\n\t\t\t<div class=\"elementor-widget-wrap elementor-element-populated\">\n\t\t\t\t\t\t<div class=\"elementor-element elementor-element-e21480d elementor-widget elementor-widget-heading\" data-id=\"e21480d\" data-element_type=\"widget\" data-e-type=\"widget\" data-widget_type=\"heading.default\">\n\t\t\t\t<div class=\"elementor-widget-container\">\n\t\t\t\t\t<h2 class=\"elementor-heading-title elementor-size-default\">LA NEGLIGENCIA DE LOS HOMBRES ANTE LAS EXIGENCIAS DEL CORAZ\u00d3N DE JES\u00daS Y MAR\u00cdA<\/h2>\t\t\t\t<\/div>\n\t\t\t\t<\/div>\n\t\t\t\t\t<\/div>\n\t\t<\/div>\n\t\t\t\t\t<\/div>\n\t\t<\/section>\n\t\t\t\t<section class=\"elementor-section elementor-top-section elementor-element elementor-element-a678870 elementor-section-boxed elementor-section-height-default elementor-section-height-default\" data-id=\"a678870\" data-element_type=\"section\" data-e-type=\"section\">\n\t\t\t\t\t\t<div class=\"elementor-container elementor-column-gap-default\">\n\t\t\t\t\t<div class=\"elementor-column elementor-col-100 elementor-top-column elementor-element elementor-element-ba5ad3c\" data-id=\"ba5ad3c\" data-element_type=\"column\" data-e-type=\"column\">\n\t\t\t<div class=\"elementor-widget-wrap elementor-element-populated\">\n\t\t\t\t\t\t<div class=\"elementor-element elementor-element-a8c50d6 elementor-widget elementor-widget-heading\" data-id=\"a8c50d6\" data-element_type=\"widget\" data-e-type=\"widget\" data-widget_type=\"heading.default\">\n\t\t\t\t<div class=\"elementor-widget-container\">\n\t\t\t\t\t<h3 class=\"elementor-heading-title elementor-size-default\">1 - siglo xviii: negativa a aceptar la llamada del sacre-coeuR<\/h3>\t\t\t\t<\/div>\n\t\t\t\t<\/div>\n\t\t\t\t\t<\/div>\n\t\t<\/div>\n\t\t\t\t\t<\/div>\n\t\t<\/section>\n\t\t\t\t<section class=\"elementor-section elementor-top-section elementor-element elementor-element-7fb00ac elementor-section-boxed elementor-section-height-default elementor-section-height-default\" data-id=\"7fb00ac\" data-element_type=\"section\" data-e-type=\"section\">\n\t\t\t\t\t\t<div class=\"elementor-container elementor-column-gap-default\">\n\t\t\t\t\t<div class=\"elementor-column elementor-col-50 elementor-top-column elementor-element elementor-element-23654de\" data-id=\"23654de\" data-element_type=\"column\" data-e-type=\"column\">\n\t\t\t<div class=\"elementor-widget-wrap elementor-element-populated\">\n\t\t\t\t\t\t<div class=\"elementor-element elementor-element-26d0115 elementor-widget elementor-widget-text-editor\" data-id=\"26d0115\" data-element_type=\"widget\" data-e-type=\"widget\" data-widget_type=\"text-editor.default\">\n\t\t\t\t<div class=\"elementor-widget-container\">\n\t\t\t\t\t\t\t\t\t<p><span style=\"color: var( --e-global-color-text ); font-family: var( --e-global-typography-18e5089-font-family ), Sans-serif; font-size: var( --e-global-typography-18e5089-font-size ); font-weight: var( --e-global-typography-18e5089-font-weight ); letter-spacing: var( --e-global-typography-18e5089-letter-spacing );\">\u00a0<\/span><\/p><p><span style=\"color: var( --e-global-color-text ); font-family: var( --e-global-typography-18e5089-font-family ), Sans-serif; font-size: var( --e-global-typography-18e5089-font-size ); font-weight: var( --e-global-typography-18e5089-font-weight ); letter-spacing: var( --e-global-typography-18e5089-letter-spacing );\">Les apparitions du Sacr\u00e9-C\u0153ur \u00e0 Paray-le-Monial se sont cl\u00f4tur\u00e9es le 17 juin 1689. Ce jour-l\u00e0, le Christ a r\u00e9v\u00e9l\u00e9 \u00e0 Sainte Marguerite-Marie qu&#8217;il voulait la cons\u00e9cration officielle du Roi de France au Sacr\u00e9-C\u0153ur, et l\u2019apposition de son\u00a0<\/span><span style=\"color: var( --e-global-color-text ); font-family: var( --e-global-typography-18e5089-font-family ), Sans-serif; font-size: var( --e-global-typography-18e5089-font-size ); font-weight: var( --e-global-typography-18e5089-font-weight ); letter-spacing: var( --e-global-typography-18e5089-letter-spacing );\">Coraz\u00f3n<\/span><span style=\"color: var( --e-global-color-text ); font-family: var( --e-global-typography-18e5089-font-family ), Sans-serif; font-size: var( --e-global-typography-18e5089-font-size ); font-weight: var( --e-global-typography-18e5089-font-weight ); letter-spacing: var( --e-global-typography-18e5089-letter-spacing );\">\u00a0sur les armes de la France. Ses demandes n&#8217;ont h\u00e9las pas \u00e9t\u00e9 r\u00e9alis\u00e9es et le<\/span><span style=\"color: var( --e-global-color-text ); font-family: var( --e-global-typography-18e5089-font-family ), Sans-serif; font-size: var( --e-global-typography-18e5089-font-size ); font-weight: var( --e-global-typography-18e5089-font-weight ); letter-spacing: var( --e-global-typography-18e5089-letter-spacing );\">\u00a017 de junio de 1789, un siglo despu\u00e9s <\/span><u style=\"color: var( --e-global-color-text ); font-family: var( --e-global-typography-18e5089-font-family ), Sans-serif; font-size: var( --e-global-typography-18e5089-font-size ); font-weight: var( --e-global-typography-18e5089-font-weight ); letter-spacing: var( --e-global-typography-18e5089-letter-spacing );\"><b>d\u00eda por d\u00eda<\/b><\/u><span style=\"color: var( --e-global-color-text ); font-family: var( --e-global-typography-18e5089-font-family ), Sans-serif; font-size: var( --e-global-typography-18e5089-font-size ); font-weight: var( --e-global-typography-18e5089-font-weight ); letter-spacing: var( --e-global-typography-18e5089-letter-spacing );\">Los Estados Generales se re\u00fanen para abolir el poder real.\u00a0<\/span><\/p><p><span style=\"color: var( --e-global-color-text ); font-family: var( --e-global-typography-18e5089-font-family ), Sans-serif; font-size: var( --e-global-typography-18e5089-font-size ); font-weight: var( --e-global-typography-18e5089-font-weight ); letter-spacing: var( --e-global-typography-18e5089-letter-spacing );\">\u00a0<\/span><\/p><p><span style=\"color: var( --e-global-color-text ); font-family: var( --e-global-typography-18e5089-font-family ), Sans-serif; font-size: var( --e-global-typography-18e5089-font-size ); font-weight: var( --e-global-typography-18e5089-font-weight ); letter-spacing: var( --e-global-typography-18e5089-letter-spacing );\">Comienza la Revoluci\u00f3n Francesa, en la que mueren cientos de miles de campesinos, nobles y cl\u00e9rigos. Esta misma revoluci\u00f3n desemboc\u00f3 en las Guerras Napole\u00f3nicas, precursoras de las Guerras Mundiales. Estos terribles cambios pueden considerarse <\/span><b style=\"color: var( --e-global-color-text ); font-family: var( --e-global-typography-18e5089-font-family ), Sans-serif; font-size: var( --e-global-typography-18e5089-font-size ); letter-spacing: var( --e-global-typography-18e5089-letter-spacing );\">las consecuencias de negarse a aplicar las peticiones del Sagrado Coraz\u00f3n.<\/b><\/p>\t\t\t\t\t\t\t\t<\/div>\n\t\t\t\t<\/div>\n\t\t\t\t\t<\/div>\n\t\t<\/div>\n\t\t\t\t<div class=\"elementor-column elementor-col-50 elementor-top-column elementor-element elementor-element-af65bb9\" data-id=\"af65bb9\" data-element_type=\"column\" data-e-type=\"column\">\n\t\t\t<div class=\"elementor-widget-wrap elementor-element-populated\">\n\t\t\t\t\t\t<div class=\"elementor-element elementor-element-f016b1e elementor-widget elementor-widget-image\" data-id=\"f016b1e\" data-element_type=\"widget\" data-e-type=\"widget\" data-widget_type=\"image.default\">\n\t\t\t\t<div class=\"elementor-widget-container\">\n\t\t\t\t\t\t\t\t\t\t\t\t\t\t\t<img fetchpriority=\"high\" decoding=\"async\" width=\"522\" height=\"608\" src=\"https:\/\/salve-corda.org\/wp-content\/uploads\/2021\/07\/revolution.png\" class=\"attachment-large size-large wp-image-788\" alt=\"\" srcset=\"https:\/\/salve-corda.org\/wp-content\/uploads\/2021\/07\/revolution.png 522w, https:\/\/salve-corda.org\/wp-content\/uploads\/2021\/07\/revolution-258x300.png 258w\" sizes=\"(max-width: 522px) 100vw, 522px\" \/>\t\t\t\t\t\t\t\t\t\t\t\t\t\t\t<\/div>\n\t\t\t\t<\/div>\n\t\t\t\t\t<\/div>\n\t\t<\/div>\n\t\t\t\t\t<\/div>\n\t\t<\/section>\n\t\t\t\t<section class=\"elementor-section elementor-top-section elementor-element elementor-element-eacccf8 elementor-section-boxed elementor-section-height-default elementor-section-height-default\" data-id=\"eacccf8\" data-element_type=\"section\" data-e-type=\"section\" data-settings=\"{&quot;background_background&quot;:&quot;classic&quot;}\">\n\t\t\t\t\t\t<div class=\"elementor-container elementor-column-gap-default\">\n\t\t\t\t\t<div class=\"elementor-column elementor-col-100 elementor-top-column elementor-element elementor-element-ecc13fb\" data-id=\"ecc13fb\" data-element_type=\"column\" data-e-type=\"column\">\n\t\t\t<div class=\"elementor-widget-wrap elementor-element-populated\">\n\t\t\t\t\t\t<div class=\"elementor-element elementor-element-304f966 elementor-widget elementor-widget-heading\" data-id=\"304f966\" data-element_type=\"widget\" data-e-type=\"widget\" data-widget_type=\"heading.default\">\n\t\t\t\t<div class=\"elementor-widget-container\">\n\t\t\t\t\t<h3 class=\"elementor-heading-title elementor-size-default\">2 - La tard\u00eda respuesta de los hombres m\u00e1s de 100 a\u00f1os despu\u00e9s \n<\/h3>\t\t\t\t<\/div>\n\t\t\t\t<\/div>\n\t\t\t\t\t<\/div>\n\t\t<\/div>\n\t\t\t\t\t<\/div>\n\t\t<\/section>\n\t\t\t\t<section class=\"elementor-section elementor-top-section elementor-element elementor-element-b77e2b5 elementor-section-boxed elementor-section-height-default elementor-section-height-default\" data-id=\"b77e2b5\" data-element_type=\"section\" data-e-type=\"section\" data-settings=\"{&quot;background_background&quot;:&quot;classic&quot;}\">\n\t\t\t\t\t\t<div class=\"elementor-container elementor-column-gap-default\">\n\t\t\t\t\t<div class=\"elementor-column elementor-col-50 elementor-top-column elementor-element elementor-element-8abb034\" data-id=\"8abb034\" data-element_type=\"column\" data-e-type=\"column\">\n\t\t\t<div class=\"elementor-widget-wrap elementor-element-populated\">\n\t\t\t\t\t\t<div class=\"elementor-element elementor-element-32bd5ba elementor-widget elementor-widget-image\" data-id=\"32bd5ba\" data-element_type=\"widget\" data-e-type=\"widget\" data-widget_type=\"image.default\">\n\t\t\t\t<div class=\"elementor-widget-container\">\n\t\t\t\t\t\t\t\t\t\t\t\t\t\t\t<img decoding=\"async\" width=\"640\" height=\"601\" src=\"https:\/\/salve-corda.org\/wp-content\/uploads\/2021\/07\/montmartre.png\" class=\"attachment-large size-large wp-image-789\" alt=\"\" srcset=\"https:\/\/salve-corda.org\/wp-content\/uploads\/2021\/07\/montmartre.png 683w, https:\/\/salve-corda.org\/wp-content\/uploads\/2021\/07\/montmartre-300x282.png 300w\" sizes=\"(max-width: 640px) 100vw, 640px\" \/>\t\t\t\t\t\t\t\t\t\t\t\t\t\t\t<\/div>\n\t\t\t\t<\/div>\n\t\t\t\t\t<\/div>\n\t\t<\/div>\n\t\t\t\t<div class=\"elementor-column elementor-col-50 elementor-top-column elementor-element elementor-element-9e54960\" data-id=\"9e54960\" data-element_type=\"column\" data-e-type=\"column\">\n\t\t\t<div class=\"elementor-widget-wrap elementor-element-populated\">\n\t\t\t\t\t\t<div class=\"elementor-element elementor-element-6d6070f elementor-widget elementor-widget-text-editor\" data-id=\"6d6070f\" data-element_type=\"widget\" data-e-type=\"widget\" data-widget_type=\"text-editor.default\">\n\t\t\t\t<div class=\"elementor-widget-container\">\n\t\t\t\t\t\t\t\t\t<p><span style=\"color: var( --e-global-color-text ); font-family: var( --e-global-typography-18e5089-font-family ), Sans-serif; font-size: var( --e-global-typography-18e5089-font-size ); font-weight: var( --e-global-typography-18e5089-font-weight ); letter-spacing: var( --e-global-typography-18e5089-letter-spacing ); background-color: var( --e-global-color-f890547 );\">Tras su destituci\u00f3n, Luis XVI comprendi\u00f3 su error y el de sus predecesores. En prisi\u00f3n (<\/span><span style=\"color: var( --e-global-color-text ); font-family: var( --e-global-typography-18e5089-font-family ), Sans-serif; font-size: var( --e-global-typography-18e5089-font-size ); font-weight: var( --e-global-typography-18e5089-font-weight ); letter-spacing: var( --e-global-typography-18e5089-letter-spacing ); background-color: var( --e-global-color-f890547 );\">julio de 1792)<\/span><span style=\"color: var( --e-global-color-text ); font-family: var( --e-global-typography-18e5089-font-family ), Sans-serif; font-size: var( --e-global-typography-18e5089-font-size ); font-weight: var( --e-global-typography-18e5089-font-weight ); letter-spacing: var( --e-global-typography-18e5089-letter-spacing ); background-color: var( --e-global-color-f890547 );\">\u00a0il fera le v\u0153u d&#8217;ob\u00e9ir au\u00a0<\/span><span style=\"color: var( --e-global-color-text ); font-family: var( --e-global-typography-18e5089-font-family ), Sans-serif; font-size: var( --e-global-typography-18e5089-font-size ); font-weight: var( --e-global-typography-18e5089-font-weight ); letter-spacing: var( --e-global-typography-18e5089-letter-spacing ); background-color: var( --e-global-color-f890547 );\">Sacr\u00e9-C\u0153ur<\/span><span style=\"color: var( --e-global-color-text ); font-family: var( --e-global-typography-18e5089-font-family ), Sans-serif; font-size: var( --e-global-typography-18e5089-font-size ); font-weight: var( --e-global-typography-18e5089-font-weight ); letter-spacing: var( --e-global-typography-18e5089-letter-spacing ); background-color: var( --e-global-color-f890547 );\">\u00a0et de r\u00e9aliser ses demandes s&#8217;il revenait sur le tr\u00f4ne de France.\u00a0<\/span><span style=\"color: var( --e-global-color-text ); font-family: var( --e-global-typography-18e5089-font-family ), Sans-serif; font-size: var( --e-global-typography-18e5089-font-size ); font-weight: var( --e-global-typography-18e5089-font-weight ); letter-spacing: var( --e-global-typography-18e5089-letter-spacing ); background-color: var( --e-global-color-f890547 );\"><span style=\"font-weight: bold;\">Pero era demasiado tarde<\/span><\/span><span style=\"color: var( --e-global-color-text ); font-family: var( --e-global-typography-18e5089-font-family ), Sans-serif; font-size: var( --e-global-typography-18e5089-font-size ); font-weight: var( --e-global-typography-18e5089-font-weight ); letter-spacing: var( --e-global-typography-18e5089-letter-spacing ); background-color: var( --e-global-color-f890547 );\">\u00a0porque ya no ostentaba el poder. Sin embargo, este acto dio lugar a un nuevo fervor por el Sagrado Coraz\u00f3n. Para restaurar una Francia cat\u00f3lica, el\u00a0<\/span><span style=\"color: var( --e-global-color-text ); font-family: var( --e-global-typography-18e5089-font-family ), Sans-serif; font-size: var( --e-global-typography-18e5089-font-size ); font-weight: var( --e-global-typography-18e5089-font-weight ); letter-spacing: var( --e-global-typography-18e5089-letter-spacing ); background-color: var( --e-global-color-f890547 );\">Los Vend\u00e9ens se levantar\u00e1n llevando la insignia del Sagrado Coraz\u00f3n en el pecho.\u00a0<\/span><\/p><p><span style=\"color: var( --e-global-color-text ); font-family: var( --e-global-typography-18e5089-font-family ), Sans-serif; font-size: var( --e-global-typography-18e5089-font-size ); font-weight: var( --e-global-typography-18e5089-font-weight ); letter-spacing: var( --e-global-typography-18e5089-letter-spacing ); background-color: var( --e-global-color-f890547 );\">\u00a0<\/span><\/p><p>\u00a0<\/p><p>Les martyres des guerres de Vend\u00e9e seront la semence de la d\u00e9votion au Sacr\u00e9-C\u0153ur. Au XIX\u00e8me si\u00e8cle cette d\u00e9votion s&#8217;\u00e9tendra partout. D&#8217;innombrables \u00e9glises, vitraux, statues seront \u00e9rig\u00e9es en son honneur. D<span style=\"color: var( --e-global-color-text ); font-family: var( --e-global-typography-18e5089-font-family ), Sans-serif; font-size: var( --e-global-typography-18e5089-font-size ); font-weight: var( --e-global-typography-18e5089-font-weight ); letter-spacing: var( --e-global-typography-18e5089-letter-spacing ); background-color: var( --e-global-color-f890547 );\">Se fundar\u00e1n \u00f3rdenes religiosas dedicadas al Sagrado Coraz\u00f3n<\/span><span style=\"color: var( --e-global-color-text ); font-family: var( --e-global-typography-18e5089-font-family ), Sans-serif; font-size: var( --e-global-typography-18e5089-font-size ); font-weight: var( --e-global-typography-18e5089-font-weight ); letter-spacing: var( --e-global-typography-18e5089-letter-spacing ); background-color: var( --e-global-color-f890547 );\">\u00a0y recorri\u00f3 el mundo. El Papa P\u00edo IX extendi\u00f3 la fiesta del Sagrado Coraz\u00f3n a toda la Iglesia, y Francia construy\u00f3 su propia bas\u00edlica en Par\u00eds.\u00a0<\/span><\/p><p><span style=\"color: var( --e-global-color-text ); font-family: var( --e-global-typography-18e5089-font-family ), Sans-serif; font-size: var( --e-global-typography-18e5089-font-size ); font-weight: var( --e-global-typography-18e5089-font-weight ); letter-spacing: var( --e-global-typography-18e5089-letter-spacing ); background-color: var( --e-global-color-f890547 );\">Ante tal reparaci\u00f3n, Cristo nos enviar\u00e1 una segunda oportunidad de salvaci\u00f3n: <\/span><b style=\"color: var( --e-global-color-text ); font-family: var( --e-global-typography-18e5089-font-family ), Sans-serif; font-size: var( --e-global-typography-18e5089-font-size ); letter-spacing: var( --e-global-typography-18e5089-letter-spacing ); background-color: var( --e-global-color-f890547 );\">su madre.<\/b><\/p>\t\t\t\t\t\t\t\t<\/div>\n\t\t\t\t<\/div>\n\t\t\t\t\t<\/div>\n\t\t<\/div>\n\t\t\t\t\t<\/div>\n\t\t<\/section>\n\t\t\t\t<section class=\"elementor-section elementor-top-section elementor-element elementor-element-e857d31 elementor-section-boxed elementor-section-height-default elementor-section-height-default\" data-id=\"e857d31\" data-element_type=\"section\" data-e-type=\"section\">\n\t\t\t\t\t\t<div class=\"elementor-container elementor-column-gap-default\">\n\t\t\t\t\t<div class=\"elementor-column elementor-col-100 elementor-top-column elementor-element elementor-element-57144c4\" data-id=\"57144c4\" data-element_type=\"column\" data-e-type=\"column\">\n\t\t\t<div class=\"elementor-widget-wrap elementor-element-populated\">\n\t\t\t\t\t\t<div class=\"elementor-element elementor-element-cfee38e elementor-widget elementor-widget-heading\" data-id=\"cfee38e\" data-element_type=\"widget\" data-e-type=\"widget\" data-widget_type=\"heading.default\">\n\t\t\t\t<div class=\"elementor-widget-container\">\n\t\t\t\t\t<h3 class=\"elementor-heading-title elementor-size-default\">3 - La llamada del Coraz\u00f3n Inmaculado de Mar\u00eda y el 2\u00ba rechazo de los hombres<\/h3>\t\t\t\t<\/div>\n\t\t\t\t<\/div>\n\t\t\t\t<div class=\"elementor-element elementor-element-b5de845 elementor-widget elementor-widget-text-editor\" data-id=\"b5de845\" data-element_type=\"widget\" data-e-type=\"widget\" data-widget_type=\"text-editor.default\">\n\t\t\t\t<div class=\"elementor-widget-container\">\n\t\t\t\t\t\t\t\t\t<p style=\"text-align: left;\">Durante la segunda mitad del siglo XIX se inicia una serie de apariciones marianas \u00fanicas en la historia del mundo por su densidad y el alcance de sus mensajes: Rue du Bac, Lourdes, La Salette, Pellevoisin (todas reconocidas por la Iglesia). Este ciclo se ver\u00e1 coronado por <b>F\u00e1tima y la devoci\u00f3n a\u00a0<\/b><span style=\"color: var( --e-global-color-text ); font-family: var( --e-global-typography-18e5089-font-family ), Sans-serif; font-size: var( --e-global-typography-18e5089-font-size ); letter-spacing: var( --e-global-typography-18e5089-letter-spacing ); text-align: justify;\"><b>Coraz\u00f3n<\/b><\/span><b style=\"color: var( --e-global-color-text ); font-family: var( --e-global-typography-18e5089-font-family ), Sans-serif; font-size: var( --e-global-typography-18e5089-font-size ); letter-spacing: var( --e-global-typography-18e5089-letter-spacing );\">\u00a0Inmaculado Coraz\u00f3n de Mar\u00eda.<\/b><span style=\"color: var( --e-global-color-text ); font-family: var( --e-global-typography-18e5089-font-family ), Sans-serif; font-size: var( --e-global-typography-18e5089-font-size ); font-weight: var( --e-global-typography-18e5089-font-weight ); letter-spacing: var( --e-global-typography-18e5089-letter-spacing );\">\u00a0Como el\u00a0<\/span><span style=\"color: var( --e-global-color-text ); font-family: var( --e-global-typography-18e5089-font-family ), Sans-serif; font-size: var( --e-global-typography-18e5089-font-size ); font-weight: var( --e-global-typography-18e5089-font-weight ); letter-spacing: var( --e-global-typography-18e5089-letter-spacing ); text-align: justify;\">Sacr\u00e9-C\u0153ur<\/span><span style=\"color: var( --e-global-color-text ); font-family: var( --e-global-typography-18e5089-font-family ), Sans-serif; font-size: var( --e-global-typography-18e5089-font-size ); font-weight: var( --e-global-typography-18e5089-font-weight ); letter-spacing: var( --e-global-typography-18e5089-letter-spacing );\">En el a\u00f1o 2000, la Sant\u00edsima Virgen har\u00e1 peticiones para detener el progreso del Mal en la tierra y salvar las almas de los pecadores del Infierno. Estas peticiones se dirigir\u00e1n a los fieles y al Papa.<\/span><\/p><p style=\"text-align: left;\"><span style=\"color: var( --e-global-color-text ); font-family: var( --e-global-typography-18e5089-font-family ), Sans-serif; font-size: var( --e-global-typography-18e5089-font-size ); font-weight: var( --e-global-typography-18e5089-font-weight ); letter-spacing: var( --e-global-typography-18e5089-letter-spacing );\">\u00a0<\/span><\/p><p style=\"text-align: left;\"><span style=\"color: #6288c6;\"><em>\"Si hacemos lo que te voy a decir, muchas almas se salvar\u00e1n y tendremos paz\".<\/em><\/span><\/p><p style=\"text-align: left;\"><span style=\"color: #6288c6;\"><em>\u00a0<\/em><\/span><\/p><p style=\"text-align: left;\"><span style=\"color: #6288c6;\"><em>\"Para evitar esto (guerras y persecuciones) vendr\u00e9 a pedir la <u>consagraci\u00f3n de Rusia a mi <\/u><u>Coraz\u00f3n<\/u><u> Inmaculada<\/u> (por el Papa y los obispos) y <u>Comuni\u00f3n reparadora el primer s\u00e1bado de mes<\/u>. <i>\"<\/i><\/em><\/span><\/p><p style=\"text-align: left;\"><span style=\"color: #6288c6;\"><em><i>\u00a0<\/i><\/em><\/span><\/p><p style=\"text-align: left;\"><span style=\"color: #6288c6;\">\"<\/span><i style=\"color: #6288c6;\">\u00a0La guerra o la paz dependen de la pr\u00e1ctica de los primeros s\u00e1bados de mes y de la consagraci\u00f3n de Rusia.<\/i><span style=\"color: #6288c6;\"><em><i><br \/><\/i><\/em><\/span><\/p><p style=\"text-align: left;\">\u00a0<\/p>\t\t\t\t\t\t\t\t<\/div>\n\t\t\t\t<\/div>\n\t\t\t\t\t<\/div>\n\t\t<\/div>\n\t\t\t\t\t<\/div>\n\t\t<\/section>\n\t\t\t\t<section class=\"elementor-section elementor-top-section elementor-element elementor-element-a504fa0 elementor-section-boxed elementor-section-height-default elementor-section-height-default\" data-id=\"a504fa0\" data-element_type=\"section\" data-e-type=\"section\">\n\t\t\t\t\t\t<div class=\"elementor-container elementor-column-gap-default\">\n\t\t\t\t\t<div class=\"elementor-column elementor-col-50 elementor-top-column elementor-element elementor-element-f224d4b\" data-id=\"f224d4b\" data-element_type=\"column\" data-e-type=\"column\">\n\t\t\t<div class=\"elementor-widget-wrap elementor-element-populated\">\n\t\t\t\t\t\t<div class=\"elementor-element elementor-element-329f799 elementor-widget elementor-widget-text-editor\" data-id=\"329f799\" data-element_type=\"widget\" data-e-type=\"widget\" data-widget_type=\"text-editor.default\">\n\t\t\t\t<div class=\"elementor-widget-container\">\n\t\t\t\t\t\t\t\t\t<p style=\"text-align: left;\">Pour la deuxi\u00e8me fois les fid\u00e8les se d\u00e9sint\u00e9resseront de ces demandes et n&#8217;appliqueront pas <b>Previa petici\u00f3n, el primer s\u00e1bado de cada mes.<\/b>\u00a0Quant au Pape Pie XI, \u00e0 l&#8217;instar de Louis XIV, il ne r\u00e9alisera pas les demandes de Fatima.\u00a0<\/p><p style=\"text-align: left;\">En 1931, Cristo y luego la Sant\u00edsima Virgen se aparecieron a Sor Luc\u00eda y le hablaron de\u00a0<span style=\"font-weight: bold;\">en dos ocasiones\u00a0<\/span>\u00a0la similitud de la situaci\u00f3n :<\/p><p>\u00a0<\/p><p style=\"text-align: left;\"><em><span style=\"color: #6288c6;\">\"Que sepan mis Ministros que, puesto que siguen el ejemplo del Rey de Francia al retrasar la ejecuci\u00f3n de mi petici\u00f3n, le seguir\u00e1n en la desgracia.<\/span><\/em><\/p><p style=\"text-align: right;\"><i>Cristo Primavera de 1931 en\u00a0<\/i><i>Rianjo<\/i><\/p><p>\u00a0<\/p><p style=\"text-align: left;\"><em><span style=\"color: #6288c6;\">\u00a0<\/span><\/em><em><span style=\"color: #6288c6;\">\"\u00a1No escucharon mi petici\u00f3n! Como el rey de Francia, se arrepentir\u00e1n.\u00a0<\/span><\/em><\/p><p style=\"text-align: left;\"><i>La Sant\u00edsima Virgen en\u00a0<\/i><i>Rianjo<\/i><i>\u00a0verano\u00a0<\/i><i>1931<\/i><\/p><p style=\"text-align: left;\"><i>\u00a0<\/i><\/p><p>El Papa P\u00edo XI muri\u00f3 en febrero de 1939, y la Segunda Guerra Mundial comenz\u00f3 unos meses m\u00e1s tarde.<\/p>\t\t\t\t\t\t\t\t<\/div>\n\t\t\t\t<\/div>\n\t\t\t\t\t<\/div>\n\t\t<\/div>\n\t\t\t\t<div class=\"elementor-column elementor-col-50 elementor-top-column elementor-element elementor-element-0e78288\" data-id=\"0e78288\" data-element_type=\"column\" data-e-type=\"column\">\n\t\t\t<div class=\"elementor-widget-wrap elementor-element-populated\">\n\t\t\t\t\t\t<div class=\"elementor-element elementor-element-317d15e elementor-widget elementor-widget-image\" data-id=\"317d15e\" data-element_type=\"widget\" data-e-type=\"widget\" data-widget_type=\"image.default\">\n\t\t\t\t<div class=\"elementor-widget-container\">\n\t\t\t\t\t\t\t\t\t\t\t\t\t\t\t<img decoding=\"async\" width=\"640\" height=\"426\" src=\"https:\/\/salve-corda.org\/wp-content\/uploads\/2021\/07\/guerre-1.png\" class=\"attachment-large size-large wp-image-791\" alt=\"\" srcset=\"https:\/\/salve-corda.org\/wp-content\/uploads\/2021\/07\/guerre-1.png 675w, https:\/\/salve-corda.org\/wp-content\/uploads\/2021\/07\/guerre-1-300x200.png 300w\" sizes=\"(max-width: 640px) 100vw, 640px\" \/>\t\t\t\t\t\t\t\t\t\t\t\t\t\t\t<\/div>\n\t\t\t\t<\/div>\n\t\t\t\t\t<\/div>\n\t\t<\/div>\n\t\t\t\t\t<\/div>\n\t\t<\/section>\n\t\t\t\t<section class=\"elementor-section elementor-top-section elementor-element elementor-element-9c65dc7 elementor-section-boxed elementor-section-height-default elementor-section-height-default\" data-id=\"9c65dc7\" data-element_type=\"section\" data-e-type=\"section\" data-settings=\"{&quot;background_background&quot;:&quot;classic&quot;}\">\n\t\t\t\t\t\t<div class=\"elementor-container elementor-column-gap-default\">\n\t\t\t\t\t<div class=\"elementor-column elementor-col-100 elementor-top-column elementor-element elementor-element-8715cad\" data-id=\"8715cad\" data-element_type=\"column\" data-e-type=\"column\">\n\t\t\t<div class=\"elementor-widget-wrap elementor-element-populated\">\n\t\t\t\t\t\t<div class=\"elementor-element elementor-element-92c6191 elementor-widget elementor-widget-heading\" data-id=\"92c6191\" data-element_type=\"widget\" data-e-type=\"widget\" data-widget_type=\"heading.default\">\n\t\t\t\t<div class=\"elementor-widget-container\">\n\t\t\t\t\t<h3 class=\"elementor-heading-title elementor-size-default\">4 - CONSECUENCIAS DEL RECHAZO EN EL SIGLO XX : Guerras y totalitarismo <span style=\"color: var( --e-global-color-d0f9407 );font-family: var( --e-global-typography-de41d25-font-family ), Sans-serif;font-size: var( --e-global-typography-de41d25-font-size );font-weight: var( --e-global-typography-de41d25-font-weight );letter-spacing: var( --e-global-typography-de41d25-letter-spacing );text-transform: var( --e-global-typography-de41d25-text-transform );background-color: var( --e-global-color-f890547 )\"><\/span><br><\/h3>\t\t\t\t<\/div>\n\t\t\t\t<\/div>\n\t\t\t\t\t<\/div>\n\t\t<\/div>\n\t\t\t\t\t<\/div>\n\t\t<\/section>\n\t\t\t\t<section class=\"elementor-section elementor-top-section elementor-element elementor-element-4604821 elementor-section-boxed elementor-section-height-default elementor-section-height-default\" data-id=\"4604821\" data-element_type=\"section\" data-e-type=\"section\" data-settings=\"{&quot;background_background&quot;:&quot;classic&quot;}\">\n\t\t\t\t\t\t<div class=\"elementor-container elementor-column-gap-default\">\n\t\t\t\t\t<div class=\"elementor-column elementor-col-100 elementor-top-column elementor-element elementor-element-2356761\" data-id=\"2356761\" data-element_type=\"column\" data-e-type=\"column\">\n\t\t\t<div class=\"elementor-widget-wrap elementor-element-populated\">\n\t\t\t\t\t\t<div class=\"elementor-element elementor-element-57755d0 elementor-widget elementor-widget-text-editor\" data-id=\"57755d0\" data-element_type=\"widget\" data-e-type=\"widget\" data-widget_type=\"text-editor.default\">\n\t\t\t\t<div class=\"elementor-widget-container\">\n\t\t\t\t\t\t\t\t\t<p><span style=\"text-align: left;\">Malheureusement, les demandes de la Sainte Vierge n\u2019ont pas \u00e9t\u00e9 suivies au XX\u00e8me si\u00e8cle, la deuxi\u00e8me guerre mondiale a \u00e9clat\u00e9, et les dictateurs meurtriers n&#8217;ont cess\u00e9 leurs massacres et pers\u00e9cutions. Hitler, Staline, Pol Pot, Mao, etc.<\/span><br><\/p>\t\t\t\t\t\t\t\t<\/div>\n\t\t\t\t<\/div>\n\t\t\t\t\t<\/div>\n\t\t<\/div>\n\t\t\t\t\t<\/div>\n\t\t<\/section>\n\t\t\t\t<section class=\"elementor-section elementor-top-section elementor-element elementor-element-16b8a50 elementor-section-boxed elementor-section-height-default elementor-section-height-default\" data-id=\"16b8a50\" data-element_type=\"section\" data-e-type=\"section\" data-settings=\"{&quot;background_background&quot;:&quot;classic&quot;}\">\n\t\t\t\t\t\t<div class=\"elementor-container elementor-column-gap-default\">\n\t\t\t\t\t<div class=\"elementor-column elementor-col-50 elementor-top-column elementor-element elementor-element-7124357\" data-id=\"7124357\" data-element_type=\"column\" data-e-type=\"column\">\n\t\t\t<div class=\"elementor-widget-wrap elementor-element-populated\">\n\t\t\t\t\t\t<div class=\"elementor-element elementor-element-2244639 elementor-widget elementor-widget-image\" data-id=\"2244639\" data-element_type=\"widget\" data-e-type=\"widget\" data-widget_type=\"image.default\">\n\t\t\t\t<div class=\"elementor-widget-container\">\n\t\t\t\t\t\t\t\t\t\t\t\t\t\t\t<img loading=\"lazy\" decoding=\"async\" width=\"640\" height=\"273\" src=\"https:\/\/salve-corda.org\/wp-content\/uploads\/2021\/07\/mur-de-berlin-768x327.png\" class=\"attachment-medium_large size-medium_large wp-image-795\" alt=\"\" srcset=\"https:\/\/salve-corda.org\/wp-content\/uploads\/2021\/07\/mur-de-berlin-768x327.png 768w, https:\/\/salve-corda.org\/wp-content\/uploads\/2021\/07\/mur-de-berlin-300x128.png 300w, https:\/\/salve-corda.org\/wp-content\/uploads\/2021\/07\/mur-de-berlin-1024x436.png 1024w, https:\/\/salve-corda.org\/wp-content\/uploads\/2021\/07\/mur-de-berlin.png 1418w\" sizes=\"(max-width: 640px) 100vw, 640px\" \/>\t\t\t\t\t\t\t\t\t\t\t\t\t\t\t<\/div>\n\t\t\t\t<\/div>\n\t\t\t\t\t<\/div>\n\t\t<\/div>\n\t\t\t\t<div class=\"elementor-column elementor-col-50 elementor-top-column elementor-element elementor-element-5ffaac7\" data-id=\"5ffaac7\" data-element_type=\"column\" data-e-type=\"column\">\n\t\t\t<div class=\"elementor-widget-wrap elementor-element-populated\">\n\t\t\t\t\t\t<div class=\"elementor-element elementor-element-576ecfd elementor-widget elementor-widget-text-editor\" data-id=\"576ecfd\" data-element_type=\"widget\" data-e-type=\"widget\" data-widget_type=\"text-editor.default\">\n\t\t\t\t<div class=\"elementor-widget-container\">\n\t\t\t\t\t\t\t\t\t<p><span style=\"color: var( --e-global-color-text ); font-family: var( --e-global-typography-text-font-family ), Sans-serif; font-size: var( --e-global-typography-text-font-size ); font-weight: var( --e-global-typography-text-font-weight ); background-color: var( --e-global-color-f890547 );\">Sin embargo, los Papas P\u00edo XII y Juan Pablo II dieron sus primeros pasos y consagraron el Mundo al <\/span><span style=\"color: var( --e-global-color-text ); font-family: var( --e-global-typography-18e5089-font-family ), Sans-serif; font-size: var( --e-global-typography-18e5089-font-size ); font-weight: var( --e-global-typography-18e5089-font-weight ); letter-spacing: var( --e-global-typography-18e5089-letter-spacing ); background-color: var( --e-global-color-f890547 );\">Inmaculado Coraz\u00f3n de Mar\u00eda el 31 de octubre de 1942 y el 25 de marzo de 1984, respectivamente. <\/span><span style=\"color: var( --e-global-color-text ); font-family: var( --e-global-typography-18e5089-font-family ), Sans-serif; font-size: var( --e-global-typography-18e5089-font-size ); font-weight: var( --e-global-typography-18e5089-font-weight ); letter-spacing: var( --e-global-typography-18e5089-letter-spacing ); background-color: var( --e-global-color-f890547 );\">Sin embargo, estas consagraciones no respetaron la petici\u00f3n exacta de la Sant\u00edsima Virgen de consagrar Rusia a su Inmaculado Coraz\u00f3n, junto con todos los obispos del mundo. <\/span><span style=\"color: var( --e-global-color-text ); font-family: var( --e-global-typography-18e5089-font-family ), Sans-serif; font-size: var( --e-global-typography-18e5089-font-size ); font-weight: var( --e-global-typography-text-font-weight ); letter-spacing: var( --e-global-typography-18e5089-letter-spacing ); background-color: var( --e-global-color-f890547 );\"><b>y oficializar en la Iglesia la devoci\u00f3n de los Primeros S\u00e1bados<\/b><\/span><span style=\"color: var( --e-global-color-text ); font-family: var( --e-global-typography-18e5089-font-family ), Sans-serif; font-size: var( --e-global-typography-18e5089-font-size ); font-weight: var( --e-global-typography-18e5089-font-weight ); letter-spacing: var( --e-global-typography-18e5089-letter-spacing ); background-color: var( --e-global-color-f890547 );\"> del mes.<\/span><\/p><p><span style=\"color: var( --e-global-color-text ); font-family: var( --e-global-typography-18e5089-font-family ), Sans-serif; font-size: var( --e-global-typography-18e5089-font-size ); font-weight: var( --e-global-typography-18e5089-font-weight ); letter-spacing: var( --e-global-typography-18e5089-letter-spacing ); background-color: var( --e-global-color-f890547 );\">\u00a0<\/span><\/p><p><span style=\"background-color: var( --e-global-color-f890547 ); color: var( --e-global-color-text ); font-family: var( --e-global-typography-18e5089-font-family ), Sans-serif; font-size: var( --e-global-typography-18e5089-font-size ); font-weight: var( --e-global-typography-18e5089-font-weight ); letter-spacing: var( --e-global-typography-18e5089-letter-spacing );\">Por este acto parcial, obtendr\u00e1n sin embargo del Cielo <\/span><span style=\"background-color: var( --e-global-color-f890547 ); color: var( --e-global-color-text ); font-family: var( --e-global-typography-18e5089-font-family ), Sans-serif; font-size: var( --e-global-typography-18e5089-font-size ); letter-spacing: var( --e-global-typography-18e5089-letter-spacing );\"><b>efectos temporales <\/b><\/span><span style=\"background-color: var( --e-global-color-f890547 ); color: var( --e-global-color-text ); font-family: var( --e-global-typography-18e5089-font-family ), Sans-serif; font-size: var( --e-global-typography-18e5089-font-size ); font-weight: var( --e-global-typography-18e5089-font-weight ); letter-spacing: var( --e-global-typography-18e5089-letter-spacing );\">(el final de la Segunda Guerra Mundial y la ca\u00edda del Muro de Berl\u00edn) sin lograr la conversi\u00f3n del mundo ni el tiempo de paz prometido.\u00a0\u00a0<\/span><\/p><p style=\"text-align: justify; background-color: #f6f4f5;\">\u00a0<\/p><p style=\"text-align: justify; background-color: #f6f4f5;\">\u00a0<\/p>\t\t\t\t\t\t\t\t<\/div>\n\t\t\t\t<\/div>\n\t\t\t\t\t<\/div>\n\t\t<\/div>\n\t\t\t\t\t<\/div>\n\t\t<\/section>\n\t\t\t\t<section class=\"elementor-section elementor-top-section elementor-element elementor-element-b4b34e4 elementor-section-boxed elementor-section-height-default elementor-section-height-default\" data-id=\"b4b34e4\" data-element_type=\"section\" data-e-type=\"section\">\n\t\t\t\t\t\t<div class=\"elementor-container elementor-column-gap-default\">\n\t\t\t\t\t<div class=\"elementor-column elementor-col-100 elementor-top-column elementor-element elementor-element-290efbc\" data-id=\"290efbc\" data-element_type=\"column\" data-e-type=\"column\">\n\t\t\t<div class=\"elementor-widget-wrap elementor-element-populated\">\n\t\t\t\t\t\t<div class=\"elementor-element elementor-element-49603da elementor-widget elementor-widget-heading\" data-id=\"49603da\" data-element_type=\"widget\" data-e-type=\"widget\" data-widget_type=\"heading.default\">\n\t\t\t\t<div class=\"elementor-widget-container\">\n\t\t\t\t\t<h3 class=\"elementor-heading-title elementor-size-default\">5 - Consecuencias del rechazo en el siglo XXI: hacia un totalitarismo mundial a\u00fan peor<\/h3>\t\t\t\t<\/div>\n\t\t\t\t<\/div>\n\t\t\t\t<div class=\"elementor-element elementor-element-35c1cca elementor-widget elementor-widget-text-editor\" data-id=\"35c1cca\" data-element_type=\"widget\" data-e-type=\"widget\" data-widget_type=\"text-editor.default\">\n\t\t\t\t<div class=\"elementor-widget-container\">\n\t\t\t\t\t\t\t\t\t<p>Apr\u00e8s Jean Paul 2,&nbsp; l&#8217;Eglise continuera d&#8217;agir et le 13 mai 2010, le Pape Benoit XVI rappellera lors de sa visite \u00e0 Fatima :<\/p>\n<p><em style=\"color: var( --e-global-color-text ); font-family: var( --e-global-typography-18e5089-font-family ), Sans-serif; font-size: var( --e-global-typography-18e5089-font-size ); font-weight: var( --e-global-typography-18e5089-font-weight ); letter-spacing: var( --e-global-typography-18e5089-letter-spacing ); word-spacing: var( --e-global-typography-18e5089-word-spacing );\"><span style=\"color: #0000ff;\">&#8220;Celui&nbsp; qui penserait que la mission proph\u00e9tique de Fatima est achev\u00e9e se tromperait.&#8221;<\/span><\/em><\/p>\n<p><span style=\"color: var( --e-global-color-text ); font-family: var( --e-global-typography-18e5089-font-family ), Sans-serif; font-size: var( --e-global-typography-18e5089-font-size ); font-weight: var( --e-global-typography-18e5089-font-weight ); letter-spacing: var( --e-global-typography-18e5089-letter-spacing ); word-spacing: var( --e-global-typography-18e5089-word-spacing );\">Il indique ainsi clairement que nous sommes toujours et m\u00eame plus encore dans le \u201ctemps de Fatima\u201c et qu&#8217;il est plus que jamais important de suivre les demandes de Notre Dame fa\u00eetes \u00e0 Fatima, en particulier les 1er samedi du mois.<\/span><\/p>\n<p><span style=\"color: var( --e-global-color-text ); font-family: var( --e-global-typography-18e5089-font-family ), Sans-serif; font-size: var( --e-global-typography-18e5089-font-size ); font-weight: var( --e-global-typography-18e5089-font-weight ); letter-spacing: var( --e-global-typography-18e5089-letter-spacing ); word-spacing: var( --e-global-typography-18e5089-word-spacing );\">&nbsp;<\/span><\/p>\n<p><span style=\"color: var( --e-global-color-text ); font-family: var( --e-global-typography-18e5089-font-family ), Sans-serif; font-size: var( --e-global-typography-18e5089-font-size ); font-weight: var( --e-global-typography-18e5089-font-weight ); letter-spacing: var( --e-global-typography-18e5089-letter-spacing ); word-spacing: var( --e-global-typography-18e5089-word-spacing );\">Le&nbsp;<\/span><span style=\"color: var( --e-global-color-text ); font-family: var( --e-global-typography-18e5089-font-family ), Sans-serif; font-size: var( --e-global-typography-18e5089-font-size ); font-weight: var( --e-global-typography-18e5089-font-weight ); letter-spacing: var( --e-global-typography-18e5089-letter-spacing ); word-spacing: var( --e-global-typography-18e5089-word-spacing );\">25 mars 2022, dans cette m\u00eame logique, le pape Fran\u00e7ois continuera \u00e0 souligner l&#8217;importance de Fatima et consacrera <i>\u201cl&#8217;Eglise et l&#8217;humanit\u00e9 toute enti\u00e8re, en particulier la Russie et l&#8217;Ukraine\u201c <\/i>au Coeur Immacul\u00e9 de Marie. La Russie est mentionn\u00e9e pour la premi\u00e8re fois explicitement et cela montre l&#8217;importance de Fatima pour l&#8217;Eglise et le monde. Mais <strong>les 1er samedis du mois ne sont toujours pas mentionn\u00e9s et l&#8217;intervention de Notre Dame ne peut avoir lieu.<\/strong><\/span><\/p>\n<p><span style=\"color: var( --e-global-color-text ); font-family: var( --e-global-typography-18e5089-font-family ), Sans-serif; font-size: var( --e-global-typography-18e5089-font-size ); font-weight: var( --e-global-typography-18e5089-font-weight ); letter-spacing: var( --e-global-typography-18e5089-letter-spacing ); word-spacing: var( --e-global-typography-18e5089-word-spacing );\">&nbsp;<\/span><\/p>\n<p>Le temps passe et malheureusement, il n&#8217;y a toujours aucune action majeure de l&#8217;Eglise concernant cette deuxi\u00e8me demande de la Sainte Vierge n\u00e9cessaire pour obtenir la paix : <b>la reconnaissance officielle par le Pape dans toute l&#8217;Eglise de la d\u00e9votion r\u00e9paratrice des \u201c1er samedi du mois\u201c.&nbsp;&nbsp;<\/b><\/p>\n<p><b>&nbsp;<\/b><\/p>\n<p>Les \u00e9v\u00e9nements graves continuent de s&#8217;accumuler et la guerre menace.&nbsp;<\/p><p><br><\/p><p>L&#8217;anniversaire des 100 ans de la demande par Notre Dame des premiers samedis du mois intervient en 2025&nbsp; (<b>10 de diciembre de 2025<\/b>).<\/p><p><br><\/p>\n<p>En este a\u00f1o jubilar de los 100 a\u00f1os de los Primeros S\u00e1bados de Mes, actuemos ahora m\u00e1s que nunca y hagamos realidad los Primeros S\u00e1bados de Mes.&nbsp;<\/p><p>Comme dit Sainte Jacinthe voyante de Fatima: &#8220;<em style=\"color: var( --e-global-color-text ); font-family: var( --e-global-typography-18e5089-font-family ), Sans-serif; font-size: var( --e-global-typography-18e5089-font-size ); font-weight: var( --e-global-typography-18e5089-font-weight ); letter-spacing: var( --e-global-typography-18e5089-letter-spacing ); word-spacing: var( --e-global-typography-18e5089-word-spacing );\"><span style=\"color: #0000ff;\">&#8220;Il n&#8217;est jamais trop tard pour recourir aux Coeurs de J\u00e9sus et Marie.<\/span><\/em><\/p>\t\t\t\t\t\t\t\t<\/div>\n\t\t\t\t<\/div>\n\t\t\t\t\t<\/div>\n\t\t<\/div>\n\t\t\t\t\t<\/div>\n\t\t<\/section>\n\t\t\t\t<\/div>","protected":false},"excerpt":{"rendered":"<p>LES NEGLIGENCES DES HOMMES FACE AUX DEMANDES DES COEURS DE JESUS ET MARIE 1 &#8211; XVIII \u00e8me si\u00e8cle : le refus face \u00e0 l&#8217;appel du sacre-coeuR \u00a0 Les apparitions du Sacr\u00e9-C\u0153ur \u00e0 Paray-le-Monial [&hellip;]<\/p>","protected":false},"author":1,"featured_media":0,"parent":0,"menu_order":0,"comment_status":"closed","ping_status":"closed","template":"elementor_header_footer","meta":{"footnotes":""},"class_list":["post-444","page","type-page","status-publish","hentry"],"_links":{"self":[{"href":"https:\/\/salve-corda.org\/es\/wp-json\/wp\/v2\/pages\/444","targetHints":{"allow":["GET"]}}],"collection":[{"href":"https:\/\/salve-corda.org\/es\/wp-json\/wp\/v2\/pages"}],"about":[{"href":"https:\/\/salve-corda.org\/es\/wp-json\/wp\/v2\/types\/page"}],"author":[{"embeddable":true,"href":"https:\/\/salve-corda.org\/es\/wp-json\/wp\/v2\/users\/1"}],"replies":[{"embeddable":true,"href":"https:\/\/salve-corda.org\/es\/wp-json\/wp\/v2\/comments?post=444"}],"version-history":[{"count":202,"href":"https:\/\/salve-corda.org\/es\/wp-json\/wp\/v2\/pages\/444\/revisions"}],"predecessor-version":[{"id":17321,"href":"https:\/\/salve-corda.org\/es\/wp-json\/wp\/v2\/pages\/444\/revisions\/17321"}],"wp:attachment":[{"href":"https:\/\/salve-corda.org\/es\/wp-json\/wp\/v2\/media?parent=444"}],"curies":[{"name":"wp","href":"https:\/\/api.w.org\/{rel}","templated":true}]}}