{"id":459,"date":"2020-09-25T15:16:14","date_gmt":"2020-09-25T13:16:14","guid":{"rendered":"https:\/\/salve-corda.org\/?page_id=459"},"modified":"2022-12-12T00:51:49","modified_gmt":"2022-12-11T23:51:49","slug":"conseils-dorganisation","status":"publish","type":"page","link":"https:\/\/salve-corda.org\/es\/conseils-dorganisation\/","title":{"rendered":"Conseils d&#8217;organisation"},"content":{"rendered":"<div data-elementor-type=\"wp-page\" data-elementor-id=\"459\" class=\"elementor elementor-459\">\n\t\t\t\t\t\t<section class=\"elementor-section elementor-top-section elementor-element elementor-element-fb79729 elementor-section-boxed elementor-section-height-default elementor-section-height-default\" data-id=\"fb79729\" data-element_type=\"section\" data-e-type=\"section\">\n\t\t\t\t\t\t<div class=\"elementor-container elementor-column-gap-default\">\n\t\t\t\t\t<div class=\"elementor-column elementor-col-100 elementor-top-column elementor-element elementor-element-468c34b\" data-id=\"468c34b\" data-element_type=\"column\" data-e-type=\"column\">\n\t\t\t<div class=\"elementor-widget-wrap\">\n\t\t\t\t\t\t\t<\/div>\n\t\t<\/div>\n\t\t\t\t\t<\/div>\n\t\t<\/section>\n\t\t\t\t<section class=\"elementor-section elementor-top-section elementor-element elementor-element-4ff3a98 elementor-section-boxed elementor-section-height-default elementor-section-height-default\" data-id=\"4ff3a98\" data-element_type=\"section\" data-e-type=\"section\">\n\t\t\t\t\t\t<div class=\"elementor-container elementor-column-gap-default\">\n\t\t\t\t\t<div class=\"elementor-column elementor-col-100 elementor-top-column elementor-element elementor-element-cdf1ab3\" data-id=\"cdf1ab3\" data-element_type=\"column\" data-e-type=\"column\">\n\t\t\t<div class=\"elementor-widget-wrap elementor-element-populated\">\n\t\t\t\t\t\t<div class=\"elementor-element elementor-element-0e03f11 elementor-widget elementor-widget-heading\" data-id=\"0e03f11\" data-element_type=\"widget\" data-e-type=\"widget\" data-widget_type=\"heading.default\">\n\t\t\t\t<div class=\"elementor-widget-container\">\n\t\t\t\t\t<h2 class=\"elementor-heading-title elementor-size-default\">Consejos pr\u00e1cticos para llevar a cabo las peticiones de los CURSOS DE JES\u00daS Y MAR\u00cdA<\/h2>\t\t\t\t<\/div>\n\t\t\t\t<\/div>\n\t\t\t\t\t<\/div>\n\t\t<\/div>\n\t\t\t\t\t<\/div>\n\t\t<\/section>\n\t\t\t\t<section class=\"elementor-section elementor-top-section elementor-element elementor-element-ed4fea0 elementor-section-boxed elementor-section-height-default elementor-section-height-default\" data-id=\"ed4fea0\" data-element_type=\"section\" data-e-type=\"section\">\n\t\t\t\t\t\t<div class=\"elementor-container elementor-column-gap-default\">\n\t\t\t\t\t<div class=\"elementor-column elementor-col-100 elementor-top-column elementor-element elementor-element-a57c360\" data-id=\"a57c360\" data-element_type=\"column\" data-e-type=\"column\">\n\t\t\t<div class=\"elementor-widget-wrap elementor-element-populated\">\n\t\t\t\t\t\t<div class=\"elementor-element elementor-element-9e732da elementor-widget elementor-widget-heading\" data-id=\"9e732da\" data-element_type=\"widget\" data-e-type=\"widget\" data-widget_type=\"heading.default\">\n\t\t\t\t<div class=\"elementor-widget-container\">\n\t\t\t\t\t<h3 class=\"elementor-heading-title elementor-size-default\">Comuni\u00f3n el primer s\u00e1bado de mes\n<\/h3>\t\t\t\t<\/div>\n\t\t\t\t<\/div>\n\t\t\t\t\t<\/div>\n\t\t<\/div>\n\t\t\t\t\t<\/div>\n\t\t<\/section>\n\t\t\t\t<section class=\"elementor-section elementor-top-section elementor-element elementor-element-a81c638 elementor-section-boxed elementor-section-height-default elementor-section-height-default\" data-id=\"a81c638\" data-element_type=\"section\" data-e-type=\"section\">\n\t\t\t\t\t\t<div class=\"elementor-container elementor-column-gap-default\">\n\t\t\t\t\t<div class=\"elementor-column elementor-col-50 elementor-top-column elementor-element elementor-element-8e52b7c\" data-id=\"8e52b7c\" data-element_type=\"column\" data-e-type=\"column\">\n\t\t\t<div class=\"elementor-widget-wrap elementor-element-populated\">\n\t\t\t\t\t\t<div class=\"elementor-element elementor-element-4b994a0 elementor-widget elementor-widget-text-editor\" data-id=\"4b994a0\" data-element_type=\"widget\" data-e-type=\"widget\" data-widget_type=\"text-editor.default\">\n\t\t\t\t<div class=\"elementor-widget-container\">\n\t\t\t\t\t\t\t\t\t<p><span style=\"color: var( --e-global-color-text ); font-family: var( --e-global-typography-18e5089-font-family ), Sans-serif; font-size: var( --e-global-typography-18e5089-font-size ); font-weight: var( --e-global-typography-18e5089-font-weight ); letter-spacing: var( --e-global-typography-18e5089-letter-spacing );\">Anota en tu agenda los primeros s\u00e1bados de mes, igual que anotas las citas importantes. \u00a1No puedes faltar a una cita personal con el Rey y la Reina del Cielo!<\/span><\/p><p><span style=\"color: var( --e-global-color-text ); font-family: var( --e-global-typography-18e5089-font-family ), Sans-serif; font-size: var( --e-global-typography-18e5089-font-size ); font-weight: var( --e-global-typography-18e5089-font-weight ); letter-spacing: var( --e-global-typography-18e5089-letter-spacing );\">\u00a0<\/span><\/p><p>Las celebraciones de los primeros s\u00e1bados (comuni\u00f3n, rosario, meditaci\u00f3n, confesi\u00f3n en 8 d\u00edas) se organizan en las ciudades Salve Corda. Si no hay ninguna \"cit\u00e9\" cerca, vaya a misa el s\u00e1bado por la ma\u00f1ana por su cuenta, rece el rosario y medite durante 15 minutos sobre los misterios del Rosario.<\/p><p>\u00a0<\/p><p>\u00a0<\/p><p><i>Note : s&#8217;il n\u2019y que la Messe anticip\u00e9e du samedi soir \u00e0 proximit\u00e9, on peut y assister pour communier<\/i><i>\u00a0(et n&#8217;oubliez pas d&#8217;aller \u00e0 la Messe le dimanche!) .<\/i><\/p><p><i>\u00a0<\/i><\/p><p><span style=\"color: var( --e-global-color-text ); font-family: var( --e-global-typography-18e5089-font-family ), Sans-serif; font-size: var( --e-global-typography-18e5089-font-size ); font-weight: var( --e-global-typography-18e5089-font-weight ); letter-spacing: var( --e-global-typography-18e5089-letter-spacing );\">Las confesiones pueden tener lugar 8 d\u00edas antes o despu\u00e9s de los primeros s\u00e1bados de mes. En las ciudades Salve Corda, estas confesiones se organizan generalmente el primer s\u00e1bado del mes.<\/span><i><br \/><\/i><\/p>\t\t\t\t\t\t\t\t<\/div>\n\t\t\t\t<\/div>\n\t\t\t\t\t<\/div>\n\t\t<\/div>\n\t\t\t\t<div class=\"elementor-column elementor-col-50 elementor-top-column elementor-element elementor-element-c366d53\" data-id=\"c366d53\" data-element_type=\"column\" data-e-type=\"column\">\n\t\t\t<div class=\"elementor-widget-wrap elementor-element-populated\">\n\t\t\t\t\t\t<div class=\"elementor-element elementor-element-a5a200c elementor-widget elementor-widget-image\" data-id=\"a5a200c\" data-element_type=\"widget\" data-e-type=\"widget\" data-widget_type=\"image.default\">\n\t\t\t\t<div class=\"elementor-widget-container\">\n\t\t\t\t\t\t\t\t\t\t\t\t\t\t\t<img fetchpriority=\"high\" decoding=\"async\" width=\"640\" height=\"1014\" src=\"https:\/\/salve-corda.org\/wp-content\/uploads\/2022\/03\/IMAGE-2022-03-16-135342-646x1024.jpg\" class=\"attachment-large size-large wp-image-5016\" alt=\"\" srcset=\"https:\/\/salve-corda.org\/wp-content\/uploads\/2022\/03\/IMAGE-2022-03-16-135342-646x1024.jpg 646w, https:\/\/salve-corda.org\/wp-content\/uploads\/2022\/03\/IMAGE-2022-03-16-135342-189x300.jpg 189w, https:\/\/salve-corda.org\/wp-content\/uploads\/2022\/03\/IMAGE-2022-03-16-135342-768x1218.jpg 768w, https:\/\/salve-corda.org\/wp-content\/uploads\/2022\/03\/IMAGE-2022-03-16-135342.jpg 802w\" sizes=\"(max-width: 640px) 100vw, 640px\" \/>\t\t\t\t\t\t\t\t\t\t\t\t\t\t\t<\/div>\n\t\t\t\t<\/div>\n\t\t\t\t\t<\/div>\n\t\t<\/div>\n\t\t\t\t\t<\/div>\n\t\t<\/section>\n\t\t\t\t<section class=\"elementor-section elementor-top-section elementor-element elementor-element-5b3baec elementor-section-boxed elementor-section-height-default elementor-section-height-default\" data-id=\"5b3baec\" data-element_type=\"section\" data-e-type=\"section\" data-settings=\"{&quot;background_background&quot;:&quot;classic&quot;}\">\n\t\t\t\t\t\t<div class=\"elementor-container elementor-column-gap-default\">\n\t\t\t\t\t<div class=\"elementor-column elementor-col-100 elementor-top-column elementor-element elementor-element-bae06a8\" data-id=\"bae06a8\" data-element_type=\"column\" data-e-type=\"column\">\n\t\t\t<div class=\"elementor-widget-wrap elementor-element-populated\">\n\t\t\t\t\t\t<div class=\"elementor-element elementor-element-a1dcacf elementor-widget elementor-widget-heading\" data-id=\"a1dcacf\" data-element_type=\"widget\" data-e-type=\"widget\" data-widget_type=\"heading.default\">\n\t\t\t\t<div class=\"elementor-widget-container\">\n\t\t\t\t\t<h3 class=\"elementor-heading-title elementor-size-default\">puerto de la esc\u00e1pula<\/h3>\t\t\t\t<\/div>\n\t\t\t\t<\/div>\n\t\t\t\t\t<\/div>\n\t\t<\/div>\n\t\t\t\t\t<\/div>\n\t\t<\/section>\n\t\t\t\t<section class=\"elementor-section elementor-top-section elementor-element elementor-element-25cd3ed elementor-section-boxed elementor-section-height-default elementor-section-height-default\" data-id=\"25cd3ed\" data-element_type=\"section\" data-e-type=\"section\" data-settings=\"{&quot;background_background&quot;:&quot;classic&quot;}\">\n\t\t\t\t\t\t<div class=\"elementor-container elementor-column-gap-default\">\n\t\t\t\t\t<div class=\"elementor-column elementor-col-50 elementor-top-column elementor-element elementor-element-01a443a\" data-id=\"01a443a\" data-element_type=\"column\" data-e-type=\"column\">\n\t\t\t<div class=\"elementor-widget-wrap elementor-element-populated\">\n\t\t\t\t\t\t<div class=\"elementor-element elementor-element-b02b46b elementor-widget elementor-widget-image\" data-id=\"b02b46b\" data-element_type=\"widget\" data-e-type=\"widget\" data-widget_type=\"image.default\">\n\t\t\t\t<div class=\"elementor-widget-container\">\n\t\t\t\t\t\t\t\t\t\t\t\t\t\t\t<img decoding=\"async\" width=\"640\" height=\"381\" src=\"https:\/\/salve-corda.org\/wp-content\/uploads\/2021\/07\/scapulaire-1024x610.png\" class=\"attachment-large size-large wp-image-866\" alt=\"\" srcset=\"https:\/\/salve-corda.org\/wp-content\/uploads\/2021\/07\/scapulaire-1024x610.png 1024w, https:\/\/salve-corda.org\/wp-content\/uploads\/2021\/07\/scapulaire-300x179.png 300w, https:\/\/salve-corda.org\/wp-content\/uploads\/2021\/07\/scapulaire-768x457.png 768w, https:\/\/salve-corda.org\/wp-content\/uploads\/2021\/07\/scapulaire.png 1290w\" sizes=\"(max-width: 640px) 100vw, 640px\" \/>\t\t\t\t\t\t\t\t\t\t\t\t\t\t\t<\/div>\n\t\t\t\t<\/div>\n\t\t\t\t\t<\/div>\n\t\t<\/div>\n\t\t\t\t<div class=\"elementor-column elementor-col-50 elementor-top-column elementor-element elementor-element-57365ae\" data-id=\"57365ae\" data-element_type=\"column\" data-e-type=\"column\">\n\t\t\t<div class=\"elementor-widget-wrap elementor-element-populated\">\n\t\t\t\t\t\t<div class=\"elementor-element elementor-element-7a88144 elementor-widget elementor-widget-text-editor\" data-id=\"7a88144\" data-element_type=\"widget\" data-e-type=\"widget\" data-widget_type=\"text-editor.default\">\n\t\t\t\t<div class=\"elementor-widget-container\">\n\t\t\t\t\t\t\t\t\t<p>Pour porter le scapulaire de Notre-Dame du Mont Carmel (\u00e0 ne pas confondre avec le scapulaire vert) il suffit d&#8217;en acheter dans les boutiques des monast\u00e8res par exemple.\u00a0<\/p><p>\u00a0<\/p><p>El escapulario debe ser entregado por un sacerdote seg\u00fan una ceremonia especial. Esto corresponde a la \"toma de h\u00e1bito\" y puede hacerse al mismo tiempo que su consagraci\u00f3n o los primeros s\u00e1bados de mes. El escapulario puede llevarse en forma de pa\u00f1o, pero San P\u00edo X ha permitido que se lleve en forma de medalla si las condiciones as\u00ed lo exigen.<\/p>\t\t\t\t\t\t\t\t<\/div>\n\t\t\t\t<\/div>\n\t\t\t\t\t<\/div>\n\t\t<\/div>\n\t\t\t\t\t<\/div>\n\t\t<\/section>\n\t\t\t\t<section class=\"elementor-section elementor-top-section elementor-element elementor-element-8a4c0cf elementor-section-boxed elementor-section-height-default elementor-section-height-default\" data-id=\"8a4c0cf\" data-element_type=\"section\" data-e-type=\"section\">\n\t\t\t\t\t\t<div class=\"elementor-container elementor-column-gap-default\">\n\t\t\t\t\t<div class=\"elementor-column elementor-col-50 elementor-top-column elementor-element elementor-element-9fe6f9c\" data-id=\"9fe6f9c\" data-element_type=\"column\" data-e-type=\"column\">\n\t\t\t<div class=\"elementor-widget-wrap elementor-element-populated\">\n\t\t\t\t\t\t<div class=\"elementor-element elementor-element-952dc23 elementor-widget elementor-widget-heading\" data-id=\"952dc23\" data-element_type=\"widget\" data-e-type=\"widget\" data-widget_type=\"heading.default\">\n\t\t\t\t<div class=\"elementor-widget-container\">\n\t\t\t\t\t<h3 class=\"elementor-heading-title elementor-size-default\">rosario diario<\/h3>\t\t\t\t<\/div>\n\t\t\t\t<\/div>\n\t\t\t\t<div class=\"elementor-element elementor-element-4a63fb9 elementor-widget elementor-widget-text-editor\" data-id=\"4a63fb9\" data-element_type=\"widget\" data-e-type=\"widget\" data-widget_type=\"text-editor.default\">\n\t\t\t\t<div class=\"elementor-widget-container\">\n\t\t\t\t\t\t\t\t\t<p>Dans notre vie tr\u00e8s occup\u00e9e, r\u00e9citer quotidiennement le chapelet peut \u00eatre pour certains un effort relativement important. Si c&#8217;est trop compliqu\u00e9,<b>\u00a0<\/b>on n&#8217;est pas oblig\u00e9 de le r\u00e9citer en une seule fois ni dans un lieu sp\u00e9cial.\u00a0<span style=\"color: var( --e-global-color-text ); font-family: var( --e-global-typography-18e5089-font-family ), Sans-serif; font-size: var( --e-global-typography-18e5089-font-size ); font-weight: var( --e-global-typography-18e5089-font-weight ); letter-spacing: var( --e-global-typography-18e5089-letter-spacing );\">Por ejemplo, podemos rezar las diez primeras como oraci\u00f3n de la ma\u00f1ana, la \u00faltima como oraci\u00f3n de la tarde y la \u00faltima como oraci\u00f3n de la noche.<\/span><span style=\"color: var( --e-global-color-text ); font-family: var( --e-global-typography-18e5089-font-family ), Sans-serif; font-size: var( --e-global-typography-18e5089-font-size ); font-weight: var( --e-global-typography-18e5089-font-weight ); letter-spacing: var( --e-global-typography-18e5089-letter-spacing );\">\u00a0distribuir las otras decenas a lo largo del d\u00eda, durante los viajes, etc. Es incluso una forma de <\/span><span style=\"color: var( --e-global-color-text ); font-family: var( --e-global-typography-18e5089-font-family ), Sans-serif; font-size: var( --e-global-typography-18e5089-font-size ); font-weight: var( --e-global-typography-18e5089-font-weight ); letter-spacing: var( --e-global-typography-18e5089-letter-spacing );\">convivir con la Sant\u00edsima Virgen durante todo el d\u00eda <\/span><span style=\"color: var( --e-global-color-text ); font-family: var( --e-global-typography-18e5089-font-family ), Sans-serif; font-size: var( --e-global-typography-18e5089-font-size ); font-weight: var( --e-global-typography-18e5089-font-weight ); letter-spacing: var( --e-global-typography-18e5089-letter-spacing );\">y en modo alguno resta valor a esta oraci\u00f3n.\u00a0<\/span><\/p>\t\t\t\t\t\t\t\t<\/div>\n\t\t\t\t<\/div>\n\t\t\t\t\t<\/div>\n\t\t<\/div>\n\t\t\t\t<div class=\"elementor-column elementor-col-50 elementor-top-column elementor-element elementor-element-16fe7c0\" data-id=\"16fe7c0\" data-element_type=\"column\" data-e-type=\"column\">\n\t\t\t<div class=\"elementor-widget-wrap elementor-element-populated\">\n\t\t\t\t\t\t<div class=\"elementor-element elementor-element-db32bda elementor-widget elementor-widget-image\" data-id=\"db32bda\" data-element_type=\"widget\" data-e-type=\"widget\" data-widget_type=\"image.default\">\n\t\t\t\t<div class=\"elementor-widget-container\">\n\t\t\t\t\t\t\t\t\t\t\t\t\t\t\t<img decoding=\"async\" width=\"340\" height=\"227\" src=\"https:\/\/salve-corda.org\/wp-content\/uploads\/2021\/11\/chapelet-mains.jpg\" class=\"attachment-large size-large wp-image-4076\" alt=\"\" srcset=\"https:\/\/salve-corda.org\/wp-content\/uploads\/2021\/11\/chapelet-mains.jpg 340w, https:\/\/salve-corda.org\/wp-content\/uploads\/2021\/11\/chapelet-mains-300x200.jpg 300w\" sizes=\"(max-width: 340px) 100vw, 340px\" \/>\t\t\t\t\t\t\t\t\t\t\t\t\t\t\t<\/div>\n\t\t\t\t<\/div>\n\t\t\t\t\t<\/div>\n\t\t<\/div>\n\t\t\t\t\t<\/div>\n\t\t<\/section>\n\t\t\t\t<section class=\"elementor-section elementor-top-section elementor-element elementor-element-998f20f elementor-section-boxed elementor-section-height-default elementor-section-height-default\" data-id=\"998f20f\" data-element_type=\"section\" data-e-type=\"section\" data-settings=\"{&quot;background_background&quot;:&quot;classic&quot;}\">\n\t\t\t\t\t\t<div class=\"elementor-container elementor-column-gap-default\">\n\t\t\t\t\t<div class=\"elementor-column elementor-col-100 elementor-top-column elementor-element elementor-element-7475614\" data-id=\"7475614\" data-element_type=\"column\" data-e-type=\"column\">\n\t\t\t<div class=\"elementor-widget-wrap elementor-element-populated\">\n\t\t\t\t\t\t<div class=\"elementor-element elementor-element-70aa673 elementor-widget elementor-widget-heading\" data-id=\"70aa673\" data-element_type=\"widget\" data-e-type=\"widget\" data-widget_type=\"heading.default\">\n\t\t\t\t<div class=\"elementor-widget-container\">\n\t\t\t\t\t<h3 class=\"elementor-heading-title elementor-size-default\">Ofreciendo DIficultades de su deber estatal <\/h3>\t\t\t\t<\/div>\n\t\t\t\t<\/div>\n\t\t\t\t\t<\/div>\n\t\t<\/div>\n\t\t\t\t\t<\/div>\n\t\t<\/section>\n\t\t\t\t<section class=\"elementor-section elementor-top-section elementor-element elementor-element-ca56459 elementor-section-boxed elementor-section-height-default elementor-section-height-default\" data-id=\"ca56459\" data-element_type=\"section\" data-e-type=\"section\" data-settings=\"{&quot;background_background&quot;:&quot;classic&quot;}\">\n\t\t\t\t\t\t<div class=\"elementor-container elementor-column-gap-default\">\n\t\t\t\t\t<div class=\"elementor-column elementor-col-50 elementor-top-column elementor-element elementor-element-8a7d9c6\" data-id=\"8a7d9c6\" data-element_type=\"column\" data-e-type=\"column\">\n\t\t\t<div class=\"elementor-widget-wrap elementor-element-populated\">\n\t\t\t\t\t\t<div class=\"elementor-element elementor-element-98d5f5d elementor-widget elementor-widget-image\" data-id=\"98d5f5d\" data-element_type=\"widget\" data-e-type=\"widget\" data-widget_type=\"image.default\">\n\t\t\t\t<div class=\"elementor-widget-container\">\n\t\t\t\t\t\t\t\t\t\t\t\t\t\t\t<img loading=\"lazy\" decoding=\"async\" width=\"640\" height=\"426\" src=\"https:\/\/salve-corda.org\/wp-content\/uploads\/2021\/07\/sainte-famille.png\" class=\"attachment-large size-large wp-image-872\" alt=\"\" srcset=\"https:\/\/salve-corda.org\/wp-content\/uploads\/2021\/07\/sainte-famille.png 700w, https:\/\/salve-corda.org\/wp-content\/uploads\/2021\/07\/sainte-famille-300x200.png 300w\" sizes=\"(max-width: 640px) 100vw, 640px\" \/>\t\t\t\t\t\t\t\t\t\t\t\t\t\t\t<\/div>\n\t\t\t\t<\/div>\n\t\t\t\t\t<\/div>\n\t\t<\/div>\n\t\t\t\t<div class=\"elementor-column elementor-col-50 elementor-top-column elementor-element elementor-element-04dc9a8\" data-id=\"04dc9a8\" data-element_type=\"column\" data-e-type=\"column\">\n\t\t\t<div class=\"elementor-widget-wrap elementor-element-populated\">\n\t\t\t\t\t\t<div class=\"elementor-element elementor-element-b19e7c7 elementor-widget elementor-widget-text-editor\" data-id=\"b19e7c7\" data-element_type=\"widget\" data-e-type=\"widget\" data-widget_type=\"text-editor.default\">\n\t\t\t\t<div class=\"elementor-widget-container\">\n\t\t\t\t\t\t\t\t\t<p>La Sainte Vierge a expliqu\u00e9 \u00e0 Fatima que dans le monde moderne elle ne nous demandait pas de p\u00e9nitence particuli\u00e8re mais simplement d&#8217;offrir les difficult\u00e9s de son devoir d&#8217;\u00e9tat pour la conversion des p\u00e9cheurs. Il suffit d\u2019y penser r\u00e9guli\u00e8rement et d\u2019en acqu\u00e9rir le r\u00e9flexe. D\u00e8s qu\u2019une souffrance, une difficult\u00e9, un sentiment de lassitude appara\u00eet, nous devons l&#8217;offrir \u00e0 Marie pour qu\u2019Elle sauve des p\u00e9cheurs qui vont mourir aujourd&#8217;hui. Rapidement cette pratique va rentrer dans notre vie quotidienne, et non seulement nous sauverons une multitude de p\u00e9cheurs, mais nous verrons que les peines de notre devoir d\u2019\u00e9tat deviendront plus faciles \u00e0 porter.*<\/p><p>\u00a0<\/p><p>\u00a0<\/p><p>* <i>No son nuestros peque\u00f1os esfuerzos en s\u00ed mismos los que marcan la diferencia.<\/i><i>es<\/i><i> que permiten salvar a las almas. Este es el poder de la Sant\u00edsima Virgen. Pero por respeto a la<\/i><i>a<\/i><i> libertad humana que necesita\u00a0<\/i><i>a<b> acto libre<\/b>planteado <\/i><i>por nosotros mismos, para intervenir.<\/i><\/p>\t\t\t\t\t\t\t\t<\/div>\n\t\t\t\t<\/div>\n\t\t\t\t\t<\/div>\n\t\t<\/div>\n\t\t\t\t\t<\/div>\n\t\t<\/section>\n\t\t\t\t<section class=\"elementor-section elementor-top-section elementor-element elementor-element-3b2016d elementor-section-boxed elementor-section-height-default elementor-section-height-default\" data-id=\"3b2016d\" data-element_type=\"section\" data-e-type=\"section\">\n\t\t\t\t\t\t<div class=\"elementor-container elementor-column-gap-default\">\n\t\t\t\t\t<div class=\"elementor-column elementor-col-100 elementor-top-column elementor-element elementor-element-f43c3d9\" data-id=\"f43c3d9\" data-element_type=\"column\" data-e-type=\"column\">\n\t\t\t<div class=\"elementor-widget-wrap elementor-element-populated\">\n\t\t\t\t\t\t<div class=\"elementor-element elementor-element-5428cf3 elementor-widget elementor-widget-heading\" data-id=\"5428cf3\" data-element_type=\"widget\" data-e-type=\"widget\" data-widget_type=\"heading.default\">\n\t\t\t\t<div class=\"elementor-widget-container\">\n\t\t\t\t\t<h3 class=\"elementor-heading-title elementor-size-default\">CONSECRACI\u00d3N al Inmaculado Coraz\u00f3n de Mar\u00eda <\/h3>\t\t\t\t<\/div>\n\t\t\t\t<\/div>\n\t\t\t\t<div class=\"elementor-element elementor-element-785d65b elementor-widget elementor-widget-text-editor\" data-id=\"785d65b\" data-element_type=\"widget\" data-e-type=\"widget\" data-widget_type=\"text-editor.default\">\n\t\t\t\t<div class=\"elementor-widget-container\">\n\t\t\t\t\t\t\t\t\t<p><span style=\"color: var( --e-global-color-text ); font-family: var( --e-global-typography-18e5089-font-family ), Sans-serif; font-size: var( --e-global-typography-18e5089-font-size ); font-weight: var( --e-global-typography-18e5089-font-weight ); letter-spacing: var( --e-global-typography-18e5089-letter-spacing );\">La consagraci\u00f3n es un don de s\u00ed mismo al Coraz\u00f3n Inmaculado de Mar\u00eda y debe hacerse una vez en la vida. Pero conviene renovarla cada a\u00f1o.\u00a0<\/span><span style=\"color: var( --e-global-color-text ); font-family: var( --e-global-typography-18e5089-font-family ), Sans-serif; font-size: var( --e-global-typography-18e5089-font-size ); font-weight: var( --e-global-typography-18e5089-font-weight ); letter-spacing: var( --e-global-typography-18e5089-letter-spacing );\">No hay normas especiales para ello. Pero teniendo en cuenta <\/span><b style=\"color: var( --e-global-color-text ); font-family: var( --e-global-typography-18e5089-font-family ), Sans-serif; font-size: var( --e-global-typography-18e5089-font-size ); letter-spacing: var( --e-global-typography-18e5089-letter-spacing );\">la importancia de dicho compromiso <\/b><span style=\"color: var( --e-global-color-text ); font-family: var( --e-global-typography-18e5089-font-family ), Sans-serif; font-size: var( --e-global-typography-18e5089-font-size ); font-weight: var( --e-global-typography-18e5089-font-weight ); letter-spacing: var( --e-global-typography-18e5089-letter-spacing );\">se puede utilizar el siguiente m\u00e9todo:<\/span><\/p><p><span style=\"color: var( --e-global-color-text ); font-family: var( --e-global-typography-18e5089-font-family ), Sans-serif; font-size: var( --e-global-typography-18e5089-font-size ); font-weight: var( --e-global-typography-18e5089-font-weight ); letter-spacing: var( --e-global-typography-18e5089-letter-spacing );\">\u00a0<\/span><\/p><p>Prep\u00e1rese internamente y elija una fecha especial (una celebraci\u00f3n importante, una fecha personal, etc.).\u00a0<\/p><p>El d\u00eda elegido, haz tu promesa en una iglesia o capilla ante el Sant\u00edsimo Sacramento, si es posible despu\u00e9s de recibir la Sagrada Comuni\u00f3n.<\/p><p>Para celebrar la ocasi\u00f3n, h\u00e1galo en presencia de familiares o amigos \u00edntimos (si no tiene a nadie, no est\u00e1 solo: haga su promesa con su \u00c1ngel de la Guarda).<\/p><p>\u00a0<\/p><p>\u00a0<\/p><p>Puesto que los Corazones de Jes\u00fas y de Mar\u00eda son inseparables, tiene sentido hacer un solo coraz\u00f3n. <u><b>consagraci\u00f3n a los dos Corazones de Jes\u00fas y de Mar\u00eda<\/b><\/u> en lugar de dos consagraciones separadas.<\/p><p>Vous trouverez dans l\u2019onglet &#8220;pri\u00e8res&#8221; diff\u00e9rentes cons\u00e9crations.<\/p>\t\t\t\t\t\t\t\t<\/div>\n\t\t\t\t<\/div>\n\t\t\t\t\t<\/div>\n\t\t<\/div>\n\t\t\t\t\t<\/div>\n\t\t<\/section>\n\t\t\t\t<section class=\"elementor-section elementor-top-section elementor-element elementor-element-0078546 elementor-section-boxed elementor-section-height-default elementor-section-height-default\" data-id=\"0078546\" data-element_type=\"section\" data-e-type=\"section\" data-settings=\"{&quot;background_background&quot;:&quot;classic&quot;}\">\n\t\t\t\t\t\t<div class=\"elementor-container elementor-column-gap-default\">\n\t\t\t\t\t<div class=\"elementor-column elementor-col-100 elementor-top-column elementor-element elementor-element-f24a7e2\" data-id=\"f24a7e2\" data-element_type=\"column\" data-e-type=\"column\">\n\t\t\t<div class=\"elementor-widget-wrap elementor-element-populated\">\n\t\t\t\t\t\t<div class=\"elementor-element elementor-element-c669868 elementor-widget elementor-widget-heading\" data-id=\"c669868\" data-element_type=\"widget\" data-e-type=\"widget\" data-widget_type=\"heading.default\">\n\t\t\t\t<div class=\"elementor-widget-container\">\n\t\t\t\t\t<h2 class=\"elementor-heading-title elementor-size-default\">Consejos para los que tambi\u00e9n quieren cumplir las peticiones del sagrado coraz\u00f3n<\/h2>\t\t\t\t<\/div>\n\t\t\t\t<\/div>\n\t\t\t\t\t<\/div>\n\t\t<\/div>\n\t\t\t\t\t<\/div>\n\t\t<\/section>\n\t\t\t\t<section class=\"elementor-section elementor-top-section elementor-element elementor-element-77ed42e elementor-section-boxed elementor-section-height-default elementor-section-height-default\" data-id=\"77ed42e\" data-element_type=\"section\" data-e-type=\"section\" data-settings=\"{&quot;background_background&quot;:&quot;classic&quot;}\">\n\t\t\t\t\t\t<div class=\"elementor-container elementor-column-gap-default\">\n\t\t\t\t\t<div class=\"elementor-column elementor-col-100 elementor-top-column elementor-element elementor-element-88f0cb0\" data-id=\"88f0cb0\" data-element_type=\"column\" data-e-type=\"column\">\n\t\t\t<div class=\"elementor-widget-wrap elementor-element-populated\">\n\t\t\t\t\t\t<div class=\"elementor-element elementor-element-81c196f elementor-widget elementor-widget-text-editor\" data-id=\"81c196f\" data-element_type=\"widget\" data-e-type=\"widget\" data-widget_type=\"text-editor.default\">\n\t\t\t\t<div class=\"elementor-widget-container\">\n\t\t\t\t\t\t\t\t\t<p>hora santa del jueves<\/p>\t\t\t\t\t\t\t\t<\/div>\n\t\t\t\t<\/div>\n\t\t\t\t\t<\/div>\n\t\t<\/div>\n\t\t\t\t\t<\/div>\n\t\t<\/section>\n\t\t\t\t<section class=\"elementor-section elementor-top-section elementor-element elementor-element-58a6563 elementor-section-boxed elementor-section-height-default elementor-section-height-default\" data-id=\"58a6563\" data-element_type=\"section\" data-e-type=\"section\" data-settings=\"{&quot;background_background&quot;:&quot;classic&quot;}\">\n\t\t\t\t\t\t<div class=\"elementor-container elementor-column-gap-default\">\n\t\t\t\t\t<div class=\"elementor-column elementor-col-50 elementor-top-column elementor-element elementor-element-c82c0dc\" data-id=\"c82c0dc\" data-element_type=\"column\" data-e-type=\"column\">\n\t\t\t<div class=\"elementor-widget-wrap elementor-element-populated\">\n\t\t\t\t\t\t<div class=\"elementor-element elementor-element-7fc4666 elementor-widget elementor-widget-image\" data-id=\"7fc4666\" data-element_type=\"widget\" data-e-type=\"widget\" data-widget_type=\"image.default\">\n\t\t\t\t<div class=\"elementor-widget-container\">\n\t\t\t\t\t\t\t\t\t\t\t\t\t\t\t<img loading=\"lazy\" decoding=\"async\" width=\"466\" height=\"600\" src=\"https:\/\/salve-corda.org\/wp-content\/uploads\/2021\/09\/agonie-de-jesus.jpg\" class=\"attachment-large size-large wp-image-2223\" alt=\"\" srcset=\"https:\/\/salve-corda.org\/wp-content\/uploads\/2021\/09\/agonie-de-jesus.jpg 466w, https:\/\/salve-corda.org\/wp-content\/uploads\/2021\/09\/agonie-de-jesus-233x300.jpg 233w\" sizes=\"(max-width: 466px) 100vw, 466px\" \/>\t\t\t\t\t\t\t\t\t\t\t\t\t\t\t<\/div>\n\t\t\t\t<\/div>\n\t\t\t\t\t<\/div>\n\t\t<\/div>\n\t\t\t\t<div class=\"elementor-column elementor-col-50 elementor-top-column elementor-element elementor-element-86e50c2\" data-id=\"86e50c2\" data-element_type=\"column\" data-e-type=\"column\">\n\t\t\t<div class=\"elementor-widget-wrap elementor-element-populated\">\n\t\t\t\t\t\t<div class=\"elementor-element elementor-element-7f05b50 elementor-widget elementor-widget-text-editor\" data-id=\"7f05b50\" data-element_type=\"widget\" data-e-type=\"widget\" data-widget_type=\"text-editor.default\">\n\t\t\t\t<div class=\"elementor-widget-container\">\n\t\t\t\t\t\t\t\t\t<p>Cristo pidi\u00f3 a Santa Margarita Mar\u00eda que velara y meditara durante una hora todos los jueves, de 23 a 24 horas, en memoria de su dolor mortal en el Huerto de los Olivos.\u00a0<\/p><p><span style=\"color: var( --e-global-color-text ); font-family: var( --e-global-typography-text-font-family ), Sans-serif; font-size: var( --e-global-typography-text-font-size ); font-weight: var( --e-global-typography-text-font-weight );\">\u00a0<\/span><\/p><p><span style=\"color: var( --e-global-color-text ); font-family: var( --e-global-typography-text-font-family ), Sans-serif; font-size: var( --e-global-typography-text-font-size ); font-weight: var( --e-global-typography-text-font-weight );\">L&#8217;horaire a \u00e9t\u00e9 assoupli par les papes pour des raisons mat\u00e9rielles, tout le monde ne pouvant pas forc\u00e9ment \u00eatre disponible \u00e0 cette heure-l\u00e0 en raison de son devoir d&#8217;\u00e9tat. Ils ont permis que cette Heure Sainte soit r\u00e9alis\u00e9e le jeudi entre 14 heures et minuit.<\/span><\/p><p><span style=\"color: var( --e-global-color-text ); font-family: var( --e-global-typography-text-font-family ), Sans-serif; font-size: var( --e-global-typography-text-font-size ); font-weight: var( --e-global-typography-text-font-weight );\">\u00a0<\/span><\/p><p>Nous conseillons de commencer au moins une fois par mois et de se rassembler pour faire l&#8217;Heure Sainte <b>la v\u00edspera del primer viernes del mes<\/b>. Pour \u00eatre nombreux et tenir compte de la vie \u00e0 la fois professionnelle et familiale il est recommand\u00e9 aux cit\u00e9s de l&#8217;organiser dans une Eglise vers 21 ou 22 heures.<\/p>\t\t\t\t\t\t\t\t<\/div>\n\t\t\t\t<\/div>\n\t\t\t\t\t<\/div>\n\t\t<\/div>\n\t\t\t\t\t<\/div>\n\t\t<\/section>\n\t\t\t\t<section class=\"elementor-section elementor-top-section elementor-element elementor-element-82212f1 elementor-section-boxed elementor-section-height-default elementor-section-height-default\" data-id=\"82212f1\" data-element_type=\"section\" data-e-type=\"section\" data-settings=\"{&quot;background_background&quot;:&quot;classic&quot;}\">\n\t\t\t\t\t\t<div class=\"elementor-container elementor-column-gap-default\">\n\t\t\t\t\t<div class=\"elementor-column elementor-col-50 elementor-top-column elementor-element elementor-element-599c239\" data-id=\"599c239\" data-element_type=\"column\" data-e-type=\"column\">\n\t\t\t<div class=\"elementor-widget-wrap elementor-element-populated\">\n\t\t\t\t\t\t<div class=\"elementor-element elementor-element-100084e elementor-widget elementor-widget-text-editor\" data-id=\"100084e\" data-element_type=\"widget\" data-e-type=\"widget\" data-widget_type=\"text-editor.default\">\n\t\t\t\t<div class=\"elementor-widget-container\">\n\t\t\t\t\t\t\t\t\t<p><span style=\"color: #9e771a; font-size: 20px; text-transform: uppercase;\">comuni\u00f3n el primer viernes de mes<\/span><\/p>\t\t\t\t\t\t\t\t<\/div>\n\t\t\t\t<\/div>\n\t\t\t\t<div class=\"elementor-element elementor-element-0656245 elementor-widget elementor-widget-text-editor\" data-id=\"0656245\" data-element_type=\"widget\" data-e-type=\"widget\" data-widget_type=\"text-editor.default\">\n\t\t\t\t<div class=\"elementor-widget-container\">\n\t\t\t\t\t\t\t\t\t<p>Le sacr\u00e9-Coeur nous a demand\u00e9 de communier chaque 1er vendredi du mois pour r\u00e9parer les offenses qui lui sont faites. Il n&#8217;a rien demand\u00e9 d&#8217;autre ce jour-l\u00e0.<\/p><p>\u00a0<\/p><p>\u00a0<\/p><p>S&#8217;il y a une Cit\u00e9 Salve Corda, une Messe est organis\u00e9e.<\/p>\t\t\t\t\t\t\t\t<\/div>\n\t\t\t\t<\/div>\n\t\t\t\t\t<\/div>\n\t\t<\/div>\n\t\t\t\t<div class=\"elementor-column elementor-col-50 elementor-top-column elementor-element elementor-element-775ce35\" data-id=\"775ce35\" data-element_type=\"column\" data-e-type=\"column\">\n\t\t\t<div class=\"elementor-widget-wrap elementor-element-populated\">\n\t\t\t\t\t\t<div class=\"elementor-element elementor-element-894529f elementor-widget elementor-widget-image\" data-id=\"894529f\" data-element_type=\"widget\" data-e-type=\"widget\" data-widget_type=\"image.default\">\n\t\t\t\t<div class=\"elementor-widget-container\">\n\t\t\t\t\t\t\t\t\t\t\t\t\t\t\t<img loading=\"lazy\" decoding=\"async\" width=\"412\" height=\"392\" src=\"https:\/\/salve-corda.org\/wp-content\/uploads\/2020\/09\/Image7.jpg\" class=\"attachment-large size-large wp-image-274\" alt=\"\" srcset=\"https:\/\/salve-corda.org\/wp-content\/uploads\/2020\/09\/Image7.jpg 412w, https:\/\/salve-corda.org\/wp-content\/uploads\/2020\/09\/Image7-300x285.jpg 300w\" sizes=\"(max-width: 412px) 100vw, 412px\" \/>\t\t\t\t\t\t\t\t\t\t\t\t\t\t\t<\/div>\n\t\t\t\t<\/div>\n\t\t\t\t\t<\/div>\n\t\t<\/div>\n\t\t\t\t\t<\/div>\n\t\t<\/section>\n\t\t\t\t<section class=\"elementor-section elementor-top-section elementor-element elementor-element-749422f elementor-section-boxed elementor-section-height-default elementor-section-height-default\" data-id=\"749422f\" data-element_type=\"section\" data-e-type=\"section\" data-settings=\"{&quot;background_background&quot;:&quot;classic&quot;}\">\n\t\t\t\t\t\t<div class=\"elementor-container elementor-column-gap-default\">\n\t\t\t\t\t<div class=\"elementor-column elementor-col-100 elementor-top-column elementor-element elementor-element-24f1bda\" data-id=\"24f1bda\" data-element_type=\"column\" data-e-type=\"column\">\n\t\t\t<div class=\"elementor-widget-wrap elementor-element-populated\">\n\t\t\t\t\t\t<div class=\"elementor-element elementor-element-14fb7e8 elementor-widget elementor-widget-text-editor\" data-id=\"14fb7e8\" data-element_type=\"widget\" data-e-type=\"widget\" data-widget_type=\"text-editor.default\">\n\t\t\t\t<div class=\"elementor-widget-container\">\n\t\t\t\t\t\t\t\t\t<p>v\u00e9n\u00e9rer l&#8217;image du sacr\u00e9-coeur<\/p>\t\t\t\t\t\t\t\t<\/div>\n\t\t\t\t<\/div>\n\t\t\t\t\t<\/div>\n\t\t<\/div>\n\t\t\t\t\t<\/div>\n\t\t<\/section>\n\t\t\t\t<section class=\"elementor-section elementor-top-section elementor-element elementor-element-1129108 elementor-section-boxed elementor-section-height-default elementor-section-height-default\" data-id=\"1129108\" data-element_type=\"section\" data-e-type=\"section\" data-settings=\"{&quot;background_background&quot;:&quot;classic&quot;}\">\n\t\t\t\t\t\t<div class=\"elementor-container elementor-column-gap-default\">\n\t\t\t\t\t<div class=\"elementor-column elementor-col-100 elementor-top-column elementor-element elementor-element-89a42ca\" data-id=\"89a42ca\" data-element_type=\"column\" data-e-type=\"column\">\n\t\t\t<div class=\"elementor-widget-wrap elementor-element-populated\">\n\t\t\t\t\t\t<div class=\"elementor-element elementor-element-a235580 elementor-widget elementor-widget-text-editor\" data-id=\"a235580\" data-element_type=\"widget\" data-e-type=\"widget\" data-widget_type=\"text-editor.default\">\n\t\t\t\t<div class=\"elementor-widget-container\">\n\t\t\t\t\t\t\t\t\t<p>Le Sacr\u00e9-Coeur a demand\u00e9 qu&#8217;il soit v\u00e9n\u00e9r\u00e9 dans les familles. Il faut donc avoir une repr\u00e9sentation chez soi sous forme de statue ou de tableau. Il doit \u00eatre \u00e0 une place d&#8217;honneur : salon, entr\u00e9e ou oratoire lorsqu&#8217;on en a un.&nbsp;<span style=\"color: var( --e-global-color-text ); font-family: var( --e-global-typography-text-font-family ), Sans-serif; font-size: var( --e-global-typography-text-font-size ); font-weight: var( --e-global-typography-text-font-weight );\">As\u00ed, cuando pasamos por delante durante el d\u00eda, pensamos en \u00c9l con regularidad. Podemos<\/span><span style=\"color: var( --e-global-color-text ); font-family: var( --e-global-typography-text-font-family ), Sans-serif; font-size: var( --e-global-typography-text-font-size ); font-weight: var( --e-global-typography-text-font-weight );\">&nbsp;una estatua del Inmaculado Coraz\u00f3n de Mar\u00eda.&nbsp;<\/span><\/p>\t\t\t\t\t\t\t\t<\/div>\n\t\t\t\t<\/div>\n\t\t\t\t\t<\/div>\n\t\t<\/div>\n\t\t\t\t\t<\/div>\n\t\t<\/section>\n\t\t\t\t<\/div>","protected":false},"excerpt":{"rendered":"<p>Consejos pr\u00e1cticos para llevar a cabo las peticiones de los CURSOS DE JES\u00daS Y MAR\u00cdA Comuni\u00f3n los primeros s\u00e1bados de mes Anota en tu agenda los primeros s\u00e1bados de mes del mismo modo que anotas tus [...].<\/p>","protected":false},"author":1,"featured_media":0,"parent":0,"menu_order":0,"comment_status":"closed","ping_status":"closed","template":"elementor_header_footer","meta":{"footnotes":""},"class_list":["post-459","page","type-page","status-publish","hentry"],"_links":{"self":[{"href":"https:\/\/salve-corda.org\/es\/wp-json\/wp\/v2\/pages\/459","targetHints":{"allow":["GET"]}}],"collection":[{"href":"https:\/\/salve-corda.org\/es\/wp-json\/wp\/v2\/pages"}],"about":[{"href":"https:\/\/salve-corda.org\/es\/wp-json\/wp\/v2\/types\/page"}],"author":[{"embeddable":true,"href":"https:\/\/salve-corda.org\/es\/wp-json\/wp\/v2\/users\/1"}],"replies":[{"embeddable":true,"href":"https:\/\/salve-corda.org\/es\/wp-json\/wp\/v2\/comments?post=459"}],"version-history":[{"count":264,"href":"https:\/\/salve-corda.org\/es\/wp-json\/wp\/v2\/pages\/459\/revisions"}],"predecessor-version":[{"id":5933,"href":"https:\/\/salve-corda.org\/es\/wp-json\/wp\/v2\/pages\/459\/revisions\/5933"}],"wp:attachment":[{"href":"https:\/\/salve-corda.org\/es\/wp-json\/wp\/v2\/media?parent=459"}],"curies":[{"name":"wp","href":"https:\/\/api.w.org\/{rel}","templated":true}]}}