{"id":467,"date":"2020-09-25T15:22:43","date_gmt":"2020-09-25T13:22:43","guid":{"rendered":"https:\/\/salve-corda.org\/?page_id=467"},"modified":"2021-12-01T22:41:20","modified_gmt":"2021-12-01T21:41:20","slug":"pourquoi-rassembler-les-coeurs-de-jesus-marie","status":"publish","type":"page","link":"https:\/\/salve-corda.org\/es\/pourquoi-rassembler-les-coeurs-de-jesus-marie\/","title":{"rendered":"\u00bfPor qu\u00e9 unir los corazones de Jes\u00fas y Mar\u00eda?"},"content":{"rendered":"<div data-elementor-type=\"wp-page\" data-elementor-id=\"467\" class=\"elementor elementor-467\">\n\t\t\t\t\t\t<section class=\"elementor-section elementor-top-section elementor-element elementor-element-43623e4 elementor-section-boxed elementor-section-height-default elementor-section-height-default\" data-id=\"43623e4\" data-element_type=\"section\" data-e-type=\"section\">\n\t\t\t\t\t\t<div class=\"elementor-container elementor-column-gap-default\">\n\t\t\t\t\t<div class=\"elementor-column elementor-col-100 elementor-top-column elementor-element elementor-element-ef631d9\" data-id=\"ef631d9\" data-element_type=\"column\" data-e-type=\"column\">\n\t\t\t<div class=\"elementor-widget-wrap\">\n\t\t\t\t\t\t\t<\/div>\n\t\t<\/div>\n\t\t\t\t\t<\/div>\n\t\t<\/section>\n\t\t\t\t<section class=\"elementor-section elementor-top-section elementor-element elementor-element-1316a7f elementor-section-boxed elementor-section-height-default elementor-section-height-default\" data-id=\"1316a7f\" data-element_type=\"section\" data-e-type=\"section\">\n\t\t\t\t\t\t<div class=\"elementor-container elementor-column-gap-default\">\n\t\t\t\t\t<div class=\"elementor-column elementor-col-100 elementor-top-column elementor-element elementor-element-3afe7f8\" data-id=\"3afe7f8\" data-element_type=\"column\" data-e-type=\"column\">\n\t\t\t<div class=\"elementor-widget-wrap\">\n\t\t\t\t\t\t\t<\/div>\n\t\t<\/div>\n\t\t\t\t\t<\/div>\n\t\t<\/section>\n\t\t\t\t<section class=\"elementor-section elementor-top-section elementor-element elementor-element-da1e853 elementor-section-boxed elementor-section-height-default elementor-section-height-default\" data-id=\"da1e853\" data-element_type=\"section\" data-e-type=\"section\">\n\t\t\t\t\t\t<div class=\"elementor-container elementor-column-gap-default\">\n\t\t\t\t\t<div class=\"elementor-column elementor-col-100 elementor-top-column elementor-element elementor-element-4f5cb02\" data-id=\"4f5cb02\" data-element_type=\"column\" data-e-type=\"column\">\n\t\t\t<div class=\"elementor-widget-wrap elementor-element-populated\">\n\t\t\t\t\t\t<div class=\"elementor-element elementor-element-1fa5091 elementor-widget elementor-widget-spacer\" data-id=\"1fa5091\" data-element_type=\"widget\" data-e-type=\"widget\" data-widget_type=\"spacer.default\">\n\t\t\t\t<div class=\"elementor-widget-container\">\n\t\t\t\t\t\t\t<div class=\"elementor-spacer\">\n\t\t\t<div class=\"elementor-spacer-inner\"><\/div>\n\t\t<\/div>\n\t\t\t\t\t\t<\/div>\n\t\t\t\t<\/div>\n\t\t\t\t\t<\/div>\n\t\t<\/div>\n\t\t\t\t\t<\/div>\n\t\t<\/section>\n\t\t\t\t<section class=\"elementor-section elementor-top-section elementor-element elementor-element-56f35a0 elementor-section-boxed elementor-section-height-default elementor-section-height-default\" data-id=\"56f35a0\" data-element_type=\"section\" data-e-type=\"section\">\n\t\t\t\t\t\t<div class=\"elementor-container elementor-column-gap-default\">\n\t\t\t\t\t<div class=\"elementor-column elementor-col-100 elementor-top-column elementor-element elementor-element-2932c8c\" data-id=\"2932c8c\" data-element_type=\"column\" data-e-type=\"column\">\n\t\t\t<div class=\"elementor-widget-wrap elementor-element-populated\">\n\t\t\t\t\t\t<div class=\"elementor-element elementor-element-bc22c98 elementor-widget elementor-widget-heading\" data-id=\"bc22c98\" data-element_type=\"widget\" data-e-type=\"widget\" data-widget_type=\"heading.default\">\n\t\t\t\t<div class=\"elementor-widget-container\">\n\t\t\t\t\t<h2 class=\"elementor-heading-title elementor-size-default\">\u00bfPor qu\u00e9 reunir las devociones a los Corazones de Jes\u00fas y de Mar\u00eda?\n<\/h2>\t\t\t\t<\/div>\n\t\t\t\t<\/div>\n\t\t\t\t<div class=\"elementor-element elementor-element-3cdb236 elementor-widget elementor-widget-text-editor\" data-id=\"3cdb236\" data-element_type=\"widget\" data-e-type=\"widget\" data-widget_type=\"text-editor.default\">\n\t\t\t\t<div class=\"elementor-widget-container\">\n\t\t\t\t\t\t\t\t\t<p>No es raro que, cuando hablamos del Inmaculado Coraz\u00f3n de Mar\u00eda, la gente no lo entienda porque \"ya\" existe el Sagrado Coraz\u00f3n. \u00bfNo es esto una especie de duplicaci\u00f3n? \u00bfNo podemos elegir? La respuesta es la siguiente.\u00a0<br \/><span style=\"color: var( --e-global-color-text ); font-family: var( --e-global-typography-18e5089-font-family ), Sans-serif; font-size: var( --e-global-typography-18e5089-font-size ); font-weight: var( --e-global-typography-18e5089-font-weight ); letter-spacing: var( --e-global-typography-18e5089-letter-spacing );\"><br \/>El amor entre Cristo y la Sant\u00edsima Virgen los une hasta tal punto que sus corazones son en realidad uno solo.<\/span> <b style=\"color: var( --e-global-color-text ); font-family: var( --e-global-typography-18e5089-font-family ), Sans-serif; font-size: var( --e-global-typography-18e5089-font-size ); letter-spacing: var( --e-global-typography-18e5089-letter-spacing );\">que uno.\u00a0<\/b><\/p><p><span style=\"color: var( --e-global-color-text ); font-family: var( --e-global-typography-18e5089-font-family ), Sans-serif; font-size: var( --e-global-typography-18e5089-font-size ); letter-spacing: var( --e-global-typography-18e5089-letter-spacing ); font-weight: bold; text-align: center;\">C&#8217;est ce qu&#8217;explique Saint\u00a0<\/span><span style=\"color: var( --e-global-color-text ); font-family: var( --e-global-typography-18e5089-font-family ), Sans-serif; font-size: var( --e-global-typography-18e5089-font-size ); letter-spacing: var( --e-global-typography-18e5089-letter-spacing ); font-weight: bold; text-align: center;\">Jean-Eudes :\u00a0<\/span><span style=\"color: var( --e-global-color-text ); font-family: var( --e-global-typography-18e5089-font-family ), Sans-serif; font-size: var( --e-global-typography-18e5089-font-size ); letter-spacing: var( --e-global-typography-18e5089-letter-spacing ); font-weight: bold; text-align: center;\">devoci\u00f3n\u00a0<\/span><span style=\"color: var( --e-global-color-text ); font-family: var( --e-global-typography-18e5089-font-family ), Sans-serif; font-size: var( --e-global-typography-18e5089-font-size ); letter-spacing: var( --e-global-typography-18e5089-letter-spacing ); font-weight: bold; text-align: center;\">aux C\u0153urs\u00a0<\/span><span style=\"color: var( --e-global-color-text ); font-family: var( --e-global-typography-18e5089-font-family ), Sans-serif; font-size: var( --e-global-typography-18e5089-font-size ); letter-spacing: var( --e-global-typography-18e5089-letter-spacing ); font-weight: bold; text-align: center;\">de Jes\u00fas y\u00a0<\/span><span style=\"color: var( --e-global-color-text ); font-family: var( --e-global-typography-18e5089-font-family ), Sans-serif; font-size: var( --e-global-typography-18e5089-font-size ); letter-spacing: var( --e-global-typography-18e5089-letter-spacing ); font-weight: bold; text-align: center;\">M<\/span><span style=\"color: var( --e-global-color-text ); font-family: var( --e-global-typography-18e5089-font-family ), Sans-serif; font-size: var( --e-global-typography-18e5089-font-size ); letter-spacing: var( --e-global-typography-18e5089-letter-spacing ); font-weight: bold; text-align: center;\">arie es la imagen de la Sant\u00edsima Trinidad<\/span><span style=\"color: var( --e-global-color-text ); font-family: var( --e-global-typography-18e5089-font-family ), Sans-serif; font-size: var( --e-global-typography-18e5089-font-size ); font-weight: var( --e-global-typography-18e5089-font-weight ); letter-spacing: var( --e-global-typography-18e5089-letter-spacing ); text-align: center;\">\u00a0<\/span><span style=\"color: var( --e-global-color-text ); font-family: var( --e-global-typography-18e5089-font-family ), Sans-serif; font-size: var( --e-global-typography-18e5089-font-size ); letter-spacing: var( --e-global-typography-18e5089-letter-spacing ); font-weight: bold; text-align: center;\">hay una \u00fanica devoci\u00f3n a un \u00fanico\u00a0<\/span><span style=\"color: var( --e-global-color-text ); font-family: var( --e-global-typography-18e5089-font-family ), Sans-serif; font-size: var( --e-global-typography-18e5089-font-size ); letter-spacing: var( --e-global-typography-18e5089-letter-spacing ); font-weight: bold; text-align: center;\">coraz\u00f3n<\/span><span style=\"color: var( --e-global-color-text ); font-family: var( --e-global-typography-18e5089-font-family ), Sans-serif; font-size: var( --e-global-typography-18e5089-font-size ); letter-spacing: var( --e-global-typography-18e5089-letter-spacing ); font-weight: bold; text-align: center;\">pero compuesto por\u00a0<\/span><span style=\"color: var( --e-global-color-text ); font-family: var( --e-global-typography-18e5089-font-family ), Sans-serif; font-size: var( --e-global-typography-18e5089-font-size ); letter-spacing: var( --e-global-typography-18e5089-letter-spacing ); font-weight: bold; text-align: center;\">corazones<\/span><span style=\"color: var( --e-global-color-text ); font-family: var( --e-global-typography-18e5089-font-family ), Sans-serif; font-size: var( --e-global-typography-18e5089-font-size ); letter-spacing: var( --e-global-typography-18e5089-letter-spacing ); font-weight: bold; text-align: center;\">\u00a0de dos personas.<\/span><span style=\"font-family: var( --e-global-typography-18e5089-font-family ), Sans-serif; font-size: var( --e-global-typography-18e5089-font-size ); font-weight: var( --e-global-typography-18e5089-font-weight ); letter-spacing: var( --e-global-typography-18e5089-letter-spacing ); color: #6288c6;\"><i>\u00a0<\/i><\/span><\/p><p><span style=\"font-family: var( --e-global-typography-18e5089-font-family ), Sans-serif; font-size: var( --e-global-typography-18e5089-font-size ); font-weight: var( --e-global-typography-18e5089-font-weight ); letter-spacing: var( --e-global-typography-18e5089-letter-spacing ); color: #6288c6;\"><i>\u00a0<\/i><\/span><\/p><p><span style=\"color: var( --e-global-color-text ); font-family: var( --e-global-typography-18e5089-font-family ), Sans-serif; font-size: var( --e-global-typography-18e5089-font-size ); font-weight: var( --e-global-typography-18e5089-font-weight ); letter-spacing: var( --e-global-typography-18e5089-letter-spacing );\">\u00a0Recordad que la misma Sant\u00edsima Virgen pidi\u00f3 que se pusieran estos dos Corazones en la Medalla Milagrosa. El sitio<\/span><span style=\"color: var( --e-global-color-text ); font-family: var( --e-global-typography-18e5089-font-family ), Sans-serif; font-size: var( --e-global-typography-18e5089-font-size ); font-weight: var( --e-global-typography-18e5089-font-weight ); letter-spacing: var( --e-global-typography-18e5089-letter-spacing );\">as ense\u00f1anzas de los Santos, de los Papas y de F\u00e1tima convergen hacia esta devoci\u00f3n suprema. Escuch\u00e9moslas:<\/span><\/p>\t\t\t\t\t\t\t\t<\/div>\n\t\t\t\t<\/div>\n\t\t\t\t\t<\/div>\n\t\t<\/div>\n\t\t\t\t\t<\/div>\n\t\t<\/section>\n\t\t\t\t<section class=\"elementor-section elementor-top-section elementor-element elementor-element-4a4a10f elementor-section-boxed elementor-section-height-default elementor-section-height-default\" data-id=\"4a4a10f\" data-element_type=\"section\" data-e-type=\"section\">\n\t\t\t\t\t\t<div class=\"elementor-container elementor-column-gap-default\">\n\t\t\t\t\t<div class=\"elementor-column elementor-col-50 elementor-top-column elementor-element elementor-element-12579cc\" data-id=\"12579cc\" data-element_type=\"column\" data-e-type=\"column\">\n\t\t\t<div class=\"elementor-widget-wrap elementor-element-populated\">\n\t\t\t\t\t\t<div class=\"elementor-element elementor-element-c746efd elementor-widget elementor-widget-image\" data-id=\"c746efd\" data-element_type=\"widget\" data-e-type=\"widget\" data-widget_type=\"image.default\">\n\t\t\t\t<div class=\"elementor-widget-container\">\n\t\t\t\t\t\t\t\t\t\t\t\t\t\t\t<img fetchpriority=\"high\" decoding=\"async\" width=\"640\" height=\"790\" src=\"https:\/\/salve-corda.org\/wp-content\/uploads\/2021\/09\/Sans-titre-9.png\" class=\"attachment-large size-large wp-image-2523\" alt=\"\" srcset=\"https:\/\/salve-corda.org\/wp-content\/uploads\/2021\/09\/Sans-titre-9.png 670w, https:\/\/salve-corda.org\/wp-content\/uploads\/2021\/09\/Sans-titre-9-243x300.png 243w\" sizes=\"(max-width: 640px) 100vw, 640px\" \/>\t\t\t\t\t\t\t\t\t\t\t\t\t\t\t<\/div>\n\t\t\t\t<\/div>\n\t\t\t\t\t<\/div>\n\t\t<\/div>\n\t\t\t\t<div class=\"elementor-column elementor-col-50 elementor-top-column elementor-element elementor-element-2f1e6ce\" data-id=\"2f1e6ce\" data-element_type=\"column\" data-e-type=\"column\">\n\t\t\t<div class=\"elementor-widget-wrap elementor-element-populated\">\n\t\t\t\t\t\t<div class=\"elementor-element elementor-element-ca88d9e elementor-widget elementor-widget-text-editor\" data-id=\"ca88d9e\" data-element_type=\"widget\" data-e-type=\"widget\" data-widget_type=\"text-editor.default\">\n\t\t\t\t<div class=\"elementor-widget-container\">\n\t\t\t\t\t\t\t\t\t<p><span style=\"color: #6288c6;\"><i>Visite<\/i> <i>alquiler<\/i> <i>este<\/i> <i>Coraz\u00f3n<\/i><i> encantador, <\/i><i>(el <\/i><i>S<\/i><i>acr<\/i><i>\u00e9<\/i>&#8211;<i>C<\/i><i>oeur<\/i> <i>)<\/i><\/span><\/p><p><span style=\"color: #6288c6;\"><i>I<\/i> <i>alquilar<\/i><i> con proporci\u00f3n<\/i><\/span><\/p><p><span style=\"color: #6288c6;\"><i>Le <\/i><i>Coraz\u00f3n<\/i><i> de <\/i><i>su<\/i> <i>Madre<\/i><i> admirable,<\/i><\/span><\/p><p><span style=\"color: #6288c6;\"><i>Tanto<\/i> <i>es<\/i> <i>grande<\/i> <i>su<\/i><i> uni\u00f3n.<\/i><\/span><\/p><p>\u00a0<\/p><p>San Luis Mar\u00eda Grignon de Montfort<\/p><p style=\"text-align: justify;\"><span style=\"color: #6288c6;\"><i>\"El coraz\u00f3n de\u00a0<\/i><i>Jes\u00fas<\/i>\u00a0<i>quiere<\/i><i>\u00a0eso,\u00a0<\/i><i>\u00e0<\/i><i>\u00a0sonido\u00a0<\/i><i>en<\/i><i>nosotros\u00a0<\/i><i>culto<\/i><i>\u00a0el Coraz\u00f3n\u00a0<\/i><i>Inmaculada<\/i><i>\u00a0de Mar\u00eda\".<\/i><\/span><\/p><p>\u00a0<\/p><p style=\"text-align: justify;\">Jacinta, una de las videntes de F\u00e1tima antes de su muerte<\/p><p style=\"text-align: justify;\"><span style=\"color: #6288c6; font-family: var( --e-global-typography-text-font-family ), Sans-serif; font-size: var( --e-global-typography-text-font-size ); font-weight: var( --e-global-typography-text-font-weight );\">\"\u00a0<\/span><i style=\"color: #6288c6; font-family: var( --e-global-typography-text-font-family ), Sans-serif; font-size: var( --e-global-typography-text-font-size ); font-weight: var( --e-global-typography-text-font-weight );\">Les fid\u00e8les doivent veiller \u00e0 associer \u00e9troitement le culte du Sacr\u00e9-C\u0153ur et le culte envers le C\u0153ur Immacul\u00e9 de Marie, car notre salut vient de l&#8217;amour et des souffrances de J\u00e9sus-Christ indissolublement unis \u00e0 l&#8217;amour et aux souffrances de sa M\u00e8re.<\/i><span style=\"color: #6288c6; font-family: var( --e-global-typography-text-font-family ), Sans-serif; font-size: var( --e-global-typography-text-font-size ); font-weight: var( --e-global-typography-text-font-weight );\">\u00a0\"<\/span><\/p><p>\u00a0<\/p><p style=\"text-align: justify;\"><span style=\"text-align: right; color: var( --e-global-color-text ); font-family: var( --e-global-typography-text-font-family ), Sans-serif; font-size: var( --e-global-typography-text-font-size ); font-weight: var( --e-global-typography-text-font-weight );\">P\u00edo XII, 8 de diciembre de 1942, d\u00eda en que consagr\u00f3 el mundo por segunda vez al Coraz\u00f3n Inmaculado de Mar\u00eda.<\/span><\/p>\t\t\t\t\t\t\t\t<\/div>\n\t\t\t\t<\/div>\n\t\t\t\t\t<\/div>\n\t\t<\/div>\n\t\t\t\t\t<\/div>\n\t\t<\/section>\n\t\t\t\t<section class=\"elementor-section elementor-top-section elementor-element elementor-element-7d6230d elementor-section-boxed elementor-section-height-default elementor-section-height-default\" data-id=\"7d6230d\" data-element_type=\"section\" data-e-type=\"section\">\n\t\t\t\t\t\t<div class=\"elementor-container elementor-column-gap-default\">\n\t\t\t\t\t<div class=\"elementor-column elementor-col-50 elementor-top-column elementor-element elementor-element-c17a37d\" data-id=\"c17a37d\" data-element_type=\"column\" data-e-type=\"column\">\n\t\t\t<div class=\"elementor-widget-wrap elementor-element-populated\">\n\t\t\t\t\t\t<div class=\"elementor-element elementor-element-6188c44 elementor-widget elementor-widget-text-editor\" data-id=\"6188c44\" data-element_type=\"widget\" data-e-type=\"widget\" data-widget_type=\"text-editor.default\">\n\t\t\t\t<div class=\"elementor-widget-container\">\n\t\t\t\t\t\t\t\t\t<p>En F\u00e1tima, los corazones de Jes\u00fas y Mar\u00eda estar\u00e1n unidos desde el principio. De hecho, el \u00c1ngel que se apareci\u00f3 3 veces a los ni\u00f1os en 2016 para prepararles para la venida de la Sant\u00edsima Virgen les habl\u00f3 de ello cada vez.<\/p><p>\u00a0<\/p><p>1\u00aa aparici\u00f3n:<\/p><p><b><i>\"Los Corazones de Jes\u00fas y de Mar\u00eda est\u00e1n atentos a la voz de vuestras s\u00faplicas\".<\/i><\/b><\/p><p><b><i>\u00a0<\/i><\/b><\/p><p>2\u00aa aparici\u00f3n:<\/p><p><b><i>Los Sagrados Corazones de Jes\u00fas y de Mar\u00eda tienen designios de misericordia sobre ti.<\/i><\/b><\/p><p><b><i>\u00a0<\/i><\/b><\/p><p>3\u00aa aparici\u00f3n<\/p><p><b><i>Por los infinitos m\u00e9ritos de su Sacrat\u00edsimo Coraz\u00f3n y del Coraz\u00f3n Inmaculado de Mar\u00eda, te pido la conversi\u00f3n de los pobres pecadores\".\u00a0<\/i><\/b><\/p>\t\t\t\t\t\t\t\t<\/div>\n\t\t\t\t<\/div>\n\t\t\t\t\t<\/div>\n\t\t<\/div>\n\t\t\t\t<div class=\"elementor-column elementor-col-50 elementor-top-column elementor-element elementor-element-871aa07\" data-id=\"871aa07\" data-element_type=\"column\" data-e-type=\"column\">\n\t\t\t<div class=\"elementor-widget-wrap elementor-element-populated\">\n\t\t\t\t\t\t<div class=\"elementor-element elementor-element-dc1c9c7 elementor-widget elementor-widget-image\" data-id=\"dc1c9c7\" data-element_type=\"widget\" data-e-type=\"widget\" data-widget_type=\"image.default\">\n\t\t\t\t<div class=\"elementor-widget-container\">\n\t\t\t\t\t\t\t\t\t\t\t\t\t\t\t<img decoding=\"async\" width=\"558\" height=\"451\" src=\"https:\/\/salve-corda.org\/wp-content\/uploads\/2021\/09\/external-content.duckduckgo.jpg\" class=\"attachment-large size-large wp-image-2515\" alt=\"\" srcset=\"https:\/\/salve-corda.org\/wp-content\/uploads\/2021\/09\/external-content.duckduckgo.jpg 558w, https:\/\/salve-corda.org\/wp-content\/uploads\/2021\/09\/external-content.duckduckgo-300x242.jpg 300w\" sizes=\"(max-width: 558px) 100vw, 558px\" \/>\t\t\t\t\t\t\t\t\t\t\t\t\t\t\t<\/div>\n\t\t\t\t<\/div>\n\t\t\t\t\t<\/div>\n\t\t<\/div>\n\t\t\t\t\t<\/div>\n\t\t<\/section>\n\t\t\t\t<section class=\"elementor-section elementor-top-section elementor-element elementor-element-6f25be9 elementor-section-boxed elementor-section-height-default elementor-section-height-default\" data-id=\"6f25be9\" data-element_type=\"section\" data-e-type=\"section\">\n\t\t\t\t\t\t<div class=\"elementor-container elementor-column-gap-default\">\n\t\t\t\t\t<div class=\"elementor-column elementor-col-100 elementor-top-column elementor-element elementor-element-9a5b0c8\" data-id=\"9a5b0c8\" data-element_type=\"column\" data-e-type=\"column\">\n\t\t\t<div class=\"elementor-widget-wrap elementor-element-populated\">\n\t\t\t\t\t\t<div class=\"elementor-element elementor-element-5787814 elementor-widget elementor-widget-text-editor\" data-id=\"5787814\" data-element_type=\"widget\" data-e-type=\"widget\" data-widget_type=\"text-editor.default\">\n\t\t\t\t<div class=\"elementor-widget-container\">\n\t\t\t\t\t\t\t\t\t<p><span style=\"text-align: right; color: var( --e-global-color-text ); font-family: var( --e-global-typography-18e5089-font-family ), Sans-serif; font-size: var( --e-global-typography-18e5089-font-size ); font-weight: var( --e-global-typography-18e5089-font-weight ); letter-spacing: var( --e-global-typography-18e5089-letter-spacing );\">\u00a0<\/span><span style=\"color: var( --e-global-color-text ); font-family: var( --e-global-typography-18e5089-font-family ), Sans-serif; font-size: var( --e-global-typography-18e5089-font-size ); font-weight: var( --e-global-typography-18e5089-font-weight ); letter-spacing: var( --e-global-typography-18e5089-letter-spacing );\">El 29 de mayo de 1930, Sor Luc\u00eda escribi\u00f3: <br \/><\/span><span style=\"font-family: var( --e-global-typography-18e5089-font-family ), Sans-serif; font-size: var( --e-global-typography-18e5089-font-size ); font-weight: var( --e-global-typography-18e5089-font-weight ); letter-spacing: var( --e-global-typography-18e5089-letter-spacing ); color: #6288c6;\">\"\u00a0<i>El buen Dios promete poner fin a la persecuci\u00f3n en Rusia, si el Santo Padre se digna hacer, y ordena a los Obispos del mundo cat\u00f3lico hacer, un acto solemne y p\u00fablico de reparaci\u00f3n y consagraci\u00f3n de Rusia a la Sant\u00edsima Trinidad.\u00a0<\/i><i>Sagrados Corazones de Jes\u00fas<\/i><i>\u00a0y de Mar\u00eda, prometiendo Su Santidad, a cambio del fin de esta persecuci\u00f3n, aprobar y recomendar la pr\u00e1ctica de la devoci\u00f3n reparadora.<\/i>\u00a0\"\u00a0<br \/><\/span><\/p>\t\t\t\t\t\t\t\t<\/div>\n\t\t\t\t<\/div>\n\t\t\t\t\t<\/div>\n\t\t<\/div>\n\t\t\t\t\t<\/div>\n\t\t<\/section>\n\t\t\t\t<section class=\"elementor-section elementor-top-section elementor-element elementor-element-01ed6e7 elementor-section-boxed elementor-section-height-default elementor-section-height-default\" data-id=\"01ed6e7\" data-element_type=\"section\" data-e-type=\"section\">\n\t\t\t\t\t\t<div class=\"elementor-container elementor-column-gap-default\">\n\t\t\t\t\t<div class=\"elementor-column elementor-col-100 elementor-top-column elementor-element elementor-element-ce31ef7\" data-id=\"ce31ef7\" data-element_type=\"column\" data-e-type=\"column\">\n\t\t\t<div class=\"elementor-widget-wrap elementor-element-populated\">\n\t\t\t\t\t\t<div class=\"elementor-element elementor-element-4bda52a elementor-widget elementor-widget-text-editor\" data-id=\"4bda52a\" data-element_type=\"widget\" data-e-type=\"widget\" data-widget_type=\"text-editor.default\">\n\t\t\t\t<div class=\"elementor-widget-container\">\n\t\t\t\t\t\t\t\t\t<p style=\"text-align: justify;\">En una magn\u00edfica carta titulada La llamada de F\u00e1tima, dec\u00eda:\u00a0<\/p><p style=\"text-align: justify;\"><span style=\"color: #6288c6;\"><i>\"En la uni\u00f3n m\u00e1s estrecha posible entre dos seres humanos, Cristo comenz\u00f3 en Mar\u00eda la obra de nuestra salvaci\u00f3n. El latido del coraz\u00f3n de Cristo es el latido del coraz\u00f3n de Mar\u00eda; la oraci\u00f3n de Cristo es la oraci\u00f3n de Mar\u00eda.<\/i>\u00a0<i>de Mari<\/i><i>e,\u00a0<\/i><i>(...) Y podemos pensar que las aspiraciones del Coraz\u00f3n de Mar\u00eda se identificaban absolutamente con las aspiraciones del Coraz\u00f3n de Cristo (...) y que el amor del Coraz\u00f3n de Mar\u00eda era el amor del Coraz\u00f3n de Cristo hacia su Padre y hacia los hombres. (...) Puesto que el padre\u00a0<\/i><i>a<\/i><i>\u00a0confi\u00f3 a Mar\u00eda a su Hijo, guard\u00e1ndolo durante nueve meses en su seno casto y virginal, y como Mar\u00eda, con su \"s\u00ed\" libre, se puso a disposici\u00f3n de la voluntad de Dios como sierva suya para lo que \u00c9l quisiera obrar en ella, desde entonces y por voluntad de Dios, Mar\u00eda se ha convertido, con Cristo,\u00a0<\/i><i>co<\/i><i>-Redentor de la humanidad\".<\/i><\/span><\/p><p>\u00a0<\/p><p style=\"text-align: justify;\">Finalmente, el Cardenal Cerejeira, antiguo Obispo de F\u00e1tima, concluir\u00e1 con estas palabras que lo resumen todo:<\/p><p style=\"text-align: justify;\"><span style=\"color: #6288c6;\"><i>\"F\u00e1tima,\u00a0<\/i><i>a<\/i>\u00a0<i>algunos<\/i>\u00a0<i>camino<\/i><i>,\u00a0<\/i><i>es<\/i><i>\u00a0la continuaci\u00f3n,\u00a0<\/i><i>o<\/i>\u00a0<i>mejor<\/i><i>\u00a0la conclusi\u00f3n de\u00a0<\/i><i>Para<\/i><i>y<\/i><i>&#8211;<\/i><i>el<\/i><i>&#8211;<\/i><i>Monial :\u00a0<\/i><\/span><i style=\"font-family: var( --e-global-typography-18e5089-font-family ), Sans-serif; font-size: var( --e-global-typography-18e5089-font-size ); font-weight: var( --e-global-typography-18e5089-font-weight ); letter-spacing: var( --e-global-typography-18e5089-letter-spacing ); color: #6288c6;\">F\u00e1tima\u00a0<\/i><i style=\"font-family: var( --e-global-typography-18e5089-font-family ), Sans-serif; font-size: var( --e-global-typography-18e5089-font-size ); font-weight: var( --e-global-typography-18e5089-font-weight ); letter-spacing: var( --e-global-typography-18e5089-letter-spacing ); color: #6288c6;\">re\u00fane a<\/i>\u00a0<i style=\"font-family: var( --e-global-typography-18e5089-font-family ), Sans-serif; font-size: var( --e-global-typography-18e5089-font-size ); font-weight: var( --e-global-typography-18e5089-font-weight ); letter-spacing: var( --e-global-typography-18e5089-letter-spacing ); color: #6288c6;\">estos<\/i><i style=\"font-family: var( --e-global-typography-18e5089-font-family ), Sans-serif; font-size: var( --e-global-typography-18e5089-font-size ); font-weight: var( --e-global-typography-18e5089-font-weight ); letter-spacing: var( --e-global-typography-18e5089-letter-spacing ); color: #6288c6;\">\u00a0dos\u00a0<\/i><i style=\"font-family: var( --e-global-typography-18e5089-font-family ), Sans-serif; font-size: var( --e-global-typography-18e5089-font-size ); font-weight: var( --e-global-typography-18e5089-font-weight ); letter-spacing: var( --e-global-typography-18e5089-letter-spacing ); color: #6288c6;\">Corazones<\/i><i style=\"font-family: var( --e-global-typography-18e5089-font-family ), Sans-serif; font-size: var( --e-global-typography-18e5089-font-size ); font-weight: var( --e-global-typography-18e5089-font-weight ); letter-spacing: var( --e-global-typography-18e5089-letter-spacing ); color: #6288c6;\">\u00a0que Dios\u00a0<\/i><i style=\"font-family: var( --e-global-typography-18e5089-font-family ), Sans-serif; font-size: var( --e-global-typography-18e5089-font-size ); font-weight: var( --e-global-typography-18e5089-font-weight ); letter-spacing: var( --e-global-typography-18e5089-letter-spacing ); color: #6288c6;\">le<\/i><i style=\"font-family: var( --e-global-typography-18e5089-font-family ), Sans-serif; font-size: var( --e-global-typography-18e5089-font-size ); font-weight: var( --e-global-typography-18e5089-font-weight ); letter-spacing: var( --e-global-typography-18e5089-letter-spacing ); color: #6288c6;\">&#8211;<\/i><i style=\"font-family: var( --e-global-typography-18e5089-font-family ), Sans-serif; font-size: var( --e-global-typography-18e5089-font-size ); font-weight: var( --e-global-typography-18e5089-font-weight ); letter-spacing: var( --e-global-typography-18e5089-letter-spacing ); color: #6288c6;\">incluso<\/i><i style=\"font-family: var( --e-global-typography-18e5089-font-family ), Sans-serif; font-size: var( --e-global-typography-18e5089-font-size ); font-weight: var( --e-global-typography-18e5089-font-weight ); letter-spacing: var( --e-global-typography-18e5089-letter-spacing ); color: #6288c6;\">\u00a0a\u00a0<\/i><i style=\"font-family: var( --e-global-typography-18e5089-font-family ), Sans-serif; font-size: var( --e-global-typography-18e5089-font-size ); font-weight: var( --e-global-typography-18e5089-font-weight ); letter-spacing: var( --e-global-typography-18e5089-letter-spacing ); color: #6288c6;\">uni<\/i><i style=\"font-family: var( --e-global-typography-18e5089-font-family ), Sans-serif; font-size: var( --e-global-typography-18e5089-font-size ); font-weight: var( --e-global-typography-18e5089-font-weight ); letter-spacing: var( --e-global-typography-18e5089-letter-spacing ); color: #6288c6;\">\u00a0dans l&#8217;<\/i><i style=\"font-family: var( --e-global-typography-18e5089-font-family ), Sans-serif; font-size: var( --e-global-typography-18e5089-font-size ); font-weight: var( --e-global-typography-18e5089-font-weight ); letter-spacing: var( --e-global-typography-18e5089-letter-spacing ); color: #6288c6;\">trabajo<\/i><i style=\"font-family: var( --e-global-typography-18e5089-font-family ), Sans-serif; font-size: var( --e-global-typography-18e5089-font-size ); font-weight: var( --e-global-typography-18e5089-font-weight ); letter-spacing: var( --e-global-typography-18e5089-letter-spacing ); color: #6288c6;\">\u00a0de la\u00a0<\/i><i style=\"font-family: var( --e-global-typography-18e5089-font-family ), Sans-serif; font-size: var( --e-global-typography-18e5089-font-size ); font-weight: var( --e-global-typography-18e5089-font-weight ); letter-spacing: var( --e-global-typography-18e5089-letter-spacing ); color: #6288c6;\">redenci\u00f3n<\/i><i style=\"font-family: var( --e-global-typography-18e5089-font-family ), Sans-serif; font-size: var( --e-global-typography-18e5089-font-size ); font-weight: var( --e-global-typography-18e5089-font-weight ); letter-spacing: var( --e-global-typography-18e5089-letter-spacing ); color: #6288c6;\">. \"\u00a0<\/i><\/p>\t\t\t\t\t\t\t\t<\/div>\n\t\t\t\t<\/div>\n\t\t\t\t\t<\/div>\n\t\t<\/div>\n\t\t\t\t\t<\/div>\n\t\t<\/section>\n\t\t\t\t<\/div>","protected":false},"excerpt":{"rendered":"<p>\u00bfPor qu\u00e9 reunir las devociones a los Corazones de Jes\u00fas y de Mar\u00eda? No es raro que cuando hablamos del Coraz\u00f3n Inmaculado de Mar\u00eda la gente no lo entienda porque \"ya hay\" [...].<\/p>","protected":false},"author":1,"featured_media":0,"parent":0,"menu_order":0,"comment_status":"closed","ping_status":"closed","template":"elementor_header_footer","meta":{"footnotes":""},"class_list":["post-467","page","type-page","status-publish","hentry"],"_links":{"self":[{"href":"https:\/\/salve-corda.org\/es\/wp-json\/wp\/v2\/pages\/467","targetHints":{"allow":["GET"]}}],"collection":[{"href":"https:\/\/salve-corda.org\/es\/wp-json\/wp\/v2\/pages"}],"about":[{"href":"https:\/\/salve-corda.org\/es\/wp-json\/wp\/v2\/types\/page"}],"author":[{"embeddable":true,"href":"https:\/\/salve-corda.org\/es\/wp-json\/wp\/v2\/users\/1"}],"replies":[{"embeddable":true,"href":"https:\/\/salve-corda.org\/es\/wp-json\/wp\/v2\/comments?post=467"}],"version-history":[{"count":53,"href":"https:\/\/salve-corda.org\/es\/wp-json\/wp\/v2\/pages\/467\/revisions"}],"predecessor-version":[{"id":4623,"href":"https:\/\/salve-corda.org\/es\/wp-json\/wp\/v2\/pages\/467\/revisions\/4623"}],"wp:attachment":[{"href":"https:\/\/salve-corda.org\/es\/wp-json\/wp\/v2\/media?parent=467"}],"curies":[{"name":"wp","href":"https:\/\/api.w.org\/{rel}","templated":true}]}}