{"id":472,"date":"2020-09-25T15:25:57","date_gmt":"2020-09-25T13:25:57","guid":{"rendered":"https:\/\/salve-corda.org\/?page_id=472"},"modified":"2021-08-06T17:31:39","modified_gmt":"2021-08-06T15:31:39","slug":"faire-participer-les-enfants","status":"publish","type":"page","link":"https:\/\/salve-corda.org\/es\/faire-participer-les-enfants\/","title":{"rendered":"Implicar a los ni\u00f1os"},"content":{"rendered":"<div data-elementor-type=\"wp-page\" data-elementor-id=\"472\" class=\"elementor elementor-472\">\n\t\t\t\t\t\t<section class=\"elementor-section elementor-top-section elementor-element elementor-element-3f08902 elementor-section-boxed elementor-section-height-default elementor-section-height-default\" data-id=\"3f08902\" data-element_type=\"section\" data-e-type=\"section\">\n\t\t\t\t\t\t<div class=\"elementor-container elementor-column-gap-default\">\n\t\t\t\t\t<div class=\"elementor-column elementor-col-100 elementor-top-column elementor-element elementor-element-7354af9\" data-id=\"7354af9\" data-element_type=\"column\" data-e-type=\"column\">\n\t\t\t<div class=\"elementor-widget-wrap\">\n\t\t\t\t\t\t\t<\/div>\n\t\t<\/div>\n\t\t\t\t\t<\/div>\n\t\t<\/section>\n\t\t\t\t<section class=\"elementor-section elementor-top-section elementor-element elementor-element-ed40f30 elementor-section-boxed elementor-section-height-default elementor-section-height-default\" data-id=\"ed40f30\" data-element_type=\"section\" data-e-type=\"section\">\n\t\t\t\t\t\t<div class=\"elementor-container elementor-column-gap-default\">\n\t\t\t\t\t<div class=\"elementor-column elementor-col-100 elementor-top-column elementor-element elementor-element-43a8ce4\" data-id=\"43a8ce4\" data-element_type=\"column\" data-e-type=\"column\">\n\t\t\t<div class=\"elementor-widget-wrap elementor-element-populated\">\n\t\t\t\t\t\t<div class=\"elementor-element elementor-element-49e8d5c elementor-widget elementor-widget-spacer\" data-id=\"49e8d5c\" data-element_type=\"widget\" data-e-type=\"widget\" data-widget_type=\"spacer.default\">\n\t\t\t\t<div class=\"elementor-widget-container\">\n\t\t\t\t\t\t\t<div class=\"elementor-spacer\">\n\t\t\t<div class=\"elementor-spacer-inner\"><\/div>\n\t\t<\/div>\n\t\t\t\t\t\t<\/div>\n\t\t\t\t<\/div>\n\t\t\t\t\t<\/div>\n\t\t<\/div>\n\t\t\t\t\t<\/div>\n\t\t<\/section>\n\t\t\t\t<section class=\"elementor-section elementor-top-section elementor-element elementor-element-db78ce3 elementor-section-boxed elementor-section-height-default elementor-section-height-default\" data-id=\"db78ce3\" data-element_type=\"section\" data-e-type=\"section\">\n\t\t\t\t\t\t<div class=\"elementor-container elementor-column-gap-default\">\n\t\t\t\t\t<div class=\"elementor-column elementor-col-100 elementor-top-column elementor-element elementor-element-7a049ec\" data-id=\"7a049ec\" data-element_type=\"column\" data-e-type=\"column\">\n\t\t\t<div class=\"elementor-widget-wrap elementor-element-populated\">\n\t\t\t\t\t\t<div class=\"elementor-element elementor-element-f3a5b8a elementor-widget elementor-widget-heading\" data-id=\"f3a5b8a\" data-element_type=\"widget\" data-e-type=\"widget\" data-widget_type=\"heading.default\">\n\t\t\t\t<div class=\"elementor-widget-container\">\n\t\t\t\t\t<h2 class=\"elementor-heading-title elementor-size-default\">Implicar a los nietos<\/h2>\t\t\t\t<\/div>\n\t\t\t\t<\/div>\n\t\t\t\t<div class=\"elementor-element elementor-element-114048c elementor-widget elementor-widget-text-editor\" data-id=\"114048c\" data-element_type=\"widget\" data-e-type=\"widget\" data-widget_type=\"text-editor.default\">\n\t\t\t\t<div class=\"elementor-widget-container\">\n\t\t\t\t\t\t\t\t\t<p>La Virgen eligi\u00f3 a menudo a ni\u00f1os peque\u00f1os para hablarles durante sus apariciones (La Salette, Pontmain, Pellevoisin...). En F\u00e1tima, se apareci\u00f3 a 3 ni\u00f1os, la m\u00e1s joven de los cuales, Jacinta, \u00a1s\u00f3lo ten\u00eda 6 a\u00f1os!  As\u00ed que, por supuesto, los ni\u00f1os son los primeros invitados a conceder las peticiones de la Sant\u00edsima Virgen, y es absolutamente esencial hablarles de ello.<\/p>\t\t\t\t\t\t\t\t<\/div>\n\t\t\t\t<\/div>\n\t\t\t\t\t<\/div>\n\t\t<\/div>\n\t\t\t\t\t<\/div>\n\t\t<\/section>\n\t\t\t\t<section class=\"elementor-section elementor-top-section elementor-element elementor-element-4392af5 elementor-section-boxed elementor-section-height-default elementor-section-height-default\" data-id=\"4392af5\" data-element_type=\"section\" data-e-type=\"section\">\n\t\t\t\t\t\t<div class=\"elementor-container elementor-column-gap-default\">\n\t\t\t\t\t<div class=\"elementor-column elementor-col-50 elementor-top-column elementor-element elementor-element-2ca0d8f\" data-id=\"2ca0d8f\" data-element_type=\"column\" data-e-type=\"column\">\n\t\t\t<div class=\"elementor-widget-wrap elementor-element-populated\">\n\t\t\t\t\t\t<div class=\"elementor-element elementor-element-cd30c60 elementor-widget elementor-widget-text-editor\" data-id=\"cd30c60\" data-element_type=\"widget\" data-e-type=\"widget\" data-widget_type=\"text-editor.default\">\n\t\t\t\t<div class=\"elementor-widget-container\">\n\t\t\t\t\t\t\t\t\t<p>La importancia de los ni\u00f1os fue subrayada varias veces por Cristo en el Evangelio:<\/p><p>\u00a0<\/p><p><span style=\"color: #6288c6;\"><em>\"<\/em><\/span><span style=\"color: #6288c6;\"><em> Te alabo, Padre, porque has ocultado estas cosas a los sabios y entendidos, y se las has revelado a los ni\u00f1os\".<\/em><\/span> (San Mateo 11, 25)<\/p><p>\u00a0<\/p><p><span style=\"color: #6288c6;\"><em>\"Dejad que los ni\u00f1os vengan a m\u00ed, y no se lo impid\u00e1is; porque el reino de Dios es para los que son como ellos.<\/em><\/span> (San Lucas 18, 16)<\/p>\t\t\t\t\t\t\t\t<\/div>\n\t\t\t\t<\/div>\n\t\t\t\t\t<\/div>\n\t\t<\/div>\n\t\t\t\t<div class=\"elementor-column elementor-col-50 elementor-top-column elementor-element elementor-element-e246271\" data-id=\"e246271\" data-element_type=\"column\" data-e-type=\"column\">\n\t\t\t<div class=\"elementor-widget-wrap elementor-element-populated\">\n\t\t\t\t\t\t<div class=\"elementor-element elementor-element-6835f28 elementor-widget elementor-widget-image\" data-id=\"6835f28\" data-element_type=\"widget\" data-e-type=\"widget\" data-widget_type=\"image.default\">\n\t\t\t\t<div class=\"elementor-widget-container\">\n\t\t\t\t\t\t\t\t\t\t\t\t\t\t\t<img fetchpriority=\"high\" decoding=\"async\" width=\"640\" height=\"556\" src=\"https:\/\/salve-corda.org\/wp-content\/uploads\/2021\/07\/enfants.png\" class=\"attachment-large size-large wp-image-855\" alt=\"\" srcset=\"https:\/\/salve-corda.org\/wp-content\/uploads\/2021\/07\/enfants.png 762w, https:\/\/salve-corda.org\/wp-content\/uploads\/2021\/07\/enfants-300x261.png 300w\" sizes=\"(max-width: 640px) 100vw, 640px\" \/>\t\t\t\t\t\t\t\t\t\t\t\t\t\t\t<\/div>\n\t\t\t\t<\/div>\n\t\t\t\t\t<\/div>\n\t\t<\/div>\n\t\t\t\t\t<\/div>\n\t\t<\/section>\n\t\t\t\t<section class=\"elementor-section elementor-top-section elementor-element elementor-element-c51a01f elementor-section-boxed elementor-section-height-default elementor-section-height-default\" data-id=\"c51a01f\" data-element_type=\"section\" data-e-type=\"section\">\n\t\t\t\t\t\t<div class=\"elementor-container elementor-column-gap-default\">\n\t\t\t\t\t<div class=\"elementor-column elementor-col-50 elementor-top-column elementor-element elementor-element-b70f946\" data-id=\"b70f946\" data-element_type=\"column\" data-e-type=\"column\">\n\t\t\t<div class=\"elementor-widget-wrap elementor-element-populated\">\n\t\t\t\t\t\t<div class=\"elementor-element elementor-element-66e9f90 elementor-widget elementor-widget-image\" data-id=\"66e9f90\" data-element_type=\"widget\" data-e-type=\"widget\" data-widget_type=\"image.default\">\n\t\t\t\t<div class=\"elementor-widget-container\">\n\t\t\t\t\t\t\t\t\t\t\t\t\t\t\t<img decoding=\"async\" width=\"600\" height=\"652\" src=\"https:\/\/salve-corda.org\/wp-content\/uploads\/2021\/07\/apparition.png\" class=\"attachment-large size-large wp-image-856\" alt=\"\" srcset=\"https:\/\/salve-corda.org\/wp-content\/uploads\/2021\/07\/apparition.png 600w, https:\/\/salve-corda.org\/wp-content\/uploads\/2021\/07\/apparition-276x300.png 276w\" sizes=\"(max-width: 600px) 100vw, 600px\" \/>\t\t\t\t\t\t\t\t\t\t\t\t\t\t\t<\/div>\n\t\t\t\t<\/div>\n\t\t\t\t\t<\/div>\n\t\t<\/div>\n\t\t\t\t<div class=\"elementor-column elementor-col-50 elementor-top-column elementor-element elementor-element-95f265c\" data-id=\"95f265c\" data-element_type=\"column\" data-e-type=\"column\">\n\t\t\t<div class=\"elementor-widget-wrap elementor-element-populated\">\n\t\t\t\t\t\t<div class=\"elementor-element elementor-element-74bb9aa elementor-widget elementor-widget-text-editor\" data-id=\"74bb9aa\" data-element_type=\"widget\" data-e-type=\"widget\" data-widget_type=\"text-editor.default\">\n\t\t\t\t<div class=\"elementor-widget-container\">\n\t\t\t\t\t\t\t\t\t<p>Con estas palabras, Cristo nos recuerda sus maravillosas cualidades: espontaneidad, pureza de intenci\u00f3n, humildad, sencillez, desinter\u00e9s. Son estas disposiciones interiores las que son necesarias para adherirse al Coraz\u00f3n Inmaculado de Mar\u00eda.<\/p><p>Los ni\u00f1os son naturalmente\u00a0 <b>altamente sensible <\/b>al mensaje de F\u00e1tima. En particular, est\u00e1n muy conmovidos por el hecho de que, ofreciendo sus peque\u00f1as dificultades <b>pueden salvar a los adultos del infierno. <\/b>Es alucinante para ellos. Ellos, que son tan \"peque\u00f1os\", se convierten en actores principales de la \"gran\" sociedad.<\/p><p>As\u00ed que involucra a todos los ni\u00f1os que conozcas, incluso a los m\u00e1s peque\u00f1os. Todos podr\u00e1n encontrar el lenguaje adecuado.<\/p><p>\u00a0<\/p><p>He aqu\u00ed un ejemplo de c\u00f3mo se puede trabajar con ni\u00f1os:<\/p>\t\t\t\t\t\t\t\t<\/div>\n\t\t\t\t<\/div>\n\t\t\t\t\t<\/div>\n\t\t<\/div>\n\t\t\t\t\t<\/div>\n\t\t<\/section>\n\t\t\t\t<section class=\"elementor-section elementor-top-section elementor-element elementor-element-e093946 elementor-section-boxed elementor-section-height-default elementor-section-height-default\" data-id=\"e093946\" data-element_type=\"section\" data-e-type=\"section\">\n\t\t\t\t\t\t<div class=\"elementor-container elementor-column-gap-default\">\n\t\t\t\t\t<div class=\"elementor-column elementor-col-100 elementor-top-column elementor-element elementor-element-8f9d39e\" data-id=\"8f9d39e\" data-element_type=\"column\" data-e-type=\"column\">\n\t\t\t<div class=\"elementor-widget-wrap elementor-element-populated\">\n\t\t\t\t\t\t<div class=\"elementor-element elementor-element-d4f8af7 elementor-widget elementor-widget-text-editor\" data-id=\"d4f8af7\" data-element_type=\"widget\" data-e-type=\"widget\" data-widget_type=\"text-editor.default\">\n\t\t\t\t<div class=\"elementor-widget-container\">\n\t\t\t\t\t\t\t\t\t<ul><li>Cu\u00e9ntales la historia de los 3 ni\u00f1os de F\u00e1tima y el papel que est\u00e1n llamados a desempe\u00f1ar <b>ellos mismos a<\/b> Despu\u00e9s de Jacinthe Fran\u00e7ois y Lucie.<\/li><li>Expl\u00edqueles lo importante que es para el mundo que ofrezcan regularmente las peque\u00f1as dificultades que experimentan. A partir de los 5 a\u00f1os, son capaces de comprender plenamente lo que est\u00e1 en juego, con una pureza de intenci\u00f3n que nos resultar\u00e1 dif\u00edcil igualar.<\/li><li>Por \u00faltimo, si es posible, invol\u00facrelos en los primeros s\u00e1bados de mes.<\/li><\/ul>\t\t\t\t\t\t\t\t<\/div>\n\t\t\t\t<\/div>\n\t\t\t\t\t<\/div>\n\t\t<\/div>\n\t\t\t\t\t<\/div>\n\t\t<\/section>\n\t\t\t\t<section class=\"elementor-section elementor-top-section elementor-element elementor-element-3eae0a7 elementor-section-boxed elementor-section-height-default elementor-section-height-default\" data-id=\"3eae0a7\" data-element_type=\"section\" data-e-type=\"section\">\n\t\t\t\t\t\t<div class=\"elementor-container elementor-column-gap-default\">\n\t\t\t\t\t<div class=\"elementor-column elementor-col-100 elementor-top-column elementor-element elementor-element-4a78c96\" data-id=\"4a78c96\" data-element_type=\"column\" data-e-type=\"column\">\n\t\t\t<div class=\"elementor-widget-wrap elementor-element-populated\">\n\t\t\t\t\t\t<div class=\"elementor-element elementor-element-3257e48 elementor-widget elementor-widget-text-editor\" data-id=\"3257e48\" data-element_type=\"widget\" data-e-type=\"widget\" data-widget_type=\"text-editor.default\">\n\t\t\t\t<div class=\"elementor-widget-container\">\n\t\t\t\t\t\t\t\t\t<p>Aplicar el mensaje de F\u00e1tima iniciar\u00e1 en los ni\u00f1os una vida espiritual volcada hacia Cristo, la Sant\u00edsima Virgen y los dem\u00e1s. Poner el amor del Coraz\u00f3n de Mar\u00eda en sus corazones los marcar\u00e1 para el resto de sus vidas y har\u00e1 de ellos los santos que necesitamos.<\/p>\t\t\t\t\t\t\t\t<\/div>\n\t\t\t\t<\/div>\n\t\t\t\t<div class=\"elementor-element elementor-element-9bd239c elementor-widget elementor-widget-text-editor\" data-id=\"9bd239c\" data-element_type=\"widget\" data-e-type=\"widget\" data-widget_type=\"text-editor.default\">\n\t\t\t\t<div class=\"elementor-widget-container\">\n\t\t\t\t\t\t\t\t\t<p>Un sitio extraordinario puede ayudarle con sus hijos:<\/p>\t\t\t\t\t\t\t\t<\/div>\n\t\t\t\t<\/div>\n\t\t\t\t<div class=\"elementor-element elementor-element-d3ba50f elementor-align-center elementor-widget elementor-widget-button\" data-id=\"d3ba50f\" data-element_type=\"widget\" data-e-type=\"widget\" data-widget_type=\"button.default\">\n\t\t\t\t<div class=\"elementor-widget-container\">\n\t\t\t\t\t\t\t\t\t<div class=\"elementor-button-wrapper\">\n\t\t\t\t\t<a class=\"elementor-button elementor-button-link elementor-size-sm\" href=\"https:\/\/www.enfantsdefatima.org\/\">\n\t\t\t\t\t\t<span class=\"elementor-button-content-wrapper\">\n\t\t\t\t\t\t\t\t\t<span class=\"elementor-button-text\">www.enfantsdefatima.org<\/span>\n\t\t\t\t\t<\/span>\n\t\t\t\t\t<\/a>\n\t\t\t\t<\/div>\n\t\t\t\t\t\t\t\t<\/div>\n\t\t\t\t<\/div>\n\t\t\t\t\t<\/div>\n\t\t<\/div>\n\t\t\t\t\t<\/div>\n\t\t<\/section>\n\t\t\t\t<\/div>","protected":false},"excerpt":{"rendered":"<p>Los ni\u00f1os peque\u00f1os son muy a menudo elegidos por la Sant\u00edsima Virgen para hablarle durante sus apariciones (en La Salette, Pontmain, Pellevoisin...). En F\u00e1tima, se apareci\u00f3 a [...]<\/p>","protected":false},"author":1,"featured_media":0,"parent":0,"menu_order":0,"comment_status":"closed","ping_status":"closed","template":"elementor_header_footer","meta":{"footnotes":""},"class_list":["post-472","page","type-page","status-publish","hentry"],"_links":{"self":[{"href":"https:\/\/salve-corda.org\/es\/wp-json\/wp\/v2\/pages\/472","targetHints":{"allow":["GET"]}}],"collection":[{"href":"https:\/\/salve-corda.org\/es\/wp-json\/wp\/v2\/pages"}],"about":[{"href":"https:\/\/salve-corda.org\/es\/wp-json\/wp\/v2\/types\/page"}],"author":[{"embeddable":true,"href":"https:\/\/salve-corda.org\/es\/wp-json\/wp\/v2\/users\/1"}],"replies":[{"embeddable":true,"href":"https:\/\/salve-corda.org\/es\/wp-json\/wp\/v2\/comments?post=472"}],"version-history":[{"count":16,"href":"https:\/\/salve-corda.org\/es\/wp-json\/wp\/v2\/pages\/472\/revisions"}],"predecessor-version":[{"id":1580,"href":"https:\/\/salve-corda.org\/es\/wp-json\/wp\/v2\/pages\/472\/revisions\/1580"}],"wp:attachment":[{"href":"https:\/\/salve-corda.org\/es\/wp-json\/wp\/v2\/media?parent=472"}],"curies":[{"name":"wp","href":"https:\/\/api.w.org\/{rel}","templated":true}]}}