{"id":476,"date":"2020-09-25T15:28:09","date_gmt":"2020-09-25T13:28:09","guid":{"rendered":"https:\/\/salve-corda.org\/?page_id=476"},"modified":"2024-12-02T23:41:00","modified_gmt":"2024-12-02T22:41:00","slug":"pourquoi-cette-devotion-nest-pas-depassee","status":"publish","type":"page","link":"https:\/\/salve-corda.org\/es\/pourquoi-cette-devotion-nest-pas-depassee\/","title":{"rendered":"Pourquoi cette d\u00e9votion n&#8217;est pas d\u00e9pass\u00e9e ?"},"content":{"rendered":"<div data-elementor-type=\"wp-page\" data-elementor-id=\"476\" class=\"elementor elementor-476\">\n\t\t\t\t\t\t<section class=\"elementor-section elementor-top-section elementor-element elementor-element-565d048 elementor-section-boxed elementor-section-height-default elementor-section-height-default\" data-id=\"565d048\" data-element_type=\"section\" data-e-type=\"section\">\n\t\t\t\t\t\t<div class=\"elementor-container elementor-column-gap-default\">\n\t\t\t\t\t<div class=\"elementor-column elementor-col-100 elementor-top-column elementor-element elementor-element-6b9613d\" data-id=\"6b9613d\" data-element_type=\"column\" data-e-type=\"column\">\n\t\t\t<div class=\"elementor-widget-wrap\">\n\t\t\t\t\t\t\t<\/div>\n\t\t<\/div>\n\t\t\t\t\t<\/div>\n\t\t<\/section>\n\t\t\t\t<section class=\"elementor-section elementor-top-section elementor-element elementor-element-2c01296 elementor-section-boxed elementor-section-height-default elementor-section-height-default\" data-id=\"2c01296\" data-element_type=\"section\" data-e-type=\"section\">\n\t\t\t\t\t\t<div class=\"elementor-container elementor-column-gap-default\">\n\t\t\t\t\t<div class=\"elementor-column elementor-col-100 elementor-top-column elementor-element elementor-element-265bca2\" data-id=\"265bca2\" data-element_type=\"column\" data-e-type=\"column\">\n\t\t\t<div class=\"elementor-widget-wrap elementor-element-populated\">\n\t\t\t\t\t\t<div class=\"elementor-element elementor-element-3c1b346 elementor-widget elementor-widget-spacer\" data-id=\"3c1b346\" data-element_type=\"widget\" data-e-type=\"widget\" data-widget_type=\"spacer.default\">\n\t\t\t\t<div class=\"elementor-widget-container\">\n\t\t\t\t\t\t\t<div class=\"elementor-spacer\">\n\t\t\t<div class=\"elementor-spacer-inner\"><\/div>\n\t\t<\/div>\n\t\t\t\t\t\t<\/div>\n\t\t\t\t<\/div>\n\t\t\t\t\t<\/div>\n\t\t<\/div>\n\t\t\t\t\t<\/div>\n\t\t<\/section>\n\t\t\t\t<section class=\"elementor-section elementor-top-section elementor-element elementor-element-9a47290 elementor-section-boxed elementor-section-height-default elementor-section-height-default\" data-id=\"9a47290\" data-element_type=\"section\" data-e-type=\"section\">\n\t\t\t\t\t\t<div class=\"elementor-container elementor-column-gap-default\">\n\t\t\t\t\t<div class=\"elementor-column elementor-col-100 elementor-top-column elementor-element elementor-element-b373ba2\" data-id=\"b373ba2\" data-element_type=\"column\" data-e-type=\"column\">\n\t\t\t<div class=\"elementor-widget-wrap elementor-element-populated\">\n\t\t\t\t\t\t<div class=\"elementor-element elementor-element-d052e55 elementor-widget elementor-widget-heading\" data-id=\"d052e55\" data-element_type=\"widget\" data-e-type=\"widget\" data-widget_type=\"heading.default\">\n\t\t\t\t<div class=\"elementor-widget-container\">\n\t\t\t\t\t<h2 class=\"elementor-heading-title elementor-size-default\">Por qu\u00e9 FATIMA SIGUE Siendo relevante<\/h2>\t\t\t\t<\/div>\n\t\t\t\t<\/div>\n\t\t\t\t\t<\/div>\n\t\t<\/div>\n\t\t\t\t\t<\/div>\n\t\t<\/section>\n\t\t\t\t<section class=\"elementor-section elementor-top-section elementor-element elementor-element-08d61d2 elementor-section-boxed elementor-section-height-default elementor-section-height-default\" data-id=\"08d61d2\" data-element_type=\"section\" data-e-type=\"section\" data-settings=\"{&quot;background_background&quot;:&quot;classic&quot;}\">\n\t\t\t\t\t\t<div class=\"elementor-container elementor-column-gap-default\">\n\t\t\t\t\t<div class=\"elementor-column elementor-col-50 elementor-top-column elementor-element elementor-element-791f161\" data-id=\"791f161\" data-element_type=\"column\" data-e-type=\"column\">\n\t\t\t<div class=\"elementor-widget-wrap elementor-element-populated\">\n\t\t\t\t\t\t<div class=\"elementor-element elementor-element-802a745 elementor-widget elementor-widget-text-editor\" data-id=\"802a745\" data-element_type=\"widget\" data-e-type=\"widget\" data-widget_type=\"text-editor.default\">\n\t\t\t\t<div class=\"elementor-widget-container\">\n\t\t\t\t\t\t\t\t\t<p><strong><u>Una petici\u00f3n de Dios mismo para nuestro tiempo<\/u><\/strong><\/p><p>\u00a0<\/p><p>En F\u00e1tima, Nuestra Se\u00f1ora expres\u00f3 su petici\u00f3n con estas palabras: <span style=\"color: #6288c6;\"><em>\"Dios quiere establecer la devoci\u00f3n a mi Inmaculado Coraz\u00f3n en todo el mundo\".<\/em>.<\/span><\/p><p>\u00a0<\/p><p>Tales palabras muestran el alcance universal y definitivo de esta devoci\u00f3n. Aunque desgraciadamente esta petici\u00f3n de Dios a\u00fan no ha sido concedida, la Sant\u00edsima Virgen profetiz\u00f3 que suceder\u00eda alg\u00fan d\u00eda, lo que prueba que suceder\u00e1 en nuestro tiempo:<\/p><p>\u00a0<\/p><p><em><span style=\"color: #6288c6;\">\"<\/span><\/em><em><span style=\"color: #6288c6;\"> Al final mi Coraz\u00f3n Inmaculado triunfar\u00e1, Rusia se convertir\u00e1 y al mundo se le conceder\u00e1 un cierto tiempo de paz\".<\/span><\/em><\/p><p>As\u00ed que estamos justo en medio de las noticias. Rusia a\u00fan no se ha convertido y lo menos que podemos decir es que no nos dirigimos a un periodo de paz...<em><span style=\"color: #6288c6;\"><br \/><\/span><\/em><\/p>\t\t\t\t\t\t\t\t<\/div>\n\t\t\t\t<\/div>\n\t\t\t\t\t<\/div>\n\t\t<\/div>\n\t\t\t\t<div class=\"elementor-column elementor-col-50 elementor-top-column elementor-element elementor-element-7f19750\" data-id=\"7f19750\" data-element_type=\"column\" data-e-type=\"column\">\n\t\t\t<div class=\"elementor-widget-wrap elementor-element-populated\">\n\t\t\t\t\t\t<div class=\"elementor-element elementor-element-d0d05da elementor-widget elementor-widget-image\" data-id=\"d0d05da\" data-element_type=\"widget\" data-e-type=\"widget\" data-widget_type=\"image.default\">\n\t\t\t\t<div class=\"elementor-widget-container\">\n\t\t\t\t\t\t\t\t\t\t\t\t\t\t\t<img fetchpriority=\"high\" decoding=\"async\" width=\"541\" height=\"797\" src=\"https:\/\/salve-corda.org\/wp-content\/uploads\/2021\/07\/jean-paul-2.png\" class=\"attachment-large size-large wp-image-915\" alt=\"\" srcset=\"https:\/\/salve-corda.org\/wp-content\/uploads\/2021\/07\/jean-paul-2.png 541w, https:\/\/salve-corda.org\/wp-content\/uploads\/2021\/07\/jean-paul-2-204x300.png 204w\" sizes=\"(max-width: 541px) 100vw, 541px\" \/>\t\t\t\t\t\t\t\t\t\t\t\t\t\t\t<\/div>\n\t\t\t\t<\/div>\n\t\t\t\t\t<\/div>\n\t\t<\/div>\n\t\t\t\t\t<\/div>\n\t\t<\/section>\n\t\t\t\t<section class=\"elementor-section elementor-top-section elementor-element elementor-element-540b23c elementor-section-boxed elementor-section-height-default elementor-section-height-default\" data-id=\"540b23c\" data-element_type=\"section\" data-e-type=\"section\" data-settings=\"{&quot;background_background&quot;:&quot;classic&quot;}\">\n\t\t\t\t\t\t<div class=\"elementor-container elementor-column-gap-default\">\n\t\t\t\t\t<div class=\"elementor-column elementor-col-100 elementor-top-column elementor-element elementor-element-347b2e4\" data-id=\"347b2e4\" data-element_type=\"column\" data-e-type=\"column\">\n\t\t\t<div class=\"elementor-widget-wrap elementor-element-populated\">\n\t\t\t\t\t\t<div class=\"elementor-element elementor-element-c411474 elementor-widget elementor-widget-text-editor\" data-id=\"c411474\" data-element_type=\"widget\" data-e-type=\"widget\" data-widget_type=\"text-editor.default\">\n\t\t\t\t<div class=\"elementor-widget-container\">\n\t\t\t\t\t\t\t\t\t<p>La Hermana Luc\u00eda tambi\u00e9n dijo estas impresionantes palabras:<\/p><p><span style=\"color: #6288c6;\"><i>\"Ella (la Sant\u00edsima Virgen, nota del editor) nos dijo a m\u00ed y a mis primos que Dios dio a los ni\u00f1os el derecho a nacer. <\/i><u><i>dos \u00faltimos remedios <\/i><\/u><i>en el mundo<\/i> <i>Se trata del Santo Rosario y de la devoci\u00f3n al Inmaculado Coraz\u00f3n de Mar\u00eda, siendo estas dos \u00faltimas.<\/i><i>\u00e8des<\/i><i> esto significa <\/i><u><i>que no habr\u00e1 otro<\/i><\/u><i>. \"<\/i><\/span><\/p><p style=\"text-align: right;\">26 de diciembre de 1957<\/p><p>Si Dios trae \"los \u00faltimos remedios\", es porque nunca ser\u00e1n superados y, sobre todo, porque acompa\u00f1ar\u00e1n a la humanidad hasta el fin del mundo.<\/p>\t\t\t\t\t\t\t\t<\/div>\n\t\t\t\t<\/div>\n\t\t\t\t\t<\/div>\n\t\t<\/div>\n\t\t\t\t\t<\/div>\n\t\t<\/section>\n\t\t\t\t<section class=\"elementor-section elementor-top-section elementor-element elementor-element-cb4c1ef elementor-section-boxed elementor-section-height-default elementor-section-height-default\" data-id=\"cb4c1ef\" data-element_type=\"section\" data-e-type=\"section\" data-settings=\"{&quot;background_background&quot;:&quot;classic&quot;}\">\n\t\t\t\t\t\t<div class=\"elementor-container elementor-column-gap-default\">\n\t\t\t\t\t<div class=\"elementor-column elementor-col-100 elementor-top-column elementor-element elementor-element-366de94\" data-id=\"366de94\" data-element_type=\"column\" data-e-type=\"column\">\n\t\t\t<div class=\"elementor-widget-wrap elementor-element-populated\">\n\t\t\t\t\t\t<div class=\"elementor-element elementor-element-47a880f elementor-widget elementor-widget-text-editor\" data-id=\"47a880f\" data-element_type=\"widget\" data-e-type=\"widget\" data-widget_type=\"text-editor.default\">\n\t\t\t\t<div class=\"elementor-widget-container\">\n\t\t\t\t\t\t\t\t\t<p><strong><span style=\"text-decoration: underline;\">La salvaci\u00f3n de los pecadores, m\u00e1s actual que nunca<\/span><\/strong><\/p><p>\u00a0<\/p><p>En F\u00e1tima, la Virgen mostr\u00f3 a tres ni\u00f1itos el infierno eterno, para subrayar la naturaleza espantosa de las almas que caen en el infierno \"como hojas en oto\u00f1o\", como dijo en La Salette. En F\u00e1tima nos explic\u00f3 que ten\u00edamos que salvarlas y c\u00f3mo ten\u00edamos que hacerlo.<\/p><p>Como Benedicto XVI, podemos decir que el mundo nunca ha cometido tantos pecados, ni en cantidad ni en gravedad. Y nunca hemos sido tantos. As\u00ed que es probable que aumente el n\u00famero de personas que van al infierno cada d\u00eda. <b>nunca ha sido mayor en la historia de la humanidad.<\/b><\/p><p>\u00a0<\/p><p>El Coraz\u00f3n Inmaculado de Mar\u00eda, poderoso medio para la conversi\u00f3n de los pecadores, es, por tanto, de la mayor importancia hoy, porque es a trav\u00e9s de esta devoci\u00f3n como entregamos la mayor parte de las almas de los pecadores.<\/p><p>\u00a0<\/p>\t\t\t\t\t\t\t\t<\/div>\n\t\t\t\t<\/div>\n\t\t\t\t<div class=\"elementor-element elementor-element-57ac6a8 elementor-widget elementor-widget-text-editor\" data-id=\"57ac6a8\" data-element_type=\"widget\" data-e-type=\"widget\" data-widget_type=\"text-editor.default\">\n\t\t\t\t<div class=\"elementor-widget-container\">\n\t\t\t\t\t\t\t\t\t<p><span style=\"text-decoration: underline;\"><strong>Las advertencias del propio Cristo<\/strong><\/span><\/p>\n<p><strong><br><\/strong><\/p>\n<p><strong><\/strong><\/p>\n<p><\/p>\n<p>Alors que la Sainte Vierge a proph\u00e9tis\u00e9 qu&#8217;\u00e0 la fin la d\u00e9votion \u00e0 son C\u0153ur serait \u00e9tablie, le Christ Lui-m\u00eame a averti les hommes des cons\u00e9quences de ne pas suivre ses demandes en comparant la situation \u00e0 celle du Sacr\u00e9-C\u0153ur :<br><br><\/p>\n<p><\/p>\n<p><em><span style=\"color: #6288c6;\">\"Que sepan mis Ministros que, puesto que siguen el ejemplo del Rey de Francia al retrasar la ejecuci\u00f3n de mi petici\u00f3n, le seguir\u00e1n en la desgracia.&nbsp; &nbsp; &nbsp; &nbsp; &nbsp; &nbsp; &nbsp; &nbsp; &nbsp; &nbsp; &nbsp; &nbsp; &nbsp; &nbsp; &nbsp; &nbsp; &nbsp; &nbsp; &nbsp; &nbsp; &nbsp; &nbsp; &nbsp; &nbsp; &nbsp; &nbsp; &nbsp; &nbsp; &nbsp; &nbsp; &nbsp; &nbsp; &nbsp; &nbsp; &nbsp; &nbsp; &nbsp; &nbsp; &nbsp; &nbsp; &nbsp; &nbsp; &nbsp; &nbsp; &nbsp; &nbsp; &nbsp; &nbsp; &nbsp; &nbsp; &nbsp; &nbsp; &nbsp; &nbsp; &nbsp; &nbsp; &nbsp; &nbsp; &nbsp; &nbsp; &nbsp; &nbsp; &nbsp; &nbsp; &nbsp; &nbsp; &nbsp; &nbsp; &nbsp; &nbsp; &nbsp; &nbsp; &nbsp; &nbsp; &nbsp; &nbsp; &nbsp; &nbsp; &nbsp;&nbsp;<\/span><\/em><span style=\"text-align: right; color: var( --e-global-color-text ); font-family: var( --e-global-typography-18e5089-font-family ), Sans-serif; font-size: var( --e-global-typography-18e5089-font-size ); font-weight: var( --e-global-typography-18e5089-font-weight ); letter-spacing: var( --e-global-typography-18e5089-letter-spacing ); background-color: var( --e-global-color-f890547 );\">Cristo, primavera de 1931 en Rianjo<br><br><\/span><\/p>\n<p><\/p>\n<p><em><span style=\"color: #6288c6;\">\"\u00a1No escucharon mi petici\u00f3n! Como el rey de Francia, se arrepentir\u00e1n.&nbsp; &nbsp; &nbsp; &nbsp; &nbsp; &nbsp; &nbsp; &nbsp; &nbsp; &nbsp; &nbsp; &nbsp; &nbsp; &nbsp; &nbsp; &nbsp; &nbsp; &nbsp; &nbsp; &nbsp; &nbsp; &nbsp; &nbsp; &nbsp; &nbsp; &nbsp; &nbsp; &nbsp; &nbsp; &nbsp; &nbsp; <\/span><\/em><span style=\"text-align: right; color: var( --e-global-color-text ); font-family: var( --e-global-typography-18e5089-font-family ), Sans-serif; font-size: var( --e-global-typography-18e5089-font-size ); font-weight: var( --e-global-typography-18e5089-font-weight ); letter-spacing: var( --e-global-typography-18e5089-letter-spacing ); background-color: var( --e-global-color-f890547 );\">Verano de 1931 Cristo a Sor Luc\u00eda<\/span><\/p>\n<p style=\"text-align: right;\"><br><\/p>\n<p><\/p>\n<p>Esta es una prueba absoluta de la naturaleza actual de esta devoci\u00f3n.&nbsp;<span style=\"color: var( --e-global-color-text ); font-family: var( --e-global-typography-18e5089-font-family ), Sans-serif; font-size: var( --e-global-typography-18e5089-font-size ); font-weight: var( --e-global-typography-18e5089-font-weight ); letter-spacing: var( --e-global-typography-18e5089-letter-spacing ); background-color: var( --e-global-color-f890547 );\">Hay que recordar que la Revoluci\u00f3n Francesa estall\u00f3 100 a\u00f1os despu\u00e9s de que el Rey se negara a cumplir las exigencias del Sagrado Coraz\u00f3n. Ahora <\/span><span style=\"color: var( --e-global-color-text ); font-family: var( --e-global-typography-18e5089-font-family ), Sans-serif; font-size: var( --e-global-typography-18e5089-font-size ); letter-spacing: var( --e-global-typography-18e5089-letter-spacing ); background-color: var( --e-global-color-f890547 );\">l<\/span><span style=\"color: var( --e-global-color-text ); font-family: var( --e-global-typography-18e5089-font-family ), Sans-serif; font-size: var( --e-global-typography-18e5089-font-size ); letter-spacing: var( --e-global-typography-18e5089-letter-spacing ); background-color: var( --e-global-color-f890547 );\">a primera<\/span><span style=\"color: var( --e-global-color-text ); font-family: var( --e-global-typography-18e5089-font-family ), Sans-serif; font-size: var( --e-global-typography-18e5089-font-size ); letter-spacing: var( --e-global-typography-18e5089-letter-spacing ); background-color: var( --e-global-color-f890547 );\">s<\/span><span style=\"color: var( --e-global-color-text ); font-family: var( --e-global-typography-18e5089-font-family ), Sans-serif; font-size: var( --e-global-typography-18e5089-font-size ); letter-spacing: var( --e-global-typography-18e5089-letter-spacing ); background-color: var( --e-global-color-f890547 );\"> S\u00e1bado del mes en honor del Inmaculado Coraz\u00f3n de Mar\u00eda<b> se han solicitado<\/b><\/span><b style=\"color: var( --e-global-color-text ); font-family: var( --e-global-typography-18e5089-font-family ), Sans-serif; font-size: var( --e-global-typography-18e5089-font-size ); letter-spacing: var( --e-global-typography-18e5089-letter-spacing ); background-color: var( --e-global-color-f890547 );\">s<\/b><b style=\"color: var( --e-global-color-text ); font-family: var( --e-global-typography-18e5089-font-family ), Sans-serif; font-size: var( --e-global-typography-18e5089-font-size ); letter-spacing: var( --e-global-typography-18e5089-letter-spacing ); background-color: var( --e-global-color-f890547 );\"> en F\u00e1tima en 1925, lo que nos lleva a 2025... <\/b><span style=\"color: var( --e-global-color-text ); font-family: var( --e-global-typography-18e5089-font-family ), Sans-serif; font-size: var( --e-global-typography-18e5089-font-size ); font-weight: var( --e-global-typography-18e5089-font-weight ); letter-spacing: var( --e-global-typography-18e5089-letter-spacing ); background-color: var( --e-global-color-f890547 );\">Cuesta creer que el impacto de F\u00e1tima haya terminado.<\/span><\/p>\n<p><span style=\"color: var( --e-global-color-text ); font-family: var( --e-global-typography-18e5089-font-family ), Sans-serif; font-size: var( --e-global-typography-18e5089-font-size ); font-weight: var( --e-global-typography-18e5089-font-weight ); letter-spacing: var( --e-global-typography-18e5089-letter-spacing ); background-color: var( --e-global-color-f890547 );\"><br><\/span><\/p>\n<p><\/p>\n<p>Por \u00faltimo, escuchemos a Sor Luc\u00eda, que fue categ\u00f3rica sobre la necesidad de seguir hoy las peticiones de la Virgen:<\/p>\n<p><\/p>\n<p><span style=\"color: #6288c6;\"><i>\"Siempre en los planes de la providencia, cuando Dios va a castigar al mundo, agota primero todos los dem\u00e1s remedios. Ahora bien, como ha visto que el mundo no ha hecho uso de ninguno de ellos, entonces, como dir\u00edamos en nuestro imperfecto modo de hablar, nos ofrece con cierto temor el \u00faltimo medio de salvaci\u00f3n, su Sant\u00edsima Madre. <\/i><i><b>PORQUE SI DESPRECIAMOS Y RECHAZAMOS ESTE \u00daLTIMO MEDIO, YA NO TENDREMOS EL PERD\u00d3N DEL CIELO PORQUE HABREMOS COMETIDO UN PECADO CONTRA EL ESP\u00cdRITU SANTO, QUE CONSISTE EN RECHAZAR ABIERTAMENTE CON PLENO CONOCIMIENTO Y VOLUNTAD LA SALVACI\u00d3N QUE SE NOS OFRECE.&nbsp;<\/b><\/i><\/span><em style=\"color: var( --e-global-color-text ); font-family: var( --e-global-typography-18e5089-font-family ), Sans-serif; font-size: var( --e-global-typography-18e5089-font-size ); font-weight: var( --e-global-typography-18e5089-font-weight ); letter-spacing: var( --e-global-typography-18e5089-letter-spacing ); background-color: var( --e-global-color-f890547 );\"><span style=\"color: #6288c6;\">\"&nbsp; &nbsp; &nbsp; &nbsp;<\/span><\/em><span style=\"color: #6288c6;\"><i><br><\/i><\/span><\/p>\t\t\t\t\t\t\t\t<\/div>\n\t\t\t\t<\/div>\n\t\t\t\t\t<\/div>\n\t\t<\/div>\n\t\t\t\t\t<\/div>\n\t\t<\/section>\n\t\t\t\t<\/div>","protected":false},"excerpt":{"rendered":"<p>Pourquoi FATIMA EST TOUJOURS D&#8217;actualite Une\u00a0 demande de Dieu lui-m\u00eame pour notre \u00e9poque \u00a0 A Fatima la Sainte Vierge a exprim\u00e9 sa demande en ces termes : \u00ab Dieu veut \u00e9tablir dans le [&hellip;]<\/p>","protected":false},"author":1,"featured_media":0,"parent":0,"menu_order":0,"comment_status":"closed","ping_status":"closed","template":"elementor_header_footer","meta":{"footnotes":""},"class_list":["post-476","page","type-page","status-publish","hentry"],"_links":{"self":[{"href":"https:\/\/salve-corda.org\/es\/wp-json\/wp\/v2\/pages\/476","targetHints":{"allow":["GET"]}}],"collection":[{"href":"https:\/\/salve-corda.org\/es\/wp-json\/wp\/v2\/pages"}],"about":[{"href":"https:\/\/salve-corda.org\/es\/wp-json\/wp\/v2\/types\/page"}],"author":[{"embeddable":true,"href":"https:\/\/salve-corda.org\/es\/wp-json\/wp\/v2\/users\/1"}],"replies":[{"embeddable":true,"href":"https:\/\/salve-corda.org\/es\/wp-json\/wp\/v2\/comments?post=476"}],"version-history":[{"count":51,"href":"https:\/\/salve-corda.org\/es\/wp-json\/wp\/v2\/pages\/476\/revisions"}],"predecessor-version":[{"id":16295,"href":"https:\/\/salve-corda.org\/es\/wp-json\/wp\/v2\/pages\/476\/revisions\/16295"}],"wp:attachment":[{"href":"https:\/\/salve-corda.org\/es\/wp-json\/wp\/v2\/media?parent=476"}],"curies":[{"name":"wp","href":"https:\/\/api.w.org\/{rel}","templated":true}]}}