{"id":480,"date":"2020-09-25T15:31:36","date_gmt":"2020-09-25T13:31:36","guid":{"rendered":"https:\/\/salve-corda.org\/?page_id=480"},"modified":"2021-12-01T22:45:25","modified_gmt":"2021-12-01T21:45:25","slug":"signification-des-1ers-vendredis-et-samedis-du-mois","status":"publish","type":"page","link":"https:\/\/salve-corda.org\/es\/signification-des-1ers-vendredis-et-samedis-du-mois\/","title":{"rendered":"\u00bfQu\u00e9 significan los primeros viernes y s\u00e1bados de mes?"},"content":{"rendered":"<div data-elementor-type=\"wp-page\" data-elementor-id=\"480\" class=\"elementor elementor-480\">\n\t\t\t\t\t\t<section class=\"elementor-section elementor-top-section elementor-element elementor-element-76295b2 elementor-section-boxed elementor-section-height-default elementor-section-height-default\" data-id=\"76295b2\" data-element_type=\"section\" data-e-type=\"section\">\n\t\t\t\t\t\t<div class=\"elementor-container elementor-column-gap-default\">\n\t\t\t\t\t<div class=\"elementor-column elementor-col-100 elementor-top-column elementor-element elementor-element-3b1dc33\" data-id=\"3b1dc33\" data-element_type=\"column\" data-e-type=\"column\">\n\t\t\t<div class=\"elementor-widget-wrap elementor-element-populated\">\n\t\t\t\t\t\t<div class=\"elementor-element elementor-element-4290dc1 elementor-widget elementor-widget-spacer\" data-id=\"4290dc1\" data-element_type=\"widget\" data-e-type=\"widget\" data-widget_type=\"spacer.default\">\n\t\t\t\t<div class=\"elementor-widget-container\">\n\t\t\t\t\t\t\t<div class=\"elementor-spacer\">\n\t\t\t<div class=\"elementor-spacer-inner\"><\/div>\n\t\t<\/div>\n\t\t\t\t\t\t<\/div>\n\t\t\t\t<\/div>\n\t\t\t\t\t<\/div>\n\t\t<\/div>\n\t\t\t\t\t<\/div>\n\t\t<\/section>\n\t\t\t\t<section class=\"elementor-section elementor-top-section elementor-element elementor-element-f1f514c elementor-section-boxed elementor-section-height-default elementor-section-height-default\" data-id=\"f1f514c\" data-element_type=\"section\" data-e-type=\"section\">\n\t\t\t\t\t\t<div class=\"elementor-container elementor-column-gap-default\">\n\t\t\t\t\t<div class=\"elementor-column elementor-col-100 elementor-top-column elementor-element elementor-element-dd88db6\" data-id=\"dd88db6\" data-element_type=\"column\" data-e-type=\"column\">\n\t\t\t<div class=\"elementor-widget-wrap elementor-element-populated\">\n\t\t\t\t\t\t<div class=\"elementor-element elementor-element-205cd01 elementor-widget elementor-widget-heading\" data-id=\"205cd01\" data-element_type=\"widget\" data-e-type=\"widget\" data-widget_type=\"heading.default\">\n\t\t\t\t<div class=\"elementor-widget-container\">\n\t\t\t\t\t<h2 class=\"elementor-heading-title elementor-size-default\">\u00bfPor qu\u00e9 el primer viernes y s\u00e1bado de cada mes?\n<\/h2>\t\t\t\t<\/div>\n\t\t\t\t<\/div>\n\t\t\t\t\t<\/div>\n\t\t<\/div>\n\t\t\t\t\t<\/div>\n\t\t<\/section>\n\t\t\t\t<section class=\"elementor-section elementor-top-section elementor-element elementor-element-f40c6a5 elementor-section-boxed elementor-section-height-default elementor-section-height-default\" data-id=\"f40c6a5\" data-element_type=\"section\" data-e-type=\"section\">\n\t\t\t\t\t\t<div class=\"elementor-container elementor-column-gap-default\">\n\t\t\t\t\t<div class=\"elementor-column elementor-col-100 elementor-top-column elementor-element elementor-element-0b15af7\" data-id=\"0b15af7\" data-element_type=\"column\" data-e-type=\"column\">\n\t\t\t<div class=\"elementor-widget-wrap elementor-element-populated\">\n\t\t\t\t\t\t<div class=\"elementor-element elementor-element-e20f103 elementor-widget elementor-widget-text-editor\" data-id=\"e20f103\" data-element_type=\"widget\" data-e-type=\"widget\" data-widget_type=\"text-editor.default\">\n\t\t\t\t<div class=\"elementor-widget-container\">\n\t\t\t\t\t\t\t\t\t<p>Podr\u00edamos preguntarnos: pero \u00bfpor qu\u00e9 Cristo vino a pedirnos que celebremos su Coraz\u00f3n el primer viernes del mes y la Sant\u00edsima Virgen vino a pedirnos que celebremos el suyo el primer s\u00e1bado? Aunque siempre hay un elemento de misterio detr\u00e1s de las peticiones del Cielo para mantener nuestra fe y conducirnos hacia la humildad de la obediencia sencilla, se pueden dar algunas explicaciones parciales.<\/p>\t\t\t\t\t\t\t\t<\/div>\n\t\t\t\t<\/div>\n\t\t\t\t\t<\/div>\n\t\t<\/div>\n\t\t\t\t\t<\/div>\n\t\t<\/section>\n\t\t\t\t<section class=\"elementor-section elementor-top-section elementor-element elementor-element-ce97835 elementor-section-boxed elementor-section-height-default elementor-section-height-default\" data-id=\"ce97835\" data-element_type=\"section\" data-e-type=\"section\">\n\t\t\t\t\t\t<div class=\"elementor-container elementor-column-gap-default\">\n\t\t\t\t\t<div class=\"elementor-column elementor-col-50 elementor-top-column elementor-element elementor-element-ddf1cf7\" data-id=\"ddf1cf7\" data-element_type=\"column\" data-e-type=\"column\">\n\t\t\t<div class=\"elementor-widget-wrap elementor-element-populated\">\n\t\t\t\t\t\t<div class=\"elementor-element elementor-element-e0666c4 elementor-widget elementor-widget-text-editor\" data-id=\"e0666c4\" data-element_type=\"widget\" data-e-type=\"widget\" data-widget_type=\"text-editor.default\">\n\t\t\t\t<div class=\"elementor-widget-container\">\n\t\t\t\t\t\t\t\t\t<p><span style=\"color: var( --e-global-color-text ); font-family: var( --e-global-typography-text-font-family ), Sans-serif; font-size: var( --e-global-typography-text-font-size ); font-weight: var( --e-global-typography-text-font-weight );\">Sabemos que nuestra redenci\u00f3n se obtuvo al precio de los sufrimientos conjuntos de Cristo y de la Sant\u00edsima Virgen. Cristo padeci\u00f3 y muri\u00f3 un viernes. Por tanto, el don supremo de su amor tuvo lugar ese d\u00eda, el d\u00eda que eligi\u00f3 para la devoci\u00f3n a su Coraz\u00f3n. \u00bfQu\u00e9 puede ser m\u00e1s l\u00f3gico?<\/span><\/p><p>\u00a0<\/p><p>\u00a0<\/p><p>Para la Sant\u00edsima Virgen, aunque su sufrimiento tambi\u00e9n fue inmenso el Viernes Santo, continu\u00f3 todo el s\u00e1bado hasta la Resurrecci\u00f3n. A lo largo de ese d\u00eda y de esa noche, la visi\u00f3n de lo que hab\u00eda padecido su hijo nunca la abandon\u00f3, y la espada se clav\u00f3 en su coraz\u00f3n durante esas 24 horas, que podr\u00edan describirse como la agon\u00eda de la Sant\u00edsima Virgen.<\/p><p>\u00a0<\/p>\t\t\t\t\t\t\t\t<\/div>\n\t\t\t\t<\/div>\n\t\t\t\t\t<\/div>\n\t\t<\/div>\n\t\t\t\t<div class=\"elementor-column elementor-col-50 elementor-top-column elementor-element elementor-element-191f821\" data-id=\"191f821\" data-element_type=\"column\" data-e-type=\"column\">\n\t\t\t<div class=\"elementor-widget-wrap elementor-element-populated\">\n\t\t\t\t\t\t<div class=\"elementor-element elementor-element-02a4edf elementor-widget elementor-widget-image\" data-id=\"02a4edf\" data-element_type=\"widget\" data-e-type=\"widget\" data-widget_type=\"image.default\">\n\t\t\t\t<div class=\"elementor-widget-container\">\n\t\t\t\t\t\t\t\t\t\t\t\t\t\t\t<img fetchpriority=\"high\" decoding=\"async\" width=\"640\" height=\"511\" src=\"https:\/\/salve-corda.org\/wp-content\/uploads\/2021\/09\/image069-1.jpg\" class=\"attachment-large size-large wp-image-2540\" alt=\"\" srcset=\"https:\/\/salve-corda.org\/wp-content\/uploads\/2021\/09\/image069-1.jpg 662w, https:\/\/salve-corda.org\/wp-content\/uploads\/2021\/09\/image069-1-300x240.jpg 300w\" sizes=\"(max-width: 640px) 100vw, 640px\" \/>\t\t\t\t\t\t\t\t\t\t\t\t\t\t\t<\/div>\n\t\t\t\t<\/div>\n\t\t\t\t\t<\/div>\n\t\t<\/div>\n\t\t\t\t\t<\/div>\n\t\t<\/section>\n\t\t\t\t<section class=\"elementor-section elementor-top-section elementor-element elementor-element-f2f2296 elementor-section-boxed elementor-section-height-default elementor-section-height-default\" data-id=\"f2f2296\" data-element_type=\"section\" data-e-type=\"section\">\n\t\t\t\t\t\t<div class=\"elementor-container elementor-column-gap-default\">\n\t\t\t\t\t<div class=\"elementor-column elementor-col-100 elementor-top-column elementor-element elementor-element-cf09d99\" data-id=\"cf09d99\" data-element_type=\"column\" data-e-type=\"column\">\n\t\t\t<div class=\"elementor-widget-wrap elementor-element-populated\">\n\t\t\t\t\t\t<div class=\"elementor-element elementor-element-aa3b0f2 elementor-widget elementor-widget-text-editor\" data-id=\"aa3b0f2\" data-element_type=\"widget\" data-e-type=\"widget\" data-widget_type=\"text-editor.default\">\n\t\t\t\t<div class=\"elementor-widget-container\">\n\t\t\t\t\t\t\t\t\t<p>Fue tambi\u00e9n este s\u00e1bado cuando la demostraci\u00f3n de su fe irrumpi\u00f3 en el Universo, y cuando ella sola llev\u00f3 adelante a la Iglesia. A pesar de la aparici\u00f3n de la desaparici\u00f3n final de Cristo, cuando la duda se apoder\u00f3 de todos, incluidos los Ap\u00f3stoles, ella no dud\u00f3 ni un segundo de la futura Resurrecci\u00f3n de su hijo.  El s\u00e1bado es, pues, su d\u00eda de gloria.<br \/><br \/>Si observamos atentamente todas las peticiones de Cristo y de la Sant\u00edsima Virgen, veremos que forman una verdadera \"trilog\u00eda\" al comienzo de cada mes: la hora santa del jueves por la tarde, la comuni\u00f3n del viernes y la comuni\u00f3n del s\u00e1bado. El significado es evidente: Cristo y la Sant\u00edsima Virgen quieren que, al comienzo de cada mes, los fieles recuerden y mediten lo siguiente\u00a0<b>este<\/b><b>s tres d\u00edas de\u00a0<\/b><b>nuestra<\/b>\u00a0<b>redenci\u00f3n<\/b>\u00a0- Jueves Santo, Viernes Santo y S\u00e1bado Santo, cuando tanto nos amaron y tanto sufrieron por nosotros. \u00bfQu\u00e9 podr\u00eda ser m\u00e1s normal? \u00bfQu\u00e9 podr\u00eda ser m\u00e1s leg\u00edtimo que pedirnos unas horas una vez al principio del mes para darles las gracias y asociarnos a ellos?<\/p>\t\t\t\t\t\t\t\t<\/div>\n\t\t\t\t<\/div>\n\t\t\t\t\t<\/div>\n\t\t<\/div>\n\t\t\t\t\t<\/div>\n\t\t<\/section>\n\t\t\t\t<section class=\"elementor-section elementor-top-section elementor-element elementor-element-7d2ffb5 elementor-section-boxed elementor-section-height-default elementor-section-height-default\" data-id=\"7d2ffb5\" data-element_type=\"section\" data-e-type=\"section\">\n\t\t\t\t\t\t<div class=\"elementor-container elementor-column-gap-default\">\n\t\t\t\t\t<div class=\"elementor-column elementor-col-100 elementor-top-column elementor-element elementor-element-bd8b4b0\" data-id=\"bd8b4b0\" data-element_type=\"column\" data-e-type=\"column\">\n\t\t\t<div class=\"elementor-widget-wrap elementor-element-populated\">\n\t\t\t\t\t\t<div class=\"elementor-element elementor-element-31991be elementor-widget elementor-widget-text-editor\" data-id=\"31991be\" data-element_type=\"widget\" data-e-type=\"widget\" data-widget_type=\"text-editor.default\">\n\t\t\t\t<div class=\"elementor-widget-container\">\n\t\t\t\t\t\t\t\t\t<p>Nuestro Padre celestial nos ha pedido que el primer d\u00eda de la semana, el domingo, le demos gracias por la C<b>reaci\u00f3n<\/b>.<\/p>\n<p>Cristo y la Sant\u00edsima Virgen nos piden <b>tres<\/b> <b>d\u00edas<\/b> <b>en <\/b><b>iniciar<\/b><b> de<\/b><b> mes<\/b> para darles las gracias por la R<b>edenci\u00f3n<\/b>.<\/p>\t\t\t\t\t\t\t\t<\/div>\n\t\t\t\t<\/div>\n\t\t\t\t\t<\/div>\n\t\t<\/div>\n\t\t\t\t\t<\/div>\n\t\t<\/section>\n\t\t\t\t<\/div>","protected":false},"excerpt":{"rendered":"<p>\u00bfPor qu\u00e9 el primer viernes y el primer s\u00e1bado de cada mes? Podr\u00edamos preguntarnos por qu\u00e9 Cristo vino a pedirnos que celebr\u00e1semos su Coraz\u00f3n el primer viernes de cada mes [...].<\/p>","protected":false},"author":1,"featured_media":0,"parent":0,"menu_order":0,"comment_status":"closed","ping_status":"closed","template":"elementor_header_footer","meta":{"footnotes":""},"class_list":["post-480","page","type-page","status-publish","hentry"],"_links":{"self":[{"href":"https:\/\/salve-corda.org\/es\/wp-json\/wp\/v2\/pages\/480","targetHints":{"allow":["GET"]}}],"collection":[{"href":"https:\/\/salve-corda.org\/es\/wp-json\/wp\/v2\/pages"}],"about":[{"href":"https:\/\/salve-corda.org\/es\/wp-json\/wp\/v2\/types\/page"}],"author":[{"embeddable":true,"href":"https:\/\/salve-corda.org\/es\/wp-json\/wp\/v2\/users\/1"}],"replies":[{"embeddable":true,"href":"https:\/\/salve-corda.org\/es\/wp-json\/wp\/v2\/comments?post=480"}],"version-history":[{"count":29,"href":"https:\/\/salve-corda.org\/es\/wp-json\/wp\/v2\/pages\/480\/revisions"}],"predecessor-version":[{"id":4626,"href":"https:\/\/salve-corda.org\/es\/wp-json\/wp\/v2\/pages\/480\/revisions\/4626"}],"wp:attachment":[{"href":"https:\/\/salve-corda.org\/es\/wp-json\/wp\/v2\/media?parent=480"}],"curies":[{"name":"wp","href":"https:\/\/api.w.org\/{rel}","templated":true}]}}