{"id":488,"date":"2020-09-25T15:35:02","date_gmt":"2020-09-25T13:35:02","guid":{"rendered":"https:\/\/salve-corda.org\/?page_id=488"},"modified":"2022-09-07T16:59:36","modified_gmt":"2022-09-07T14:59:36","slug":"pourquoi-cette-devotion-concerne-toute-leglise","status":"publish","type":"page","link":"https:\/\/salve-corda.org\/es\/pourquoi-cette-devotion-concerne-toute-leglise\/","title":{"rendered":"Pourquoi cette d\u00e9votion concerne tout l&#8217;Eglise ?"},"content":{"rendered":"<div data-elementor-type=\"wp-page\" data-elementor-id=\"488\" class=\"elementor elementor-488\">\n\t\t\t\t\t\t<section class=\"elementor-section elementor-top-section elementor-element elementor-element-03829f4 elementor-section-boxed elementor-section-height-default elementor-section-height-default\" data-id=\"03829f4\" data-element_type=\"section\" data-e-type=\"section\">\n\t\t\t\t\t\t<div class=\"elementor-container elementor-column-gap-default\">\n\t\t\t\t\t<div class=\"elementor-column elementor-col-100 elementor-top-column elementor-element elementor-element-e6bde18\" data-id=\"e6bde18\" data-element_type=\"column\" data-e-type=\"column\">\n\t\t\t<div class=\"elementor-widget-wrap\">\n\t\t\t\t\t\t\t<\/div>\n\t\t<\/div>\n\t\t\t\t\t<\/div>\n\t\t<\/section>\n\t\t\t\t<section class=\"elementor-section elementor-top-section elementor-element elementor-element-e20f0f0 elementor-section-boxed elementor-section-height-default elementor-section-height-default\" data-id=\"e20f0f0\" data-element_type=\"section\" data-e-type=\"section\">\n\t\t\t\t\t\t<div class=\"elementor-container elementor-column-gap-default\">\n\t\t\t\t\t<div class=\"elementor-column elementor-col-100 elementor-top-column elementor-element elementor-element-5eb62ff\" data-id=\"5eb62ff\" data-element_type=\"column\" data-e-type=\"column\">\n\t\t\t<div class=\"elementor-widget-wrap elementor-element-populated\">\n\t\t\t\t\t\t<div class=\"elementor-element elementor-element-102c535 elementor-widget elementor-widget-spacer\" data-id=\"102c535\" data-element_type=\"widget\" data-e-type=\"widget\" data-widget_type=\"spacer.default\">\n\t\t\t\t<div class=\"elementor-widget-container\">\n\t\t\t\t\t\t\t<div class=\"elementor-spacer\">\n\t\t\t<div class=\"elementor-spacer-inner\"><\/div>\n\t\t<\/div>\n\t\t\t\t\t\t<\/div>\n\t\t\t\t<\/div>\n\t\t\t\t<div class=\"elementor-element elementor-element-1920d56 elementor-widget elementor-widget-heading\" data-id=\"1920d56\" data-element_type=\"widget\" data-e-type=\"widget\" data-widget_type=\"heading.default\">\n\t\t\t\t<div class=\"elementor-widget-container\">\n\t\t\t\t\t<h2 class=\"elementor-heading-title elementor-size-default\">\u00bfPor qu\u00e9 la devoci\u00f3n a los corazones de Jes\u00fas y Mar\u00eda CONCIERNE A TODA LA IGLESIA?<\/h2>\t\t\t\t<\/div>\n\t\t\t\t<\/div>\n\t\t\t\t<div class=\"elementor-element elementor-element-fa3d7fe elementor-widget elementor-widget-text-editor\" data-id=\"fa3d7fe\" data-element_type=\"widget\" data-e-type=\"widget\" data-widget_type=\"text-editor.default\">\n\t\t\t\t<div class=\"elementor-widget-container\">\n\t\t\t\t\t\t\t\t\t<p>L&#8217;enseignement des papes<\/p>\t\t\t\t\t\t\t\t<\/div>\n\t\t\t\t<\/div>\n\t\t\t\t<div class=\"elementor-element elementor-element-7b7a661 elementor-widget elementor-widget-text-editor\" data-id=\"7b7a661\" data-element_type=\"widget\" data-e-type=\"widget\" data-widget_type=\"text-editor.default\">\n\t\t\t\t<div class=\"elementor-widget-container\">\n\t\t\t\t\t\t\t\t\t<p style=\"text-align: left;\">La naturaleza esencial de las devociones al Sagrado Coraz\u00f3n y al Inmaculado Coraz\u00f3n de Mar\u00eda ha sido subrayada por muchos Papas, que han creado las dos fiestas del Sagrado Coraz\u00f3n y del Inmaculado Coraz\u00f3n de Mar\u00eda y han sido muy claros en sus declaraciones:<\/p><p><i><span style=\"color: #6288c6;\">\"La doctrina que rechaza la devoci\u00f3n al Sagrado Coraz\u00f3n (...) es falsa, imprudente, perniciosa, ofensiva para los o\u00eddos piadosos e injuriosa para la Sede Apost\u00f3lica\".<\/span><\/i><\/p><p style=\"text-align: right;\">Papa P\u00edo VI<\/p><p style=\"text-align: left;\"><span style=\"font-family: var( --e-global-typography-18e5089-font-family ), Sans-serif; font-size: var( --e-global-typography-18e5089-font-size ); font-weight: var( --e-global-typography-18e5089-font-weight ); letter-spacing: var( --e-global-typography-18e5089-letter-spacing ); color: #6288c6;\"><em>\"Es perfectamente conveniente que el pueblo cristiano, que ha recibido la vida divina de Cristo por medio de Mar\u00eda, despu\u00e9s de haber tributado la veneraci\u00f3n debida al Sacrat\u00edsimo Coraz\u00f3n de Jes\u00fas, rinda tambi\u00e9n semejante homenaje de piedad, amor, gratitud y reparaci\u00f3n al amant\u00edsimo Coraz\u00f3n de su Madre celestial.\u00a0 \u00a0 \u00a0 \u00a0 \u00a0 \u00a0 \u00a0 \u00a0<\/em><\/span><span style=\"color: var( --e-global-color-text ); font-family: var( --e-global-typography-18e5089-font-family ), Sans-serif; font-size: var( --e-global-typography-18e5089-font-size ); font-weight: var( --e-global-typography-18e5089-font-weight ); letter-spacing: var( --e-global-typography-18e5089-letter-spacing );\">Papa P\u00edo XII<\/span><\/p><p><span style=\"color: #6288c6;\"><em><br \/>\u00ab Par cons\u00e9quent, celui qui manifestement sous\u2011estimerait ce bienfait donn\u00e9 par J\u00e9sus\u2011Christ \u00e0 l&#8217;\u00c9glise agirait mal et t\u00e9m\u00e9rairement, et offenserait Dieu lui\u2011m\u00eame. \u00bb\u00a0 \u00a0 \u00a0 \u00a0 \u00a0 \u00a0 \u00a0 \u00a0 \u00a0 \u00a0 \u00a0 \u00a0 \u00a0 \u00a0 \u00a0 \u00a0 \u00a0 \u00a0 \u00a0 \u00a0 \u00a0 \u00a0 \u00a0 \u00a0 \u00a0 \u00a0 \u00a0 \u00a0 \u00a0 \u00a0 \u00a0 \u00a0 \u00a0 \u00a0 \u00a0 \u00a0 \u00a0 \u00a0 \u00a0 \u00a0 \u00a0 \u00a0 \u00a0 \u00a0 \u00a0 \u00a0 \u00a0 \u00a0 \u00a0 \u00a0 \u00a0 \u00a0 \u00a0 \u00a0 \u00a0 \u00a0 \u00a0 \u00a0 \u00a0 \u00a0 \u00a0 \u00a0 \u00a0 \u00a0 \u00a0 \u00a0 \u00a0 \u00a0 \u00a0 \u00a0 \u00a0 \u00a0 \u00a0 \u00a0 \u00a0 \u00a0 \u00a0 \u00a0 \u00a0 \u00a0 \u00a0 \u00a0 \u00a0 \u00a0 \u00a0 \u00a0 \u00a0 \u00a0 \u00a0 \u00a0 \u00a0 \u00a0 \u00a0 \u00a0 \u00a0 \u00a0 \u00a0 \u00a0 \u00a0 \u00a0 \u00a0 \u00a0 \u00a0 \u00a0 \u00a0 \u00a0 \u00a0 \u00a0 \u00a0 \u00a0 \u00a0<\/em><\/span><span style=\"text-align: right; color: var( --e-global-color-text ); font-family: var( --e-global-typography-18e5089-font-family ), Sans-serif; font-size: var( --e-global-typography-18e5089-font-size ); font-weight: var( --e-global-typography-18e5089-font-weight ); letter-spacing: var( --e-global-typography-18e5089-letter-spacing );\">Papa P\u00edo XII<\/span><\/p><p>\u00a0<\/p><div style=\"text-align: left;\"><i style=\"color: var( --e-global-color-text ); font-family: var( --e-global-typography-18e5089-font-family ), Sans-serif; font-size: var( --e-global-typography-18e5089-font-size ); font-weight: var( --e-global-typography-18e5089-font-weight ); letter-spacing: var( --e-global-typography-18e5089-letter-spacing );\"><span style=\"color: #6288c6;\">\"Quien piense que la misi\u00f3n prof\u00e9tica de F\u00e1tima ha concluido, se equivoca...\".\u00a0 \u00a0 \u00a0 \u00a0 \u00a0 \u00a0 \u00a0 \u00a0 \u00a0 \u00a0 \u00a0 \u00a0 \u00a0 \u00a0 \u00a0 \u00a0 \u00a0 \u00a0 \u00a0 \u00a0 \u00a0 \u00a0 \u00a0 \u00a0 \u00a0 \u00a0 \u00a0 \u00a0 \u00a0 \u00a0 \u00a0 \u00a0 \u00a0 \u00a0 \u00a0 \u00a0 \u00a0 \u00a0 \u00a0 \u00a0 \u00a0 \u00a0 \u00a0 \u00a0 \u00a0 \u00a0 \u00a0<\/span><\/i><i style=\"color: var( --e-global-color-text ); font-family: var( --e-global-typography-18e5089-font-family ), Sans-serif; font-size: var( --e-global-typography-18e5089-font-size ); font-weight: var( --e-global-typography-18e5089-font-weight ); letter-spacing: var( --e-global-typography-18e5089-letter-spacing );\">Benedicto XVI\u00a0 \u00a0\u00a0<\/i><\/div>\t\t\t\t\t\t\t\t<\/div>\n\t\t\t\t<\/div>\n\t\t\t\t\t<\/div>\n\t\t<\/div>\n\t\t\t\t\t<\/div>\n\t\t<\/section>\n\t\t\t\t<section class=\"elementor-section elementor-top-section elementor-element elementor-element-b644754 elementor-section-boxed elementor-section-height-default elementor-section-height-default\" data-id=\"b644754\" data-element_type=\"section\" data-e-type=\"section\">\n\t\t\t\t\t\t<div class=\"elementor-container elementor-column-gap-default\">\n\t\t\t\t\t<div class=\"elementor-column elementor-col-100 elementor-top-column elementor-element elementor-element-2a05b14\" data-id=\"2a05b14\" data-element_type=\"column\" data-e-type=\"column\">\n\t\t\t<div class=\"elementor-widget-wrap elementor-element-populated\">\n\t\t\t\t\t\t<div class=\"elementor-element elementor-element-b4566a5 elementor-widget elementor-widget-text-editor\" data-id=\"b4566a5\" data-element_type=\"widget\" data-e-type=\"widget\" data-widget_type=\"text-editor.default\">\n\t\t\t\t<div class=\"elementor-widget-container\">\n\t\t\t\t\t\t\t\t\t<p>FATIMA : Une demande officielle au chef de l&#8217;Eglise pour toute l&#8217;EGLise<\/p>\t\t\t\t\t\t\t\t<\/div>\n\t\t\t\t<\/div>\n\t\t\t\t\t<\/div>\n\t\t<\/div>\n\t\t\t\t\t<\/div>\n\t\t<\/section>\n\t\t\t\t<section class=\"elementor-section elementor-top-section elementor-element elementor-element-98632f1 elementor-section-boxed elementor-section-height-default elementor-section-height-default\" data-id=\"98632f1\" data-element_type=\"section\" data-e-type=\"section\">\n\t\t\t\t\t\t<div class=\"elementor-container elementor-column-gap-default\">\n\t\t\t\t\t<div class=\"elementor-column elementor-col-50 elementor-top-column elementor-element elementor-element-d385a1c\" data-id=\"d385a1c\" data-element_type=\"column\" data-e-type=\"column\">\n\t\t\t<div class=\"elementor-widget-wrap elementor-element-populated\">\n\t\t\t\t\t\t<div class=\"elementor-element elementor-element-c0f461f elementor-widget elementor-widget-text-editor\" data-id=\"c0f461f\" data-element_type=\"widget\" data-e-type=\"widget\" data-widget_type=\"text-editor.default\">\n\t\t\t\t<div class=\"elementor-widget-container\">\n\t\t\t\t\t\t\t\t\t<p style=\"text-align: left;\">Fatima n&#8217;est pas une apparition que l&#8217;on peut consid\u00e9rer comme uniquement priv\u00e9e car la Sainte Vierge est venue apporter un message qui concerne toute l&#8217;Eglise, l&#8217;a parfaitement annonc\u00e9 et , par l&#8217;interm\u00e9diaire de Soeur Lucie, en a fait la\u00a0 demande officielle, au chef de l&#8217;Eglise lui m\u00eame. Les deux demandes qu&#8217;elle a faite sont les suivantes :\u00a0<\/p><p>\u00a0<\/p><p style=\"text-align: left;\">1\/ Consagrar Rusia al Coraz\u00f3n Inmaculado de Mar\u00eda con todos los obispos del mundo. <strong>Il s&#8217;agit donc d&#8217;un acte de toute l&#8217;Eglise<\/strong> puisqu&#8217;il doit \u00eatre fait par toute la hi\u00e9rarchie de l&#8217;Eglise ensemble.<\/p><p>\u00a0<\/p><p>2\/ L&#8217;approbation et la recommandation officielle de la d\u00e9votion des 1ers samedis du mois. Il ne s&#8217;agit pas l\u00e0 non plus d&#8217;une d\u00e9votion &#8220;personnelle&#8221; puisque justement N<strong>otre Dame demande au Pape lui-m\u00eame de la rendre officielle dans toute l&#8217;Eglise.<\/strong> Le fait que les Papes n&#8217;aient pas encore suivi cette demande ne change rien car Notre Dame est au-dessus des Papes et puisque c&#8217;est SA volont\u00e9, la d\u00e9votion des 1ers samedis est de facto pour toute l&#8217;Eglise et non juste personnelle. Soeur Lucie \u00e9crira le 3 octobre 1928 :<\/p><div style=\"text-align: left;\">\u00a0<\/div>\t\t\t\t\t\t\t\t<\/div>\n\t\t\t\t<\/div>\n\t\t\t\t\t<\/div>\n\t\t<\/div>\n\t\t\t\t<div class=\"elementor-column elementor-col-50 elementor-top-column elementor-element elementor-element-19469cb\" data-id=\"19469cb\" data-element_type=\"column\" data-e-type=\"column\">\n\t\t\t<div class=\"elementor-widget-wrap elementor-element-populated\">\n\t\t\t\t\t\t<div class=\"elementor-element elementor-element-688a875 elementor-widget elementor-widget-image\" data-id=\"688a875\" data-element_type=\"widget\" data-e-type=\"widget\" data-widget_type=\"image.default\">\n\t\t\t\t<div class=\"elementor-widget-container\">\n\t\t\t\t\t\t\t\t\t\t\t\t\t\t\t<img fetchpriority=\"high\" decoding=\"async\" width=\"541\" height=\"797\" src=\"https:\/\/salve-corda.org\/wp-content\/uploads\/2021\/07\/jean-paul-2.png\" class=\"attachment-large size-large wp-image-915\" alt=\"\" srcset=\"https:\/\/salve-corda.org\/wp-content\/uploads\/2021\/07\/jean-paul-2.png 541w, https:\/\/salve-corda.org\/wp-content\/uploads\/2021\/07\/jean-paul-2-204x300.png 204w\" sizes=\"(max-width: 541px) 100vw, 541px\" \/>\t\t\t\t\t\t\t\t\t\t\t\t\t\t\t<\/div>\n\t\t\t\t<\/div>\n\t\t\t\t\t<\/div>\n\t\t<\/div>\n\t\t\t\t\t<\/div>\n\t\t<\/section>\n\t\t\t\t<section class=\"elementor-section elementor-top-section elementor-element elementor-element-ad938ef elementor-section-boxed elementor-section-height-default elementor-section-height-default\" data-id=\"ad938ef\" data-element_type=\"section\" data-e-type=\"section\">\n\t\t\t\t\t\t<div class=\"elementor-container elementor-column-gap-default\">\n\t\t\t\t\t<div class=\"elementor-column elementor-col-100 elementor-top-column elementor-element elementor-element-c861da1\" data-id=\"c861da1\" data-element_type=\"column\" data-e-type=\"column\">\n\t\t\t<div class=\"elementor-widget-wrap elementor-element-populated\">\n\t\t\t\t\t\t<div class=\"elementor-element elementor-element-c6f8d14 elementor-widget elementor-widget-text-editor\" data-id=\"c6f8d14\" data-element_type=\"widget\" data-e-type=\"widget\" data-widget_type=\"text-editor.default\">\n\t\t\t\t<div class=\"elementor-widget-container\">\n\t\t\t\t\t\t\t\t\t<p style=\"text-align: left;\"><span style=\"font-family: var( --e-global-typography-18e5089-font-family ), Sans-serif; font-size: var( --e-global-typography-18e5089-font-size ); font-weight: var( --e-global-typography-18e5089-font-weight ); letter-spacing: var( --e-global-typography-18e5089-letter-spacing ); color: #6288c6;\"><em>\"Me parece que el buen Dios, en lo m\u00e1s profundo de mi coraz\u00f3n, est\u00e1 trabajando en m\u00ed para que pueda ser mejor persona.\u00a0<strong>Pido al Santo Padre que apruebe la devoci\u00f3n de la Reparaci\u00f3n, que Dios mismo y la Sant\u00edsima Virgen se dignaron pedir en 1925<\/strong>, (...)\"\u00a0 \u00a0 \u00a0 \u00a0 \u00a0 \u00a0 \u00a0 \u00a0<\/em><\/span><\/p><div>\u00a0<\/div><div>Le 29 mai 1930, Soeur Lucie r\u00e9it\u00e8re sa demande avec\u00a0 insistance expliquant qu&#8217;\u00e0 la fin de la pers\u00e9cution en Russie le Pape doit approuver et recommander la d\u00e9votion r\u00e9paratrice des 1ers samedis.<\/div><div>\u00a0<\/div><div style=\"text-align: left;\"><span style=\"font-family: var( --e-global-typography-18e5089-font-family ), Sans-serif; font-size: var( --e-global-typography-18e5089-font-size ); font-weight: var( --e-global-typography-18e5089-font-weight ); letter-spacing: var( --e-global-typography-18e5089-letter-spacing ); color: #6288c6;\"><em>\" (...) <strong>Su Santidad prometiendo, a cambio del fin de esta persecuci\u00f3n, aprobar y recomendar la pr\u00e1ctica de la devoci\u00f3n reparadora.<\/strong>la comuni\u00f3n de la expiaci\u00f3n los cinco primeros s\u00e1bados de mes].<\/em><\/span><\/div>\t\t\t\t\t\t\t\t<\/div>\n\t\t\t\t<\/div>\n\t\t\t\t<div class=\"elementor-element elementor-element-83b5151 elementor-widget elementor-widget-text-editor\" data-id=\"83b5151\" data-element_type=\"widget\" data-e-type=\"widget\" data-widget_type=\"text-editor.default\">\n\t\t\t\t<div class=\"elementor-widget-container\">\n\t\t\t\t\t\t\t\t\t<p>mission de soeur Lucie jusqu&#8217;\u00e0 sa mort en 2005<\/p>\t\t\t\t\t\t\t\t<\/div>\n\t\t\t\t<\/div>\n\t\t\t\t\t<\/div>\n\t\t<\/div>\n\t\t\t\t\t<\/div>\n\t\t<\/section>\n\t\t\t\t<section class=\"elementor-section elementor-top-section elementor-element elementor-element-111800e elementor-section-boxed elementor-section-height-default elementor-section-height-default\" data-id=\"111800e\" data-element_type=\"section\" data-e-type=\"section\">\n\t\t\t\t\t\t<div class=\"elementor-container elementor-column-gap-default\">\n\t\t\t\t\t<div class=\"elementor-column elementor-col-50 elementor-top-column elementor-element elementor-element-0f7562b\" data-id=\"0f7562b\" data-element_type=\"column\" data-e-type=\"column\">\n\t\t\t<div class=\"elementor-widget-wrap elementor-element-populated\">\n\t\t\t\t\t\t<div class=\"elementor-element elementor-element-cf0a72b elementor-widget elementor-widget-image\" data-id=\"cf0a72b\" data-element_type=\"widget\" data-e-type=\"widget\" data-widget_type=\"image.default\">\n\t\t\t\t<div class=\"elementor-widget-container\">\n\t\t\t\t\t\t\t\t\t\t\t\t\t\t\t<img decoding=\"async\" width=\"200\" height=\"263\" src=\"https:\/\/salve-corda.org\/wp-content\/uploads\/2022\/09\/Soeur-Lucie02-4209590611.jpg\" class=\"attachment-large size-large wp-image-5677\" alt=\"\" \/>\t\t\t\t\t\t\t\t\t\t\t\t\t\t\t<\/div>\n\t\t\t\t<\/div>\n\t\t\t\t\t<\/div>\n\t\t<\/div>\n\t\t\t\t<div class=\"elementor-column elementor-col-50 elementor-top-column elementor-element elementor-element-5892bc8\" data-id=\"5892bc8\" data-element_type=\"column\" data-e-type=\"column\">\n\t\t\t<div class=\"elementor-widget-wrap elementor-element-populated\">\n\t\t\t\t\t\t<div class=\"elementor-element elementor-element-29544fa elementor-widget elementor-widget-text-editor\" data-id=\"29544fa\" data-element_type=\"widget\" data-e-type=\"widget\" data-widget_type=\"text-editor.default\">\n\t\t\t\t<div class=\"elementor-widget-container\">\n\t\t\t\t\t\t\t\t\t<p>Sor Luc\u00eda, la vidente de F\u00e1tima, vivi\u00f3 durante todo el siglo XX y muri\u00f3 en 2005. La Sant\u00edsima Virgen le hab\u00eda profetizado que vivir\u00eda mucho tiempo para llevar su mensaje, dado su car\u00e1cter fundamental para los tiempos en que vivimos. Sor Luc\u00eda fue categ\u00f3rica sobre la necesidad de seguir hoy las peticiones de Nuestra Se\u00f1ora:<\/p><p>\u00a0<\/p><p><i style=\"color: #6c8ecc; font-family: var( --e-global-typography-text-font-family ), Sans-serif; font-size: var( --e-global-typography-text-font-size ); font-weight: var( --e-global-typography-text-font-weight );\">\"Ella (la Sant\u00edsima Virgen, nota del editor) nos dijo a m\u00ed y a mis primos que Dios dio a los ni\u00f1os el derecho a nacer.\u00a0<\/i><u style=\"color: #6c8ecc; font-family: var( --e-global-typography-text-font-family ), Sans-serif; font-size: var( --e-global-typography-text-font-size ); font-weight: var( --e-global-typography-text-font-weight );\"><i>dos \u00faltimos remedios\u00a0<\/i><\/u><i style=\"color: #6c8ecc; font-family: var( --e-global-typography-text-font-family ), Sans-serif; font-size: var( --e-global-typography-text-font-size ); font-weight: var( --e-global-typography-text-font-weight );\">al mundo: el Santo Rosario y la devoci\u00f3n al Inmaculado Coraz\u00f3n de Mar\u00eda, y siendo \u00e9stos los dos \u00faltimos remedios, esto significa\u00a0<\/i><u style=\"color: #6c8ecc; font-family: var( --e-global-typography-text-font-family ), Sans-serif; font-size: var( --e-global-typography-text-font-size ); font-weight: var( --e-global-typography-text-font-weight );\"><i>que no habr\u00e1 otro<\/i><\/u><i style=\"color: #6c8ecc; font-family: var( --e-global-typography-text-font-family ), Sans-serif; font-size: var( --e-global-typography-text-font-size ); font-weight: var( --e-global-typography-text-font-weight );\">. \"\u00a0\u00a0\u00a0<\/i><span style=\"color: #6c8ecc; font-family: var( --e-global-typography-text-font-family ), Sans-serif; font-size: var( --e-global-typography-text-font-size ); font-weight: var( --e-global-typography-text-font-weight );\">\u00a0 \u00a0 \u00a0 \u00a0 \u00a0 \u00a0 \u00a0 \u00a0 \u00a0 \u00a0 \u00a0 \u00a0 \u00a0 \u00a0 \u00a0 \u00a0 \u00a0 \u00a0 \u00a0 \u00a0 \u00a0 \u00a0 \u00a0 \u00a0 \u00a0 \u00a0 \u00a0 \u00a0 \u00a0 \u00a0<\/span><span style=\"font-family: var( --e-global-typography-text-font-family ), Sans-serif; font-size: var( --e-global-typography-text-font-size ); font-weight: var( --e-global-typography-text-font-weight ); color: #808080;\">\u00a026 de diciembre de 1957\u00a0<\/span><\/p><p><span style=\"color: #6c8ecc;\"><span style=\"color: #808080;\">\u00a0<\/span><\/span><\/p><p>\u00a0Si Dios trae \"los \u00faltimos remedios\", es porque son fundamentales para acompa\u00f1ar a la humanidad hasta el fin del mundo. Sor Luc\u00eda termin\u00f3 con estas palabras, que deben ayudarnos a comprender la obligatoriedad de F\u00e1tima:<\/p>\t\t\t\t\t\t\t\t<\/div>\n\t\t\t\t<\/div>\n\t\t\t\t\t<\/div>\n\t\t<\/div>\n\t\t\t\t\t<\/div>\n\t\t<\/section>\n\t\t\t\t<section class=\"elementor-section elementor-top-section elementor-element elementor-element-e6ed821 elementor-section-boxed elementor-section-height-default elementor-section-height-default\" data-id=\"e6ed821\" data-element_type=\"section\" data-e-type=\"section\">\n\t\t\t\t\t\t<div class=\"elementor-container elementor-column-gap-default\">\n\t\t\t\t\t<div class=\"elementor-column elementor-col-100 elementor-top-column elementor-element elementor-element-823c2db\" data-id=\"823c2db\" data-element_type=\"column\" data-e-type=\"column\">\n\t\t\t<div class=\"elementor-widget-wrap elementor-element-populated\">\n\t\t\t\t\t\t<div class=\"elementor-element elementor-element-29c97a9 elementor-widget elementor-widget-text-editor\" data-id=\"29c97a9\" data-element_type=\"widget\" data-e-type=\"widget\" data-widget_type=\"text-editor.default\">\n\t\t\t\t<div class=\"elementor-widget-container\">\n\t\t\t\t\t\t\t\t\t<p><em style=\"font-family: var( --e-global-typography-text-font-family ), Sans-serif; font-size: var( --e-global-typography-text-font-size ); font-weight: var( --e-global-typography-text-font-weight ); color: #6c8ecc;\">\"Siempre en los planes de la providencia, cuando Dios va a castigar al mundo, agota primero todos los dem\u00e1s remedios. Ahora bien, como ha visto que el mundo no ha hecho uso de ninguno de ellos, entonces, como dir\u00edamos en nuestro imperfecto modo de hablar, nos ofrece con cierto temor el \u00faltimo medio de salvaci\u00f3n, su Sant\u00edsima Madre.\u00a0<span style=\"font-weight: bold;\">PUES SI DESPRECIAMOS Y RECHAZAMOS ESTE \u00daLTIMO MEDIO, YA NO TENDREMOS EL PERD\u00d3N DEL CIELO PORQUE HABREMOS COMETIDO UN PECADO CONTRA EL ESP\u00cdRITU SANTO, QUE CONSISTE EN RECHAZAR ABIERTAMENTE CON PLENO CONOCIMIENTO Y VOLUNTAD LA SALVACI\u00d3N QUE SE NOS OFRECE.\"<\/span><\/em><span style=\"color: #6c8ecc;\"><i><br \/><\/i><\/span><\/p><p><span style=\"color: #6c8ecc;\"><span style=\"color: #808080;\">\u00a0<\/span><\/span><\/p>\t\t\t\t\t\t\t\t<\/div>\n\t\t\t\t<\/div>\n\t\t\t\t\t<\/div>\n\t\t<\/div>\n\t\t\t\t\t<\/div>\n\t\t<\/section>\n\t\t\t\t<section class=\"elementor-section elementor-top-section elementor-element elementor-element-6bfde15 elementor-section-boxed elementor-section-height-default elementor-section-height-default\" data-id=\"6bfde15\" data-element_type=\"section\" data-e-type=\"section\">\n\t\t\t\t\t\t<div class=\"elementor-container elementor-column-gap-default\">\n\t\t\t\t\t<div class=\"elementor-column elementor-col-100 elementor-top-column elementor-element elementor-element-5f404db\" data-id=\"5f404db\" data-element_type=\"column\" data-e-type=\"column\">\n\t\t\t<div class=\"elementor-widget-wrap elementor-element-populated\">\n\t\t\t\t\t\t<div class=\"elementor-element elementor-element-3950e21 elementor-widget elementor-widget-text-editor\" data-id=\"3950e21\" data-element_type=\"widget\" data-e-type=\"widget\" data-widget_type=\"text-editor.default\">\n\t\t\t\t<div class=\"elementor-widget-container\">\n\t\t\t\t\t\t\t\t\t<p>La profec\u00eda de F\u00e1tima: la clave de la actual crisis mundial<\/p>\t\t\t\t\t\t\t\t<\/div>\n\t\t\t\t<\/div>\n\t\t\t\t\t<\/div>\n\t\t<\/div>\n\t\t\t\t\t<\/div>\n\t\t<\/section>\n\t\t\t\t<section class=\"elementor-section elementor-top-section elementor-element elementor-element-da99fd7 elementor-section-boxed elementor-section-height-default elementor-section-height-default\" data-id=\"da99fd7\" data-element_type=\"section\" data-e-type=\"section\">\n\t\t\t\t\t\t<div class=\"elementor-container elementor-column-gap-default\">\n\t\t\t\t\t<div class=\"elementor-column elementor-col-50 elementor-top-column elementor-element elementor-element-c6ec884\" data-id=\"c6ec884\" data-element_type=\"column\" data-e-type=\"column\">\n\t\t\t<div class=\"elementor-widget-wrap elementor-element-populated\">\n\t\t\t\t\t\t<div class=\"elementor-element elementor-element-a23c4ef elementor-widget elementor-widget-text-editor\" data-id=\"a23c4ef\" data-element_type=\"widget\" data-e-type=\"widget\" data-widget_type=\"text-editor.default\">\n\t\t\t\t<div class=\"elementor-widget-container\">\n\t\t\t\t\t\t\t\t\t<p>Toda una parte del mensaje de F\u00e1tima se dirige a la resoluci\u00f3n de una gran crisis futura. Este mensaje se refiere a la Segunda Guerra Mundial, por supuesto, pero como no tuvimos en cuenta las peticiones de Nuestra Se\u00f1ora, este mensaje se refiere a las secuelas, a la crisis actual en la que Europa y el mundo se est\u00e1n hundiendo.<\/p>\n<p>Sor Luc\u00eda dijo estas terribles palabras <b>en 1957 <\/b>sobre lo que nos espera:<br><br><span style=\"color: #2c7199;\">\"ser\u00e1 horrible, horrible, horrible....\".<br><br><\/span><\/p>\n<p><\/p>\n<p>Y no paraba de decir que depend\u00eda de nosotros evitarlo.<\/p>\n<p>De hecho, la Sant\u00edsima Virgen indic\u00f3 que los medios a utilizar no eran opcionales para obtener la conversi\u00f3n del mundo a la paz:<br><br><\/p>\n<p><span style=\"color: #2c7199;\">\"<i>&nbsp;La pr\u00e1ctica de los primeros s\u00e1bados de mes y la consagraci\u00f3n <\/i><i>de Rusia depende <\/i><i>guerra o paz<\/i><\/span><\/p>\t\t\t\t\t\t\t\t<\/div>\n\t\t\t\t<\/div>\n\t\t\t\t\t<\/div>\n\t\t<\/div>\n\t\t\t\t<div class=\"elementor-column elementor-col-50 elementor-top-column elementor-element elementor-element-9d03230\" data-id=\"9d03230\" data-element_type=\"column\" data-e-type=\"column\">\n\t\t\t<div class=\"elementor-widget-wrap elementor-element-populated\">\n\t\t\t\t\t\t<div class=\"elementor-element elementor-element-835b28a elementor-widget elementor-widget-image\" data-id=\"835b28a\" data-element_type=\"widget\" data-e-type=\"widget\" data-widget_type=\"image.default\">\n\t\t\t\t<div class=\"elementor-widget-container\">\n\t\t\t\t\t\t\t\t\t\t\t\t\t\t\t<img decoding=\"async\" width=\"640\" height=\"336\" src=\"https:\/\/salve-corda.org\/wp-content\/uploads\/2022\/09\/businessbourse-e1598355926818-1024x538.jpg\" class=\"attachment-large size-large wp-image-5682\" alt=\"\" srcset=\"https:\/\/salve-corda.org\/wp-content\/uploads\/2022\/09\/businessbourse-e1598355926818-1024x538.jpg 1024w, https:\/\/salve-corda.org\/wp-content\/uploads\/2022\/09\/businessbourse-e1598355926818-300x158.jpg 300w, https:\/\/salve-corda.org\/wp-content\/uploads\/2022\/09\/businessbourse-e1598355926818-768x403.jpg 768w, https:\/\/salve-corda.org\/wp-content\/uploads\/2022\/09\/businessbourse-e1598355926818.jpg 1200w\" sizes=\"(max-width: 640px) 100vw, 640px\" \/>\t\t\t\t\t\t\t\t\t\t\t\t\t\t\t<\/div>\n\t\t\t\t<\/div>\n\t\t\t\t\t<\/div>\n\t\t<\/div>\n\t\t\t\t\t<\/div>\n\t\t<\/section>\n\t\t\t\t<section class=\"elementor-section elementor-top-section elementor-element elementor-element-d517ec9 elementor-section-boxed elementor-section-height-default elementor-section-height-default\" data-id=\"d517ec9\" data-element_type=\"section\" data-e-type=\"section\">\n\t\t\t\t\t\t<div class=\"elementor-container elementor-column-gap-default\">\n\t\t\t\t\t<div class=\"elementor-column elementor-col-100 elementor-top-column elementor-element elementor-element-0e3255f\" data-id=\"0e3255f\" data-element_type=\"column\" data-e-type=\"column\">\n\t\t\t<div class=\"elementor-widget-wrap elementor-element-populated\">\n\t\t\t\t\t\t<div class=\"elementor-element elementor-element-7b1a6e8 elementor-widget elementor-widget-text-editor\" data-id=\"7b1a6e8\" data-element_type=\"widget\" data-e-type=\"widget\" data-widget_type=\"text-editor.default\">\n\t\t\t\t<div class=\"elementor-widget-container\">\n\t\t\t\t\t\t\t\t\t<p>Dos advertencias de Cristo y de la Sant\u00edsima Virgen<\/p>\t\t\t\t\t\t\t\t<\/div>\n\t\t\t\t<\/div>\n\t\t\t\t\t<\/div>\n\t\t<\/div>\n\t\t\t\t\t<\/div>\n\t\t<\/section>\n\t\t\t\t<section class=\"elementor-section elementor-top-section elementor-element elementor-element-893396f elementor-section-boxed elementor-section-height-default elementor-section-height-default\" data-id=\"893396f\" data-element_type=\"section\" data-e-type=\"section\">\n\t\t\t\t\t\t<div class=\"elementor-container elementor-column-gap-default\">\n\t\t\t\t\t<div class=\"elementor-column elementor-col-50 elementor-top-column elementor-element elementor-element-66a1172\" data-id=\"66a1172\" data-element_type=\"column\" data-e-type=\"column\">\n\t\t\t<div class=\"elementor-widget-wrap elementor-element-populated\">\n\t\t\t\t\t\t<div class=\"elementor-element elementor-element-f169e38 elementor-widget elementor-widget-image\" data-id=\"f169e38\" data-element_type=\"widget\" data-e-type=\"widget\" data-widget_type=\"image.default\">\n\t\t\t\t<div class=\"elementor-widget-container\">\n\t\t\t\t\t\t\t\t\t\t\t\t\t\t\t<img loading=\"lazy\" decoding=\"async\" width=\"551\" height=\"654\" src=\"https:\/\/salve-corda.org\/wp-content\/uploads\/2021\/09\/external-content.duckduckgo-2-2.jpg\" class=\"attachment-large size-large wp-image-2599\" alt=\"\" srcset=\"https:\/\/salve-corda.org\/wp-content\/uploads\/2021\/09\/external-content.duckduckgo-2-2.jpg 551w, https:\/\/salve-corda.org\/wp-content\/uploads\/2021\/09\/external-content.duckduckgo-2-2-253x300.jpg 253w\" sizes=\"(max-width: 551px) 100vw, 551px\" \/>\t\t\t\t\t\t\t\t\t\t\t\t\t\t\t<\/div>\n\t\t\t\t<\/div>\n\t\t\t\t\t<\/div>\n\t\t<\/div>\n\t\t\t\t<div class=\"elementor-column elementor-col-50 elementor-top-column elementor-element elementor-element-507a237\" data-id=\"507a237\" data-element_type=\"column\" data-e-type=\"column\">\n\t\t\t<div class=\"elementor-widget-wrap elementor-element-populated\">\n\t\t\t\t\t\t<div class=\"elementor-element elementor-element-f51ea4a elementor-widget elementor-widget-text-editor\" data-id=\"f51ea4a\" data-element_type=\"widget\" data-e-type=\"widget\" data-widget_type=\"text-editor.default\">\n\t\t\t\t<div class=\"elementor-widget-container\">\n\t\t\t\t\t\t\t\t\t<p>Aunque la Sant\u00edsima Virgen profetiz\u00f3 que, al final, se establecer\u00eda la devoci\u00f3n a su Coraz\u00f3n, Cristo y la Sant\u00edsima Virgen advirtieron dos veces de las consecuencias de no seguir sus peticiones comparando la situaci\u00f3n actual con la historia del rechazo inicial del Sagrado Coraz\u00f3n :<br><span style=\"color: var( --e-global-color-text ); font-family: var( --e-global-typography-text-font-family ), Sans-serif; font-size: var( --e-global-typography-text-font-size ); font-weight: var( --e-global-typography-text-font-weight );\"><br><span style=\"color: #18588c;\"><em>\u00ab&nbsp;Fais savoir \u00e0 mes Ministres (de l&#8217;Eglise NDLR), \u00e9tant donn\u00e9 qu\u2019ils suivent l\u2019exemple du Roi de France en retardant l\u2019ex\u00e9cution de ma demande, qu\u2019ils le suivront dans le malheur.&nbsp;\u00bb<br><\/em><\/span><\/span><\/p>\n<p><\/p>\n<p style=\"text-align: right;\">&nbsp; <i>Cristo, primavera de 1931 en Rianjo<\/i><\/p>\n<p><i>&nbsp;<\/i><\/p>\n<p><\/p>\n<p><span style=\"color: #18588c;\"><em>\"\u00a1No escucharon mi petici\u00f3n! Como el rey de Francia, se arrepentir\u00e1n.<br><\/em><\/span><\/p>\n<p style=\"text-align: right;\"><em>&nbsp; &nbsp;Cristo a la Hermana Luc\u00eda, verano de 1931 <\/em><\/p>\n<p><br><\/p><p>Hay que recordar que la Revoluci\u00f3n Francesa estall\u00f3 100 a\u00f1os despu\u00e9s de que el Rey se negara a cumplir las peticiones del Sagrado Coraz\u00f3n. <b>Los primeros s\u00e1bados de mes en honor del Inmaculado Coraz\u00f3n de Mar\u00eda se pidieron en F\u00e1tima en 1925, lo que nos lleva a 2025... <\/b><\/p>\n<p><\/p>\n<p><b><\/b><br>Cuesta creer que el impacto de F\u00e1tima haya terminado.<\/p>\t\t\t\t\t\t\t\t<\/div>\n\t\t\t\t<\/div>\n\t\t\t\t\t<\/div>\n\t\t<\/div>\n\t\t\t\t\t<\/div>\n\t\t<\/section>\n\t\t\t\t<section class=\"elementor-section elementor-top-section elementor-element elementor-element-f8353dc elementor-section-boxed elementor-section-height-default elementor-section-height-default\" data-id=\"f8353dc\" data-element_type=\"section\" data-e-type=\"section\">\n\t\t\t\t\t\t<div class=\"elementor-container elementor-column-gap-default\">\n\t\t\t\t\t<div class=\"elementor-column elementor-col-100 elementor-top-column elementor-element elementor-element-5465b5f\" data-id=\"5465b5f\" data-element_type=\"column\" data-e-type=\"column\">\n\t\t\t<div class=\"elementor-widget-wrap elementor-element-populated\">\n\t\t\t\t\t\t<div class=\"elementor-element elementor-element-93211c7 elementor-widget elementor-widget-text-editor\" data-id=\"93211c7\" data-element_type=\"widget\" data-e-type=\"widget\" data-widget_type=\"text-editor.default\">\n\t\t\t\t<div class=\"elementor-widget-container\">\n\t\t\t\t\t\t\t\t\t<p>Un an\u00e1lisis basado en el sentido com\u00fan<\/p>\t\t\t\t\t\t\t\t<\/div>\n\t\t\t\t<\/div>\n\t\t\t\t\t<\/div>\n\t\t<\/div>\n\t\t\t\t\t<\/div>\n\t\t<\/section>\n\t\t\t\t<section class=\"elementor-section elementor-top-section elementor-element elementor-element-274dbca elementor-section-boxed elementor-section-height-default elementor-section-height-default\" data-id=\"274dbca\" data-element_type=\"section\" data-e-type=\"section\">\n\t\t\t\t\t\t<div class=\"elementor-container elementor-column-gap-default\">\n\t\t\t\t\t<div class=\"elementor-column elementor-col-100 elementor-top-column elementor-element elementor-element-76164b6\" data-id=\"76164b6\" data-element_type=\"column\" data-e-type=\"column\">\n\t\t\t<div class=\"elementor-widget-wrap elementor-element-populated\">\n\t\t\t\t\t\t<div class=\"elementor-element elementor-element-1e91c09 elementor-widget elementor-widget-text-editor\" data-id=\"1e91c09\" data-element_type=\"widget\" data-e-type=\"widget\" data-widget_type=\"text-editor.default\">\n\t\t\t\t<div class=\"elementor-widget-container\">\n\t\t\t\t\t\t\t\t\t<p>En fin, con un poco de sentido com\u00fan, podemos hacer un an\u00e1lisis objetivo y ver que la devoci\u00f3n a los Corazones de Jes\u00fas y de Mar\u00eda es fundamental para nuestro mundo actual y su futura conversi\u00f3n:<\/p>\t\t\t\t\t\t\t\t<\/div>\n\t\t\t\t<\/div>\n\t\t\t\t\t<\/div>\n\t\t<\/div>\n\t\t\t\t\t<\/div>\n\t\t<\/section>\n\t\t\t\t<section class=\"elementor-section elementor-top-section elementor-element elementor-element-86f5948 elementor-section-boxed elementor-section-height-default elementor-section-height-default\" data-id=\"86f5948\" data-element_type=\"section\" data-e-type=\"section\">\n\t\t\t\t\t\t<div class=\"elementor-container elementor-column-gap-default\">\n\t\t\t\t\t<div class=\"elementor-column elementor-col-50 elementor-top-column elementor-element elementor-element-f734e1c\" data-id=\"f734e1c\" data-element_type=\"column\" data-e-type=\"column\">\n\t\t\t<div class=\"elementor-widget-wrap elementor-element-populated\">\n\t\t\t\t\t\t<div class=\"elementor-element elementor-element-c96f9f3 elementor-widget elementor-widget-text-editor\" data-id=\"c96f9f3\" data-element_type=\"widget\" data-e-type=\"widget\" data-widget_type=\"text-editor.default\">\n\t\t\t\t<div class=\"elementor-widget-container\">\n\t\t\t\t\t\t\t\t\t<ul><li>Cristo y la Sant\u00edsima Virgen vinieron en persona a insistir en esta devoci\u00f3n.<\/li><li>Esta devoci\u00f3n est\u00e1 por encima de todas las dem\u00e1s porque se refiere a Cristo y a la Sant\u00edsima Virgen misma,<\/li><li>los papas han reconocido la importancia de seguir esta devoci\u00f3n y muchos santos han sido sus precursores<\/li><li>ils ont institu\u00e9 dans toute l&#8217;Eglise les f\u00eates du Sacr\u00e9 Coeur et du Coeur Immacul\u00e9 de Marie<\/li><li>la Sant\u00edsima Virgen pidi\u00f3 expresamente al Papa que consagrara Rusia y reconociera los primeros s\u00e1bados de mes.\u00a0<\/li><li>elle n&#8217;a cess\u00e9 de dire que le sort du monde est li\u00e9 \u00e0 cette d\u00e9votion<\/li><li>La belleza de esta devoci\u00f3n es \u00fanica. Contemplamos el amor entre Cristo y la Sant\u00edsima Virgen, su inmenso amor por nosotros, fuente de gracias considerables.<\/li><\/ul>\t\t\t\t\t\t\t\t<\/div>\n\t\t\t\t<\/div>\n\t\t\t\t\t<\/div>\n\t\t<\/div>\n\t\t\t\t<div class=\"elementor-column elementor-col-50 elementor-top-column elementor-element elementor-element-622b4a2\" data-id=\"622b4a2\" data-element_type=\"column\" data-e-type=\"column\">\n\t\t\t<div class=\"elementor-widget-wrap elementor-element-populated\">\n\t\t\t\t\t\t<div class=\"elementor-element elementor-element-a1bd1f8 elementor-widget elementor-widget-image\" data-id=\"a1bd1f8\" data-element_type=\"widget\" data-e-type=\"widget\" data-widget_type=\"image.default\">\n\t\t\t\t<div class=\"elementor-widget-container\">\n\t\t\t\t\t\t\t\t\t\t\t\t\t\t\t<img loading=\"lazy\" decoding=\"async\" width=\"640\" height=\"441\" src=\"https:\/\/salve-corda.org\/wp-content\/uploads\/2021\/09\/Sans-titre-11-1024x706.png\" class=\"attachment-large size-large wp-image-2637\" alt=\"\" srcset=\"https:\/\/salve-corda.org\/wp-content\/uploads\/2021\/09\/Sans-titre-11-1024x706.png 1024w, https:\/\/salve-corda.org\/wp-content\/uploads\/2021\/09\/Sans-titre-11-300x207.png 300w, https:\/\/salve-corda.org\/wp-content\/uploads\/2021\/09\/Sans-titre-11-768x529.png 768w, https:\/\/salve-corda.org\/wp-content\/uploads\/2021\/09\/Sans-titre-11.png 1039w\" sizes=\"(max-width: 640px) 100vw, 640px\" \/>\t\t\t\t\t\t\t\t\t\t\t\t\t\t\t<\/div>\n\t\t\t\t<\/div>\n\t\t\t\t\t<\/div>\n\t\t<\/div>\n\t\t\t\t\t<\/div>\n\t\t<\/section>\n\t\t\t\t<\/div>","protected":false},"excerpt":{"rendered":"<p>Pourquoi la d\u00e9votion aux c\u0153urs de J\u00e9sus et Marie CONCERNE TOUTE L&#8217;EGLISE ? L&#8217;enseignement des papes Le caract\u00e8re essentiel des d\u00e9votions au Sacr\u00e9-Coeur et au Coeur Immacul\u00e9 de Marie ont \u00e9t\u00e9 soulign\u00e9es par [&hellip;]<\/p>","protected":false},"author":1,"featured_media":0,"parent":0,"menu_order":0,"comment_status":"closed","ping_status":"closed","template":"elementor_header_footer","meta":{"footnotes":""},"class_list":["post-488","page","type-page","status-publish","hentry"],"_links":{"self":[{"href":"https:\/\/salve-corda.org\/es\/wp-json\/wp\/v2\/pages\/488","targetHints":{"allow":["GET"]}}],"collection":[{"href":"https:\/\/salve-corda.org\/es\/wp-json\/wp\/v2\/pages"}],"about":[{"href":"https:\/\/salve-corda.org\/es\/wp-json\/wp\/v2\/types\/page"}],"author":[{"embeddable":true,"href":"https:\/\/salve-corda.org\/es\/wp-json\/wp\/v2\/users\/1"}],"replies":[{"embeddable":true,"href":"https:\/\/salve-corda.org\/es\/wp-json\/wp\/v2\/comments?post=488"}],"version-history":[{"count":124,"href":"https:\/\/salve-corda.org\/es\/wp-json\/wp\/v2\/pages\/488\/revisions"}],"predecessor-version":[{"id":5691,"href":"https:\/\/salve-corda.org\/es\/wp-json\/wp\/v2\/pages\/488\/revisions\/5691"}],"wp:attachment":[{"href":"https:\/\/salve-corda.org\/es\/wp-json\/wp\/v2\/media?parent=488"}],"curies":[{"name":"wp","href":"https:\/\/api.w.org\/{rel}","templated":true}]}}