{"id":500,"date":"2020-09-25T15:40:44","date_gmt":"2020-09-25T13:40:44","guid":{"rendered":"https:\/\/salve-corda.org\/?page_id=500"},"modified":"2021-12-01T23:05:30","modified_gmt":"2021-12-01T22:05:30","slug":"pourquoi-est-ce-la-plus-grande-oeuvre-de-charite","status":"publish","type":"page","link":"https:\/\/salve-corda.org\/es\/pourquoi-est-ce-la-plus-grande-oeuvre-de-charite\/","title":{"rendered":"\u00bfPor qu\u00e9 es la mayor organizaci\u00f3n ben\u00e9fica?"},"content":{"rendered":"<div data-elementor-type=\"wp-page\" data-elementor-id=\"500\" class=\"elementor elementor-500\">\n\t\t\t\t\t\t<section class=\"elementor-section elementor-top-section elementor-element elementor-element-0e1fcab elementor-section-boxed elementor-section-height-default elementor-section-height-default\" data-id=\"0e1fcab\" data-element_type=\"section\" data-e-type=\"section\">\n\t\t\t\t\t\t<div class=\"elementor-container elementor-column-gap-default\">\n\t\t\t\t\t<div class=\"elementor-column elementor-col-100 elementor-top-column elementor-element elementor-element-a4a0a55\" data-id=\"a4a0a55\" data-element_type=\"column\" data-e-type=\"column\">\n\t\t\t<div class=\"elementor-widget-wrap elementor-element-populated\">\n\t\t\t\t\t\t<div class=\"elementor-element elementor-element-1b66156 elementor-widget elementor-widget-spacer\" data-id=\"1b66156\" data-element_type=\"widget\" data-e-type=\"widget\" data-widget_type=\"spacer.default\">\n\t\t\t\t<div class=\"elementor-widget-container\">\n\t\t\t\t\t\t\t<div class=\"elementor-spacer\">\n\t\t\t<div class=\"elementor-spacer-inner\"><\/div>\n\t\t<\/div>\n\t\t\t\t\t\t<\/div>\n\t\t\t\t<\/div>\n\t\t\t\t\t<\/div>\n\t\t<\/div>\n\t\t\t\t\t<\/div>\n\t\t<\/section>\n\t\t\t\t<section class=\"elementor-section elementor-top-section elementor-element elementor-element-9c125c4 elementor-section-boxed elementor-section-height-default elementor-section-height-default\" data-id=\"9c125c4\" data-element_type=\"section\" data-e-type=\"section\">\n\t\t\t\t\t\t<div class=\"elementor-container elementor-column-gap-default\">\n\t\t\t\t\t<div class=\"elementor-column elementor-col-100 elementor-top-column elementor-element elementor-element-0eeab31\" data-id=\"0eeab31\" data-element_type=\"column\" data-e-type=\"column\">\n\t\t\t<div class=\"elementor-widget-wrap elementor-element-populated\">\n\t\t\t\t\t\t<div class=\"elementor-element elementor-element-c1e3f0a elementor-widget elementor-widget-heading\" data-id=\"c1e3f0a\" data-element_type=\"widget\" data-e-type=\"widget\" data-widget_type=\"heading.default\">\n\t\t\t\t<div class=\"elementor-widget-container\">\n\t\t\t\t\t<h2 class=\"elementor-heading-title elementor-size-default\">\u00bfPor qu\u00e9 es una gran organizaci\u00f3n ben\u00e9fica?\n<\/h2>\t\t\t\t<\/div>\n\t\t\t\t<\/div>\n\t\t\t\t\t<\/div>\n\t\t<\/div>\n\t\t\t\t\t<\/div>\n\t\t<\/section>\n\t\t\t\t<section class=\"elementor-section elementor-top-section elementor-element elementor-element-37cc523 elementor-section-boxed elementor-section-height-default elementor-section-height-default\" data-id=\"37cc523\" data-element_type=\"section\" data-e-type=\"section\">\n\t\t\t\t\t\t<div class=\"elementor-container elementor-column-gap-default\">\n\t\t\t\t\t<div class=\"elementor-column elementor-col-50 elementor-top-column elementor-element elementor-element-470187f\" data-id=\"470187f\" data-element_type=\"column\" data-e-type=\"column\">\n\t\t\t<div class=\"elementor-widget-wrap elementor-element-populated\">\n\t\t\t\t\t\t<div class=\"elementor-element elementor-element-7e322f6 elementor-widget elementor-widget-image\" data-id=\"7e322f6\" data-element_type=\"widget\" data-e-type=\"widget\" data-widget_type=\"image.default\">\n\t\t\t\t<div class=\"elementor-widget-container\">\n\t\t\t\t\t\t\t\t\t\t\t\t\t\t\t<img fetchpriority=\"high\" decoding=\"async\" width=\"640\" height=\"491\" src=\"https:\/\/salve-corda.org\/wp-content\/uploads\/2021\/07\/charite\u0301.png\" class=\"attachment-large size-large wp-image-973\" alt=\"\" srcset=\"https:\/\/salve-corda.org\/wp-content\/uploads\/2021\/07\/charite\u0301.png 933w, https:\/\/salve-corda.org\/wp-content\/uploads\/2021\/07\/charite\u0301-300x230.png 300w, https:\/\/salve-corda.org\/wp-content\/uploads\/2021\/07\/charite\u0301-768x589.png 768w\" sizes=\"(max-width: 640px) 100vw, 640px\" \/>\t\t\t\t\t\t\t\t\t\t\t\t\t\t\t<\/div>\n\t\t\t\t<\/div>\n\t\t\t\t\t<\/div>\n\t\t<\/div>\n\t\t\t\t<div class=\"elementor-column elementor-col-50 elementor-top-column elementor-element elementor-element-5e84f85\" data-id=\"5e84f85\" data-element_type=\"column\" data-e-type=\"column\">\n\t\t\t<div class=\"elementor-widget-wrap elementor-element-populated\">\n\t\t\t\t\t\t<div class=\"elementor-element elementor-element-9410f71 elementor-widget elementor-widget-text-editor\" data-id=\"9410f71\" data-element_type=\"widget\" data-e-type=\"widget\" data-widget_type=\"text-editor.default\">\n\t\t\t\t<div class=\"elementor-widget-container\">\n\t\t\t\t\t\t\t\t\t<p>Todos sabemos que el segundo mandamiento tra\u00eddo por Cristo en el Evangelio y colocado por \u00e9l al mismo nivel de importancia que el primer mandamiento es el siguiente: <b>\"amar\u00e1s a tu pr\u00f3jimo como a ti mismo\". <\/b>Estos d\u00edas todo el mundo habla de solidaridad, de ayudar a los dem\u00e1s, de ONG, etc\u00e9tera. As\u00ed que hay mucha cobertura medi\u00e1tica de estos temas.<\/p><p>\u00a0<\/p><p>Pero, \u00bfqu\u00e9 significa realmente amar al pr\u00f3jimo? Amar al pr\u00f3jimo significa querer hacerle el bien en todas sus formas, en una jerarqu\u00eda de sentido com\u00fan: desde el bien m\u00e1s importante para \u00e9l, hasta el bien menos importante. En efecto, \u00bftendr\u00eda sentido aliviar a alguien de una peque\u00f1a herida y dejarle una hemorragia que requiere urgentemente un punto de compresi\u00f3n? Por supuesto que no.<\/p>\t\t\t\t\t\t\t\t<\/div>\n\t\t\t\t<\/div>\n\t\t\t\t\t<\/div>\n\t\t<\/div>\n\t\t\t\t\t<\/div>\n\t\t<\/section>\n\t\t\t\t<section class=\"elementor-section elementor-top-section elementor-element elementor-element-32e7cc2 elementor-section-boxed elementor-section-height-default elementor-section-height-default\" data-id=\"32e7cc2\" data-element_type=\"section\" data-e-type=\"section\">\n\t\t\t\t\t\t<div class=\"elementor-container elementor-column-gap-default\">\n\t\t\t\t\t<div class=\"elementor-column elementor-col-100 elementor-top-column elementor-element elementor-element-42a4c61\" data-id=\"42a4c61\" data-element_type=\"column\" data-e-type=\"column\">\n\t\t\t<div class=\"elementor-widget-wrap elementor-element-populated\">\n\t\t\t\t\t\t<div class=\"elementor-element elementor-element-f63a730 elementor-widget elementor-widget-text-editor\" data-id=\"f63a730\" data-element_type=\"widget\" data-e-type=\"widget\" data-widget_type=\"text-editor.default\">\n\t\t\t\t<div class=\"elementor-widget-container\">\n\t\t\t\t\t\t\t\t\t<p>El hombre puede sufrir dos tipos de males: uno material y temporal (pobreza, enfermedad, sufrimiento) y otro espiritual a trav\u00e9s de la p\u00e9rdida de su Alma y el Infierno eterno tras su muerte. Aunque la caridad en forma material es importante, lo cierto es que el mayor servicio que podemos prestar a una persona es permitirle ir al Cielo y evitar el Infierno eterno, un castigo espantoso incluso comparado con las peores pruebas de la Tierra. Es <b>l'<\/b><b>trabajo<\/b><b> de caridad absoluta <\/b>que lograr salvar a una persona del Infierno. Y este es el sentido de las \u00f3rdenes religiosas contemplativas, que, aunque no tienen un impacto material directo en la gente porque est\u00e1n enclaustradas, salvan a miles de personas del Infierno a trav\u00e9s de su oraci\u00f3n y abnegaci\u00f3n.<\/p>\t\t\t\t\t\t\t\t<\/div>\n\t\t\t\t<\/div>\n\t\t\t\t\t<\/div>\n\t\t<\/div>\n\t\t\t\t\t<\/div>\n\t\t<\/section>\n\t\t\t\t<section class=\"elementor-section elementor-top-section elementor-element elementor-element-c77ea2e elementor-section-boxed elementor-section-height-default elementor-section-height-default\" data-id=\"c77ea2e\" data-element_type=\"section\" data-e-type=\"section\">\n\t\t\t\t\t\t<div class=\"elementor-container elementor-column-gap-default\">\n\t\t\t\t\t<div class=\"elementor-column elementor-col-50 elementor-top-column elementor-element elementor-element-f22d8f8\" data-id=\"f22d8f8\" data-element_type=\"column\" data-e-type=\"column\">\n\t\t\t<div class=\"elementor-widget-wrap elementor-element-populated\">\n\t\t\t\t\t\t<div class=\"elementor-element elementor-element-d6e4a45 elementor-widget elementor-widget-text-editor\" data-id=\"d6e4a45\" data-element_type=\"widget\" data-e-type=\"widget\" data-widget_type=\"text-editor.default\">\n\t\t\t\t<div class=\"elementor-widget-container\">\n\t\t\t\t\t\t\t\t\t<p>La devoci\u00f3n a los Corazones de Jes\u00fas y de Mar\u00eda va en la misma direcci\u00f3n y es justamente <b>dise\u00f1ado para salvar almas del Infierno. <\/b>Esta es una de las principales preocupaciones de la Virgen. Ella vino por ello, lo pidi\u00f3 en cada aparici\u00f3n y nos lo pide ahora. <b>hacer algo al respecto<\/b>. Recuerda c\u00f3mo llor\u00f3 en La Salette, diciendo <span style=\"color: #6288c6;\"><em>\"los hombres caen en el infierno como las hojas en oto\u00f1o\".<\/em><\/span><\/p><p>\u00a0<\/p><p>En F\u00e1tima, no ces\u00f3 de explicarnos concretamente c\u00f3mo actuar para salvar miles de almas:<\/p><p>\u00a0<\/p><p>\u00a0<\/p><p><span style=\"color: #6288c6;\"><i>\"Has visto el Infierno, donde van las almas de los pobres pecadores. <\/i><b><i>Para salvarlos, Dios quiere establecer la devoci\u00f3n a mi Coraz\u00f3n Inmaculado en todo el mundo.<\/i><\/b><i>. Si hacemos lo que os voy a decir, se salvar\u00e1n muchas almas y tendremos paz\".<\/i><\/span><\/p><p style=\"text-align: right;\">La Virgen Mar\u00eda, Pontevedra 10 de diciembre de 1925<\/p><p>\u00a0<\/p><p><span style=\"color: #6288c6;\"><i>\u00a0<\/i><\/span><\/p><p><span style=\"color: #6288c6;\"><i>\"Sacrificaos por los pecadores que van al Infierno y no tienen quien rece por ellos\".<\/i><\/span><\/p><p style=\"text-align: right;\">La Virgen Mar\u00eda, Pontevedra 10 de diciembre de 1925<\/p>\t\t\t\t\t\t\t\t<\/div>\n\t\t\t\t<\/div>\n\t\t\t\t\t<\/div>\n\t\t<\/div>\n\t\t\t\t<div class=\"elementor-column elementor-col-50 elementor-top-column elementor-element elementor-element-091ff07\" data-id=\"091ff07\" data-element_type=\"column\" data-e-type=\"column\">\n\t\t\t<div class=\"elementor-widget-wrap elementor-element-populated\">\n\t\t\t\t\t\t<div class=\"elementor-element elementor-element-7ecf746 elementor-widget elementor-widget-image\" data-id=\"7ecf746\" data-element_type=\"widget\" data-e-type=\"widget\" data-widget_type=\"image.default\">\n\t\t\t\t<div class=\"elementor-widget-container\">\n\t\t\t\t\t\t\t\t\t\t\t\t\t\t\t<img decoding=\"async\" width=\"640\" height=\"856\" src=\"https:\/\/salve-corda.org\/wp-content\/uploads\/2021\/07\/enfer-766x1024.png\" class=\"attachment-large size-large wp-image-974\" alt=\"\" srcset=\"https:\/\/salve-corda.org\/wp-content\/uploads\/2021\/07\/enfer-766x1024.png 766w, https:\/\/salve-corda.org\/wp-content\/uploads\/2021\/07\/enfer-224x300.png 224w, https:\/\/salve-corda.org\/wp-content\/uploads\/2021\/07\/enfer-768x1027.png 768w, https:\/\/salve-corda.org\/wp-content\/uploads\/2021\/07\/enfer.png 797w\" sizes=\"(max-width: 640px) 100vw, 640px\" \/>\t\t\t\t\t\t\t\t\t\t\t\t\t\t\t<\/div>\n\t\t\t\t<\/div>\n\t\t\t\t\t<\/div>\n\t\t<\/div>\n\t\t\t\t\t<\/div>\n\t\t<\/section>\n\t\t\t\t<section class=\"elementor-section elementor-top-section elementor-element elementor-element-6cd6fec elementor-section-boxed elementor-section-height-default elementor-section-height-default\" data-id=\"6cd6fec\" data-element_type=\"section\" data-e-type=\"section\">\n\t\t\t\t\t\t<div class=\"elementor-container elementor-column-gap-default\">\n\t\t\t\t\t<div class=\"elementor-column elementor-col-100 elementor-top-column elementor-element elementor-element-3683809\" data-id=\"3683809\" data-element_type=\"column\" data-e-type=\"column\">\n\t\t\t<div class=\"elementor-widget-wrap elementor-element-populated\">\n\t\t\t\t\t\t<div class=\"elementor-element elementor-element-1cf8f08 elementor-widget elementor-widget-text-editor\" data-id=\"1cf8f08\" data-element_type=\"widget\" data-e-type=\"widget\" data-widget_type=\"text-editor.default\">\n\t\t\t\t<div class=\"elementor-widget-container\">\n\t\t\t\t\t\t\t\t\t<p>As\u00ed que para todos aquellos que quieran hacer algo por los dem\u00e1s, aqu\u00ed est\u00e1n <b>el medio m\u00e1s poderoso dado por la Divina Misericordia<\/b>. La caridad no es s\u00f3lo dar una peque\u00f1a moneda a un pobre o extender un cheque a una organizaci\u00f3n ben\u00e9fica. Significa amar al pobre como a un hermano y como a un hijo de Dios y, por tanto, adem\u00e1s de la ayuda material necesaria, querer tambi\u00e9n sobre todo ayudarle a llegar al Cielo para que tenga la felicidad eterna y no s\u00f3lo un alivio temporal. Recordemos lo que dice Cristo en el Evangelio:<\/p><p><br><\/p>\n<p><\/p>\n<p><span style=\"color: #6288c6;\"><i>\"\u00bfDe qu\u00e9 le sirve a un hombre ganar el mundo si pierde su Alma?<\/i><\/span><\/p><p><span style=\"color: #6288c6;\"><i><br><\/i><\/span><\/p>\n<p><\/p>\n<p>Podr\u00edamos parafrasear: \u00bfDe qu\u00e9 sirve ayudar a un hombre durante unos d\u00edas si al mismo tiempo dejamos que pierda su Alma? La caridad material est\u00e1 intr\u00ednsecamente ligada a la caridad espiritual, sobre todo en una \u00e9poca en la que tanta gente ya no tiene fe. Francia: \u00a1tierra de misi\u00f3n!<\/p>\n<p><\/p>\n<p>El Coraz\u00f3n Inmaculado de Mar\u00eda es el medio decidido por Dios para salvar a las almas con m\u00e1s fuerza y rapidez. A nosotros nos corresponde actuar.<\/p>\t\t\t\t\t\t\t\t<\/div>\n\t\t\t\t<\/div>\n\t\t\t\t\t<\/div>\n\t\t<\/div>\n\t\t\t\t\t<\/div>\n\t\t<\/section>\n\t\t\t\t<\/div>","protected":false},"excerpt":{"rendered":"<p>\u00bfPor qu\u00e9 es \u00e9sta una gran obra de caridad? Todos sabemos que el segundo mandamiento tra\u00eddo por Cristo en el Evangelio y colocado por \u00c9l al mismo nivel de importancia que el primero [...].<\/p>","protected":false},"author":1,"featured_media":0,"parent":0,"menu_order":0,"comment_status":"closed","ping_status":"closed","template":"elementor_header_footer","meta":{"footnotes":""},"class_list":["post-500","page","type-page","status-publish","hentry"],"_links":{"self":[{"href":"https:\/\/salve-corda.org\/es\/wp-json\/wp\/v2\/pages\/500","targetHints":{"allow":["GET"]}}],"collection":[{"href":"https:\/\/salve-corda.org\/es\/wp-json\/wp\/v2\/pages"}],"about":[{"href":"https:\/\/salve-corda.org\/es\/wp-json\/wp\/v2\/types\/page"}],"author":[{"embeddable":true,"href":"https:\/\/salve-corda.org\/es\/wp-json\/wp\/v2\/users\/1"}],"replies":[{"embeddable":true,"href":"https:\/\/salve-corda.org\/es\/wp-json\/wp\/v2\/comments?post=500"}],"version-history":[{"count":33,"href":"https:\/\/salve-corda.org\/es\/wp-json\/wp\/v2\/pages\/500\/revisions"}],"predecessor-version":[{"id":4642,"href":"https:\/\/salve-corda.org\/es\/wp-json\/wp\/v2\/pages\/500\/revisions\/4642"}],"wp:attachment":[{"href":"https:\/\/salve-corda.org\/es\/wp-json\/wp\/v2\/media?parent=500"}],"curies":[{"name":"wp","href":"https:\/\/api.w.org\/{rel}","templated":true}]}}