{"id":571,"date":"2021-07-12T12:43:57","date_gmt":"2021-07-12T10:43:57","guid":{"rendered":"https:\/\/salve-corda.org\/?page_id=571"},"modified":"2025-06-25T10:09:52","modified_gmt":"2025-06-25T08:09:52","slug":"historique","status":"publish","type":"page","link":"https:\/\/salve-corda.org\/es\/historique\/","title":{"rendered":"les coeurs de J\u00e9sus et Marie dans l&#8217;histoire"},"content":{"rendered":"<div data-elementor-type=\"wp-page\" data-elementor-id=\"571\" class=\"elementor elementor-571\">\n\t\t\t\t\t\t<section class=\"elementor-section elementor-top-section elementor-element elementor-element-678f123 elementor-section-boxed elementor-section-height-default elementor-section-height-default\" data-id=\"678f123\" data-element_type=\"section\" data-e-type=\"section\">\n\t\t\t\t\t\t<div class=\"elementor-container elementor-column-gap-default\">\n\t\t\t\t\t<div class=\"elementor-column elementor-col-100 elementor-top-column elementor-element elementor-element-c146022\" data-id=\"c146022\" data-element_type=\"column\" data-e-type=\"column\">\n\t\t\t<div class=\"elementor-widget-wrap elementor-element-populated\">\n\t\t\t\t\t\t<div class=\"elementor-element elementor-element-e008568 elementor-widget elementor-widget-spacer\" data-id=\"e008568\" data-element_type=\"widget\" data-e-type=\"widget\" data-widget_type=\"spacer.default\">\n\t\t\t\t<div class=\"elementor-widget-container\">\n\t\t\t\t\t\t\t<div class=\"elementor-spacer\">\n\t\t\t<div class=\"elementor-spacer-inner\"><\/div>\n\t\t<\/div>\n\t\t\t\t\t\t<\/div>\n\t\t\t\t<\/div>\n\t\t\t\t\t<\/div>\n\t\t<\/div>\n\t\t\t\t\t<\/div>\n\t\t<\/section>\n\t\t\t\t<section class=\"elementor-section elementor-top-section elementor-element elementor-element-0dfa2dc elementor-section-boxed elementor-section-height-default elementor-section-height-default\" data-id=\"0dfa2dc\" data-element_type=\"section\" data-e-type=\"section\">\n\t\t\t\t\t\t<div class=\"elementor-container elementor-column-gap-default\">\n\t\t\t\t\t<div class=\"elementor-column elementor-col-100 elementor-top-column elementor-element elementor-element-c979f7e\" data-id=\"c979f7e\" data-element_type=\"column\" data-e-type=\"column\">\n\t\t\t<div class=\"elementor-widget-wrap elementor-element-populated\">\n\t\t\t\t\t\t<div class=\"elementor-element elementor-element-6ff4dd5 elementor-widget elementor-widget-heading\" data-id=\"6ff4dd5\" data-element_type=\"widget\" data-e-type=\"widget\" data-widget_type=\"heading.default\">\n\t\t\t\t<div class=\"elementor-widget-container\">\n\t\t\t\t\t<h2 class=\"elementor-heading-title elementor-size-default\">Maravillosa historia de la devoci\u00f3n a los Sagrados Corazones de Jes\u00fas y de Mar\u00eda<\/h2>\t\t\t\t<\/div>\n\t\t\t\t<\/div>\n\t\t\t\t\t<\/div>\n\t\t<\/div>\n\t\t\t\t\t<\/div>\n\t\t<\/section>\n\t\t\t\t<section class=\"elementor-section elementor-top-section elementor-element elementor-element-1b12408 elementor-section-boxed elementor-section-height-default elementor-section-height-default\" data-id=\"1b12408\" data-element_type=\"section\" data-e-type=\"section\">\n\t\t\t\t\t\t<div class=\"elementor-container elementor-column-gap-default\">\n\t\t\t\t\t<div class=\"elementor-column elementor-col-50 elementor-top-column elementor-element elementor-element-0c9b7e5\" data-id=\"0c9b7e5\" data-element_type=\"column\" data-e-type=\"column\">\n\t\t\t<div class=\"elementor-widget-wrap elementor-element-populated\">\n\t\t\t\t\t\t<div class=\"elementor-element elementor-element-f3671d8 elementor-widget elementor-widget-heading\" data-id=\"f3671d8\" data-element_type=\"widget\" data-e-type=\"widget\" data-widget_type=\"heading.default\">\n\t\t\t\t<div class=\"elementor-widget-container\">\n\t\t\t\t\t<h3 class=\"elementor-heading-title elementor-size-default\">El Evangelio y la Iglesia primitiva<\/h3>\t\t\t\t<\/div>\n\t\t\t\t<\/div>\n\t\t\t\t<div class=\"elementor-element elementor-element-514251a elementor-widget elementor-widget-text-editor\" data-id=\"514251a\" data-element_type=\"widget\" data-e-type=\"widget\" data-widget_type=\"text-editor.default\">\n\t\t\t\t<div class=\"elementor-widget-container\">\n\t\t\t\t\t\t\t\t\t<p><span style=\"color: var( --e-global-color-text );\">La veneraci\u00f3n de los Corazones de Jes\u00fas y de Mar\u00eda tiene su fuente misma en el Evangelio: \"Amar\u00e1s al Se\u00f1or tu Dios <\/span><b style=\"color: var( --e-global-color-text );\">de todo coraz\u00f3n<\/b><span style=\"color: var( --e-global-color-text );\">Con toda tu alma y con toda tu mente. \u00c9ste es el mayor y el primer mandamiento\" (Mt 22,36-40).<\/span><\/p><p>\u00a0<\/p><p>La importancia del amor a los santos\u00a0<span style=\"color: var( --e-global-color-text );\">Corazones<\/span><span style=\"color: var( --e-global-color-text );\">\u00a0de Jes\u00fas y Mar\u00eda encuentra su inspiraci\u00f3n en este primer mandamiento.<\/span><\/p><p>\u00a0<\/p><p>En la Presentaci\u00f3n en el Templo, San Sime\u00f3n dijo a la Sant\u00edsima Virgen: \"Una espada atravesar\u00e1 tu alma\" (aqu\u00ed nos referimos a su coraz\u00f3n de Madre). Cuando, con San Jos\u00e9, encontr\u00f3 a Jes\u00fas en el Templo despu\u00e9s de haberlo perdido, el Evangelio nos dice: \"La Sant\u00edsima Virgen guardaba y meditaba todos estos acontecimientos en su...\". <span style=\"color: var( --e-global-color-text );\">Coraz\u00f3n<\/span><span style=\"color: var( --e-global-color-text );\">\u00a0\"(Lucas 2, 52). La noche de la \u00daltima Cena, San Juan, el disc\u00edpulo a quien Jes\u00fas amaba, recostar\u00e1 cari\u00f1osamente su cabeza sobre la de Jes\u00fas.\u00a0<\/span><span style=\"color: var( --e-global-color-text );\">Coraz\u00f3n<\/span><span style=\"color: var( --e-global-color-text );\">\u00a0de Cristo (Juan 13:23-25). En la Cruz, el\u00a0<\/span><span style=\"color: var( --e-global-color-text );\">Coraz\u00f3n<\/span><span style=\"color: var( --e-global-color-text );\">\u00a0de Cristo ser\u00e1 traspasado y saldr\u00e1 sangre y agua (simbolizando la Eucarist\u00eda y el Bautismo).<\/span><\/p>\t\t\t\t\t\t\t\t<\/div>\n\t\t\t\t<\/div>\n\t\t\t\t\t<\/div>\n\t\t<\/div>\n\t\t\t\t<div class=\"elementor-column elementor-col-50 elementor-top-column elementor-element elementor-element-3c47905\" data-id=\"3c47905\" data-element_type=\"column\" data-e-type=\"column\">\n\t\t\t<div class=\"elementor-widget-wrap elementor-element-populated\">\n\t\t\t\t\t\t<div class=\"elementor-element elementor-element-e382e94 elementor-widget elementor-widget-image\" data-id=\"e382e94\" data-element_type=\"widget\" data-e-type=\"widget\" data-widget_type=\"image.default\">\n\t\t\t\t<div class=\"elementor-widget-container\">\n\t\t\t\t\t\t\t\t\t\t\t\t\t\t\t<img fetchpriority=\"high\" decoding=\"async\" width=\"595\" height=\"683\" src=\"https:\/\/salve-corda.org\/wp-content\/uploads\/2021\/07\/Sans-titre.png\" class=\"attachment-large size-large wp-image-619\" alt=\"\" srcset=\"https:\/\/salve-corda.org\/wp-content\/uploads\/2021\/07\/Sans-titre.png 595w, https:\/\/salve-corda.org\/wp-content\/uploads\/2021\/07\/Sans-titre-261x300.png 261w\" sizes=\"(max-width: 595px) 100vw, 595px\" \/>\t\t\t\t\t\t\t\t\t\t\t\t\t\t\t<\/div>\n\t\t\t\t<\/div>\n\t\t\t\t\t<\/div>\n\t\t<\/div>\n\t\t\t\t\t<\/div>\n\t\t<\/section>\n\t\t\t\t<section class=\"elementor-section elementor-top-section elementor-element elementor-element-7080df4 elementor-section-boxed elementor-section-height-default elementor-section-height-default\" data-id=\"7080df4\" data-element_type=\"section\" data-e-type=\"section\">\n\t\t\t\t\t\t<div class=\"elementor-container elementor-column-gap-default\">\n\t\t\t\t\t<div class=\"elementor-column elementor-col-100 elementor-top-column elementor-element elementor-element-e97c5fb\" data-id=\"e97c5fb\" data-element_type=\"column\" data-e-type=\"column\">\n\t\t\t<div class=\"elementor-widget-wrap elementor-element-populated\">\n\t\t\t\t\t\t<div class=\"elementor-element elementor-element-e529522 elementor-widget elementor-widget-text-editor\" data-id=\"e529522\" data-element_type=\"widget\" data-e-type=\"widget\" data-widget_type=\"text-editor.default\">\n\t\t\t\t<div class=\"elementor-widget-container\">\n\t\t\t\t\t\t\t\t\t<p>M\u00e1s tarde, Papas y Santos empezaron a hablar de la devoci\u00f3n debida a los Corazones de Jes\u00fas y de Mar\u00eda. En el a\u00f1o 604, el Papa San Gregorio Magno nos ense\u00f1\u00f3: \"Aprended del Coraz\u00f3n de Jes\u00fas y de Mar\u00eda.\u00a0<span style=\"color: var( --e-global-color-text ); font-family: var( --e-global-typography-18e5089-font-family ), Sans-serif; font-size: var( --e-global-typography-18e5089-font-size ); font-weight: var( --e-global-typography-18e5089-font-weight ); letter-spacing: var( --e-global-typography-18e5089-letter-spacing );\">Coraz\u00f3n<\/span><span style=\"color: var( --e-global-color-text ); font-family: var( --e-global-typography-18e5089-font-family ), Sans-serif; font-size: var( --e-global-typography-18e5089-font-size ); font-weight: var( --e-global-typography-18e5089-font-weight ); letter-spacing: var( --e-global-typography-18e5089-letter-spacing );\">\u00a0las ense\u00f1anzas de Dios para desear ardientemente las cosas eternas\". Despu\u00e9s vinieron San Anselmo en el siglo X, San Bernardo de Clervaux en el XII, San Francisco de As\u00eds en el XIII, San Buenaventura, Santa Gertrudis de Helfta y Santa Mechtilde de Hackeborn.<\/span><\/p><p>\u00a0<\/p>\t\t\t\t\t\t\t\t<\/div>\n\t\t\t\t<\/div>\n\t\t\t\t\t<\/div>\n\t\t<\/div>\n\t\t\t\t\t<\/div>\n\t\t<\/section>\n\t\t\t\t<section class=\"elementor-section elementor-top-section elementor-element elementor-element-70b8a99 elementor-section-boxed elementor-section-height-default elementor-section-height-default\" data-id=\"70b8a99\" data-element_type=\"section\" data-e-type=\"section\" data-settings=\"{&quot;background_background&quot;:&quot;classic&quot;}\">\n\t\t\t\t\t\t<div class=\"elementor-container elementor-column-gap-default\">\n\t\t\t\t\t<div class=\"elementor-column elementor-col-100 elementor-top-column elementor-element elementor-element-3294498\" data-id=\"3294498\" data-element_type=\"column\" data-e-type=\"column\">\n\t\t\t<div class=\"elementor-widget-wrap elementor-element-populated\">\n\t\t\t\t\t\t<div class=\"elementor-element elementor-element-6abbfba elementor-widget elementor-widget-heading\" data-id=\"6abbfba\" data-element_type=\"widget\" data-e-type=\"widget\" data-widget_type=\"heading.default\">\n\t\t\t\t<div class=\"elementor-widget-container\">\n\t\t\t\t\t<h3 class=\"elementor-heading-title elementor-size-default\">San Juan Eudes el Precursor, siglo XVII<\/h3>\t\t\t\t<\/div>\n\t\t\t\t<\/div>\n\t\t\t\t<div class=\"elementor-element elementor-element-be64bdf elementor-widget elementor-widget-text-editor\" data-id=\"be64bdf\" data-element_type=\"widget\" data-e-type=\"widget\" data-widget_type=\"text-editor.default\">\n\t\t\t\t<div class=\"elementor-widget-container\">\n\t\t\t\t\t\t\t\t\t<p>As\u00ed como San Juan Bautista anunci\u00f3 la venida de Cristo, fue otro Juan, San Juan Eudes, quien realmente anunci\u00f3 la gran devoci\u00f3n a los Corazones de Jes\u00fas y de Mar\u00eda. Fue el primero en asociarlos estrechamente, y en particular escribi\u00f3 esta bell\u00edsima oraci\u00f3n que resume toda su ense\u00f1anza y que se conoce como la<u>Ave Cor.<\/u><\/p>\t\t\t\t\t\t\t\t<\/div>\n\t\t\t\t<\/div>\n\t\t\t\t\t<\/div>\n\t\t<\/div>\n\t\t\t\t\t<\/div>\n\t\t<\/section>\n\t\t\t\t<section class=\"elementor-section elementor-top-section elementor-element elementor-element-2937365 elementor-section-boxed elementor-section-height-default elementor-section-height-default\" data-id=\"2937365\" data-element_type=\"section\" data-e-type=\"section\" data-settings=\"{&quot;background_background&quot;:&quot;classic&quot;}\">\n\t\t\t\t\t\t<div class=\"elementor-container elementor-column-gap-default\">\n\t\t\t\t\t<div class=\"elementor-column elementor-col-50 elementor-top-column elementor-element elementor-element-dd4d11d\" data-id=\"dd4d11d\" data-element_type=\"column\" data-e-type=\"column\">\n\t\t\t<div class=\"elementor-widget-wrap elementor-element-populated\">\n\t\t\t\t\t\t<div class=\"elementor-element elementor-element-49dcb3c elementor-widget elementor-widget-image\" data-id=\"49dcb3c\" data-element_type=\"widget\" data-e-type=\"widget\" data-widget_type=\"image.default\">\n\t\t\t\t<div class=\"elementor-widget-container\">\n\t\t\t\t\t\t\t\t\t\t\t\t\t\t\t<img decoding=\"async\" width=\"640\" height=\"479\" src=\"https:\/\/salve-corda.org\/wp-content\/uploads\/2021\/07\/Sans-titre-1.png\" class=\"attachment-large size-large wp-image-623\" alt=\"\" srcset=\"https:\/\/salve-corda.org\/wp-content\/uploads\/2021\/07\/Sans-titre-1.png 781w, https:\/\/salve-corda.org\/wp-content\/uploads\/2021\/07\/Sans-titre-1-300x225.png 300w, https:\/\/salve-corda.org\/wp-content\/uploads\/2021\/07\/Sans-titre-1-768x575.png 768w\" sizes=\"(max-width: 640px) 100vw, 640px\" \/>\t\t\t\t\t\t\t\t\t\t\t\t\t\t\t<\/div>\n\t\t\t\t<\/div>\n\t\t\t\t\t<\/div>\n\t\t<\/div>\n\t\t\t\t<div class=\"elementor-column elementor-col-50 elementor-top-column elementor-element elementor-element-7242630\" data-id=\"7242630\" data-element_type=\"column\" data-e-type=\"column\">\n\t\t\t<div class=\"elementor-widget-wrap elementor-element-populated\">\n\t\t\t\t\t\t<div class=\"elementor-element elementor-element-f470957 elementor-widget elementor-widget-text-editor\" data-id=\"f470957\" data-element_type=\"widget\" data-e-type=\"widget\" data-widget_type=\"text-editor.default\">\n\t\t\t\t<div class=\"elementor-widget-container\">\n\t\t\t\t\t\t\t\t\t<p><span style=\"color: #6288c6;\"><i>\"Esta oraci\u00f3n se dirige conjuntamente a los Sacrat\u00edsimos Corazones de Jes\u00fas y de Mar\u00eda. Pues aunque el Coraz\u00f3n del Hijo es distinto del de la Madre, y lo supera infinitamente en excelencia y santidad, Dios ha unido tan estrechamente estos dos Corazones, que podemos decir con verdad que no son m\u00e1s que un solo Coraz\u00f3n, porque siempre han estado animados del mismo esp\u00edritu y llenos de los mismos sentimientos y afectos. Jes\u00fas est\u00e1 tan vivo y reina en Mar\u00eda, que \u00c9l es verdaderamente el alma de su alma, la mente y el coraz\u00f3n de su coraz\u00f3n. Tanto es as\u00ed que, propiamente hablando, el Coraz\u00f3n de Mar\u00eda es Jes\u00fas; y por eso saludar y adorar al Coraz\u00f3n de Mar\u00eda es saludar y adorar a Jes\u00fas en cuanto es esp\u00edritu, alma, vida y Coraz\u00f3n de su Sant\u00edsima Madre.\u00a0<\/i><\/span><\/p><p style=\"text-align: right;\"><i>San Juan Eudes (1601 - 1680)<\/i><\/p>\t\t\t\t\t\t\t\t<\/div>\n\t\t\t\t<\/div>\n\t\t\t\t\t<\/div>\n\t\t<\/div>\n\t\t\t\t\t<\/div>\n\t\t<\/section>\n\t\t\t\t<section class=\"elementor-section elementor-top-section elementor-element elementor-element-6e709fd elementor-section-boxed elementor-section-height-default elementor-section-height-default\" data-id=\"6e709fd\" data-element_type=\"section\" data-e-type=\"section\" data-settings=\"{&quot;background_background&quot;:&quot;classic&quot;}\">\n\t\t\t\t\t\t<div class=\"elementor-container elementor-column-gap-default\">\n\t\t\t\t\t<div class=\"elementor-column elementor-col-100 elementor-top-column elementor-element elementor-element-527e7b6\" data-id=\"527e7b6\" data-element_type=\"column\" data-e-type=\"column\">\n\t\t\t<div class=\"elementor-widget-wrap elementor-element-populated\">\n\t\t\t\t\t\t<div class=\"elementor-element elementor-element-52ac9c0 elementor-widget elementor-widget-text-editor\" data-id=\"52ac9c0\" data-element_type=\"widget\" data-e-type=\"widget\" data-widget_type=\"text-editor.default\">\n\t\t\t\t<div class=\"elementor-widget-container\">\n\t\t\t\t\t\t\t\t\t<p>Despu\u00e9s de haber introducido magn\u00edficamente esta devoci\u00f3n en la Iglesia, Cristo y la Sant\u00edsima Virgen vendr\u00e1n en persona para revelarnos, en tres etapas sucesivas, la necesidad de colocar la devoci\u00f3n a sus Corazones unidos en el centro de nuestra vida moderna.<\/p>\t\t\t\t\t\t\t\t<\/div>\n\t\t\t\t<\/div>\n\t\t\t\t\t<\/div>\n\t\t<\/div>\n\t\t\t\t\t<\/div>\n\t\t<\/section>\n\t\t\t\t<section class=\"elementor-section elementor-top-section elementor-element elementor-element-2bdb93e elementor-section-boxed elementor-section-height-default elementor-section-height-default\" data-id=\"2bdb93e\" data-element_type=\"section\" data-e-type=\"section\">\n\t\t\t\t\t\t<div class=\"elementor-container elementor-column-gap-default\">\n\t\t\t\t\t<div class=\"elementor-column elementor-col-50 elementor-top-column elementor-element elementor-element-53ec56f\" data-id=\"53ec56f\" data-element_type=\"column\" data-e-type=\"column\">\n\t\t\t<div class=\"elementor-widget-wrap elementor-element-populated\">\n\t\t\t\t\t\t<div class=\"elementor-element elementor-element-50acbea elementor-widget elementor-widget-heading\" data-id=\"50acbea\" data-element_type=\"widget\" data-e-type=\"widget\" data-widget_type=\"heading.default\">\n\t\t\t\t<div class=\"elementor-widget-container\">\n\t\t\t\t\t<h3 class=\"elementor-heading-title elementor-size-default\">Etapa 1 - Paray-le-Monial: devoci\u00f3n al Sagrado CORAZ\u00d3N<\/h3>\t\t\t\t<\/div>\n\t\t\t\t<\/div>\n\t\t\t\t<div class=\"elementor-element elementor-element-979e568 elementor-widget elementor-widget-text-editor\" data-id=\"979e568\" data-element_type=\"widget\" data-e-type=\"widget\" data-widget_type=\"text-editor.default\">\n\t\t\t\t<div class=\"elementor-widget-container\">\n\t\t\t\t\t\t\t\t\t<p>En 1673-1674, pocos a\u00f1os antes de la muerte de su mensajero San Juan Eudes, Cristo se apareci\u00f3 a Santa Margarita Mar\u00eda en Paray-le-Monial (Francia). Le hizo una solemne petici\u00f3n de devoci\u00f3n a su Sagrado Coraz\u00f3n. Describi\u00f3 en t\u00e9rminos precisos las acciones y oraciones que esperaba de nosotros, y les adjunt\u00f3 magn\u00edficas promesas, subrayando as\u00ed la importancia de sus peticiones y el poder de esta devoci\u00f3n.<\/p><p>\u00a0<\/p><p>Dirigi\u00e9ndose a los fieles, les pidi\u00f3 en particular que <b>Comuni\u00f3n el primer viernes de mes y Hora Santa los jueves por la noche<\/b>. Pidi\u00f3 al Rey, representante del poder temporal, que consagrara su familia y Francia al Sagrado Coraz\u00f3n y que pusiera el Sagrado Coraz\u00f3n en la bandera y las armas francesas. Pero ni Luis XIV ni sus sucesores seguir\u00edan estas peticiones, y exactamente cien a\u00f1os despu\u00e9s, la revoluci\u00f3n destruir\u00eda la realeza en Francia y se extender\u00eda al resto del mundo.<\/p><p>\u00a0<\/p><p>Por otra parte, el Papa Clemente XIII, habiendo comprendido la importancia de las apariciones de Cristo en Paray-le-Monial, instituy\u00f3 oficialmente la fiesta del Sagrado Coraz\u00f3n el 6 de febrero de 1765.<\/p>\t\t\t\t\t\t\t\t<\/div>\n\t\t\t\t<\/div>\n\t\t\t\t\t<\/div>\n\t\t<\/div>\n\t\t\t\t<div class=\"elementor-column elementor-col-50 elementor-top-column elementor-element elementor-element-84d445f\" data-id=\"84d445f\" data-element_type=\"column\" data-e-type=\"column\">\n\t\t\t<div class=\"elementor-widget-wrap elementor-element-populated\">\n\t\t\t\t\t\t<div class=\"elementor-element elementor-element-6535bce elementor-widget elementor-widget-image\" data-id=\"6535bce\" data-element_type=\"widget\" data-e-type=\"widget\" data-widget_type=\"image.default\">\n\t\t\t\t<div class=\"elementor-widget-container\">\n\t\t\t\t\t\t\t\t\t\t\t\t\t\t\t<img decoding=\"async\" width=\"640\" height=\"906\" src=\"https:\/\/salve-corda.org\/wp-content\/uploads\/2021\/07\/Sans-titre-2.png\" class=\"attachment-large size-large wp-image-624\" alt=\"\" srcset=\"https:\/\/salve-corda.org\/wp-content\/uploads\/2021\/07\/Sans-titre-2.png 643w, https:\/\/salve-corda.org\/wp-content\/uploads\/2021\/07\/Sans-titre-2-212x300.png 212w\" sizes=\"(max-width: 640px) 100vw, 640px\" \/>\t\t\t\t\t\t\t\t\t\t\t\t\t\t\t<\/div>\n\t\t\t\t<\/div>\n\t\t\t\t\t<\/div>\n\t\t<\/div>\n\t\t\t\t\t<\/div>\n\t\t<\/section>\n\t\t\t\t<section class=\"elementor-section elementor-top-section elementor-element elementor-element-5a04936 elementor-section-boxed elementor-section-height-default elementor-section-height-default\" data-id=\"5a04936\" data-element_type=\"section\" data-e-type=\"section\">\n\t\t\t\t\t\t<div class=\"elementor-container elementor-column-gap-default\">\n\t\t\t\t\t\t<\/div>\n\t\t<\/section>\n\t\t\t\t<section class=\"elementor-section elementor-top-section elementor-element elementor-element-92444d1 elementor-section-boxed elementor-section-height-default elementor-section-height-default\" data-id=\"92444d1\" data-element_type=\"section\" data-e-type=\"section\" data-settings=\"{&quot;background_background&quot;:&quot;classic&quot;}\">\n\t\t\t\t\t\t<div class=\"elementor-container elementor-column-gap-default\">\n\t\t\t\t\t<div class=\"elementor-column elementor-col-100 elementor-top-column elementor-element elementor-element-ca8eae2\" data-id=\"ca8eae2\" data-element_type=\"column\" data-e-type=\"column\">\n\t\t\t<div class=\"elementor-widget-wrap elementor-element-populated\">\n\t\t\t\t\t\t<div class=\"elementor-element elementor-element-5685db6 elementor-widget elementor-widget-heading\" data-id=\"5685db6\" data-element_type=\"widget\" data-e-type=\"widget\" data-widget_type=\"heading.default\">\n\t\t\t\t<div class=\"elementor-widget-container\">\n\t\t\t\t\t<h3 class=\"elementor-heading-title elementor-size-default\">Etapa 2 - Rue du Bac: el CORAZ\u00d3N de Mar\u00eda junto al Sagrado Coraz\u00f3n<span style=\"color: var( --e-global-color-d0f9407 );font-family: var( --e-global-typography-de41d25-font-family ), Sans-serif;font-size: var( --e-global-typography-de41d25-font-size );font-weight: var( --e-global-typography-de41d25-font-weight );letter-spacing: var( --e-global-typography-de41d25-letter-spacing );text-transform: var( --e-global-typography-de41d25-text-transform );background-color: var( --e-global-color-f890547 )\"><\/span><br><\/h3>\t\t\t\t<\/div>\n\t\t\t\t<\/div>\n\t\t\t\t\t<\/div>\n\t\t<\/div>\n\t\t\t\t\t<\/div>\n\t\t<\/section>\n\t\t\t\t<section class=\"elementor-section elementor-top-section elementor-element elementor-element-2ff03b8 elementor-section-boxed elementor-section-height-default elementor-section-height-default\" data-id=\"2ff03b8\" data-element_type=\"section\" data-e-type=\"section\" data-settings=\"{&quot;background_background&quot;:&quot;classic&quot;}\">\n\t\t\t\t\t\t<div class=\"elementor-container elementor-column-gap-default\">\n\t\t\t\t\t<div class=\"elementor-column elementor-col-50 elementor-top-column elementor-element elementor-element-4417716\" data-id=\"4417716\" data-element_type=\"column\" data-e-type=\"column\">\n\t\t\t<div class=\"elementor-widget-wrap elementor-element-populated\">\n\t\t\t\t\t\t<div class=\"elementor-element elementor-element-cbe283f elementor-widget elementor-widget-image\" data-id=\"cbe283f\" data-element_type=\"widget\" data-e-type=\"widget\" data-widget_type=\"image.default\">\n\t\t\t\t<div class=\"elementor-widget-container\">\n\t\t\t\t\t\t\t\t\t\t\t\t\t\t\t<img loading=\"lazy\" decoding=\"async\" width=\"640\" height=\"765\" src=\"https:\/\/salve-corda.org\/wp-content\/uploads\/2021\/07\/Sans-titre-3.png\" class=\"attachment-large size-large wp-image-631\" alt=\"\" srcset=\"https:\/\/salve-corda.org\/wp-content\/uploads\/2021\/07\/Sans-titre-3.png 800w, https:\/\/salve-corda.org\/wp-content\/uploads\/2021\/07\/Sans-titre-3-251x300.png 251w, https:\/\/salve-corda.org\/wp-content\/uploads\/2021\/07\/Sans-titre-3-768x918.png 768w\" sizes=\"(max-width: 640px) 100vw, 640px\" \/>\t\t\t\t\t\t\t\t\t\t\t\t\t\t\t<\/div>\n\t\t\t\t<\/div>\n\t\t\t\t\t<\/div>\n\t\t<\/div>\n\t\t\t\t<div class=\"elementor-column elementor-col-50 elementor-top-column elementor-element elementor-element-86d781d\" data-id=\"86d781d\" data-element_type=\"column\" data-e-type=\"column\">\n\t\t\t<div class=\"elementor-widget-wrap elementor-element-populated\">\n\t\t\t\t\t\t<div class=\"elementor-element elementor-element-b52464e elementor-widget elementor-widget-text-editor\" data-id=\"b52464e\" data-element_type=\"widget\" data-e-type=\"widget\" data-widget_type=\"text-editor.default\">\n\t\t\t\t<div class=\"elementor-widget-container\">\n\t\t\t\t\t\t\t\t\t<p>El martirio del clero franc\u00e9s y de los cat\u00f3licos durante la Revoluci\u00f3n Francesa y los a\u00f1os que siguieron -que culminaron con la masacre de la Vend\u00e9e- trajeron muchas gracias a Francia. En 1830, la Sant\u00edsima Virgen se apareci\u00f3 en Par\u00eds, en la rue du Bac, a Santa Catalina Labour\u00e9, anunci\u00e1ndole que era la mediadora de todas las gracias.<\/p><p>\u00a0<\/p><p>Le pidi\u00f3 que hiciera grabar en el reverso una medalla con su Coraz\u00f3n junto al de su hijo Jes\u00fas, signo sutil de la futura devoci\u00f3n a su Coraz\u00f3n Inmaculado. Las apariciones de la rue du Bac fueron, pues, el v\u00ednculo entre Paray-le-Monial y F\u00e1tima y abrieron la devoci\u00f3n al Coraz\u00f3n de Mar\u00eda.<\/p>\t\t\t\t\t\t\t\t<\/div>\n\t\t\t\t<\/div>\n\t\t\t\t\t<\/div>\n\t\t<\/div>\n\t\t\t\t\t<\/div>\n\t\t<\/section>\n\t\t\t\t<section class=\"elementor-section elementor-top-section elementor-element elementor-element-6a9c5b7 elementor-section-boxed elementor-section-height-default elementor-section-height-default\" data-id=\"6a9c5b7\" data-element_type=\"section\" data-e-type=\"section\" data-settings=\"{&quot;background_background&quot;:&quot;classic&quot;}\">\n\t\t\t\t\t\t<div class=\"elementor-container elementor-column-gap-default\">\n\t\t\t\t\t<div class=\"elementor-column elementor-col-100 elementor-top-column elementor-element elementor-element-b3b880f\" data-id=\"b3b880f\" data-element_type=\"column\" data-e-type=\"column\">\n\t\t\t<div class=\"elementor-widget-wrap elementor-element-populated\">\n\t\t\t\t\t\t<div class=\"elementor-element elementor-element-2d7c9b0 elementor-widget elementor-widget-text-editor\" data-id=\"2d7c9b0\" data-element_type=\"widget\" data-e-type=\"widget\" data-widget_type=\"text-editor.default\">\n\t\t\t\t<div class=\"elementor-widget-container\">\n\t\t\t\t\t\t\t\t\t<p>La primera manifestaci\u00f3n de esta devoci\u00f3n tuvo lugar seis a\u00f1os m\u00e1s tarde. En 1836, la bas\u00edlica de Notre-Dame des Victoires de Par\u00eds estaba desierta y su p\u00e1rroco, el padre Desgenettes, desesperado. El 3 de diciembre, primer s\u00e1bado de mes, mientras oficiaba la misa a solas, oy\u00f3 una voz interior que le dec\u00eda varias veces: \"Consagra tu parroquia al Inmaculado Coraz\u00f3n de Mar\u00eda\". Dos semanas m\u00e1s tarde, obedeci\u00f3 y los fieles comenzaron a acudir en masa. Cinco a\u00f1os m\u00e1s tarde, la Cofrad\u00eda del Inmaculado Coraz\u00f3n de Mar\u00eda que hab\u00eda fundado contaba con dos millones de miembros, y Notre-Dame des Victoires se hab\u00eda convertido en la parroquia m\u00e1s concurrida de Par\u00eds.<\/p>\t\t\t\t\t\t\t\t<\/div>\n\t\t\t\t<\/div>\n\t\t\t\t\t<\/div>\n\t\t<\/div>\n\t\t\t\t\t<\/div>\n\t\t<\/section>\n\t\t\t\t<section class=\"elementor-section elementor-top-section elementor-element elementor-element-c95dddd elementor-section-boxed elementor-section-height-default elementor-section-height-default\" data-id=\"c95dddd\" data-element_type=\"section\" data-e-type=\"section\" data-settings=\"{&quot;background_background&quot;:&quot;classic&quot;}\">\n\t\t\t\t\t\t<div class=\"elementor-container elementor-column-gap-default\">\n\t\t\t\t\t<div class=\"elementor-column elementor-col-50 elementor-top-column elementor-element elementor-element-8689486\" data-id=\"8689486\" data-element_type=\"column\" data-e-type=\"column\">\n\t\t\t<div class=\"elementor-widget-wrap elementor-element-populated\">\n\t\t\t\t\t\t<div class=\"elementor-element elementor-element-c53c872 elementor-widget elementor-widget-text-editor\" data-id=\"c53c872\" data-element_type=\"widget\" data-e-type=\"widget\" data-widget_type=\"text-editor.default\">\n\t\t\t\t<div class=\"elementor-widget-container\">\n\t\t\t\t\t\t\t\t\t<p>Despu\u00e9s de la Rue du Bac, la Virgen intensific\u00f3 su acci\u00f3n directa de forma espectacular. Volvi\u00f3 a La Salette (1846), Lourdes (1858), Pontmain (1871) y Pellevoisin (1876). En Lourdes, fue el dogma de <b>la Inmaculada Concepci\u00f3n.<\/b>&nbsp;Notre Dame demandera \u00e9galement de fa\u00e7on incessante de prier pour les p\u00e9cheurs&nbsp; car comme le disait Sainte Th\u00e9r\u00e8se d&#8217;Avila,&nbsp; &#8220;les \u00e2mes&nbsp;<b>vete al infierno<\/b>&nbsp;comme les feuilles des arbres tombent en automne&#8221;. Ces deux th\u00e8mes sont au c\u0153ur de Fatima qui viendra couronner ce cycle unique d\u2019apparitions mariales.<\/p>\n<p><\/p>\n<p>Al mismo tiempo, la devoci\u00f3n al Sagrado Coraz\u00f3n segu\u00eda creciendo. Se celebraba en todas partes y se le dedicaban muchas iglesias. Las vidrieras y las estatuas en honor del Sagrado Coraz\u00f3n surgieron por todas partes en Francia y en todo el mundo. Francia estableci\u00f3 en su capital la iglesia m\u00e1s grande del mundo dedicada al Sagrado Coraz\u00f3n. Finalmente, el Papa Le\u00f3n XIII consagr\u00f3 la humanidad al Sagrado Coraz\u00f3n en 1899.<\/p>\t\t\t\t\t\t\t\t<\/div>\n\t\t\t\t<\/div>\n\t\t\t\t\t<\/div>\n\t\t<\/div>\n\t\t\t\t<div class=\"elementor-column elementor-col-50 elementor-top-column elementor-element elementor-element-d7d71f3 elementor-hidden-mobile\" data-id=\"d7d71f3\" data-element_type=\"column\" data-e-type=\"column\">\n\t\t\t<div class=\"elementor-widget-wrap elementor-element-populated\">\n\t\t\t\t\t\t<div class=\"elementor-element elementor-element-933f430 elementor-widget elementor-widget-image\" data-id=\"933f430\" data-element_type=\"widget\" data-e-type=\"widget\" data-widget_type=\"image.default\">\n\t\t\t\t<div class=\"elementor-widget-container\">\n\t\t\t\t\t\t\t\t\t\t\t\t\t\t\t<img loading=\"lazy\" decoding=\"async\" width=\"539\" height=\"989\" src=\"https:\/\/salve-corda.org\/wp-content\/uploads\/2021\/07\/Sans-titre-4.png\" class=\"attachment-large size-large wp-image-633\" alt=\"\" srcset=\"https:\/\/salve-corda.org\/wp-content\/uploads\/2021\/07\/Sans-titre-4.png 539w, https:\/\/salve-corda.org\/wp-content\/uploads\/2021\/07\/Sans-titre-4-163x300.png 163w\" sizes=\"(max-width: 539px) 100vw, 539px\" \/>\t\t\t\t\t\t\t\t\t\t\t\t\t\t\t<\/div>\n\t\t\t\t<\/div>\n\t\t\t\t\t<\/div>\n\t\t<\/div>\n\t\t\t\t\t<\/div>\n\t\t<\/section>\n\t\t\t\t<section class=\"elementor-section elementor-top-section elementor-element elementor-element-362ac3b elementor-section-boxed elementor-section-height-default elementor-section-height-default\" data-id=\"362ac3b\" data-element_type=\"section\" data-e-type=\"section\">\n\t\t\t\t\t\t<div class=\"elementor-container elementor-column-gap-default\">\n\t\t\t\t\t<div class=\"elementor-column elementor-col-100 elementor-top-column elementor-element elementor-element-2b4f2c7\" data-id=\"2b4f2c7\" data-element_type=\"column\" data-e-type=\"column\">\n\t\t\t<div class=\"elementor-widget-wrap elementor-element-populated\">\n\t\t\t\t\t\t<div class=\"elementor-element elementor-element-4d19806 elementor-widget elementor-widget-heading\" data-id=\"4d19806\" data-element_type=\"widget\" data-e-type=\"widget\" data-widget_type=\"heading.default\">\n\t\t\t\t<div class=\"elementor-widget-container\">\n\t\t\t\t\t<h3 class=\"elementor-heading-title elementor-size-default\">Etapa 3 - F\u00e1tima: Devoci\u00f3n al Inmaculado Coraz\u00f3n de Mar\u00eda <br><\/h3>\t\t\t\t<\/div>\n\t\t\t\t<\/div>\n\t\t\t\t\t<\/div>\n\t\t<\/div>\n\t\t\t\t\t<\/div>\n\t\t<\/section>\n\t\t\t\t<section class=\"elementor-section elementor-top-section elementor-element elementor-element-5bacadb elementor-section-boxed elementor-section-height-default elementor-section-height-default\" data-id=\"5bacadb\" data-element_type=\"section\" data-e-type=\"section\">\n\t\t\t\t\t\t<div class=\"elementor-container elementor-column-gap-default\">\n\t\t\t\t\t<div class=\"elementor-column elementor-col-50 elementor-top-column elementor-element elementor-element-1f81626\" data-id=\"1f81626\" data-element_type=\"column\" data-e-type=\"column\">\n\t\t\t<div class=\"elementor-widget-wrap elementor-element-populated\">\n\t\t\t\t\t\t<div class=\"elementor-element elementor-element-3158d86 elementor-widget elementor-widget-image\" data-id=\"3158d86\" data-element_type=\"widget\" data-e-type=\"widget\" data-widget_type=\"image.default\">\n\t\t\t\t<div class=\"elementor-widget-container\">\n\t\t\t\t\t\t\t\t\t\t\t\t\t\t\t<img loading=\"lazy\" decoding=\"async\" width=\"489\" height=\"681\" src=\"https:\/\/salve-corda.org\/wp-content\/uploads\/2021\/07\/Sans-titre-5.png\" class=\"attachment-large size-large wp-image-655\" alt=\"\" srcset=\"https:\/\/salve-corda.org\/wp-content\/uploads\/2021\/07\/Sans-titre-5.png 489w, https:\/\/salve-corda.org\/wp-content\/uploads\/2021\/07\/Sans-titre-5-215x300.png 215w\" sizes=\"(max-width: 489px) 100vw, 489px\" \/>\t\t\t\t\t\t\t\t\t\t\t\t\t\t\t<\/div>\n\t\t\t\t<\/div>\n\t\t\t\t\t<\/div>\n\t\t<\/div>\n\t\t\t\t<div class=\"elementor-column elementor-col-50 elementor-top-column elementor-element elementor-element-e47a814\" data-id=\"e47a814\" data-element_type=\"column\" data-e-type=\"column\">\n\t\t\t<div class=\"elementor-widget-wrap elementor-element-populated\">\n\t\t\t\t\t\t<div class=\"elementor-element elementor-element-e54ae63 elementor-widget elementor-widget-text-editor\" data-id=\"e54ae63\" data-element_type=\"widget\" data-e-type=\"widget\" data-widget_type=\"text-editor.default\">\n\t\t\t\t<div class=\"elementor-widget-container\">\n\t\t\t\t\t\t\t\t\t<p>En 1917, la situaci\u00f3n en el mundo era espantosa. La Primera Guerra Mundial hac\u00eda estragos y la revoluci\u00f3n bolchevique se cern\u00eda sobre Rusia.  La Virgen se apareci\u00f3 seis veces el d\u00eda 13 de cada mes, de mayo a octubre, en F\u00e1tima (Portugal), a tres j\u00f3venes pastores, Luc\u00eda, Jacinta y Francisco. Ella les anunci\u00f3:<\/p>\n<p><\/p>\n<p><span style=\"color: #6288c6;\"><i>\"Dios quiere establecer en el mundo la devoci\u00f3n a mi Coraz\u00f3n Inmaculado.<\/i><\/span><\/p>\n<p><span style=\"color: #6288c6;\">&nbsp;<\/span><\/p>\n<p><\/p>\n<p>El Cardenal Cerejeira, antiguo Obispo de F\u00e1tima, lo explicar\u00e1:<\/p>\n<p><span style=\"color: #6288c6;\"><i>\"En cierto modo, F\u00e1tima es la continuaci\u00f3n, o m\u00e1s bien la conclusi\u00f3n, de Paray-le-Monial.<\/i> <i>F\u00e1tima re\u00fane estos dos corazones que Dios<\/i><i>&#8211;<\/i><i>unidos en la obra divina de la redenci\u00f3n. <\/i><\/span><\/p>\n<p><span style=\"color: #6288c6;\"><i>&nbsp;<\/i><\/span><\/p>\n<p><span style=\"color: #6288c6;\"><i>&nbsp;<\/i><\/span><span style=\"color: var( --e-global-color-text ); font-family: var( --e-global-typography-18e5089-font-family ), Sans-serif; font-size: var( --e-global-typography-18e5089-font-size ); font-weight: var( --e-global-typography-18e5089-font-weight ); letter-spacing: var( --e-global-typography-18e5089-letter-spacing ); word-spacing: var( --e-global-typography-18e5089-word-spacing );\">Como el Sagrado Coraz\u00f3n, y de forma sorprendentemente sim\u00e9trica, la Sant\u00edsima Virgen describir\u00e1 a su vez los siete actos y oraciones que espera de nosotros, y les adjuntar\u00e1 magn\u00edficas promesas, entre ellas la paz en el mundo. En particular, nos pedir\u00e1<\/span><span style=\"color: var( --e-global-color-text ); font-family: var( --e-global-typography-18e5089-font-family ), Sans-serif; font-size: var( --e-global-typography-18e5089-font-size ); font-weight: var( --e-global-typography-18e5089-font-weight ); letter-spacing: var( --e-global-typography-18e5089-letter-spacing ); word-spacing: var( --e-global-typography-18e5089-word-spacing );\">&nbsp;<\/span><span style=\"color: var( --e-global-color-text ); font-family: var( --e-global-typography-18e5089-font-family ), Sans-serif; font-size: var( --e-global-typography-18e5089-font-size ); letter-spacing: var( --e-global-typography-18e5089-letter-spacing ); word-spacing: var( --e-global-typography-18e5089-word-spacing ); font-weight: bold;\">a los fieles y al Papa<\/span><span style=\"color: var( --e-global-color-text ); font-family: var( --e-global-typography-18e5089-font-family ), Sans-serif; font-size: var( --e-global-typography-18e5089-font-size ); font-weight: var( --e-global-typography-18e5089-font-weight ); letter-spacing: var( --e-global-typography-18e5089-letter-spacing ); word-spacing: var( --e-global-typography-18e5089-word-spacing );\">&nbsp;<\/span><span style=\"color: var( --e-global-color-text ); font-family: var( --e-global-typography-18e5089-font-family ), Sans-serif; font-size: var( --e-global-typography-18e5089-font-size ); letter-spacing: var( --e-global-typography-18e5089-letter-spacing ); word-spacing: var( --e-global-typography-18e5089-word-spacing ); font-weight: bold;\">Comuni\u00f3n reparadora de los primeros s\u00e1bados<\/span><span style=\"color: var( --e-global-color-text ); font-family: var( --e-global-typography-18e5089-font-family ), Sans-serif; font-size: var( --e-global-typography-18e5089-font-size ); font-weight: var( --e-global-typography-18e5089-font-weight ); letter-spacing: var( --e-global-typography-18e5089-letter-spacing ); word-spacing: var( --e-global-typography-18e5089-word-spacing );\">&nbsp;<\/span><span style=\"color: var( --e-global-color-text ); font-family: var( --e-global-typography-18e5089-font-family ), Sans-serif; font-size: var( --e-global-typography-18e5089-font-size ); letter-spacing: var( --e-global-typography-18e5089-letter-spacing ); word-spacing: var( --e-global-typography-18e5089-word-spacing ); font-weight: bold;\">del mes<\/span><span style=\"color: var( --e-global-color-text ); font-family: var( --e-global-typography-18e5089-font-family ), Sans-serif; font-size: var( --e-global-typography-18e5089-font-size ); font-weight: var( --e-global-typography-18e5089-font-weight ); letter-spacing: var( --e-global-typography-18e5089-letter-spacing ); word-spacing: var( --e-global-typography-18e5089-word-spacing );\">&nbsp;asociada a la consagraci\u00f3n de Rusia a su Inmaculado Coraz\u00f3n.<\/span><\/p>\t\t\t\t\t\t\t\t<\/div>\n\t\t\t\t<\/div>\n\t\t\t\t\t<\/div>\n\t\t<\/div>\n\t\t\t\t\t<\/div>\n\t\t<\/section>\n\t\t\t\t<\/div>","protected":false},"excerpt":{"rendered":"<p>Una maravillosa historia de la devoci\u00f3n a los Sagrados Corazones de Jes\u00fas y de Mar\u00eda El Evangelio y la Iglesia primitiva La veneraci\u00f3n de los Corazones de Jes\u00fas y de Mar\u00eda tiene su fuente misma en el Evangelio [...].<\/p>","protected":false},"author":1,"featured_media":0,"parent":0,"menu_order":0,"comment_status":"closed","ping_status":"closed","template":"elementor_header_footer","meta":{"footnotes":""},"class_list":["post-571","page","type-page","status-publish","hentry"],"_links":{"self":[{"href":"https:\/\/salve-corda.org\/es\/wp-json\/wp\/v2\/pages\/571","targetHints":{"allow":["GET"]}}],"collection":[{"href":"https:\/\/salve-corda.org\/es\/wp-json\/wp\/v2\/pages"}],"about":[{"href":"https:\/\/salve-corda.org\/es\/wp-json\/wp\/v2\/types\/page"}],"author":[{"embeddable":true,"href":"https:\/\/salve-corda.org\/es\/wp-json\/wp\/v2\/users\/1"}],"replies":[{"embeddable":true,"href":"https:\/\/salve-corda.org\/es\/wp-json\/wp\/v2\/comments?post=571"}],"version-history":[{"count":147,"href":"https:\/\/salve-corda.org\/es\/wp-json\/wp\/v2\/pages\/571\/revisions"}],"predecessor-version":[{"id":18100,"href":"https:\/\/salve-corda.org\/es\/wp-json\/wp\/v2\/pages\/571\/revisions\/18100"}],"wp:attachment":[{"href":"https:\/\/salve-corda.org\/es\/wp-json\/wp\/v2\/media?parent=571"}],"curies":[{"name":"wp","href":"https:\/\/api.w.org\/{rel}","templated":true}]}}