{"id":573,"date":"2021-07-12T12:44:13","date_gmt":"2021-07-12T10:44:13","guid":{"rendered":"https:\/\/salve-corda.org\/?page_id=573"},"modified":"2025-02-04T12:18:36","modified_gmt":"2025-02-04T11:18:36","slug":"importance-capitale","status":"publish","type":"page","link":"https:\/\/salve-corda.org\/es\/importance-capitale\/","title":{"rendered":"Importancia de este m\u00e9todo en la crisis actual"},"content":{"rendered":"<div data-elementor-type=\"wp-page\" data-elementor-id=\"573\" class=\"elementor elementor-573\">\n\t\t\t\t\t\t<section class=\"elementor-section elementor-top-section elementor-element elementor-element-874819a elementor-section-boxed elementor-section-height-default elementor-section-height-default\" data-id=\"874819a\" data-element_type=\"section\" data-e-type=\"section\">\n\t\t\t\t\t\t<div class=\"elementor-container elementor-column-gap-default\">\n\t\t\t\t\t<div class=\"elementor-column elementor-col-100 elementor-top-column elementor-element elementor-element-ce57ea6\" data-id=\"ce57ea6\" data-element_type=\"column\" data-e-type=\"column\">\n\t\t\t<div class=\"elementor-widget-wrap elementor-element-populated\">\n\t\t\t\t\t\t<div class=\"elementor-element elementor-element-d3edb40 elementor-widget elementor-widget-spacer\" data-id=\"d3edb40\" data-element_type=\"widget\" data-e-type=\"widget\" data-widget_type=\"spacer.default\">\n\t\t\t\t<div class=\"elementor-widget-container\">\n\t\t\t\t\t\t\t<div class=\"elementor-spacer\">\n\t\t\t<div class=\"elementor-spacer-inner\"><\/div>\n\t\t<\/div>\n\t\t\t\t\t\t<\/div>\n\t\t\t\t<\/div>\n\t\t\t\t<div class=\"elementor-element elementor-element-c75c0d1 elementor-widget elementor-widget-heading\" data-id=\"c75c0d1\" data-element_type=\"widget\" data-e-type=\"widget\" data-widget_type=\"heading.default\">\n\t\t\t\t<div class=\"elementor-widget-container\">\n\t\t\t\t\t<h2 class=\"elementor-heading-title elementor-size-default\">La importancia vital de los primeros s\u00e1bados de F\u00e1tima para nuestro tiempo\n<\/h2>\t\t\t\t<\/div>\n\t\t\t\t<\/div>\n\t\t\t\t<div class=\"elementor-element elementor-element-e2e0646 elementor-widget elementor-widget-image\" data-id=\"e2e0646\" data-element_type=\"widget\" data-e-type=\"widget\" data-widget_type=\"image.default\">\n\t\t\t\t<div class=\"elementor-widget-container\">\n\t\t\t\t\t\t\t\t\t\t\t\t\t\t\t<img fetchpriority=\"high\" decoding=\"async\" width=\"640\" height=\"272\" src=\"https:\/\/salve-corda.org\/wp-content\/uploads\/2023\/09\/image-2.png\" class=\"attachment-large size-large wp-image-6135\" alt=\"\" srcset=\"https:\/\/salve-corda.org\/wp-content\/uploads\/2023\/09\/image-2.png 981w, https:\/\/salve-corda.org\/wp-content\/uploads\/2023\/09\/image-2-300x128.png 300w, https:\/\/salve-corda.org\/wp-content\/uploads\/2023\/09\/image-2-768x326.png 768w\" sizes=\"(max-width: 640px) 100vw, 640px\" \/>\t\t\t\t\t\t\t\t\t\t\t\t\t\t\t<\/div>\n\t\t\t\t<\/div>\n\t\t\t\t<div class=\"elementor-element elementor-element-7d45052 elementor-widget elementor-widget-text-editor\" data-id=\"7d45052\" data-element_type=\"widget\" data-e-type=\"widget\" data-widget_type=\"text-editor.default\">\n\t\t\t\t<div class=\"elementor-widget-container\">\n\t\t\t\t\t\t\t\t\t<p>\u00a0<\/p><p>\u00a0<\/p><p>L<span style=\"color: var( --e-global-color-text ); font-family: var( --e-global-typography-18e5089-font-family ), Sans-serif; font-size: var( --e-global-typography-18e5089-font-size ); font-weight: var( --e-global-typography-18e5089-font-weight ); letter-spacing: var( --e-global-typography-18e5089-letter-spacing ); word-spacing: var( --e-global-typography-18e5089-word-spacing );\">a devoci\u00f3n al Coraz\u00f3n Inmaculado de Mar\u00eda, asociada a la del Sagrado Coraz\u00f3n, nos fue tra\u00edda por Dios como EL CAMINO para hacer frente a los males de los tiempos modernos y para acercarnos a Dios.\u00a0<\/span><b style=\"color: var( --e-global-color-text ); font-family: var( --e-global-typography-18e5089-font-family ), Sans-serif; font-size: var( --e-global-typography-18e5089-font-size ); letter-spacing: var( --e-global-typography-18e5089-letter-spacing ); word-spacing: var( --e-global-typography-18e5089-word-spacing );\">ponerle fin<\/b><span style=\"color: var( --e-global-color-text ); font-family: var( --e-global-typography-18e5089-font-family ), Sans-serif; font-size: var( --e-global-typography-18e5089-font-size ); font-weight: var( --e-global-typography-18e5089-font-weight ); letter-spacing: var( --e-global-typography-18e5089-letter-spacing ); word-spacing: var( --e-global-typography-18e5089-word-spacing );\">. Sor Luc\u00eda explic\u00f3 el 20 de junio de 1939:<\/span><\/p><p>\u00a0<\/p><p><span style=\"color: #0000ff;\"><em>\"Nuestra Se\u00f1ora ha prometido retardar el azote de la guerra si se difunde y practica esta devoci\u00f3n. Vemos que Ella obtendr\u00e1 la remisi\u00f3n de este castigo en proporci\u00f3n a los esfuerzos que se hagan para propagar esta devoci\u00f3n, pero temo que no ser\u00e1 posible hacer m\u00e1s de lo que estamos haciendo actualmente y que Dios, disgustado, retirar\u00e1 el brazo de Su Misericordia y dejar\u00e1 que el mundo sea asolado por este castigo que ser\u00e1 diferente de cualquier otro del pasado. \"<\/em><\/span><\/p>\t\t\t\t\t\t\t\t<\/div>\n\t\t\t\t<\/div>\n\t\t\t\t<div class=\"elementor-element elementor-element-babd128 elementor-widget elementor-widget-heading\" data-id=\"babd128\" data-element_type=\"widget\" data-e-type=\"widget\" data-widget_type=\"heading.default\">\n\t\t\t\t<div class=\"elementor-widget-container\">\n\t\t\t\t\t<h3 class=\"elementor-heading-title elementor-size-default\">UNA SITUACI\u00d3N GLOBAL PREOCUPANTE<\/h3>\t\t\t\t<\/div>\n\t\t\t\t<\/div>\n\t\t\t\t<div class=\"elementor-element elementor-element-becc2df elementor-widget elementor-widget-text-editor\" data-id=\"becc2df\" data-element_type=\"widget\" data-e-type=\"widget\" data-widget_type=\"text-editor.default\">\n\t\t\t\t<div class=\"elementor-widget-container\">\n\t\t\t\t\t\t\t\t\t<p><\/p>\n<p>Nous percevons tous une aggravation de la situation. Le sentiment d\u2019imminence d\u2019un effondrement g\u00e9n\u00e9ral se fait sentir dans de multiples domaines, sant\u00e9, s\u00e9curit\u00e9, \u00e9conomie, etc. Mais surtout le risque de guerre se fait sentir de plus en plus. Il est urgent d&#8217;agir pour la paix avec les moyens spirituels qui nous ont \u00e9t\u00e9 donn\u00e9s.<\/p>\n<p><span style=\"color: var( --e-global-color-text ); font-family: var( --e-global-typography-18e5089-font-family ), Sans-serif; font-size: var( --e-global-typography-18e5089-font-size ); font-weight: var( --e-global-typography-18e5089-font-weight );\">&nbsp;<\/span><\/p>\t\t\t\t\t\t\t\t<\/div>\n\t\t\t\t<\/div>\n\t\t\t\t\t<\/div>\n\t\t<\/div>\n\t\t\t\t\t<\/div>\n\t\t<\/section>\n\t\t\t\t<section class=\"elementor-section elementor-top-section elementor-element elementor-element-430ffeb elementor-section-boxed elementor-section-height-default elementor-section-height-default\" data-id=\"430ffeb\" data-element_type=\"section\" data-e-type=\"section\" data-settings=\"{&quot;background_background&quot;:&quot;classic&quot;}\">\n\t\t\t\t\t\t<div class=\"elementor-container elementor-column-gap-default\">\n\t\t\t\t\t<div class=\"elementor-column elementor-col-100 elementor-top-column elementor-element elementor-element-bc7f7f4\" data-id=\"bc7f7f4\" data-element_type=\"column\" data-e-type=\"column\">\n\t\t\t<div class=\"elementor-widget-wrap elementor-element-populated\">\n\t\t\t\t\t\t<div class=\"elementor-element elementor-element-158fcdd elementor-widget elementor-widget-heading\" data-id=\"158fcdd\" data-element_type=\"widget\" data-e-type=\"widget\" data-widget_type=\"heading.default\">\n\t\t\t\t<div class=\"elementor-widget-container\">\n\t\t\t\t\t<h3 class=\"elementor-heading-title elementor-size-default\">S\u00f3lo los medios queridos por Dios MISMO pueden salvar al mundo.<\/h3>\t\t\t\t<\/div>\n\t\t\t\t<\/div>\n\t\t\t\t<div class=\"elementor-element elementor-element-20cb851 elementor-widget elementor-widget-text-editor\" data-id=\"20cb851\" data-element_type=\"widget\" data-e-type=\"widget\" data-widget_type=\"text-editor.default\">\n\t\t\t\t<div class=\"elementor-widget-container\">\n\t\t\t\t\t\t\t\t\t<p>El 26 de diciembre de 1957, Sor Luc\u00eda explic\u00f3 por qu\u00e9 las peticiones de Nuestra Se\u00f1ora en F\u00e1tima eran<b>\u00a0los medios fundamentales<\/b>\u00a0para salvar el mundo y cu\u00e1n pesada es la responsabilidad de todos los que, <b>a sabiendas<\/b>Sin embargo, el Gobierno franc\u00e9s se niega a aceptar este planteamiento:<\/p>\t\t\t\t\t\t\t\t<\/div>\n\t\t\t\t<\/div>\n\t\t\t\t<div class=\"elementor-element elementor-element-8283a96 elementor-widget elementor-widget-text-editor\" data-id=\"8283a96\" data-element_type=\"widget\" data-e-type=\"widget\" data-widget_type=\"text-editor.default\">\n\t\t\t\t<div class=\"elementor-widget-container\">\n\t\t\t\t\t\t\t\t\t<p><span style=\"color: #6288c6;\"><i>\"Ella (la Sant\u00edsima Virgen, nota del editor) nos dijo a m\u00ed y a mis primos que Dios dio a los ni\u00f1os el derecho a nacer. <\/i><b><i>dos \u00faltimos remedios <\/i><\/b><i>en el mundo<\/i> <i>el Santo Rosario y la devoci\u00f3n al Inmaculado Coraz\u00f3n de Mar\u00eda, siendo \u00e9stas las dos remediaciones m\u00e1s recientes<\/i><i>es<\/i><i> esto significa <\/i><b><i>que no habr\u00e1 otra.<\/i><\/b><\/span><\/p><p><span style=\"color: #6288c6;\"><i>\"Siempre en los planes de la providencia, cuando Dios va a castigar al mundo, agota primero todos los dem\u00e1s remedios. Ahora, como ha visto que el <\/i><i>M<\/i><i>As\u00ed que, como dir\u00edamos en nuestra imperfecta forma de hablar, nos ofrece con cierto temor la <\/i><b><i>el \u00faltimo medio de salvaci\u00f3n<\/i><\/b><i>a su Sant\u00edsima Madre. Porque si despreciamos y rechazamos este \u00faltimo medio , <b>YA NO TENDREMOS EL PERD\u00d3N DEL CIELO PORQUE HABREMOS COMETIDO UN PECADO CONTRA EL ESP\u00cdRITU SANTO, QUE CONSISTE EN RECHAZAR ABIERTA Y VOLUNTARIAMENTE LA SALVACI\u00d3N QUE SE NOS OFRECE\".<\/b><\/i><\/span><\/p><p><em style=\"font-family: var( --e-global-typography-18e5089-font-family ), Sans-serif; font-size: var( --e-global-typography-18e5089-font-size ); letter-spacing: var( --e-global-typography-18e5089-letter-spacing ); color: #556bab; background-color: var( --e-global-color-f890547 );\"><span style=\"text-align: left; font-family: var( --e-global-typography-18e5089-font-family ), Sans-serif; font-size: var( --e-global-typography-18e5089-font-size ); letter-spacing: var( --e-global-typography-18e5089-letter-spacing ); background-color: var( --e-global-color-f890547 );\"><b>\u00a0<\/b><\/span><\/em><\/p><p style=\"background-color: rgba(2, 1, 1, 0.04);\"><span style=\"color: #808080;\">El 13 de mayo de 2010, Benedicto XVI record\u00f3:<\/span><\/p><p style=\"background-color: rgba(2, 1, 1, 0.04);\"><span style=\"color: #6288c6;\"><i>\"<\/i><i>\u00a0Quien piense que la misi\u00f3n prof\u00e9tica de F\u00e1tima ha concluido, se equivoca...<\/i><\/span><span style=\"color: #6288c6; text-align: left; font-family: var( --e-global-typography-18e5089-font-family ), Sans-serif; font-size: var( --e-global-typography-18e5089-font-size ); font-weight: var( --e-global-typography-18e5089-font-weight ); letter-spacing: var( --e-global-typography-18e5089-letter-spacing ); background-color: var( --e-global-color-f890547 );\">\".<\/span><\/p>\t\t\t\t\t\t\t\t<\/div>\n\t\t\t\t<\/div>\n\t\t\t\t\t<\/div>\n\t\t<\/div>\n\t\t\t\t\t<\/div>\n\t\t<\/section>\n\t\t\t\t<section class=\"elementor-section elementor-top-section elementor-element elementor-element-3fcc025 elementor-section-boxed elementor-section-height-default elementor-section-height-default\" data-id=\"3fcc025\" data-element_type=\"section\" data-e-type=\"section\" data-settings=\"{&quot;background_background&quot;:&quot;classic&quot;}\">\n\t\t\t\t\t\t<div class=\"elementor-container elementor-column-gap-default\">\n\t\t\t\t\t<div class=\"elementor-column elementor-col-100 elementor-top-column elementor-element elementor-element-d423d2c\" data-id=\"d423d2c\" data-element_type=\"column\" data-e-type=\"column\">\n\t\t\t<div class=\"elementor-widget-wrap elementor-element-populated\">\n\t\t\t\t\t\t<div class=\"elementor-element elementor-element-bd9fc49 elementor-widget elementor-widget-heading\" data-id=\"bd9fc49\" data-element_type=\"widget\" data-e-type=\"widget\" data-widget_type=\"heading.default\">\n\t\t\t\t<div class=\"elementor-widget-container\">\n\t\t\t\t\t<h3 class=\"elementor-heading-title elementor-size-default\">Prueba de la eficacia de esta devoci\u00f3n querida por Dios\n<\/h3>\t\t\t\t<\/div>\n\t\t\t\t<\/div>\n\t\t\t\t<div class=\"elementor-element elementor-element-cd9bfc2 elementor-widget elementor-widget-text-editor\" data-id=\"cd9bfc2\" data-element_type=\"widget\" data-e-type=\"widget\" data-widget_type=\"text-editor.default\">\n\t\t\t\t<div class=\"elementor-widget-container\">\n\t\t\t\t\t\t\t\t\t<p>Numerosos ejemplos de milagros obtenidos por el Coraz\u00f3n Inmaculado de Mar\u00eda demuestran que este modo de actuar es excepcionalmente poderoso.<\/p><p>\u00a0<\/p><p>- En Hiroshima, una peque\u00f1a congregaci\u00f3n religiosa dedicada a la Sant\u00edsima Virgen y que hab\u00eda construido una capilla dedicada a F\u00e1tima se encontraba a 800 m de la bomba cuando \u00e9sta explot\u00f3. Mientras que todos los dem\u00e1s a esa distancia murieron en el acto o a causa de la radiaci\u00f3n, los miembros de esta congregaci\u00f3n resultaron ilesos y vivieron hasta los 85 a\u00f1os sin problemas de salud.<\/p>\t\t\t\t\t\t\t\t<\/div>\n\t\t\t\t<\/div>\n\t\t\t\t<div class=\"elementor-element elementor-element-8fabc09 elementor-align-center elementor-widget elementor-widget-button\" data-id=\"8fabc09\" data-element_type=\"widget\" data-e-type=\"widget\" data-widget_type=\"button.default\">\n\t\t\t\t<div class=\"elementor-widget-container\">\n\t\t\t\t\t\t\t\t\t<div class=\"elementor-button-wrapper\">\n\t\t\t\t\t<a class=\"elementor-button elementor-button-link elementor-size-sm\" href=\"https:\/\/www.youtube.com\/watch?v=141Q8oJAEyY\">\n\t\t\t\t\t\t<span class=\"elementor-button-content-wrapper\">\n\t\t\t\t\t\t\t\t\t<span class=\"elementor-button-text\">Ver el v\u00eddeo<\/span>\n\t\t\t\t\t<\/span>\n\t\t\t\t\t<\/a>\n\t\t\t\t<\/div>\n\t\t\t\t\t\t\t\t<\/div>\n\t\t\t\t<\/div>\n\t\t\t\t<div class=\"elementor-element elementor-element-cae9f8a elementor-widget elementor-widget-text-editor\" data-id=\"cae9f8a\" data-element_type=\"widget\" data-e-type=\"widget\" data-widget_type=\"text-editor.default\">\n\t\t\t\t<div class=\"elementor-widget-container\">\n\t\t\t\t\t\t\t\t\t<p>- En el momento del desembarco, 3 pueblos de Normand\u00eda situados en el coraz\u00f3n de la operaci\u00f3n se hab\u00edan consagrado unos d\u00edas antes al Inmaculado Coraz\u00f3n de Mar\u00eda. Ni un solo habitante de estos pueblos fue asesinado, ni hubo destrucci\u00f3n alguna, a pesar de que todo en los alrededores fue arrasado.<\/p>\n<p><br><\/p>\n<p><\/p>\n<p>- Antes de la II Guerra Mundial, Portugal fue consagrado al Inmaculado Coraz\u00f3n de Mar\u00eda por sus obispos. Este pa\u00eds se salv\u00f3 completamente del conflicto.<\/p>\t\t\t\t\t\t\t\t<\/div>\n\t\t\t\t<\/div>\n\t\t\t\t\t<\/div>\n\t\t<\/div>\n\t\t\t\t\t<\/div>\n\t\t<\/section>\n\t\t\t\t<section class=\"elementor-section elementor-top-section elementor-element elementor-element-0b4bba2 elementor-section-boxed elementor-section-height-default elementor-section-height-default\" data-id=\"0b4bba2\" data-element_type=\"section\" data-e-type=\"section\" data-settings=\"{&quot;background_background&quot;:&quot;classic&quot;}\">\n\t\t\t\t\t\t<div class=\"elementor-container elementor-column-gap-default\">\n\t\t\t\t\t<div class=\"elementor-column elementor-col-33 elementor-top-column elementor-element elementor-element-677a0a1\" data-id=\"677a0a1\" data-element_type=\"column\" data-e-type=\"column\">\n\t\t\t<div class=\"elementor-widget-wrap\">\n\t\t\t\t\t\t\t<\/div>\n\t\t<\/div>\n\t\t\t\t<div class=\"elementor-column elementor-col-33 elementor-top-column elementor-element elementor-element-1bc7995\" data-id=\"1bc7995\" data-element_type=\"column\" data-e-type=\"column\">\n\t\t\t<div class=\"elementor-widget-wrap elementor-element-populated\">\n\t\t\t\t\t\t<div class=\"elementor-element elementor-element-523e66a elementor-widget elementor-widget-text-editor\" data-id=\"523e66a\" data-element_type=\"widget\" data-e-type=\"widget\" data-widget_type=\"text-editor.default\">\n\t\t\t\t<div class=\"elementor-widget-container\">\n\t\t\t\t\t\t\t\t\t<p><b>Por lo tanto, es urgente realizar obediente y humildemente lo siguiente el 1er s\u00e1bado del mes<\/b><\/p>\t\t\t\t\t\t\t\t<\/div>\n\t\t\t\t<\/div>\n\t\t\t\t\t<\/div>\n\t\t<\/div>\n\t\t\t\t<div class=\"elementor-column elementor-col-33 elementor-top-column elementor-element elementor-element-76a0acb\" data-id=\"76a0acb\" data-element_type=\"column\" data-e-type=\"column\">\n\t\t\t<div class=\"elementor-widget-wrap\">\n\t\t\t\t\t\t\t<\/div>\n\t\t<\/div>\n\t\t\t\t\t<\/div>\n\t\t<\/section>\n\t\t\t\t<\/div>","protected":false},"excerpt":{"rendered":"<p>L&#8217;importance capitale des 1ers samedis de Fatima pour notre epoque \u00a0 \u00a0 La d\u00e9votion au C\u0153ur Immacul\u00e9 de Marie, associ\u00e9e \u00e0 celle du Sacr\u00e9-C\u0153ur, a \u00e9t\u00e9 apport\u00e9e par Dieu comme LE MOYEN pour [&hellip;]<\/p>","protected":false},"author":1,"featured_media":0,"parent":0,"menu_order":0,"comment_status":"closed","ping_status":"closed","template":"elementor_header_footer","meta":{"footnotes":""},"class_list":["post-573","page","type-page","status-publish","hentry"],"_links":{"self":[{"href":"https:\/\/salve-corda.org\/es\/wp-json\/wp\/v2\/pages\/573","targetHints":{"allow":["GET"]}}],"collection":[{"href":"https:\/\/salve-corda.org\/es\/wp-json\/wp\/v2\/pages"}],"about":[{"href":"https:\/\/salve-corda.org\/es\/wp-json\/wp\/v2\/types\/page"}],"author":[{"embeddable":true,"href":"https:\/\/salve-corda.org\/es\/wp-json\/wp\/v2\/users\/1"}],"replies":[{"embeddable":true,"href":"https:\/\/salve-corda.org\/es\/wp-json\/wp\/v2\/comments?post=573"}],"version-history":[{"count":260,"href":"https:\/\/salve-corda.org\/es\/wp-json\/wp\/v2\/pages\/573\/revisions"}],"predecessor-version":[{"id":17317,"href":"https:\/\/salve-corda.org\/es\/wp-json\/wp\/v2\/pages\/573\/revisions\/17317"}],"wp:attachment":[{"href":"https:\/\/salve-corda.org\/es\/wp-json\/wp\/v2\/media?parent=573"}],"curies":[{"name":"wp","href":"https:\/\/api.w.org\/{rel}","templated":true}]}}