{"id":575,"date":"2021-07-12T12:44:24","date_gmt":"2021-07-12T10:44:24","guid":{"rendered":"https:\/\/salve-corda.org\/?page_id=575"},"modified":"2023-09-29T15:27:54","modified_gmt":"2023-09-29T13:27:54","slug":"but-devotion","status":"publish","type":"page","link":"https:\/\/salve-corda.org\/es\/but-devotion\/","title":{"rendered":"Objetivo de la devoci\u00f3n"},"content":{"rendered":"<div data-elementor-type=\"wp-page\" data-elementor-id=\"575\" class=\"elementor elementor-575\">\n\t\t\t\t\t\t<section class=\"elementor-section elementor-top-section elementor-element elementor-element-90d53f0 elementor-section-boxed elementor-section-height-default elementor-section-height-default\" data-id=\"90d53f0\" data-element_type=\"section\" data-e-type=\"section\">\n\t\t\t\t\t\t<div class=\"elementor-container elementor-column-gap-default\">\n\t\t\t\t\t<div class=\"elementor-column elementor-col-100 elementor-top-column elementor-element elementor-element-a17d83e\" data-id=\"a17d83e\" data-element_type=\"column\" data-e-type=\"column\">\n\t\t\t<div class=\"elementor-widget-wrap elementor-element-populated\">\n\t\t\t\t\t\t<div class=\"elementor-element elementor-element-c35b71e elementor-widget elementor-widget-spacer\" data-id=\"c35b71e\" data-element_type=\"widget\" data-e-type=\"widget\" data-widget_type=\"spacer.default\">\n\t\t\t\t<div class=\"elementor-widget-container\">\n\t\t\t\t\t\t\t<div class=\"elementor-spacer\">\n\t\t\t<div class=\"elementor-spacer-inner\"><\/div>\n\t\t<\/div>\n\t\t\t\t\t\t<\/div>\n\t\t\t\t<\/div>\n\t\t\t\t\t<\/div>\n\t\t<\/div>\n\t\t\t\t\t<\/div>\n\t\t<\/section>\n\t\t\t\t<section class=\"elementor-section elementor-top-section elementor-element elementor-element-ef2d457 elementor-section-boxed elementor-section-height-default elementor-section-height-default\" data-id=\"ef2d457\" data-element_type=\"section\" data-e-type=\"section\" data-settings=\"{&quot;background_background&quot;:&quot;classic&quot;}\">\n\t\t\t\t\t\t<div class=\"elementor-container elementor-column-gap-default\">\n\t\t\t\t\t<div class=\"elementor-column elementor-col-100 elementor-top-column elementor-element elementor-element-51032d4\" data-id=\"51032d4\" data-element_type=\"column\" data-e-type=\"column\">\n\t\t\t<div class=\"elementor-widget-wrap elementor-element-populated\">\n\t\t\t\t\t\t<div class=\"elementor-element elementor-element-d7f504d elementor-widget elementor-widget-heading\" data-id=\"d7f504d\" data-element_type=\"widget\" data-e-type=\"widget\" data-widget_type=\"heading.default\">\n\t\t\t\t<div class=\"elementor-widget-container\">\n\t\t\t\t\t<h2 class=\"elementor-heading-title elementor-size-default\">TRES fines de la devoci\u00f3n a los Corazones de Jes\u00fas y de Mar\u00eda\n<\/h2>\t\t\t\t<\/div>\n\t\t\t\t<\/div>\n\t\t\t\t\t<\/div>\n\t\t<\/div>\n\t\t\t\t\t<\/div>\n\t\t<\/section>\n\t\t\t\t<section class=\"elementor-section elementor-top-section elementor-element elementor-element-8a7a3ee elementor-section-boxed elementor-section-height-default elementor-section-height-default\" data-id=\"8a7a3ee\" data-element_type=\"section\" data-e-type=\"section\" data-settings=\"{&quot;background_background&quot;:&quot;classic&quot;}\">\n\t\t\t\t\t\t<div class=\"elementor-container elementor-column-gap-default\">\n\t\t\t\t\t<div class=\"elementor-column elementor-col-100 elementor-top-column elementor-element elementor-element-815e130\" data-id=\"815e130\" data-element_type=\"column\" data-e-type=\"column\">\n\t\t\t<div class=\"elementor-widget-wrap elementor-element-populated\">\n\t\t\t\t\t\t<div class=\"elementor-element elementor-element-514463e elementor-widget elementor-widget-text-editor\" data-id=\"514463e\" data-element_type=\"widget\" data-e-type=\"widget\" data-widget_type=\"text-editor.default\">\n\t\t\t\t<div class=\"elementor-widget-container\">\n\t\t\t\t\t\t\t\t\t<p>Les trois buts de cette d\u00e9votion aux Coeurs de J\u00e9sus et Marie sont parfaitement conformes \u00e0 l&#8217;enseignement de l&#8217;Eglise catholique et respectent l&#8217;ordre de la Charit\u00e9 :<\/p><p><b>Honrar a Dios<\/b> (1er mandamiento), <b>Ayudar a los dem\u00e1s<\/b> (2\u00ba mandamiento dado por Cristo), <b>Asegurar su salvaci\u00f3n<\/b> (prop\u00f3sito de la vida en la tierra)<\/p><p>\u00a0<\/p><p>\u00a0<\/p>\t\t\t\t\t\t\t\t<\/div>\n\t\t\t\t<\/div>\n\t\t\t\t<div class=\"elementor-element elementor-element-fb49a11 elementor-widget elementor-widget-heading\" data-id=\"fb49a11\" data-element_type=\"widget\" data-e-type=\"widget\" data-widget_type=\"heading.default\">\n\t\t\t\t<div class=\"elementor-widget-container\">\n\t\t\t\t\t<h3 class=\"elementor-heading-title elementor-size-default\">1 - Reparaci\u00f3n por las ofensas a Cristo y a la Sant\u00edsima Virgen Mar\u00eda<\/h3>\t\t\t\t<\/div>\n\t\t\t\t<\/div>\n\t\t\t\t\t<\/div>\n\t\t<\/div>\n\t\t\t\t\t<\/div>\n\t\t<\/section>\n\t\t\t\t<section class=\"elementor-section elementor-top-section elementor-element elementor-element-9a4f6ef elementor-section-boxed elementor-section-height-default elementor-section-height-default\" data-id=\"9a4f6ef\" data-element_type=\"section\" data-e-type=\"section\" data-settings=\"{&quot;background_background&quot;:&quot;classic&quot;}\">\n\t\t\t\t\t\t<div class=\"elementor-container elementor-column-gap-default\">\n\t\t\t\t\t<div class=\"elementor-column elementor-col-50 elementor-top-column elementor-element elementor-element-4fb8831\" data-id=\"4fb8831\" data-element_type=\"column\" data-e-type=\"column\">\n\t\t\t<div class=\"elementor-widget-wrap elementor-element-populated\">\n\t\t\t\t\t\t<div class=\"elementor-element elementor-element-a515e95 elementor-widget elementor-widget-image\" data-id=\"a515e95\" data-element_type=\"widget\" data-e-type=\"widget\" data-widget_type=\"image.default\">\n\t\t\t\t<div class=\"elementor-widget-container\">\n\t\t\t\t\t\t\t\t\t\t\t\t\t\t\t<img fetchpriority=\"high\" decoding=\"async\" width=\"518\" height=\"631\" src=\"https:\/\/salve-corda.org\/wp-content\/uploads\/2021\/07\/Sans-titre-10.png\" class=\"attachment-large size-large wp-image-742\" alt=\"\" srcset=\"https:\/\/salve-corda.org\/wp-content\/uploads\/2021\/07\/Sans-titre-10.png 518w, https:\/\/salve-corda.org\/wp-content\/uploads\/2021\/07\/Sans-titre-10-246x300.png 246w\" sizes=\"(max-width: 518px) 100vw, 518px\" \/>\t\t\t\t\t\t\t\t\t\t\t\t\t\t\t<\/div>\n\t\t\t\t<\/div>\n\t\t\t\t\t<\/div>\n\t\t<\/div>\n\t\t\t\t<div class=\"elementor-column elementor-col-50 elementor-top-column elementor-element elementor-element-8f52b2b\" data-id=\"8f52b2b\" data-element_type=\"column\" data-e-type=\"column\">\n\t\t\t<div class=\"elementor-widget-wrap elementor-element-populated\">\n\t\t\t\t\t\t<div class=\"elementor-element elementor-element-f4f217e elementor-widget elementor-widget-text-editor\" data-id=\"f4f217e\" data-element_type=\"widget\" data-e-type=\"widget\" data-widget_type=\"text-editor.default\">\n\t\t\t\t<div class=\"elementor-widget-container\">\n\t\t\t\t\t\t\t\t\t<p>Amar a alguien tambi\u00e9n significa querer reparar las ofensas cometidas contra \u00e9l. Esta dimensi\u00f3n es esencial.\u00a0<\/p><p>\u00a0<\/p><p>En Paray-le-Monial y en F\u00e1tima, Cristo y la Sant\u00edsima Virgen insistieron mucho en nuestro deber de reparar las ofensas cometidas contra ellos, y nos explicaron lo siguiente <u><b>c\u00f3mo hacerlo<\/b><\/u> a trav\u00e9s de la comuni\u00f3n reparadora de <i>primer viernes y s\u00e1bado de cada mes.<\/i>\u00a0<\/p><p>\u00a0<\/p><p>Despu\u00e9s de las primeras apariciones de F\u00e1tima, Cristo mismo explic\u00f3 a Sor Luc\u00eda los 5 tipos de ofensa contra la Sant\u00edsima Virgen que debemos reparar prioritariamente hoy:<\/p>\t\t\t\t\t\t\t\t<\/div>\n\t\t\t\t<\/div>\n\t\t\t\t\t<\/div>\n\t\t<\/div>\n\t\t\t\t\t<\/div>\n\t\t<\/section>\n\t\t\t\t<section class=\"elementor-section elementor-top-section elementor-element elementor-element-3d7aa5a elementor-section-boxed elementor-section-height-default elementor-section-height-default\" data-id=\"3d7aa5a\" data-element_type=\"section\" data-e-type=\"section\" data-settings=\"{&quot;background_background&quot;:&quot;classic&quot;}\">\n\t\t\t\t\t\t<div class=\"elementor-container elementor-column-gap-default\">\n\t\t\t\t\t<div class=\"elementor-column elementor-col-50 elementor-top-column elementor-element elementor-element-a30373c\" data-id=\"a30373c\" data-element_type=\"column\" data-e-type=\"column\">\n\t\t\t<div class=\"elementor-widget-wrap elementor-element-populated\">\n\t\t\t\t\t\t<div class=\"elementor-element elementor-element-ee9cc3e elementor-widget elementor-widget-text-editor\" data-id=\"ee9cc3e\" data-element_type=\"widget\" data-e-type=\"widget\" data-widget_type=\"text-editor.default\">\n\t\t\t\t<div class=\"elementor-widget-container\">\n\t\t\t\t\t\t\t\t\t<ul><li>Blasfemias contra la Inmaculada Concepci\u00f3n<\/li><li>Blasfemias contra su virginidad<\/li><li>Blasfemias contra su Maternidad divina<\/li><li>Las ofensas de quienes pretenden infundir en el coraz\u00f3n de los ni\u00f1os la indiferencia, el desprecio o el odio hacia esta Madre Inmaculada.<\/li><li>Las ofensas de quienes le insultan directamente en sus santas im\u00e1genes.<\/li><\/ul><p>\u00a0<\/p><p>Para reparar estas ofensas Dios requiere ahora un medio especial <strong>\u00a0:<\/strong> <b>Primer s\u00e1bado de cada mes.<\/b><\/p>\t\t\t\t\t\t\t\t<\/div>\n\t\t\t\t<\/div>\n\t\t\t\t\t<\/div>\n\t\t<\/div>\n\t\t\t\t<div class=\"elementor-column elementor-col-50 elementor-top-column elementor-element elementor-element-b82a7e4\" data-id=\"b82a7e4\" data-element_type=\"column\" data-e-type=\"column\">\n\t\t\t<div class=\"elementor-widget-wrap elementor-element-populated\">\n\t\t\t\t\t\t<div class=\"elementor-element elementor-element-99ad1b9 elementor-widget elementor-widget-image\" data-id=\"99ad1b9\" data-element_type=\"widget\" data-e-type=\"widget\" data-widget_type=\"image.default\">\n\t\t\t\t<div class=\"elementor-widget-container\">\n\t\t\t\t\t\t\t\t\t\t\t\t\t\t\t<img decoding=\"async\" width=\"640\" height=\"321\" src=\"https:\/\/salve-corda.org\/wp-content\/uploads\/2021\/07\/Sans-titre-11.png\" class=\"attachment-large size-large wp-image-743\" alt=\"\" srcset=\"https:\/\/salve-corda.org\/wp-content\/uploads\/2021\/07\/Sans-titre-11.png 856w, https:\/\/salve-corda.org\/wp-content\/uploads\/2021\/07\/Sans-titre-11-300x150.png 300w, https:\/\/salve-corda.org\/wp-content\/uploads\/2021\/07\/Sans-titre-11-768x385.png 768w\" sizes=\"(max-width: 640px) 100vw, 640px\" \/>\t\t\t\t\t\t\t\t\t\t\t\t\t\t\t<\/div>\n\t\t\t\t<\/div>\n\t\t\t\t\t<\/div>\n\t\t<\/div>\n\t\t\t\t\t<\/div>\n\t\t<\/section>\n\t\t\t\t<section class=\"elementor-section elementor-top-section elementor-element elementor-element-43d61b1 elementor-section-boxed elementor-section-height-default elementor-section-height-default\" data-id=\"43d61b1\" data-element_type=\"section\" data-e-type=\"section\">\n\t\t\t\t\t\t<div class=\"elementor-container elementor-column-gap-default\">\n\t\t\t\t\t<div class=\"elementor-column elementor-col-100 elementor-top-column elementor-element elementor-element-8bbc130\" data-id=\"8bbc130\" data-element_type=\"column\" data-e-type=\"column\">\n\t\t\t<div class=\"elementor-widget-wrap elementor-element-populated\">\n\t\t\t\t\t\t<div class=\"elementor-element elementor-element-448aaa8 elementor-widget elementor-widget-heading\" data-id=\"448aaa8\" data-element_type=\"widget\" data-e-type=\"widget\" data-widget_type=\"heading.default\">\n\t\t\t\t<div class=\"elementor-widget-container\">\n\t\t\t\t\t<h3 class=\"elementor-heading-title elementor-size-default\">2 - CARIDAD CON LOS PECADORES Y CON TODOS LOS HOMBRES<\/h3>\t\t\t\t<\/div>\n\t\t\t\t<\/div>\n\t\t\t\t<div class=\"elementor-element elementor-element-962cbbd elementor-widget elementor-widget-text-editor\" data-id=\"962cbbd\" data-element_type=\"widget\" data-e-type=\"widget\" data-widget_type=\"text-editor.default\">\n\t\t\t\t<div class=\"elementor-widget-container\">\n\t\t\t\t\t\t\t\t\t<p>La devoci\u00f3n al Coraz\u00f3n Inmaculado de Mar\u00eda se orienta entonces hacia la Caridad hacia los dem\u00e1s en dos niveles:\u00a0<\/p><p>\u00a0<\/p><p>1\/ <strong>Trabajar por la conversi\u00f3n del mundo<\/strong> <strong>y paz<\/strong>\u00a0\u00a0<\/p><p>2\/ S&#8217;occuper\u00a0 <b>la salvaci\u00f3n del alma de los pecadores<\/b> car, elle explique , que &#8220;beaucoup de p\u00e9cheurs n&#8217;ont personne qui prie pour eux.&#8221; et qu&#8217;ils vont en enfer.\u00a0<\/p><p>\u00a0<\/p><p>En particulier n&#8217;oublions pas que le deuxi\u00e8me commandement apport\u00e9 par le Christ dans l\u2019Evangile \u00ab tu aimeras ton prochain comme toi-m\u00eame \u00bb (Marc 12,31) \u00e9voque une charit\u00e9 <b><u>que no se limite a cuestiones materiales<\/u><\/b> sino que tambi\u00e9n incluye <u><b>caridad espiritual<\/b><\/u> tan importante.<\/p><p>\u00a0<\/p><p>\u00bfNo es el mayor servicio que se puede hacer a alguien, preocuparse por \u00e9l? <b>vida eterna<\/b> y ayudarle a llegar al Cielo, evit\u00e1ndole los sufrimientos del Infierno que nunca terminar\u00e1n? En su vida, Cristo nunca dej\u00f3 de preocuparse por la salvaci\u00f3n de las almas, especialmente de las de los pecadores. En F\u00e1tima se nos pide hacer lo mismo: trabajar para salvar las almas de los pecadores.<\/p>\t\t\t\t\t\t\t\t<\/div>\n\t\t\t\t<\/div>\n\t\t\t\t\t<\/div>\n\t\t<\/div>\n\t\t\t\t\t<\/div>\n\t\t<\/section>\n\t\t\t\t<section class=\"elementor-section elementor-top-section elementor-element elementor-element-0ed6934 elementor-section-boxed elementor-section-height-default elementor-section-height-default\" data-id=\"0ed6934\" data-element_type=\"section\" data-e-type=\"section\">\n\t\t\t\t\t\t<div class=\"elementor-container elementor-column-gap-default\">\n\t\t\t\t\t<div class=\"elementor-column elementor-col-50 elementor-top-column elementor-element elementor-element-632b487\" data-id=\"632b487\" data-element_type=\"column\" data-e-type=\"column\">\n\t\t\t<div class=\"elementor-widget-wrap elementor-element-populated\">\n\t\t\t\t\t\t<div class=\"elementor-element elementor-element-3c08651 elementor-widget elementor-widget-image\" data-id=\"3c08651\" data-element_type=\"widget\" data-e-type=\"widget\" data-widget_type=\"image.default\">\n\t\t\t\t<div class=\"elementor-widget-container\">\n\t\t\t\t\t\t\t\t\t\t\t\t\t\t\t<img decoding=\"async\" width=\"608\" height=\"872\" src=\"https:\/\/salve-corda.org\/wp-content\/uploads\/2021\/07\/Sans-titre-12.png\" class=\"attachment-large size-large wp-image-750\" alt=\"\" srcset=\"https:\/\/salve-corda.org\/wp-content\/uploads\/2021\/07\/Sans-titre-12.png 608w, https:\/\/salve-corda.org\/wp-content\/uploads\/2021\/07\/Sans-titre-12-209x300.png 209w\" sizes=\"(max-width: 608px) 100vw, 608px\" \/>\t\t\t\t\t\t\t\t\t\t\t\t\t\t\t<\/div>\n\t\t\t\t<\/div>\n\t\t\t\t\t<\/div>\n\t\t<\/div>\n\t\t\t\t<div class=\"elementor-column elementor-col-50 elementor-top-column elementor-element elementor-element-088886c\" data-id=\"088886c\" data-element_type=\"column\" data-e-type=\"column\">\n\t\t\t<div class=\"elementor-widget-wrap elementor-element-populated\">\n\t\t\t\t\t\t<div class=\"elementor-element elementor-element-be1d4fa elementor-widget elementor-widget-text-editor\" data-id=\"be1d4fa\" data-element_type=\"widget\" data-e-type=\"widget\" data-widget_type=\"text-editor.default\">\n\t\t\t\t<div class=\"elementor-widget-container\">\n\t\t\t\t\t\t\t\t\t<p>Durante las apariciones de La Salette, la Sant\u00edsima Virgen llor\u00f3 al pronunciar estas palabras:<\/p><p>\u00a0<\/p><p><i><span style=\"color: #6288c6;\">\"Las almas caen en el infierno como las hojas en oto\u00f1o\".<\/span><\/i><\/p><p>\u00a0<\/p><p>En F\u00e1tima, lleg\u00f3 a mostrar el Infierno a las tres peque\u00f1as videntes para hacerles tomar conciencia de la importancia de nuestro deber de caridad espiritual:<\/p><p>\u00a0<\/p><p><span style=\"color: #6288c6;\"><i>\"Hab\u00e9is visto el Infierno, adonde van a parar las almas de los pobres pecadores. Para salvarlos, Dios quiere establecer en el m<\/i><i>en la devoci\u00f3n a mi Inmaculado Coraz\u00f3n. Si <\/i><i>lo hacemos <\/i><\/span><i><span style=\"color: #6288c6;\">Voy a decirte que muchas almas se salvar\u00e1n y tendremos paz.<\/span>\u00a0 <\/i><i>Nuestra Se\u00f1ora en F\u00e1tima el 13 de julio de 1917<\/i><\/p><p><i>\u00a0<\/i><\/p><p style=\"text-align: left;\"><i><span style=\"color: #6288c6;\">\"Sacrificio<\/span><\/i><span style=\"color: #6288c6;\"><i>&#8211;<\/i><i>por los pecadores que <\/i><i>e<\/i><i>n Infierno <\/i><u><i>y no tienen a nadie que rece por ellos<\/i><\/u><u><i>.\u00a0<\/i><\/u><u><i>\"<\/i><\/u><\/span><\/p><p style=\"text-align: right;\"><i>La Virgen Mar\u00eda, Pontevedra 10 de diciembre de 1925<\/i><\/p>\t\t\t\t\t\t\t\t<\/div>\n\t\t\t\t<\/div>\n\t\t\t\t\t<\/div>\n\t\t<\/div>\n\t\t\t\t\t<\/div>\n\t\t<\/section>\n\t\t\t\t<section class=\"elementor-section elementor-top-section elementor-element elementor-element-42ae4b6 elementor-section-boxed elementor-section-height-default elementor-section-height-default\" data-id=\"42ae4b6\" data-element_type=\"section\" data-e-type=\"section\" data-settings=\"{&quot;background_background&quot;:&quot;classic&quot;}\">\n\t\t\t\t\t\t<div class=\"elementor-container elementor-column-gap-default\">\n\t\t\t\t\t<div class=\"elementor-column elementor-col-100 elementor-top-column elementor-element elementor-element-bc9555f\" data-id=\"bc9555f\" data-element_type=\"column\" data-e-type=\"column\">\n\t\t\t<div class=\"elementor-widget-wrap elementor-element-populated\">\n\t\t\t\t\t\t<div class=\"elementor-element elementor-element-dad3ce4 elementor-widget elementor-widget-heading\" data-id=\"dad3ce4\" data-element_type=\"widget\" data-e-type=\"widget\" data-widget_type=\"heading.default\">\n\t\t\t\t<div class=\"elementor-widget-container\">\n\t\t\t\t\t<h3 class=\"elementor-heading-title elementor-size-default\">3- Obtener su propia salvaci\u00f3n<\/h3>\t\t\t\t<\/div>\n\t\t\t\t<\/div>\n\t\t\t\t<div class=\"elementor-element elementor-element-8a1061d elementor-widget elementor-widget-text-editor\" data-id=\"8a1061d\" data-element_type=\"widget\" data-e-type=\"widget\" data-widget_type=\"text-editor.default\">\n\t\t\t\t<div class=\"elementor-widget-container\">\n\t\t\t\t\t\t\t\t\t<p>Si muchas almas van al Infierno por toda la eternidad, \u00bfqu\u00e9 pasa con nosotros? En estos tiempos de perversi\u00f3n y tentaci\u00f3n constante, cuando se hace de todo para alejarnos de Dios, \u00bfqui\u00e9n puede decir que permanecer\u00e1 fiel a las ense\u00f1anzas de Cristo toda su vida e ir\u00e1 al Cielo? Recordemos que incluso el Papa San P\u00edo X y muchos otros santos tem\u00edan el Infierno.<\/p><p>\u00a0<\/p><p>Pero para ayudarnos a afrontar los tiempos de prueba en que vivimos, los Corazones de Jes\u00fas y de Mar\u00eda nos han tra\u00eddo una promesa excepcional si seguimos sus peticiones: la garant\u00eda de nuestra Salvaci\u00f3n. He aqu\u00ed las palabras muy precisas de Cristo y de la Sant\u00edsima Virgen:<\/p><p>\u00a0<\/p><p>\u00a0<\/p>\t\t\t\t\t\t\t\t<\/div>\n\t\t\t\t<\/div>\n\t\t\t\t\t<\/div>\n\t\t<\/div>\n\t\t\t\t\t<\/div>\n\t\t<\/section>\n\t\t\t\t<section class=\"elementor-section elementor-top-section elementor-element elementor-element-3218146 elementor-section-boxed elementor-section-height-default elementor-section-height-default\" data-id=\"3218146\" data-element_type=\"section\" data-e-type=\"section\" data-settings=\"{&quot;background_background&quot;:&quot;classic&quot;}\">\n\t\t\t\t\t\t<div class=\"elementor-container elementor-column-gap-default\">\n\t\t\t\t\t<div class=\"elementor-column elementor-col-50 elementor-top-column elementor-element elementor-element-6857fa6\" data-id=\"6857fa6\" data-element_type=\"column\" data-e-type=\"column\">\n\t\t\t<div class=\"elementor-widget-wrap elementor-element-populated\">\n\t\t\t\t\t\t<div class=\"elementor-element elementor-element-4f890a1 elementor-widget elementor-widget-text-editor\" data-id=\"4f890a1\" data-element_type=\"widget\" data-e-type=\"widget\" data-widget_type=\"text-editor.default\">\n\t\t\t\t<div class=\"elementor-widget-container\">\n\t\t\t\t\t\t\t\t\t<p><span style=\"color: #6288c6;\"><i>\" <\/i><i>Prometo, en el exceso de la misericordia de Mi Coraz\u00f3n, que Mi amor todopoderoso conceder\u00e1 a todos los que comulguen los Primeros Viernes, nueve veces seguidas, la gracia de la penitencia final, que no morir\u00e1n en Mi desgracia, ni sin recibir los sacramentos, y que Mi Divino Coraz\u00f3n se har\u00e1 su refugio seguro en esta \u00faltima hora.<\/i><\/span><\/p>\n<p style=\"text-align: right;\"><i>Cristo en <\/i><i>Paray-le-Monial<\/i><\/p>\n<p style=\"text-align: right;\"><i><br><\/i><\/p>\n<p><\/p>\n<p><span style=\"color: #6288c6;\"><i>\"A todos aquellos que, durante 5 meses, el primer s\u00e1bado, se confiesen, comulguen, recen el rosario y me hagan compa\u00f1\u00eda durante quince minutos en los quince misterios del rosario, con esp\u00edritu de reparaci\u00f3n, les prometo<\/i><i>s<\/i><i> para asistirles en la hora de la muerte con toda<\/i><i>s<\/i><i> las gracias necesarias para la salvaci\u00f3n de sus almas. <\/i><\/span><\/p>\n<p style=\"text-align: right;\"><i>La Virgen Mar\u00eda, Pontevedra 10 de diciembre de 1925<\/i><\/p>\t\t\t\t\t\t\t\t<\/div>\n\t\t\t\t<\/div>\n\t\t\t\t\t<\/div>\n\t\t<\/div>\n\t\t\t\t<div class=\"elementor-column elementor-col-50 elementor-top-column elementor-element elementor-element-70841fd\" data-id=\"70841fd\" data-element_type=\"column\" data-e-type=\"column\">\n\t\t\t<div class=\"elementor-widget-wrap elementor-element-populated\">\n\t\t\t\t\t\t<div class=\"elementor-element elementor-element-2fbc9ad elementor-widget elementor-widget-image\" data-id=\"2fbc9ad\" data-element_type=\"widget\" data-e-type=\"widget\" data-widget_type=\"image.default\">\n\t\t\t\t<div class=\"elementor-widget-container\">\n\t\t\t\t\t\t\t\t\t\t\t\t\t\t\t<img loading=\"lazy\" decoding=\"async\" width=\"640\" height=\"640\" src=\"https:\/\/salve-corda.org\/wp-content\/uploads\/2021\/07\/Sans-titre-13.png\" class=\"attachment-large size-large wp-image-754\" alt=\"\" srcset=\"https:\/\/salve-corda.org\/wp-content\/uploads\/2021\/07\/Sans-titre-13.png 697w, https:\/\/salve-corda.org\/wp-content\/uploads\/2021\/07\/Sans-titre-13-300x300.png 300w, https:\/\/salve-corda.org\/wp-content\/uploads\/2021\/07\/Sans-titre-13-150x150.png 150w, https:\/\/salve-corda.org\/wp-content\/uploads\/2021\/07\/Sans-titre-13-680x680.png 680w, https:\/\/salve-corda.org\/wp-content\/uploads\/2021\/07\/Sans-titre-13-100x100.png 100w\" sizes=\"(max-width: 640px) 100vw, 640px\" \/>\t\t\t\t\t\t\t\t\t\t\t\t\t\t\t<\/div>\n\t\t\t\t<\/div>\n\t\t\t\t\t<\/div>\n\t\t<\/div>\n\t\t\t\t\t<\/div>\n\t\t<\/section>\n\t\t\t\t<\/div>","protected":false},"excerpt":{"rendered":"<p>TROIS buts de la d\u00e9votion aux Coeurs de J\u00e9sus et Marie Les trois buts de cette d\u00e9votion aux Coeurs de J\u00e9sus et Marie sont parfaitement conformes \u00e0 l&#8217;enseignement de l&#8217;Eglise catholique et respectent [&hellip;]<\/p>","protected":false},"author":1,"featured_media":0,"parent":0,"menu_order":0,"comment_status":"closed","ping_status":"closed","template":"elementor_header_footer","meta":{"footnotes":""},"class_list":["post-575","page","type-page","status-publish","hentry"],"_links":{"self":[{"href":"https:\/\/salve-corda.org\/es\/wp-json\/wp\/v2\/pages\/575","targetHints":{"allow":["GET"]}}],"collection":[{"href":"https:\/\/salve-corda.org\/es\/wp-json\/wp\/v2\/pages"}],"about":[{"href":"https:\/\/salve-corda.org\/es\/wp-json\/wp\/v2\/types\/page"}],"author":[{"embeddable":true,"href":"https:\/\/salve-corda.org\/es\/wp-json\/wp\/v2\/users\/1"}],"replies":[{"embeddable":true,"href":"https:\/\/salve-corda.org\/es\/wp-json\/wp\/v2\/comments?post=575"}],"version-history":[{"count":140,"href":"https:\/\/salve-corda.org\/es\/wp-json\/wp\/v2\/pages\/575\/revisions"}],"predecessor-version":[{"id":6377,"href":"https:\/\/salve-corda.org\/es\/wp-json\/wp\/v2\/pages\/575\/revisions\/6377"}],"wp:attachment":[{"href":"https:\/\/salve-corda.org\/es\/wp-json\/wp\/v2\/media?parent=575"}],"curies":[{"name":"wp","href":"https:\/\/api.w.org\/{rel}","templated":true}]}}