{"id":580,"date":"2021-07-12T12:45:09","date_gmt":"2021-07-12T10:45:09","guid":{"rendered":"https:\/\/salve-corda.org\/?page_id=580"},"modified":"2024-03-13T21:46:21","modified_gmt":"2024-03-13T20:46:21","slug":"promesses-si-nous-obeissons","status":"publish","type":"page","link":"https:\/\/salve-corda.org\/es\/promesses-si-nous-obeissons\/","title":{"rendered":"Promesas si obedecemos"},"content":{"rendered":"<div data-elementor-type=\"wp-page\" data-elementor-id=\"580\" class=\"elementor elementor-580\">\n\t\t\t\t\t\t<section class=\"elementor-section elementor-top-section elementor-element elementor-element-50f1e75 elementor-section-boxed elementor-section-height-default elementor-section-height-default\" data-id=\"50f1e75\" data-element_type=\"section\" data-e-type=\"section\">\n\t\t\t\t\t\t<div class=\"elementor-container elementor-column-gap-default\">\n\t\t\t\t\t<div class=\"elementor-column elementor-col-100 elementor-top-column elementor-element elementor-element-b9da60c\" data-id=\"b9da60c\" data-element_type=\"column\" data-e-type=\"column\">\n\t\t\t<div class=\"elementor-widget-wrap elementor-element-populated\">\n\t\t\t\t\t\t<div class=\"elementor-element elementor-element-7e74752 elementor-widget elementor-widget-spacer\" data-id=\"7e74752\" data-element_type=\"widget\" data-e-type=\"widget\" data-widget_type=\"spacer.default\">\n\t\t\t\t<div class=\"elementor-widget-container\">\n\t\t\t\t\t\t\t<div class=\"elementor-spacer\">\n\t\t\t<div class=\"elementor-spacer-inner\"><\/div>\n\t\t<\/div>\n\t\t\t\t\t\t<\/div>\n\t\t\t\t<\/div>\n\t\t\t\t\t<\/div>\n\t\t<\/div>\n\t\t\t\t\t<\/div>\n\t\t<\/section>\n\t\t\t\t<section class=\"elementor-section elementor-top-section elementor-element elementor-element-a8b04ae elementor-section-boxed elementor-section-height-default elementor-section-height-default\" data-id=\"a8b04ae\" data-element_type=\"section\" data-e-type=\"section\">\n\t\t\t\t\t\t<div class=\"elementor-container elementor-column-gap-default\">\n\t\t\t\t\t<div class=\"elementor-column elementor-col-100 elementor-top-column elementor-element elementor-element-62a45ab\" data-id=\"62a45ab\" data-element_type=\"column\" data-e-type=\"column\">\n\t\t\t<div class=\"elementor-widget-wrap elementor-element-populated\">\n\t\t\t\t\t\t<div class=\"elementor-element elementor-element-d580703 elementor-widget elementor-widget-heading\" data-id=\"d580703\" data-element_type=\"widget\" data-e-type=\"widget\" data-widget_type=\"heading.default\">\n\t\t\t\t<div class=\"elementor-widget-container\">\n\t\t\t\t\t<h2 class=\"elementor-heading-title elementor-size-default\">El magn\u00edfico promete si cumplimos lo del \"primer s\u00e1bado de mes\".<\/h2>\t\t\t\t<\/div>\n\t\t\t\t<\/div>\n\t\t\t\t\t<\/div>\n\t\t<\/div>\n\t\t\t\t\t<\/div>\n\t\t<\/section>\n\t\t\t\t<section class=\"elementor-section elementor-top-section elementor-element elementor-element-798940b elementor-section-boxed elementor-section-height-default elementor-section-height-default\" data-id=\"798940b\" data-element_type=\"section\" data-e-type=\"section\">\n\t\t\t\t\t\t<div class=\"elementor-container elementor-column-gap-default\">\n\t\t\t\t\t<div class=\"elementor-column elementor-col-100 elementor-top-column elementor-element elementor-element-7d7d548\" data-id=\"7d7d548\" data-element_type=\"column\" data-e-type=\"column\">\n\t\t\t<div class=\"elementor-widget-wrap elementor-element-populated\">\n\t\t\t\t\t\t<div class=\"elementor-element elementor-element-d55a33a elementor-widget elementor-widget-text-editor\" data-id=\"d55a33a\" data-element_type=\"widget\" data-e-type=\"widget\" data-widget_type=\"text-editor.default\">\n\t\t\t\t<div class=\"elementor-widget-container\">\n\t\t\t\t\t\t\t\t\t<p>1\/ REPARACI\u00d3N DE LAS INJURIAS COMETIDAS CONTRA EL CORAZ\u00d3N DE MAR\u00cdA Y DE JES\u00daS<\/p>\t\t\t\t\t\t\t\t<\/div>\n\t\t\t\t<\/div>\n\t\t\t\t\t<\/div>\n\t\t<\/div>\n\t\t\t\t\t<\/div>\n\t\t<\/section>\n\t\t\t\t<section class=\"elementor-section elementor-top-section elementor-element elementor-element-579cff5 elementor-section-boxed elementor-section-height-default elementor-section-height-default\" data-id=\"579cff5\" data-element_type=\"section\" data-e-type=\"section\">\n\t\t\t\t\t\t<div class=\"elementor-container elementor-column-gap-default\">\n\t\t\t\t\t<div class=\"elementor-column elementor-col-100 elementor-top-column elementor-element elementor-element-2ef85e3\" data-id=\"2ef85e3\" data-element_type=\"column\" data-e-type=\"column\">\n\t\t\t<div class=\"elementor-widget-wrap elementor-element-populated\">\n\t\t\t\t\t\t<section class=\"elementor-section elementor-inner-section elementor-element elementor-element-106e9ad elementor-section-boxed elementor-section-height-default elementor-section-height-default\" data-id=\"106e9ad\" data-element_type=\"section\" data-e-type=\"section\">\n\t\t\t\t\t\t<div class=\"elementor-container elementor-column-gap-default\">\n\t\t\t\t\t<div class=\"elementor-column elementor-col-50 elementor-inner-column elementor-element elementor-element-67442ab\" data-id=\"67442ab\" data-element_type=\"column\" data-e-type=\"column\">\n\t\t\t<div class=\"elementor-widget-wrap elementor-element-populated\">\n\t\t\t\t\t\t<div class=\"elementor-element elementor-element-a346f08 elementor-widget elementor-widget-image\" data-id=\"a346f08\" data-element_type=\"widget\" data-e-type=\"widget\" data-widget_type=\"image.default\">\n\t\t\t\t<div class=\"elementor-widget-container\">\n\t\t\t\t\t\t\t\t\t\t\t\t\t\t\t<img fetchpriority=\"high\" decoding=\"async\" width=\"420\" height=\"376\" src=\"https:\/\/salve-corda.org\/wp-content\/uploads\/2020\/09\/Image11-e1631624688970.jpg\" class=\"attachment-large size-large wp-image-280\" alt=\"\" \/>\t\t\t\t\t\t\t\t\t\t\t\t\t\t\t<\/div>\n\t\t\t\t<\/div>\n\t\t\t\t\t<\/div>\n\t\t<\/div>\n\t\t\t\t<div class=\"elementor-column elementor-col-50 elementor-inner-column elementor-element elementor-element-862503e\" data-id=\"862503e\" data-element_type=\"column\" data-e-type=\"column\">\n\t\t\t<div class=\"elementor-widget-wrap elementor-element-populated\">\n\t\t\t\t\t\t<div class=\"elementor-element elementor-element-994aa17 elementor-widget elementor-widget-text-editor\" data-id=\"994aa17\" data-element_type=\"widget\" data-e-type=\"widget\" data-widget_type=\"text-editor.default\">\n\t\t\t\t<div class=\"elementor-widget-container\">\n\t\t\t\t\t\t\t\t\t<p><span style=\"color: #616161;\">La premi\u00e8re cons\u00e9quence est la r\u00e9paration effective des offenses qui sont faites \u00e0 Notre M\u00e8re du Ciel gr\u00e2ce \u00e0\u00a0\u00e0 la r\u00e9alisation des 1ers samedis du mois.\u00a0\u00a0Le Christ confirmera \u00e0 Soeur Lucie l&#8217;efficacit\u00e9 des 1ers samedis en ces termes :<\/span><\/p><p>\u00a0<\/p><p><span style=\"color: #0000ff;\">\"\u00a0<em>... el Inmaculado Coraz\u00f3n de Mar\u00eda me inspir\u00f3 pedir esta peque\u00f1a reparaci\u00f3n y, en consideraci\u00f3n a ella, mover Mi misericordia\u00a0<\/em>\".<\/span><\/p><p><span style=\"color: #333333;\">\u00a0<\/span><\/p><p><span style=\"color: #333333;\">Ainsi et de fa\u00e7on charitable, nous commen\u00e7ons non pas par attendre une cons\u00e9quence b\u00e9n\u00e9fique pour nous mais posons acte d&#8217;Amour d&#8217;une immense force envers Notre Dame et envers Dieu qui ne supporte pas les attaques contre sa M\u00e8re.<\/span><\/p><p><span style=\"color: #333333;\">\u00a0<\/span><\/p><p><span style=\"color: #333333;\">Esta es la gran y noble promesa de los primeros s\u00e1bados. Ese es nuestro gran papel si obedecemos.<\/span><\/p>\t\t\t\t\t\t\t\t<\/div>\n\t\t\t\t<\/div>\n\t\t\t\t\t<\/div>\n\t\t<\/div>\n\t\t\t\t\t<\/div>\n\t\t<\/section>\n\t\t\t\t\t<\/div>\n\t\t<\/div>\n\t\t\t\t\t<\/div>\n\t\t<\/section>\n\t\t\t\t<section class=\"elementor-section elementor-top-section elementor-element elementor-element-2769ac8 elementor-section-boxed elementor-section-height-default elementor-section-height-default\" data-id=\"2769ac8\" data-element_type=\"section\" data-e-type=\"section\" data-settings=\"{&quot;background_background&quot;:&quot;classic&quot;}\">\n\t\t\t\t\t\t<div class=\"elementor-container elementor-column-gap-default\">\n\t\t\t\t\t<div class=\"elementor-column elementor-col-100 elementor-top-column elementor-element elementor-element-e4d020d\" data-id=\"e4d020d\" data-element_type=\"column\" data-e-type=\"column\">\n\t\t\t<div class=\"elementor-widget-wrap elementor-element-populated\">\n\t\t\t\t\t\t<div class=\"elementor-element elementor-element-cca0de1 elementor-widget elementor-widget-text-editor\" data-id=\"cca0de1\" data-element_type=\"widget\" data-e-type=\"widget\" data-widget_type=\"text-editor.default\">\n\t\t\t\t<div class=\"elementor-widget-container\">\n\t\t\t\t\t\t\t\t\t<p>2\/ L&#8217;ARRET DES GUERRES ET TOTALITARISMES<\/p>\t\t\t\t\t\t\t\t<\/div>\n\t\t\t\t<\/div>\n\t\t\t\t\t<\/div>\n\t\t<\/div>\n\t\t\t\t\t<\/div>\n\t\t<\/section>\n\t\t\t\t<section class=\"elementor-section elementor-top-section elementor-element elementor-element-9592a94 elementor-section-boxed elementor-section-height-default elementor-section-height-default\" data-id=\"9592a94\" data-element_type=\"section\" data-e-type=\"section\" data-settings=\"{&quot;background_background&quot;:&quot;classic&quot;}\">\n\t\t\t\t\t\t<div class=\"elementor-container elementor-column-gap-default\">\n\t\t\t\t\t<div class=\"elementor-column elementor-col-100 elementor-top-column elementor-element elementor-element-11c124f\" data-id=\"11c124f\" data-element_type=\"column\" data-e-type=\"column\">\n\t\t\t<div class=\"elementor-widget-wrap elementor-element-populated\">\n\t\t\t\t\t\t<section class=\"elementor-section elementor-inner-section elementor-element elementor-element-d8b458b elementor-section-boxed elementor-section-height-default elementor-section-height-default\" data-id=\"d8b458b\" data-element_type=\"section\" data-e-type=\"section\">\n\t\t\t\t\t\t<div class=\"elementor-container elementor-column-gap-default\">\n\t\t\t\t\t<div class=\"elementor-column elementor-col-50 elementor-inner-column elementor-element elementor-element-542b351\" data-id=\"542b351\" data-element_type=\"column\" data-e-type=\"column\">\n\t\t\t<div class=\"elementor-widget-wrap elementor-element-populated\">\n\t\t\t\t\t\t<div class=\"elementor-element elementor-element-e2e0263 elementor-widget elementor-widget-text-editor\" data-id=\"e2e0263\" data-element_type=\"widget\" data-e-type=\"widget\" data-widget_type=\"text-editor.default\">\n\t\t\t\t<div class=\"elementor-widget-container\">\n\t\t\t\t\t\t\t\t\t<p><span style=\"color: #333333; font-family: var( --e-global-typography-text-font-family ), Sans-serif; font-size: var( --e-global-typography-text-font-size ); font-weight: var( --e-global-typography-text-font-weight ); background-color: var( --e-global-color-ef38a84 );\">Este punto ya se ha tratado ampliamente y recordamos las grandes promesas de FATIMA al respecto:<\/span><\/p><p><span style=\"color: #333333; font-family: var( --e-global-typography-text-font-family ), Sans-serif; font-size: var( --e-global-typography-text-font-size ); font-weight: var( --e-global-typography-text-font-weight ); background-color: var( --e-global-color-ef38a84 );\">\u00a0<\/span><\/p><p>\u00a0<\/p><p><span style=\"color: #0000ff;\"><em>\"Al final, mi Coraz\u00f3n Inmaculado triunfar\u00e1. El Santo Padre me consagrar\u00e1 Rusia, que se convertir\u00e1 [y reconocer\u00e1 los primeros s\u00e1bados de mes], y se conceder\u00e1 al mundo un cierto tiempo de paz\".<\/em><\/span><\/p><p><span style=\"color: #0000ff;\"><em>\u00a0<\/em><\/span><\/p><p><span style=\"color: #333333;\"><span style=\"font-family: var( --e-global-typography-text-font-family ), Sans-serif; font-size: var( --e-global-typography-text-font-size ); font-weight: var( --e-global-typography-text-font-weight ); background-color: var( --e-global-color-ef38a84 );\">Oui les \u201c1er samedi du mois\u201c nous am\u00e8nerons la paix sur terre. Nous obtiendrons une soci\u00e9t\u00e9 civile merveilleuse et paisible ainsi qu&#8217;une Eglise \u00e0 la fois charitable et resplendissante. Imaginons un seul instant un monde ou le Christ r\u00e8gnera de nouveau o\u00f9 tout ce d\u00e9ferlement du mal dont nous souffrons sera stopp\u00e9 par l&#8217;intervention miraculeuse du Coeur Immacul\u00e9 de Marie. Voil\u00e0 ce que nous sera accord\u00e9 si nous r\u00e9alisons ces 1er samedi du mois. Alors qu&#8217;attendons nous?<\/span><\/span><\/p>\t\t\t\t\t\t\t\t<\/div>\n\t\t\t\t<\/div>\n\t\t\t\t\t<\/div>\n\t\t<\/div>\n\t\t\t\t<div class=\"elementor-column elementor-col-50 elementor-inner-column elementor-element elementor-element-7161637\" data-id=\"7161637\" data-element_type=\"column\" data-e-type=\"column\">\n\t\t\t<div class=\"elementor-widget-wrap elementor-element-populated\">\n\t\t\t\t\t\t<div class=\"elementor-element elementor-element-a9c1600 elementor-widget elementor-widget-image\" data-id=\"a9c1600\" data-element_type=\"widget\" data-e-type=\"widget\" data-widget_type=\"image.default\">\n\t\t\t\t<div class=\"elementor-widget-container\">\n\t\t\t\t\t\t\t\t\t\t\t\t\t\t\t<img decoding=\"async\" width=\"640\" height=\"384\" src=\"https:\/\/salve-corda.org\/wp-content\/uploads\/2021\/07\/triomphe_marie-1024x614.png\" class=\"attachment-large size-large wp-image-770\" alt=\"\" srcset=\"https:\/\/salve-corda.org\/wp-content\/uploads\/2021\/07\/triomphe_marie-1024x614.png 1024w, https:\/\/salve-corda.org\/wp-content\/uploads\/2021\/07\/triomphe_marie-300x180.png 300w, https:\/\/salve-corda.org\/wp-content\/uploads\/2021\/07\/triomphe_marie-768x460.png 768w, https:\/\/salve-corda.org\/wp-content\/uploads\/2021\/07\/triomphe_marie.png 1043w\" sizes=\"(max-width: 640px) 100vw, 640px\" \/>\t\t\t\t\t\t\t\t\t\t\t\t\t\t\t<\/div>\n\t\t\t\t<\/div>\n\t\t\t\t\t<\/div>\n\t\t<\/div>\n\t\t\t\t\t<\/div>\n\t\t<\/section>\n\t\t\t\t\t<\/div>\n\t\t<\/div>\n\t\t\t\t\t<\/div>\n\t\t<\/section>\n\t\t\t\t<section class=\"elementor-section elementor-top-section elementor-element elementor-element-67d7f03 elementor-section-boxed elementor-section-height-default elementor-section-height-default\" data-id=\"67d7f03\" data-element_type=\"section\" data-e-type=\"section\">\n\t\t\t\t\t\t<div class=\"elementor-container elementor-column-gap-default\">\n\t\t\t\t\t<div class=\"elementor-column elementor-col-100 elementor-top-column elementor-element elementor-element-f702529\" data-id=\"f702529\" data-element_type=\"column\" data-e-type=\"column\">\n\t\t\t<div class=\"elementor-widget-wrap elementor-element-populated\">\n\t\t\t\t\t\t<div class=\"elementor-element elementor-element-73b5c67 elementor-widget elementor-widget-text-editor\" data-id=\"73b5c67\" data-element_type=\"widget\" data-e-type=\"widget\" data-widget_type=\"text-editor.default\">\n\t\t\t\t<div class=\"elementor-widget-container\">\n\t\t\t\t\t\t\t\t\t<p><span style=\"color: #333333; font-family: var( --e-global-typography-text-font-family ), Sans-serif; font-size: var( --e-global-typography-text-font-size ); font-weight: var( --e-global-typography-text-font-weight ); background-color: var( --e-global-color-ef38a84 );\">relisons le message de la Sainte Vierge \u00e0 la Salette sur l&#8217;av\u00e8nement de ce triomphe :<\/span><\/p><p>\u00a0<\/p><p><span style=\"color: #0000ff;\"><em>\" <\/em><\/span><em><span style=\"color: #0000ff;\">Entonces Jesucristo, por un acto de su justicia y de su gran misericordia para con los justos, ordenar\u00e1 a sus \u00e1ngeles que den muerte a todos sus enemigos. De repente, perecer\u00e1n los perseguidores de la Iglesia de Jesucristo y todos los hombres que hayan cometido pecado, y la tierra quedar\u00e1 como un desierto.<\/span><\/em><\/p><p>\u00a0<\/p><p><em><span style=\"color: #0000ff;\">Ser\u00e1 sofocado por el soplo de San Miguel Arc\u00e1ngel. Caer\u00e1, y la tierra, que durante tres d\u00edas [tres a\u00f1os del reinado del Anticristo y la muerte de la Iglesia NDLR] ha estado en continuo flujo, abrir\u00e1 su seno lleno de fuego; \u00e9l ser\u00e1 sumergido para siempre con toda su especie en el abismo eterno del infierno. Entonces el agua y el fuego purificar\u00e1n la tierra y consumir\u00e1n todas las obras del orgullo humano, y todo ser\u00e1 renovado: Dios ser\u00e1 servido y glorificado.<\/span><\/em><\/p><p>\u00a0<\/p><p><em><span style=\"color: #0000ff;\">Entonces habr\u00e1 paz, reconciliaci\u00f3n de Dios con los hombres; Jesucristo ser\u00e1 servido, adorado y glorificado; la caridad florecer\u00e1 por doquier. Los nuevos reyes ser\u00e1n la mano derecha de la santa Iglesia, que ser\u00e1 fuerte, humilde, piadosa, pobre, celosa e imitadora de las virtudes de Jesucristo.<\/span><\/em><\/p><p><em><span style=\"color: #0000ff;\">L\u2019\u00c9vangile sera pr\u00each\u00e9 partout, et les hommes feront de grands progr\u00e8s dans la foi, parce qu\u2019il y aura unit\u00e9 parmi les ouvriers de J\u00e9sus-Christ et que les hommes vivront dans la crainte de Dieu.&#8221;<\/span><\/em><\/p>\t\t\t\t\t\t\t\t<\/div>\n\t\t\t\t<\/div>\n\t\t\t\t<div class=\"elementor-element elementor-element-34b0994 elementor-widget elementor-widget-text-editor\" data-id=\"34b0994\" data-element_type=\"widget\" data-e-type=\"widget\" data-widget_type=\"text-editor.default\">\n\t\t\t\t<div class=\"elementor-widget-container\">\n\t\t\t\t\t\t\t\t\t<p>3\/ Nuestra propia salvaci\u00f3n\u00a0<\/p>\t\t\t\t\t\t\t\t<\/div>\n\t\t\t\t<\/div>\n\t\t\t\t\t<\/div>\n\t\t<\/div>\n\t\t\t\t\t<\/div>\n\t\t<\/section>\n\t\t\t\t<section class=\"elementor-section elementor-top-section elementor-element elementor-element-fbe2e7d elementor-section-boxed elementor-section-height-default elementor-section-height-default\" data-id=\"fbe2e7d\" data-element_type=\"section\" data-e-type=\"section\">\n\t\t\t\t\t\t<div class=\"elementor-container elementor-column-gap-default\">\n\t\t\t\t\t<div class=\"elementor-column elementor-col-100 elementor-top-column elementor-element elementor-element-2a0fd57\" data-id=\"2a0fd57\" data-element_type=\"column\" data-e-type=\"column\">\n\t\t\t<div class=\"elementor-widget-wrap elementor-element-populated\">\n\t\t\t\t\t\t<section class=\"elementor-section elementor-inner-section elementor-element elementor-element-7d3d3b5 elementor-section-boxed elementor-section-height-default elementor-section-height-default\" data-id=\"7d3d3b5\" data-element_type=\"section\" data-e-type=\"section\">\n\t\t\t\t\t\t<div class=\"elementor-container elementor-column-gap-default\">\n\t\t\t\t\t<div class=\"elementor-column elementor-col-50 elementor-inner-column elementor-element elementor-element-59ac3c1\" data-id=\"59ac3c1\" data-element_type=\"column\" data-e-type=\"column\">\n\t\t\t<div class=\"elementor-widget-wrap elementor-element-populated\">\n\t\t\t\t\t\t<div class=\"elementor-element elementor-element-7d25ccb elementor-widget elementor-widget-image\" data-id=\"7d25ccb\" data-element_type=\"widget\" data-e-type=\"widget\" data-widget_type=\"image.default\">\n\t\t\t\t<div class=\"elementor-widget-container\">\n\t\t\t\t\t\t\t\t\t\t\t\t\t\t\t<img decoding=\"async\" width=\"443\" height=\"675\" src=\"https:\/\/salve-corda.org\/wp-content\/uploads\/2021\/07\/saint-simon.png\" class=\"attachment-large size-large wp-image-870\" alt=\"\" srcset=\"https:\/\/salve-corda.org\/wp-content\/uploads\/2021\/07\/saint-simon.png 443w, https:\/\/salve-corda.org\/wp-content\/uploads\/2021\/07\/saint-simon-197x300.png 197w\" sizes=\"(max-width: 443px) 100vw, 443px\" \/>\t\t\t\t\t\t\t\t\t\t\t\t\t\t\t<\/div>\n\t\t\t\t<\/div>\n\t\t\t\t\t<\/div>\n\t\t<\/div>\n\t\t\t\t<div class=\"elementor-column elementor-col-50 elementor-inner-column elementor-element elementor-element-276cc60\" data-id=\"276cc60\" data-element_type=\"column\" data-e-type=\"column\">\n\t\t\t<div class=\"elementor-widget-wrap elementor-element-populated\">\n\t\t\t\t\t\t<div class=\"elementor-element elementor-element-6639647 elementor-widget elementor-widget-text-editor\" data-id=\"6639647\" data-element_type=\"widget\" data-e-type=\"widget\" data-widget_type=\"text-editor.default\">\n\t\t\t\t<div class=\"elementor-widget-container\">\n\t\t\t\t\t\t\t\t\t<p><span style=\"color: #333333;\"><strong>La certitude d&#8217;aller au ciel<\/strong><\/span><\/p><p><span style=\"color: #616161;\">C&#8217;est la grande promesse de Notre Dame \u00e0 notre \u00e9gard si nous suivons cinq fois de suite les 1ers samedis du mois. Nous rappelons ici ses paroles:<\/span><\/p><p><span style=\"color: #0000ff;\"><i>\"Todos aquellos que, durante 5 meses, el primer s\u00e1bado, se confiesen, reciban la Sagrada Comuni\u00f3n, recen el Rosario y me acompa\u00f1en durante 15 minutos en los 15 misterios del Rosario, con esp\u00edritu de reparaci\u00f3n, <b>Te lo prometo.<\/b><\/i><b><i>s<\/i><i>\u00a0para asistirles en la hora de la muerte con toda<\/i><i>s<\/i><\/b><i><b>\u00a0las gracias necesarias para la salvaci\u00f3n de sus almas.<\/b>\u00a0\"<\/i><\/span><\/p><p><span style=\"color: #333333;\"><i>La Virgen Mar\u00eda, Pontevedra 10 de diciembre de 1925<\/i><\/span><\/p><p><span style=\"color: #333333;\"><i>\u00a0<\/i><\/span><\/p><p><span style=\"color: #333333;\"><strong>Liberaci\u00f3n del Purgatorio (por llevar el escapulario)<\/strong><\/span><\/p><p><span style=\"color: #333333;\">Esta promesa est\u00e1 unida al escapulario marr\u00f3n*:<\/span><\/p><p style=\"color: #6288c6;\"><span style=\"color: #0000ff;\"><i>\"Quien muera vestido con esta prenda se salvar\u00e1, nunca sufrir\u00e1 los fuegos eternos. Es un signo de salvaci\u00f3n, una salvaguardia en tiempos de peligro, una prenda de paz y alianza eterna.<\/i><\/span><\/p><p style=\"color: #6288c6;\"><span style=\"color: #0000ff;\"><i>Si el d\u00eda de su paso a la otra vida, (<\/i><i>el<\/i><i>\u00a0hijos del Carmelo) son llevados al purgatorio, <b>Ir\u00e9 all\u00ed el s\u00e1bado despu\u00e9s de su muerte y entregar\u00e9 a los que encuentre all\u00ed <\/b>y llevarlos al monte santo y a la vida eterna\".<\/i><\/span><\/p><p style=\"color: #6288c6;\"><i>\u00a0<\/i><\/p><p style=\"color: #6288c6;\"><i style=\"color: #7a7a7a;\">(*) El escapulario es una reducci\u00f3n del h\u00e1bito religioso de los carmelitas, cuya forma y virtudes fueron reveladas a San Sim\u00f3n Stock en el siglo XIII.\u00a0<\/i><i style=\"color: #7a7a7a;\">siglo<\/i><i style=\"color: #7a7a7a;\">. El escapulario es de tela de lana marr\u00f3n. En uno de sus lados suele llevar la Sagrada Cruz.<\/i><i style=\"color: #7a7a7a;\">Coraz\u00f3n<\/i><i style=\"color: #7a7a7a;\">\u00a0y, por otro, Nuestra Se\u00f1ora del Monte Carmelo, llamada as\u00ed por la monta\u00f1a de Palestina.\u00a0<\/i><i style=\"color: #7a7a7a;\">El Papa San P\u00edo X autoriz\u00f3 el uso del escapulario en forma de medalla cuando las circunstancias lo exigieran.\u00a0<\/i><\/p>\t\t\t\t\t\t\t\t<\/div>\n\t\t\t\t<\/div>\n\t\t\t\t\t<\/div>\n\t\t<\/div>\n\t\t\t\t\t<\/div>\n\t\t<\/section>\n\t\t\t\t\t<\/div>\n\t\t<\/div>\n\t\t\t\t\t<\/div>\n\t\t<\/section>\n\t\t\t\t<section class=\"elementor-section elementor-top-section elementor-element elementor-element-1e53515 elementor-section-boxed elementor-section-height-default elementor-section-height-default\" data-id=\"1e53515\" data-element_type=\"section\" data-e-type=\"section\">\n\t\t\t\t\t\t<div class=\"elementor-container elementor-column-gap-default\">\n\t\t\t\t\t<div class=\"elementor-column elementor-col-100 elementor-top-column elementor-element elementor-element-6ae2238\" data-id=\"6ae2238\" data-element_type=\"column\" data-e-type=\"column\">\n\t\t\t<div class=\"elementor-widget-wrap elementor-element-populated\">\n\t\t\t\t\t\t<div class=\"elementor-element elementor-element-293a5eb elementor-widget elementor-widget-heading\" data-id=\"293a5eb\" data-element_type=\"widget\" data-e-type=\"widget\" data-widget_type=\"heading.default\">\n\t\t\t\t<div class=\"elementor-widget-container\">\n\t\t\t\t\t<h2 class=\"elementor-heading-title elementor-size-default\">LAS OTRAS PROMESAS (Sagrado Coraz\u00f3n en Paray-le-Monial)<\/h2>\t\t\t\t<\/div>\n\t\t\t\t<\/div>\n\t\t\t\t\t<\/div>\n\t\t<\/div>\n\t\t\t\t\t<\/div>\n\t\t<\/section>\n\t\t\t\t<section class=\"elementor-section elementor-top-section elementor-element elementor-element-b52b262 elementor-section-boxed elementor-section-height-default elementor-section-height-default\" data-id=\"b52b262\" data-element_type=\"section\" data-e-type=\"section\">\n\t\t\t\t\t\t<div class=\"elementor-container elementor-column-gap-default\">\n\t\t\t\t\t<div class=\"elementor-column elementor-col-100 elementor-top-column elementor-element elementor-element-b3b5428\" data-id=\"b3b5428\" data-element_type=\"column\" data-e-type=\"column\">\n\t\t\t<div class=\"elementor-widget-wrap elementor-element-populated\">\n\t\t\t\t\t\t<section class=\"elementor-section elementor-inner-section elementor-element elementor-element-544df0a elementor-section-boxed elementor-section-height-default elementor-section-height-default\" data-id=\"544df0a\" data-element_type=\"section\" data-e-type=\"section\">\n\t\t\t\t\t\t<div class=\"elementor-container elementor-column-gap-default\">\n\t\t\t\t\t<div class=\"elementor-column elementor-col-50 elementor-inner-column elementor-element elementor-element-96cb533\" data-id=\"96cb533\" data-element_type=\"column\" data-e-type=\"column\">\n\t\t\t<div class=\"elementor-widget-wrap elementor-element-populated\">\n\t\t\t\t\t\t<div class=\"elementor-element elementor-element-8a7590d elementor-widget elementor-widget-text-editor\" data-id=\"8a7590d\" data-element_type=\"widget\" data-e-type=\"widget\" data-widget_type=\"text-editor.default\">\n\t\t\t\t<div class=\"elementor-widget-container\">\n\t\t\t\t\t\t\t\t\t<p><span style=\"color: #616161;\"><strong>Para los fieles<\/strong><\/span><\/p><p><span style=\"color: #616161;\"><strong>\u00a0<\/strong><\/span><\/p><p><span style=\"color: #0000ff;\"><i style=\"font-family: var( --e-global-typography-text-font-family ), Sans-serif; font-size: var( --e-global-typography-text-font-size ); font-weight: var( --e-global-typography-text-font-weight );\">\"Llevar\u00e9 la paz a sus familias.<\/i><\/span><\/p><p><span style=\"color: #0000ff;\"><i>Les dar\u00e9 todas las gracias que necesiten en su condici\u00f3n<\/i><i>.<\/i><\/span><\/p><p><span style=\"color: #0000ff;\"><i>Los consolar\u00e9 en todas sus penas.<\/i><\/span><\/p><p><span style=\"color: #0000ff;\"><i>Ser\u00e9 su refugio seguro en la vida y sobre todo en la muerte.<\/i><\/span><\/p><p><span style=\"color: #0000ff;\"><i>Derramar\u00e9 abundantes bendiciones sobre todos sus esfuerzos.<\/i><\/span><\/p><p><span style=\"color: #0000ff;\"><i>Bendecir\u00e9 las casas donde se exponga y honre la imagen de mi Coraz\u00f3n\".<\/i><\/span><\/p><p><b>\u00a0<\/b><\/p><p><span style=\"color: #616161;\"><b>Para las naciones<\/b><\/span><\/p><p><span style=\"color: #616161;\"><b>\u00a0<\/b><\/span><\/p><p><span style=\"color: #0000ff;\"><i>\u00ab\u00a0Fais savoir au fils a\u00een\u00e9 de mon Sacr\u00e9-C\u0153ur que, comme sa naissance temporelle a \u00e9t\u00e9 obtenue par la d\u00e9votion aux m\u00e9rites de ma Sainte Enfance, de m\u00eame il obtiendra sa naissance de gr\u00e2ce et de gloire \u00e9ternelle par la cons\u00e9cration qu&#8217;il fera de lui-m\u00eame \u00e0 Mon C\u0153ur adorable qui veut triompher du sien et, par son entremise, de celui des grands de la terre. Il veut r\u00e9gner dans son palais, \u00eatre peint dans ses \u00e9tendards et grav\u00e9 dans ses armes, <\/i><b><i>para hacerlos victoriosos sobre todos sus enemigos, derribando a sus pies estas cabezas orgullosas y soberbias, para hacerlo triunfante sobre todos los enemigos de la Santa Iglesia <\/i><\/b><i>\"<\/i><\/span><\/p><p><i>\u00a0<\/i><\/p>\t\t\t\t\t\t\t\t<\/div>\n\t\t\t\t<\/div>\n\t\t\t\t\t<\/div>\n\t\t<\/div>\n\t\t\t\t<div class=\"elementor-column elementor-col-50 elementor-inner-column elementor-element elementor-element-79c2c33\" data-id=\"79c2c33\" data-element_type=\"column\" data-e-type=\"column\">\n\t\t\t<div class=\"elementor-widget-wrap elementor-element-populated\">\n\t\t\t\t\t\t<div class=\"elementor-element elementor-element-751478b elementor-widget elementor-widget-image\" data-id=\"751478b\" data-element_type=\"widget\" data-e-type=\"widget\" data-widget_type=\"image.default\">\n\t\t\t\t<div class=\"elementor-widget-container\">\n\t\t\t\t\t\t\t\t\t\t\t\t\t\t\t<img loading=\"lazy\" decoding=\"async\" width=\"640\" height=\"967\" src=\"https:\/\/salve-corda.org\/wp-content\/uploads\/2024\/03\/76741313-o-678x1024-1.jpg\" class=\"attachment-large size-large wp-image-6795\" alt=\"\" srcset=\"https:\/\/salve-corda.org\/wp-content\/uploads\/2024\/03\/76741313-o-678x1024-1.jpg 678w, https:\/\/salve-corda.org\/wp-content\/uploads\/2024\/03\/76741313-o-678x1024-1-199x300.jpg 199w\" sizes=\"(max-width: 640px) 100vw, 640px\" \/>\t\t\t\t\t\t\t\t\t\t\t\t\t\t\t<\/div>\n\t\t\t\t<\/div>\n\t\t\t\t\t<\/div>\n\t\t<\/div>\n\t\t\t\t\t<\/div>\n\t\t<\/section>\n\t\t\t\t\t<\/div>\n\t\t<\/div>\n\t\t\t\t\t<\/div>\n\t\t<\/section>\n\t\t\t\t<section class=\"elementor-section elementor-top-section elementor-element elementor-element-5e4fce0 elementor-section-boxed elementor-section-height-default elementor-section-height-default\" data-id=\"5e4fce0\" data-element_type=\"section\" data-e-type=\"section\">\n\t\t\t\t\t\t<div class=\"elementor-container elementor-column-gap-default\">\n\t\t\t\t\t<div class=\"elementor-column elementor-col-100 elementor-top-column elementor-element elementor-element-95c39b2\" data-id=\"95c39b2\" data-element_type=\"column\" data-e-type=\"column\">\n\t\t\t<div class=\"elementor-widget-wrap elementor-element-populated\">\n\t\t\t\t\t\t<section class=\"elementor-section elementor-inner-section elementor-element elementor-element-845ee09 elementor-section-boxed elementor-section-height-default elementor-section-height-default\" data-id=\"845ee09\" data-element_type=\"section\" data-e-type=\"section\">\n\t\t\t\t\t\t<div class=\"elementor-container elementor-column-gap-default\">\n\t\t\t\t\t<div class=\"elementor-column elementor-col-50 elementor-inner-column elementor-element elementor-element-53be7ff\" data-id=\"53be7ff\" data-element_type=\"column\" data-e-type=\"column\">\n\t\t\t<div class=\"elementor-widget-wrap elementor-element-populated\">\n\t\t\t\t\t\t<div class=\"elementor-element elementor-element-f55cc9c elementor-widget elementor-widget-image\" data-id=\"f55cc9c\" data-element_type=\"widget\" data-e-type=\"widget\" data-widget_type=\"image.default\">\n\t\t\t\t<div class=\"elementor-widget-container\">\n\t\t\t\t\t\t\t\t\t\t\t\t\t\t\t<img loading=\"lazy\" decoding=\"async\" width=\"640\" height=\"665\" src=\"https:\/\/salve-corda.org\/wp-content\/uploads\/2021\/09\/Sans-titre-8.png\" class=\"attachment-large size-large wp-image-2409\" alt=\"\" srcset=\"https:\/\/salve-corda.org\/wp-content\/uploads\/2021\/09\/Sans-titre-8.png 677w, https:\/\/salve-corda.org\/wp-content\/uploads\/2021\/09\/Sans-titre-8-289x300.png 289w\" sizes=\"(max-width: 640px) 100vw, 640px\" \/>\t\t\t\t\t\t\t\t\t\t\t\t\t\t\t<\/div>\n\t\t\t\t<\/div>\n\t\t\t\t\t<\/div>\n\t\t<\/div>\n\t\t\t\t<div class=\"elementor-column elementor-col-50 elementor-inner-column elementor-element elementor-element-2a10d07\" data-id=\"2a10d07\" data-element_type=\"column\" data-e-type=\"column\">\n\t\t\t<div class=\"elementor-widget-wrap elementor-element-populated\">\n\t\t\t\t\t\t<div class=\"elementor-element elementor-element-401f347 elementor-widget elementor-widget-text-editor\" data-id=\"401f347\" data-element_type=\"widget\" data-e-type=\"widget\" data-widget_type=\"text-editor.default\">\n\t\t\t\t<div class=\"elementor-widget-container\">\n\t\t\t\t\t\t\t\t\t<p><strong><span style=\"color: #696868;\">Por nuestra propia salvaci\u00f3n<\/span><\/strong><\/p>\n<p><strong><span style=\"color: #696868;\">&nbsp;<\/span><\/strong><\/p>\n<p><i>&nbsp;<\/i><i style=\"color: var( --e-global-color-primary ); font-family: var( --e-global-typography-text-font-family ), Sans-serif; font-size: var( --e-global-typography-text-font-size ); font-weight: var( --e-global-typography-text-font-weight );\">\"Los pecadores encontrar\u00e1n en mi Coraz\u00f3n la fuente y el oc\u00e9ano infinito de la misericordia.<\/i><\/p><p><i style=\"color: var( --e-global-color-primary ); font-family: var( --e-global-typography-text-font-family ), Sans-serif; font-size: var( --e-global-typography-text-font-size ); font-weight: var( --e-global-typography-text-font-weight );\"><br><\/i><\/p>\n<p><i>Las almas tibias se volver\u00e1n fervientes.<\/i><\/p>\n<p><i>Las almas fervientes alcanzar\u00e1n una gran perfecci\u00f3n.<\/i><\/p>\n<p><i>Aquellos que difundan esta devoci\u00f3n tendr\u00e1n sus nombres escritos en mi Coraz\u00f3n, donde nunca ser\u00e1n borrados.<\/i><i>.<\/i><\/p><p><i><br><\/i><\/p>\n<p><i>Os prometo, en el exceso de la misericordia de mi Coraz\u00f3n, que mi amor todopoderoso conceder\u00e1 a todos los que comulguen <\/i><i>primeros viernes, <\/i><i>nueve meses seguidos, <\/i><b><i>la gracia de la penitencia final, que<\/i><\/b> <b><i>no morir\u00e9 en mi desgracia<\/i><\/b><i>Estoy seguro de que podr\u00e1n hacerlo sin recibir los sacramentos, y que mi Coraz\u00f3n se convertir\u00e1 en su refugio seguro en esta \u00faltima hora.&nbsp;<\/i><i>\"<\/i><\/p>\n<p><i>&nbsp;<\/i><\/p>\n<p><\/p>\n<p><span style=\"color: #636363;\">Esta \u00faltima promesa para los que hacen los nueve primeros viernes de mes es tambi\u00e9n una gracia incre\u00edble que se nos concede. Muestra el poder que Cristo da a los primeros viernes de mes.<\/span><\/p><p><span style=\"color: #636363;\"><br><\/span><\/p><p><span style=\"color: #636363;\"><br><\/span><\/p><p><span style=\"color: #636363;\"><br><\/span><\/p>\t\t\t\t\t\t\t\t<\/div>\n\t\t\t\t<\/div>\n\t\t\t\t\t<\/div>\n\t\t<\/div>\n\t\t\t\t\t<\/div>\n\t\t<\/section>\n\t\t\t\t\t<\/div>\n\t\t<\/div>\n\t\t\t\t\t<\/div>\n\t\t<\/section>\n\t\t\t\t<\/div>","protected":false},"excerpt":{"rendered":"<p>Las magn\u00edficas promesas si las cumplimos el \"primer s\u00e1bado de mes\" 1\/ REPARAR LOS DA\u00d1OS COMETIDOS CONTRA LOS CORAZONES DE MAR\u00cdA Y JES\u00daS La primera consecuencia es la reparaci\u00f3n efectiva de los [...].<\/p>","protected":false},"author":1,"featured_media":0,"parent":0,"menu_order":0,"comment_status":"closed","ping_status":"closed","template":"elementor_header_footer","meta":{"footnotes":""},"class_list":["post-580","page","type-page","status-publish","hentry"],"_links":{"self":[{"href":"https:\/\/salve-corda.org\/es\/wp-json\/wp\/v2\/pages\/580","targetHints":{"allow":["GET"]}}],"collection":[{"href":"https:\/\/salve-corda.org\/es\/wp-json\/wp\/v2\/pages"}],"about":[{"href":"https:\/\/salve-corda.org\/es\/wp-json\/wp\/v2\/types\/page"}],"author":[{"embeddable":true,"href":"https:\/\/salve-corda.org\/es\/wp-json\/wp\/v2\/users\/1"}],"replies":[{"embeddable":true,"href":"https:\/\/salve-corda.org\/es\/wp-json\/wp\/v2\/comments?post=580"}],"version-history":[{"count":131,"href":"https:\/\/salve-corda.org\/es\/wp-json\/wp\/v2\/pages\/580\/revisions"}],"predecessor-version":[{"id":6801,"href":"https:\/\/salve-corda.org\/es\/wp-json\/wp\/v2\/pages\/580\/revisions\/6801"}],"wp:attachment":[{"href":"https:\/\/salve-corda.org\/es\/wp-json\/wp\/v2\/media?parent=580"}],"curies":[{"name":"wp","href":"https:\/\/api.w.org\/{rel}","templated":true}]}}