{"id":6809,"date":"2024-03-14T10:50:00","date_gmt":"2024-03-14T09:50:00","guid":{"rendered":"https:\/\/salve-corda.org\/?page_id=6809"},"modified":"2025-02-04T11:30:08","modified_gmt":"2025-02-04T10:30:08","slug":"partenaires","status":"publish","type":"page","link":"https:\/\/salve-corda.org\/es\/partenaires\/","title":{"rendered":"Socios"},"content":{"rendered":"<div data-elementor-type=\"wp-page\" data-elementor-id=\"6809\" class=\"elementor elementor-6809\">\n\t\t\t\t\t\t<section class=\"elementor-section elementor-top-section elementor-element elementor-element-45c3852 elementor-section-boxed elementor-section-height-default elementor-section-height-default\" data-id=\"45c3852\" data-element_type=\"section\" data-e-type=\"section\">\n\t\t\t\t\t\t<div class=\"elementor-container elementor-column-gap-default\">\n\t\t\t\t\t<div class=\"elementor-column elementor-col-100 elementor-top-column elementor-element elementor-element-91cc037\" data-id=\"91cc037\" data-element_type=\"column\" data-e-type=\"column\">\n\t\t\t<div class=\"elementor-widget-wrap elementor-element-populated\">\n\t\t\t\t\t\t<div class=\"elementor-element elementor-element-311ac7c elementor-widget elementor-widget-spacer\" data-id=\"311ac7c\" data-element_type=\"widget\" data-e-type=\"widget\" data-widget_type=\"spacer.default\">\n\t\t\t\t<div class=\"elementor-widget-container\">\n\t\t\t\t\t\t\t<div class=\"elementor-spacer\">\n\t\t\t<div class=\"elementor-spacer-inner\"><\/div>\n\t\t<\/div>\n\t\t\t\t\t\t<\/div>\n\t\t\t\t<\/div>\n\t\t\t\t<div class=\"elementor-element elementor-element-0c67695 elementor-widget elementor-widget-heading\" data-id=\"0c67695\" data-element_type=\"widget\" data-e-type=\"widget\" data-widget_type=\"heading.default\">\n\t\t\t\t<div class=\"elementor-widget-container\">\n\t\t\t\t\t<h2 class=\"elementor-heading-title elementor-size-default\">Miembros de L'ALLIANCE 1er s\u00e1bado de cada mes\n<\/h2>\t\t\t\t<\/div>\n\t\t\t\t<\/div>\n\t\t\t\t\t<\/div>\n\t\t<\/div>\n\t\t\t\t\t<\/div>\n\t\t<\/section>\n\t\t\t\t<section class=\"elementor-section elementor-top-section elementor-element elementor-element-5ac8bddd elementor-section-boxed elementor-section-height-default elementor-section-height-default\" data-id=\"5ac8bddd\" data-element_type=\"section\" data-e-type=\"section\" data-settings=\"{&quot;background_background&quot;:&quot;classic&quot;}\">\n\t\t\t\t\t\t<div class=\"elementor-container elementor-column-gap-default\">\n\t\t\t\t\t<div class=\"elementor-column elementor-col-33 elementor-top-column elementor-element elementor-element-69a57b8e\" data-id=\"69a57b8e\" data-element_type=\"column\" data-e-type=\"column\">\n\t\t\t<div class=\"elementor-widget-wrap elementor-element-populated\">\n\t\t\t\t\t\t<div class=\"elementor-element elementor-element-2c7cba6f elementor-widget elementor-widget-image\" data-id=\"2c7cba6f\" data-element_type=\"widget\" data-e-type=\"widget\" data-widget_type=\"image.default\">\n\t\t\t\t<div class=\"elementor-widget-container\">\n\t\t\t\t\t\t\t\t\t\t\t\t\t\t\t<img fetchpriority=\"high\" decoding=\"async\" width=\"531\" height=\"759\" src=\"https:\/\/salve-corda.org\/wp-content\/uploads\/2024\/09\/7routes.png\" class=\"attachment-full size-full wp-image-14950\" alt=\"\" srcset=\"https:\/\/salve-corda.org\/wp-content\/uploads\/2024\/09\/7routes.png 531w, https:\/\/salve-corda.org\/wp-content\/uploads\/2024\/09\/7routes-210x300.png 210w\" sizes=\"(max-width: 531px) 100vw, 531px\" \/>\t\t\t\t\t\t\t\t\t\t\t\t\t\t\t<\/div>\n\t\t\t\t<\/div>\n\t\t\t\t\t<\/div>\n\t\t<\/div>\n\t\t\t\t<div class=\"elementor-column elementor-col-66 elementor-top-column elementor-element elementor-element-6f8bb18b\" data-id=\"6f8bb18b\" data-element_type=\"column\" data-e-type=\"column\">\n\t\t\t<div class=\"elementor-widget-wrap elementor-element-populated\">\n\t\t\t\t\t\t<div class=\"elementor-element elementor-element-7ccb4333 elementor-widget elementor-widget-text-editor\" data-id=\"7ccb4333\" data-element_type=\"widget\" data-e-type=\"widget\" data-widget_type=\"text-editor.default\">\n\t\t\t\t<div class=\"elementor-widget-container\">\n\t\t\t\t\t\t\t\t\t<p>LAS 7 RUTAS DE NOTRE DAME<\/p>\t\t\t\t\t\t\t\t<\/div>\n\t\t\t\t<\/div>\n\t\t\t\t<div class=\"elementor-element elementor-element-57086f0a elementor-widget elementor-widget-text-editor\" data-id=\"57086f0a\" data-element_type=\"widget\" data-e-type=\"widget\" data-widget_type=\"text-editor.default\">\n\t\t\t\t<div class=\"elementor-widget-container\">\n\t\t\t\t\t\t\t\t\t<div><span style=\"color: #333333;\">Casi 5 a\u00f1os despu\u00e9s del incendio de Notre-Dame de Par\u00eds, con ocasi\u00f3n de su renacimiento, demos gracias a Mar\u00eda e invoqu\u00e9mosla por el futuro de Francia y del mundo.<\/span><\/div><div>\u00a0<\/div><p><span style=\"color: #333333;\">\u2713 7 rutas atraviesan Francia<\/span><br \/><span style=\"color: #333333;\">\u2713 7 grandes santos llevados en procesi\u00f3n.<\/span><br \/><span style=\"color: #333333;\">\u2713 Paseo de 7 semanas hasta la Catedral<\/span><br \/><span style=\"color: #333333;\">El 14 de septiembre, procesi\u00f3n por Par\u00eds, seguida de una vigilia con antorchas ante la catedral.\u00a0<\/span><\/p><div><span style=\"color: #333333;\">Le 15 septembre messe d&#8217;action de gr\u00e2ce c\u00e9l\u00e9br\u00e9e par Mgr Aum\u00f4nier, d\u00e9l\u00e9gu\u00e9 de Mgr Ulrich pour la restauration de la cath\u00e9drale, et offrande de statues aux Pompiers de Paris, aux artisans de la cath\u00e9drale, et aux \u00e9v\u00eaques du dioc\u00e8se de Paris<\/span><\/div><div><span style=\"color: #333333;\">Misas celebradas en todo el mundo el 15 de septiembre en comuni\u00f3n con los peregrinos de las 7 rutas del 15 de septiembre.<\/span><\/div><div><br \/><span style=\"color: #333333;\">Cada uno puede caminar el tiempo que quiera:<\/span> <span style=\"color: #333333;\">desde medio d\u00eda hasta 7 semanas<\/span><\/div><div><span style=\"color: #333333;\">Para encontrarnos:<\/span> <span style=\"color: #3366ff;\"><a style=\"color: #3366ff;\" href=\"http:\/\/les7routes.fr\/\">les7routes.fr<\/a><\/span><\/div>\t\t\t\t\t\t\t\t<\/div>\n\t\t\t\t<\/div>\n\t\t\t\t\t<\/div>\n\t\t<\/div>\n\t\t\t\t\t<\/div>\n\t\t<\/section>\n\t\t\t\t<section class=\"elementor-section elementor-top-section elementor-element elementor-element-db5828b elementor-section-boxed elementor-section-height-default elementor-section-height-default\" data-id=\"db5828b\" data-element_type=\"section\" data-e-type=\"section\" data-settings=\"{&quot;background_background&quot;:&quot;classic&quot;}\">\n\t\t\t\t\t\t<div class=\"elementor-container elementor-column-gap-default\">\n\t\t\t\t\t<div class=\"elementor-column elementor-col-33 elementor-top-column elementor-element elementor-element-f05fa2a\" data-id=\"f05fa2a\" data-element_type=\"column\" data-e-type=\"column\">\n\t\t\t<div class=\"elementor-widget-wrap elementor-element-populated\">\n\t\t\t\t\t\t<div class=\"elementor-element elementor-element-90f1677 elementor-widget elementor-widget-image\" data-id=\"90f1677\" data-element_type=\"widget\" data-e-type=\"widget\" data-widget_type=\"image.default\">\n\t\t\t\t<div class=\"elementor-widget-container\">\n\t\t\t\t\t\t\t\t\t\t\t\t\t\t\t<img decoding=\"async\" width=\"474\" height=\"730\" src=\"https:\/\/salve-corda.org\/wp-content\/uploads\/2022\/06\/th-2683710339.jpg\" class=\"attachment-full size-full wp-image-5629\" alt=\"\" srcset=\"https:\/\/salve-corda.org\/wp-content\/uploads\/2022\/06\/th-2683710339.jpg 474w, https:\/\/salve-corda.org\/wp-content\/uploads\/2022\/06\/th-2683710339-195x300.jpg 195w\" sizes=\"(max-width: 474px) 100vw, 474px\" \/>\t\t\t\t\t\t\t\t\t\t\t\t\t\t\t<\/div>\n\t\t\t\t<\/div>\n\t\t\t\t\t<\/div>\n\t\t<\/div>\n\t\t\t\t<div class=\"elementor-column elementor-col-66 elementor-top-column elementor-element elementor-element-974633e\" data-id=\"974633e\" data-element_type=\"column\" data-e-type=\"column\">\n\t\t\t<div class=\"elementor-widget-wrap elementor-element-populated\">\n\t\t\t\t\t\t<div class=\"elementor-element elementor-element-0b58f61 elementor-widget elementor-widget-text-editor\" data-id=\"0b58f61\" data-element_type=\"widget\" data-e-type=\"widget\" data-widget_type=\"text-editor.default\">\n\t\t\t\t<div class=\"elementor-widget-container\">\n\t\t\t\t\t\t\t\t\t<p>FATIMA 100<\/p>\t\t\t\t\t\t\t\t<\/div>\n\t\t\t\t<\/div>\n\t\t\t\t<div class=\"elementor-element elementor-element-efb50ce elementor-widget elementor-widget-text-editor\" data-id=\"efb50ce\" data-element_type=\"widget\" data-e-type=\"widget\" data-widget_type=\"text-editor.default\">\n\t\t\t\t<div class=\"elementor-widget-container\">\n\t\t\t\t\t\t\t\t\t<p><span style=\"color: #6288c6;\"><span style=\"color: #333333;\"><span style=\"font-family: 'Open Sans'; font-size: 18px;\">El sitio web <span style=\"color: #333333;\"><a style=\"color: #333333;\" href=\"https:\/\/www.fatima100.fr\/\" target=\"_blank\" rel=\"noopener\"><strong>F\u00e1tima 100<\/strong><\/a><\/span>, cr\u00e9\u00e9 lors du centenaire des apparitions de Fatima en 2017, a rejoint l&#8217;Alliance Salve Corda. R\u00e9alis\u00e9 par un des plus grands sp\u00e9cialistes de Fatima, auteur de nombreux livres sur les apparitions, les messages, la cons\u00e9cration de la Russie, ce site remarquablement document\u00e9 permet d&#8217;<\/span>approfondir l&#8217;histoire et le message de Fatima. <\/span><span style=\"color: #1b3dba;\"><i><a style=\"color: #1b3dba;\" href=\"https:\/\/www.fatima100.fr\/\" target=\"_blank\" rel=\"noopener\"><u>www. fatima100.fr<\/u><\/a><\/i><\/span><\/span><\/p>\t\t\t\t\t\t\t\t<\/div>\n\t\t\t\t<\/div>\n\t\t\t\t\t<\/div>\n\t\t<\/div>\n\t\t\t\t\t<\/div>\n\t\t<\/section>\n\t\t\t\t<section class=\"elementor-section elementor-top-section elementor-element elementor-element-44513257 elementor-section-boxed elementor-section-height-default elementor-section-height-default\" data-id=\"44513257\" data-element_type=\"section\" data-e-type=\"section\" data-settings=\"{&quot;background_background&quot;:&quot;classic&quot;}\">\n\t\t\t\t\t\t<div class=\"elementor-container elementor-column-gap-default\">\n\t\t\t\t\t<div class=\"elementor-column elementor-col-33 elementor-top-column elementor-element elementor-element-7a555534\" data-id=\"7a555534\" data-element_type=\"column\" data-e-type=\"column\">\n\t\t\t<div class=\"elementor-widget-wrap elementor-element-populated\">\n\t\t\t\t\t\t<div class=\"elementor-element elementor-element-267842db elementor-widget elementor-widget-image\" data-id=\"267842db\" data-element_type=\"widget\" data-e-type=\"widget\" data-widget_type=\"image.default\">\n\t\t\t\t<div class=\"elementor-widget-container\">\n\t\t\t\t\t\t\t\t\t\t\t\t\t\t\t<img decoding=\"async\" width=\"474\" height=\"474\" src=\"https:\/\/salve-corda.org\/wp-content\/uploads\/2024\/03\/th-2719812374.jpg\" class=\"attachment-large size-large wp-image-6550\" alt=\"\" srcset=\"https:\/\/salve-corda.org\/wp-content\/uploads\/2024\/03\/th-2719812374.jpg 474w, https:\/\/salve-corda.org\/wp-content\/uploads\/2024\/03\/th-2719812374-300x300.jpg 300w, https:\/\/salve-corda.org\/wp-content\/uploads\/2024\/03\/th-2719812374-150x150.jpg 150w, https:\/\/salve-corda.org\/wp-content\/uploads\/2024\/03\/th-2719812374-100x100.jpg 100w\" sizes=\"(max-width: 474px) 100vw, 474px\" \/>\t\t\t\t\t\t\t\t\t\t\t\t\t\t\t<\/div>\n\t\t\t\t<\/div>\n\t\t\t\t\t<\/div>\n\t\t<\/div>\n\t\t\t\t<div class=\"elementor-column elementor-col-66 elementor-top-column elementor-element elementor-element-15d9c204\" data-id=\"15d9c204\" data-element_type=\"column\" data-e-type=\"column\">\n\t\t\t<div class=\"elementor-widget-wrap elementor-element-populated\">\n\t\t\t\t\t\t<div class=\"elementor-element elementor-element-75ef39dc elementor-widget elementor-widget-text-editor\" data-id=\"75ef39dc\" data-element_type=\"widget\" data-e-type=\"widget\" data-widget_type=\"text-editor.default\">\n\t\t\t\t<div class=\"elementor-widget-container\">\n\t\t\t\t\t\t\t\t\t<p>Notre Dame de Chr\u00e9tient\u00e9<\/p>\t\t\t\t\t\t\t\t<\/div>\n\t\t\t\t<\/div>\n\t\t\t\t<div class=\"elementor-element elementor-element-2294642 elementor-widget elementor-widget-text-editor\" data-id=\"2294642\" data-element_type=\"widget\" data-e-type=\"widget\" data-widget_type=\"text-editor.default\">\n\t\t\t\t<div class=\"elementor-widget-container\">\n\t\t\t\t\t\t\t\t\t<p><span style=\"color: #333333;\"><b>Notre-Dame de Chr\u00e9tient\u00e9 <\/b>es una asociaci\u00f3n independiente de voluntarios laicos, que promueve el cristianismo entendido como la realizaci\u00f3n, en la vida de la ciudad, de la \"realeza de Cristo sobre toda la creaci\u00f3n y, en particular, sobre las sociedades humanas\" (Catecismo de la Iglesia Cat\u00f3lica).<\/span><\/p><p><span style=\"color: #333333;\">L&#8217;Association poursuit une \u0153uvre missionnaire, effectue des formations, et r\u00e9alise le plus important des p\u00e8lerinages mobiles d\u2019Europe: le p\u00e8lerinage de la Pentec\u00f4te \u00e0 Chartres.<\/span><span style=\"color: #333333;\">\u00a0<\/span><span style=\"text-decoration: underline;\"><em><span style=\"color: #3366ff;\"><a style=\"color: #3366ff; text-decoration: underline;\" href=\"http:\/\/www.nd-chretiente.com\">http:\/\/www.nd-chretiente.com<\/a><\/span><\/em><\/span><\/p>\t\t\t\t\t\t\t\t<\/div>\n\t\t\t\t<\/div>\n\t\t\t\t\t<\/div>\n\t\t<\/div>\n\t\t\t\t\t<\/div>\n\t\t<\/section>\n\t\t\t\t<section class=\"elementor-section elementor-top-section elementor-element elementor-element-1aa7ee25 elementor-section-boxed elementor-section-height-default elementor-section-height-default\" data-id=\"1aa7ee25\" data-element_type=\"section\" data-e-type=\"section\" data-settings=\"{&quot;background_background&quot;:&quot;classic&quot;}\">\n\t\t\t\t\t\t<div class=\"elementor-container elementor-column-gap-default\">\n\t\t\t\t\t<div class=\"elementor-column elementor-col-33 elementor-top-column elementor-element elementor-element-763a06ae\" data-id=\"763a06ae\" data-element_type=\"column\" data-e-type=\"column\">\n\t\t\t<div class=\"elementor-widget-wrap elementor-element-populated\">\n\t\t\t\t\t\t<div class=\"elementor-element elementor-element-7c8a7ab1 elementor-widget elementor-widget-image\" data-id=\"7c8a7ab1\" data-element_type=\"widget\" data-e-type=\"widget\" data-widget_type=\"image.default\">\n\t\t\t\t<div class=\"elementor-widget-container\">\n\t\t\t\t\t\t\t\t\t\t\t\t\t\t\t<img loading=\"lazy\" decoding=\"async\" width=\"926\" height=\"1234\" src=\"https:\/\/salve-corda.org\/wp-content\/uploads\/2022\/10\/Le-Puy-en-Velay-copie.jpg\" class=\"attachment-full size-full wp-image-5703\" alt=\"\" srcset=\"https:\/\/salve-corda.org\/wp-content\/uploads\/2022\/10\/Le-Puy-en-Velay-copie.jpg 926w, https:\/\/salve-corda.org\/wp-content\/uploads\/2022\/10\/Le-Puy-en-Velay-copie-225x300.jpg 225w, https:\/\/salve-corda.org\/wp-content\/uploads\/2022\/10\/Le-Puy-en-Velay-copie-768x1023.jpg 768w\" sizes=\"(max-width: 926px) 100vw, 926px\" \/>\t\t\t\t\t\t\t\t\t\t\t\t\t\t\t<\/div>\n\t\t\t\t<\/div>\n\t\t\t\t\t<\/div>\n\t\t<\/div>\n\t\t\t\t<div class=\"elementor-column elementor-col-66 elementor-top-column elementor-element elementor-element-5e1a5d4c\" data-id=\"5e1a5d4c\" data-element_type=\"column\" data-e-type=\"column\">\n\t\t\t<div class=\"elementor-widget-wrap elementor-element-populated\">\n\t\t\t\t\t\t<div class=\"elementor-element elementor-element-544036aa elementor-widget elementor-widget-text-editor\" data-id=\"544036aa\" data-element_type=\"widget\" data-e-type=\"widget\" data-widget_type=\"text-editor.default\">\n\t\t\t\t<div class=\"elementor-widget-container\">\n\t\t\t\t\t\t\t\t\t<p>Sitio web de Notre Dame de France<\/p>\t\t\t\t\t\t\t\t<\/div>\n\t\t\t\t<\/div>\n\t\t\t\t<div class=\"elementor-element elementor-element-3bc58036 elementor-widget elementor-widget-text-editor\" data-id=\"3bc58036\" data-element_type=\"widget\" data-e-type=\"widget\" data-widget_type=\"text-editor.default\">\n\t\t\t\t<div class=\"elementor-widget-container\">\n\t\t\t\t\t\t\t\t\t<p><span style=\"color: #6288c6;\"><span style=\"color: #333333;\"><span style=\"font-family: 'Open Sans'; font-size: 18px;\"><b>Notre Dame de France<\/b> es la estatua de la Virgen Mar\u00eda m\u00e1s grande de Francia. <\/span><\/span><\/span><span style=\"color: #6288c6;\"><span style=\"color: #333333;\"><span style=\"font-family: 'Open Sans'; font-size: 18px;\">Se construy\u00f3 en 1860\u00a0<\/span><\/span><\/span><span style=\"color: #333333; font-family: 'Open Sans'; font-size: 18px;\">con el metal de los ca\u00f1ones rusos, una verdadera premonici\u00f3n de F\u00e1tima.\u00a0<\/span><span style=\"color: #6288c6;\"><span style=\"color: #333333;\"><span style=\"font-family: 'Open Sans'; font-size: 18px;\">Se encuentra en\u00a0<\/span><\/span><\/span><span style=\"color: #333333; font-family: 'Open Sans'; font-size: 18px;\">Le Puy en Velay, lugar de la 1\u00aa manifestaci\u00f3n de la Sant\u00edsima Virgen en la tierra tras su Asunci\u00f3n (a\u00f1o 80)<\/span><span style=\"color: #333333;\">. El sitio web<\/span><span style=\"color: #333333; font-family: 'Open Sans'; font-size: 18px;\">\u00a0Notre-Dame-de-France<\/span><span style=\"color: #333333;\"><span style=\"font-family: 'Open Sans'; font-size: 18px;\">\u00a0se cre\u00f3 durante el jubileo de Le Puy en Velay en 2016 como recordatorio de su importancia.<\/span>.\u00a0\u00a0<span style=\"text-decoration: underline;\"><em><span style=\"color: #3366ff;\"><a style=\"color: #3366ff; text-decoration: underline;\" href=\"http:\/\/www.notre-dame-de-france.org\">http:\/\/www.notre-dame-de-france.org<\/a><\/span><\/em><\/span><\/span><\/p>\t\t\t\t\t\t\t\t<\/div>\n\t\t\t\t<\/div>\n\t\t\t\t\t<\/div>\n\t\t<\/div>\n\t\t\t\t\t<\/div>\n\t\t<\/section>\n\t\t\t\t<section class=\"elementor-section elementor-top-section elementor-element elementor-element-2917cbe5 elementor-section-boxed elementor-section-height-default elementor-section-height-default\" data-id=\"2917cbe5\" data-element_type=\"section\" data-e-type=\"section\" data-settings=\"{&quot;background_background&quot;:&quot;classic&quot;}\">\n\t\t\t\t\t\t<div class=\"elementor-container elementor-column-gap-default\">\n\t\t\t\t\t<div class=\"elementor-column elementor-col-33 elementor-top-column elementor-element elementor-element-2c92de33\" data-id=\"2c92de33\" data-element_type=\"column\" data-e-type=\"column\">\n\t\t\t<div class=\"elementor-widget-wrap elementor-element-populated\">\n\t\t\t\t\t\t<div class=\"elementor-element elementor-element-1dfc233b elementor-widget elementor-widget-image\" data-id=\"1dfc233b\" data-element_type=\"widget\" data-e-type=\"widget\" data-widget_type=\"image.default\">\n\t\t\t\t<div class=\"elementor-widget-container\">\n\t\t\t\t\t\t\t\t\t\t\t\t\t\t\t<img loading=\"lazy\" decoding=\"async\" width=\"505\" height=\"695\" src=\"https:\/\/salve-corda.org\/wp-content\/uploads\/2024\/03\/logo-crusade.png\" class=\"attachment-full size-full wp-image-6551\" alt=\"\" srcset=\"https:\/\/salve-corda.org\/wp-content\/uploads\/2024\/03\/logo-crusade.png 505w, https:\/\/salve-corda.org\/wp-content\/uploads\/2024\/03\/logo-crusade-218x300.png 218w\" sizes=\"(max-width: 505px) 100vw, 505px\" \/>\t\t\t\t\t\t\t\t\t\t\t\t\t\t\t<\/div>\n\t\t\t\t<\/div>\n\t\t\t\t\t<\/div>\n\t\t<\/div>\n\t\t\t\t<div class=\"elementor-column elementor-col-66 elementor-top-column elementor-element elementor-element-2cf891e3\" data-id=\"2cf891e3\" data-element_type=\"column\" data-e-type=\"column\">\n\t\t\t<div class=\"elementor-widget-wrap elementor-element-populated\">\n\t\t\t\t\t\t<div class=\"elementor-element elementor-element-77d19336 elementor-widget elementor-widget-text-editor\" data-id=\"77d19336\" data-element_type=\"widget\" data-e-type=\"widget\" data-widget_type=\"text-editor.default\">\n\t\t\t\t<div class=\"elementor-widget-container\">\n\t\t\t\t\t\t\t\t\t<p>Cruzada espiritual<\/p>\t\t\t\t\t\t\t\t<\/div>\n\t\t\t\t<\/div>\n\t\t\t\t<div class=\"elementor-element elementor-element-63f6bf9a elementor-widget elementor-widget-text-editor\" data-id=\"63f6bf9a\" data-element_type=\"widget\" data-e-type=\"widget\" data-widget_type=\"text-editor.default\">\n\t\t\t\t<div class=\"elementor-widget-container\">\n\t\t\t\t\t\t\t\t\t<p><span style=\"color: #333333; font-family: Open Sans; font-size: large;\"><b>Cruzada espiritual<\/b> est l&#8217;organisation destin\u00e9e \u00e0 r\u00e9aliser en 2024 une croisade de rosaires et de 1er samedi du mois lanc\u00e9e par Monseigneur Athanasius Schneider \u00e9v\u00eaque auxiliaire de l&#8217;archi\u00a0<span style=\"caret-color: #333333;\">di\u00f3cesis<\/span>\u00a0d&#8217;Astana au Kazakhstan<\/span><span style=\"color: #333333;\">\u00a0\u00a0<\/span><span style=\"color: #1b3dba;\"><i><u style=\"color: #1b3dba;\"><a style=\"color: #1b3dba;\" href=\"https:\/\/www.unavoce.fr\" target=\"_blank\" rel=\"noopener\">www.\u00a0<\/a>spiritualcrusade<\/u><u>.org<\/u><\/i><\/span><\/p>\t\t\t\t\t\t\t\t<\/div>\n\t\t\t\t<\/div>\n\t\t\t\t\t<\/div>\n\t\t<\/div>\n\t\t\t\t\t<\/div>\n\t\t<\/section>\n\t\t\t\t<section class=\"elementor-section elementor-top-section elementor-element elementor-element-3773cefc elementor-section-boxed elementor-section-height-default elementor-section-height-default\" data-id=\"3773cefc\" data-element_type=\"section\" data-e-type=\"section\" data-settings=\"{&quot;background_background&quot;:&quot;classic&quot;}\">\n\t\t\t\t\t\t<div class=\"elementor-container elementor-column-gap-default\">\n\t\t\t\t\t<div class=\"elementor-column elementor-col-33 elementor-top-column elementor-element elementor-element-dca9067\" data-id=\"dca9067\" data-element_type=\"column\" data-e-type=\"column\">\n\t\t\t<div class=\"elementor-widget-wrap elementor-element-populated\">\n\t\t\t\t\t\t<div class=\"elementor-element elementor-element-6a8eeeeb elementor-widget elementor-widget-image\" data-id=\"6a8eeeeb\" data-element_type=\"widget\" data-e-type=\"widget\" data-widget_type=\"image.default\">\n\t\t\t\t<div class=\"elementor-widget-container\">\n\t\t\t\t\t\t\t\t\t\t\t\t\t\t\t<img loading=\"lazy\" decoding=\"async\" width=\"260\" height=\"221\" src=\"https:\/\/salve-corda.org\/wp-content\/uploads\/2023\/10\/hozana.png\" class=\"attachment-full size-full wp-image-6502\" alt=\"\" \/>\t\t\t\t\t\t\t\t\t\t\t\t\t\t\t<\/div>\n\t\t\t\t<\/div>\n\t\t\t\t\t<\/div>\n\t\t<\/div>\n\t\t\t\t<div class=\"elementor-column elementor-col-66 elementor-top-column elementor-element elementor-element-7948713\" data-id=\"7948713\" data-element_type=\"column\" data-e-type=\"column\">\n\t\t\t<div class=\"elementor-widget-wrap elementor-element-populated\">\n\t\t\t\t\t\t<div class=\"elementor-element elementor-element-5e62bb08 elementor-widget elementor-widget-text-editor\" data-id=\"5e62bb08\" data-element_type=\"widget\" data-e-type=\"widget\" data-widget_type=\"text-editor.default\">\n\t\t\t\t<div class=\"elementor-widget-container\">\n\t\t\t\t\t\t\t\t\t<p>Hozana<\/p>\t\t\t\t\t\t\t\t<\/div>\n\t\t\t\t<\/div>\n\t\t\t\t<div class=\"elementor-element elementor-element-1f50853f elementor-widget elementor-widget-text-editor\" data-id=\"1f50853f\" data-element_type=\"widget\" data-e-type=\"widget\" data-widget_type=\"text-editor.default\">\n\t\t\t\t<div class=\"elementor-widget-container\">\n\t\t\t\t\t\t\t\t\t<p><span style=\"color: #333333;\"><b>Hozana<\/b> est un r\u00e9seau social de pri\u00e8re qui permet de cr\u00e9er ou rejoindre des communaut\u00e9s de pri\u00e8re en ligne autour de propositions spirituelles, sur le site Hozana.org et l&#8217;appli Hozana. Notre mission est de rassembler le monde dans la pri\u00e8re, par Internet !\u00a0 <em><span style=\"text-decoration: underline;\"><span style=\"color: #3366ff;\"><a style=\"color: #3366ff; text-decoration: underline;\" href=\"http:\/\/www.hozana.org\">http:\/\/www.hozana.org<\/a><\/span><\/span><\/em><\/span><\/p>\t\t\t\t\t\t\t\t<\/div>\n\t\t\t\t<\/div>\n\t\t\t\t\t<\/div>\n\t\t<\/div>\n\t\t\t\t\t<\/div>\n\t\t<\/section>\n\t\t\t\t<section class=\"elementor-section elementor-top-section elementor-element elementor-element-7e6162e2 elementor-section-boxed elementor-section-height-default elementor-section-height-default\" data-id=\"7e6162e2\" data-element_type=\"section\" data-e-type=\"section\" data-settings=\"{&quot;background_background&quot;:&quot;classic&quot;}\">\n\t\t\t\t\t\t<div class=\"elementor-container elementor-column-gap-default\">\n\t\t\t\t\t<div class=\"elementor-column elementor-col-33 elementor-top-column elementor-element elementor-element-7bedf4f5\" data-id=\"7bedf4f5\" data-element_type=\"column\" data-e-type=\"column\">\n\t\t\t<div class=\"elementor-widget-wrap elementor-element-populated\">\n\t\t\t\t\t\t<div class=\"elementor-element elementor-element-5cff89bf elementor-widget elementor-widget-image\" data-id=\"5cff89bf\" data-element_type=\"widget\" data-e-type=\"widget\" data-widget_type=\"image.default\">\n\t\t\t\t<div class=\"elementor-widget-container\">\n\t\t\t\t\t\t\t\t\t\t\t\t\t\t\t<img loading=\"lazy\" decoding=\"async\" width=\"254\" height=\"351\" src=\"https:\/\/salve-corda.org\/wp-content\/uploads\/2022\/10\/una-voce-logo.png\" class=\"attachment-full size-full wp-image-5704\" alt=\"\" srcset=\"https:\/\/salve-corda.org\/wp-content\/uploads\/2022\/10\/una-voce-logo.png 254w, https:\/\/salve-corda.org\/wp-content\/uploads\/2022\/10\/una-voce-logo-217x300.png 217w\" sizes=\"(max-width: 254px) 100vw, 254px\" \/>\t\t\t\t\t\t\t\t\t\t\t\t\t\t\t<\/div>\n\t\t\t\t<\/div>\n\t\t\t\t\t<\/div>\n\t\t<\/div>\n\t\t\t\t<div class=\"elementor-column elementor-col-66 elementor-top-column elementor-element elementor-element-6c2a22a7\" data-id=\"6c2a22a7\" data-element_type=\"column\" data-e-type=\"column\">\n\t\t\t<div class=\"elementor-widget-wrap elementor-element-populated\">\n\t\t\t\t\t\t<div class=\"elementor-element elementor-element-17a416e6 elementor-widget elementor-widget-text-editor\" data-id=\"17a416e6\" data-element_type=\"widget\" data-e-type=\"widget\" data-widget_type=\"text-editor.default\">\n\t\t\t\t<div class=\"elementor-widget-container\">\n\t\t\t\t\t\t\t\t\t<p>Una Voce<\/p>\t\t\t\t\t\t\t\t<\/div>\n\t\t\t\t<\/div>\n\t\t\t\t<div class=\"elementor-element elementor-element-493081f6 elementor-widget elementor-widget-text-editor\" data-id=\"493081f6\" data-element_type=\"widget\" data-e-type=\"widget\" data-widget_type=\"text-editor.default\">\n\t\t\t\t<div class=\"elementor-widget-container\">\n\t\t\t\t\t\t\t\t\t<p><span style=\"color: #6288c6;\"><span style=\"color: #333333;\"><span style=\"font-family: 'Open Sans'; font-size: 18px;\">La Federaci\u00f3n Internacional\u00a0<b>Una Voce<\/b>, a \u00e9t\u00e9 fond\u00e9e en 1964. C&#8217;est une oeuvre pour promouvoir la musique sacr\u00e9, le chant gr\u00e9gorien et la polyphonie. Una Voce est\u00a0 pr\u00e9sent dans 53 pays dans le monde et \u00e9dite une revue bimestrielle.<\/span>\u00a0 \u00a0<\/span><span style=\"color: #1b3dba;\"><i><a style=\"color: #1b3dba;\" href=\"https:\/\/www.unavoce.fr\" target=\"_blank\" rel=\"noopener\"><u>www.\u00a0<\/u><\/a><u>unavoce.org<\/u><\/i><\/span><\/span><\/p>\t\t\t\t\t\t\t\t<\/div>\n\t\t\t\t<\/div>\n\t\t\t\t\t<\/div>\n\t\t<\/div>\n\t\t\t\t\t<\/div>\n\t\t<\/section>\n\t\t\t\t<section class=\"elementor-section elementor-top-section elementor-element elementor-element-5fda53af elementor-section-boxed elementor-section-height-default elementor-section-height-default\" data-id=\"5fda53af\" data-element_type=\"section\" data-e-type=\"section\" data-settings=\"{&quot;background_background&quot;:&quot;classic&quot;}\">\n\t\t\t\t\t\t<div class=\"elementor-container elementor-column-gap-default\">\n\t\t\t\t\t<div class=\"elementor-column elementor-col-33 elementor-top-column elementor-element elementor-element-795dfcbb\" data-id=\"795dfcbb\" data-element_type=\"column\" data-e-type=\"column\">\n\t\t\t<div class=\"elementor-widget-wrap elementor-element-populated\">\n\t\t\t\t\t\t<div class=\"elementor-element elementor-element-7a8004e9 elementor-widget elementor-widget-image\" data-id=\"7a8004e9\" data-element_type=\"widget\" data-e-type=\"widget\" data-widget_type=\"image.default\">\n\t\t\t\t<div class=\"elementor-widget-container\">\n\t\t\t\t\t\t\t\t\t\t\t\t\t\t\t<img loading=\"lazy\" decoding=\"async\" width=\"233\" height=\"363\" src=\"https:\/\/salve-corda.org\/wp-content\/uploads\/2022\/10\/france-rosaire.png\" class=\"attachment-full size-full wp-image-5706\" alt=\"\" srcset=\"https:\/\/salve-corda.org\/wp-content\/uploads\/2022\/10\/france-rosaire.png 233w, https:\/\/salve-corda.org\/wp-content\/uploads\/2022\/10\/france-rosaire-193x300.png 193w\" sizes=\"(max-width: 233px) 100vw, 233px\" \/>\t\t\t\t\t\t\t\t\t\t\t\t\t\t\t<\/div>\n\t\t\t\t<\/div>\n\t\t\t\t\t<\/div>\n\t\t<\/div>\n\t\t\t\t<div class=\"elementor-column elementor-col-66 elementor-top-column elementor-element elementor-element-676e84f5\" data-id=\"676e84f5\" data-element_type=\"column\" data-e-type=\"column\">\n\t\t\t<div class=\"elementor-widget-wrap elementor-element-populated\">\n\t\t\t\t\t\t<div class=\"elementor-element elementor-element-679ef7c elementor-widget elementor-widget-text-editor\" data-id=\"679ef7c\" data-element_type=\"widget\" data-e-type=\"widget\" data-widget_type=\"text-editor.default\">\n\t\t\t\t<div class=\"elementor-widget-container\">\n\t\t\t\t\t\t\t\t\t<p>Francia Rosaire<\/p>\t\t\t\t\t\t\t\t<\/div>\n\t\t\t\t<\/div>\n\t\t\t\t<div class=\"elementor-element elementor-element-3d6c138 elementor-widget elementor-widget-text-editor\" data-id=\"3d6c138\" data-element_type=\"widget\" data-e-type=\"widget\" data-widget_type=\"text-editor.default\">\n\t\t\t\t<div class=\"elementor-widget-container\">\n\t\t\t\t\t\t\t\t\t<div><span style=\"color: #333333;\"><strong>Francia Rosaire<\/strong> es un grupo de laicos que desean fomentar y propagar el rezo del Rosario en Francia y responder al llamamiento del Papa Juan Pablo II en Le Bourget el 1 de junio de 1980 \"Francia, hija mayor de la Iglesia, \u00bferes fiel a las promesas de tu bautismo? France Rosaire hace un llamamiento para que la gente se una al rezo del Rosario todos los s\u00e1bados (y, por tanto, tambi\u00e9n los primeros s\u00e1bados de mes).<\/span><span style=\"color: #6288c6;\"><span style=\"color: #333333;\">\u00a0<\/span><span style=\"color: #1b3dba;\"><i><a style=\"color: #1b3dba;\" href=\"https:\/\/www.francerosaire.org\" target=\"_blank\" rel=\"noopener\"><u>www.francerosaire.org<\/u><\/a><\/i><\/span><\/span><\/div>\t\t\t\t\t\t\t\t<\/div>\n\t\t\t\t<\/div>\n\t\t\t\t\t<\/div>\n\t\t<\/div>\n\t\t\t\t\t<\/div>\n\t\t<\/section>\n\t\t\t\t<section class=\"elementor-section elementor-top-section elementor-element elementor-element-173839a3 elementor-section-boxed elementor-section-height-default elementor-section-height-default\" data-id=\"173839a3\" data-element_type=\"section\" data-e-type=\"section\" data-settings=\"{&quot;background_background&quot;:&quot;classic&quot;}\">\n\t\t\t\t\t\t<div class=\"elementor-container elementor-column-gap-default\">\n\t\t\t\t\t<div class=\"elementor-column elementor-col-100 elementor-top-column elementor-element elementor-element-7260b46e\" data-id=\"7260b46e\" data-element_type=\"column\" data-e-type=\"column\">\n\t\t\t<div class=\"elementor-widget-wrap elementor-element-populated\">\n\t\t\t\t\t\t<div class=\"elementor-element elementor-element-3e3f0dc6 elementor-align-center elementor-widget elementor-widget-button\" data-id=\"3e3f0dc6\" data-element_type=\"widget\" data-e-type=\"widget\" data-widget_type=\"button.default\">\n\t\t\t\t<div class=\"elementor-widget-container\">\n\t\t\t\t\t\t\t\t\t<div class=\"elementor-button-wrapper\">\n\t\t\t\t\t<a class=\"elementor-button elementor-button-link elementor-size-sm elementor-animation-bounce-in\" href=\"https:\/\/salve-corda.org\/es\/contact\/\">\n\t\t\t\t\t\t<span class=\"elementor-button-content-wrapper\">\n\t\t\t\t\t\t\t\t\t<span class=\"elementor-button-text\">\u00danete a nosotros<\/span>\n\t\t\t\t\t<\/span>\n\t\t\t\t\t<\/a>\n\t\t\t\t<\/div>\n\t\t\t\t\t\t\t\t<\/div>\n\t\t\t\t<\/div>\n\t\t\t\t\t<\/div>\n\t\t<\/div>\n\t\t\t\t\t<\/div>\n\t\t<\/section>\n\t\t\t\t<\/div>","protected":false},"excerpt":{"rendered":"<p>Membres de L&#8217;ALLIANCE 1ers samedis du mois LES 7 ROUTES DE NOTRE DAME Pr\u00e8s de 5 ans apr\u00e8s l\u2019incendie de Notre-Dame de Paris, \u00e0 l\u2019occasion de sa renaissance, remercions Marie et invoquons-la pour [&hellip;]<\/p>","protected":false},"author":2,"featured_media":0,"parent":0,"menu_order":0,"comment_status":"closed","ping_status":"closed","template":"elementor_header_footer","meta":{"footnotes":""},"class_list":["post-6809","page","type-page","status-publish","hentry"],"_links":{"self":[{"href":"https:\/\/salve-corda.org\/es\/wp-json\/wp\/v2\/pages\/6809","targetHints":{"allow":["GET"]}}],"collection":[{"href":"https:\/\/salve-corda.org\/es\/wp-json\/wp\/v2\/pages"}],"about":[{"href":"https:\/\/salve-corda.org\/es\/wp-json\/wp\/v2\/types\/page"}],"author":[{"embeddable":true,"href":"https:\/\/salve-corda.org\/es\/wp-json\/wp\/v2\/users\/2"}],"replies":[{"embeddable":true,"href":"https:\/\/salve-corda.org\/es\/wp-json\/wp\/v2\/comments?post=6809"}],"version-history":[{"count":25,"href":"https:\/\/salve-corda.org\/es\/wp-json\/wp\/v2\/pages\/6809\/revisions"}],"predecessor-version":[{"id":17308,"href":"https:\/\/salve-corda.org\/es\/wp-json\/wp\/v2\/pages\/6809\/revisions\/17308"}],"wp:attachment":[{"href":"https:\/\/salve-corda.org\/es\/wp-json\/wp\/v2\/media?parent=6809"}],"curies":[{"name":"wp","href":"https:\/\/api.w.org\/{rel}","templated":true}]}}