{"id":9194,"date":"2024-03-27T02:57:51","date_gmt":"2024-03-27T01:57:51","guid":{"rendered":"https:\/\/salve-corda.org\/?page_id=9194"},"modified":"2024-03-27T03:42:03","modified_gmt":"2024-03-27T02:42:03","slug":"que-faire-si-pas-de-messe-le-samedi-matin","status":"publish","type":"page","link":"https:\/\/salve-corda.org\/es\/que-faire-si-pas-de-messe-le-samedi-matin\/","title":{"rendered":"\u00bfY si no hay misa el s\u00e1bado por la ma\u00f1ana?"},"content":{"rendered":"<div data-elementor-type=\"wp-page\" data-elementor-id=\"9194\" class=\"elementor elementor-9194\">\n\t\t\t\t\t\t<section class=\"elementor-section elementor-top-section elementor-element elementor-element-03829f4 elementor-section-boxed elementor-section-height-default elementor-section-height-default\" data-id=\"03829f4\" data-element_type=\"section\" data-e-type=\"section\">\n\t\t\t\t\t\t<div class=\"elementor-container elementor-column-gap-default\">\n\t\t\t\t\t<div class=\"elementor-column elementor-col-100 elementor-top-column elementor-element elementor-element-e6bde18\" data-id=\"e6bde18\" data-element_type=\"column\" data-e-type=\"column\">\n\t\t\t<div class=\"elementor-widget-wrap\">\n\t\t\t\t\t\t\t<\/div>\n\t\t<\/div>\n\t\t\t\t\t<\/div>\n\t\t<\/section>\n\t\t\t\t<section class=\"elementor-section elementor-top-section elementor-element elementor-element-e20f0f0 elementor-section-boxed elementor-section-height-default elementor-section-height-default\" data-id=\"e20f0f0\" data-element_type=\"section\" data-e-type=\"section\">\n\t\t\t\t\t\t<div class=\"elementor-container elementor-column-gap-default\">\n\t\t\t\t\t<div class=\"elementor-column elementor-col-100 elementor-top-column elementor-element elementor-element-5eb62ff\" data-id=\"5eb62ff\" data-element_type=\"column\" data-e-type=\"column\">\n\t\t\t<div class=\"elementor-widget-wrap elementor-element-populated\">\n\t\t\t\t\t\t<div class=\"elementor-element elementor-element-102c535 elementor-widget elementor-widget-spacer\" data-id=\"102c535\" data-element_type=\"widget\" data-e-type=\"widget\" data-widget_type=\"spacer.default\">\n\t\t\t\t<div class=\"elementor-widget-container\">\n\t\t\t\t\t\t\t<div class=\"elementor-spacer\">\n\t\t\t<div class=\"elementor-spacer-inner\"><\/div>\n\t\t<\/div>\n\t\t\t\t\t\t<\/div>\n\t\t\t\t<\/div>\n\t\t\t\t<div class=\"elementor-element elementor-element-1920d56 elementor-widget elementor-widget-heading\" data-id=\"1920d56\" data-element_type=\"widget\" data-e-type=\"widget\" data-widget_type=\"heading.default\">\n\t\t\t\t<div class=\"elementor-widget-container\">\n\t\t\t\t\t<h2 class=\"elementor-heading-title elementor-size-default\">\u00bfy si no puedo ir a misa el s\u00e1bado por la ma\u00f1ana?<\/h2>\t\t\t\t<\/div>\n\t\t\t\t<\/div>\n\t\t\t\t<div class=\"elementor-element elementor-element-7b7a661 elementor-widget elementor-widget-text-editor\" data-id=\"7b7a661\" data-element_type=\"widget\" data-e-type=\"widget\" data-widget_type=\"text-editor.default\">\n\t\t\t\t<div class=\"elementor-widget-container\">\n\t\t\t\t\t\t\t\t\t<p>Nous sommes dans une p\u00e9riode de crise de l\u2019\u00c9glise sans pr\u00e9c\u00e9dent et il n\u2019est pas toujours facile d&#8217;avoir une messe les 1<sup>ers<\/sup> samedis du mois. Par ailleurs on peut avoir des obligations majeures (travail, famille etc.) ou \u00eatre dans l&#8217;impossibilit\u00e9 de se d\u00e9placer (personnes \u00e2g\u00e9es, malades, etc.) Voici ce qu\u2019il faut faire en fonction des situations.<\/p>\n<p><br><\/p>\n<p><\/p>\t\t\t\t\t\t\t\t<\/div>\n\t\t\t\t<\/div>\n\t\t\t\t<div class=\"elementor-element elementor-element-fa3d7fe elementor-widget elementor-widget-text-editor\" data-id=\"fa3d7fe\" data-element_type=\"widget\" data-e-type=\"widget\" data-widget_type=\"text-editor.default\">\n\t\t\t\t<div class=\"elementor-widget-container\">\n\t\t\t\t\t\t\t\t\t<p>Situation 1: Il n&#8217;y a pas de messe le samedi matin pres de chez soi<\/p>\t\t\t\t\t\t\t\t<\/div>\n\t\t\t\t<\/div>\n\t\t\t\t<div class=\"elementor-element elementor-element-fcaa0a6 elementor-widget elementor-widget-text-editor\" data-id=\"fcaa0a6\" data-element_type=\"widget\" data-e-type=\"widget\" data-widget_type=\"text-editor.default\">\n\t\t\t\t<div class=\"elementor-widget-container\">\n\t\t\t\t\t\t\t\t\t<p><span style=\"color: var( --e-global-color-text ); font-family: var( --e-global-typography-18e5089-font-family ), Sans-serif; font-size: var( --e-global-typography-18e5089-font-size ); letter-spacing: var( --e-global-typography-18e5089-letter-spacing ); word-spacing: var( --e-global-typography-18e5089-word-spacing );\">Il est alors possible d&#8217;utiliser la messe du samedi soir mais toujours en communiant dans l\u2019intention de r\u00e9parer les offenses faites \u00e0 la Sainte Vierge. (et sans l\u2019utiliser comme \u201cmesse anticip\u00e9e du dimanche\u201c bien s\u00fbr et donc y aller aussi le dimanche).\u00a0<\/span><\/p><p>\u00a0<\/p><p><em>Nota: si no dispone de mucho tiempo, no es necesario que asista a la \"Liturgia de la Palabra\", ya que ir\u00e1 seguida de la misa del domingo siguiente. Por tanto, es posible llegar s\u00f3lo para el ofertorio y comulgar.<\/em><\/p>\t\t\t\t\t\t\t\t<\/div>\n\t\t\t\t<\/div>\n\t\t\t\t<div class=\"elementor-element elementor-element-014691a elementor-widget elementor-widget-text-editor\" data-id=\"014691a\" data-element_type=\"widget\" data-e-type=\"widget\" data-widget_type=\"text-editor.default\">\n\t\t\t\t<div class=\"elementor-widget-container\">\n\t\t\t\t\t\t\t\t\t<p>situation 2: il n&#8217;y a pas du tout de messe le samedi pres de chez soi (ou on ne peut pas se deplacer)<\/p>\t\t\t\t\t\t\t\t<\/div>\n\t\t\t\t<\/div>\n\t\t\t\t<div class=\"elementor-element elementor-element-83e90f2 elementor-widget elementor-widget-text-editor\" data-id=\"83e90f2\" data-element_type=\"widget\" data-e-type=\"widget\" data-widget_type=\"text-editor.default\">\n\t\t\t\t<div class=\"elementor-widget-container\">\n\t\t\t\t\t\t\t\t\t<p><\/p>\n<p>Cela peut arriver notamment en pleine campagne ou s&#8217;il on est malade.&nbsp;<\/p>\n<p>Cristo mismo respondi\u00f3 a esta pregunta a Sor Luc\u00eda y le explic\u00f3 <strong>en caso de imposibilidad total<\/strong> los s\u00e1bados, la comuni\u00f3n dominical era v\u00e1lida con dos condiciones:&nbsp;<\/p>\n<p>(1) signaler au pr\u00eatre &nbsp;que l&#8217;on r\u00e9alise le 1er samedi du mois ce dimanche et&nbsp;<\/p>\n<p>(2)&nbsp;<strong>comulgar siempre en reparaci\u00f3n de las ofensas<\/strong> a la Sant\u00edsima Virgen.&nbsp;<\/p>\n<p>Por supuesto, las otras peticiones (rosario y 15 minutos de meditaci\u00f3n) se hacen los s\u00e1bados, y la confesi\u00f3n en un plazo de ocho d\u00edas.<\/p><p><br><\/p>\n<p><\/p>\n<p><\/p>\t\t\t\t\t\t\t\t<\/div>\n\t\t\t\t<\/div>\n\t\t\t\t<div class=\"elementor-element elementor-element-b3842a9 elementor-widget elementor-widget-text-editor\" data-id=\"b3842a9\" data-element_type=\"widget\" data-e-type=\"widget\" data-widget_type=\"text-editor.default\">\n\t\t\t\t<div class=\"elementor-widget-container\">\n\t\t\t\t\t\t\t\t\t<p>situation 3: il n&#8217;y a pas du tout de messe (et pas de confessions)<\/p>\t\t\t\t\t\t\t\t<\/div>\n\t\t\t\t<\/div>\n\t\t\t\t<div class=\"elementor-element elementor-element-db0f12b elementor-widget elementor-widget-text-editor\" data-id=\"db0f12b\" data-element_type=\"widget\" data-e-type=\"widget\" data-widget_type=\"text-editor.default\">\n\t\t\t\t<div class=\"elementor-widget-container\">\n\t\t\t\t\t\t\t\t\t<p>Si no puede viajar o si se enfrenta a medidas de persecuci\u00f3n que le impiden asistir a misas, confesiones, etc. el primer s\u00e1bado de cada mes <strong>sigue siendo perfectamente posible<\/strong>.\u00a0<\/p><p>En este caso, el 1<sup>er<\/sup> S\u00e1bado de cada mes, reza el rosario y dedica 15 minutos a meditar un misterio del rosario. Despu\u00e9s haz un examen de conciencia, pidiendo perd\u00f3n a Dios y haciendo una comuni\u00f3n espiritual.\u00a0<span style=\"color: var( --e-global-color-text ); font-family: var( --e-global-typography-18e5089-font-family ), Sans-serif; font-size: var( --e-global-typography-18e5089-font-size ); letter-spacing: var( --e-global-typography-18e5089-letter-spacing ); word-spacing: var( --e-global-typography-18e5089-word-spacing );\">\u00a0<\/span><\/p><p><span style=\"color: var( --e-global-color-text ); font-family: var( --e-global-typography-18e5089-font-family ), Sans-serif; font-size: var( --e-global-typography-18e5089-font-size ); letter-spacing: var( --e-global-typography-18e5089-letter-spacing ); word-spacing: var( --e-global-typography-18e5089-word-spacing );\">\u00a0<\/span><\/p><p><span style=\"color: var( --e-global-color-text ); font-family: var( --e-global-typography-18e5089-font-family ), Sans-serif; font-size: var( --e-global-typography-18e5089-font-size ); letter-spacing: var( --e-global-typography-18e5089-letter-spacing ); word-spacing: var( --e-global-typography-18e5089-word-spacing );\">Puedes hacerlo solo o acompa\u00f1ado, dependiendo de tu situaci\u00f3n. Si puedes viajar, hazlo en una capilla o iglesia.<\/span><\/p><p><span style=\"color: var( --e-global-color-text ); font-family: var( --e-global-typography-18e5089-font-family ), Sans-serif; font-size: var( --e-global-typography-18e5089-font-size ); letter-spacing: var( --e-global-typography-18e5089-letter-spacing ); word-spacing: var( --e-global-typography-18e5089-word-spacing );\">\u00a0<\/span><\/p><p><span style=\"color: var( --e-global-color-text ); font-family: var( --e-global-typography-18e5089-font-family ), Sans-serif; font-size: var( --e-global-typography-18e5089-font-size ); letter-spacing: var( --e-global-typography-18e5089-letter-spacing ); word-spacing: var( --e-global-typography-18e5089-word-spacing );\">\u00a0<\/span><u style=\"color: var( --e-global-color-text ); font-family: var( --e-global-typography-18e5089-font-family ), Sans-serif; font-size: var( --e-global-typography-18e5089-font-size ); letter-spacing: var( --e-global-typography-18e5089-letter-spacing ); word-spacing: var( --e-global-typography-18e5089-word-spacing );\">Ver m\u00e1s abajo<\/u><span style=\"color: var( --e-global-color-text ); font-family: var( --e-global-typography-18e5089-font-family ), Sans-serif; font-size: var( --e-global-typography-18e5089-font-size ); letter-spacing: var( --e-global-typography-18e5089-letter-spacing ); word-spacing: var( --e-global-typography-18e5089-word-spacing );\"> c\u00f3mo alcanzar la comuni\u00f3n espiritual el primer s\u00e1bado de mes.<\/span><\/p>\t\t\t\t\t\t\t\t<\/div>\n\t\t\t\t<\/div>\n\t\t\t\t\t<\/div>\n\t\t<\/div>\n\t\t\t\t\t<\/div>\n\t\t<\/section>\n\t\t\t\t<section class=\"elementor-section elementor-top-section elementor-element elementor-element-b644754 elementor-section-boxed elementor-section-height-default elementor-section-height-default\" data-id=\"b644754\" data-element_type=\"section\" data-e-type=\"section\">\n\t\t\t\t\t\t<div class=\"elementor-container elementor-column-gap-default\">\n\t\t\t\t\t<div class=\"elementor-column elementor-col-100 elementor-top-column elementor-element elementor-element-2a05b14\" data-id=\"2a05b14\" data-element_type=\"column\" data-e-type=\"column\">\n\t\t\t<div class=\"elementor-widget-wrap elementor-element-populated\">\n\t\t\t\t\t\t<div class=\"elementor-element elementor-element-b4566a5 elementor-widget elementor-widget-text-editor\" data-id=\"b4566a5\" data-element_type=\"widget\" data-e-type=\"widget\" data-widget_type=\"text-editor.default\">\n\t\t\t\t<div class=\"elementor-widget-container\">\n\t\t\t\t\t\t\t\t\t<p>comuni\u00f3n espiritual en casos de fuerza mayor<\/p>\t\t\t\t\t\t\t\t<\/div>\n\t\t\t\t<\/div>\n\t\t\t\t\t<\/div>\n\t\t<\/div>\n\t\t\t\t\t<\/div>\n\t\t<\/section>\n\t\t\t\t<section class=\"elementor-section elementor-top-section elementor-element elementor-element-98632f1 elementor-section-boxed elementor-section-height-default elementor-section-height-default\" data-id=\"98632f1\" data-element_type=\"section\" data-e-type=\"section\">\n\t\t\t\t\t\t<div class=\"elementor-container elementor-column-gap-default\">\n\t\t\t\t\t<div class=\"elementor-column elementor-col-100 elementor-top-column elementor-element elementor-element-d385a1c\" data-id=\"d385a1c\" data-element_type=\"column\" data-e-type=\"column\">\n\t\t\t<div class=\"elementor-widget-wrap elementor-element-populated\">\n\t\t\t\t\t\t<div class=\"elementor-element elementor-element-c0f461f elementor-widget elementor-widget-text-editor\" data-id=\"c0f461f\" data-element_type=\"widget\" data-e-type=\"widget\" data-widget_type=\"text-editor.default\">\n\t\t\t\t<div class=\"elementor-widget-container\">\n\t\t\t\t\t\t\t\t\t<p>Puede haber circunstancias reales y objetivas (y no de comodidad) en las que la comuni\u00f3n sacramental (recibir efectivamente la hostia) sea IMPOSIBLE: imposibilidad material de viajar (enfermedad, falta de medios de transporte, etc.), ausencia de misa (crisis de la Iglesia), persecuci\u00f3n, medidas gubernamentales, etc.<\/p><p>\u00a0<\/p><p>En este caso, todav\u00eda hay una manera sencilla de responder a la petici\u00f3n de la Sant\u00edsima Virgen de comulgar el d\u00eda 1<sup>ers <\/sup>S\u00e1bados de mes: comuni\u00f3n espiritual (tambi\u00e9n llamada comuni\u00f3n de deseo). El Concilio de Trento lo defini\u00f3 muy claramente: <em><span style=\"color: #0000ff;\">\"Comunicarse espiritualmente es unirse a Jesucristo presente en la Eucarist\u00eda, no recibi\u00e9ndolo sacramentalmente, sino recibi\u00e9ndolo espiritualmente. <strong>por un deseo<\/strong> <strong>de una fe animada por la caridad<\/strong>. \"<\/span> (Sesi\u00f3n XII del Concilio de Trento)<\/em><\/p><p>\u00a0<\/p><p>Santo Tom\u00e1s resume los frutos de esta comuni\u00f3n espiritual en cuatro palabras: <em><span style=\"color: #0000ff;\">\"Como la otra comuni\u00f3n, sostiene y fortalece, <strong><u>reparaciones <\/u><\/strong>y se regocija.<\/span> <\/em>Santo Tom\u00e1s precisa, pues, que esta comuni\u00f3n espiritual \"repara\". Ahora bien, el objetivo fijado por la Sant\u00edsima Virgen para la 1<sup>ers<\/sup> es reparar las ofensas que se le han hecho. Por lo tanto, vemos que en caso de impedimento por fuerza mayor <strong><u>Gracias a la comuni\u00f3n espiritual, podemos seguir practicando plenamente el primer s\u00e1bado de cada mes.<\/u><\/strong><\/p><p>\u00a0<\/p><p><strong>C\u00f3mo practicar la comuni\u00f3n espiritual<\/strong><\/p><p>\u00a0<\/p><p><strong>1\/ Antes de la comuni\u00f3n<\/strong> nos preparamos como para una comuni\u00f3n sacramental. Permanece en silencio, si es posible arrodillado ante una cruz o una imagen\/estatua del Sagrado Coraz\u00f3n, Cristo Rey o alguna otra figura.  Ponerse en presencia de la Sant\u00edsima Trinidad, de Nuestra Se\u00f1ora, de los \u00c1ngeles y de los Santos. Meditar unos minutos sobre la renovaci\u00f3n del sacrificio de la Cruz en cada Misa durante la Elevaci\u00f3n. Ten presente la imagen de la Elevaci\u00f3n presentada por la Sant\u00edsima Virgen a Sor Luc\u00eda de F\u00e1tima (abajo). Despu\u00e9s, pide sinceramente perd\u00f3n a Dios por tus faltas (recita el \"Me confieso ante Dios\" o el acto de contrici\u00f3n y \"Se\u00f1or, no soy digno de recibirte...\").<\/p>\t\t\t\t\t\t\t\t<\/div>\n\t\t\t\t<\/div>\n\t\t\t\t\t<\/div>\n\t\t<\/div>\n\t\t\t\t\t<\/div>\n\t\t<\/section>\n\t\t\t\t<section class=\"elementor-section elementor-top-section elementor-element elementor-element-60219c6 elementor-section-boxed elementor-section-height-default elementor-section-height-default\" data-id=\"60219c6\" data-element_type=\"section\" data-e-type=\"section\">\n\t\t\t\t\t\t<div class=\"elementor-container elementor-column-gap-default\">\n\t\t\t\t\t<div class=\"elementor-column elementor-col-50 elementor-top-column elementor-element elementor-element-330e8d0\" data-id=\"330e8d0\" data-element_type=\"column\" data-e-type=\"column\">\n\t\t\t<div class=\"elementor-widget-wrap elementor-element-populated\">\n\t\t\t\t\t\t<div class=\"elementor-element elementor-element-9c18032 elementor-widget elementor-widget-text-editor\" data-id=\"9c18032\" data-element_type=\"widget\" data-e-type=\"widget\" data-widget_type=\"text-editor.default\">\n\t\t\t\t<div class=\"elementor-widget-container\">\n\t\t\t\t\t\t\t\t\t<p><strong>2\/ Para la comuni\u00f3n espiritual<\/strong> haz un acto de deseo. Para ello, reza una oraci\u00f3n como la de San Alfonso de Ligorio, que es muy bella y sencilla:<\/p><p>\u00a0<\/p><p><span style=\"color: #0000ff;\"><em>\"Jes\u00fas m\u00edo, creo en tu presencia en el Sant\u00edsimo Sacramento. Te amo m\u00e1s que a nada y quiero que vengas a mi alma. No puedo ahora recibirte sacramentalmente en mi coraz\u00f3n: ven al menos espiritualmente. Te abrazo como si ya hubieras venido, y me uno a ti por entero. No permitas que jam\u00e1s tenga la desgracia de separarme de ti.<\/em><\/span><\/p><p>\u00a0<\/p><p>No dudes en a\u00f1adir una oraci\u00f3n de deseo de tu propio coraz\u00f3n <strong><u>y ofrecer esta comuni\u00f3n espiritual para reparar las ofensas cometidas contra Nuestra Se\u00f1ora.<\/u><\/strong><\/p><p><strong><u>\u00a0<\/u><\/strong><\/p><p><strong>3\/ Despu\u00e9s de la comuni\u00f3n<\/strong>La acci\u00f3n de gracias se har\u00e1 como para la comuni\u00f3n habitual.<\/p>\t\t\t\t\t\t\t\t<\/div>\n\t\t\t\t<\/div>\n\t\t\t\t\t<\/div>\n\t\t<\/div>\n\t\t\t\t<div class=\"elementor-column elementor-col-50 elementor-top-column elementor-element elementor-element-8e05d68\" data-id=\"8e05d68\" data-element_type=\"column\" data-e-type=\"column\">\n\t\t\t<div class=\"elementor-widget-wrap elementor-element-populated\">\n\t\t\t\t\t\t<div class=\"elementor-element elementor-element-96835d6 elementor-widget elementor-widget-image\" data-id=\"96835d6\" data-element_type=\"widget\" data-e-type=\"widget\" data-widget_type=\"image.default\">\n\t\t\t\t<div class=\"elementor-widget-container\">\n\t\t\t\t\t\t\t\t\t\t\t\t\t\t\t<img fetchpriority=\"high\" decoding=\"async\" width=\"236\" height=\"353\" src=\"https:\/\/salve-corda.org\/wp-content\/uploads\/2022\/03\/4253254e1e6dab9b90e5b356adacf524.jpg\" class=\"attachment-large size-large wp-image-5463\" alt=\"\" srcset=\"https:\/\/salve-corda.org\/wp-content\/uploads\/2022\/03\/4253254e1e6dab9b90e5b356adacf524.jpg 236w, https:\/\/salve-corda.org\/wp-content\/uploads\/2022\/03\/4253254e1e6dab9b90e5b356adacf524-201x300.jpg 201w\" sizes=\"(max-width: 236px) 100vw, 236px\" \/>\t\t\t\t\t\t\t\t\t\t\t\t\t\t\t<\/div>\n\t\t\t\t<\/div>\n\t\t\t\t\t<\/div>\n\t\t<\/div>\n\t\t\t\t\t<\/div>\n\t\t<\/section>\n\t\t\t\t<\/div>","protected":false},"excerpt":{"rendered":"<p>que faire si je ne peux pas aller a la messe le samedi matin? Nous sommes dans une p\u00e9riode de crise de l\u2019\u00c9glise sans pr\u00e9c\u00e9dent et il n\u2019est pas toujours facile d&#8217;avoir une [&hellip;]<\/p>","protected":false},"author":2,"featured_media":0,"parent":0,"menu_order":0,"comment_status":"closed","ping_status":"closed","template":"elementor_header_footer","meta":{"footnotes":""},"class_list":["post-9194","page","type-page","status-publish","hentry"],"_links":{"self":[{"href":"https:\/\/salve-corda.org\/es\/wp-json\/wp\/v2\/pages\/9194","targetHints":{"allow":["GET"]}}],"collection":[{"href":"https:\/\/salve-corda.org\/es\/wp-json\/wp\/v2\/pages"}],"about":[{"href":"https:\/\/salve-corda.org\/es\/wp-json\/wp\/v2\/types\/page"}],"author":[{"embeddable":true,"href":"https:\/\/salve-corda.org\/es\/wp-json\/wp\/v2\/users\/2"}],"replies":[{"embeddable":true,"href":"https:\/\/salve-corda.org\/es\/wp-json\/wp\/v2\/comments?post=9194"}],"version-history":[{"count":29,"href":"https:\/\/salve-corda.org\/es\/wp-json\/wp\/v2\/pages\/9194\/revisions"}],"predecessor-version":[{"id":9228,"href":"https:\/\/salve-corda.org\/es\/wp-json\/wp\/v2\/pages\/9194\/revisions\/9228"}],"wp:attachment":[{"href":"https:\/\/salve-corda.org\/es\/wp-json\/wp\/v2\/media?parent=9194"}],"curies":[{"name":"wp","href":"https:\/\/api.w.org\/{rel}","templated":true}]}}