{"id":2043,"date":"2021-09-14T20:56:57","date_gmt":"2021-09-14T18:56:57","guid":{"rendered":"https:\/\/salve-corda.org\/?post_type=prieres&#038;p=2043"},"modified":"2021-09-23T23:29:46","modified_gmt":"2021-09-23T21:29:46","slug":"alma-redemptoris-mater","status":"publish","type":"prieres","link":"https:\/\/salve-corda.org\/es\/prieres\/alma-redemptoris-mater\/","title":{"rendered":"Oraciones de consagraci\u00f3n"},"content":{"rendered":"<p class=\"has-medium-font-size wp-block-paragraph\"><em>He aqu\u00ed algunas oraciones de consagraci\u00f3n. Pero hay muchas, y cada uno es libre de elegir la que mejor exprese su devoci\u00f3n interior a los Corazones Inmaculados de Mar\u00eda y al Sagrado Coraz\u00f3n. Es posible hacer dos consagraciones o una sola a los Corazones de Jes\u00fas y de Mar\u00eda.<\/em><\/p>\n\n\n\n<p class=\"has-medium-font-size wp-block-paragraph\">1- <strong><u>Consagraci\u00f3n personal al Coraz\u00f3n Inmaculado de Mar\u00eda<\/u><\/strong><br><em>Por San Maximiliano Kolbe <\/em><\/p>\n\n\n\n<p class=\"has-medium-font-size wp-block-paragraph\"><span style=\"color:#006984\" class=\"has-inline-color\">\"Oh Virgen Inmaculada, Reina del cielo y de la tierra, refugio de los pecadores y Madre de todo amor, a quien Dios quiso confiar todo el orden de la misericordia, yo, N., pecador indigno, me postro a tus pies y te suplico humildemente: d\u00edgnate tomarme entera y totalmente, como cosa tuya y propiedad tuya, y haz de m\u00ed todo lo que quieras, de todas las facultades de mi alma y de mi cuerpo, de mi vida entera, de mi muerte y de mi eternidad. Si as\u00ed te place, disp\u00f3n tambi\u00e9n de m\u00ed, entera y totalmente, en esta obra donde debe cumplirse lo que se ha dicho de ti: \"&nbsp;<em>Este te aplastar\u00e1 la cabeza<\/em>&nbsp;y&nbsp;<em>T\u00fa solo has destruido todas las herej\u00edas del mundo<\/em>&nbsp;\"Para que yo sea en tu mano inmaculada y misericordiosa un instrumento que pueda ayudarte a despertar en tantas almas perdidas y tibias la alegr\u00eda de conocerte, a aumentar sin l\u00edmite tu gloria y as\u00ed extender lo m\u00e1s posible el reinado de dulzura infinita del Coraz\u00f3n sant\u00edsimo de Jes\u00fas. En efecto, dondequiera que entres, obtienes la gracia de la conversi\u00f3n y de la santificaci\u00f3n, ya que por tus manos nos llegan todas las gracias del Sacrat\u00edsimo Coraz\u00f3n de Jes\u00fas. Conc\u00e9deme alabarte, oh Virgen santa. Dame fuerza contra tus enemigos.<\/span><\/p>\n\n\n\n<p class=\"has-medium-font-size wp-block-paragraph\">2- <strong><u>Consagraci\u00f3n personal al Coraz\u00f3n Inmaculado de Mar\u00eda<\/u><\/strong><br><em>Por el Padre Alonso, especialista en F\u00e1tima <\/em><\/p>\n\n\n\n<p class=\"has-medium-font-size wp-block-paragraph\"><span style=\"color:#006985\" class=\"has-inline-color\">\u00ab&nbsp;Tr\u00e8s Sainte Vierge Marie, M\u00e8re de Dieu et M\u00e8re des hommes, en union avec les intentions de votre C\u0153ur Tr\u00e8s Pur, lorsque vous avez prononc\u00e9 le Fiat de l\u2019Incarnation du Verbe, je me livre et me consacre enti\u00e8rement, dans toute ma personne et avec tout ce qui m\u2019appartient, au P\u00e8re, au Fils et au Saint-Esprit, d&#8217;une mani\u00e8re perp\u00e9tuelle et irr\u00e9vocable.<br>Je me consacre par votre interm\u00e9diaire, \u00f4 ma M\u00e8re, afin d\u2019\u00eatre re\u00e7u par Dieu comme une fleur offerte par vous, et de ne pas \u00eatre repouss\u00e9 par lui, \u00e0 cause de ma mis\u00e8re et de mes p\u00e9ch\u00e9s. Je vous promets, ma M\u00e8re, de vous aimer toujours et de vous servir avec fid\u00e9lit\u00e9, d\u2019imiter vos vertus, et d\u2019accomplir, avec votre assistance, tous mes devoirs de fils de Dieu et de l\u2019\u00c9glise. Pour que cette promesse et cette cons\u00e9cration ne soient pas vaines, je les confie \u00e0 votre C\u0153ur Immacul\u00e9. Gardez-les toujours pour le temps et l&#8217;\u00e9ternit\u00e9, \u00e0 la gloire du P\u00e8re, du Fils et du Saint-Esprit. Ainsi-soit-il.<meta charset=\"utf-8\">\"<\/span><\/p>\n\n\n\n<p class=\"has-medium-font-size wp-block-paragraph\">3- <strong><u>Consagraci\u00f3n personal al Coraz\u00f3n Inmaculado de Mar\u00eda<\/u><\/strong><br><em>Por Mons. Alberto Cosme do Amaral Obispo de F\u00e1tima (de 1984 a 1993)<\/em>)<\/p>\n\n\n\n<p class=\"has-medium-font-size wp-block-paragraph\"><span style=\"color:#006985\" class=\"has-inline-color\">\u00ab&nbsp;Vierge Marie, M\u00e8re de Dieu et notre M\u00e8re, nous nous consacrons \u00e0 Votre C\u0153ur Immacul\u00e9 pour \u00eatre pleinement offerts et consacr\u00e9s au Seigneur. Par Vous, nous serons pr\u00e9sent\u00e9s au Christ, votre Fils et Fils unique de Dieu, et, par Lui et avec Lui, \u00e0 son P\u00e8re \u00c9ternel. Nous marcherons \u00e0 la lumi\u00e8re de la foi, de l&#8217;esp\u00e9rance et de l&#8217;amour pour que le monde croie que le Christ est l&#8217;Envoy\u00e9 du P\u00e8re dont Il est venu nous transmettre la Parole. Nous serons nous aussi Ses envoy\u00e9s afin de Le faire conna\u00eetre et aimer jusqu&#8217;aux confins de la terre. Ainsi, sous la maternelle Protection de Votre C\u0153ur Immacul\u00e9, nous serons un seul peuple avec le Christ qui nous a acquis par sa Mort, t\u00e9moins de sa R\u00e9surrection, et par Lui offerts au P\u00e8re pour la Gloire de la Tr\u00e8s Sainte Trinit\u00e9, que nous adorons, louons et b\u00e9nissons \u00bb.<\/span><br><\/p>\n\n\n\n<p class=\"has-medium-font-size wp-block-paragraph\">4- <strong><u>Consagraci\u00f3n personal al Sagrado Coraz\u00f3n por intercesi\u00f3n de Mar\u00eda<\/u><\/strong><br><em>Por San Luis Mar\u00eda Grignon de Montfort<\/em><\/p>\n\n\n\n<p class=\"has-medium-font-size wp-block-paragraph\"><span style=\"color:#006984\" class=\"has-inline-color\">\"\u00a1Sabidur\u00eda eterna encarnada! \u00a1Oh amabil\u00edsimo y adorable Jes\u00fas, verdadero Dios y verdadero hombre, Hijo \u00fanico del Padre eterno y de Mar\u00eda siempre Virgen! Te adoro profundamente en el seno y esplendor de tu Padre, por toda la eternidad, y en el seno virginal de Mar\u00eda, tu dign\u00edsima Madre, durante el tiempo de tu encarnaci\u00f3n.<br><br>Je vous rends gr\u00e2ces de ce que vous vous \u00eates an\u00e9anti vous-m\u00eame en prenant la forme d&#8217;un esclave, pour me tirer du cruel esclavage du d\u00e9mon&nbsp;; je vous loue et glorifie de ce que vous avez bien voulu vous soumettre \u00e0 Marie votre sainte M\u00e8re, en toutes choses, afin de me rendre par elle votre fid\u00e8le esclave. Mais, h\u00e9las&nbsp;! ingrat et infid\u00e8le que je suis, je ne vous ai pas gard\u00e9 les v\u0153ux et les promesses que je vous ai si solennellement faits dans mon bapt\u00eame&nbsp;: je n&#8217;ai point rempli mes obligations ; je ne m\u00e9rite pas d&#8217;\u00eatre appel\u00e9 votre enfant ni votre esclave&nbsp;; et, comme il n&#8217;y a rien en moi qui ne m\u00e9rite vos rebuts et votre col\u00e8re, je n&#8217;ose plus par moi-m\u00eame approcher de votre sainte et auguste Majest\u00e9.<br><br>C&#8217;est pourquoi j&#8217;ai recours \u00e0 l&#8217;intercession et \u00e0 la mis\u00e9ricorde de votre tr\u00e8s sainte M\u00e8re, que vous m&#8217;avez donn\u00e9e pour m\u00e9diatrice aupr\u00e8s de vous&nbsp;; et c&#8217;est par son moyen que j&#8217;esp\u00e8re obtenir de vous la contrition et le pardon de mes p\u00e9ch\u00e9s, l&#8217;acquisition et la conservation de la Sagesse.<br><br>Salve, pues, oh Mar\u00eda inmaculada, tabern\u00e1culo viviente de la Divinidad, donde la Sabidur\u00eda eterna oculta desea ser adorada por los \u00e1ngeles y los hombres.<br>Salve, oh Reina del cielo y de la tierra, a cuyo imperio todo est\u00e1 sometido, todo lo que est\u00e1 bajo Dios.<br>Je vous salue, \u00f4 Refuge assur\u00e9 des p\u00e9cheurs, dont la mis\u00e9ricorde n&#8217;a manqu\u00e9 \u00e0 personne&nbsp;; exaucez les d\u00e9sirs que j&#8217;ai de la divine Sagesse, et recevez pour cela les v\u0153ux et les offres que ma bassesse vous pr\u00e9sente.<br><\/span><br><span style=\"color:#006984\" class=\"has-inline-color\">Moi, N&#8230;, p\u00e9cheur infid\u00e8le, je renouvelle et ratifie aujourd&#8217;hui entre vos mains les v\u0153ux de mon bapt\u00eame&nbsp;: je renonce pour jamais \u00e0 Satan \u00e0 ses pompes et \u00e0 ses \u0153uvres, et je me donne tout entier \u00e0 J\u00e9sus-Christ, la Sagesse incarn\u00e9e, pour porter ma croix \u00e0 sa suite tous les jours de ma vie, et afin que je lui sois plus fid\u00e8le que je n\u2019ai \u00e9t\u00e9 jusqu&#8217;ici.<br><br>Je vous choisis aujourd&#8217;hui, en pr\u00e9sence de toute la cour c\u00e9leste, pour ma M\u00e8re et Ma\u00eetresse. Je vous livre et consacre, en qualit\u00e9 d&#8217;esclave, mon corps et mon \u00e2me, mes biens int\u00e9rieurs et ext\u00e9rieurs, et la valeur m\u00eame de mes bonnes actions pass\u00e9es, pr\u00e9sentes et futures, vous laissant un entier et plein droit de disposer de moi et de tout ce qui m&#8217;appartient, sans exception, selon votre bon plaisir, \u00e0 la plus grande gloire de Dieu, dans le temps et l&#8217;\u00e9ternit\u00e9.<br><br>Recevez, \u00f4 Vierge b\u00e9nigne, cette petite offrande de mon esclavage, en l&#8217;honneur et union de la soumission que la Sagesse \u00e9ternelle a bien voulu avoir \u00e0 votre maternit\u00e9&nbsp;; en hommage de la puissance que vous avez tous deux sur ce petit vermisseau et ce mis\u00e9rable p\u00e9cheur, et en action de gr\u00e2ce des privil\u00e8ges dont la Sainte Trinit\u00e9 vous a favoris\u00e9e.<br><\/span><br><span style=\"color:#0071a1\" class=\"has-inline-color\">Prometo que a partir de ahora, como tu verdadera esclava, buscar\u00e9 tu honor y te obedecer\u00e9 en todo.<br>\u00d4&nbsp;M\u00e8re admirable&nbsp;! pr\u00e9sentez-moi \u00e0 votre cher Fils, en qualit\u00e9 d&#8217;esclave \u00e9ternel, afin que, m&#8217;ayant rachet\u00e9 par vous, il me re\u00e7oive par vous.<br>Oh Madre de Misericordia, conc\u00e9deme la gracia de obtener la verdadera sabidur\u00eda de Dios y de colocarme entre aquellos a quienes amas, a quienes ense\u00f1as, a quienes gu\u00edas, a quienes nutres y proteges como a hijos tuyos y esclavos tuyos.<br>Oh Virgen fiel, hazme en todo tan perfecto disc\u00edpulo, imitador y esclavo de la Sabidur\u00eda encarnada, Jesucristo, tu Hijo, que por tu intercesi\u00f3n, siguiendo tu ejemplo, llegue a la plenitud de su edad en la tierra y de su gloria en el cielo.<br><br>Que as\u00ed sea\".<\/span><br><\/p>\n\n\n\n<p class=\"has-medium-font-size wp-block-paragraph\">5- <strong><u>Consagraci\u00f3n de una familia al Coraz\u00f3n Inmaculado de Mar\u00eda<\/u><\/strong><br><em>Por J Auriault, profesor de teolog\u00eda mariana. Imprimatur vicario general S\u00e9es 1933<\/em><\/p>\n\n\n\n<p class=\"has-medium-font-size wp-block-paragraph\"><span style=\"color:#0071a1\" class=\"has-inline-color\">\"Oh Coraz\u00f3n Inmaculado de Mar\u00eda, Madre de Dios, Madre nuestra, venimos a consagrarnos a ti sin reservas. Te reconocemos gozosamente como Reina amada de nuestra familia. M\u00e1ndanos como Se\u00f1ora absoluta; reina como Soberana sobre nuestras mentes, sobre nuestras voluntades, sobre nuestros corazones. Por ti, el Divino Coraz\u00f3n de Jes\u00fas reinar\u00e1 perfectamente en nuestras almas.<br><br>Nous apprendrons de vous, \u00e0 l&#8217;aimer comme Il veut \u00eatre aim\u00e9. Soyez la voie douce et immacul\u00e9e qui nous conduit \u00e0 Lui. Au Sacr\u00e9-C\u0153ur de J\u00e9sus par le C\u0153ur Immacul\u00e9 de Marie. Soyez notre \u00e9toile, notre lumi\u00e8re. Enseignez-nous jusqu\u2019\u00e0 quel point Dieu nous a aim\u00e9s et nous aime. Comme l\u2019enfant apprend tout de sa m\u00e8re, vous nous direz chaque jour ce qui peut faire plaisir \u00e0 votre divin Fils et vous nous donnerez la gr\u00e2ce de l\u2019accomplir joyeusement.<\/span><br><br><span style=\"color:#0171a1\" class=\"has-inline-color\">Faites fleurir en notre cher foyer les vertus d\u2019amour, de douceur, d&#8217;humilit\u00e9, de puret\u00e9, de patience, de charit\u00e9 fraternelle. Nous proclamons tous vos droits de Reine et de Ma\u00eetresse ici, et nous vous promettons ob\u00e9issance.<br><br>(Parents&nbsp;: nous exercerons l&#8217;autorit\u00e9, en votre nom, et nous nous efforcerons de vous imiter, de vous ressembler. Enfants&nbsp;: nous nous soumettrons \u00e0 notre p\u00e8re, \u00e0 notre m\u00e8re, parce qu\u2019ils tiennent la place de Dieu et la v\u00f4tre, nous nous aimerons entre fr\u00e8res et s\u0153urs comme les enfants de la m\u00eame M\u00e8re, Marie et du m\u00eame P\u00e8re, Dieu. S&#8217;il vous pla\u00eet de choisir dans notre famille maintenant ou plus tard des vocations sacerdotales ou religieuses, nous nous soumettrons avec joie \u00e0 la volont\u00e9 de Dieu. \u2014 Supprimer cette parenth\u00e8se, s\u2019il n\u2019y a point d\u2019enfants.)<\/span><br><br><span style=\"color:#046690\" class=\"has-inline-color\">Danos siempre, oh Madre, el pan de cada d\u00eda que necesitamos para vivir. Da \u00e9xito a nuestros trabajos y empresas, para que podamos servirte en paz y tranquilidad. Te prometemos fidelidad a nuestros deberes religiosos, asistencia a la misa dominical, comuni\u00f3n frecuente, adhesi\u00f3n a la Iglesia cat\u00f3lica, respeto y amor filial a nuestro Santo Padre el Papa y a nuestro Obispo.<br><br>Votre C\u0153ur, \u00f4 Vierge Immacul\u00e9e, sera notre asile dans les peines, les maladies, il sera notre joie, notre r\u00e9confort. N\u2019oubliez pas nos chers d\u00e9funts, qui font toujours partie de la famille, malgr\u00e9 la s\u00e9paration qui ne durera qu\u2019un temps. Recevez-les au plus t\u00f4t, nous vous en supplions, dans le Royaume du ciel&nbsp;; \u00e0 l\u2019heure de notre mort, soyez ici, ne nous quittez pas, M\u00e8re ch\u00e9rie. Pr\u00e9parez nos \u00e2mes \u00e0 cet instant supr\u00eame; assistez-nous: restez avec nous jusqu&#8217;au Ciel.<br><br>\u00danete \u00edntimamente a nuestra vida familiar. Tu amor ser\u00e1 el v\u00ednculo de nuestros corazones. T\u00fa ser\u00e1s la confidente de nuestras alegr\u00edas y penas, de todos los secretos de nuestras almas. Seremos tambi\u00e9n tus ap\u00f3stoles, oh Coraz\u00f3n Inmaculado de Mar\u00eda, trabajando para hacerte amar a ti y a tu divino Hijo.<br><br>C\u0153ur Sacr\u00e9 de J\u00e9sus, notre Dieu, notre Roi, nous voulons vous adorer, vous aimer, vous servir avec l&#8217;aide maternelle du C\u0153ur immacul\u00e9 de Marie. Par Elle, notre famille est \u00e0 vous pour le temps et l&#8217;\u00e9ternit\u00e9&nbsp;!<br>Sagrado Coraz\u00f3n de Jes\u00fas, que tu reinado venga a trav\u00e9s del Inmaculado Coraz\u00f3n de Mar\u00eda sobre nuestra familia (bis).<br>Inmaculado Coraz\u00f3n de Mar\u00eda, s\u00e9 la Reina de nuestro hogar. (bis)<br>Venga y qu\u00e9dese con nosotros (bis)<br>Coraz\u00f3n Inmaculado de Mar\u00eda, ruega por nosotros (bis)<br>Santa Teresa del Ni\u00f1o Jes\u00fas, ruega por nosotros.<br>San Jos\u00e9, ruega por nosotros.<br>Santa Bernadette, ruega por nosotros.<br><\/span><\/p>\n\n\n\n<p class=\"has-medium-font-size wp-block-paragraph\">6- <strong><u>Consagraci\u00f3n de una organizaci\u00f3n a los Corazones de Jes\u00fas y de Mar\u00eda<\/u><\/strong><br><em>Par Salve Corda<\/em>  <em>(para la consagraci\u00f3n de las Ciudades)<\/em><\/p>\n\n\n\n<p class=\"has-medium-font-size wp-block-paragraph\"><span style=\"color:#0070a0\" class=\"has-inline-color\">\"Sagrado Coraz\u00f3n de Jes\u00fas, Inmaculado Coraz\u00f3n de Mar\u00eda,<br><br>En Paray le Monial y en F\u00e1tima vinisteis a pedirnos que os consagr\u00e1ramos nuestras personas y nuestras obras temporales y espirituales. Conscientes de la importancia de tu petici\u00f3n en nuestro agitado mundo moderno, hemos decidido responder con esp\u00edritu de fe, humildad, obediencia y amor.<br><br>As\u00ed que en este d\u00eda de xxx <em>(fecha de consagraci\u00f3n)<\/em>nosotros, xxx <em>(nombres de los directores<\/em>), directores de xxx <em>(nombre de la organizaci\u00f3n)<\/em> ostentando plenos poderes leg\u00edtimos, le dedicamos oficial y solemnemente nuestra empresa \/ asociaci\u00f3n \/ escuela, etc. <em>(elija una),<\/em> reconocer sus derechos soberanos sobre sus miembros y actividades.<br><br>Inspira nuestras acciones y nuestro modo de administrar los bienes y las personas en un esp\u00edritu de honradez y justicia fiel a la doctrina social de tu Iglesia. Que nada contrario a tus santas leyes sea decretado o llevado a cabo. En los \u00e9xitos, que sepamos permanecer humildes. En las dificultades, danos confianza en tu divina providencia. Y en todos los casos, que nuestro trabajo contribuya, a nuestra humilde manera, al restablecimiento del reinado de Cristo en el mundo.<\/span><br><br><span style=\"color:#0274a5\" class=\"has-inline-color\">En virtud de esta consagraci\u00f3n te pedimos que tomes a xxx bajo tu protecci\u00f3n. <em>(nombre de la organizaci\u00f3n)<\/em>. Te encomendamos a quienes trabajan all\u00ed, los empleados y los directivos. Pide al Esp\u00edritu Santo que nos conceda a todos, cada uno a su nivel, sus dones, en particular la inteligencia, la sabidur\u00eda, la ciencia, el consejo y la fuerza. Danos el pan de cada d\u00eda que necesitamos para nuestro trabajo y la vida de nuestras familias. En la dif\u00edcil lucha del mundo actual, conc\u00e9denos la protecci\u00f3n de San Miguel y de tus santos \u00e1ngeles.<br><br>Por \u00faltimo, confiamos esta consagraci\u00f3n a San Jos\u00e9, cabeza de la Sagrada Familia y patrono de los trabajadores. \u00c9l conoce mejor que nadie vuestros sant\u00edsimos Corazones y sabr\u00e1 guiarnos en nuestro deber de estado para permanecer fieles a esta consagraci\u00f3n.<br><br>Sagrado Coraz\u00f3n de Jes\u00fas e Inmaculado Coraz\u00f3n de Mar\u00eda, rogad por nosotros y protegednos xxx <em>(nombre de la organizaci\u00f3n) <\/em>\"<\/span><\/p>\n\n\n\n<p class=\"has-medium-font-size wp-block-paragraph\"><em>* La cons\u00e9cration doit \u00eatre faites par les personnes d\u00e9tenant le pouvoir l\u00e9gitime en pr\u00e9sence (facultative) d&#8217;autres membres de l&#8217;organisation.<\/em><\/p>","protected":false},"featured_media":2092,"template":"","class_list":["post-2043","prieres","type-prieres","status-publish","has-post-thumbnail","hentry"],"_links":{"self":[{"href":"https:\/\/salve-corda.org\/es\/wp-json\/wp\/v2\/prieres\/2043","targetHints":{"allow":["GET"]}}],"collection":[{"href":"https:\/\/salve-corda.org\/es\/wp-json\/wp\/v2\/prieres"}],"about":[{"href":"https:\/\/salve-corda.org\/es\/wp-json\/wp\/v2\/types\/prieres"}],"version-history":[{"count":0,"href":"https:\/\/salve-corda.org\/es\/wp-json\/wp\/v2\/prieres\/2043\/revisions"}],"wp:featuredmedia":[{"embeddable":true,"href":"https:\/\/salve-corda.org\/es\/wp-json\/wp\/v2\/media\/2092"}],"wp:attachment":[{"href":"https:\/\/salve-corda.org\/es\/wp-json\/wp\/v2\/media?parent=2043"}],"curies":[{"name":"wp","href":"https:\/\/api.w.org\/{rel}","templated":true}]}}