{"id":2076,"date":"2021-09-14T16:01:49","date_gmt":"2021-09-14T14:01:49","guid":{"rendered":"https:\/\/salve-corda.org\/?post_type=prieres&#038;p=2076"},"modified":"2021-09-23T23:30:56","modified_gmt":"2021-09-23T21:30:56","slug":"prieres-fatima","status":"publish","type":"prieres","link":"https:\/\/salve-corda.org\/es\/prieres\/prieres-fatima\/","title":{"rendered":"Rezar durante el d\u00eda"},"content":{"rendered":"<p class=\"wp-block-paragraph\"><\/p>\n\n\n\n<p class=\"has-medium-font-size wp-block-paragraph\"><strong><u>Ofrenda matutina a los Corazones de Jes\u00fas y de Mar\u00eda<\/u><\/strong><\/p>\n\n\n\n<p class=\"has-medium-font-size wp-block-paragraph\"><span style=\"color:#0c54d0\" class=\"has-inline-color\">\"Divino Coraz\u00f3n de Jes\u00fas, Te ofrezco, por el Inmaculado Coraz\u00f3n de Mar\u00eda, las oraciones, los trabajos y los sufrimientos de este d\u00eda, en reparaci\u00f3n por nuestras ofensas y por todas las intenciones por las que T\u00fa te inmolas continuamente en el Altar. Te las ofrezco en particular por nuestro santo padre el Papa, por la venida del Papa que consagrar\u00e1 Rusia, por Francia y por la Iglesia, por los sacerdotes buenos y santos, por la conversi\u00f3n de los pecadores y de las almas del Purgatorio.<\/span><\/p>\n\n\n\n<p class=\"has-medium-font-size wp-block-paragraph\"><em>Nota: hemos a\u00f1adido la petici\u00f3n del advenimiento del Papa que consagrar\u00e1 Rusia. Esta petici\u00f3n es fundamental para obtener la conversi\u00f3n del mundo y debe hacerse a Dios con regularidad.<\/em><\/p>\n\n\n\n<p class=\"wp-block-paragraph\"><\/p>\n\n\n\n<p class=\"wp-block-paragraph\"><\/p>\n\n\n\n<p class=\"has-medium-font-size wp-block-paragraph\"><strong><u>Oraci\u00f3n para ofrecer las dificultades de su deber estatal<\/u><\/strong><br><meta charset=\"utf-8\"><em>Oraci\u00f3n pronunciada por la Virgen en F\u00e1tima el 13 de julio de 1917\u00a0<\/em><\/p>\n\n\n\n<p class=\"has-medium-font-size wp-block-paragraph\"><span style=\"color:#0c54d0\" class=\"has-inline-color\">\u00ab&nbsp;J\u00e9sus, c&#8217;est par amour pour Vous, pour la conversion des p\u00e9cheurs et en r\u00e9paration des p\u00e9ch\u00e9s commis contre le C\u0153ur Immacul\u00e9 de Marie \u00bb.<\/span><\/p>\n\n\n\n<p class=\"has-medium-font-size wp-block-paragraph\"><\/p>\n\n\n\n<p class=\"wp-block-paragraph\"><\/p>\n\n\n\n<p class=\"has-medium-font-size wp-block-paragraph\"><strong><u>Ofrenda ante el mal o los pecadores durante el d\u00eda<\/u><\/strong><br><meta charset=\"utf-8\"><em>Oraci\u00f3n pronunciada por el \u00e1ngel en F\u00e1tima en la primavera de 1916<\/em><\/p>\n\n\n\n<p class=\"has-medium-font-size wp-block-paragraph\"><span style=\"color:#0c54d0\" class=\"has-inline-color\">\u00ab&nbsp;Mon Dieu, je crois, j&#8217;adore, j&#8217;esp\u00e8re et je Vous aime&nbsp;! Je Vous demande pardon pour ceux qui ne croient pas, qui n&#8217;adorent pas, qui n&#8217;esp\u00e8rent pas, qui ne Vous aiment pas&nbsp;!&nbsp;\u00bb<\/span><\/p>\n\n\n\n<p class=\"wp-block-paragraph\"><\/p>\n\n\n\n<p class=\"has-medium-font-size wp-block-paragraph\"><strong><u>Ofrenda de comuni\u00f3n<\/u><\/strong><br><meta charset=\"utf-8\"><em>Oraci\u00f3n pronunciada por el \u00e1ngel en F\u00e1tima en la primavera de 1916<\/em><\/p>\n\n\n\n<p class=\"has-medium-font-size wp-block-paragraph\"><span style=\"color:#0c54d0\" class=\"has-inline-color\">\"Sant\u00edsima Trinidad, Padre, Hijo y Esp\u00edritu Santo, os adoro profundamente y os ofrezco el precios\u00edsimo Cuerpo, Sangre, Alma y Divinidad de Jesucristo, presente en todos los Sagrarios de la tierra, en reparaci\u00f3n de los ultrajes, sacrilegios e indiferencias con que \u00c9l mismo es ofendido. Por los m\u00e9ritos infinitos de su Sacrat\u00edsimo Coraz\u00f3n y del Coraz\u00f3n Inmaculado de Mar\u00eda, te pido la conversi\u00f3n de los pobres. <\/span><em><span style=\"color:#0c54d0\" class=\"has-inline-color\">pecadores \"<\/span><\/em><\/p>","protected":false},"featured_media":2078,"template":"","class_list":["post-2076","prieres","type-prieres","status-publish","has-post-thumbnail","hentry"],"_links":{"self":[{"href":"https:\/\/salve-corda.org\/es\/wp-json\/wp\/v2\/prieres\/2076","targetHints":{"allow":["GET"]}}],"collection":[{"href":"https:\/\/salve-corda.org\/es\/wp-json\/wp\/v2\/prieres"}],"about":[{"href":"https:\/\/salve-corda.org\/es\/wp-json\/wp\/v2\/types\/prieres"}],"version-history":[{"count":1,"href":"https:\/\/salve-corda.org\/es\/wp-json\/wp\/v2\/prieres\/2076\/revisions"}],"predecessor-version":[{"id":6812,"href":"https:\/\/salve-corda.org\/es\/wp-json\/wp\/v2\/prieres\/2076\/revisions\/6812"}],"wp:featuredmedia":[{"embeddable":true,"href":"https:\/\/salve-corda.org\/es\/wp-json\/wp\/v2\/media\/2078"}],"wp:attachment":[{"href":"https:\/\/salve-corda.org\/es\/wp-json\/wp\/v2\/media?parent=2076"}],"curies":[{"name":"wp","href":"https:\/\/api.w.org\/{rel}","templated":true}]}}