{"id":2045,"date":"2021-09-14T13:34:56","date_gmt":"2021-09-14T11:34:56","guid":{"rendered":"https:\/\/salve-corda.org\/?post_type=lettres&#038;p=2045"},"modified":"2021-12-17T19:19:11","modified_gmt":"2021-12-17T18:19:11","slug":"lettre-2","status":"publish","type":"meditations","link":"https:\/\/salve-corda.org\/it\/meditations\/lettre-2\/","title":{"rendered":"Lettera di sostegno di monsignor Schneider"},"content":{"rendered":"<p class=\"has-medium-font-size wp-block-paragraph\">Cari fedeli della Salve Corda,<\/p>\n\n\n\n<p class=\"wp-block-paragraph\" style=\"font-size:18px\">\u00c8 con profonda gioia che sono venuto a dare il mio sostegno spirituale alla grande Alleanza intorno ai Cuori di Ges\u00f9 e Maria che avete lanciato. Nel contesto di una crisi mondiale senza precedenti, il vostro obiettivo di rispondere in modo concreto alla loro chiamata \u00e8 assolutamente attuale.<\/p>\n\n\n\n<p class=\"wp-block-paragraph\" style=\"font-size:18px\">Questa devozione ai Cuori di Ges\u00f9 e di Maria si sta sviluppando molto oggi, ed \u00e8 assolutamente essenziale. Purtroppo, le precise richieste di Cristo e della Beata Vergine, che sono inseparabili da questa devozione, vengono troppo spesso dimenticate. Il grande merito della Salve Corda \u00e8 proprio quello di ricordarci la loro importanza vitale e di basare la sua azione sulla loro attuazione.<\/p>\n\n\n\n<p class=\"wp-block-paragraph\" style=\"font-size:18px\">Oggi c'\u00e8 anche una mancanza di unit\u00e0 tra i fedeli. L'approccio della Salve Corda risponde a questa esigenza essendo una \"Alleanza\" e non un nuovo movimento che si aggiunge a tanti altri. S\u00ec, di fronte alle avversit\u00e0 del nostro mondo moderno, dobbiamo unirci intorno alla bandiera dei Cuori di Ges\u00f9 e Maria e mettere in pratica le loro richieste nella nostra vita.<\/p>\n\n\n\n<p class=\"wp-block-paragraph\" style=\"font-size:18px\">Ricordiamo le belle parole di speranza di Santa Giacinta: \"Non \u00e8 mai troppo tardi per ricorrere ai Cuori di Ges\u00f9 e di Maria\".<\/p>\n\n\n\n<p class=\"wp-block-paragraph\" style=\"font-size:18px\">Dalla Cattedrale di Nostra Signora di Fatima in Kazakistan, benedico l'Alleanza Salve Corda e invito i fedeli ad unirsi ad essa. Che il vostro approccio rimanga fondato sull'umilt\u00e0, sullo spirito di obbedienza e sulla fede nella vittoria finale della Beata Vergine.<\/p>\n\n\n\n<p class=\"wp-block-paragraph\" style=\"font-size:18px\">A Cana Maria disse ai servi: \"Fate quello che vi dir\u00e0\". I servi obbedirono e il miracolo ebbe luogo.<\/p>\n\n\n\n<p class=\"wp-block-paragraph\" style=\"font-size:18px\">Oggi \u00e8 lo stesso: facciamo ci\u00f2 che la Madonna ci ha chiesto a Fatima e Dio conceder\u00e0 alle persone le grazie della conversione e della pace di cui il mondo ha tanto bisogno.<\/p>\n\n\n\n<p class=\"wp-block-paragraph\" style=\"font-size:18px\"><strong>+ Athanasius Schneider, vescovo ausiliare dell'arcidiocesi di Santa Maria in Astana<\/strong><\/p>","protected":false},"featured_media":4645,"template":"","class_list":["post-2045","meditations","type-meditations","status-publish","has-post-thumbnail","hentry"],"_links":{"self":[{"href":"https:\/\/salve-corda.org\/it\/wp-json\/wp\/v2\/meditations\/2045","targetHints":{"allow":["GET"]}}],"collection":[{"href":"https:\/\/salve-corda.org\/it\/wp-json\/wp\/v2\/meditations"}],"about":[{"href":"https:\/\/salve-corda.org\/it\/wp-json\/wp\/v2\/types\/meditations"}],"version-history":[{"count":0,"href":"https:\/\/salve-corda.org\/it\/wp-json\/wp\/v2\/meditations\/2045\/revisions"}],"wp:featuredmedia":[{"embeddable":true,"href":"https:\/\/salve-corda.org\/it\/wp-json\/wp\/v2\/media\/4645"}],"wp:attachment":[{"href":"https:\/\/salve-corda.org\/it\/wp-json\/wp\/v2\/media?parent=2045"}],"curies":[{"name":"wp","href":"https:\/\/api.w.org\/{rel}","templated":true}]}}