{"id":1011,"date":"2021-07-29T23:30:23","date_gmt":"2021-07-29T21:30:23","guid":{"rendered":"https:\/\/salve-corda.org\/?page_id=1011"},"modified":"2024-03-05T12:49:30","modified_gmt":"2024-03-05T11:49:30","slug":"demandes-qui-nous-sont-faites","status":"publish","type":"page","link":"https:\/\/salve-corda.org\/it\/demandes-qui-nous-sont-faites\/","title":{"rendered":"Altre richieste dal cuore di Ges\u00f9 e Maria"},"content":{"rendered":"<div data-elementor-type=\"wp-page\" data-elementor-id=\"1011\" class=\"elementor elementor-1011\">\n\t\t\t\t\t\t<section class=\"elementor-section elementor-top-section elementor-element elementor-element-09fc9a0 elementor-section-boxed elementor-section-height-default elementor-section-height-default\" data-id=\"09fc9a0\" data-element_type=\"section\" data-e-type=\"section\">\n\t\t\t\t\t\t<div class=\"elementor-container elementor-column-gap-default\">\n\t\t\t\t\t<div class=\"elementor-column elementor-col-100 elementor-top-column elementor-element elementor-element-3fc7c32\" data-id=\"3fc7c32\" data-element_type=\"column\" data-e-type=\"column\">\n\t\t\t<div class=\"elementor-widget-wrap elementor-element-populated\">\n\t\t\t\t\t\t<div class=\"elementor-element elementor-element-a233452 elementor-widget elementor-widget-spacer\" data-id=\"a233452\" data-element_type=\"widget\" data-e-type=\"widget\" data-widget_type=\"spacer.default\">\n\t\t\t\t<div class=\"elementor-widget-container\">\n\t\t\t\t\t\t\t<div class=\"elementor-spacer\">\n\t\t\t<div class=\"elementor-spacer-inner\"><\/div>\n\t\t<\/div>\n\t\t\t\t\t\t<\/div>\n\t\t\t\t<\/div>\n\t\t\t\t\t<\/div>\n\t\t<\/div>\n\t\t\t\t\t<\/div>\n\t\t<\/section>\n\t\t\t\t<section class=\"elementor-section elementor-top-section elementor-element elementor-element-8dc07c8 elementor-section-boxed elementor-section-height-default elementor-section-height-default\" data-id=\"8dc07c8\" data-element_type=\"section\" data-e-type=\"section\">\n\t\t\t\t\t\t<div class=\"elementor-container elementor-column-gap-default\">\n\t\t\t\t\t<div class=\"elementor-column elementor-col-100 elementor-top-column elementor-element elementor-element-f29f950\" data-id=\"f29f950\" data-element_type=\"column\" data-e-type=\"column\">\n\t\t\t<div class=\"elementor-widget-wrap elementor-element-populated\">\n\t\t\t\t\t\t<div class=\"elementor-element elementor-element-b5d6786 elementor-widget elementor-widget-heading\" data-id=\"b5d6786\" data-element_type=\"widget\" data-e-type=\"widget\" data-widget_type=\"heading.default\">\n\t\t\t\t<div class=\"elementor-widget-container\">\n\t\t\t\t\t<h2 class=\"elementor-heading-title elementor-size-default\">altre richieste delle sorelle di ges\u00f9 e maria <\/h2>\t\t\t\t<\/div>\n\t\t\t\t<\/div>\n\t\t\t\t<div class=\"elementor-element elementor-element-21e3644 elementor-widget elementor-widget-text-editor\" data-id=\"21e3644\" data-element_type=\"widget\" data-e-type=\"widget\" data-widget_type=\"text-editor.default\">\n\t\t\t\t<div class=\"elementor-widget-container\">\n\t\t\t\t\t\t\t\t\t<p>Si les premier samedi du mois sont une priorit\u00e9, et les r\u00e9aliser est d\u00e9j\u00e0 tr\u00e8s bien, certains membres de l\u2019Alliance s\u2019engagent aussi \u00e0 mettre en pratique personnellement l&#8217;ensemble des demandes des\u00a0<b>Cuori di Ges\u00f9 e Maria<\/b><\/p><p>\u00a0<\/p>\t\t\t\t\t\t\t\t<\/div>\n\t\t\t\t<\/div>\n\t\t\t\t<div class=\"elementor-element elementor-element-f61ec95 elementor-widget elementor-widget-heading\" data-id=\"f61ec95\" data-element_type=\"widget\" data-e-type=\"widget\" data-widget_type=\"heading.default\">\n\t\t\t\t<div class=\"elementor-widget-container\">\n\t\t\t\t\t<h2 class=\"elementor-heading-title elementor-size-default\">1- Le sette richieste di Fatima (1917-1929)<\/h2>\t\t\t\t<\/div>\n\t\t\t\t<\/div>\n\t\t\t\t\t<\/div>\n\t\t<\/div>\n\t\t\t\t\t<\/div>\n\t\t<\/section>\n\t\t\t\t<section class=\"elementor-section elementor-top-section elementor-element elementor-element-1f6f28f elementor-section-boxed elementor-section-height-default elementor-section-height-default\" data-id=\"1f6f28f\" data-element_type=\"section\" data-e-type=\"section\">\n\t\t\t\t\t\t<div class=\"elementor-container elementor-column-gap-default\">\n\t\t\t\t\t<div class=\"elementor-column elementor-col-50 elementor-top-column elementor-element elementor-element-ef8c924\" data-id=\"ef8c924\" data-element_type=\"column\" data-e-type=\"column\" data-settings=\"{&quot;background_background&quot;:&quot;classic&quot;}\">\n\t\t\t<div class=\"elementor-widget-wrap elementor-element-populated\">\n\t\t\t\t\t\t<div class=\"elementor-element elementor-element-cd2e673 elementor-widget elementor-widget-text-editor\" data-id=\"cd2e673\" data-element_type=\"widget\" data-e-type=\"widget\" data-widget_type=\"text-editor.default\">\n\t\t\t\t<div class=\"elementor-widget-container\">\n\t\t\t\t\t\t\t\t\t<p><span style=\"text-decoration: underline;\">Richieste ai fedeli<\/span><\/p>\t\t\t\t\t\t\t\t<\/div>\n\t\t\t\t<\/div>\n\t\t\t\t\t<\/div>\n\t\t<\/div>\n\t\t\t\t<div class=\"elementor-column elementor-col-50 elementor-top-column elementor-element elementor-element-e54b7a2\" data-id=\"e54b7a2\" data-element_type=\"column\" data-e-type=\"column\" data-settings=\"{&quot;background_background&quot;:&quot;classic&quot;}\">\n\t\t\t<div class=\"elementor-widget-wrap elementor-element-populated\">\n\t\t\t\t\t\t<div class=\"elementor-element elementor-element-b0dc617 elementor-widget elementor-widget-text-editor\" data-id=\"b0dc617\" data-element_type=\"widget\" data-e-type=\"widget\" data-widget_type=\"text-editor.default\">\n\t\t\t\t<div class=\"elementor-widget-container\">\n\t\t\t\t\t\t\t\t\t<p><span style=\"text-decoration: underline;\">Richieste al Papa<\/span><\/p>\t\t\t\t\t\t\t\t<\/div>\n\t\t\t\t<\/div>\n\t\t\t\t\t<\/div>\n\t\t<\/div>\n\t\t\t\t\t<\/div>\n\t\t<\/section>\n\t\t\t\t<section class=\"elementor-section elementor-top-section elementor-element elementor-element-5ae4006 elementor-section-boxed elementor-section-height-default elementor-section-height-default\" data-id=\"5ae4006\" data-element_type=\"section\" data-e-type=\"section\">\n\t\t\t\t\t\t<div class=\"elementor-container elementor-column-gap-default\">\n\t\t\t\t\t<div class=\"elementor-column elementor-col-50 elementor-top-column elementor-element elementor-element-78a199c\" data-id=\"78a199c\" data-element_type=\"column\" data-e-type=\"column\" data-settings=\"{&quot;background_background&quot;:&quot;classic&quot;}\">\n\t\t\t<div class=\"elementor-widget-wrap elementor-element-populated\">\n\t\t\t\t\t\t<div class=\"elementor-element elementor-element-f4e5f1f elementor-widget elementor-widget-text-editor\" data-id=\"f4e5f1f\" data-element_type=\"widget\" data-e-type=\"widget\" data-widget_type=\"text-editor.default\">\n\t\t\t\t<div class=\"elementor-widget-container\">\n\t\t\t\t\t\t\t\t\t<p><span style=\"color: #1046a3;\">1- Devozione il 1\u00b0 sabato del mese<\/span><\/p><p><span style=\"color: #1046a3;\">2- Consacrazione<\/span><span style=\"background-color: var( --e-global-color-f890547 ); color: #1046a3;\">\u00a0a\u00a0<\/span><span style=\"background-color: var( --e-global-color-f890547 ); color: #1046a3;\">Cuore Immacolato di Maria<\/span><\/p><p><span style=\"color: #1046a3;\">3- Rosario quotidiano<\/span><\/p><p><span style=\"color: #1046a3;\">4- Indossare lo scapolare<\/span><br \/><span style=\"color: #1046a3;\">5- Offrande des difficult\u00e9s de son devoir d&#8217;Etat<\/span><\/p>\t\t\t\t\t\t\t\t<\/div>\n\t\t\t\t<\/div>\n\t\t\t\t\t<\/div>\n\t\t<\/div>\n\t\t\t\t<div class=\"elementor-column elementor-col-50 elementor-top-column elementor-element elementor-element-7dbc098\" data-id=\"7dbc098\" data-element_type=\"column\" data-e-type=\"column\" data-settings=\"{&quot;background_background&quot;:&quot;classic&quot;}\">\n\t\t\t<div class=\"elementor-widget-wrap elementor-element-populated\">\n\t\t\t\t\t\t<div class=\"elementor-element elementor-element-a893017 elementor-widget elementor-widget-text-editor\" data-id=\"a893017\" data-element_type=\"widget\" data-e-type=\"widget\" data-widget_type=\"text-editor.default\">\n\t\t\t\t<div class=\"elementor-widget-container\">\n\t\t\t\t\t\t\t\t\t<p>1- Consacrazione della Russia alla\u00a0<span style=\"background-color: var( --e-global-color-f890547 ); color: #1046a3;\">Cuore<\/span><span style=\"color: var( --e-global-color-primary ); background-color: var( --e-global-color-f890547 );\">\u00a0Cuore Immacolato di Maria<\/span><\/p><p><span style=\"color: var( --e-global-color-primary ); background-color: var( --e-global-color-f890547 );\">\u00a0 \u00a0 in unione con tutti i vescovi del mondo<\/span><\/p><p>2- Officialisation dans l&#8217;Eglise les 1ers samedis du mois<\/p>\t\t\t\t\t\t\t\t<\/div>\n\t\t\t\t<\/div>\n\t\t\t\t\t<\/div>\n\t\t<\/div>\n\t\t\t\t\t<\/div>\n\t\t<\/section>\n\t\t\t\t<section class=\"elementor-section elementor-top-section elementor-element elementor-element-32843b8 elementor-section-boxed elementor-section-height-default elementor-section-height-default\" data-id=\"32843b8\" data-element_type=\"section\" data-e-type=\"section\">\n\t\t\t\t\t\t<div class=\"elementor-container elementor-column-gap-default\">\n\t\t\t\t\t<div class=\"elementor-column elementor-col-100 elementor-top-column elementor-element elementor-element-b5fbf35\" data-id=\"b5fbf35\" data-element_type=\"column\" data-e-type=\"column\">\n\t\t\t<div class=\"elementor-widget-wrap elementor-element-populated\">\n\t\t\t\t\t\t<div class=\"elementor-element elementor-element-2c89495 elementor-widget elementor-widget-text-editor\" data-id=\"2c89495\" data-element_type=\"widget\" data-e-type=\"widget\" data-widget_type=\"text-editor.default\">\n\t\t\t\t<div class=\"elementor-widget-container\">\n\t\t\t\t\t\t\t\t\t<p>i dettagli di queste richieste fatte ai fedeli<\/p>\t\t\t\t\t\t\t\t<\/div>\n\t\t\t\t<\/div>\n\t\t\t\t\t<\/div>\n\t\t<\/div>\n\t\t\t\t\t<\/div>\n\t\t<\/section>\n\t\t\t\t<section class=\"elementor-section elementor-top-section elementor-element elementor-element-a092214 elementor-section-boxed elementor-section-height-default elementor-section-height-default\" data-id=\"a092214\" data-element_type=\"section\" data-e-type=\"section\" data-settings=\"{&quot;background_background&quot;:&quot;classic&quot;}\">\n\t\t\t\t\t\t<div class=\"elementor-container elementor-column-gap-default\">\n\t\t\t\t\t<div class=\"elementor-column elementor-col-50 elementor-top-column elementor-element elementor-element-695e9e2\" data-id=\"695e9e2\" data-element_type=\"column\" data-e-type=\"column\">\n\t\t\t<div class=\"elementor-widget-wrap elementor-element-populated\">\n\t\t\t\t\t\t<div class=\"elementor-element elementor-element-cf3c299 elementor-widget elementor-widget-text-editor\" data-id=\"cf3c299\" data-element_type=\"widget\" data-e-type=\"widget\" data-widget_type=\"text-editor.default\">\n\t\t\t\t<div class=\"elementor-widget-container\">\n\t\t\t\t\t\t\t\t\t<p>\u00a0<\/p><p><b>1- Primo sabato del mese<\/b><\/p><p>La Beata Vergine ha chiesto che le offese che le sono state fatte siano riparate da noi ogni primo sabato del mese nel modo seguente:\u00a0\u00a0<\/p><p>\u00a0<\/p><p>1\/ Comunione in riparazione delle offese commesse contro la Beata Vergine Maria<\/p><p>2\/ Recitare il rosario<\/p><p>3\/ Quindici minuti di meditazione su uno dei misteri del rosario.<\/p><p>4\/ Andare a confessarsi entro otto giorni con la stessa intenzione.<\/p><p>\u00a0<\/p><p>Chiede inoltre che tale pratica venga eseguita come minimo <b>cinque primi sabati di fila.<\/b><\/p><p>\u00a0<\/p><p><span style=\"font-weight: bolder;\">2- Consacrazione al Cuore Immacolato di Maria<\/span><\/p><p>La consacrazione \u00e8 un atto di donazione alla Vergine. Basta scegliere una preghiera di consacrazione e avere una sincera disposizione interiore. Deve essere fatta una volta nella vita.<\/p>\t\t\t\t\t\t\t\t<\/div>\n\t\t\t\t<\/div>\n\t\t\t\t\t<\/div>\n\t\t<\/div>\n\t\t\t\t<div class=\"elementor-column elementor-col-50 elementor-top-column elementor-element elementor-element-000ffb9\" data-id=\"000ffb9\" data-element_type=\"column\" data-e-type=\"column\">\n\t\t\t<div class=\"elementor-widget-wrap elementor-element-populated\">\n\t\t\t\t\t\t<div class=\"elementor-element elementor-element-ab90851 elementor-widget elementor-widget-image\" data-id=\"ab90851\" data-element_type=\"widget\" data-e-type=\"widget\" data-widget_type=\"image.default\">\n\t\t\t\t<div class=\"elementor-widget-container\">\n\t\t\t\t\t\t\t\t\t\t\t\t\t\t\t<img decoding=\"async\" src=\"https:\/\/salve-corda.org\/wp-content\/uploads\/2022\/03\/external-content.duckduckgo-1.jpg\" title=\"contenuto esterno.duckduckgo-1\" alt=\"external-content.duckduckgo-1\" loading=\"lazy\" \/>\t\t\t\t\t\t\t\t\t\t\t\t\t\t\t<\/div>\n\t\t\t\t<\/div>\n\t\t\t\t\t<\/div>\n\t\t<\/div>\n\t\t\t\t\t<\/div>\n\t\t<\/section>\n\t\t\t\t<section class=\"elementor-section elementor-top-section elementor-element elementor-element-bcae921 elementor-section-boxed elementor-section-height-default elementor-section-height-default\" data-id=\"bcae921\" data-element_type=\"section\" data-e-type=\"section\" data-settings=\"{&quot;background_background&quot;:&quot;classic&quot;}\">\n\t\t\t\t\t\t<div class=\"elementor-container elementor-column-gap-default\">\n\t\t\t\t\t<div class=\"elementor-column elementor-col-100 elementor-top-column elementor-element elementor-element-3481ca7\" data-id=\"3481ca7\" data-element_type=\"column\" data-e-type=\"column\">\n\t\t\t<div class=\"elementor-widget-wrap elementor-element-populated\">\n\t\t\t\t\t\t<div class=\"elementor-element elementor-element-7ecf2fe elementor-widget elementor-widget-text-editor\" data-id=\"7ecf2fe\" data-element_type=\"widget\" data-e-type=\"widget\" data-widget_type=\"text-editor.default\">\n\t\t\t\t<div class=\"elementor-widget-container\">\n\t\t\t\t\t\t\t\t\t<p><strong>3- Il rosario<br \/><\/strong>La Vergine ha sempre chiesto il rosario e questo dimostra l'importanza di questa preghiera. Bisogna recitarlo tutti i giorni, ma non \u00e8 sempre facile, a seconda dei vincoli personali. Ma si pu\u00f2 sempre fare del proprio meglio. Il rosario si \u00e8 dimostrato incredibilmente efficace per affrontare i problemi temporali, in particolare durante la battaglia di Lepanto.<\/p>\t\t\t\t\t\t\t\t<\/div>\n\t\t\t\t<\/div>\n\t\t\t\t\t<\/div>\n\t\t<\/div>\n\t\t\t\t\t<\/div>\n\t\t<\/section>\n\t\t\t\t<section class=\"elementor-section elementor-top-section elementor-element elementor-element-e7db8a4 elementor-section-boxed elementor-section-height-default elementor-section-height-default\" data-id=\"e7db8a4\" data-element_type=\"section\" data-e-type=\"section\" data-settings=\"{&quot;background_background&quot;:&quot;classic&quot;}\">\n\t\t\t\t\t\t<div class=\"elementor-container elementor-column-gap-default\">\n\t\t\t\t\t<div class=\"elementor-column elementor-col-100 elementor-top-column elementor-element elementor-element-f08f53c\" data-id=\"f08f53c\" data-element_type=\"column\" data-e-type=\"column\">\n\t\t\t<div class=\"elementor-widget-wrap elementor-element-populated\">\n\t\t\t\t\t\t<section class=\"elementor-section elementor-inner-section elementor-element elementor-element-a03a4d6 elementor-section-boxed elementor-section-height-default elementor-section-height-default\" data-id=\"a03a4d6\" data-element_type=\"section\" data-e-type=\"section\" data-settings=\"{&quot;background_background&quot;:&quot;classic&quot;}\">\n\t\t\t\t\t\t<div class=\"elementor-container elementor-column-gap-default\">\n\t\t\t\t\t<div class=\"elementor-column elementor-col-50 elementor-inner-column elementor-element elementor-element-5b9da7e\" data-id=\"5b9da7e\" data-element_type=\"column\" data-e-type=\"column\">\n\t\t\t<div class=\"elementor-widget-wrap elementor-element-populated\">\n\t\t\t\t\t\t<div class=\"elementor-element elementor-element-c01ae20 elementor-widget elementor-widget-image\" data-id=\"c01ae20\" data-element_type=\"widget\" data-e-type=\"widget\" data-widget_type=\"image.default\">\n\t\t\t\t<div class=\"elementor-widget-container\">\n\t\t\t\t\t\t\t\t\t\t\t\t\t\t\t<img fetchpriority=\"high\" decoding=\"async\" width=\"382\" height=\"345\" src=\"https:\/\/salve-corda.org\/wp-content\/uploads\/2022\/03\/scapulaire.png\" class=\"attachment-large size-large wp-image-4910\" alt=\"\" srcset=\"https:\/\/salve-corda.org\/wp-content\/uploads\/2022\/03\/scapulaire.png 382w, https:\/\/salve-corda.org\/wp-content\/uploads\/2022\/03\/scapulaire-300x271.png 300w\" sizes=\"(max-width: 382px) 100vw, 382px\" \/>\t\t\t\t\t\t\t\t\t\t\t\t\t\t\t<\/div>\n\t\t\t\t<\/div>\n\t\t\t\t\t<\/div>\n\t\t<\/div>\n\t\t\t\t<div class=\"elementor-column elementor-col-50 elementor-inner-column elementor-element elementor-element-3fd9816\" data-id=\"3fd9816\" data-element_type=\"column\" data-e-type=\"column\">\n\t\t\t<div class=\"elementor-widget-wrap elementor-element-populated\">\n\t\t\t\t\t\t<div class=\"elementor-element elementor-element-faa1193 elementor-widget elementor-widget-text-editor\" data-id=\"faa1193\" data-element_type=\"widget\" data-e-type=\"widget\" data-widget_type=\"text-editor.default\">\n\t\t\t\t<div class=\"elementor-widget-container\">\n\t\t\t\t\t\t\t\t\t<p><strong>4- Indossare lo scapolare del Monte Carmelo<br><\/strong><span style=\"color: var( --e-global-color-text ); font-family: var( --e-global-typography-text-font-family ), Sans-serif; font-size: var( --e-global-typography-text-font-size ); font-weight: var( --e-global-typography-text-font-weight );\">Lo scapolare del Monte Carmelo \u00e8 un piccolo pezzo di stoffa marrone indossato come una medaglia con il Sacro Cuore su un lato e la Madonna del Monte Carmelo sull'altro.  Fu donato dalla stessa Vergine a San Simone Stock nel XIII secolo. Questa stoffa \u00e8 una riduzione dell'abito carmelitano e dimostra la nostra appartenenza alla Vergine.<\/span><\/p>\n<p>Deve essere presentata da un sacerdote con una benedizione speciale.<\/p>\n<p><br><\/p>\n<p>ATTENZIONE: La Madonna ha parlato della <b>Scapolare del Monte Carmelo<\/b>. Inventare e trasportare <b>un altro scapolare<\/b> n&#8217;a aucune validit\u00e9 quant aux promesses de Fatima lesquelles sont attach\u00e9es uniquement au scapulaire du Mont Carmel.<\/p>\t\t\t\t\t\t\t\t<\/div>\n\t\t\t\t<\/div>\n\t\t\t\t\t<\/div>\n\t\t<\/div>\n\t\t\t\t\t<\/div>\n\t\t<\/section>\n\t\t\t\t\t<\/div>\n\t\t<\/div>\n\t\t\t\t\t<\/div>\n\t\t<\/section>\n\t\t\t\t<section class=\"elementor-section elementor-top-section elementor-element elementor-element-82867dc elementor-section-boxed elementor-section-height-default elementor-section-height-default\" data-id=\"82867dc\" data-element_type=\"section\" data-e-type=\"section\" data-settings=\"{&quot;background_background&quot;:&quot;classic&quot;}\">\n\t\t\t\t\t\t<div class=\"elementor-container elementor-column-gap-default\">\n\t\t\t\t\t<div class=\"elementor-column elementor-col-100 elementor-top-column elementor-element elementor-element-331548f\" data-id=\"331548f\" data-element_type=\"column\" data-e-type=\"column\">\n\t\t\t<div class=\"elementor-widget-wrap elementor-element-populated\">\n\t\t\t\t\t\t<div class=\"elementor-element elementor-element-f456608 elementor-widget elementor-widget-text-editor\" data-id=\"f456608\" data-element_type=\"widget\" data-e-type=\"widget\" data-widget_type=\"text-editor.default\">\n\t\t\t\t<div class=\"elementor-widget-container\">\n\t\t\t\t\t\t\t\t\t<p><b style=\"color: var( --e-global-color-text ); font-family: var( --e-global-typography-text-font-family ), Sans-serif; font-size: var( --e-global-typography-text-font-size ); background-color: rgba(246, 244, 245, 0);\">5- L&#8217;offrande de son devoir d&#8217;\u00e9tat pour la conversion des p\u00e9cheurs<\/b><\/p><p><span style=\"color: var( --e-global-color-text ); font-family: var( --e-global-typography-text-font-family ), Sans-serif; font-size: var( --e-global-typography-text-font-size ); font-weight: var( --e-global-typography-text-font-weight );\">In questi tempi difficili, la Beata Vergine, nel suo amore materno, non \u00e8 venuta a imporci particolari penitenze. Ci ha semplicemente chiesto di<\/span><span style=\"color: var( --e-global-color-text ); font-family: var( --e-global-typography-text-font-family ), Sans-serif; font-size: var( --e-global-typography-text-font-size );\">'<\/span><span style=\"color: var( --e-global-color-text ); font-family: var( --e-global-typography-text-font-family ), Sans-serif; font-size: var( --e-global-typography-text-font-size );\">offrire regolarmente le difficolt\u00e0 del nostro dovere di Stato <\/span><span style=\"color: var( --e-global-color-text ); font-family: var( --e-global-typography-text-font-family ), Sans-serif; font-size: var( --e-global-typography-text-font-size );\">pou<\/span><span style=\"color: var( --e-global-color-text ); font-family: var( --e-global-typography-text-font-family ), Sans-serif; font-size: var( --e-global-typography-text-font-size ); font-weight: var( --e-global-typography-text-font-weight );\">a conversione dei peccatori. Compiendo questo passo pi\u00f9 volte al giorno,<\/span> <span style=\"color: var( --e-global-color-text ); font-family: var( --e-global-typography-text-font-family ), Sans-serif; font-size: var( --e-global-typography-text-font-size );\">la Beata Vergine interviene per evitare che le anime vadano all'inferno<\/span><span style=\"color: var( --e-global-color-text ); font-family: var( --e-global-typography-text-font-family ), Sans-serif; font-size: var( --e-global-typography-text-font-size );\">.\u00a0<\/span><strong><br \/><\/strong><\/p><p><span style=\"color: var( --e-global-color-text ); font-family: var( --e-global-typography-text-font-family ), Sans-serif; font-size: var( --e-global-typography-text-font-size );\">\u00a0<\/span><\/p>\t\t\t\t\t\t\t\t<\/div>\n\t\t\t\t<\/div>\n\t\t\t\t\t<\/div>\n\t\t<\/div>\n\t\t\t\t\t<\/div>\n\t\t<\/section>\n\t\t\t\t<section class=\"elementor-section elementor-top-section elementor-element elementor-element-15a0b5a elementor-section-boxed elementor-section-height-default elementor-section-height-default\" data-id=\"15a0b5a\" data-element_type=\"section\" data-e-type=\"section\">\n\t\t\t\t\t\t<div class=\"elementor-container elementor-column-gap-default\">\n\t\t\t\t\t<div class=\"elementor-column elementor-col-100 elementor-top-column elementor-element elementor-element-b3954cd\" data-id=\"b3954cd\" data-element_type=\"column\" data-e-type=\"column\">\n\t\t\t<div class=\"elementor-widget-wrap elementor-element-populated\">\n\t\t\t\t\t\t<div class=\"elementor-element elementor-element-e4f5735 elementor-widget elementor-widget-heading\" data-id=\"e4f5735\" data-element_type=\"widget\" data-e-type=\"widget\" data-widget_type=\"heading.default\">\n\t\t\t\t<div class=\"elementor-widget-container\">\n\t\t\t\t\t<h2 class=\"elementor-heading-title elementor-size-default\">2- le sette richieste del sacr\u00e9-coeur a paray-le-monial (1673-1689)<\/h2>\t\t\t\t<\/div>\n\t\t\t\t<\/div>\n\t\t\t\t\t<\/div>\n\t\t<\/div>\n\t\t\t\t\t<\/div>\n\t\t<\/section>\n\t\t\t\t<section class=\"elementor-section elementor-top-section elementor-element elementor-element-6985e34 elementor-section-boxed elementor-section-height-default elementor-section-height-default\" data-id=\"6985e34\" data-element_type=\"section\" data-e-type=\"section\" data-settings=\"{&quot;background_background&quot;:&quot;classic&quot;}\">\n\t\t\t\t\t\t<div class=\"elementor-container elementor-column-gap-default\">\n\t\t\t\t\t<div class=\"elementor-column elementor-col-50 elementor-top-column elementor-element elementor-element-b454d14\" data-id=\"b454d14\" data-element_type=\"column\" data-e-type=\"column\" data-settings=\"{&quot;background_background&quot;:&quot;classic&quot;}\">\n\t\t\t<div class=\"elementor-widget-wrap elementor-element-populated\">\n\t\t\t\t\t\t<div class=\"elementor-element elementor-element-b840408 elementor-widget elementor-widget-text-editor\" data-id=\"b840408\" data-element_type=\"widget\" data-e-type=\"widget\" data-widget_type=\"text-editor.default\">\n\t\t\t\t<div class=\"elementor-widget-container\">\n\t\t\t\t\t\t\t\t\t<p><span style=\"text-decoration: underline;\">Richieste ai fedeli<\/span><\/p>\t\t\t\t\t\t\t\t<\/div>\n\t\t\t\t<\/div>\n\t\t\t\t\t<\/div>\n\t\t<\/div>\n\t\t\t\t<div class=\"elementor-column elementor-col-50 elementor-top-column elementor-element elementor-element-4fa5b72\" data-id=\"4fa5b72\" data-element_type=\"column\" data-e-type=\"column\" data-settings=\"{&quot;background_background&quot;:&quot;classic&quot;}\">\n\t\t\t<div class=\"elementor-widget-wrap elementor-element-populated\">\n\t\t\t\t\t\t<div class=\"elementor-element elementor-element-5a876b5 elementor-widget elementor-widget-text-editor\" data-id=\"5a876b5\" data-element_type=\"widget\" data-e-type=\"widget\" data-widget_type=\"text-editor.default\">\n\t\t\t\t<div class=\"elementor-widget-container\">\n\t\t\t\t\t\t\t\t\t<p><span style=\"text-decoration: underline;\">Demandes au Roi (chef d&#8217;Etat)<\/span><\/p>\t\t\t\t\t\t\t\t<\/div>\n\t\t\t\t<\/div>\n\t\t\t\t\t<\/div>\n\t\t<\/div>\n\t\t\t\t\t<\/div>\n\t\t<\/section>\n\t\t\t\t<section class=\"elementor-section elementor-top-section elementor-element elementor-element-ba0afdd elementor-section-boxed elementor-section-height-default elementor-section-height-default\" data-id=\"ba0afdd\" data-element_type=\"section\" data-e-type=\"section\">\n\t\t\t\t\t\t<div class=\"elementor-container elementor-column-gap-default\">\n\t\t\t\t\t<div class=\"elementor-column elementor-col-50 elementor-top-column elementor-element elementor-element-b95d12d\" data-id=\"b95d12d\" data-element_type=\"column\" data-e-type=\"column\" data-settings=\"{&quot;background_background&quot;:&quot;classic&quot;}\">\n\t\t\t<div class=\"elementor-widget-wrap elementor-element-populated\">\n\t\t\t\t\t\t<div class=\"elementor-element elementor-element-bc3954d elementor-widget elementor-widget-text-editor\" data-id=\"bc3954d\" data-element_type=\"widget\" data-e-type=\"widget\" data-widget_type=\"text-editor.default\">\n\t\t\t\t<div class=\"elementor-widget-container\">\n\t\t\t\t\t\t\t\t\t<p>1- Dedicarsi al Sacro<span style=\"color: #ad1a1a;\">&#8211;<span style=\"background-color: var( --e-global-color-f890547 );\">Cuore<\/span><\/span><\/p><p>2- Comunione ogni 1\u00b0 venerd\u00ec del mese<\/p><p><span style=\"font-family: var( --e-global-typography-18e5089-font-family ), Sans-serif; font-size: var( --e-global-typography-18e5089-font-size ); font-weight: var( --e-global-typography-18e5089-font-weight ); letter-spacing: var( --e-global-typography-18e5089-letter-spacing ); background-color: var( --e-global-color-f890547 );\">3- Ora Santa del gioved\u00ec sera<\/span><\/p><p>4- Honorer l&#8217;image du Sacr\u00e9<span style=\"color: #ad1a1a;\">&#8211;<span style=\"background-color: var( --e-global-color-f890547 );\">Cuore<\/span><\/span><\/p><p>5- Ob\u00e9issance \u00e0 son devoir d&#8217;\u00e9tat<\/p>\t\t\t\t\t\t\t\t<\/div>\n\t\t\t\t<\/div>\n\t\t\t\t\t<\/div>\n\t\t<\/div>\n\t\t\t\t<div class=\"elementor-column elementor-col-50 elementor-top-column elementor-element elementor-element-1110922\" data-id=\"1110922\" data-element_type=\"column\" data-e-type=\"column\" data-settings=\"{&quot;background_background&quot;:&quot;classic&quot;}\">\n\t\t\t<div class=\"elementor-widget-wrap elementor-element-populated\">\n\t\t\t\t\t\t<div class=\"elementor-element elementor-element-9d90f46 elementor-widget elementor-widget-text-editor\" data-id=\"9d90f46\" data-element_type=\"widget\" data-e-type=\"widget\" data-widget_type=\"text-editor.default\">\n\t\t\t\t<div class=\"elementor-widget-container\">\n\t\t\t\t\t\t\t\t\t<p><span style=\"color: #ad1a1a;\">1- Il Re deve dedicarsi al Sacro.<span style=\"background-color: var( --e-global-color-f890547 );\">C\u0153ur et L&#8217;honorer dans son palais<\/span><\/span><\/p><p><span style=\"color: #ad1a1a;\">2- Mettere il Sacro.<span style=\"background-color: var( --e-global-color-f890547 );\">Cuore<\/span> sulla bandiera e sullo stemma della Francia<\/span><\/p>\t\t\t\t\t\t\t\t<\/div>\n\t\t\t\t<\/div>\n\t\t\t\t\t<\/div>\n\t\t<\/div>\n\t\t\t\t\t<\/div>\n\t\t<\/section>\n\t\t\t\t<section class=\"elementor-section elementor-top-section elementor-element elementor-element-130277f elementor-section-boxed elementor-section-height-default elementor-section-height-default\" data-id=\"130277f\" data-element_type=\"section\" data-e-type=\"section\" data-settings=\"{&quot;background_background&quot;:&quot;classic&quot;}\">\n\t\t\t\t\t\t<div class=\"elementor-container elementor-column-gap-default\">\n\t\t\t\t\t<div class=\"elementor-column elementor-col-100 elementor-top-column elementor-element elementor-element-889a664\" data-id=\"889a664\" data-element_type=\"column\" data-e-type=\"column\">\n\t\t\t<div class=\"elementor-widget-wrap elementor-element-populated\">\n\t\t\t\t\t\t<div class=\"elementor-element elementor-element-af8e1a6 elementor-widget elementor-widget-text-editor\" data-id=\"af8e1a6\" data-element_type=\"widget\" data-e-type=\"widget\" data-widget_type=\"text-editor.default\">\n\t\t\t\t<div class=\"elementor-widget-container\">\n\t\t\t\t\t\t\t\t\t<p>\u00a0 i dettagli di queste richieste fatte ai fedeli<\/p>\t\t\t\t\t\t\t\t<\/div>\n\t\t\t\t<\/div>\n\t\t\t\t\t<\/div>\n\t\t<\/div>\n\t\t\t\t\t<\/div>\n\t\t<\/section>\n\t\t\t\t<section class=\"elementor-section elementor-top-section elementor-element elementor-element-f3f640c elementor-section-boxed elementor-section-height-default elementor-section-height-default\" data-id=\"f3f640c\" data-element_type=\"section\" data-e-type=\"section\">\n\t\t\t\t\t\t<div class=\"elementor-container elementor-column-gap-default\">\n\t\t\t\t\t<div class=\"elementor-column elementor-col-100 elementor-top-column elementor-element elementor-element-ce4cbd7\" data-id=\"ce4cbd7\" data-element_type=\"column\" data-e-type=\"column\">\n\t\t\t<div class=\"elementor-widget-wrap elementor-element-populated\">\n\t\t\t\t\t\t<div class=\"elementor-element elementor-element-f304579 elementor-widget elementor-widget-text-editor\" data-id=\"f304579\" data-element_type=\"widget\" data-e-type=\"widget\" data-widget_type=\"text-editor.default\">\n\t\t\t\t<div class=\"elementor-widget-container\">\n\t\t\t\t\t\t\t\t\t<p><strong>1- Consacrazione al Sacro Cuore<br \/><\/strong><span style=\"color: var( --e-global-color-text ); font-family: var( --e-global-typography-text-font-family ), Sans-serif; font-size: var( --e-global-typography-text-font-size ); font-weight: var( --e-global-typography-text-font-weight );\">La consacrazione \u00e8 un atto con cui si <\/span><b style=\"color: var( --e-global-color-text ); font-family: var( --e-global-typography-text-font-family ), Sans-serif; font-size: var( --e-global-typography-text-font-size );\">dona la sua persona al Sacro<\/b><b style=\"color: var( --e-global-color-text ); font-family: var( --e-global-typography-text-font-family ), Sans-serif; font-size: var( --e-global-typography-text-font-size );\">Cuore<\/b><span style=\"color: var( --e-global-color-text ); font-family: var( --e-global-typography-text-font-family ), Sans-serif; font-size: var( --e-global-typography-text-font-size ); font-weight: var( --e-global-typography-text-font-weight );\">. Questa consacrazione pu\u00f2 avvenire naturalmente in una consacrazione comune ai Cuori di Ges\u00f9 e Maria.<\/span><strong><br \/><\/strong><\/p>\t\t\t\t\t\t\t\t<\/div>\n\t\t\t\t<\/div>\n\t\t\t\t\t<\/div>\n\t\t<\/div>\n\t\t\t\t\t<\/div>\n\t\t<\/section>\n\t\t\t\t<section class=\"elementor-section elementor-top-section elementor-element elementor-element-48221c4 elementor-section-boxed elementor-section-height-default elementor-section-height-default\" data-id=\"48221c4\" data-element_type=\"section\" data-e-type=\"section\">\n\t\t\t\t\t\t<div class=\"elementor-container elementor-column-gap-default\">\n\t\t\t\t\t<div class=\"elementor-column elementor-col-50 elementor-top-column elementor-element elementor-element-1f9ef75\" data-id=\"1f9ef75\" data-element_type=\"column\" data-e-type=\"column\">\n\t\t\t<div class=\"elementor-widget-wrap elementor-element-populated\">\n\t\t\t\t\t\t<div class=\"elementor-element elementor-element-104f3b6 elementor-widget elementor-widget-text-editor\" data-id=\"104f3b6\" data-element_type=\"widget\" data-e-type=\"widget\" data-widget_type=\"text-editor.default\">\n\t\t\t\t<div class=\"elementor-widget-container\">\n\t\t\t\t\t\t\t\t\t<p><strong style=\"color: var( --e-global-color-text ); font-family: var( --e-global-typography-text-font-family ), Sans-serif; font-size: var( --e-global-typography-text-font-size );\">2- Primo venerd\u00ec del mese<\/strong><\/p><p>La comunione del 1\u00b0 venerd\u00ec del mese\" \u00e8 richiesta da Cristo per riparare all'ingratitudine dimostrata dagli uomini nei suoi confronti e come prova del nostro amore per lui.<\/p><p>Ha chiesto che questa pratica venga portata avanti\u00a0<b>nove primi venerd\u00ec consecutivi.\u00a0<br \/><\/b><\/p><p><b>\u00a0<\/b><\/p><p><strong style=\"color: var( --e-global-color-text ); font-family: var( --e-global-typography-text-font-family ), Sans-serif; font-size: var( --e-global-typography-text-font-size );\">3- Ora santa del gioved\u00ec sera<\/strong><\/p><p>Cristo ci ha chiesto di pregare per un'ora il gioved\u00ec sera in memoria della sua agonia. Santa Margherita Maria ha scritto esattamente ci\u00f2 che Cristo le ha chiesto:<\/p><p>\u00a0<\/p><p><span style=\"color: #062b99;\"><i>\"Accompagnarlo nella preghiera al Padre ogni gioved\u00ec dalle 23 a mezzanotte, in ricordo del suo dolore mortale nell'Orto degli Ulivi. Dobbiamo quindi unirci all'afflizione che Egli prov\u00f2 quando i suoi apostoli lo abbandonarono e implorare, anche noi, la misericordia del Padre per i peccatori\".<\/i><\/span><\/p><p><span style=\"color: var( --e-global-color-text ); font-family: var( --e-global-typography-text-font-family ), Sans-serif; font-size: var( --e-global-typography-text-font-size );\">\u00a0<\/span><\/p><p><span style=\"color: var( --e-global-color-text ); font-family: var( --e-global-typography-text-font-family ), Sans-serif; font-size: var( --e-global-typography-text-font-size );\"><b>4- Onorare l'immagine del Sacro Cuore<\/b><\/span><\/p><p>Cristo ha spiegato di aver sofferto per l'indifferenza e l'ingratitudine degli uomini. Per questo ha chiesto di essere amato attraverso l'immagine del suo cuore di carne, espressione del suo immenso amore per gli uomini. Ecco perch\u00e9 dobbiamo avere una rappresentazione del Sacro Cuore (immagine, statua, dipinto) nelle nostre case.<\/p>\t\t\t\t\t\t\t\t<\/div>\n\t\t\t\t<\/div>\n\t\t\t\t\t<\/div>\n\t\t<\/div>\n\t\t\t\t<div class=\"elementor-column elementor-col-50 elementor-top-column elementor-element elementor-element-5dcd121\" data-id=\"5dcd121\" data-element_type=\"column\" data-e-type=\"column\">\n\t\t\t<div class=\"elementor-widget-wrap elementor-element-populated\">\n\t\t\t\t\t\t<div class=\"elementor-element elementor-element-836f3e5 elementor-widget elementor-widget-image\" data-id=\"836f3e5\" data-element_type=\"widget\" data-e-type=\"widget\" data-widget_type=\"image.default\">\n\t\t\t\t<div class=\"elementor-widget-container\">\n\t\t\t\t\t\t\t\t\t\t\t\t\t\t\t<img decoding=\"async\" width=\"466\" height=\"600\" src=\"https:\/\/salve-corda.org\/wp-content\/uploads\/2021\/09\/agonie-de-jesus.jpg\" class=\"attachment-large size-large wp-image-2223\" alt=\"\" srcset=\"https:\/\/salve-corda.org\/wp-content\/uploads\/2021\/09\/agonie-de-jesus.jpg 466w, https:\/\/salve-corda.org\/wp-content\/uploads\/2021\/09\/agonie-de-jesus-233x300.jpg 233w\" sizes=\"(max-width: 466px) 100vw, 466px\" \/>\t\t\t\t\t\t\t\t\t\t\t\t\t\t\t<\/div>\n\t\t\t\t<\/div>\n\t\t\t\t\t<\/div>\n\t\t<\/div>\n\t\t\t\t\t<\/div>\n\t\t<\/section>\n\t\t\t\t<section class=\"elementor-section elementor-top-section elementor-element elementor-element-42881ca elementor-section-boxed elementor-section-height-default elementor-section-height-default\" data-id=\"42881ca\" data-element_type=\"section\" data-e-type=\"section\">\n\t\t\t\t\t\t<div class=\"elementor-container elementor-column-gap-default\">\n\t\t\t\t\t<div class=\"elementor-column elementor-col-100 elementor-top-column elementor-element elementor-element-10538d0\" data-id=\"10538d0\" data-element_type=\"column\" data-e-type=\"column\">\n\t\t\t<div class=\"elementor-widget-wrap elementor-element-populated\">\n\t\t\t\t\t\t<div class=\"elementor-element elementor-element-bac497d elementor-widget elementor-widget-text-editor\" data-id=\"bac497d\" data-element_type=\"widget\" data-e-type=\"widget\" data-widget_type=\"text-editor.default\">\n\t\t\t\t<div class=\"elementor-widget-container\">\n\t\t\t\t\t\t\t\t\t<p><strong>5- L\u2019ob\u00e9issance \u00e0 son devoir d&#8217;\u00e9tat<br \/><\/strong>Le Christ nous demande d&#8217;ob\u00e9ir comme Lui \u00e0 la volont\u00e9 de Dieu le P\u00e8re, c\u2019est-\u00e0-dire accepter ce que Dieu nous envoie.\u00a0<span style=\"color: var( --e-global-color-text ); font-family: var( --e-global-typography-text-font-family ), Sans-serif; font-size: var( --e-global-typography-text-font-size ); font-weight: var( --e-global-typography-text-font-weight );\">Questa richiesta \u00e8 simile all'offerta del dovere di stato richiesta dalla Beata Vergine.<\/span><span style=\"color: var( --e-global-color-text ); font-family: var( --e-global-typography-text-font-family ), Sans-serif; font-size: var( --e-global-typography-text-font-size ); font-weight: var( --e-global-typography-text-font-weight );\">\u00a0<br \/><\/span><\/p>\t\t\t\t\t\t\t\t<\/div>\n\t\t\t\t<\/div>\n\t\t\t\t\t<\/div>\n\t\t<\/div>\n\t\t\t\t\t<\/div>\n\t\t<\/section>\n\t\t\t\t<section class=\"elementor-section elementor-top-section elementor-element elementor-element-7e6621e elementor-section-boxed elementor-section-height-default elementor-section-height-default\" data-id=\"7e6621e\" data-element_type=\"section\" data-e-type=\"section\">\n\t\t\t\t\t\t<div class=\"elementor-container elementor-column-gap-default\">\n\t\t\t\t\t<div class=\"elementor-column elementor-col-100 elementor-top-column elementor-element elementor-element-2c97262\" data-id=\"2c97262\" data-element_type=\"column\" data-e-type=\"column\">\n\t\t\t<div class=\"elementor-widget-wrap elementor-element-populated\">\n\t\t\t\t\t\t<section class=\"elementor-section elementor-inner-section elementor-element elementor-element-ae27e1f elementor-section-boxed elementor-section-height-default elementor-section-height-default\" data-id=\"ae27e1f\" data-element_type=\"section\" data-e-type=\"section\">\n\t\t\t\t\t\t<div class=\"elementor-container elementor-column-gap-default\">\n\t\t\t\t\t<div class=\"elementor-column elementor-col-50 elementor-inner-column elementor-element elementor-element-64f867c\" data-id=\"64f867c\" data-element_type=\"column\" data-e-type=\"column\">\n\t\t\t<div class=\"elementor-widget-wrap elementor-element-populated\">\n\t\t\t\t\t\t<div class=\"elementor-element elementor-element-916c96e elementor-widget elementor-widget-image\" data-id=\"916c96e\" data-element_type=\"widget\" data-e-type=\"widget\" data-widget_type=\"image.default\">\n\t\t\t\t<div class=\"elementor-widget-container\">\n\t\t\t\t\t\t\t\t\t\t\t\t\t\t\t<img decoding=\"async\" width=\"640\" height=\"493\" src=\"https:\/\/salve-corda.org\/wp-content\/uploads\/2021\/09\/Jesus-on-the-cross-9.jpg\" class=\"attachment-large size-large wp-image-2228\" alt=\"\" srcset=\"https:\/\/salve-corda.org\/wp-content\/uploads\/2021\/09\/Jesus-on-the-cross-9.jpg 773w, https:\/\/salve-corda.org\/wp-content\/uploads\/2021\/09\/Jesus-on-the-cross-9-300x231.jpg 300w, https:\/\/salve-corda.org\/wp-content\/uploads\/2021\/09\/Jesus-on-the-cross-9-768x591.jpg 768w\" sizes=\"(max-width: 640px) 100vw, 640px\" \/>\t\t\t\t\t\t\t\t\t\t\t\t\t\t\t<\/div>\n\t\t\t\t<\/div>\n\t\t\t\t\t<\/div>\n\t\t<\/div>\n\t\t\t\t<div class=\"elementor-column elementor-col-50 elementor-inner-column elementor-element elementor-element-7a9e916\" data-id=\"7a9e916\" data-element_type=\"column\" data-e-type=\"column\">\n\t\t\t<div class=\"elementor-widget-wrap elementor-element-populated\">\n\t\t\t\t\t\t<div class=\"elementor-element elementor-element-b28b5e0 elementor-widget elementor-widget-text-editor\" data-id=\"b28b5e0\" data-element_type=\"widget\" data-e-type=\"widget\" data-widget_type=\"text-editor.default\">\n\t\t\t\t<div class=\"elementor-widget-container\">\n\t\t\t\t\t\t\t\t\t<p><i>Nota: <br>Noterete che il Cielo sembra chiederci di fare una <b>T<\/b><\/i><b><i>riduum Pascal <\/i><\/b><i>all'inizio di ogni mese (Heure Sainte Gioved\u00ec, 1<\/i><i>er<\/i><i> Venerd\u00ec e 1<\/i><i>er<\/i><i> Sabato) in onore dei Cuori di Ges\u00f9 e Maria. Si tratta di una novit\u00e0 che pu\u00f2 essere spiegata come segue:  Dio ci ha chiesto, ogni domenica, di ringraziarlo per aver <\/i><b><i>creato<\/i><\/b><i>.  Ora chiede che il 1\u00b0 gioved\u00ec\/venerd\u00ec\/sabato di ogni mese si ringrazi il Cuore di Ges\u00f9 e di Maria per averci donato il loro amore. <\/i><b><i>acquistato<\/i><\/b><i>. Il nostro accesso al cielo \u00e8 possibile solo grazie a questi due doni: la nostra creazione e la nostra redenzione. Questo deve essere il ritmo della nostra vita cristiana.<\/i><\/p>\t\t\t\t\t\t\t\t<\/div>\n\t\t\t\t<\/div>\n\t\t\t\t\t<\/div>\n\t\t<\/div>\n\t\t\t\t\t<\/div>\n\t\t<\/section>\n\t\t\t\t\t<\/div>\n\t\t<\/div>\n\t\t\t\t\t<\/div>\n\t\t<\/section>\n\t\t\t\t<\/div>","protected":false},"excerpt":{"rendered":"<p>ALTRE RICHIESTE DALLE CORSE DI GES\u00d9 E MARIA Se i primi sabati del mese sono una priorit\u00e0, e raggiungerli \u00e8 gi\u00e0 molto buono, alcuni membri dell'Alleanza si impegnano anche a [...].<\/p>","protected":false},"author":1,"featured_media":0,"parent":0,"menu_order":0,"comment_status":"closed","ping_status":"closed","template":"elementor_header_footer","meta":{"footnotes":""},"class_list":["post-1011","page","type-page","status-publish","hentry"],"_links":{"self":[{"href":"https:\/\/salve-corda.org\/it\/wp-json\/wp\/v2\/pages\/1011","targetHints":{"allow":["GET"]}}],"collection":[{"href":"https:\/\/salve-corda.org\/it\/wp-json\/wp\/v2\/pages"}],"about":[{"href":"https:\/\/salve-corda.org\/it\/wp-json\/wp\/v2\/types\/page"}],"author":[{"embeddable":true,"href":"https:\/\/salve-corda.org\/it\/wp-json\/wp\/v2\/users\/1"}],"replies":[{"embeddable":true,"href":"https:\/\/salve-corda.org\/it\/wp-json\/wp\/v2\/comments?post=1011"}],"version-history":[{"count":492,"href":"https:\/\/salve-corda.org\/it\/wp-json\/wp\/v2\/pages\/1011\/revisions"}],"predecessor-version":[{"id":6613,"href":"https:\/\/salve-corda.org\/it\/wp-json\/wp\/v2\/pages\/1011\/revisions\/6613"}],"wp:attachment":[{"href":"https:\/\/salve-corda.org\/it\/wp-json\/wp\/v2\/media?parent=1011"}],"curies":[{"name":"wp","href":"https:\/\/api.w.org\/{rel}","templated":true}]}}