{"id":16206,"date":"2024-11-28T22:46:03","date_gmt":"2024-11-28T21:46:03","guid":{"rendered":"https:\/\/salve-corda.org\/?page_id=16206"},"modified":"2025-02-04T22:07:20","modified_gmt":"2025-02-04T21:07:20","slug":"jubile-2025-des-1ers-samedis-du-mois","status":"publish","type":"page","link":"https:\/\/salve-corda.org\/it\/jubile-2025-des-1ers-samedis-du-mois\/","title":{"rendered":"Giubileo 2025 il 1\u00b0 sabato del mese"},"content":{"rendered":"<div data-elementor-type=\"wp-page\" data-elementor-id=\"16206\" class=\"elementor elementor-16206\">\n\t\t\t\t\t\t<section class=\"elementor-section elementor-top-section elementor-element elementor-element-44a3ee9 elementor-section-boxed elementor-section-height-default elementor-section-height-default\" data-id=\"44a3ee9\" data-element_type=\"section\" data-e-type=\"section\">\n\t\t\t\t\t\t<div class=\"elementor-container elementor-column-gap-default\">\n\t\t\t\t\t<div class=\"elementor-column elementor-col-100 elementor-top-column elementor-element elementor-element-fdbd764\" data-id=\"fdbd764\" data-element_type=\"column\" data-e-type=\"column\">\n\t\t\t<div class=\"elementor-widget-wrap elementor-element-populated\">\n\t\t\t\t\t\t<div class=\"elementor-element elementor-element-746e0f2 elementor-widget elementor-widget-spacer\" data-id=\"746e0f2\" data-element_type=\"widget\" data-e-type=\"widget\" data-widget_type=\"spacer.default\">\n\t\t\t\t<div class=\"elementor-widget-container\">\n\t\t\t\t\t\t\t<div class=\"elementor-spacer\">\n\t\t\t<div class=\"elementor-spacer-inner\"><\/div>\n\t\t<\/div>\n\t\t\t\t\t\t<\/div>\n\t\t\t\t<\/div>\n\t\t\t\t<div class=\"elementor-element elementor-element-ce04b36 elementor-widget__width-initial elementor-widget elementor-widget-heading\" data-id=\"ce04b36\" data-element_type=\"widget\" data-e-type=\"widget\" data-widget_type=\"heading.default\">\n\t\t\t\t<div class=\"elementor-widget-container\">\n\t\t\t\t\t<h2 class=\"elementor-heading-title elementor-size-default\">Giubileo 2025 per il centenario del 1\u00b0 sabato del mese<\/h2>\t\t\t\t<\/div>\n\t\t\t\t<\/div>\n\t\t\t\t\t<\/div>\n\t\t<\/div>\n\t\t\t\t\t<\/div>\n\t\t<\/section>\n\t\t\t\t<section class=\"elementor-section elementor-top-section elementor-element elementor-element-eac7595 elementor-section-boxed elementor-section-height-default elementor-section-height-default\" data-id=\"eac7595\" data-element_type=\"section\" data-e-type=\"section\" data-settings=\"{&quot;background_background&quot;:&quot;classic&quot;}\">\n\t\t\t\t\t\t<div class=\"elementor-container elementor-column-gap-default\">\n\t\t\t\t\t<div class=\"elementor-column elementor-col-100 elementor-top-column elementor-element elementor-element-ea07fde\" data-id=\"ea07fde\" data-element_type=\"column\" data-e-type=\"column\">\n\t\t\t<div class=\"elementor-widget-wrap elementor-element-populated\">\n\t\t\t\t\t\t<div class=\"elementor-element elementor-element-4e85bcd elementor-widget elementor-widget-heading\" data-id=\"4e85bcd\" data-element_type=\"widget\" data-e-type=\"widget\" data-widget_type=\"heading.default\">\n\t\t\t\t<div class=\"elementor-widget-container\">\n\t\t\t\t\t<h3 class=\"elementor-heading-title elementor-size-default\">Perch\u00e9 un Giubileo nel 2025<\/h3>\t\t\t\t<\/div>\n\t\t\t\t<\/div>\n\t\t\t\t<div class=\"elementor-element elementor-element-5dd353e elementor-widget elementor-widget-text-editor\" data-id=\"5dd353e\" data-element_type=\"widget\" data-e-type=\"widget\" data-widget_type=\"text-editor.default\">\n\t\t\t\t<div class=\"elementor-widget-container\">\n\t\t\t\t\t\t\t\t\t<div class=\"page\" title=\"Pagina 1\"><div class=\"layoutArea\"><div class=\"column\"><p>Oltre all'Anno Santo, il 2025 \u00e8 un anno di anniversario molto importante per il mondo. Saranno 100 anni da quando Nostra Signora di Fatima chiese la pace il 1\u00b0 sabato del mese. Il Giubileo dei primi sabati di Fatima del 2025 sar\u00e0 quindi lanciato dalla Salve Corda.<\/p><div class=\"page\" title=\"Pagina 1\"><div class=\"layoutArea\"><div class=\"column\"><p>Nel 1917, a Fatima, la Madonna insistette sul Rosario e annunci\u00f2 anche una devozione futura:<\/p><div class=\"page\" title=\"Pagina 1\"><div class=\"layoutArea\"><div class=\"column\"><p><span style=\"color: #0000ff;\"><em>\"Per evitare la guerra verr\u00f2 a chiedere la consacrazione della Russia al mio Cuore Immacolato e la Comunione riparatrice nei primi sabati.<\/em><\/span> Nostra Signora di Fatima 13 luglio 1917<\/p><p>\u00a0<\/p><\/div><\/div><\/div><\/div><\/div><\/div><\/div><\/div><\/div>\t\t\t\t\t\t\t\t<\/div>\n\t\t\t\t<\/div>\n\t\t\t\t\t<\/div>\n\t\t<\/div>\n\t\t\t\t\t<\/div>\n\t\t<\/section>\n\t\t\t\t<section class=\"elementor-section elementor-top-section elementor-element elementor-element-732bcc14 elementor-section-boxed elementor-section-height-default elementor-section-height-default\" data-id=\"732bcc14\" data-element_type=\"section\" data-e-type=\"section\" data-settings=\"{&quot;background_background&quot;:&quot;classic&quot;}\">\n\t\t\t\t\t\t<div class=\"elementor-container elementor-column-gap-default\">\n\t\t\t\t\t<div class=\"elementor-column elementor-col-33 elementor-top-column elementor-element elementor-element-37373765\" data-id=\"37373765\" data-element_type=\"column\" data-e-type=\"column\">\n\t\t\t<div class=\"elementor-widget-wrap elementor-element-populated\">\n\t\t\t\t\t\t<div class=\"elementor-element elementor-element-4e7aa6c elementor-widget elementor-widget-image\" data-id=\"4e7aa6c\" data-element_type=\"widget\" data-e-type=\"widget\" data-widget_type=\"image.default\">\n\t\t\t\t<div class=\"elementor-widget-container\">\n\t\t\t\t\t\t\t\t\t\t\t\t\t\t\t<img fetchpriority=\"high\" decoding=\"async\" width=\"560\" height=\"539\" src=\"https:\/\/salve-corda.org\/wp-content\/uploads\/2024\/03\/IMAGE-2022-09-10-181852-copie.jpg\" class=\"attachment-large size-large wp-image-6615\" alt=\"\" srcset=\"https:\/\/salve-corda.org\/wp-content\/uploads\/2024\/03\/IMAGE-2022-09-10-181852-copie.jpg 560w, https:\/\/salve-corda.org\/wp-content\/uploads\/2024\/03\/IMAGE-2022-09-10-181852-copie-300x289.jpg 300w\" sizes=\"(max-width: 560px) 100vw, 560px\" \/>\t\t\t\t\t\t\t\t\t\t\t\t\t\t\t<\/div>\n\t\t\t\t<\/div>\n\t\t\t\t\t<\/div>\n\t\t<\/div>\n\t\t\t\t<div class=\"elementor-column elementor-col-66 elementor-top-column elementor-element elementor-element-37955617\" data-id=\"37955617\" data-element_type=\"column\" data-e-type=\"column\">\n\t\t\t<div class=\"elementor-widget-wrap elementor-element-populated\">\n\t\t\t\t\t\t<div class=\"elementor-element elementor-element-2d503c38 elementor-widget elementor-widget-text-editor\" data-id=\"2d503c38\" data-element_type=\"widget\" data-e-type=\"widget\" data-widget_type=\"text-editor.default\">\n\t\t\t\t<div class=\"elementor-widget-container\">\n\t\t\t\t\t\t\t\t\t<div title=\"Pagina 1\"><div><div><p><span style=\"color: var( --e-global-color-text );\">\u00a0<\/span><\/p><p><span style=\"color: var( --e-global-color-text );\">Otto anni dopo <\/span><strong style=\"color: var( --e-global-color-text );\">10 dicembre 1925,<\/strong><span style=\"color: var( --e-global-color-text );\"> La Madonna apparve a Suor Lucia (la veggente di Fatima) per lanciare i primi sabati in tutto il mondo. Oltre alla devozione di tutti i fedeli, chiese al Papa, in occasione della consacrazione della Russia, di emanare un atto ufficiale che raccomandasse la pratica di questi primi sabati del mese in tutta la Chiesa.<\/span><\/p><p><span style=\"color: var( --e-global-color-text );\">\u00a0<\/span><\/p><p>\u00a0<\/p><p>Mentre la consacrazione della Russia \u00e8 gi\u00e0 stata menzionata pi\u00f9 volte da numerosi papi, i primi sabati.., <strong>seconda condizione per la pace<\/strong>Fino ad oggi, questo \u00e8 stato dimenticato da gran parte della Chiesa. La posta in gioco \u00e8 quindi alta, perch\u00e9 i drammatici cambiamenti nella situazione del mondo sono una conseguenza della nostra negligenza nei confronti di questa richiesta del Cielo.<\/p><\/div><\/div><\/div>\t\t\t\t\t\t\t\t<\/div>\n\t\t\t\t<\/div>\n\t\t\t\t\t<\/div>\n\t\t<\/div>\n\t\t\t\t\t<\/div>\n\t\t<\/section>\n\t\t\t\t<section class=\"elementor-section elementor-top-section elementor-element elementor-element-9bdbc97 elementor-section-boxed elementor-section-height-default elementor-section-height-default\" data-id=\"9bdbc97\" data-element_type=\"section\" data-e-type=\"section\" data-settings=\"{&quot;background_background&quot;:&quot;classic&quot;}\">\n\t\t\t\t\t\t<div class=\"elementor-container elementor-column-gap-default\">\n\t\t\t\t\t<div class=\"elementor-column elementor-col-100 elementor-top-column elementor-element elementor-element-03f9771\" data-id=\"03f9771\" data-element_type=\"column\" data-e-type=\"column\">\n\t\t\t<div class=\"elementor-widget-wrap elementor-element-populated\">\n\t\t\t\t\t\t<div class=\"elementor-element elementor-element-f73152d elementor-widget elementor-widget-heading\" data-id=\"f73152d\" data-element_type=\"widget\" data-e-type=\"widget\" data-widget_type=\"heading.default\">\n\t\t\t\t<div class=\"elementor-widget-container\">\n\t\t\t\t\t<h3 class=\"elementor-heading-title elementor-size-default\">L'incrollabile sfida dei 100 anni il 1\u00b0 sabato del mese<\/h3>\t\t\t\t<\/div>\n\t\t\t\t<\/div>\n\t\t\t\t<div class=\"elementor-element elementor-element-08d7abf elementor-widget elementor-widget-text-editor\" data-id=\"08d7abf\" data-element_type=\"widget\" data-e-type=\"widget\" data-widget_type=\"text-editor.default\">\n\t\t\t\t<div class=\"elementor-widget-container\">\n\t\t\t\t\t\t\t\t\t<p>Ma c'\u00e8 gi\u00e0 stato un precedente. Cento anni dopo il rifiuto delle richieste del Sacro Cuore nel 1689 a Paray-Le-Monial, scoppi\u00f2 la Rivoluzione francese del 1789. Di fronte alla nostra nuova negligenza nei confronti delle richieste di Fatima, la Beata Vergine avvert\u00ec Suor Lucia, tracciando un parallelo con le conseguenze del rifiuto a Paray-Le-Monial.&nbsp;<\/p>\n<p><\/p>\n<p>Per questo, nel 2010, Papa Benedetto XVI ha ricordato il carattere profetico di Fatima oggi. Il centenario dei primi sabati del 2025 deve essere preso molto sul serio ed \u00e8 un'occasione importante per diffondere finalmente in tutto il mondo questa devozione essenziale richiesta dalla Madonna per portare la pace.<\/p>\t\t\t\t\t\t\t\t<\/div>\n\t\t\t\t<\/div>\n\t\t\t\t\t<\/div>\n\t\t<\/div>\n\t\t\t\t\t<\/div>\n\t\t<\/section>\n\t\t\t\t<section class=\"elementor-section elementor-top-section elementor-element elementor-element-a9ec97f elementor-section-boxed elementor-section-height-default elementor-section-height-default\" data-id=\"a9ec97f\" data-element_type=\"section\" data-e-type=\"section\" data-settings=\"{&quot;background_background&quot;:&quot;classic&quot;}\">\n\t\t\t\t\t\t<div class=\"elementor-container elementor-column-gap-default\">\n\t\t\t\t\t<div class=\"elementor-column elementor-col-100 elementor-top-column elementor-element elementor-element-d935cac\" data-id=\"d935cac\" data-element_type=\"column\" data-e-type=\"column\">\n\t\t\t<div class=\"elementor-widget-wrap elementor-element-populated\">\n\t\t\t\t\t\t<div class=\"elementor-element elementor-element-6d91f03 elementor-widget elementor-widget-heading\" data-id=\"6d91f03\" data-element_type=\"widget\" data-e-type=\"widget\" data-widget_type=\"heading.default\">\n\t\t\t\t<div class=\"elementor-widget-container\">\n\t\t\t\t\t<h3 class=\"elementor-heading-title elementor-size-default\">Gli eventi del giubileo del 2025<\/h3>\t\t\t\t<\/div>\n\t\t\t\t<\/div>\n\t\t\t\t<div class=\"elementor-element elementor-element-c6edaee elementor-widget elementor-widget-text-editor\" data-id=\"c6edaee\" data-element_type=\"widget\" data-e-type=\"widget\" data-widget_type=\"text-editor.default\">\n\t\t\t\t<div class=\"elementor-widget-container\">\n\t\t\t\t\t\t\t\t\t<div class=\"page\" title=\"Pagina 1\"><div class=\"layoutArea\"><div class=\"column\"><p>Per mobilitare i fedeli di tutto il mondo, saranno lanciati eventi internazionali. Nel 2025, ogni primo sabato del mese sar\u00e0 organizzato un pellegrinaggio locale in uno dei principali santuari del mondo per compiere i quattro atti richiesti dalla Madonna in riparazione delle offese commesse contro il suo Cuore Immacolato: confessione, comunione, rosario e 15 minuti di meditazione sul rosario. Nel 2025, i fedeli di tutto il mondo saranno invitati a unirsi ai santuari praticando il 1\u00b0 sabato dove vivono. In quel giorno, lo stesso mistero del Rosario sar\u00e0 meditato da tutti, per essere in comunione con la Chiesa. Infine, i santuari potranno annunciare ufficialmente l'istituzione permanente dei primi sabati del mese nelle loro basiliche.<\/p><\/div><\/div><\/div>\t\t\t\t\t\t\t\t<\/div>\n\t\t\t\t<\/div>\n\t\t\t\t\t<\/div>\n\t\t<\/div>\n\t\t\t\t\t<\/div>\n\t\t<\/section>\n\t\t\t\t<section class=\"elementor-section elementor-top-section elementor-element elementor-element-b031198 elementor-section-boxed elementor-section-height-default elementor-section-height-default\" data-id=\"b031198\" data-element_type=\"section\" data-e-type=\"section\" data-settings=\"{&quot;background_background&quot;:&quot;classic&quot;}\">\n\t\t\t\t\t\t<div class=\"elementor-container elementor-column-gap-default\">\n\t\t\t\t\t<div class=\"elementor-column elementor-col-66 elementor-top-column elementor-element elementor-element-24ab1c7\" data-id=\"24ab1c7\" data-element_type=\"column\" data-e-type=\"column\">\n\t\t\t<div class=\"elementor-widget-wrap elementor-element-populated\">\n\t\t\t\t\t\t<div class=\"elementor-element elementor-element-f014843 elementor-widget elementor-widget-text-editor\" data-id=\"f014843\" data-element_type=\"widget\" data-e-type=\"widget\" data-widget_type=\"text-editor.default\">\n\t\t\t\t<div class=\"elementor-widget-container\">\n\t\t\t\t\t\t\t\t\t<div class=\"page\" title=\"Pagina 1\">\n<div class=\"layoutArea\">\n<div class=\"column\">\n<p>In linea con l'anno liturgico, nel 2025 si mediteranno dodici misteri del Rosario, associati a dodici diversi santuari. Ad esempio, nel mese in cui si mediter\u00e0 sull'Annunciazione, il 1\u00b0 sabato si svolger\u00e0 presso il santuario di Guadalupe, dove la Madonna apparve incinta.<\/p>\n<p><\/p>\n<\/div>\n<div class=\"page\" title=\"Pagina 1\">\n<div class=\"layoutArea\">\n<div class=\"column\">\n<p>Per dare vita all'evento, ogni 1\u00b0 sabato sar\u00e0 oggetto di relazioni sul santuario stesso, su come si svolge il 1\u00b0 sabato del mese e sar\u00e0 distribuito a numerose organizzazioni cattoliche e ai media di tutto il mondo. Il Giubileo 2025 dei primi sabati di Fatima \u00e8 coordinato dall'\"Alliance 1ers samedis du mois\" in collaborazione con varie organizzazioni cattoliche.<\/p>\n<\/div>\n<\/div>\n<\/div>\n<\/div>\n<\/div>\t\t\t\t\t\t\t\t<\/div>\n\t\t\t\t<\/div>\n\t\t\t\t\t<\/div>\n\t\t<\/div>\n\t\t\t\t<div class=\"elementor-column elementor-col-33 elementor-top-column elementor-element elementor-element-06957b0\" data-id=\"06957b0\" data-element_type=\"column\" data-e-type=\"column\">\n\t\t\t<div class=\"elementor-widget-wrap elementor-element-populated\">\n\t\t\t\t\t\t<div class=\"elementor-element elementor-element-341a109 elementor-widget elementor-widget-image\" data-id=\"341a109\" data-element_type=\"widget\" data-e-type=\"widget\" data-widget_type=\"image.default\">\n\t\t\t\t<div class=\"elementor-widget-container\">\n\t\t\t\t\t\t\t\t\t\t\t\t\t\t\t<img decoding=\"async\" width=\"474\" height=\"367\" src=\"https:\/\/salve-corda.org\/wp-content\/uploads\/2024\/11\/th-4102836723.jpg\" class=\"attachment-large size-large wp-image-16221\" alt=\"\" srcset=\"https:\/\/salve-corda.org\/wp-content\/uploads\/2024\/11\/th-4102836723.jpg 474w, https:\/\/salve-corda.org\/wp-content\/uploads\/2024\/11\/th-4102836723-300x232.jpg 300w, https:\/\/salve-corda.org\/wp-content\/uploads\/2024\/11\/th-4102836723-15x12.jpg 15w\" sizes=\"(max-width: 474px) 100vw, 474px\" \/>\t\t\t\t\t\t\t\t\t\t\t\t\t\t\t<\/div>\n\t\t\t\t<\/div>\n\t\t\t\t\t<\/div>\n\t\t<\/div>\n\t\t\t\t\t<\/div>\n\t\t<\/section>\n\t\t\t\t<section class=\"elementor-section elementor-top-section elementor-element elementor-element-7783ece elementor-section-boxed elementor-section-height-default elementor-section-height-default\" data-id=\"7783ece\" data-element_type=\"section\" data-e-type=\"section\" data-settings=\"{&quot;background_background&quot;:&quot;classic&quot;}\">\n\t\t\t\t\t\t<div class=\"elementor-container elementor-column-gap-default\">\n\t\t\t\t\t<div class=\"elementor-column elementor-col-100 elementor-top-column elementor-element elementor-element-31cfac2\" data-id=\"31cfac2\" data-element_type=\"column\" data-e-type=\"column\">\n\t\t\t<div class=\"elementor-widget-wrap elementor-element-populated\">\n\t\t\t\t\t\t<div class=\"elementor-element elementor-element-36fac8e elementor-widget elementor-widget-heading\" data-id=\"36fac8e\" data-element_type=\"widget\" data-e-type=\"widget\" data-widget_type=\"heading.default\">\n\t\t\t\t<div class=\"elementor-widget-container\">\n\t\t\t\t\t<h3 class=\"elementor-heading-title elementor-size-default\">Sito web del 1\u00b0 sabato del Giubileo di Fatima 2025<\/h3>\t\t\t\t<\/div>\n\t\t\t\t<\/div>\n\t\t\t\t\t<\/div>\n\t\t<\/div>\n\t\t\t\t\t<\/div>\n\t\t<\/section>\n\t\t\t\t<section class=\"elementor-section elementor-top-section elementor-element elementor-element-7d4ccd8 elementor-section-boxed elementor-section-height-default elementor-section-height-default\" data-id=\"7d4ccd8\" data-element_type=\"section\" data-e-type=\"section\">\n\t\t\t\t\t\t<div class=\"elementor-container elementor-column-gap-default\">\n\t\t\t\t\t<div class=\"elementor-column elementor-col-100 elementor-top-column elementor-element elementor-element-2ceec65\" data-id=\"2ceec65\" data-element_type=\"column\" data-e-type=\"column\">\n\t\t\t<div class=\"elementor-widget-wrap elementor-element-populated\">\n\t\t\t\t\t\t<div class=\"elementor-element elementor-element-757fd0a elementor-align-center elementor-widget elementor-widget-button\" data-id=\"757fd0a\" data-element_type=\"widget\" data-e-type=\"widget\" data-widget_type=\"button.default\">\n\t\t\t\t<div class=\"elementor-widget-container\">\n\t\t\t\t\t\t\t\t\t<div class=\"elementor-button-wrapper\">\n\t\t\t\t\t<a class=\"elementor-button elementor-button-link elementor-size-sm\" href=\"https:\/\/jubile2025-fatima.org\/\" target=\"_blank\">\n\t\t\t\t\t\t<span class=\"elementor-button-content-wrapper\">\n\t\t\t\t\t\t\t\t\t<span class=\"elementor-button-text\">www.jubile2025-fatima.org<\/span>\n\t\t\t\t\t<\/span>\n\t\t\t\t\t<\/a>\n\t\t\t\t<\/div>\n\t\t\t\t\t\t\t\t<\/div>\n\t\t\t\t<\/div>\n\t\t\t\t\t<\/div>\n\t\t<\/div>\n\t\t\t\t\t<\/div>\n\t\t<\/section>\n\t\t\t\t<\/div>","protected":false},"excerpt":{"rendered":"<p>Giubileo 2025 per il centenario dei primi sabati del mese Perch\u00e9 un Giubileo nel 2025 Oltre all'Anno Santo, il 2025 \u00e8 un anno di anniversario molto importante per il mondo. Sar\u00e0 [...]<\/p>","protected":false},"author":2,"featured_media":0,"parent":0,"menu_order":0,"comment_status":"closed","ping_status":"closed","template":"elementor_header_footer","meta":{"footnotes":""},"class_list":["post-16206","page","type-page","status-publish","hentry"],"_links":{"self":[{"href":"https:\/\/salve-corda.org\/it\/wp-json\/wp\/v2\/pages\/16206","targetHints":{"allow":["GET"]}}],"collection":[{"href":"https:\/\/salve-corda.org\/it\/wp-json\/wp\/v2\/pages"}],"about":[{"href":"https:\/\/salve-corda.org\/it\/wp-json\/wp\/v2\/types\/page"}],"author":[{"embeddable":true,"href":"https:\/\/salve-corda.org\/it\/wp-json\/wp\/v2\/users\/2"}],"replies":[{"embeddable":true,"href":"https:\/\/salve-corda.org\/it\/wp-json\/wp\/v2\/comments?post=16206"}],"version-history":[{"count":31,"href":"https:\/\/salve-corda.org\/it\/wp-json\/wp\/v2\/pages\/16206\/revisions"}],"predecessor-version":[{"id":17362,"href":"https:\/\/salve-corda.org\/it\/wp-json\/wp\/v2\/pages\/16206\/revisions\/17362"}],"wp:attachment":[{"href":"https:\/\/salve-corda.org\/it\/wp-json\/wp\/v2\/media?parent=16206"}],"curies":[{"name":"wp","href":"https:\/\/api.w.org\/{rel}","templated":true}]}}