{"id":3120,"date":"2021-09-29T19:12:21","date_gmt":"2021-09-29T17:12:21","guid":{"rendered":"https:\/\/salve-corda.org\/?page_id=3120"},"modified":"2026-07-18T10:47:01","modified_gmt":"2026-07-18T08:47:01","slug":"ce-qui-nous-est-demande","status":"publish","type":"page","link":"https:\/\/salve-corda.org\/it\/ce-qui-nous-est-demande\/","title":{"rendered":"Che cosa ci viene chiesto di fare il primo sabato?"},"content":{"rendered":"<div data-elementor-type=\"wp-page\" data-elementor-id=\"3120\" class=\"elementor elementor-3120\">\n\t\t\t\t\t\t<section class=\"elementor-section elementor-top-section elementor-element elementor-element-44a3ee9 elementor-section-boxed elementor-section-height-default elementor-section-height-default\" data-id=\"44a3ee9\" data-element_type=\"section\" data-e-type=\"section\">\n\t\t\t\t\t\t<div class=\"elementor-container elementor-column-gap-default\">\n\t\t\t\t\t<div class=\"elementor-column elementor-col-100 elementor-top-column elementor-element elementor-element-fdbd764\" data-id=\"fdbd764\" data-element_type=\"column\" data-e-type=\"column\">\n\t\t\t<div class=\"elementor-widget-wrap elementor-element-populated\">\n\t\t\t\t\t\t<div class=\"elementor-element elementor-element-746e0f2 elementor-widget elementor-widget-spacer\" data-id=\"746e0f2\" data-element_type=\"widget\" data-e-type=\"widget\" data-widget_type=\"spacer.default\">\n\t\t\t\t<div class=\"elementor-widget-container\">\n\t\t\t\t\t\t\t<div class=\"elementor-spacer\">\n\t\t\t<div class=\"elementor-spacer-inner\"><\/div>\n\t\t<\/div>\n\t\t\t\t\t\t<\/div>\n\t\t\t\t<\/div>\n\t\t\t\t<div class=\"elementor-element elementor-element-ce04b36 elementor-widget elementor-widget-heading\" data-id=\"ce04b36\" data-element_type=\"widget\" data-e-type=\"widget\" data-widget_type=\"heading.default\">\n\t\t\t\t<div class=\"elementor-widget-container\">\n\t\t\t\t\t<h2 class=\"elementor-heading-title elementor-size-default\">primo sabato del mese<\/h2>\t\t\t\t<\/div>\n\t\t\t\t<\/div>\n\t\t\t\t\t<\/div>\n\t\t<\/div>\n\t\t\t\t\t<\/div>\n\t\t<\/section>\n\t\t\t\t<section class=\"elementor-section elementor-top-section elementor-element elementor-element-c2d8803 elementor-section-boxed elementor-section-height-default elementor-section-height-default\" data-id=\"c2d8803\" data-element_type=\"section\" data-e-type=\"section\" data-settings=\"{&quot;background_background&quot;:&quot;classic&quot;}\">\n\t\t\t\t\t\t<div class=\"elementor-container elementor-column-gap-default\">\n\t\t\t\t\t<div class=\"elementor-column elementor-col-100 elementor-top-column elementor-element elementor-element-a0f1e26\" data-id=\"a0f1e26\" data-element_type=\"column\" data-e-type=\"column\">\n\t\t\t<div class=\"elementor-widget-wrap elementor-element-populated\">\n\t\t\t\t\t\t<div class=\"elementor-element elementor-element-733fd40 elementor-widget elementor-widget-text-editor\" data-id=\"733fd40\" data-element_type=\"widget\" data-e-type=\"widget\" data-widget_type=\"text-editor.default\">\n\t\t\t\t<div class=\"elementor-widget-container\">\n\t\t\t\t\t\t\t\t\t<p style=\"text-align: left;\"><span style=\"color: #6288c6;\"><i>\"Dalla pratica di questa devozione, unita alla consacrazione al Cuore Immacolato di Maria, dipendono per il mondo <strong>pace o guerra<\/strong>. (...) Questo vuol dire che Dio vuole che sia questa la devozione <strong>e non un altro.<\/strong><\/i><i> \"\u00a0 \u00a0 \u00a0 \u00a0 \u00a0 \u00a0 \u00a0 \u00a0 \u00a0 \u00a0 \u00a0 \u00a0 \u00a0 \u00a0 \u00a0 \u00a0 \u00a0 \u00a0 \u00a0 \u00a0 \u00a0 \u00a0 \u00a0 \u00a0 \u00a0 \u00a0 \u00a0 \u00a0 \u00a0 \u00a0 \u00a0 \u00a0 \u00a0 \u00a0 \u00a0 \u00a0 \u00a0 \u00a0 \u00a0 \u00a0 \u00a0 \u00a0 \u00a0 \u00a0 \u00a0 \u00a0 \u00a0 \u00a0 \u00a0 \u00a0 \u00a0 \u00a0 \u00a0 \u00a0 \u00a0 \u00a0 \u00a0 \u00a0 \u00a0 \u00a0 \u00a0 \u00a0 \u00a0 \u00a0 <span style=\"color: #333333;\">Suor Lucia, marzo 1939<\/span><\/i><\/span><i style=\"color: #6288c6; font-family: var( --e-global-typography-18e5089-font-family ), Sans-serif; font-size: var( --e-global-typography-18e5089-font-size ); letter-spacing: var( --e-global-typography-18e5089-letter-spacing ); word-spacing: var( --e-global-typography-18e5089-word-spacing );\"><span style=\"color: #333333;\">\u00a0<\/span><\/i><\/p>\t\t\t\t\t\t\t\t<\/div>\n\t\t\t\t<\/div>\n\t\t\t\t\t<\/div>\n\t\t<\/div>\n\t\t\t\t\t<\/div>\n\t\t<\/section>\n\t\t\t\t<section class=\"elementor-section elementor-top-section elementor-element elementor-element-eac7595 elementor-section-boxed elementor-section-height-default elementor-section-height-default\" data-id=\"eac7595\" data-element_type=\"section\" data-e-type=\"section\" data-settings=\"{&quot;background_background&quot;:&quot;classic&quot;}\">\n\t\t\t\t\t\t<div class=\"elementor-container elementor-column-gap-default\">\n\t\t\t\t\t<div class=\"elementor-column elementor-col-66 elementor-top-column elementor-element elementor-element-ea07fde\" data-id=\"ea07fde\" data-element_type=\"column\" data-e-type=\"column\">\n\t\t\t<div class=\"elementor-widget-wrap elementor-element-populated\">\n\t\t\t\t\t\t<div class=\"elementor-element elementor-element-4e85bcd elementor-widget elementor-widget-heading\" data-id=\"4e85bcd\" data-element_type=\"widget\" data-e-type=\"widget\" data-widget_type=\"heading.default\">\n\t\t\t\t<div class=\"elementor-widget-container\">\n\t\t\t\t\t<h3 class=\"elementor-heading-title elementor-size-default\">ESATTAMENTE QUELLO CHE CI VIENE CHIESTO DI FARE<\/h3>\t\t\t\t<\/div>\n\t\t\t\t<\/div>\n\t\t\t\t<div class=\"elementor-element elementor-element-5dd353e elementor-widget elementor-widget-text-editor\" data-id=\"5dd353e\" data-element_type=\"widget\" data-e-type=\"widget\" data-widget_type=\"text-editor.default\">\n\t\t\t\t<div class=\"elementor-widget-container\">\n\t\t\t\t\t\t\t\t\t<p><span style=\"font-family: var( --e-global-typography-18e5089-font-family ), Sans-serif;\"><span style=\"color: var( --e-global-color-text ); letter-spacing: var( --e-global-typography-18e5089-letter-spacing ); word-spacing: var( --e-global-typography-18e5089-word-spacing );\">La&nbsp;<\/span><\/span>Sainte<span style=\"font-family: var( --e-global-typography-18e5089-font-family ), Sans-serif;\"><span style=\"color: var( --e-global-color-text ); letter-spacing: var( --e-global-typography-18e5089-letter-spacing ); word-spacing: var( --e-global-typography-18e5089-word-spacing );\">&nbsp;La Madonna vuole che ci rendiamo conto che quel giorno <b>quattro atti<\/b><\/span><\/span><span style=\"font-family: var( --e-global-typography-18e5089-font-family ), Sans-serif;\"><span style=\"color: var( --e-global-color-text ); letter-spacing: var( --e-global-typography-18e5089-letter-spacing ); word-spacing: var( --e-global-typography-18e5089-word-spacing );\">&nbsp; :<\/span><\/span><\/p>\n<p><span style=\"color: var( --e-global-color-text ); font-family: var( --e-global-typography-18e5089-font-family ), Sans-serif; font-size: var( --e-global-typography-18e5089-font-size ); font-weight: var( --e-global-typography-18e5089-font-weight ); letter-spacing: var( --e-global-typography-18e5089-letter-spacing ); word-spacing: var( --e-global-typography-18e5089-word-spacing );\">&nbsp;<\/span><\/p>\n<p>&nbsp; &nbsp; &nbsp; &nbsp;1 - Comunione&nbsp;<\/p>\n<p><\/p>\n<p>&nbsp; &nbsp; &nbsp; &nbsp;2 - Fategli compagnia per 15 minuti, meditando su uno dei Misteri del Rosario.<\/p>\n<p><\/p>\n<p>&nbsp; &nbsp; &nbsp; &nbsp;3 - Recitare il rosario<\/p>\n<p><\/p>\n<p>&nbsp; &nbsp; &nbsp; &nbsp;4- Se confesser ( le jour m\u00eame o\u00f9 dans le mois qui pr\u00e9c\u00e8de, sous reserve d&#8217;e^tre en \u00e9tat de gr\u00e2ce pour la communion)<\/p>\n<p><\/p>\t\t\t\t\t\t\t\t<\/div>\n\t\t\t\t<\/div>\n\t\t\t\t<div class=\"elementor-element elementor-element-c1a733e elementor-widget elementor-widget-text-editor\" data-id=\"c1a733e\" data-element_type=\"widget\" data-e-type=\"widget\" data-widget_type=\"text-editor.default\">\n\t\t\t\t<div class=\"elementor-widget-container\">\n\t\t\t\t\t\t\t\t\t<p><b>Questi quattro atti devono essere compiuti tutti in spirito di riparazione per le offese commesse contro il Cuore Immacolato di Maria.<\/b><\/p>\t\t\t\t\t\t\t\t<\/div>\n\t\t\t\t<\/div>\n\t\t\t\t\t<\/div>\n\t\t<\/div>\n\t\t\t\t<div class=\"elementor-column elementor-col-33 elementor-top-column elementor-element elementor-element-538676c\" data-id=\"538676c\" data-element_type=\"column\" data-e-type=\"column\">\n\t\t\t<div class=\"elementor-widget-wrap elementor-element-populated\">\n\t\t\t\t\t\t<div class=\"elementor-element elementor-element-250b6e97 elementor-widget elementor-widget-image\" data-id=\"250b6e97\" data-element_type=\"widget\" data-e-type=\"widget\" data-widget_type=\"image.default\">\n\t\t\t\t<div class=\"elementor-widget-container\">\n\t\t\t\t\t\t\t\t\t\t\t\t\t\t\t<img fetchpriority=\"high\" decoding=\"async\" width=\"676\" height=\"576\" src=\"https:\/\/salve-corda.org\/wp-content\/uploads\/2024\/03\/premiere-communion-2018-copie-1.png\" class=\"attachment-full size-full wp-image-6641\" alt=\"\" srcset=\"https:\/\/salve-corda.org\/wp-content\/uploads\/2024\/03\/premiere-communion-2018-copie-1.png 676w, https:\/\/salve-corda.org\/wp-content\/uploads\/2024\/03\/premiere-communion-2018-copie-1-300x256.png 300w\" sizes=\"(max-width: 676px) 100vw, 676px\" \/>\t\t\t\t\t\t\t\t\t\t\t\t\t\t\t<\/div>\n\t\t\t\t<\/div>\n\t\t\t\t\t<\/div>\n\t\t<\/div>\n\t\t\t\t\t<\/div>\n\t\t<\/section>\n\t\t\t\t<section class=\"elementor-section elementor-top-section elementor-element elementor-element-732bcc14 elementor-section-boxed elementor-section-height-default elementor-section-height-default\" data-id=\"732bcc14\" data-element_type=\"section\" data-e-type=\"section\" data-settings=\"{&quot;background_background&quot;:&quot;classic&quot;}\">\n\t\t\t\t\t\t<div class=\"elementor-container elementor-column-gap-default\">\n\t\t\t\t\t<div class=\"elementor-column elementor-col-33 elementor-top-column elementor-element elementor-element-37373765\" data-id=\"37373765\" data-element_type=\"column\" data-e-type=\"column\">\n\t\t\t<div class=\"elementor-widget-wrap elementor-element-populated\">\n\t\t\t\t\t\t<div class=\"elementor-element elementor-element-4e7aa6c elementor-widget elementor-widget-image\" data-id=\"4e7aa6c\" data-element_type=\"widget\" data-e-type=\"widget\" data-widget_type=\"image.default\">\n\t\t\t\t<div class=\"elementor-widget-container\">\n\t\t\t\t\t\t\t\t\t\t\t\t\t\t\t<img decoding=\"async\" width=\"560\" height=\"539\" src=\"https:\/\/salve-corda.org\/wp-content\/uploads\/2024\/03\/IMAGE-2022-09-10-181852-copie.jpg\" class=\"attachment-large size-large wp-image-6615\" alt=\"\" srcset=\"https:\/\/salve-corda.org\/wp-content\/uploads\/2024\/03\/IMAGE-2022-09-10-181852-copie.jpg 560w, https:\/\/salve-corda.org\/wp-content\/uploads\/2024\/03\/IMAGE-2022-09-10-181852-copie-300x289.jpg 300w\" sizes=\"(max-width: 560px) 100vw, 560px\" \/>\t\t\t\t\t\t\t\t\t\t\t\t\t\t\t<\/div>\n\t\t\t\t<\/div>\n\t\t\t\t\t<\/div>\n\t\t<\/div>\n\t\t\t\t<div class=\"elementor-column elementor-col-66 elementor-top-column elementor-element elementor-element-37955617\" data-id=\"37955617\" data-element_type=\"column\" data-e-type=\"column\">\n\t\t\t<div class=\"elementor-widget-wrap elementor-element-populated\">\n\t\t\t\t\t\t<div class=\"elementor-element elementor-element-f6aefb2 elementor-widget elementor-widget-heading\" data-id=\"f6aefb2\" data-element_type=\"widget\" data-e-type=\"widget\" data-widget_type=\"heading.default\">\n\t\t\t\t<div class=\"elementor-widget-container\">\n\t\t\t\t\t<h3 class=\"elementor-heading-title elementor-size-default\">COME FARE<\/h3>\t\t\t\t<\/div>\n\t\t\t\t<\/div>\n\t\t\t\t<div class=\"elementor-element elementor-element-2d503c38 elementor-widget elementor-widget-text-editor\" data-id=\"2d503c38\" data-element_type=\"widget\" data-e-type=\"widget\" data-widget_type=\"text-editor.default\">\n\t\t\t\t<div class=\"elementor-widget-container\">\n\t\t\t\t\t\t\t\t\t<p>Nostra Signora di Fatima ha chiesto al Papa di fare una<b> atto ufficiale,<\/b> in occasione della Consacrazione della Russia, <b>pour reconnaitre et recommander les 1ers samedis du mois dans toute l&#8217;Eglise.\u00a0<\/b><\/p><p>\u00a0<\/p><p>Quindi dobbiamo rendere questi primi sabati del mese un evento comunitario e<b> visibilmente<\/b>\u00a0in un <b>d\u00e9marche d&#8217;Eglise<\/b>. Per raggiungere questo obiettivo, \u00e8 necessario :<\/p><p>\u00a0<\/p><p>1- Riunirsi con altre persone a livello locale per formare un gruppo chiamato \".<b>1\u00b0 sabato del mese<\/b>\" .\u00a0<span style=\"color: var( --e-global-color-text ); font-family: var( --e-global-typography-18e5089-font-family ), Sans-serif; font-size: var( --e-global-typography-18e5089-font-size ); letter-spacing: var( --e-global-typography-18e5089-letter-spacing ); word-spacing: var( --e-global-typography-18e5089-word-spacing );\">\u00a0\u00a0<\/span><a style=\"font-size: var( --e-global-typography-18e5089-font-size ); letter-spacing: var( --e-global-typography-18e5089-letter-spacing ); word-spacing: var( --e-global-typography-18e5089-word-spacing );\" href=\"https:\/\/salve-corda.org\/it\/alliance-premier-samedi\/\"><span style=\"text-decoration: underline;\"><span style=\"color: #3366ff;\">per saperne di pi\u00f9 sulle Citt\u00e0 del 1\u00b0 Sabato<\/span><\/span><\/a><\/p><p>2- Andare a Messa insieme il sabato mattina e fare le quattro richieste alla Vergine.<\/p><p>3- M\u00e9diter le myst\u00e8re commun \u00e0 toutes les Cit\u00e9s (la m\u00e9ditation est envoy\u00e9e par Salve Corda trois jours avant ). Cela renforce l&#8217;esprit d&#8217;Eglise de tous m\u00e9diter sur le m\u00eame myst\u00e8re. \u00a0<span style=\"text-decoration: underline;\"><span style=\"color: #0000ff;\"><a style=\"color: #0000ff; text-decoration: underline;\" href=\"https:\/\/salve-corda.org\/it\/meditations\/\">vedere le meditazioni<\/a><\/span><\/span><\/p><p>4- Dare un po' di<b> solennit\u00e0<\/b> per renderla diversa dalle altre Messe feriali: <b>statue de la Sainte Vierge expos\u00e9e pr\u00e8s de l&#8217;autel<\/b>fiori, canzoni, ecc.<\/p>\t\t\t\t\t\t\t\t<\/div>\n\t\t\t\t<\/div>\n\t\t\t\t\t<\/div>\n\t\t<\/div>\n\t\t\t\t\t<\/div>\n\t\t<\/section>\n\t\t\t\t<section class=\"elementor-section elementor-top-section elementor-element elementor-element-e6a9e3d elementor-section-boxed elementor-section-height-default elementor-section-height-default\" data-id=\"e6a9e3d\" data-element_type=\"section\" data-e-type=\"section\" data-settings=\"{&quot;background_background&quot;:&quot;classic&quot;}\">\n\t\t\t\t\t\t<div class=\"elementor-container elementor-column-gap-default\">\n\t\t\t\t\t<div class=\"elementor-column elementor-col-100 elementor-top-column elementor-element elementor-element-6659300\" data-id=\"6659300\" data-element_type=\"column\" data-e-type=\"column\">\n\t\t\t<div class=\"elementor-widget-wrap elementor-element-populated\">\n\t\t\t\t\t\t<div class=\"elementor-element elementor-element-93832f0 elementor-align-center elementor-widget elementor-widget-button\" data-id=\"93832f0\" data-element_type=\"widget\" data-e-type=\"widget\" data-widget_type=\"button.default\">\n\t\t\t\t<div class=\"elementor-widget-container\">\n\t\t\t\t\t\t\t\t\t<div class=\"elementor-button-wrapper\">\n\t\t\t\t\t<a class=\"elementor-button elementor-button-link elementor-size-sm\" href=\"https:\/\/salve-corda.org\/it\/contact\/\">\n\t\t\t\t\t\t<span class=\"elementor-button-content-wrapper\">\n\t\t\t\t\t\t\t\t\t<span class=\"elementor-button-text\">Partecipare o creare una \"cit\u00e9 1ers samedis du mois\" (1\u00b0 sabato del mese)<\/span>\n\t\t\t\t\t<\/span>\n\t\t\t\t\t<\/a>\n\t\t\t\t<\/div>\n\t\t\t\t\t\t\t\t<\/div>\n\t\t\t\t<\/div>\n\t\t\t\t\t<\/div>\n\t\t<\/div>\n\t\t\t\t\t<\/div>\n\t\t<\/section>\n\t\t\t\t<section class=\"elementor-section elementor-top-section elementor-element elementor-element-310fd38 elementor-section-boxed elementor-section-height-default elementor-section-height-default\" data-id=\"310fd38\" data-element_type=\"section\" data-e-type=\"section\" data-settings=\"{&quot;background_background&quot;:&quot;classic&quot;}\">\n\t\t\t\t\t\t<div class=\"elementor-container elementor-column-gap-default\">\n\t\t\t\t\t<div class=\"elementor-column elementor-col-100 elementor-top-column elementor-element elementor-element-8fa955a\" data-id=\"8fa955a\" data-element_type=\"column\" data-e-type=\"column\">\n\t\t\t<div class=\"elementor-widget-wrap elementor-element-populated\">\n\t\t\t\t\t\t<div class=\"elementor-element elementor-element-65b4443 elementor-widget elementor-widget-heading\" data-id=\"65b4443\" data-element_type=\"widget\" data-e-type=\"widget\" data-widget_type=\"heading.default\">\n\t\t\t\t<div class=\"elementor-widget-container\">\n\t\t\t\t\t<h3 class=\"elementor-heading-title elementor-size-default\">L'obiettivo dei primi sabati<\/h3>\t\t\t\t<\/div>\n\t\t\t\t<\/div>\n\t\t\t\t<div class=\"elementor-element elementor-element-ec6eb45 elementor-widget elementor-widget-text-editor\" data-id=\"ec6eb45\" data-element_type=\"widget\" data-e-type=\"widget\" data-widget_type=\"text-editor.default\">\n\t\t\t\t<div class=\"elementor-widget-container\">\n\t\t\t\t\t\t\t\t\t<p><span style=\"font-family: var( --e-global-typography-18e5089-font-family ), Sans-serif;\"><span style=\"color: var( --e-global-color-text ); letter-spacing: var( --e-global-typography-18e5089-letter-spacing ); word-spacing: var( --e-global-typography-18e5089-word-spacing );\">La\u00a0<\/span><\/span>Sainte<span style=\"font-family: var( --e-global-typography-18e5089-font-family ), Sans-serif;\"><span style=\"color: var( --e-global-color-text ); letter-spacing: var( --e-global-typography-18e5089-letter-spacing ); word-spacing: var( --e-global-typography-18e5089-word-spacing );\">\u00a0La Madonna\u00a0<\/span><\/span>il 1\u00b0 sabato di ogni mese per <b>3 motivi<\/b><span style=\"font-family: var( --e-global-typography-18e5089-font-family ), Sans-serif;\"><span style=\"color: var( --e-global-color-text ); letter-spacing: var( --e-global-typography-18e5089-letter-spacing ); word-spacing: var( --e-global-typography-18e5089-word-spacing );\">\u00a0 :<\/span><\/span><\/p>\t\t\t\t\t\t\t\t<\/div>\n\t\t\t\t<\/div>\n\t\t\t\t\t<\/div>\n\t\t<\/div>\n\t\t\t\t\t<\/div>\n\t\t<\/section>\n\t\t\t\t<section class=\"elementor-section elementor-top-section elementor-element elementor-element-da67fdf elementor-section-boxed elementor-section-height-default elementor-section-height-default\" data-id=\"da67fdf\" data-element_type=\"section\" data-e-type=\"section\" data-settings=\"{&quot;background_background&quot;:&quot;classic&quot;}\">\n\t\t\t\t\t\t<div class=\"elementor-container elementor-column-gap-default\">\n\t\t\t\t\t<div class=\"elementor-column elementor-col-66 elementor-top-column elementor-element elementor-element-439e740\" data-id=\"439e740\" data-element_type=\"column\" data-e-type=\"column\">\n\t\t\t<div class=\"elementor-widget-wrap elementor-element-populated\">\n\t\t\t\t\t\t<div class=\"elementor-element elementor-element-9472cc6 elementor-widget elementor-widget-text-editor\" data-id=\"9472cc6\" data-element_type=\"widget\" data-e-type=\"widget\" data-widget_type=\"text-editor.default\">\n\t\t\t\t<div class=\"elementor-widget-container\">\n\t\t\t\t\t\t\t\t\t<p><span style=\"color: var( --e-global-color-text ); font-family: var( --e-global-typography-18e5089-font-family ), Sans-serif; font-size: var( --e-global-typography-18e5089-font-size ); letter-spacing: var( --e-global-typography-18e5089-letter-spacing ); word-spacing: var( --e-global-typography-18e5089-word-spacing );\"><span style=\"font-weight: bold;\"><u>1- Riparazione per le offese al Cuore Immacolato di Maria<\/u><\/span><\/span><\/p><p><span style=\"font-family: var( --e-global-typography-18e5089-font-family ), Sans-serif;\">C&#8217;est la premi\u00e8re raison et un devoir pour les enfants vis \u00e0 vis de le M\u00e8re qui souffrent tant. Le Christ a expliqu\u00e9 \u00e0\u00a0<\/span>Sorella Lucie<span style=\"font-family: var( --e-global-typography-18e5089-font-family ), Sans-serif;\">\u00a0i cinque reati particolari per i quali facciamo riparazione:<\/span><\/p><p><span style=\"font-family: var( --e-global-typography-18e5089-font-family ), Sans-serif;\">\u00a0<\/span><\/p><p><span style=\"font-family: var( --e-global-typography-18e5089-font-family ), Sans-serif;\"><span style=\"color: var( --e-global-color-text ); letter-spacing: var( --e-global-typography-18e5089-letter-spacing ); word-spacing: var( --e-global-typography-18e5089-word-spacing );\">\u00a0 \u00a0&#8211;\u00a0<span style=\"font-style: italic;\">Bestemmie contro l'Immacolata Concezione,\u00a0<\/span><\/span><\/span><\/p><p><span style=\"font-family: var( --e-global-typography-18e5089-font-family ), Sans-serif;\"><span style=\"color: var( --e-global-color-text ); letter-spacing: var( --e-global-typography-18e5089-letter-spacing ); word-spacing: var( --e-global-typography-18e5089-word-spacing );\"><span style=\"font-style: italic;\">\u00a0 \u00a0- Bestemmie contro la sua verginit\u00e0,\u00a0<\/span><\/span><\/span><\/p><p><span style=\"color: var( --e-global-color-text ); letter-spacing: var( --e-global-typography-18e5089-letter-spacing ); word-spacing: var( --e-global-typography-18e5089-word-spacing ); font-family: var( --e-global-typography-18e5089-font-family ), Sans-serif; font-size: var( --e-global-typography-18e5089-font-size );\"><span style=\"font-style: italic;\">\u00a0 - Bestemmie contro la sua divina maternit\u00e0, rifiutando allo stesso tempo di riconoscerla come Madre dell'umanit\u00e0,\u00a0<\/span><\/span><\/p><p><span style=\"font-family: var( --e-global-typography-18e5089-font-family ), Sans-serif;\"><span style=\"color: var( --e-global-color-text ); letter-spacing: var( --e-global-typography-18e5089-letter-spacing ); word-spacing: var( --e-global-typography-18e5089-word-spacing );\"><span style=\"font-style: italic;\">\u00a0 - Le bestemmie di coloro che cercano pubblicamente di instillare nel cuore dei bambini l'indifferenza o il disprezzo, o addirittura l'odio, verso questa Madre Immacolata.<\/span><\/span><\/span><\/p><p><span style=\"font-family: var( --e-global-typography-18e5089-font-family ), Sans-serif;\"><span style=\"color: var( --e-global-color-text ); letter-spacing: var( --e-global-typography-18e5089-letter-spacing ); word-spacing: var( --e-global-typography-18e5089-word-spacing );\"><span style=\"font-style: italic;\">\u00a0 - Le offese di coloro che Lo offendono direttamente nelle Sacre Immagini.\u00a0<\/span><\/span><\/span><\/p>\t\t\t\t\t\t\t\t<\/div>\n\t\t\t\t<\/div>\n\t\t\t\t\t<\/div>\n\t\t<\/div>\n\t\t\t\t<div class=\"elementor-column elementor-col-33 elementor-top-column elementor-element elementor-element-bc5ef4e\" data-id=\"bc5ef4e\" data-element_type=\"column\" data-e-type=\"column\">\n\t\t\t<div class=\"elementor-widget-wrap elementor-element-populated\">\n\t\t\t\t\t\t<div class=\"elementor-element elementor-element-7bf5170 elementor-widget elementor-widget-image\" data-id=\"7bf5170\" data-element_type=\"widget\" data-e-type=\"widget\" data-widget_type=\"image.default\">\n\t\t\t\t<div class=\"elementor-widget-container\">\n\t\t\t\t\t\t\t\t\t\t\t\t\t\t\t<img decoding=\"async\" width=\"771\" height=\"793\" src=\"https:\/\/salve-corda.org\/wp-content\/uploads\/2024\/03\/external-content.duckduckgo-2-copie.jpg\" class=\"attachment-full size-full wp-image-6639\" alt=\"\" srcset=\"https:\/\/salve-corda.org\/wp-content\/uploads\/2024\/03\/external-content.duckduckgo-2-copie.jpg 771w, https:\/\/salve-corda.org\/wp-content\/uploads\/2024\/03\/external-content.duckduckgo-2-copie-292x300.jpg 292w, https:\/\/salve-corda.org\/wp-content\/uploads\/2024\/03\/external-content.duckduckgo-2-copie-768x790.jpg 768w\" sizes=\"(max-width: 771px) 100vw, 771px\" \/>\t\t\t\t\t\t\t\t\t\t\t\t\t\t\t<\/div>\n\t\t\t\t<\/div>\n\t\t\t\t\t<\/div>\n\t\t<\/div>\n\t\t\t\t\t<\/div>\n\t\t<\/section>\n\t\t\t\t<section class=\"elementor-section elementor-top-section elementor-element elementor-element-d27d242 elementor-section-boxed elementor-section-height-default elementor-section-height-default\" data-id=\"d27d242\" data-element_type=\"section\" data-e-type=\"section\" data-settings=\"{&quot;background_background&quot;:&quot;classic&quot;}\">\n\t\t\t\t\t\t<div class=\"elementor-container elementor-column-gap-default\">\n\t\t\t\t\t<div class=\"elementor-column elementor-col-33 elementor-top-column elementor-element elementor-element-a96614c\" data-id=\"a96614c\" data-element_type=\"column\" data-e-type=\"column\">\n\t\t\t<div class=\"elementor-widget-wrap elementor-element-populated\">\n\t\t\t\t\t\t<div class=\"elementor-element elementor-element-e8e94b0 elementor-widget elementor-widget-image\" data-id=\"e8e94b0\" data-element_type=\"widget\" data-e-type=\"widget\" data-widget_type=\"image.default\">\n\t\t\t\t<div class=\"elementor-widget-container\">\n\t\t\t\t\t\t\t\t\t\t\t\t\t\t\t<img loading=\"lazy\" decoding=\"async\" width=\"216\" height=\"293\" src=\"https:\/\/salve-corda.org\/wp-content\/uploads\/2024\/03\/visions_of_hell2.jpg\" class=\"attachment-large size-large wp-image-6638\" alt=\"\" \/>\t\t\t\t\t\t\t\t\t\t\t\t\t\t\t<\/div>\n\t\t\t\t<\/div>\n\t\t\t\t\t<\/div>\n\t\t<\/div>\n\t\t\t\t<div class=\"elementor-column elementor-col-66 elementor-top-column elementor-element elementor-element-ad77690\" data-id=\"ad77690\" data-element_type=\"column\" data-e-type=\"column\">\n\t\t\t<div class=\"elementor-widget-wrap elementor-element-populated\">\n\t\t\t\t\t\t<div class=\"elementor-element elementor-element-117885f elementor-widget elementor-widget-text-editor\" data-id=\"117885f\" data-element_type=\"widget\" data-e-type=\"widget\" data-widget_type=\"text-editor.default\">\n\t\t\t\t<div class=\"elementor-widget-container\">\n\t\t\t\t\t\t\t\t\t<p><span style=\"font-family: var( --e-global-typography-18e5089-font-family ), Sans-serif;\"><span style=\"color: var( --e-global-color-text ); letter-spacing: var( --e-global-typography-18e5089-letter-spacing ); word-spacing: var( --e-global-typography-18e5089-word-spacing );\"><span style=\"font-weight: bold;\"><u>2- L<\/u><\/span><\/span><\/span><span style=\"font-weight: bold;\"><u><span style=\"font-family: var( --e-global-typography-18e5089-font-family ), Sans-serif;\">a conversione dei peccatori e la salvezza del mondo<\/span><\/u><\/span><\/p><p>\u00a0<\/p><p style=\"text-align: left;\">Notre Dame a accord\u00e9 une grande puissance \u00e0 la d\u00e9votion des 1ers samedis pour convertir les p\u00e9cheurs et emp\u00eacher, par son intercession, qu&#8217;ils aillent en enfer.<\/p><p>\u00a0<\/p><p style=\"text-align: left;\">Associ\u00e9 \u00e0 la cons\u00e9cration de la Russie, la d\u00e9votion des 1ers samedis permettra ainsi d&#8217;obtenir son triomphe et le salut du monde que l&#8217;on esp\u00e8re tant. Pour cela il faut:<\/p><p>\u00a0<\/p><p style=\"text-align: left;\"><span style=\"color: var( --e-global-color-text ); font-family: var( --e-global-typography-18e5089-font-family ), Sans-serif; font-size: var( --e-global-typography-18e5089-font-size ); letter-spacing: var( --e-global-typography-18e5089-letter-spacing ); word-spacing: var( --e-global-typography-18e5089-word-spacing );\">\u00a0&#8211; Qu&#8217;un plus grand nombre possible de fid\u00e8les r\u00e9alisent ces 1ers samedis avec une vrai foi<\/span><\/p><p style=\"text-align: left;\"><span style=\"font-family: var( --e-global-typography-18e5089-font-family ), Sans-serif;\">\u00a0- Allora meriteremo un Papa che esegua le richieste della Madonna,\u00a0<\/span>innesco<span style=\"font-family: var( --e-global-typography-18e5089-font-family ), Sans-serif;\">\u00a0son intervention miraculeuse et son triomphe comme Elle l&#8217;a promis.<\/span><\/p><p style=\"text-align: left;\"><span style=\"font-family: var( --e-global-typography-18e5089-font-family ), Sans-serif;\">\u00a0<\/span><\/p><p style=\"text-align: left;\"><span style=\"font-variant-ligatures: normal; orphans: 2; text-align: justify; widows: 2; text-decoration-thickness: initial; color: #6288c6;\"><span style=\"font-style: italic;\">\"Avete visto l'inferno, dove vanno le anime dei poveri peccatori. Per salvarle, Dio vuole stabilire nel m<\/span><span style=\"font-style: italic;\">sulla devozione al mio Cuore Immacolato. Se\u00a0<\/span><span style=\"font-style: italic;\">lo facciamo\u00a0<\/span><\/span><span style=\"font-style: italic; font-variant-ligatures: normal; orphans: 2; text-align: justify; widows: 2; text-decoration-thickness: initial;\"><span style=\"color: #6288c6;\">Vi dir\u00f2 che molte anime saranno salvate e avremo la pace.<\/span>\u00a0\u00a0<\/span><span style=\"font-style: italic; font-variant-ligatures: normal; orphans: 2; text-align: justify; widows: 2; text-decoration-thickness: initial;\">La Madonna a Fatima il 13 luglio 1917<\/span><\/p>\t\t\t\t\t\t\t\t<\/div>\n\t\t\t\t<\/div>\n\t\t\t\t\t<\/div>\n\t\t<\/div>\n\t\t\t\t\t<\/div>\n\t\t<\/section>\n\t\t\t\t<section class=\"elementor-section elementor-top-section elementor-element elementor-element-b031198 elementor-section-boxed elementor-section-height-default elementor-section-height-default\" data-id=\"b031198\" data-element_type=\"section\" data-e-type=\"section\" data-settings=\"{&quot;background_background&quot;:&quot;classic&quot;}\">\n\t\t\t\t\t\t<div class=\"elementor-container elementor-column-gap-default\">\n\t\t\t\t\t<div class=\"elementor-column elementor-col-66 elementor-top-column elementor-element elementor-element-24ab1c7\" data-id=\"24ab1c7\" data-element_type=\"column\" data-e-type=\"column\">\n\t\t\t<div class=\"elementor-widget-wrap elementor-element-populated\">\n\t\t\t\t\t\t<div class=\"elementor-element elementor-element-f014843 elementor-widget elementor-widget-text-editor\" data-id=\"f014843\" data-element_type=\"widget\" data-e-type=\"widget\" data-widget_type=\"text-editor.default\">\n\t\t\t\t<div class=\"elementor-widget-container\">\n\t\t\t\t\t\t\t\t\t<p><b><u>3- Ottenere la nostra salvezza alla morte<\/u><\/b><\/p><p>La Madonna \u00e8 una Madre ammirevole. Non contenta di averci fornito un mezzo cos\u00ec semplice per ottenere la salvezza del mondo, ci d\u00e0 anche un mezzo semplice per ottenere la salvezza del mondo. <b>un regalo incredibile<\/b>:<\/p><p>Se facciamo <b>cinque volte di seguito il 1\u00b0 sabato del mese<\/b> chiedendole la grazia della nostra salvezza, lei ci promette <b>per aiutarci quando moriamo, in modo da poter andare in Paradiso.<\/b><\/p><p><b>\u00a0<\/b><\/p><p style=\"font-variant-ligatures: normal; orphans: 2; widows: 2; background-color: #f6f4f5; text-decoration-thickness: initial;\"><span style=\"color: #6288c6;\"><i>\u00a0<\/i><\/span><\/p><p style=\"font-variant-ligatures: normal; orphans: 2; widows: 2; background-color: #f6f4f5; text-decoration-thickness: initial;\"><span style=\"color: #6288c6;\"><i>\"A tutti coloro che per 5 mesi, il primo sabato, si confesseranno, riceveranno la Santa Comunione, reciteranno il rosario e mi faranno compagnia per quindici minuti sui quindici misteri del rosario, in spirito di riparazione, prometto di<\/i><i>s<\/i><i>\u00a0di assisterli nell'ora della morte con tutte le<\/i><i>s<\/i><i>\u00a0le grazie necessarie per la salvezza delle loro anime.<\/i><\/span><\/p><p style=\"font-variant-ligatures: normal; orphans: 2; widows: 2; background-color: #f6f4f5; text-decoration-thickness: initial; text-align: right;\"><i>La Vergine Maria, Pontevedra 10 dicembre 1925<\/i><\/p><p style=\"font-variant-ligatures: normal; orphans: 2; widows: 2; background-color: #f6f4f5; text-decoration-thickness: initial; text-align: right;\"><i>\u00a0<\/i><\/p>\t\t\t\t\t\t\t\t<\/div>\n\t\t\t\t<\/div>\n\t\t\t\t\t<\/div>\n\t\t<\/div>\n\t\t\t\t<div class=\"elementor-column elementor-col-33 elementor-top-column elementor-element elementor-element-06957b0\" data-id=\"06957b0\" data-element_type=\"column\" data-e-type=\"column\">\n\t\t\t<div class=\"elementor-widget-wrap elementor-element-populated\">\n\t\t\t\t\t\t<div class=\"elementor-element elementor-element-341a109 elementor-widget elementor-widget-image\" data-id=\"341a109\" data-element_type=\"widget\" data-e-type=\"widget\" data-widget_type=\"image.default\">\n\t\t\t\t<div class=\"elementor-widget-container\">\n\t\t\t\t\t\t\t\t\t\t\t\t\t\t\t<img loading=\"lazy\" decoding=\"async\" width=\"446\" height=\"400\" src=\"https:\/\/salve-corda.org\/wp-content\/uploads\/2024\/03\/SV.png\" class=\"attachment-large size-large wp-image-6616\" alt=\"\" srcset=\"https:\/\/salve-corda.org\/wp-content\/uploads\/2024\/03\/SV.png 446w, https:\/\/salve-corda.org\/wp-content\/uploads\/2024\/03\/SV-300x269.png 300w\" sizes=\"(max-width: 446px) 100vw, 446px\" \/>\t\t\t\t\t\t\t\t\t\t\t\t\t\t\t<\/div>\n\t\t\t\t<\/div>\n\t\t\t\t\t<\/div>\n\t\t<\/div>\n\t\t\t\t\t<\/div>\n\t\t<\/section>\n\t\t\t\t<section class=\"elementor-section elementor-top-section elementor-element elementor-element-3e45d3a5 elementor-section-boxed elementor-section-height-default elementor-section-height-default\" data-id=\"3e45d3a5\" data-element_type=\"section\" data-e-type=\"section\" data-settings=\"{&quot;background_background&quot;:&quot;classic&quot;}\">\n\t\t\t\t\t\t<div class=\"elementor-container elementor-column-gap-default\">\n\t\t\t\t\t<div class=\"elementor-column elementor-col-100 elementor-top-column elementor-element elementor-element-59e80019\" data-id=\"59e80019\" data-element_type=\"column\" data-e-type=\"column\">\n\t\t\t<div class=\"elementor-widget-wrap elementor-element-populated\">\n\t\t\t\t\t\t<div class=\"elementor-element elementor-element-49548d9 elementor-align-center elementor-widget elementor-widget-button\" data-id=\"49548d9\" data-element_type=\"widget\" data-e-type=\"widget\" data-widget_type=\"button.default\">\n\t\t\t\t<div class=\"elementor-widget-container\">\n\t\t\t\t\t\t\t\t\t<div class=\"elementor-button-wrapper\">\n\t\t\t\t\t<a class=\"elementor-button elementor-button-link elementor-size-sm\" href=\"https:\/\/salve-corda.org\/it\/contact\/\">\n\t\t\t\t\t\t<span class=\"elementor-button-content-wrapper\">\n\t\t\t\t\t\t\t\t\t<span class=\"elementor-button-text\">Unitevi o create una \"Citt\u00e0 del 1\u00b0 sabato del mese\".<\/span>\n\t\t\t\t\t<\/span>\n\t\t\t\t\t<\/a>\n\t\t\t\t<\/div>\n\t\t\t\t\t\t\t\t<\/div>\n\t\t\t\t<\/div>\n\t\t\t\t\t<\/div>\n\t\t<\/div>\n\t\t\t\t\t<\/div>\n\t\t<\/section>\n\t\t\t\t<section class=\"elementor-section elementor-top-section elementor-element elementor-element-f9d4e01 elementor-section-boxed elementor-section-height-default elementor-section-height-default\" data-id=\"f9d4e01\" data-element_type=\"section\" data-e-type=\"section\">\n\t\t\t\t\t\t<div class=\"elementor-container elementor-column-gap-default\">\n\t\t\t\t\t<div class=\"elementor-column elementor-col-100 elementor-top-column elementor-element elementor-element-11e9e0d\" data-id=\"11e9e0d\" data-element_type=\"column\" data-e-type=\"column\">\n\t\t\t<div class=\"elementor-widget-wrap elementor-element-populated\">\n\t\t\t\t\t\t<div class=\"elementor-element elementor-element-f538397 elementor-widget elementor-widget-video\" data-id=\"f538397\" data-element_type=\"widget\" data-e-type=\"widget\" data-settings=\"{&quot;video_type&quot;:&quot;hosted&quot;,&quot;controls&quot;:&quot;yes&quot;}\" data-widget_type=\"video.default\">\n\t\t\t\t<div class=\"elementor-widget-container\">\n\t\t\t\t\t\t\t<div class=\"e-hosted-video elementor-wrapper elementor-open-inline\">\n\t\t\t\t\t<video class=\"elementor-video\" src=\"https:\/\/salve-corda.org\/wp-content\/uploads\/2024\/11\/1er-samedi-Petite.mov\" controls=\"\" preload=\"metadata\" controlslist=\"nodownload\"><\/video>\n\t\t\t\t<\/div>\n\t\t\t\t\t\t<\/div>\n\t\t\t\t<\/div>\n\t\t\t\t\t<\/div>\n\t\t<\/div>\n\t\t\t\t\t<\/div>\n\t\t<\/section>\n\t\t\t\t<\/div>","protected":false},"excerpt":{"rendered":"<p>i \"primi sabati del mese\" \"La pace o la guerra nel mondo dipendono dalla pratica di questa devozione, insieme alla consacrazione al Cuore Immacolato di Maria (...) Questo significa [...].<\/p>","protected":false},"author":2,"featured_media":0,"parent":0,"menu_order":0,"comment_status":"closed","ping_status":"closed","template":"elementor_header_footer","meta":{"footnotes":""},"class_list":["post-3120","page","type-page","status-publish","hentry"],"_links":{"self":[{"href":"https:\/\/salve-corda.org\/it\/wp-json\/wp\/v2\/pages\/3120","targetHints":{"allow":["GET"]}}],"collection":[{"href":"https:\/\/salve-corda.org\/it\/wp-json\/wp\/v2\/pages"}],"about":[{"href":"https:\/\/salve-corda.org\/it\/wp-json\/wp\/v2\/types\/page"}],"author":[{"embeddable":true,"href":"https:\/\/salve-corda.org\/it\/wp-json\/wp\/v2\/users\/2"}],"replies":[{"embeddable":true,"href":"https:\/\/salve-corda.org\/it\/wp-json\/wp\/v2\/comments?post=3120"}],"version-history":[{"count":288,"href":"https:\/\/salve-corda.org\/it\/wp-json\/wp\/v2\/pages\/3120\/revisions"}],"predecessor-version":[{"id":20879,"href":"https:\/\/salve-corda.org\/it\/wp-json\/wp\/v2\/pages\/3120\/revisions\/20879"}],"wp:attachment":[{"href":"https:\/\/salve-corda.org\/it\/wp-json\/wp\/v2\/media?parent=3120"}],"curies":[{"name":"wp","href":"https:\/\/api.w.org\/{rel}","templated":true}]}}